{"id":11089,"date":"2020-01-01T17:28:00","date_gmt":"2020-01-01T22:28:00","guid":{"rendered":"https:\/\/freewalkingtoursperu.com\/?page_id=11089"},"modified":"2026-08-21T21:54:36","modified_gmt":"2026-08-22T02:54:36","slug":"free-tour-durch-lima-historisches-zentrum","status":"publish","type":"page","link":"https:\/\/freewalkingtoursperu.com\/de\/tours-lima\/free-tour-durch-lima-historisches-zentrum\/","title":{"rendered":"Free tour Lima im historischen Zentrum"},"content":{"rendered":"\n<!--Markup for citys-->\n\n<div id=\"tour-block_7442b252174e4a66f7b6229bff344235\" class=\"toursweb flex flex-col-reverse md:flex-col\">\n\n\n        <div class=\"container mb-2\">          \n                        <div class=\"mt-6\">\n                        <p id=\"breadcrumbs\" class=\"mb-0\"><span><span><a href=\"https:\/\/freewalkingtoursperu.com\/de\/\">Home<\/a><\/span><\/span><\/p>                        <\/div>\n            \n\n                    <h1 class=\"text-xl xl:text-3xl mb-2 font-bold text-gray-800\"> Free tour Lima im historischen Zentrum<\/h1>\n                                        <div class=\"flex gap-3 mb-4\">\n                            <span>\n                                <i class='fas fa-star text-yellow-400'><\/i> \n                                <i class='fas fa-star text-yellow-400'><\/i> \n                                <i class='fas fa-star text-yellow-400'><\/i> \n                                <i class='fas fa-star text-yellow-400'><\/i> \n                                <i class='fas fa-star text-yellow-400'><\/i>  \n                            <\/span>\n                            <span> \n                                <i class=\"far fa-user text-gray-700\"><\/i> <a href=\"#reviews\"> <span class=\"text-sky-600 font-nunito\">70,255 Reisenden<\/span> <\/a>\n                            <\/span>\n\n                            <span> \n                            <i class=\"far fa-clock text-gray-700\"><\/i>  <span class=\"text-gray-800 font-nunito\">2.5 Stdn<\/span> \n                            <\/span>\n\n                            <span> \n                                <i class=\"far fa-comment text-gray-700\"><\/i> \n                                    <span class=\"mr-1 text-sm flag-icon flag-icon-gb\"><\/span><span class=\"mr-1 text-sm flag-icon flag-icon-es\"><\/span>                            <\/span>\n                        <\/div>\n                              \n        <\/div>\n\n    \n\n\n        <div class=\"relative mb-2 mt-2\">\n\n                    \n                        <div id=\"lightgallery\" class=\"flex flex-wrap img-large\"> \n                                                            <a class=\"w-2\/12 img-small xl:block hidden\" href=\"https:\/\/freewalkingtoursperu.com\/wp-content\/uploads\/2020\/11\/free-walking-tour-lima-6-2.jpg\"  data-sub-html=\"\">\n                                <img decoding=\"async\" src=\"https:\/\/freewalkingtoursperu.com\/wp-content\/uploads\/2020\/11\/free-walking-tour-lima-6-2.jpg\" class=\"cursor-pointer rounded w-full object-cover\"  alt=\"\">\n                                <\/a>\n                                                            <a class=\"w-2\/12 img-small xl:block hidden\" href=\"https:\/\/freewalkingtoursperu.com\/wp-content\/uploads\/2020\/11\/free-walking-tour-lima-4-2.jpg\"  data-sub-html=\"\">\n                                <img decoding=\"async\" src=\"https:\/\/freewalkingtoursperu.com\/wp-content\/uploads\/2020\/11\/free-walking-tour-lima-4-2.jpg\" class=\"cursor-pointer rounded w-full object-cover\"  alt=\"\">\n                                <\/a>\n                                                            <a class=\"w-2\/12 img-small xl:block hidden\" href=\"https:\/\/freewalkingtoursperu.com\/wp-content\/uploads\/2022\/01\/free-walking-tour-lima-9.jpg\"  data-sub-html=\"\">\n                                <img decoding=\"async\" src=\"https:\/\/freewalkingtoursperu.com\/wp-content\/uploads\/2022\/01\/free-walking-tour-lima-9.jpg\" class=\"cursor-pointer rounded w-full object-cover\"  alt=\"free walking tour lima\">\n                                <\/a>\n                                                            <a class=\"w-2\/12 img-small xl:block hidden\" href=\"https:\/\/freewalkingtoursperu.com\/wp-content\/uploads\/2024\/04\/free-walking-tour-lima-peru-1500x800.webp\"  data-sub-html=\"\">\n                                <img decoding=\"async\" src=\"https:\/\/freewalkingtoursperu.com\/wp-content\/uploads\/2024\/04\/free-walking-tour-lima-peru-1500x800.webp\" class=\"cursor-pointer rounded w-full object-cover\"  alt=\"free walking tour lima\">\n                                <\/a>\n                                                            <a class=\"w-2\/12 img-small xl:block hidden\" href=\"https:\/\/freewalkingtoursperu.com\/wp-content\/uploads\/2021\/12\/free-walking-tour-lima2.jpg\"  data-sub-html=\"\">\n                                <img decoding=\"async\" src=\"https:\/\/freewalkingtoursperu.com\/wp-content\/uploads\/2021\/12\/free-walking-tour-lima2.jpg\" class=\"cursor-pointer rounded w-full object-cover\"  alt=\"free walking tour lima\">\n                                <\/a>\n                                                            <a class=\"w-2\/12 img-small xl:block hidden\" href=\"https:\/\/freewalkingtoursperu.com\/wp-content\/uploads\/2020\/11\/free-walking-tour-lima-2-2.jpg\"  data-sub-html=\"\">\n                                <img decoding=\"async\" src=\"https:\/\/freewalkingtoursperu.com\/wp-content\/uploads\/2020\/11\/free-walking-tour-lima-2-2.jpg\" class=\"cursor-pointer rounded w-full object-cover\"  alt=\"\">\n                                <\/a>\n                                                            <a class=\"w-2\/12 img-small xl:block hidden\" href=\"https:\/\/freewalkingtoursperu.com\/wp-content\/uploads\/2020\/11\/free-walking-tours-lima-3.jpg\"  data-sub-html=\"\">\n                                <img decoding=\"async\" src=\"https:\/\/freewalkingtoursperu.com\/wp-content\/uploads\/2020\/11\/free-walking-tours-lima-3.jpg\" class=\"cursor-pointer rounded w-full object-cover\"  alt=\"\">\n                                <\/a>\n                                                            <a class=\"w-2\/12 img-small xl:block hidden\" href=\"https:\/\/freewalkingtoursperu.com\/wp-content\/uploads\/2020\/11\/free-walking-tour-lima-10_1.jpg\"  data-sub-html=\"\">\n                                <img decoding=\"async\" src=\"https:\/\/freewalkingtoursperu.com\/wp-content\/uploads\/2020\/11\/free-walking-tour-lima-10_1.jpg\" class=\"cursor-pointer rounded w-full object-cover\"  alt=\"\">\n                                <\/a>\n                                                            <a class=\"w-2\/12 img-small xl:block hidden\" href=\"https:\/\/freewalkingtoursperu.com\/wp-content\/uploads\/2020\/11\/free-walking-tour-lima-9_2.jpg\"  data-sub-html=\"\">\n                                <img decoding=\"async\" src=\"https:\/\/freewalkingtoursperu.com\/wp-content\/uploads\/2020\/11\/free-walking-tour-lima-9_2.jpg\" class=\"cursor-pointer rounded w-full object-cover\"  alt=\"\">\n                                <\/a>\n                                                            <a class=\"w-2\/12 img-small xl:block hidden\" href=\"https:\/\/freewalkingtoursperu.com\/wp-content\/uploads\/2020\/11\/free-walking-tour-lima-8_2.jpg\"  data-sub-html=\"\">\n                                <img decoding=\"async\" src=\"https:\/\/freewalkingtoursperu.com\/wp-content\/uploads\/2020\/11\/free-walking-tour-lima-8_2.jpg\" class=\"cursor-pointer rounded w-full object-cover\"  alt=\"\">\n                                <\/a>\n                                                            <a class=\"w-2\/12 img-small xl:block hidden\" href=\"https:\/\/freewalkingtoursperu.com\/wp-content\/uploads\/2020\/11\/free-walking-tour-lima-7_2.jpg\"  data-sub-html=\"\">\n                                <img decoding=\"async\" src=\"https:\/\/freewalkingtoursperu.com\/wp-content\/uploads\/2020\/11\/free-walking-tour-lima-7_2.jpg\" class=\"cursor-pointer rounded w-full object-cover\"  alt=\"\">\n                                <\/a>\n                                                            <a class=\"w-2\/12 img-small xl:block hidden\" href=\"https:\/\/freewalkingtoursperu.com\/wp-content\/uploads\/2020\/11\/free-walking-tour-lima-1_2.jpg\"  data-sub-html=\"\">\n                                <img decoding=\"async\" src=\"https:\/\/freewalkingtoursperu.com\/wp-content\/uploads\/2020\/11\/free-walking-tour-lima-1_2.jpg\" class=\"cursor-pointer rounded w-full object-cover\"  alt=\"\">\n                                <\/a>\n                             \n\n                        <\/div>\n\n                    \n                    \n                        \n        <\/div>\n\n\n<\/div>\n\n\n\n\n<!--Markup for citys-->\n\n<div id=\"tour-block_55bd6049f6b012efca15204cfc5cc999\" class=\"tour\">\n\n           \n                <div class=\"flex flex-wrap pl-5 xl:pl-0 gap-8 justify-start xl:justify-center items-center pb-5 py-2 border-b-gray-300 border-b mb-5\">\n                            \n                                    \n                                    <div class=\"pr-0 xl:pr-5 item-details\">\n                                        <img decoding=\"async\" src=\"https:\/\/freewalkingtoursperu.com\/wp-content\/uploads\/2024\/02\/local-website.png\" class=\"w-10 float-left mr-2\" alt=\"bg home\">\n                                        <div class=\"inline-block\">\n                                            <span class=\"font-nunito text-gray-900 font-bold text-sm inline-block\"> Local website<\/span>\n                                            <span class=\"font-nunito text-xs block font-bold text-gray-500\"> NO MIDDLE MAN<\/span>\n                                        <\/div>\n\n                                        <\/div>\n\n                            \n                                    \n                                    <div class=\"pr-0 xl:pr-5 item-details\">\n                                        <img decoding=\"async\" src=\"https:\/\/freewalkingtoursperu.com\/wp-content\/uploads\/2024\/02\/maximum-walkers-last.png\" class=\"w-10 float-left mr-2\" alt=\"bg home\">\n                                        <div class=\"inline-block\">\n                                            <span class=\"font-nunito text-gray-900 font-bold text-sm inline-block\"> Up to 20 walkers<\/span>\n                                            <span class=\"font-nunito text-xs block font-bold text-gray-500\"> GROUP SIZE<\/span>\n                                        <\/div>\n\n                                        <\/div>\n\n                            \n                                    \n                                    <div class=\"pr-0 xl:pr-5 item-details\">\n                                        <img decoding=\"async\" src=\"https:\/\/freewalkingtoursperu.com\/wp-content\/uploads\/2024\/02\/free-cancellation.png\" class=\"w-10 float-left mr-2\" alt=\"bg home\">\n                                        <div class=\"inline-block\">\n                                            <span class=\"font-nunito text-gray-900 font-bold text-sm inline-block\"> Free<\/span>\n                                            <span class=\"font-nunito text-xs block font-bold text-gray-500\"> CANCELLATION<\/span>\n                                        <\/div>\n\n                                        <\/div>\n\n                            \n                                    \n                                    <div class=\"pr-0 xl:pr-5 item-details\">\n                                        <img decoding=\"async\" src=\"https:\/\/freewalkingtoursperu.com\/wp-content\/uploads\/2024\/02\/no-charge.png\" class=\"w-10 float-left mr-2\" alt=\"bg home\">\n                                        <div class=\"inline-block\">\n                                            <span class=\"font-nunito text-gray-900 font-bold text-sm inline-block\"> No charge<\/span>\n                                            <span class=\"font-nunito text-xs block font-bold text-gray-500\"> NO SHOW<\/span>\n                                        <\/div>\n\n                                        <\/div>\n\n                                                    \n                        \n                        \n               \n            <\/div>\n            \n<\/div>\n\n\n\n\n<div class=\"wp-block-columns is-layout-flex wp-container-core-columns-is-layout-9d6595d7 wp-block-columns-is-layout-flex\">\n<div class=\"wp-block-column is-layout-flow wp-block-column-is-layout-flow\" style=\"flex-basis:75%\">\n<p>Melde Dich f\u00fcr den besten <strong>Free Walking Tour<\/strong> im historischen Zentrum von <strong>Lima<\/strong> an \u2013 der Ciudad Vieja, gef\u00fchrt von <strong>Pionieren, professionellen Guides, die zu 100\u202f% vom peruanischen Staat<\/strong> \u00fcber das Ministerium f\u00fcr Au\u00dfenhandel und Tourismus autorisiert sind.<\/p>\n\n\n\n<p>Denk daran: In Peru muss jede Person, die Touren f\u00fchren m\u00f6chte, ein Studium im Bereich Tourismus und Gastgewerbe \u2013 speziell als Touristenf\u00fchrer \u2013 absolvieren. Nach Abschluss der Ausbildung erh\u00e4lt man vom Staat eine offizielle <strong>Lizenz \u2013 einen Ausweis<\/strong>, um als Guide arbeiten zu d\u00fcrfen.<\/p>\n\n\n\n<p>Im Zentrum von Lima gibt es viele Menschen, die illegal als Guides arbeiten, ohne diesen offiziellen Ausweis zu besitzen.<\/p>\n\n\n\n<p>Wir erwarten Dich, um Dir zu Fu\u00df den gesamten <strong>historischen Stadtkern mit all seinem historischen Reichtum zu zeigen<\/strong> \u2013 und keine Sorge: Wir werden keine Schokoladengesch\u00e4fte besuchen. Das versprechen wir Dir. Unser Fokus liegt ganz auf der Geschichte, genauso wie beim Team von Sandemans.<\/p>\n\n\n\n<figure class=\"wp-block-embed is-type-video is-provider-youtube wp-block-embed-youtube wp-embed-aspect-16-9 wp-has-aspect-ratio\"><div class=\"wp-block-embed__wrapper\">\n<iframe loading=\"lazy\" title=\"Free Tour por el Centro Hist\u00f3rico de Lima \ud83c\uddf5\ud83c\uddea | Descubre la Magia de la Capital del Per\u00fa\" width=\"640\" height=\"360\" src=\"https:\/\/www.youtube.com\/embed\/1COG7Cbda14?feature=oembed\" frameborder=\"0\" allow=\"accelerometer; autoplay; clipboard-write; encrypted-media; gyroscope; picture-in-picture; web-share\" referrerpolicy=\"strict-origin-when-cross-origin\" allowfullscreen><\/iframe>\n<\/div><\/figure>\n\n\n\n<p><\/p>\n\n\n\n<h5 class=\"wp-block-heading has-text-color has-link-color wp-elements-8f5bc522bc38f0a76e6abf1c63e5106a\" id=\"h-ablauf-dieser-tour\" style=\"color:#f40202\">ABLAUF DIESER TOUR<\/h5>\n\n\n\n<p class=\"has-text-color\" style=\"color:#049323\">Reserviere jetzt deinen Platz! \u2013 sogar Last-Minute-Buchungen sind willkommen. Wir f\u00fchren alle unsere Free Tours in Lima von Montag bis Samstag durch. Wenn du deine <strong><em>Free Tour in Lima f\u00fcr Sonntag buchen m\u00f6chtest, klicke bitte auf <a href=\"https:\/\/freewalkingtoursperu.com\/de\/tours-lima\/sonntage-in-lima-free-walking-tour\/\" target=\"_blank\" rel=\"noreferrer noopener\">diesen Link<\/a>.<\/em><\/strong><\/p>\n\n\n<div class=\"responsive-tabs\">\n<h2 class=\"tabtitle\"><span class=\"fa fa-map-o\"><\/span>ROUTE<\/h2>\n<div class=\"tabcontent\">\n\n\n\n\n<div class=\"wp-block-advgb-accordions advgb-accordions-bdba6da4-9b19-4420-aabb-035fefd9454c advgb-accordion-wrapper\" data-collapsed=\"true\">\n<div class=\"wp-block-advgb-accordion-item advgb-accordion-item\" style=\"margin-bottom:15px\"><div class=\"advgb-accordion-header\" style=\"background-color:#daec9c;color:#000000;border-style:solid;border-width:1px;border-radius:2px\"><span class=\"advgb-accordion-header-icon accordion-state\"><svg class=\"advgb-icon-closed\" fill=\"#ffffff\" xmlns=\"http:\/\/www.w3.org\/2000\/svg\" width=\"24\" height=\"24\" viewBox=\"0 0 24 24\"><path fill=\"none\" d=\"M0,0h24v24H0V0z\"><\/path><path d=\"M19,13h-6v6h-2v-6H5v-2h6V5h2v6h6V13z\"><\/path><\/svg><svg class=\"advgb-icon-opened\" fill=\"#ffffff\" xmlns=\"http:\/\/www.w3.org\/2000\/svg\" width=\"24\" height=\"24\" viewBox=\"0 0 24 24\"><path fill=\"none\" d=\"M0,0h24v24H0V0z\"><\/path><path d=\"M19,13H5v-2h14V13z\"><\/path><\/svg><\/span><h4 class=\"advgb-accordion-header-title\" style=\"color:inherit\">Treffpunkte<\/h4><\/div><div class=\"advgb-accordion-body\" style=\"border-style:solid !important;border-width:1px !important;border-color:undefined !important;border-top:none !important;border-radius:2px !important\">\n<p>Wenn Du Dich in <strong>Miraflores<\/strong> oder in der N\u00e4he befindest, dann <strong>erwarten wir Dich um 10:00 Uhr<\/strong> am <strong>Pasaje Porta 132<\/strong> (im Einkaufszentrum Oeschle). Von dort fahren wir gemeinsam mit den <strong>Bussen des Metropolitano<\/strong> zum historischen Zentrum von Lima (Kosten: 3,20 Soles).<\/p>\n\n\n\n<p>Alternativ kannst Du uns auch um <strong>11:00 Uhr<\/strong> (Morgentour) oder um <strong>15:00 Uhr<\/strong> (Nachmittagstour) <strong>direkt vor der Kirche La Merced<\/strong> (Jir\u00f3n de la Uni\u00f3n 608) treffen. Von dort aus wirst Du gemeinsam mit unserem <strong>professionellen Guide<\/strong> durch die Stra\u00dfen von Lima spazieren.<\/p>\n\n\n\n<p>An unserem Treffpunkt such nach der <strong>gr\u00fcnen<\/strong> <strong>Weste<\/strong>.<\/p>\n<\/div><\/div>\n\n\n\n<div class=\"wp-block-advgb-accordion-item advgb-accordion-item\" style=\"margin-bottom:15px\"><div class=\"advgb-accordion-header\" style=\"background-color:#daec9c;color:#000000;border-style:solid;border-width:1px;border-radius:2px\"><span class=\"advgb-accordion-header-icon accordion-state\"><svg class=\"advgb-icon-closed\" fill=\"#ffffff\" xmlns=\"http:\/\/www.w3.org\/2000\/svg\" width=\"24\" height=\"24\" viewBox=\"0 0 24 24\"><path fill=\"none\" d=\"M0,0h24v24H0V0z\"><\/path><path d=\"M19,13h-6v6h-2v-6H5v-2h6V5h2v6h6V13z\"><\/path><\/svg><svg class=\"advgb-icon-opened\" fill=\"#ffffff\" xmlns=\"http:\/\/www.w3.org\/2000\/svg\" width=\"24\" height=\"24\" viewBox=\"0 0 24 24\"><path fill=\"none\" d=\"M0,0h24v24H0V0z\"><\/path><path d=\"M19,13H5v-2h14V13z\"><\/path><\/svg><\/span><h4 class=\"advgb-accordion-header-title\" style=\"color:inherit\">Union Street<\/h4><\/div><div class=\"advgb-accordion-body\" style=\"border-style:solid !important;border-width:1px !important;border-color:undefined !important;border-top:none !important;border-radius:2px !important\">\n<p>Das ist der beste Ort, um Deinen Rundgang durch die Altstadt zu beginnen. W\u00e4hrend der Kolonialzeit wurde die Stra\u00dfe \u201e<strong>Mercaderes<\/strong>\u201c genannt, heute <strong>verbindet der \u201eJir\u00f3n de la Uni\u00f3n\u201c die Plaza de Armas mit der Plaza San Mart\u00edn<\/strong>. Diese \u201eVerbindung\u201c zwischen dem Vizek\u00f6niglichen und dem Republikanischen Lima ist der Ursprung seines heutigen Namens.<\/p>\n\n\n\n<figure class=\"wp-block-gallery has-nested-images columns-default is-cropped wp-block-gallery-1 is-layout-flex wp-block-gallery-is-layout-flex\">\n<figure class=\"wp-block-image size-large\"><img loading=\"lazy\" decoding=\"async\" width=\"775\" height=\"481\" data-id=\"60742\" src=\"https:\/\/freewalkingtoursperu.com\/wp-content\/uploads\/2025\/05\/Free-tour-de-Lima-por-el-centro-historico-1-1.webp\" alt=\"Free tour de Lima por el centro hist\u00f3rico\" class=\"wp-image-60742\" srcset=\"https:\/\/freewalkingtoursperu.com\/wp-content\/uploads\/2025\/05\/Free-tour-de-Lima-por-el-centro-historico-1-1.webp 775w, https:\/\/freewalkingtoursperu.com\/wp-content\/uploads\/2025\/05\/Free-tour-de-Lima-por-el-centro-historico-1-1-300x186.webp 300w, https:\/\/freewalkingtoursperu.com\/wp-content\/uploads\/2025\/05\/Free-tour-de-Lima-por-el-centro-historico-1-1-150x93.webp 150w, https:\/\/freewalkingtoursperu.com\/wp-content\/uploads\/2025\/05\/Free-tour-de-Lima-por-el-centro-historico-1-1-768x477.webp 768w\" sizes=\"auto, (max-width: 775px) 100vw, 775px\" \/><\/figure>\n\n\n\n<figure class=\"wp-block-image size-large\"><img loading=\"lazy\" decoding=\"async\" width=\"775\" height=\"480\" data-id=\"60724\" src=\"https:\/\/freewalkingtoursperu.com\/wp-content\/uploads\/2025\/05\/Free-tour-de-Lima-por-el-centro-historico-3.webp\" alt=\"\" class=\"wp-image-60724\" srcset=\"https:\/\/freewalkingtoursperu.com\/wp-content\/uploads\/2025\/05\/Free-tour-de-Lima-por-el-centro-historico-3.webp 775w, https:\/\/freewalkingtoursperu.com\/wp-content\/uploads\/2025\/05\/Free-tour-de-Lima-por-el-centro-historico-3-300x186.webp 300w, https:\/\/freewalkingtoursperu.com\/wp-content\/uploads\/2025\/05\/Free-tour-de-Lima-por-el-centro-historico-3-150x93.webp 150w, https:\/\/freewalkingtoursperu.com\/wp-content\/uploads\/2025\/05\/Free-tour-de-Lima-por-el-centro-historico-3-768x476.webp 768w\" sizes=\"auto, (max-width: 775px) 100vw, 775px\" \/><\/figure>\n<\/figure>\n\n\n\n<p>Die auff\u00e4lligen Herrenh\u00e4user entlang dieser Stra\u00dfe waren einst das <strong>Zuhause reicher und einflussreicher Familien<\/strong>. Besonders hervorsticht das <strong>Haus O\u2019Higgins<\/strong> im kolonialen Stil. Es tr\u00e4gt diesen Namen, weil dort Bernardo O\u2019Higgins lebte, <strong>der Vater der Republik Chile<\/strong>.<\/p>\n\n\n\n<p>Heute ist es ein Kulturzentrum, das von der P\u00e4pstlichen Katholischen Universit\u00e4t von Peru verwaltet wird. Wenn Dein <em>Free Tour<\/em> zu Ende ist, solltest Du unbedingt die R\u00e4ume erkunden \u2013 der <strong>Eintritt ist frei<\/strong>. Es gibt tempor\u00e4re und permanente Ausstellungen.<\/p>\n\n\n\n<figure class=\"wp-block-image size-full is-resized\"><img loading=\"lazy\" decoding=\"async\" width=\"775\" height=\"650\" src=\"https:\/\/freewalkingtoursperu.com\/wp-content\/uploads\/2025\/05\/Free-tour-de-Lima-por-el-centro-historico-5.webp\" alt=\"\" class=\"wp-image-60734\" style=\"width:1111px;height:auto\" srcset=\"https:\/\/freewalkingtoursperu.com\/wp-content\/uploads\/2025\/05\/Free-tour-de-Lima-por-el-centro-historico-5.webp 775w, https:\/\/freewalkingtoursperu.com\/wp-content\/uploads\/2025\/05\/Free-tour-de-Lima-por-el-centro-historico-5-300x252.webp 300w, https:\/\/freewalkingtoursperu.com\/wp-content\/uploads\/2025\/05\/Free-tour-de-Lima-por-el-centro-historico-5-150x126.webp 150w, https:\/\/freewalkingtoursperu.com\/wp-content\/uploads\/2025\/05\/Free-tour-de-Lima-por-el-centro-historico-5-768x644.webp 768w\" sizes=\"auto, (max-width: 775px) 100vw, 775px\" \/><\/figure>\n\n\n\n<p>Weitere sehenswerte Geb\u00e4ude sind das <strong>Haus Courret<\/strong>, das speziell f\u00fcr den <strong>franz\u00f6sischen Fotografen Eug\u00e8ne Courret<\/strong> entworfen wurde, der 1865 nach Lima kam, sowie das <strong>Haus Barrag\u00e1n<\/strong>, dessen R\u00e4ume sp\u00e4ter zum ber\u00fchmten <strong>Palais Concert<\/strong> wurden.<\/p>\n\n\n\n<p>Der Satz des Schriftstellers Abraham Valdelomar: \u201ePeru ist Lima, <strong>Lima ist der Jir\u00f3n de la Uni\u00f3n<\/strong>, der Jir\u00f3n de la Uni\u00f3n ist das Palais Concert und das Palais Concert bin ich\u201c, zeigt die Bedeutung dieses Caf\u00e9s, Kinos und Bars, das zwischen 1913 und 1930 seine Bl\u00fctezeit hatte.<\/p>\n\n\n\n<p>Seit 1982 ist der Jir\u00f3n de la Uni\u00f3n <strong>eine Fu\u00dfg\u00e4ngerzone<\/strong>, was Dir das Weitergehen zur Plaza de Armas erleichtern wird \u2013 der n\u00e4chsten Station auf Deinem <em>Free Tour<\/em> durch das alte, das ewige Lima.<\/p>\n\n\n\n<figure class=\"wp-block-gallery has-nested-images columns-default is-cropped wp-block-gallery-2 is-layout-flex wp-block-gallery-is-layout-flex\">\n<figure class=\"wp-block-image size-large\"><img loading=\"lazy\" decoding=\"async\" width=\"775\" height=\"571\" data-id=\"60730\" src=\"https:\/\/freewalkingtoursperu.com\/wp-content\/uploads\/2025\/05\/Free-tour-de-Lima-por-el-centro-historico-2.webp\" alt=\"Free tour de Lima por el centro hist\u00f3rico\" class=\"wp-image-60730\" srcset=\"https:\/\/freewalkingtoursperu.com\/wp-content\/uploads\/2025\/05\/Free-tour-de-Lima-por-el-centro-historico-2.webp 775w, https:\/\/freewalkingtoursperu.com\/wp-content\/uploads\/2025\/05\/Free-tour-de-Lima-por-el-centro-historico-2-300x221.webp 300w, https:\/\/freewalkingtoursperu.com\/wp-content\/uploads\/2025\/05\/Free-tour-de-Lima-por-el-centro-historico-2-150x111.webp 150w, https:\/\/freewalkingtoursperu.com\/wp-content\/uploads\/2025\/05\/Free-tour-de-Lima-por-el-centro-historico-2-768x566.webp 768w\" sizes=\"auto, (max-width: 775px) 100vw, 775px\" \/><\/figure>\n\n\n\n<figure class=\"wp-block-image size-large\"><img loading=\"lazy\" decoding=\"async\" width=\"775\" height=\"481\" data-id=\"60738\" src=\"https:\/\/freewalkingtoursperu.com\/wp-content\/uploads\/2025\/05\/Free-tour-de-Lima-por-el-centro-historico-4.webp\" alt=\"Free tour de Lima por el centro hist\u00f3rico\" class=\"wp-image-60738\" srcset=\"https:\/\/freewalkingtoursperu.com\/wp-content\/uploads\/2025\/05\/Free-tour-de-Lima-por-el-centro-historico-4.webp 775w, https:\/\/freewalkingtoursperu.com\/wp-content\/uploads\/2025\/05\/Free-tour-de-Lima-por-el-centro-historico-4-300x186.webp 300w, https:\/\/freewalkingtoursperu.com\/wp-content\/uploads\/2025\/05\/Free-tour-de-Lima-por-el-centro-historico-4-150x93.webp 150w, https:\/\/freewalkingtoursperu.com\/wp-content\/uploads\/2025\/05\/Free-tour-de-Lima-por-el-centro-historico-4-768x477.webp 768w\" sizes=\"auto, (max-width: 775px) 100vw, 775px\" \/><\/figure>\n<\/figure>\n<\/div><\/div>\n\n\n\n<div class=\"wp-block-advgb-accordion-item advgb-accordion-item\" style=\"margin-bottom:15px\"><div class=\"advgb-accordion-header\" style=\"background-color:#daec9c;color:#000000;border-style:solid;border-width:1px;border-radius:2px\"><span class=\"advgb-accordion-header-icon accordion-state\"><svg class=\"advgb-icon-closed\" fill=\"#ffffff\" xmlns=\"http:\/\/www.w3.org\/2000\/svg\" width=\"24\" height=\"24\" viewBox=\"0 0 24 24\"><path fill=\"none\" d=\"M0,0h24v24H0V0z\"><\/path><path d=\"M19,13h-6v6h-2v-6H5v-2h6V5h2v6h6V13z\"><\/path><\/svg><svg class=\"advgb-icon-opened\" fill=\"#ffffff\" xmlns=\"http:\/\/www.w3.org\/2000\/svg\" width=\"24\" height=\"24\" viewBox=\"0 0 24 24\"><path fill=\"none\" d=\"M0,0h24v24H0V0z\"><\/path><path d=\"M19,13H5v-2h14V13z\"><\/path><\/svg><\/span><h4 class=\"advgb-accordion-header-title\" style=\"color:inherit\">Exerzierplatz<\/h4><\/div><div class=\"advgb-accordion-body\" style=\"border-style:solid !important;border-width:1px !important;border-color:undefined !important;border-top:none !important;border-radius:2px !important\">\n<p>Am 18. Januar 1535 gr\u00fcndete der spanische Eroberer Francisco Pizarro <strong>die \u201eStadt der K\u00f6nige\u201c<\/strong> und legte dabei den heutigen Grundriss der Plaza de Armas sowie die Struktur des heutigen historischen Zentrums von Lima fest.<\/p>\n\n\n\n<p>Seit ihrer spanischen Gr\u00fcndung ist die Plaza de Armas \u2013 auch Plaza Mayor genannt \u2013 <strong>das politische und religi\u00f6se Machtzentrum<\/strong> der Stadt und des ganzen Landes. Sie ist ein Ort der Begegnung und Versammlung, umgeben vom Regierungspalast, dem Rathaus, dem erzbisch\u00f6flichen Palast und der Kathedrale von Lima.<\/p>\n\n\n\n<p>Doch die urbane Geschichte des R\u00edmac-Tals begann nicht erst mit der Ankunft der Iberer. Viele Orte der heutigen Metropole wurden <strong>schon von alten Kulturen bewohnt<\/strong>. Dieses Erbe zeigt sich an arch\u00e4ologischen St\u00e4tten wie der Huaca Pucllana.<\/p>\n\n\n\n<p>Und das ist nicht die einzige. Auch Puruchuco, Mateo Salado und <strong>das Orakel von Pachacamac<\/strong> sind Zeugen der Jahrtausende alten Geschichte der peruanischen Hauptstadt, die einst Heimat vorkolumbianischer <strong>Kulturen wie der Lima, der Wari und der Inka<\/strong> war.<\/p>\n\n\n\n<p>Als Pizarro die Stadt gr\u00fcndete, wurde das Gebiet rund um die heutige Plaza de Armas vom indigenen <strong>Oberhaupt Taulichusco, dem \u00c4lteren, regiert.<\/strong> Auf der Plaza selbst wird Dir Dein Guide weitere spannende Informationen \u00fcber das st\u00e4dtische Herz von Lima geben.<\/p>\n\n\n\n<figure class=\"wp-block-gallery has-nested-images columns-default is-cropped wp-block-gallery-3 is-layout-flex wp-block-gallery-is-layout-flex\">\n<figure class=\"wp-block-image size-large\"><img loading=\"lazy\" decoding=\"async\" width=\"775\" height=\"481\" data-id=\"60749\" src=\"https:\/\/freewalkingtoursperu.com\/wp-content\/uploads\/2025\/05\/Free-tour-de-Lima-por-el-centro-historico-9.webp\" alt=\"Free tour de Lima por el centro hist\u00f3rico\" class=\"wp-image-60749\" srcset=\"https:\/\/freewalkingtoursperu.com\/wp-content\/uploads\/2025\/05\/Free-tour-de-Lima-por-el-centro-historico-9.webp 775w, https:\/\/freewalkingtoursperu.com\/wp-content\/uploads\/2025\/05\/Free-tour-de-Lima-por-el-centro-historico-9-300x186.webp 300w, https:\/\/freewalkingtoursperu.com\/wp-content\/uploads\/2025\/05\/Free-tour-de-Lima-por-el-centro-historico-9-150x93.webp 150w, https:\/\/freewalkingtoursperu.com\/wp-content\/uploads\/2025\/05\/Free-tour-de-Lima-por-el-centro-historico-9-768x477.webp 768w\" sizes=\"auto, (max-width: 775px) 100vw, 775px\" \/><\/figure>\n\n\n\n<figure class=\"wp-block-image size-large\"><img loading=\"lazy\" decoding=\"async\" width=\"775\" height=\"481\" data-id=\"60750\" src=\"https:\/\/freewalkingtoursperu.com\/wp-content\/uploads\/2025\/05\/Free-tour-de-Lima-por-el-centro-historico-8.webp\" alt=\"Free tour de Lima por el centro hist\u00f3rico\" class=\"wp-image-60750\" srcset=\"https:\/\/freewalkingtoursperu.com\/wp-content\/uploads\/2025\/05\/Free-tour-de-Lima-por-el-centro-historico-8.webp 775w, https:\/\/freewalkingtoursperu.com\/wp-content\/uploads\/2025\/05\/Free-tour-de-Lima-por-el-centro-historico-8-300x186.webp 300w, https:\/\/freewalkingtoursperu.com\/wp-content\/uploads\/2025\/05\/Free-tour-de-Lima-por-el-centro-historico-8-150x93.webp 150w, https:\/\/freewalkingtoursperu.com\/wp-content\/uploads\/2025\/05\/Free-tour-de-Lima-por-el-centro-historico-8-768x477.webp 768w\" sizes=\"auto, (max-width: 775px) 100vw, 775px\" \/><\/figure>\n\n\n\n<figure class=\"wp-block-image size-large\"><img loading=\"lazy\" decoding=\"async\" width=\"775\" height=\"481\" data-id=\"60752\" src=\"https:\/\/freewalkingtoursperu.com\/wp-content\/uploads\/2025\/05\/Free-tour-de-Lima-por-el-centro-historico-6.webp\" alt=\"Free tour de Lima por el centro hist\u00f3rico\" class=\"wp-image-60752\" srcset=\"https:\/\/freewalkingtoursperu.com\/wp-content\/uploads\/2025\/05\/Free-tour-de-Lima-por-el-centro-historico-6.webp 775w, https:\/\/freewalkingtoursperu.com\/wp-content\/uploads\/2025\/05\/Free-tour-de-Lima-por-el-centro-historico-6-300x186.webp 300w, https:\/\/freewalkingtoursperu.com\/wp-content\/uploads\/2025\/05\/Free-tour-de-Lima-por-el-centro-historico-6-150x93.webp 150w, https:\/\/freewalkingtoursperu.com\/wp-content\/uploads\/2025\/05\/Free-tour-de-Lima-por-el-centro-historico-6-768x477.webp 768w\" sizes=\"auto, (max-width: 775px) 100vw, 775px\" \/><\/figure>\n<\/figure>\n<\/div><\/div>\n\n\n\n<div class=\"wp-block-advgb-accordion-item advgb-accordion-item\" style=\"margin-bottom:15px\"><div class=\"advgb-accordion-header\" style=\"background-color:#daec9c;color:#000000;border-style:solid;border-width:1px;border-radius:2px\"><span class=\"advgb-accordion-header-icon accordion-state\"><svg class=\"advgb-icon-closed\" fill=\"#ffffff\" xmlns=\"http:\/\/www.w3.org\/2000\/svg\" width=\"24\" height=\"24\" viewBox=\"0 0 24 24\"><path fill=\"none\" d=\"M0,0h24v24H0V0z\"><\/path><path d=\"M19,13h-6v6h-2v-6H5v-2h6V5h2v6h6V13z\"><\/path><\/svg><svg class=\"advgb-icon-opened\" fill=\"#ffffff\" xmlns=\"http:\/\/www.w3.org\/2000\/svg\" width=\"24\" height=\"24\" viewBox=\"0 0 24 24\"><path fill=\"none\" d=\"M0,0h24v24H0V0z\"><\/path><path d=\"M19,13H5v-2h14V13z\"><\/path><\/svg><\/span><h4 class=\"advgb-accordion-header-title\" style=\"color:inherit\">Wachwechsel (optional)<\/h4><\/div><div class=\"advgb-accordion-body\" style=\"border-style:solid !important;border-width:1px !important;border-color:undefined !important;border-top:none !important;border-radius:2px !important\">\n<p>Jeden Tag um 12:00 Uhr findet <strong>im Ehrenhof des Regierungspalastes<\/strong> die farbenfrohe und perfekt synchronisierte <strong>Wachabl\u00f6sung statt<\/strong> \u2013 eine milit\u00e4rische Zeremonie, deren Ursprung in der Kolonialzeit liegt.<\/p>\n\n\n\n<p>Wenn Du am Vormittags-Free-Tour teilnimmst, <strong>hast Du die Gelegenheit<\/strong>, die Wachabl\u00f6sung live zu erleben. Bedenke jedoch, dass es aus Sicherheitsgr\u00fcnden gelegentlich vorkommen kann, dass die \u00d6ffentlichkeit der Zeremonie nicht beiwohnen darf.<\/p>\n\n\n\n<figure class=\"wp-block-gallery has-nested-images columns-default is-cropped wp-block-gallery-4 is-layout-flex wp-block-gallery-is-layout-flex\">\n<figure class=\"wp-block-image size-large\"><img loading=\"lazy\" decoding=\"async\" width=\"775\" height=\"481\" data-id=\"61071\" src=\"https:\/\/freewalkingtoursperu.com\/wp-content\/uploads\/2025\/06\/Free-tour-de-Lima-por-el-centro-historico-43.webp\" alt=\"\" class=\"wp-image-61071\" srcset=\"https:\/\/freewalkingtoursperu.com\/wp-content\/uploads\/2025\/06\/Free-tour-de-Lima-por-el-centro-historico-43.webp 775w, https:\/\/freewalkingtoursperu.com\/wp-content\/uploads\/2025\/06\/Free-tour-de-Lima-por-el-centro-historico-43-300x186.webp 300w, https:\/\/freewalkingtoursperu.com\/wp-content\/uploads\/2025\/06\/Free-tour-de-Lima-por-el-centro-historico-43-150x93.webp 150w, https:\/\/freewalkingtoursperu.com\/wp-content\/uploads\/2025\/06\/Free-tour-de-Lima-por-el-centro-historico-43-768x477.webp 768w\" sizes=\"auto, (max-width: 775px) 100vw, 775px\" \/><\/figure>\n<\/figure>\n<\/div><\/div>\n\n\n\n<div class=\"wp-block-advgb-accordion-item advgb-accordion-item\" style=\"margin-bottom:15px\"><div class=\"advgb-accordion-header\" style=\"background-color:#daec9c;color:#000000;border-style:solid;border-width:1px;border-radius:2px\"><span class=\"advgb-accordion-header-icon accordion-state\"><svg class=\"advgb-icon-closed\" fill=\"#ffffff\" xmlns=\"http:\/\/www.w3.org\/2000\/svg\" width=\"24\" height=\"24\" viewBox=\"0 0 24 24\"><path fill=\"none\" d=\"M0,0h24v24H0V0z\"><\/path><path d=\"M19,13h-6v6h-2v-6H5v-2h6V5h2v6h6V13z\"><\/path><\/svg><svg class=\"advgb-icon-opened\" fill=\"#ffffff\" xmlns=\"http:\/\/www.w3.org\/2000\/svg\" width=\"24\" height=\"24\" viewBox=\"0 0 24 24\"><path fill=\"none\" d=\"M0,0h24v24H0V0z\"><\/path><path d=\"M19,13H5v-2h14V13z\"><\/path><\/svg><\/span><h4 class=\"advgb-accordion-header-title\" style=\"color:inherit\">Pr\u00e4sidentenpalast (Au\u00dfenbesuch)<\/h4><\/div><div class=\"advgb-accordion-body\" style=\"border-style:solid !important;border-width:1px !important;border-color:undefined !important;border-top:none !important;border-radius:2px !important\">\n<p>Es ist der <strong>Sitz der Exekutive<\/strong> und die offizielle Residenz des Pr\u00e4sidenten der Republik Peru. Auch wenn sein Ursprung als Machtzentrum bis in die vorspanische und koloniale Zeit zur\u00fcckreicht, ist das heutige <strong>Geb\u00e4ude rein republikanisch<\/strong>.<\/p>\n\n\n\n<p>Das sogenannte \u201e<strong>Haus von Pizarro<\/strong>\u201c wurde beim Erdbeben von 1746 schwer besch\u00e4digt. Doch das war nicht die einzige Trag\u00f6die. Am 3. Juli 1921 \u2013 <strong>im Monat des hundertj\u00e4hrigen Unabh\u00e4ngigkeitsjubil\u00e4ums<\/strong> \u2013 zerst\u00f6rte ein verheerender Brand den rechten Fl\u00fcgel des Palastes.<\/p>\n\n\n\n<figure class=\"wp-block-gallery has-nested-images columns-default is-cropped wp-block-gallery-5 is-layout-flex wp-block-gallery-is-layout-flex\">\n<figure class=\"wp-block-image size-large\"><img loading=\"lazy\" decoding=\"async\" width=\"775\" height=\"481\" data-id=\"61079\" src=\"https:\/\/freewalkingtoursperu.com\/wp-content\/uploads\/2025\/06\/Free-tour-de-Lima-por-el-centro-historico-45.webp\" alt=\"Free tour de Lima por el centro hist\u00f3rico\" class=\"wp-image-61079\" srcset=\"https:\/\/freewalkingtoursperu.com\/wp-content\/uploads\/2025\/06\/Free-tour-de-Lima-por-el-centro-historico-45.webp 775w, https:\/\/freewalkingtoursperu.com\/wp-content\/uploads\/2025\/06\/Free-tour-de-Lima-por-el-centro-historico-45-300x186.webp 300w, https:\/\/freewalkingtoursperu.com\/wp-content\/uploads\/2025\/06\/Free-tour-de-Lima-por-el-centro-historico-45-150x93.webp 150w, https:\/\/freewalkingtoursperu.com\/wp-content\/uploads\/2025\/06\/Free-tour-de-Lima-por-el-centro-historico-45-768x477.webp 768w\" sizes=\"auto, (max-width: 775px) 100vw, 775px\" \/><\/figure>\n\n\n\n<figure class=\"wp-block-image size-large\"><img loading=\"lazy\" decoding=\"async\" width=\"775\" height=\"481\" data-id=\"61083\" src=\"https:\/\/freewalkingtoursperu.com\/wp-content\/uploads\/2025\/06\/Free-tour-de-Lima-por-el-centro-historico-46.webp\" alt=\"Free tour de Lima por el centro hist\u00f3rico\" class=\"wp-image-61083\" srcset=\"https:\/\/freewalkingtoursperu.com\/wp-content\/uploads\/2025\/06\/Free-tour-de-Lima-por-el-centro-historico-46.webp 775w, https:\/\/freewalkingtoursperu.com\/wp-content\/uploads\/2025\/06\/Free-tour-de-Lima-por-el-centro-historico-46-300x186.webp 300w, https:\/\/freewalkingtoursperu.com\/wp-content\/uploads\/2025\/06\/Free-tour-de-Lima-por-el-centro-historico-46-150x93.webp 150w, https:\/\/freewalkingtoursperu.com\/wp-content\/uploads\/2025\/06\/Free-tour-de-Lima-por-el-centro-historico-46-768x477.webp 768w\" sizes=\"auto, (max-width: 775px) 100vw, 775px\" \/><\/figure>\n<\/figure>\n\n\n\n<p><strong>Der Wiederaufbau begann 1926<\/strong> w\u00e4hrend der Amtszeit von <strong>Augusto B. Legu\u00eda<\/strong> und wurde 1938 unter <strong>Pr\u00e4sident \u00d3scar R. Benavides abgeschlossen<\/strong>. Die Architekten Claudio Sahut (Franzose) und Ricardo de Jaxa Malachowski (Pole) leiteten die Arbeiten.<\/p>\n\n\n\n<p>Die Geschichte erz\u00e4hlt, dass sich der <strong>Palast von Taulichusco<\/strong>, dem Inka-H\u00e4uptling des R\u00edmac-Tals, genau an der Stelle befand, wo heute der Regierungssitz steht. Mit der Ankunft von Pizarro <strong>wurde Taulichusco nach Chontay<\/strong> in die Sierra von Lima geschickt.<\/p>\n\n\n\n<figure class=\"wp-block-gallery has-nested-images columns-default is-cropped wp-block-gallery-6 is-layout-flex wp-block-gallery-is-layout-flex\">\n<figure class=\"wp-block-image size-large\"><img loading=\"lazy\" decoding=\"async\" width=\"775\" height=\"1000\" data-id=\"60773\" src=\"https:\/\/freewalkingtoursperu.com\/wp-content\/uploads\/2025\/05\/Free-tour-de-Lima-por-el-centro-historico-13.webp\" alt=\"\" class=\"wp-image-60773\" srcset=\"https:\/\/freewalkingtoursperu.com\/wp-content\/uploads\/2025\/05\/Free-tour-de-Lima-por-el-centro-historico-13.webp 775w, https:\/\/freewalkingtoursperu.com\/wp-content\/uploads\/2025\/05\/Free-tour-de-Lima-por-el-centro-historico-13-233x300.webp 233w, https:\/\/freewalkingtoursperu.com\/wp-content\/uploads\/2025\/05\/Free-tour-de-Lima-por-el-centro-historico-13-116x150.webp 116w, https:\/\/freewalkingtoursperu.com\/wp-content\/uploads\/2025\/05\/Free-tour-de-Lima-por-el-centro-historico-13-768x991.webp 768w\" sizes=\"auto, (max-width: 775px) 100vw, 775px\" \/><figcaption class=\"wp-element-caption\"><em><strong>Gouverneur Francisco Pizarro<\/strong><\/em><\/figcaption><\/figure>\n\n\n\n<figure class=\"wp-block-image size-large\"><img loading=\"lazy\" decoding=\"async\" width=\"775\" height=\"999\" data-id=\"60775\" src=\"https:\/\/freewalkingtoursperu.com\/wp-content\/uploads\/2025\/05\/Free-tour-de-Lima-por-el-centro-historico-12.webp\" alt=\"\" class=\"wp-image-60775\" srcset=\"https:\/\/freewalkingtoursperu.com\/wp-content\/uploads\/2025\/05\/Free-tour-de-Lima-por-el-centro-historico-12.webp 775w, https:\/\/freewalkingtoursperu.com\/wp-content\/uploads\/2025\/05\/Free-tour-de-Lima-por-el-centro-historico-12-233x300.webp 233w, https:\/\/freewalkingtoursperu.com\/wp-content\/uploads\/2025\/05\/Free-tour-de-Lima-por-el-centro-historico-12-116x150.webp 116w, https:\/\/freewalkingtoursperu.com\/wp-content\/uploads\/2025\/05\/Free-tour-de-Lima-por-el-centro-historico-12-768x990.webp 768w\" sizes=\"auto, (max-width: 775px) 100vw, 775px\" \/><figcaption class=\"wp-element-caption\"><em><strong>Curaca Taulichusco<\/strong><\/em><\/figcaption><\/figure>\n<\/figure>\n\n\n\n<p>Sein Haus <strong>wurde vom Eroberer Perus und Gr\u00fcnder Limas besetzt<\/strong>, der den Bau des Palastes anordnete, der sp\u00e4ter zum Machtzentrum des Vizek\u00f6nigreichs Peru werden sollte.<\/p>\n<\/div><\/div>\n\n\n\n<div class=\"wp-block-advgb-accordion-item advgb-accordion-item\" style=\"margin-bottom:15px\"><div class=\"advgb-accordion-header\" style=\"background-color:#daec9c;color:#000000;border-style:solid;border-width:1px;border-radius:2px\"><span class=\"advgb-accordion-header-icon accordion-state\"><svg class=\"advgb-icon-closed\" fill=\"#ffffff\" xmlns=\"http:\/\/www.w3.org\/2000\/svg\" width=\"24\" height=\"24\" viewBox=\"0 0 24 24\"><path fill=\"none\" d=\"M0,0h24v24H0V0z\"><\/path><path d=\"M19,13h-6v6h-2v-6H5v-2h6V5h2v6h6V13z\"><\/path><\/svg><svg class=\"advgb-icon-opened\" fill=\"#ffffff\" xmlns=\"http:\/\/www.w3.org\/2000\/svg\" width=\"24\" height=\"24\" viewBox=\"0 0 24 24\"><path fill=\"none\" d=\"M0,0h24v24H0V0z\"><\/path><path d=\"M19,13H5v-2h14V13z\"><\/path><\/svg><\/span><h4 class=\"advgb-accordion-header-title\" style=\"color:inherit\">Kathedrale Basilika (Au\u00dfenbesuch)<\/h4><\/div><div class=\"advgb-accordion-body\" style=\"border-style:solid !important;border-width:1px !important;border-color:undefined !important;border-top:none !important;border-radius:2px !important\">\n<p>Im Jahr 1535 befahl Francisco Pizarro den Bau der ersten Kathedrale von Lima auf dem Gel\u00e4nde des Inkatischen Tempels Puma Inti, <strong>unter dem Schutz der Jungfrau Maria von der Himmelfahrt<\/strong>.<\/p>\n\n\n\n<p>Doch dieses \u201eHaus Gottes\u201c, das in der neu gegr\u00fcndeten Stadt errichtet wurde, konnte den Kr\u00e4ften der Pachamama (Mutter Erde) nicht standhalten. Die Erdbeben, die Lima regelm\u00e4\u00dfig ersch\u00fcttern, f\u00fchrten zu seiner Zerst\u00f6rung.<\/p>\n\n\n\n<p>Die Kathedrale wurde im 18. Jahrhundert erneut errichtet. Mat\u00edas Maestro Alegr\u00eda (1766\u20131835) \u00fcbernahm die Planung. Bei seiner Arbeit ber\u00fccksichtigte er die seismischen Bedingungen Limas, um das Risiko bei einem weiteren Beben zu minimieren.<\/p>\n\n\n\n<p>Mat\u00edas Maestro, ein spanischer Priester mit umfassendem Wissen in Architektur und Kunst, entschied sich daf\u00fcr, Holz und Stuck f\u00fcr die Gew\u00f6lbe zu verwenden, die das Dach tragen. So sollten die Mauern weniger Gewicht aushalten m\u00fcssen.<\/p>\n\n\n\n<figure class=\"wp-block-image size-large is-resized\"><img loading=\"lazy\" decoding=\"async\" width=\"775\" height=\"551\" src=\"https:\/\/freewalkingtoursperu.com\/wp-content\/uploads\/2025\/05\/Free-tour-de-Lima-por-el-centro-historico-17.webp\" alt=\"\" class=\"wp-image-60802\" style=\"width:1111px;height:auto\" srcset=\"https:\/\/freewalkingtoursperu.com\/wp-content\/uploads\/2025\/05\/Free-tour-de-Lima-por-el-centro-historico-17.webp 775w, https:\/\/freewalkingtoursperu.com\/wp-content\/uploads\/2025\/05\/Free-tour-de-Lima-por-el-centro-historico-17-300x213.webp 300w, https:\/\/freewalkingtoursperu.com\/wp-content\/uploads\/2025\/05\/Free-tour-de-Lima-por-el-centro-historico-17-150x107.webp 150w, https:\/\/freewalkingtoursperu.com\/wp-content\/uploads\/2025\/05\/Free-tour-de-Lima-por-el-centro-historico-17-768x546.webp 768w\" sizes=\"auto, (max-width: 775px) 100vw, 775px\" \/><\/figure>\n\n\n\n<figure class=\"wp-block-gallery has-nested-images columns-default is-cropped wp-block-gallery-7 is-layout-flex wp-block-gallery-is-layout-flex\">\n<figure class=\"wp-block-image size-large\"><img loading=\"lazy\" decoding=\"async\" width=\"775\" height=\"900\" data-id=\"60805\" src=\"https:\/\/freewalkingtoursperu.com\/wp-content\/uploads\/2025\/05\/Free-tour-de-Lima-por-el-centro-historico-18.webp\" alt=\"\" class=\"wp-image-60805\" srcset=\"https:\/\/freewalkingtoursperu.com\/wp-content\/uploads\/2025\/05\/Free-tour-de-Lima-por-el-centro-historico-18.webp 775w, https:\/\/freewalkingtoursperu.com\/wp-content\/uploads\/2025\/05\/Free-tour-de-Lima-por-el-centro-historico-18-258x300.webp 258w, https:\/\/freewalkingtoursperu.com\/wp-content\/uploads\/2025\/05\/Free-tour-de-Lima-por-el-centro-historico-18-129x150.webp 129w, https:\/\/freewalkingtoursperu.com\/wp-content\/uploads\/2025\/05\/Free-tour-de-Lima-por-el-centro-historico-18-768x892.webp 768w\" sizes=\"auto, (max-width: 775px) 100vw, 775px\" \/><\/figure>\n\n\n\n<figure class=\"wp-block-image size-large\"><img loading=\"lazy\" decoding=\"async\" width=\"775\" height=\"481\" data-id=\"60800\" src=\"https:\/\/freewalkingtoursperu.com\/wp-content\/uploads\/2025\/05\/Free-tour-de-Lima-por-el-centro-historico-19.webp\" alt=\"\" class=\"wp-image-60800\" srcset=\"https:\/\/freewalkingtoursperu.com\/wp-content\/uploads\/2025\/05\/Free-tour-de-Lima-por-el-centro-historico-19.webp 775w, https:\/\/freewalkingtoursperu.com\/wp-content\/uploads\/2025\/05\/Free-tour-de-Lima-por-el-centro-historico-19-300x186.webp 300w, https:\/\/freewalkingtoursperu.com\/wp-content\/uploads\/2025\/05\/Free-tour-de-Lima-por-el-centro-historico-19-150x93.webp 150w, https:\/\/freewalkingtoursperu.com\/wp-content\/uploads\/2025\/05\/Free-tour-de-Lima-por-el-centro-historico-19-768x477.webp 768w\" sizes=\"auto, (max-width: 775px) 100vw, 775px\" \/><\/figure>\n\n\n\n<figure class=\"wp-block-image size-large\"><img loading=\"lazy\" decoding=\"async\" width=\"661\" height=\"1024\" data-id=\"60812\" src=\"https:\/\/freewalkingtoursperu.com\/wp-content\/uploads\/2025\/05\/Free-tour-de-Lima-por-el-centro-historico-20-661x1024.webp\" alt=\"\" class=\"wp-image-60812\" srcset=\"https:\/\/freewalkingtoursperu.com\/wp-content\/uploads\/2025\/05\/Free-tour-de-Lima-por-el-centro-historico-20-661x1024.webp 661w, https:\/\/freewalkingtoursperu.com\/wp-content\/uploads\/2025\/05\/Free-tour-de-Lima-por-el-centro-historico-20-194x300.webp 194w, https:\/\/freewalkingtoursperu.com\/wp-content\/uploads\/2025\/05\/Free-tour-de-Lima-por-el-centro-historico-20-97x150.webp 97w, https:\/\/freewalkingtoursperu.com\/wp-content\/uploads\/2025\/05\/Free-tour-de-Lima-por-el-centro-historico-20-768x1189.webp 768w, https:\/\/freewalkingtoursperu.com\/wp-content\/uploads\/2025\/05\/Free-tour-de-Lima-por-el-centro-historico-20.webp 775w\" sizes=\"auto, (max-width: 661px) 100vw, 661px\" \/><\/figure>\n<\/figure>\n\n\n\n<p>Wegen dieses Details sagt man oft, dass sich die einzige Kathedrale aus Holz in Peru in Lima befindet. Abgesehen von dieser Besonderheit zeigt Dir Dein Guide w\u00e4hrend Deines Besuchs die hispanische und indigene Ikonografie, die die Fassade des Tempels schm\u00fcckt.<\/p>\n\n\n\n<p>Die Kathedrale besitzt drei gro\u00dfe Portale, die f\u00fcr Vergebung, Evangelium und Epistel stehen. Eine kuriose Besonderheit an der Fassade ist der geschnitzte Hut neben dem Herz Jesu. Man nennt ihn Pizarros Hut.<\/p>\n\n\n\n<p>W\u00e4hrend der F\u00fchrung, frag Deinen Guide nach der Geschichte der Reiterstatue von Francisco Pizarro, die 1935 auf dem Vorplatz der Kathedrale aufgestellt wurde. Du wirst \u00fcberrascht sein!<\/p>\n\n\n\n<figure class=\"wp-block-image size-full is-resized\"><img loading=\"lazy\" decoding=\"async\" width=\"775\" height=\"481\" src=\"https:\/\/freewalkingtoursperu.com\/wp-content\/uploads\/2025\/05\/Free-tour-de-Lima-por-el-centro-historico-16-1.webp\" alt=\"Free tour de Lima por el centro hist\u00f3rico\" class=\"wp-image-60817\" style=\"width:1111px;height:auto\" srcset=\"https:\/\/freewalkingtoursperu.com\/wp-content\/uploads\/2025\/05\/Free-tour-de-Lima-por-el-centro-historico-16-1.webp 775w, https:\/\/freewalkingtoursperu.com\/wp-content\/uploads\/2025\/05\/Free-tour-de-Lima-por-el-centro-historico-16-1-300x186.webp 300w, https:\/\/freewalkingtoursperu.com\/wp-content\/uploads\/2025\/05\/Free-tour-de-Lima-por-el-centro-historico-16-1-150x93.webp 150w, https:\/\/freewalkingtoursperu.com\/wp-content\/uploads\/2025\/05\/Free-tour-de-Lima-por-el-centro-historico-16-1-768x477.webp 768w\" sizes=\"auto, (max-width: 775px) 100vw, 775px\" \/><figcaption class=\"wp-element-caption\"><em>Fotografie aus dem Jahr 1935 mit der Statue von Francisco Pizarro.<\/em><\/figcaption><\/figure>\n<\/div><\/div>\n\n\n\n<div class=\"wp-block-advgb-accordion-item advgb-accordion-item\" style=\"margin-bottom:15px\"><div class=\"advgb-accordion-header\" style=\"background-color:#daec9c;color:#000000;border-style:solid;border-width:1px;border-radius:2px\"><span class=\"advgb-accordion-header-icon accordion-state\"><svg class=\"advgb-icon-closed\" fill=\"#ffffff\" xmlns=\"http:\/\/www.w3.org\/2000\/svg\" width=\"24\" height=\"24\" viewBox=\"0 0 24 24\"><path fill=\"none\" d=\"M0,0h24v24H0V0z\"><\/path><path d=\"M19,13h-6v6h-2v-6H5v-2h6V5h2v6h6V13z\"><\/path><\/svg><svg class=\"advgb-icon-opened\" fill=\"#ffffff\" xmlns=\"http:\/\/www.w3.org\/2000\/svg\" width=\"24\" height=\"24\" viewBox=\"0 0 24 24\"><path fill=\"none\" d=\"M0,0h24v24H0V0z\"><\/path><path d=\"M19,13H5v-2h14V13z\"><\/path><\/svg><\/span><h4 class=\"advgb-accordion-header-title\" style=\"color:inherit\">Kirchenschiff der Kirche Santo Domingo<\/h4><\/div><div class=\"advgb-accordion-body\" style=\"border-style:solid !important;border-width:1px !important;border-color:undefined !important;border-top:none !important;border-radius:2px !important\">\n<p>Es ist eines der ersten religi\u00f6sen Bauwerke der Hauptstadt und<strong> ein Juwel der kolonialen Architektur<\/strong>. Der Bau begann 1535, im Jahr der spanischen Gr\u00fcndung Limas, auf einem Grundst\u00fcck, das dem indigenen Curaca Taulichusco geh\u00f6rte. Als spirituelles und Bildungszentrum konzipiert, wurden seine Kirchenschiffe zwischen dem 16. und 18. Jahrhundert umgestaltet. Sie zeichnen sich <strong>durch ihren neoklassizistischen Stil<\/strong>, ihre Weitl\u00e4ufigkeit und die Harmonie ihrer Proportionen aus.<\/p>\n\n\n\n<p>In seinen jahrhundertealten Kreuzg\u00e4ngen erlebten bedeutende Pers\u00f6nlichkeiten ihr spirituelles Wirken: die <strong>heilige Rosa von Lima<\/strong>, die erste Heilige Amerikas; der <strong>heilige Juan Mac\u00edas<\/strong>, einer der Missionare Perus; und der <strong>heilige Mart\u00edn de Porres<\/strong>, der <strong>erste Mulatte, der heiliggesprochen wurde<\/strong>.<\/p>\n\n\n\n<figure class=\"wp-block-gallery has-nested-images columns-default is-cropped wp-block-gallery-8 is-layout-flex wp-block-gallery-is-layout-flex\">\n<figure class=\"wp-block-image size-large\"><img loading=\"lazy\" decoding=\"async\" width=\"775\" height=\"550\" data-id=\"60840\" src=\"https:\/\/freewalkingtoursperu.com\/wp-content\/uploads\/2025\/05\/Free-tour-de-Lima-por-el-centro-historico-26.webp\" alt=\"Free tour de Lima por el centro hist\u00f3rico\" class=\"wp-image-60840\" srcset=\"https:\/\/freewalkingtoursperu.com\/wp-content\/uploads\/2025\/05\/Free-tour-de-Lima-por-el-centro-historico-26.webp 775w, https:\/\/freewalkingtoursperu.com\/wp-content\/uploads\/2025\/05\/Free-tour-de-Lima-por-el-centro-historico-26-300x213.webp 300w, https:\/\/freewalkingtoursperu.com\/wp-content\/uploads\/2025\/05\/Free-tour-de-Lima-por-el-centro-historico-26-150x106.webp 150w, https:\/\/freewalkingtoursperu.com\/wp-content\/uploads\/2025\/05\/Free-tour-de-Lima-por-el-centro-historico-26-768x545.webp 768w\" sizes=\"auto, (max-width: 775px) 100vw, 775px\" \/><\/figure>\n\n\n\n<figure class=\"wp-block-image size-large\"><img loading=\"lazy\" decoding=\"async\" width=\"775\" height=\"900\" data-id=\"60831\" src=\"https:\/\/freewalkingtoursperu.com\/wp-content\/uploads\/2025\/05\/Free-tour-de-Lima-por-el-centro-historico-23.webp\" alt=\"Free tour de Lima por el centro hist\u00f3rico\" class=\"wp-image-60831\" srcset=\"https:\/\/freewalkingtoursperu.com\/wp-content\/uploads\/2025\/05\/Free-tour-de-Lima-por-el-centro-historico-23.webp 775w, https:\/\/freewalkingtoursperu.com\/wp-content\/uploads\/2025\/05\/Free-tour-de-Lima-por-el-centro-historico-23-258x300.webp 258w, https:\/\/freewalkingtoursperu.com\/wp-content\/uploads\/2025\/05\/Free-tour-de-Lima-por-el-centro-historico-23-129x150.webp 129w, https:\/\/freewalkingtoursperu.com\/wp-content\/uploads\/2025\/05\/Free-tour-de-Lima-por-el-centro-historico-23-768x892.webp 768w\" sizes=\"auto, (max-width: 775px) 100vw, 775px\" \/><\/figure>\n<\/figure>\n\n\n\n<p>Mart\u00edn de Porres (1579\u20131639), bekannt als \u201e<strong>der Heilige mit dem Besen\u201c, war der Sohn eines spanischen Adeligen<\/strong> und einer schwarzen Frau aus Panama. Mit 15 Jahren trat er auf Einladung von Bruder Juan de Lorenzana in das Kloster Santo Domingo ein.<\/p>\n\n\n\n<p>Aufgrund seiner unehelichen Herkunft \u00fcbernahm er neun Jahre <strong>lang niedere Dienste<\/strong>. Doch schlie\u00dflich wurde er 1603 wegen seiner G\u00fcte und <strong>Liebe zu Gott als Dominikanerbruder aufgenommen<\/strong>. Das war der Beginn seines Weges zur Heiligkeit. In Erinnerung bleibt er als ein dem\u00fctiger Mann, der sich um Kranke k\u00fcmmerte und die Armen unterst\u00fctzte. <strong>Am 6. Mai 1962 wurde<\/strong> Mart\u00edn de Porres im Vatikan von Papst Johannes XXIII. heiliggesprochen.<\/p>\n\n\n\n<figure class=\"wp-block-gallery has-nested-images columns-default is-cropped wp-block-gallery-9 is-layout-flex wp-block-gallery-is-layout-flex\">\n<figure class=\"wp-block-image size-large\"><img loading=\"lazy\" decoding=\"async\" width=\"775\" height=\"550\" data-id=\"60827\" src=\"https:\/\/freewalkingtoursperu.com\/wp-content\/uploads\/2025\/05\/Free-tour-de-Lima-por-el-centro-historico-24.webp\" alt=\"Free tour de Lima por el centro hist\u00f3rico\" class=\"wp-image-60827\" srcset=\"https:\/\/freewalkingtoursperu.com\/wp-content\/uploads\/2025\/05\/Free-tour-de-Lima-por-el-centro-historico-24.webp 775w, https:\/\/freewalkingtoursperu.com\/wp-content\/uploads\/2025\/05\/Free-tour-de-Lima-por-el-centro-historico-24-300x213.webp 300w, https:\/\/freewalkingtoursperu.com\/wp-content\/uploads\/2025\/05\/Free-tour-de-Lima-por-el-centro-historico-24-150x106.webp 150w, https:\/\/freewalkingtoursperu.com\/wp-content\/uploads\/2025\/05\/Free-tour-de-Lima-por-el-centro-historico-24-768x545.webp 768w\" sizes=\"auto, (max-width: 775px) 100vw, 775px\" \/><\/figure>\n\n\n\n<figure class=\"wp-block-image size-large\"><img loading=\"lazy\" decoding=\"async\" width=\"775\" height=\"550\" data-id=\"60823\" src=\"https:\/\/freewalkingtoursperu.com\/wp-content\/uploads\/2025\/05\/Free-tour-de-Lima-por-el-centro-historico-22.webp\" alt=\"Free tour de Lima por el centro hist\u00f3rico\" class=\"wp-image-60823\" srcset=\"https:\/\/freewalkingtoursperu.com\/wp-content\/uploads\/2025\/05\/Free-tour-de-Lima-por-el-centro-historico-22.webp 775w, https:\/\/freewalkingtoursperu.com\/wp-content\/uploads\/2025\/05\/Free-tour-de-Lima-por-el-centro-historico-22-300x213.webp 300w, https:\/\/freewalkingtoursperu.com\/wp-content\/uploads\/2025\/05\/Free-tour-de-Lima-por-el-centro-historico-22-150x106.webp 150w, https:\/\/freewalkingtoursperu.com\/wp-content\/uploads\/2025\/05\/Free-tour-de-Lima-por-el-centro-historico-22-768x545.webp 768w\" sizes=\"auto, (max-width: 775px) 100vw, 775px\" \/><\/figure>\n<\/figure>\n\n\n\n<figure class=\"wp-block-gallery has-nested-images columns-default is-cropped wp-block-gallery-10 is-layout-flex wp-block-gallery-is-layout-flex\">\n<figure class=\"wp-block-image size-large\"><img loading=\"lazy\" decoding=\"async\" width=\"775\" height=\"550\" data-id=\"60839\" src=\"https:\/\/freewalkingtoursperu.com\/wp-content\/uploads\/2025\/05\/Free-tour-de-Lima-por-el-centro-historico-21.webp\" alt=\"Free tour de Lima por el centro hist\u00f3rico\" class=\"wp-image-60839\" srcset=\"https:\/\/freewalkingtoursperu.com\/wp-content\/uploads\/2025\/05\/Free-tour-de-Lima-por-el-centro-historico-21.webp 775w, https:\/\/freewalkingtoursperu.com\/wp-content\/uploads\/2025\/05\/Free-tour-de-Lima-por-el-centro-historico-21-300x213.webp 300w, https:\/\/freewalkingtoursperu.com\/wp-content\/uploads\/2025\/05\/Free-tour-de-Lima-por-el-centro-historico-21-150x106.webp 150w, https:\/\/freewalkingtoursperu.com\/wp-content\/uploads\/2025\/05\/Free-tour-de-Lima-por-el-centro-historico-21-768x545.webp 768w\" sizes=\"auto, (max-width: 775px) 100vw, 775px\" \/><\/figure>\n<\/figure>\n<\/div><\/div>\n\n\n\n<div class=\"wp-block-advgb-accordion-item advgb-accordion-item\" style=\"margin-bottom:15px\"><div class=\"advgb-accordion-header\" style=\"background-color:#daec9c;color:#000000;border-style:solid;border-width:1px;border-radius:2px\"><span class=\"advgb-accordion-header-icon accordion-state\"><svg class=\"advgb-icon-closed\" fill=\"#ffffff\" xmlns=\"http:\/\/www.w3.org\/2000\/svg\" width=\"24\" height=\"24\" viewBox=\"0 0 24 24\"><path fill=\"none\" d=\"M0,0h24v24H0V0z\"><\/path><path d=\"M19,13h-6v6h-2v-6H5v-2h6V5h2v6h6V13z\"><\/path><\/svg><svg class=\"advgb-icon-opened\" fill=\"#ffffff\" xmlns=\"http:\/\/www.w3.org\/2000\/svg\" width=\"24\" height=\"24\" viewBox=\"0 0 24 24\"><path fill=\"none\" d=\"M0,0h24v24H0V0z\"><\/path><path d=\"M19,13H5v-2h14V13z\"><\/path><\/svg><\/span><h4 class=\"advgb-accordion-header-title\" style=\"color:inherit\">Haus der peruanischen Literatur<\/h4><\/div><div class=\"advgb-accordion-body\" style=\"border-style:solid !important;border-width:1px !important;border-color:undefined !important;border-top:none !important;border-radius:2px !important\">\n<p>Im Jahr 2009 wurde der Bahnhof Desamparados in einen Ort verwandelt, der das Lesen f\u00f6rdert, die <strong>Werke peruanischer Autoren verbreitet<\/strong> und die nationale Identit\u00e4t durch die Worte unserer gro\u00dfen Literaten und Denker st\u00e4rkt.<\/p>\n\n\n\n<p>Eingeweiht im Jahr 1912 vom Pr\u00e4sidenten Augusto B. Legu\u00eda, war Desamparados \u2013 am linken Ufer des R\u00edo R\u00edmac und <strong>hinter dem Regierungspalast<\/strong> gelegen \u2013 der <strong>Hauptbahnhof der Zentralbahn<\/strong>, die Callao mit Cerro de Pasco verband.<\/p>\n\n\n\n<p>Von der K\u00fcste bis ins Hochland f\u00fchrte die <strong>Reise \u00fcber Ticlio<\/strong> (4818 m \u00fc. M.), das viele Jahre lang als h\u00f6chstgelegener <strong>Eisenbahnpunkt der Welt galt<\/strong>. Heute wird die Strecke haupts\u00e4chlich von G\u00fcterz\u00fcgen genutzt.<\/p>\n\n\n\n<p><strong>Verlassen wegen fehlender Passagiere, wurde der Bahnhof<\/strong>, der vom Architekten Rafael Marquina entworfen und in der N\u00e4he der Kirche Nuestra Se\u00f1ora de los Desamparados erbaut wurde, <strong>sorgf\u00e4ltig restauriert<\/strong>, um seiner neuen Bestimmung gerecht zu werden.<\/p>\n\n\n\n<p>Dabei blieb die<strong> originale Fassade mit ihren<\/strong> fein gemei\u00dfelten Steindetails und der imposanten Uhr erhalten. Gleiches gilt f\u00fcr die hohen Decken der Vorhallen und <strong>die auff\u00e4lligen Glasfenster<\/strong> aus dem 20. Jahrhundert.<\/p>\n\n\n\n<p>Das \u201eHaus der Peruanischen Literatur\u201c verf\u00fcgt \u00fcber <strong>Ausstellungsr\u00e4ume und interaktive Bereiche f\u00fcr Kinder und Jugendliche<\/strong>. In seiner Bibliothek werden die Werke von <strong>C\u00e9sar Vallejo<\/strong>, Jos\u00e9 Mar\u00eda Arguedas, Blanca Varela, Ricardo Palma und <strong>Mario Vargas Llosa<\/strong> aufbewahrt.<\/p>\n\n\n\n<figure class=\"wp-block-gallery has-nested-images columns-default is-cropped wp-block-gallery-11 is-layout-flex wp-block-gallery-is-layout-flex\">\n<figure class=\"wp-block-image size-large\"><img loading=\"lazy\" decoding=\"async\" width=\"535\" height=\"738\" data-id=\"60855\" src=\"https:\/\/freewalkingtoursperu.com\/wp-content\/uploads\/2025\/05\/Free-tour-de-Lima-por-el-centro-historico-29.webp\" alt=\"\" class=\"wp-image-60855\" srcset=\"https:\/\/freewalkingtoursperu.com\/wp-content\/uploads\/2025\/05\/Free-tour-de-Lima-por-el-centro-historico-29.webp 535w, https:\/\/freewalkingtoursperu.com\/wp-content\/uploads\/2025\/05\/Free-tour-de-Lima-por-el-centro-historico-29-217x300.webp 217w, https:\/\/freewalkingtoursperu.com\/wp-content\/uploads\/2025\/05\/Free-tour-de-Lima-por-el-centro-historico-29-109x150.webp 109w\" sizes=\"auto, (max-width: 535px) 100vw, 535px\" \/><\/figure>\n\n\n\n<figure class=\"wp-block-image size-large\"><img loading=\"lazy\" decoding=\"async\" width=\"1024\" height=\"736\" data-id=\"60856\" src=\"https:\/\/freewalkingtoursperu.com\/wp-content\/uploads\/2025\/05\/Free-tour-de-Lima-por-el-centro-historico-31-1024x736.webp\" alt=\"Free tour de Lima por el centro hist\u00f3rico\" class=\"wp-image-60856\" srcset=\"https:\/\/freewalkingtoursperu.com\/wp-content\/uploads\/2025\/05\/Free-tour-de-Lima-por-el-centro-historico-31-1024x736.webp 1024w, https:\/\/freewalkingtoursperu.com\/wp-content\/uploads\/2025\/05\/Free-tour-de-Lima-por-el-centro-historico-31-300x216.webp 300w, https:\/\/freewalkingtoursperu.com\/wp-content\/uploads\/2025\/05\/Free-tour-de-Lima-por-el-centro-historico-31-150x108.webp 150w, https:\/\/freewalkingtoursperu.com\/wp-content\/uploads\/2025\/05\/Free-tour-de-Lima-por-el-centro-historico-31-768x552.webp 768w, https:\/\/freewalkingtoursperu.com\/wp-content\/uploads\/2025\/05\/Free-tour-de-Lima-por-el-centro-historico-31.webp 1240w\" sizes=\"auto, (max-width: 1024px) 100vw, 1024px\" \/><\/figure>\n\n\n\n<figure class=\"wp-block-image size-large\"><img loading=\"lazy\" decoding=\"async\" width=\"1024\" height=\"756\" data-id=\"60873\" src=\"https:\/\/freewalkingtoursperu.com\/wp-content\/uploads\/2025\/05\/Free-tour-de-Lima-por-el-centro-historico-30-1-1024x756.webp\" alt=\"Free tour de Lima por el centro hist\u00f3rico\" class=\"wp-image-60873\" srcset=\"https:\/\/freewalkingtoursperu.com\/wp-content\/uploads\/2025\/05\/Free-tour-de-Lima-por-el-centro-historico-30-1-1024x756.webp 1024w, https:\/\/freewalkingtoursperu.com\/wp-content\/uploads\/2025\/05\/Free-tour-de-Lima-por-el-centro-historico-30-1-300x222.webp 300w, https:\/\/freewalkingtoursperu.com\/wp-content\/uploads\/2025\/05\/Free-tour-de-Lima-por-el-centro-historico-30-1-150x111.webp 150w, https:\/\/freewalkingtoursperu.com\/wp-content\/uploads\/2025\/05\/Free-tour-de-Lima-por-el-centro-historico-30-1-768x567.webp 768w, https:\/\/freewalkingtoursperu.com\/wp-content\/uploads\/2025\/05\/Free-tour-de-Lima-por-el-centro-historico-30-1.webp 1239w\" sizes=\"auto, (max-width: 1024px) 100vw, 1024px\" \/><\/figure>\n\n\n\n<figure class=\"wp-block-image size-large\"><img loading=\"lazy\" decoding=\"async\" width=\"1024\" height=\"747\" data-id=\"60854\" src=\"https:\/\/freewalkingtoursperu.com\/wp-content\/uploads\/2025\/05\/Free-tour-de-Lima-por-el-centro-historico-32-1024x747.webp\" alt=\"\" class=\"wp-image-60854\" srcset=\"https:\/\/freewalkingtoursperu.com\/wp-content\/uploads\/2025\/05\/Free-tour-de-Lima-por-el-centro-historico-32-1024x747.webp 1024w, https:\/\/freewalkingtoursperu.com\/wp-content\/uploads\/2025\/05\/Free-tour-de-Lima-por-el-centro-historico-32-300x219.webp 300w, https:\/\/freewalkingtoursperu.com\/wp-content\/uploads\/2025\/05\/Free-tour-de-Lima-por-el-centro-historico-32-150x109.webp 150w, https:\/\/freewalkingtoursperu.com\/wp-content\/uploads\/2025\/05\/Free-tour-de-Lima-por-el-centro-historico-32-768x560.webp 768w, https:\/\/freewalkingtoursperu.com\/wp-content\/uploads\/2025\/05\/Free-tour-de-Lima-por-el-centro-historico-32.webp 1247w\" sizes=\"auto, (max-width: 1024px) 100vw, 1024px\" \/><\/figure>\n\n\n\n<figure class=\"wp-block-image size-large\"><img loading=\"lazy\" decoding=\"async\" width=\"1024\" height=\"702\" data-id=\"60853\" src=\"https:\/\/freewalkingtoursperu.com\/wp-content\/uploads\/2025\/05\/Free-tour-de-Lima-por-el-centro-historico-27-1024x702.webp\" alt=\"Free tour de Lima por el centro hist\u00f3rico\" class=\"wp-image-60853\" srcset=\"https:\/\/freewalkingtoursperu.com\/wp-content\/uploads\/2025\/05\/Free-tour-de-Lima-por-el-centro-historico-27-1024x702.webp 1024w, https:\/\/freewalkingtoursperu.com\/wp-content\/uploads\/2025\/05\/Free-tour-de-Lima-por-el-centro-historico-27-300x206.webp 300w, https:\/\/freewalkingtoursperu.com\/wp-content\/uploads\/2025\/05\/Free-tour-de-Lima-por-el-centro-historico-27-150x103.webp 150w, https:\/\/freewalkingtoursperu.com\/wp-content\/uploads\/2025\/05\/Free-tour-de-Lima-por-el-centro-historico-27-768x526.webp 768w, https:\/\/freewalkingtoursperu.com\/wp-content\/uploads\/2025\/05\/Free-tour-de-Lima-por-el-centro-historico-27.webp 1313w\" sizes=\"auto, (max-width: 1024px) 100vw, 1024px\" \/><\/figure>\n<\/figure>\n<\/div><\/div>\n\n\n\n<div class=\"wp-block-advgb-accordion-item advgb-accordion-item\" style=\"margin-bottom:15px\"><div class=\"advgb-accordion-header\" style=\"background-color:#daec9c;color:#000000;border-style:solid;border-width:1px;border-radius:2px\"><span class=\"advgb-accordion-header-icon accordion-state\"><svg class=\"advgb-icon-closed\" fill=\"#ffffff\" xmlns=\"http:\/\/www.w3.org\/2000\/svg\" width=\"24\" height=\"24\" viewBox=\"0 0 24 24\"><path fill=\"none\" d=\"M0,0h24v24H0V0z\"><\/path><path d=\"M19,13h-6v6h-2v-6H5v-2h6V5h2v6h6V13z\"><\/path><\/svg><svg class=\"advgb-icon-opened\" fill=\"#ffffff\" xmlns=\"http:\/\/www.w3.org\/2000\/svg\" width=\"24\" height=\"24\" viewBox=\"0 0 24 24\"><path fill=\"none\" d=\"M0,0h24v24H0V0z\"><\/path><path d=\"M19,13H5v-2h14V13z\"><\/path><\/svg><\/span><h4 class=\"advgb-accordion-header-title\" style=\"color:inherit\">Pisco-Verkostung (optional)<\/h4><\/div><div class=\"advgb-accordion-body\" style=\"border-style:solid !important;border-width:1px !important;border-color:undefined !important;border-top:none !important;border-radius:2px !important\">\n<p>Prost auf das historische Zentrum! Prost auf Peru und <strong>sein Nationalgetr\u00e4nk! Prost mit und auf den Pisco<\/strong> \u2013 den feinen Traubenschnaps, der im 16. Jahrhundert zu entstehen begann, als die ersten europ\u00e4ischen Reben im Tal von Ica Fr\u00fcchte trugen.<\/p>\n\n\n\n<p>Wegen seiner tiefen historischen und kulturellen Wurzeln ist Pisco viel <strong>mehr als nur ein Getr\u00e4nk<\/strong>. Er ist Identit\u00e4t, Stolz und Reinheit, denn bei seiner handwerklichen Herstellung werden keine Zusatzstoffe verwendet und <strong>der Schnaps wird nicht in Holzf\u00e4ssern gelagert<\/strong>.<\/p>\n\n\n\n<p>Das Ergebnis ist ein transparenter Brand mit hohem Alkoholgehalt, <strong>der bereits im Vizek\u00f6nigreich Peru sehr gesch\u00e4tzt wurde<\/strong>. Damals wurde er im Hafen von Pisco \u2013 s\u00fcdlich von Lima \u2013 in alle Himmelsrichtungen verschifft.<\/p>\n\n\n\n<p><strong>Die peruanische Herkunft des Pisco<\/strong> wird durch zahlreiche Dokumente best\u00e4tigt, von denen die \u00e4ltesten aus dem 17. Jahrhundert stammen. Heute darf die Herkunftsbezeichnung nur von Produzenten aus <strong>Lima, Ica, Arequipa, Moquegua und Tacna<\/strong> verwendet werden.<\/p>\n\n\n\n<p>W\u00e4hrend des Free Tours machen wir eine Pause, <strong>damit Du reinen Pisco oder den ber\u00fchmten Pisco Sour<\/strong> \u2013 den legend\u00e4ren peruanischen Cocktail \u2013 probieren kannst. Wir versprechen Dir: Mit jedem <strong>Schluck wirst Du die Essenz unseres Landes schmecken<\/strong>.<\/p>\n\n\n\n<figure class=\"wp-block-image size-full is-resized\"><img loading=\"lazy\" decoding=\"async\" width=\"775\" height=\"751\" src=\"https:\/\/freewalkingtoursperu.com\/wp-content\/uploads\/2025\/05\/Free-tour-de-Lima-por-el-centro-historico-42.webp\" alt=\"Free tour de Lima por el centro hist\u00f3rico\" class=\"wp-image-60919\" style=\"width:1111px;height:auto\" srcset=\"https:\/\/freewalkingtoursperu.com\/wp-content\/uploads\/2025\/05\/Free-tour-de-Lima-por-el-centro-historico-42.webp 775w, https:\/\/freewalkingtoursperu.com\/wp-content\/uploads\/2025\/05\/Free-tour-de-Lima-por-el-centro-historico-42-300x291.webp 300w, https:\/\/freewalkingtoursperu.com\/wp-content\/uploads\/2025\/05\/Free-tour-de-Lima-por-el-centro-historico-42-150x145.webp 150w, https:\/\/freewalkingtoursperu.com\/wp-content\/uploads\/2025\/05\/Free-tour-de-Lima-por-el-centro-historico-42-768x744.webp 768w\" sizes=\"auto, (max-width: 775px) 100vw, 775px\" \/><\/figure>\n<\/div><\/div>\n\n\n\n<div class=\"wp-block-advgb-accordion-item advgb-accordion-item\" style=\"margin-bottom:15px\"><div class=\"advgb-accordion-header\" style=\"background-color:#daec9c;color:#000000;border-style:solid;border-width:1px;border-radius:2px\"><span class=\"advgb-accordion-header-icon accordion-state\"><svg class=\"advgb-icon-closed\" fill=\"#ffffff\" xmlns=\"http:\/\/www.w3.org\/2000\/svg\" width=\"24\" height=\"24\" viewBox=\"0 0 24 24\"><path fill=\"none\" d=\"M0,0h24v24H0V0z\"><\/path><path d=\"M19,13h-6v6h-2v-6H5v-2h6V5h2v6h6V13z\"><\/path><\/svg><svg class=\"advgb-icon-opened\" fill=\"#ffffff\" xmlns=\"http:\/\/www.w3.org\/2000\/svg\" width=\"24\" height=\"24\" viewBox=\"0 0 24 24\"><path fill=\"none\" d=\"M0,0h24v24H0V0z\"><\/path><path d=\"M19,13H5v-2h14V13z\"><\/path><\/svg><\/span><h4 class=\"advgb-accordion-header-title\" style=\"color:inherit\">Kloster und Kirche San Francisco (Au\u00dfenbesuch)<\/h4><\/div><div class=\"advgb-accordion-body\" style=\"border-style:solid !important;border-width:1px !important;border-color:undefined !important;border-top:none !important;border-radius:2px !important\">\n<p>Nach der Verkostung des peruanischsten aller Getr\u00e4nke \u2013 dem Pisco \u2013 wirst Du die Fassade des Klosters und der Kirche San Francisco kennenlernen, eines der bedeutendsten religi\u00f6sen <strong>Bauwerke ganz Amerikas<\/strong>.<\/p>\n\n\n\n<p>Der Bau dieses monumentalen Symbols des Glaubens begann im Jahr 1542, doch das Kloster <strong>wurde erst 1672 eingeweiht<\/strong>. An diesem Halt wird Dir Dein Guide von den d\u00fcsteren Katakomben von San Francisco erz\u00e4hlen, in denen sich die <strong>\u00dcberreste von rund 36.000 Menschen befinden<\/strong>.<\/p>\n\n\n\n<p>Wenn Du die Katakomben erkunden m\u00f6chtest, <strong>empfehlen wir Dir, zum Kloster zur\u00fcckzukehren<\/strong> und an einer Innenf\u00fchrung teilzunehmen. Es wird ein eindrucksvolles Erlebnis sein, das Dich <strong>der Religiosit\u00e4t des alten Lima n\u00e4herbringt<\/strong>.<\/p>\n\n\n\n<figure class=\"wp-block-gallery has-nested-images columns-default is-cropped wp-block-gallery-12 is-layout-flex wp-block-gallery-is-layout-flex\">\n<figure class=\"wp-block-image size-large\"><img loading=\"lazy\" decoding=\"async\" width=\"775\" height=\"700\" data-id=\"60888\" src=\"https:\/\/freewalkingtoursperu.com\/wp-content\/uploads\/2025\/05\/Free-tour-de-Lima-por-el-centro-historico-33.webp\" alt=\"\" class=\"wp-image-60888\" srcset=\"https:\/\/freewalkingtoursperu.com\/wp-content\/uploads\/2025\/05\/Free-tour-de-Lima-por-el-centro-historico-33.webp 775w, https:\/\/freewalkingtoursperu.com\/wp-content\/uploads\/2025\/05\/Free-tour-de-Lima-por-el-centro-historico-33-300x271.webp 300w, https:\/\/freewalkingtoursperu.com\/wp-content\/uploads\/2025\/05\/Free-tour-de-Lima-por-el-centro-historico-33-150x135.webp 150w, https:\/\/freewalkingtoursperu.com\/wp-content\/uploads\/2025\/05\/Free-tour-de-Lima-por-el-centro-historico-33-768x694.webp 768w\" sizes=\"auto, (max-width: 775px) 100vw, 775px\" \/><\/figure>\n\n\n\n<figure class=\"wp-block-image size-large\"><img loading=\"lazy\" decoding=\"async\" width=\"775\" height=\"480\" data-id=\"60884\" src=\"https:\/\/freewalkingtoursperu.com\/wp-content\/uploads\/2025\/05\/Free-tour-de-Lima-por-el-centro-historico-37.webp\" alt=\"\" class=\"wp-image-60884\" srcset=\"https:\/\/freewalkingtoursperu.com\/wp-content\/uploads\/2025\/05\/Free-tour-de-Lima-por-el-centro-historico-37.webp 775w, https:\/\/freewalkingtoursperu.com\/wp-content\/uploads\/2025\/05\/Free-tour-de-Lima-por-el-centro-historico-37-300x186.webp 300w, https:\/\/freewalkingtoursperu.com\/wp-content\/uploads\/2025\/05\/Free-tour-de-Lima-por-el-centro-historico-37-150x93.webp 150w, https:\/\/freewalkingtoursperu.com\/wp-content\/uploads\/2025\/05\/Free-tour-de-Lima-por-el-centro-historico-37-768x476.webp 768w\" sizes=\"auto, (max-width: 775px) 100vw, 775px\" \/><\/figure>\n\n\n\n<figure class=\"wp-block-image size-large\"><img loading=\"lazy\" decoding=\"async\" width=\"775\" height=\"481\" data-id=\"60880\" src=\"https:\/\/freewalkingtoursperu.com\/wp-content\/uploads\/2025\/05\/Free-tour-de-Lima-por-el-centro-historico-34.webp\" alt=\"Free tour de Lima por el centro hist\u00f3rico\" class=\"wp-image-60880\" srcset=\"https:\/\/freewalkingtoursperu.com\/wp-content\/uploads\/2025\/05\/Free-tour-de-Lima-por-el-centro-historico-34.webp 775w, https:\/\/freewalkingtoursperu.com\/wp-content\/uploads\/2025\/05\/Free-tour-de-Lima-por-el-centro-historico-34-300x186.webp 300w, https:\/\/freewalkingtoursperu.com\/wp-content\/uploads\/2025\/05\/Free-tour-de-Lima-por-el-centro-historico-34-150x93.webp 150w, https:\/\/freewalkingtoursperu.com\/wp-content\/uploads\/2025\/05\/Free-tour-de-Lima-por-el-centro-historico-34-768x477.webp 768w\" sizes=\"auto, (max-width: 775px) 100vw, 775px\" \/><\/figure>\n\n\n\n<figure class=\"wp-block-image size-large\"><img loading=\"lazy\" decoding=\"async\" width=\"775\" height=\"481\" data-id=\"60895\" src=\"https:\/\/freewalkingtoursperu.com\/wp-content\/uploads\/2025\/05\/Free-tour-de-Lima-por-el-centro-historico-36.webp\" alt=\"Free tour de Lima por el centro hist\u00f3rico\" class=\"wp-image-60895\" srcset=\"https:\/\/freewalkingtoursperu.com\/wp-content\/uploads\/2025\/05\/Free-tour-de-Lima-por-el-centro-historico-36.webp 775w, https:\/\/freewalkingtoursperu.com\/wp-content\/uploads\/2025\/05\/Free-tour-de-Lima-por-el-centro-historico-36-300x186.webp 300w, https:\/\/freewalkingtoursperu.com\/wp-content\/uploads\/2025\/05\/Free-tour-de-Lima-por-el-centro-historico-36-150x93.webp 150w, https:\/\/freewalkingtoursperu.com\/wp-content\/uploads\/2025\/05\/Free-tour-de-Lima-por-el-centro-historico-36-768x477.webp 768w\" sizes=\"auto, (max-width: 775px) 100vw, 775px\" \/><\/figure>\n\n\n\n<figure class=\"wp-block-image size-large\"><img loading=\"lazy\" decoding=\"async\" width=\"775\" height=\"481\" data-id=\"60892\" src=\"https:\/\/freewalkingtoursperu.com\/wp-content\/uploads\/2025\/05\/Free-tour-de-Lima-por-el-centro-historico-35.webp\" alt=\"\" class=\"wp-image-60892\" srcset=\"https:\/\/freewalkingtoursperu.com\/wp-content\/uploads\/2025\/05\/Free-tour-de-Lima-por-el-centro-historico-35.webp 775w, https:\/\/freewalkingtoursperu.com\/wp-content\/uploads\/2025\/05\/Free-tour-de-Lima-por-el-centro-historico-35-300x186.webp 300w, https:\/\/freewalkingtoursperu.com\/wp-content\/uploads\/2025\/05\/Free-tour-de-Lima-por-el-centro-historico-35-150x93.webp 150w, https:\/\/freewalkingtoursperu.com\/wp-content\/uploads\/2025\/05\/Free-tour-de-Lima-por-el-centro-historico-35-768x477.webp 768w\" sizes=\"auto, (max-width: 775px) 100vw, 775px\" \/><\/figure>\n<\/figure>\n<\/div><\/div>\n\n\n\n<div class=\"wp-block-advgb-accordion-item advgb-accordion-item\" style=\"margin-bottom:15px\"><div class=\"advgb-accordion-header\" style=\"background-color:#daec9c;color:#000000;border-style:solid;border-width:1px;border-radius:2px\"><span class=\"advgb-accordion-header-icon accordion-state\"><svg class=\"advgb-icon-closed\" fill=\"#ffffff\" xmlns=\"http:\/\/www.w3.org\/2000\/svg\" width=\"24\" height=\"24\" viewBox=\"0 0 24 24\"><path fill=\"none\" d=\"M0,0h24v24H0V0z\"><\/path><path d=\"M19,13h-6v6h-2v-6H5v-2h6V5h2v6h6V13z\"><\/path><\/svg><svg class=\"advgb-icon-opened\" fill=\"#ffffff\" xmlns=\"http:\/\/www.w3.org\/2000\/svg\" width=\"24\" height=\"24\" viewBox=\"0 0 24 24\"><path fill=\"none\" d=\"M0,0h24v24H0V0z\"><\/path><path d=\"M19,13H5v-2h14V13z\"><\/path><\/svg><\/span><h4 class=\"advgb-accordion-header-title\" style=\"color:inherit\">Murallenpark (Parque de la Muralla)<\/h4><\/div><div class=\"advgb-accordion-body\" style=\"border-style:solid !important;border-width:1px !important;border-color:undefined !important;border-top:none !important;border-radius:2px !important\">\n<p>Zwei Jahrhunderte lang war <strong>Lima eine befestigte Stadt<\/strong>. Wegen ihres Reichtums und ihrer strategischen Lage im spanischen Amerika war die heutige Hauptstadt Perus eine begehrte Beute f\u00fcr <strong>Piraten und Freibeuter<\/strong>, die im Pazifik segelten.<\/p>\n\n\n\n<p>Angesichts der unsicheren Lage beschlossen die Vizek\u00f6niglichen Beh\u00f6rden, <strong>eine Verteidigungsanlage zu errichten<\/strong>, um die Stadt zu sch\u00fctzen. Im Jahr 1684 befahl <strong>Vizek\u00f6nig Melchor de Navarra y Rocafull<\/strong>, Graf von La Palata, den Beginn der Bauarbeiten.<\/p>\n\n\n\n<figure class=\"wp-block-image size-full is-resized\"><img loading=\"lazy\" decoding=\"async\" width=\"775\" height=\"481\" src=\"https:\/\/freewalkingtoursperu.com\/wp-content\/uploads\/2025\/05\/Free-tour-de-Lima-por-el-centro-historico-38.webp\" alt=\"\" class=\"wp-image-60902\" style=\"width:1111px;height:auto\" srcset=\"https:\/\/freewalkingtoursperu.com\/wp-content\/uploads\/2025\/05\/Free-tour-de-Lima-por-el-centro-historico-38.webp 775w, https:\/\/freewalkingtoursperu.com\/wp-content\/uploads\/2025\/05\/Free-tour-de-Lima-por-el-centro-historico-38-300x186.webp 300w, https:\/\/freewalkingtoursperu.com\/wp-content\/uploads\/2025\/05\/Free-tour-de-Lima-por-el-centro-historico-38-150x93.webp 150w, https:\/\/freewalkingtoursperu.com\/wp-content\/uploads\/2025\/05\/Free-tour-de-Lima-por-el-centro-historico-38-768x477.webp 768w\" sizes=\"auto, (max-width: 775px) 100vw, 775px\" \/><\/figure>\n\n\n\n<p>Die Mauer wurde aus Kalk und Bruchstein gebaut und <strong>hatte elf Zugangstore sowie<\/strong> Bastionen und Gr\u00e4ben. Sie galt damals als ehrgeiziges Bauwerk und umgab das Gebiet, das wir heute als <strong>das Zentrum von Lima kennen<\/strong>.<\/p>\n\n\n\n<p>Mit der Zeit wurde die Verteidigungsmauer jedoch zu einem Hindernis f\u00fcr <strong>das st\u00e4dtische Wachstum der Hauptstadt<\/strong>. Aus diesem Grund ordnete der Pr\u00e4sident und Gro\u00dfmarschall von Peru, Ram\u00f3n Castilla, <strong>im Jahr 1868 ihren Abriss an<\/strong>.<\/p>\n\n\n\n<figure class=\"wp-block-image size-full is-resized\"><img loading=\"lazy\" decoding=\"async\" width=\"775\" height=\"481\" src=\"https:\/\/freewalkingtoursperu.com\/wp-content\/uploads\/2025\/05\/Free-tour-de-Lima-por-el-centro-historico-39.webp\" alt=\"\" class=\"wp-image-60906\" style=\"width:1111px;height:auto\" srcset=\"https:\/\/freewalkingtoursperu.com\/wp-content\/uploads\/2025\/05\/Free-tour-de-Lima-por-el-centro-historico-39.webp 775w, https:\/\/freewalkingtoursperu.com\/wp-content\/uploads\/2025\/05\/Free-tour-de-Lima-por-el-centro-historico-39-300x186.webp 300w, https:\/\/freewalkingtoursperu.com\/wp-content\/uploads\/2025\/05\/Free-tour-de-Lima-por-el-centro-historico-39-150x93.webp 150w, https:\/\/freewalkingtoursperu.com\/wp-content\/uploads\/2025\/05\/Free-tour-de-Lima-por-el-centro-historico-39-768x477.webp 768w\" sizes=\"auto, (max-width: 775px) 100vw, 775px\" \/><figcaption class=\"wp-element-caption\"><em>\u00dcberreste der Lehmziegelkonstruktion der Mauer von Lima<\/em><\/figcaption><\/figure>\n\n\n\n<p>Trotz des pr\u00e4sidialen Befehls sind noch heute \u00dcberreste dieser Schutzmauer erhalten. Im Jahr 2004 wurde am Ufer des R\u00edo R\u00edmac der <strong>Park \u201eParque de la Muralla\u201c<\/strong> eingeweiht, <strong>wo Du die Originalmauern<\/strong> dieses gro\u00dfartigen Verteidigungsbauwerks sehen kannst.<\/p>\n\n\n\n<p>Mit weitl\u00e4ufigen G\u00e4rten, kulturellen Bereichen und Aussichtspunkten ist der Park Deine <strong>letzte touristische Station<\/strong> im historischen Zentrum von Lima \u2013 einer Stadt, <strong>die 200 Jahre lang von ihrer eigenen Gr\u00f6\u00dfe \u201eeingeschlossen\u201c war<\/strong>.<\/p>\n\n\n\n<figure class=\"wp-block-gallery has-nested-images columns-default is-cropped wp-block-gallery-13 is-layout-flex wp-block-gallery-is-layout-flex\">\n<figure class=\"wp-block-image size-large\"><img loading=\"lazy\" decoding=\"async\" width=\"775\" height=\"481\" data-id=\"60910\" src=\"https:\/\/freewalkingtoursperu.com\/wp-content\/uploads\/2025\/05\/Free-tour-de-Lima-por-el-centro-historico-41.webp\" alt=\"\" class=\"wp-image-60910\" srcset=\"https:\/\/freewalkingtoursperu.com\/wp-content\/uploads\/2025\/05\/Free-tour-de-Lima-por-el-centro-historico-41.webp 775w, https:\/\/freewalkingtoursperu.com\/wp-content\/uploads\/2025\/05\/Free-tour-de-Lima-por-el-centro-historico-41-300x186.webp 300w, https:\/\/freewalkingtoursperu.com\/wp-content\/uploads\/2025\/05\/Free-tour-de-Lima-por-el-centro-historico-41-150x93.webp 150w, https:\/\/freewalkingtoursperu.com\/wp-content\/uploads\/2025\/05\/Free-tour-de-Lima-por-el-centro-historico-41-768x477.webp 768w\" sizes=\"auto, (max-width: 775px) 100vw, 775px\" \/><\/figure>\n\n\n\n<figure class=\"wp-block-image size-large\"><img loading=\"lazy\" decoding=\"async\" width=\"775\" height=\"481\" data-id=\"60912\" src=\"https:\/\/freewalkingtoursperu.com\/wp-content\/uploads\/2025\/05\/Free-tour-de-Lima-por-el-centro-historico-40.webp\" alt=\"Free tour de Lima por el centro hist\u00f3rico\" class=\"wp-image-60912\" srcset=\"https:\/\/freewalkingtoursperu.com\/wp-content\/uploads\/2025\/05\/Free-tour-de-Lima-por-el-centro-historico-40.webp 775w, https:\/\/freewalkingtoursperu.com\/wp-content\/uploads\/2025\/05\/Free-tour-de-Lima-por-el-centro-historico-40-300x186.webp 300w, https:\/\/freewalkingtoursperu.com\/wp-content\/uploads\/2025\/05\/Free-tour-de-Lima-por-el-centro-historico-40-150x93.webp 150w, https:\/\/freewalkingtoursperu.com\/wp-content\/uploads\/2025\/05\/Free-tour-de-Lima-por-el-centro-historico-40-768x477.webp 768w\" sizes=\"auto, (max-width: 775px) 100vw, 775px\" \/><\/figure>\n<\/figure>\n<\/div><\/div>\n\n\n\n<div class=\"wp-block-advgb-accordion-item advgb-accordion-item\" style=\"margin-bottom:15px\"><div class=\"advgb-accordion-header\" style=\"background-color:#daec9c;color:#000000;border-style:solid;border-width:1px;border-radius:2px\"><span class=\"advgb-accordion-header-icon accordion-state\"><svg class=\"advgb-icon-closed\" fill=\"#ffffff\" xmlns=\"http:\/\/www.w3.org\/2000\/svg\" width=\"24\" height=\"24\" viewBox=\"0 0 24 24\"><path fill=\"none\" d=\"M0,0h24v24H0V0z\"><\/path><path d=\"M19,13h-6v6h-2v-6H5v-2h6V5h2v6h6V13z\"><\/path><\/svg><svg class=\"advgb-icon-opened\" fill=\"#ffffff\" xmlns=\"http:\/\/www.w3.org\/2000\/svg\" width=\"24\" height=\"24\" viewBox=\"0 0 24 24\"><path fill=\"none\" d=\"M0,0h24v24H0V0z\"><\/path><path d=\"M19,13H5v-2h14V13z\"><\/path><\/svg><\/span><h4 class=\"advgb-accordion-header-title\" style=\"color:inherit\">Endpunkt der Tour<\/h4><\/div><div class=\"advgb-accordion-body\" style=\"border-style:solid !important;border-width:1px !important;border-color:undefined !important;border-top:none !important;border-radius:2px !important\">\n<p>Die<em> Free Tours<\/em> enden auf der Plaza de Armas in Lima um ca. 13:30\u202fUhr (vormittags) und 17:00\u202fUhr (nachmittags).<\/p>\n<\/div><\/div>\n<\/div>\n\n\n\n<\/div><h2 class=\"tabtitle\"><span class=\"fa fa-clock-o\"><\/span>ZEITPL\u00c4NE<\/h2>\n<div class=\"tabcontent\">\n\n\n\n\n<p>Wir bieten von Montag bis Samstag t\u00e4gliche <strong>Touren am Morgen<\/strong> (10:00 Uhr \/ 10:00 AM mit Abholung in Miraflores und 11:00 Uhr \/ 11:00 AM ab dem historischen Zentrum) sowie am <strong>Nachmittag <\/strong>(15:00 Uhr \/ 3:00 PM ab dem historischen Zentrum) an.<\/p>\n\n\n\n<p>Wenn du die Tour an einem Sonntag machen m\u00f6chtest, kannst du die Zeiten auf unserer Seite <a href=\"https:\/\/freewalkingtoursperu.com\/de\/tours-lima\/sonntage-in-lima-free-walking-tour\/\">Free Tour Lima Sonntag<\/a> einsehen.<\/p>\n\n\n\n<figure class=\"wp-block-table\"><table><thead><tr><th class=\"has-text-align-center\" data-align=\"center\" colspan=\"2\"><strong>Zeitpl\u00e4ne<\/strong><\/th><th class=\"has-text-align-center\" data-align=\"center\"><strong>Beginnt in<\/strong><\/th><th class=\"has-text-align-center\" data-align=\"center\"><strong>Sprache<\/strong><\/th><th class=\"has-text-align-center\" data-align=\"center\"><strong>Dauer<\/strong><\/th><\/tr><\/thead><tbody><tr><td class=\"has-text-align-center\" data-align=\"center\">10:00<\/td><td class=\"has-text-align-center\" data-align=\"center\" rowspan=\"3\">Von Montag bis Samstag<\/td><td class=\"has-text-align-center\" data-align=\"center\">Miraflores (pick-up)<\/td><td class=\"has-text-align-center\" data-align=\"center\" rowspan=\"3\">Englisch<\/td><td class=\"has-text-align-center\" data-align=\"center\">3.5 Stdn<\/td><\/tr><tr><td class=\"has-text-align-center\" data-align=\"center\">11:00<\/td><td class=\"has-text-align-center\" data-align=\"center\" rowspan=\"2\">Historisches Zentrum<\/td><td class=\"has-text-align-center\" data-align=\"center\" rowspan=\"2\">2.5 Stdn<\/td><\/tr><tr><td class=\"has-text-align-center\" data-align=\"center\">15:00<\/td><\/tr><tr><td class=\"has-text-align-center\" data-align=\"center\">10:00<\/td><td class=\"has-text-align-center\" data-align=\"center\" rowspan=\"3\">Von Montag bis Samstag<\/td><td class=\"has-text-align-center\" data-align=\"center\">Miraflores (pick-up)<\/td><td class=\"has-text-align-center\" data-align=\"center\" rowspan=\"3\">Spanisch<\/td><td class=\"has-text-align-center\" data-align=\"center\">3.5 Stdn<\/td><\/tr><tr><td class=\"has-text-align-center\" data-align=\"center\">11:00<\/td><td class=\"has-text-align-center\" data-align=\"center\" rowspan=\"2\">Historisches Zentrum<\/td><td class=\"has-text-align-center\" data-align=\"center\" rowspan=\"2\">2.5 Stdn<\/td><\/tr><tr><td class=\"has-text-align-center\" data-align=\"center\">15:00<\/td><\/tr><tr><td class=\"has-text-align-center\" data-align=\"center\" colspan=\"5\">Am 28. Juli, 30. August und 1. Januar finden keine Touren statt. Die Tourdauer betr\u00e4gt ca.<\/td><\/tr><\/tbody><\/table><\/figure>\n\n\n\n<\/div><h2 class=\"tabtitle\"><span class=\"fa fa-map-marker\"><\/span>WO?<\/h2>\n<div class=\"tabcontent\">\n\n\n\n\n<p class=\"has-text-align-center\">An unserem Treffpunkt such nach der <strong>gr\u00fcnen<\/strong> <strong>Weste<\/strong>.<\/p>\n\n\n\n<figure class=\"wp-block-table\"><table><thead><tr><th><strong>Zeitpl\u00e4ne<\/strong><\/th><th><strong>Treffpunkte<\/strong><\/th><th><strong>Bemerkungen<\/strong><\/th><\/tr><\/thead><tbody><tr><td>10:00<\/td><td><a href=\"https:\/\/goo.gl\/maps\/6TqPhB695Pvq5sgB7\" target=\"_blank\" rel=\"noreferrer noopener\">Pasaje Porta 132 <\/a>(au\u00dferhalb der Oechsle Mall) in Miraflores (pick-up).<\/td><td>Sie M\u00dcSSEN die unten stehenden FAQs lesen, bevor Sie zu uns nach Miraflores kommen. Bringen Sie <strong>3,20 Soles<\/strong> pp f\u00fcr das U-Bahn-Busticket mit.<\/td><\/tr><tr><td>11:00<\/td><td rowspan=\"2\"><a href=\"https:\/\/goo.gl\/maps\/JTaXRKeW1YpKUbhk9\" target=\"_blank\" rel=\"noreferrer noopener\">Jir\u00f3n de la Uni\u00f3n 608 <\/a>(vor der Kirche La Merced) im historischen Zentrum von Lima.<\/td><td rowspan=\"2\">Nehmen Sie vorher ein Taxi von Uber.<\/td><\/tr><tr><td>15:00<\/td><\/tr><\/tbody><\/table><\/figure>\n\n\n\n<div class=\"wp-block-columns is-layout-flex wp-container-core-columns-is-layout-9d6595d7 wp-block-columns-is-layout-flex\">\n<div class=\"wp-block-column is-layout-flow wp-block-column-is-layout-flow\">\n<div class=\"wp-block-group\"><div class=\"wp-block-group__inner-container is-layout-flow wp-block-group-is-layout-flow\">\n<h6 class=\"wp-block-heading has-text-align-center\" id=\"10-am-en-miraflores-este-es-el-oechsle-mall-f17663c0-7a2d-45d0-9b74-1eb64c5eb0bc\">10:00 in Miraflores: Oechsle Mall<\/h6>\n\n\n\n<figure class=\"wp-block-image size-full\"><img loading=\"lazy\" decoding=\"async\" width=\"412\" height=\"348\" src=\"https:\/\/freewalkingtoursperu.com\/wp-content\/uploads\/2020\/11\/free-walkin-tour-lima-from-miraflores-meeting-point.jpg\" alt=\"free tour lima miraflores meeting point\" class=\"wp-image-5623\" srcset=\"https:\/\/freewalkingtoursperu.com\/wp-content\/uploads\/2020\/11\/free-walkin-tour-lima-from-miraflores-meeting-point.jpg 412w, https:\/\/freewalkingtoursperu.com\/wp-content\/uploads\/2020\/11\/free-walkin-tour-lima-from-miraflores-meeting-point-300x253.jpg 300w, https:\/\/freewalkingtoursperu.com\/wp-content\/uploads\/2020\/11\/free-walkin-tour-lima-from-miraflores-meeting-point-150x127.jpg 150w\" sizes=\"auto, (max-width: 412px) 100vw, 412px\" \/><\/figure>\n<\/div><\/div>\n<\/div>\n\n\n\n<div class=\"wp-block-column is-layout-flow wp-block-column-is-layout-flow\">\n<div class=\"wp-block-group\"><div class=\"wp-block-group__inner-container is-layout-flow wp-block-group-is-layout-flow\">\n<h6 class=\"wp-block-heading has-text-align-center\" id=\"10-am-en-miraflores-este-es-el-oechsle-mall-f17663c0-7a2d-45d0-9b74-1eb64c5eb0bc\">11:00 &amp; 15:00: At La Merced Church<\/h6>\n\n\n\n<figure class=\"wp-block-image size-full\"><img loading=\"lazy\" decoding=\"async\" width=\"412\" height=\"348\" src=\"https:\/\/freewalkingtoursperu.com\/wp-content\/uploads\/2020\/12\/free-walking-tour-lima-center-meeting-point-starts-downtown.jpg\" alt=\"FREE WALKING TOUR LIMA\" class=\"wp-image-10072\" srcset=\"https:\/\/freewalkingtoursperu.com\/wp-content\/uploads\/2020\/12\/free-walking-tour-lima-center-meeting-point-starts-downtown.jpg 412w, https:\/\/freewalkingtoursperu.com\/wp-content\/uploads\/2020\/12\/free-walking-tour-lima-center-meeting-point-starts-downtown-300x253.jpg 300w, https:\/\/freewalkingtoursperu.com\/wp-content\/uploads\/2020\/12\/free-walking-tour-lima-center-meeting-point-starts-downtown-150x127.jpg 150w\" sizes=\"auto, (max-width: 412px) 100vw, 412px\" \/><\/figure>\n<\/div><\/div>\n<\/div>\n\n\n\n<div class=\"wp-block-column is-layout-flow wp-block-column-is-layout-flow\">\n<div class=\"wp-block-group\"><div class=\"wp-block-group__inner-container is-layout-flow wp-block-group-is-layout-flow\">\n<h6 class=\"wp-block-heading has-text-align-center\" id=\"h-\"><\/h6>\n<\/div><\/div>\n<\/div>\n<\/div>\n\n\n\n<p class=\"has-text-align-center\" id=\"h-faqs\"><strong>Faqs  zum Treffpunkt<\/strong><\/p>\n\n\n\n<div class=\"wp-block-group\"><div class=\"wp-block-group__inner-container is-layout-constrained wp-block-group-is-layout-constrained\">\n<div class=\"wp-block-bloque-acordeon-acordeon-container acordeon-container\">\n<div class=\"wp-block-bloque-acordeon-acordeon-item acordeon-item\"><h4 class=\"acordeon-titulo\">Wo ist der Treffpunkt f\u00fcr die Free Tour in Lima und wie komme ich von Miraflores oder Barranco dorthin?<\/h4><div class=\"acordeon-contenido\">\n<p><br><strong>\ud83d\udccd Treffpunkte:<br><\/strong>Unsere Free Walking Tour Lima bietet dir zwei verschiedene Treffpunkte, je nach deiner Zeit und deinem Standort:<\/p>\n\n\n\n<ul class=\"wp-block-list\">\n<li>10:00 Uhr \u2014 Treffpunkt in Miraflores: Wir treffen uns in der Passage <a href=\"https:\/\/goo.gl\/maps\/6TqPhB695Pvq5sgB7\">Pasaje Porta 132<\/a> (gegen\u00fcber von der Oechsle Mall). Von hier aus fahren wir gemeinsam im Metropolitano-Bus ins historische Zentrum (bitte bring S\/ 3,20 in bar pro Person f\u00fcr das Busticket mit). <strong><em>Dieser Treffpunkt ist optional und f\u00fcr Reisende gedacht, die in Miraflores wohnen oder lieber zusammen mit der Gruppe im Bus fahren und dabei etwas Geld sparen m\u00f6chten<\/em><\/strong>.<\/li>\n\n\n\n<li>11:00 Uhr &amp; 15:00 Uhr \u2014 Treffpunkt im historischen Zentrum: Wir treffen uns direkt in der Stra\u00dfe <a href=\"https:\/\/goo.gl\/maps\/JTaXRKeW1YpKUbhk9\">Jir\u00f3n de la Uni\u00f3n 608<\/a> (vor der Kirche La Merced). <strong><em>Die Tour startet offiziell an diesem Treffpunkt.<\/em><\/strong><\/li>\n<\/ul>\n\n\n\n<p><br><strong>\ud83d\ude8d Wie kommst du von Miraflores oder Barranco dorthin?<br><\/strong>Wenn du auf eigene Faust zu den Touren um 11:00 oder 15:00 Uhr f\u00e4hrst, sind das deine besten Transportm\u00f6glichkeiten:<\/p>\n\n\n\n<ul class=\"wp-block-list\">\n<li>Metropolitano (Schneller &amp; g\u00fcnstiger Bus \u2014 S\/ 3,20 p.P.):\n<ul class=\"wp-block-list\">\n<li>Nimm die Linie C (Richtung Norden) und steig an der <a href=\"https:\/\/maps.app.goo.gl\/eH2z5j79Rkxa5udj9\">Station Jir\u00f3n de la Uni\u00f3n<\/a> aus. Von dort aus sind es nur 2 Bl\u00f6cke zu Fu\u00df bis zur Kirche La Merced.<\/li>\n\n\n\n<li>Von Barranco: Steig an der <a href=\"https:\/\/maps.app.goo.gl\/Mof1KKWiBD9HV9bEA\">Station Bulevar<\/a> ein.<\/li>\n\n\n\n<li>Von Miraflores: Steig an der <a href=\"https:\/\/maps.app.goo.gl\/rfu6xidgfLT4SbsY6\">Station Ricardo Palma<\/a> ein.<\/li>\n<\/ul>\n<\/li>\n\n\n\n<li>Taxi \/ Uber:\n<ul class=\"wp-block-list\">\n<li>Plane je nach Verkehr zwischen 30 und 50 Minuten Fahrzeit ein. Gib als Ziel direkt die Kirche La Merced an (<a href=\"https:\/\/goo.gl\/maps\/JTaXRKeW1YpKUbhk9\">Jir\u00f3n de la Uni\u00f3n 608<\/a>).<\/li>\n<\/ul>\n<\/li>\n<\/ul>\n\n\n\n<p>Lies unseren vollst\u00e4ndigen Ratgeber: <a href=\"https:\/\/freewalkingtoursperu.com\/de\/blog\/von-barranco-miraflores-ins-zentrum-lima\/\">Wie du schnell und g\u00fcnstig von Barranco und Miraflore<\/a>s ins Zentrum von Lima kommst, in dem wir dir Schritt f\u00fcr Schritt Haltestellen, Ticketpreise und Sicherheitstipps erkl\u00e4ren.<\/p>\n\n\n\n<p><br><strong>\ud83e\uddba Wie erkennst du uns?<br><\/strong>Halte an beiden Treffpunkten einfach Ausschau nach deinem lokalen Guide mit der gr\u00fcnen Weste.<\/p>\n<\/div><\/div>\n\n\n\n<div class=\"wp-block-bloque-acordeon-acordeon-item acordeon-item\"><h4 class=\"acordeon-titulo\">Wie komme ich auf eigene Faust von Miraflores oder Barranco ins historische Zentrum von Lima?<\/h4><div class=\"acordeon-contenido\">\n<p>Schau dir unsere detaillierte Schritt-f\u00fcr-Schritt-Anleitung an: <a href=\"https:\/\/freewalkingtoursperu.com\/de\/blog\/von-barranco-miraflores-ins-zentrum-lima\/\">Wie du schnell und g\u00fcnstig von Barranco und Miraflores ins Zentrum von Lima kommst<\/a> \u2013 mit Routen, Fahrpreisen und Informationen zur Buskarte.<\/p>\n<\/div><\/div>\n\n\n\n<div class=\"wp-block-bloque-acordeon-acordeon-item acordeon-item\"><h4 class=\"acordeon-titulo\">F\u00fcr wen ist unser Abholpunkt in Miraflores geeignet?<\/h4><div class=\"acordeon-contenido\">\n<p><a href=\"https:\/\/goo.gl\/maps\/6TqPhB695Pvq5sgB7\">Unser Abholpunkt in Miraflores<\/a> ist f\u00fcr Reisende gedacht, die in fu\u00dfl\u00e4ufiger Entfernung \u00fcbernachten. Bevor du diese Option ausw\u00e4hlst, empfehlen wir dir zu pr\u00fcfen, <strong>wie lange du von deiner Unterkunft bis zum Treffpunkt zu Fu\u00df brauchst<\/strong>, denn Miraflores ist ein sehr gro\u00dfes Stadtviertel.<\/p>\n\n\n\n<p>Falls deine Unterkunft nicht in der N\u00e4he unseres Abholpunkts liegt, empfehlen wir dir, direkt zu unserem Treffpunkt in der Altstadt von Lima zu kommen. Dort startet der Free Tour um 11:00 Uhr oder 15:00 Uhr. Bitte beachte, dass die gesamte Stadtf\u00fchrung ausschlie\u00dflich in der historischen Altstadt von Lima stattfindet \u2013 <strong>nicht in Miraflores<\/strong>.<\/p>\n\n\n\n<p>Wenn du dich f\u00fcr den Start in Miraflores entscheidest, fahren wir gemeinsam mit dem <strong>Metropolitano, dem Schnellbussystem von Lima<\/strong>, in die Altstadt. Das ist eine sichere, g\u00fcnstige und zuverl\u00e4ssige M\u00f6glichkeit, die t\u00e4glich von Tausenden Einheimischen genutzt wird. Au\u00dferdem <strong>sparst du dadurch etwa 70 bis 80 Sol<\/strong>, was ungef\u00e4hr dem Preis f\u00fcr eine Hin- und R\u00fcckfahrt mit dem Taxi zwischen Miraflores und der Altstadt entspricht.<\/p>\n\n\n\n<p>Eine Fahrt mit dem Metropolitano kostet dagegen durchschnittlich nur 3,20 Sol pro Person.<\/p>\n<\/div><\/div>\n\n\n\n<div class=\"wp-block-bloque-acordeon-acordeon-item acordeon-item\"><h4 class=\"acordeon-titulo\">F\u00fcr wen ist der direkte Treffpunkt in der Altstadt die bessere Wahl?<\/h4><div class=\"acordeon-contenido\">\n<p>Wir bieten zwar einen Abholpunkt in Miraflores an, allerdings erfolgt die Fahrt von dort mit dem Metropolitano (dem Schnellbussystem von Lima) bis in die Altstadt. <strong>Das ist eine praktische, sichere und preiswerte M\u00f6glichkeit<\/strong>.<\/p>\n\n\n\n<p>Trotzdem empfehlen wir dir, direkt zum Treffpunkt in der Altstadt zu kommen, wenn:<\/p>\n\n\n\n<ul class=\"wp-block-list\">\n<li>Du \u00e4lter bist,<\/li>\n\n\n\n<li>Du mit kleinen Kindern reist,<\/li>\n\n\n\n<li>Du \u00f6ffentliche Verkehrsmittel lieber vermeiden m\u00f6chtest,<\/li>\n\n\n\n<li>Du eine bequemere und direktere Anreise bevorzugst,<\/li>\n\n\n\n<li>Oder deine Unterkunft weit von unserem Abholpunkt entfernt liegt, zum Beispiel in Barranco.<\/li>\n<\/ul>\n\n\n\n<p>Bitte beachte, dass der Metropolitano \u2013 besonders zu den Sto\u00dfzeiten \u2013 ziemlich voll sein kann. Wenn du lieber komfortabler oder privat unterwegs bist, empfehlen wir dir, mit Uber oder einem Taxi direkt zum Treffpunkt um 11:00 Uhr oder 15:00 Uhr in der Altstadt zu fahren.<\/p>\n<\/div><\/div>\n\n\n\n<div class=\"wp-block-bloque-acordeon-acordeon-item acordeon-item\"><h4 class=\"acordeon-titulo\">Ist die Free Tour barrierefrei und f\u00fcr Rollst\u00fchle oder Kinderwagen geeignet?<\/h4><div class=\"acordeon-contenido\">\n<p>Ja, die Tour ist zu 100 % eben und barrierefrei. Das historische Zentrum von Lima verf\u00fcgt \u00fcber Gehwegrampen und viele Fu\u00dfg\u00e4ngerzonen.<\/p>\n\n\n\n<ul class=\"wp-block-list\">\n<li>Kinderwagen: Herzlich willkommen!<\/li>\n\n\n\n<li>Rollst\u00fchle: Die eigentliche Tour zu Fu\u00df ist problemlos machbar. Wenn du unseren Treffpunkt um 10:00 Uhr in Miraflores nutzt, beachte bitte, dass die Fahrt im Metropolitano-Bus Treppen beinhalten und zur Sto\u00dfzeit sehr voll sein kann. Wir empfehlen daher, mit einem passenden Taxi oder Uber direkt zum Treffpunkt im Zentrum zu kommen (11:00 oder 15:00 Uhr).<\/li>\n<\/ul>\n<\/div><\/div>\n\n\n\n<div class=\"wp-block-bloque-acordeon-acordeon-item acordeon-item\"><h4 class=\"acordeon-titulo\">Ist die Free Walking Tour in Lima f\u00fcr Kinder und Familien geeignet?<\/h4><div class=\"acordeon-contenido\">\n<p>Ja, das ist eine perfekte Aktivit\u00e4t f\u00fcr die ganze Familie!<\/p>\n\n\n\n<ul class=\"wp-block-list\">\n<li>Entpanntes Tempo: Der Spaziergang ist dynamisch, gleichm\u00e4\u00dfig und entspannt, mit vielen Stopps an Pl\u00e4tzen und Sehensw\u00fcrdigkeiten.<\/li>\n\n\n\n<li>Angenehme Dauer: Die Tour dauert etwa 2,5 Stunden, was f\u00fcr Kinder jeden Alters super machbar ist.<\/li>\n\n\n\n<li>Tipp: Wir empfehlen dir, etwas Wasser, Sonnenschutz und einen kleinen Snack f\u00fcr die Kleinen mitzunehmen.<\/li>\n<\/ul>\n<\/div><\/div>\n\n\n\n<div class=\"wp-block-bloque-acordeon-acordeon-item acordeon-item\"><h4 class=\"acordeon-titulo\">Wo endet die Free Walking Tour und wie komme ich zur\u00fcck nach Miraflores oder Barranco?<\/h4><div class=\"acordeon-contenido\">\n<p>Unabh\u00e4ngig vom gew\u00e4hlten Treffpunkt endet die Free Tour in der N\u00e4he der <a href=\"https:\/\/freewalkingtoursperu.com\/de\/blog\/plaza-de-armas-von-lima-in-peru\/\">Plaza de Armas von Lima<\/a>, direkt im historischen Zentrum.<\/p>\n\n\n\n<p>Um zur\u00fcck nach Miraflores oder Barranco zu kommen, ist der Metropolitano-Bus die schnellste, sicherste und g\u00fcnstigste Option (ca. S\/ 3,20 pro Person):<\/p>\n\n\n\n<ul class=\"wp-block-list\">\n<li>Startpunkt: Gehe zur <a href=\"https:\/\/maps.app.goo.gl\/eH2z5j79Rkxa5udj9\">Station Jir\u00f3n de la Uni\u00f3n (Richtung S\u00fcd \/ Sur)<\/a> und nimm die Linie C.<\/li>\n\n\n\n<li>Nach Miraflores: Steige an der <a href=\"https:\/\/maps.app.goo.gl\/rfu6xidgfLT4SbsY6\">Station Ricardo Palma<\/a> aus.<\/li>\n\n\n\n<li>Nach Barranco: Fahre weiter bis zur <a href=\"https:\/\/maps.app.goo.gl\/Mof1KKWiBD9HV9bEA\">Station Bulevar<\/a>.<\/li>\n<\/ul>\n\n\n\n<p>Von beiden Haltestellen aus kannst du bequem zu den meisten Hotels und Unterk\u00fcnften laufen. Am Ende der Tour zeigt dir dein lokaler Guide den genauen Weg und hilft dir bei allen Fragen zu Taxis, Uber oder \u00f6ffentlichen Verkehrsmitteln gerne weiter.<\/p>\n<\/div><\/div>\n\n\n\n<div class=\"wp-block-bloque-acordeon-acordeon-item acordeon-item\"><h4 class=\"acordeon-titulo\">Wer darf an dieser Free Tour nicht teilnehmen?<\/h4><div class=\"acordeon-contenido\">\n<ul class=\"wp-block-list\">\n<li>Peruanos: Este Free Tour opera bajo una modalidad exclusiva para turistas extranjeros. Si eres peruano o viajas con locales, te invitamos a reservar nuestro <a href=\"https:\/\/freewalkingtoursperu.com\/de\/tours-lima\/stadtrundfahrt-durch-das-klassische-und-moderne-lima\/\">City Tour por Lima<\/a>, dise\u00f1ado especialmente para ti.<\/li>\n\n\n\n<li>Personen unter dem Einfluss von Alkohol oder Substanzen: Personen, die unter Alkoholeinfluss stehen oder durch ihr Verhalten den Ablauf der Gruppe st\u00f6ren, sind von der Teilnahme ausgeschlossen.<\/li>\n<\/ul>\n<\/div><\/div>\n<\/div>\n<\/div><\/div>\n\n\n\n<\/div><h2 class=\"tabtitle\"><span class=\"fa fa-credit-card\"><\/span>PREIS<\/h2>\n<div class=\"tabcontent\">\n\n\n\n\n<p>Die Tour-Reservierung ist v\u00f6llig kostenlos! \ud83c\udf81<\/p>\n\n\n\n<p>Am Ende der Tour kannst du dem Guide ein Trinkgeld geben, je nachdem, wie gut dir das Erlebnis gefallen hat.<\/p>\n\n\n\n<p>\ud83d\udca1 Reisetipp: Denk daran, am Tag der Tour Bargeld mitzubringen (wir akzeptieren peruanische Soles, US-Dollar oder Euro). Derzeit bieten wir keine Kartenzahlung oder \u00dcberweisungen an.<\/p>\n\n\n\n<\/div><h2 class=\"tabtitle\"><span class=\"fa fa-pencil-square-o\"><\/span>STORNIERUNGEN<\/h2>\n<div class=\"tabcontent\">\n\n\n\n\n<p><i class=\"fas fa-th\"><\/i> <strong>Art der Tour:<\/strong> Gruppenf\u00fchrung zu Fu\u00df, keine Privatf\u00fchrung.<\/p>\n\n\n\n<p><i class=\"fas fa-ban\"><\/i> <strong>Einschr\u00e4nkungen<\/strong>:<\/p>\n\n\n\n<ul class=\"wp-block-list\">\n<li>Personen mit eingeschr\u00e4nkter Mobilit\u00e4t.<\/li>\n\n\n\n<li>Peruanos (reseva el <a href=\"https:\/\/freewalkingtoursperu.com\/de\/tours-lima\/stadtrundfahrt-durch-das-klassische-und-moderne-lima\/\" target=\"_blank\" rel=\"noreferrer noopener\">city tour de Lima<\/a>).<\/li>\n<\/ul>\n\n\n\n<p><i class=\"far fa-check-circle\"><\/i> <strong>Inklusive:<\/strong> Professioneller G\u00e4stef\u00fchrer.<\/p>\n\n\n\n<p><i class=\"far fa-hand-paper\"><\/i> <strong>Was soll ich mitbringen?<\/strong> <\/p>\n\n\n\n<ul class=\"wp-block-list\">\n<li>April-Nov:\n<ul class=\"wp-block-list\">\n<li>Pullover.<\/li>\n<\/ul>\n<\/li>\n\n\n\n<li>Dez-M\u00e4rz:\n<ul class=\"wp-block-list\">\n<li>Sonnenschutz.<\/li>\n\n\n\n<li>Sonnenbrille.<\/li>\n\n\n\n<li>H\u00fcte.<\/li>\n\n\n\n<li>Eine Flasche Wasser.<\/li>\n<\/ul>\n<\/li>\n\n\n\n<li>Miraflores (pick-up):\n<ul class=\"wp-block-list\">\n<li>Bringen Sie 3,20 Soles pro Person f\u00fcr das Busticket mit.<\/li>\n\n\n\n<li>* Bringen Sie M\u00fcnzen mit, wir haben keine kleinen M\u00fcnzen, um Ihnen das Wechselgeld zu geben.<\/li>\n\n\n\n<li>* Wenn Sie keine kleinen M\u00fcnzen haben, k\u00f6nnen Sie 3,50 Soles pp geben; aber wir geben kein Wechselgeld.<\/li>\n<\/ul>\n<\/li>\n\n\n\n<li>Bargeld (peruanische Soles, US-Dollar oder Euro) f\u00fcr das Trinkgeld.<\/li>\n<\/ul>\n\n\n\n<p> <i class=\"fab fa-whatsapp\"><\/i> <strong>WhatsApp<\/strong>: <\/p>\n\n\n\n<ul class=\"wp-block-list\">\n<li><a href=\"https:\/\/api.whatsapp.com\/send?phone=51958745640&amp;text=Hello,%20Can%20you%20help%20me%20pls?\" target=\"_blank\" rel=\"noreferrer noopener\">+51 958745640<\/a>&nbsp;<\/li>\n\n\n\n<li><a href=\"https:\/\/api.whatsapp.com\/send?phone=51984479073&amp;text=Hello,%20Can%20you%20help%20me%20pls?\" target=\"_blank\" rel=\"noreferrer noopener\">+51 984479073<\/a><\/li>\n<\/ul>\n\n\n\n<\/div><h2 class=\"tabtitle\"><span class=\"fa fa-file-text-o\"><\/span>FAQs<\/h2>\n<div class=\"tabcontent\">\n\n\n\n\n<div class=\"wp-block-group\"><div class=\"wp-block-group__inner-container is-layout-constrained wp-block-group-is-layout-constrained\">\n<div class=\"wp-block-bloque-acordeon-acordeon-container acordeon-container\">\n<div class=\"wp-block-bloque-acordeon-acordeon-item acordeon-item\"><h4 class=\"acordeon-titulo\">Warum solltest du unsere Free Walking Tour in Lima w\u00e4hlen?<\/h4><div class=\"acordeon-contenido\">\n<p>Wir sind seit <strong>\u00fcber zehn Jahren am Markt<\/strong>, arbeiten mit professionellen Guides und haben bereits mehr als 700.000 Reisende begleitet. Unsere Qualit\u00e4t wird durch \u00fcber <a href=\"https:\/\/goo.gl\/maps\/FhNr5D6qmpcDwfTPA\">1.000 Bewertungen<\/a> auf Google Maps, <a href=\"https:\/\/www.tripadvisor.com.pe\/Attraction_Review-g294316-d19513018-Reviews-Free_Walking_Tours_Peru-Lima_Lima_Region.html\">500 Erfahrungsberichte<\/a> auf TripAdvisor und <a href=\"https:\/\/www.facebook.com\/limafreewalkingtour\/\">50 Bewertungen<\/a> auf Facebook best\u00e4tigt.<\/p>\n\n\n\n<p><strong>Wir sind ein 100 % peruanisches Unternehmen<\/strong> f\u00fcr Free Walking Tours in Peru. <strong>Kein Marketplace.<\/strong><\/p>\n<\/div><\/div>\n\n\n\n<div class=\"wp-block-bloque-acordeon-acordeon-item acordeon-item\"><h4 class=\"acordeon-titulo\">Wie ist der Ablauf der Free Walking Tour Lima?<\/h4><div class=\"acordeon-contenido\">\n<p>Unser Free Walking Tour Lima Ablauf f\u00fchrt dich in 2,5 Stunden zu den Highlights des historischen Zentrums von Lima (UNESCO-Weltkulturerbe):<\/p>\n\n\n\n<ul class=\"wp-block-list\">\n<li>Treffpunkt: Pasaje Porta 132 (Miraflores um 10:00 Uhr) oder Kirche La Merced (Zentrum um 11:00 \/ 15:00 Uhr).<\/li>\n\n\n\n<li>Jir\u00f3n de la Uni\u00f3n: Spaziere durch die kultigste Fu\u00dfg\u00e4ngerzone des alten Limas.<\/li>\n\n\n\n<li>Plaza Mayor (Hauptplatz): Sieh den Regierungspalast, die Kathedrale und den Wachwechsel (optional).<\/li>\n\n\n\n<li>Santo Domingo &amp; Haus der Literatur: Erkunde historische Architektur und lokale Kultur.<\/li>\n\n\n\n<li>Pisco-Verkostung: Genie\u00dfe eine kurze, optionale Verkostung von Perus Nationalgetr\u00e4nk!<\/li>\n\n\n\n<li>San Francisco &amp; Wall Park: Besuche das ber\u00fchmte Kirchenareal und die alten Stadtmauern der spanischen Stadt.<\/li>\n\n\n\n<li>Endpunkt: Endet wieder an der Plaza de Armas (~13:30 Uhr bei der Morgentour \/ ~17:00 Uhr bei der Nachmittagstour).<\/li>\n<\/ul>\n<\/div><\/div>\n\n\n\n<div class=\"wp-block-bloque-acordeon-acordeon-item acordeon-item\"><h4 class=\"acordeon-titulo\">Was ist der Unterschied zwischen einem Free Tour und einer klassischen kostenpflichtigen Tour in Lima?<\/h4><div class=\"acordeon-contenido\">\n<p>Bei einer klassischen Tour zahlst du den Preis im Voraus. Bei unserem Free Tour reservierst du deinen Platz kostenlos und entscheidest erst am Ende der Tour selbst, wie viel dir das Erlebnis wert war. Du gibst deinem Guide ein Trinkgeld entsprechend deiner Zufriedenheit. <strong>Deshalb ist unser Team motiviert, dir jederzeit die bestm\u00f6gliche Tour zu bieten.<\/strong><\/p>\n<\/div><\/div>\n\n\n\n<div class=\"wp-block-bloque-acordeon-acordeon-item acordeon-item\"><h4 class=\"acordeon-titulo\">In welchen Sprachen wird der Free Tour angeboten?<\/h4><div class=\"acordeon-contenido\">\n<p>Wir bieten unsere Touren auf Spanisch und Englisch an. Die Gruppen sind vollst\u00e4ndig voneinander getrennt, sodass du die Tour mit einem Guide erlebst, der ausschlie\u00dflich deine Sprache spricht.<\/p>\n\n\n\n<p>Hinweis: Nur in sehr seltenen F\u00e4llen oder bei geringer Teilnehmerzahl kann eine zweisprachige Tour stattfinden.<\/p>\n<\/div><\/div>\n\n\n\n<div class=\"wp-block-bloque-acordeon-acordeon-item acordeon-item\"><h4 class=\"acordeon-titulo\">Wie kann ich diesen Free Tour buchen?<\/h4><div class=\"acordeon-contenido\">\n<p>Ganz einfach: F\u00fclle das Buchungsformular mit deinem Wunschtermin und deinen pers\u00f6nlichen Daten aus. Anschlie\u00dfend erh\u00e4ltst du eine Best\u00e4tigungs-E-Mail.<\/p>\n\n\n\n<p>F\u00fcr die Reservierung ist keine Kreditkarte erforderlich.<\/p>\n<\/div><\/div>\n\n\n\n<div class=\"wp-block-bloque-acordeon-acordeon-item acordeon-item\"><h4 class=\"acordeon-titulo\">Muss ich die Free Tour \u00fcber Plattformen wie Civitatis oder GuruWalk buchen?<\/h4><div class=\"acordeon-contenido\">\n<p>Nein, das ist nicht n\u00f6tig. Tats\u00e4chlich <strong>sind wir direkte lokale Reiseveranstalter<\/strong>, das hei\u00dft, <strong>wir sind keine Zwischenh\u00e4ndler<\/strong> wie Civitatis oder GuruWalk.<\/p>\n\n\n\n<p>Eine direkte Buchung auf unserer offiziellen Website bietet dir gro\u00dfe Vorteile:<\/p>\n\n\n\n<ul class=\"wp-block-list\">\n<li><strong>0 % Buchungsgeb\u00fchren<\/strong>: Deine Reservierung ist zu 100 % kostenlos und direkt bei uns garantiert.<\/li>\n\n\n\n<li><strong>Direkter Support<\/strong>: Du kommunizierst ohne Zwischenplattformen und erh\u00e4ltst bei \u00c4nderungen oder Fragen sofortige Hilfe per WhatsApp.<\/li>\n\n\n\n<li><strong>Pers\u00f6nlicher Service<\/strong>: Du stehst in direktem Kontakt mit dem lokalen Team, das deine Tour in Lima organisiert und f\u00fchrt.<\/li>\n<\/ul>\n\n\n\n<p>Wenn du direkt \u00fcber unsere Website buchst, sicherst du dir deinen Platz schnell, transparent und unterst\u00fctzt gleichzeitig ein lokales Unternehmen vor Ort.<\/p>\n<\/div><\/div>\n\n\n\n<div class=\"wp-block-bloque-acordeon-acordeon-item acordeon-item\"><h4 class=\"acordeon-titulo\">Muss ich im Voraus buchen oder kann ich einfach direkt zum Treffpunkt kommen?<\/h4><div class=\"acordeon-contenido\">\n<p><strong>Wir empfehlen dir, deinen Platz vorab \u00fcber unsere Website zu reservieren<\/strong>. Da wir bewusst mit kleinen Gruppen arbeiten, sicherst du dir so deine Teilnahme und genie\u00dft die beste Tour-Erfahrung.<\/p>\n\n\n\n<p>Falls du kurzfristig keine Reservierung mehr machen konntest, kannst du nat\u00fcrlich auch direkt zum Treffpunkt kommen und an der Tour teilnehmen.<\/p>\n\n\n\n<p>Wenn du ganz spontan mitmachen m\u00f6chtest, schreib uns am besten vorher kurz \u00fcber WhatsApp.<\/p>\n<\/div><\/div>\n\n\n\n<div class=\"wp-block-bloque-acordeon-acordeon-item acordeon-item\"><h4 class=\"acordeon-titulo\">Ist es sinnvoll, den Free Tour gleich am ersten Tag in Lima zu machen?<\/h4><div class=\"acordeon-contenido\">\n<p>Auf jeden Fall!<\/p>\n\n\n\n<p>Der Free Tour durch Lima ist eine der besten Aktivit\u00e4ten f\u00fcr deinen ersten Tag in der Stadt. Du entdeckst nicht nur die wichtigsten Sehensw\u00fcrdigkeiten und <a href=\"https:\/\/freewalkingtoursperu.com\/de\/blog\/historisches-zentrum-von-lima-was-zu-tun-ist\/\">historischen Orte der Altstadt<\/a>, sondern bekommst auch einen perfekten \u00dcberblick \u00fcber Lima.<\/p>\n\n\n\n<p>Au\u00dferdem erh\u00e4ltst du von deinem Guide pers\u00f6nliche Tipps zu Restaurants, Sehensw\u00fcrdigkeiten, Verkehrsmitteln und <a href=\"https:\/\/freewalkingtoursperu.com\/de\/tours-lima\/\">den Aktivit\u00e4ten, die sich w\u00e4hrend deines Aufenthalts wirklich lohnen<\/a>.<\/p>\n\n\n\n<p>Nach der Tour kennst du dich deutlich besser aus und kannst den Rest deiner Reise optimal nutzen.<\/p>\n<\/div><\/div>\n\n\n\n<div class=\"wp-block-bloque-acordeon-acordeon-item acordeon-item\"><h4 class=\"acordeon-titulo\">Wann finden die Free Walking Tours in Lima statt und wie lange dauern sie?<\/h4><div class=\"acordeon-contenido\">\n<p><strong>\u23f0<\/strong> <strong>Zeitpl\u00e4ne:<\/strong><\/p>\n\n\n\n<p>Wir bieten von Montag bis Samstag <strong>Touren am Morgen<\/strong> (10:00 Uhr \/ 10:00 AM mit Abholung in Miraflores und 11:00 Uhr \/ 11:00 AM ab dem historischen Zentrum) sowie am <strong>Nachmittag<\/strong> (15:00 Uhr \/ 3:00 PM ab dem historischen Zentrum) an, damit du die Tour optimal in deine Reiseplanung einbauen kannst.<\/p>\n\n\n\n<p>Wenn du die Tour an einem Sonntag machen m\u00f6chtest, kannst du die verf\u00fcgbaren Optionen auf unserer Seite <a href=\"https:\/\/freewalkingtoursperu.com\/de\/tours-lima\/sonntage-in-lima-free-walking-tour\/\">Free Tour Lima Sonntag<\/a> einsehen.<\/p>\n\n\n\n<p><strong>\u23f3<\/strong> <strong>Dauer:<\/strong><\/p>\n\n\n\n<p>Die Dauer h\u00e4ngt davon ab, welchen Treffpunkt du ausw\u00e4hlst.<\/p>\n\n\n\n<p>Wenn du unseren <a href=\"https:\/\/goo.gl\/maps\/6TqPhB695Pvq5sgB7\">Abholpunkt in Miraflores<\/a> nutzt, dauert das gesamte Erlebnis etwa 3 Stunden (10:00\u201313:00 Uhr). Dieser Treffpunkt dient ausschlie\u00dflich dazu, gemeinsam mit dem Metropolitano ins historische Zentrum von Lima zu fahren. Eine Besichtigung von Miraflores ist nicht Teil der Tour.<\/p>\n\n\n\n<p>Wenn du den Guide <a href=\"https:\/\/goo.gl\/maps\/JTaXRKeW1YpKUbhk9\">direkt im historischen Zentrum triffst<\/a>, dauert die Stadtf\u00fchrung etwa 2 Stunden (11:00\u201313:00 Uhr oder 15:00\u201317:00 Uhr).<\/p>\n\n\n\n<p>Unabh\u00e4ngig vom gew\u00e4hlten Treffpunkt endet jede Tour in der N\u00e4he der Plaza Mayor von Lima.<\/p>\n<\/div><\/div>\n\n\n\n<div class=\"wp-block-bloque-acordeon-acordeon-item acordeon-item\"><h4 class=\"acordeon-titulo\">Bietet ihr eine Free Tour in Lima am Nachmittag an?<\/h4><div class=\"acordeon-contenido\">\n<p>Ja! Wir bieten unsere Free Tour in Lima am Nachmittag um 15:00 Uhr (3:00 PM) an, von Montag bis Samstag.<\/p>\n\n\n\n<p>Wenn du die Tour an einem Sonntag machen m\u00f6chtest, kannst du die Zeiten \u00fcberpr\u00fcfen und direkt \u00fcber unsere <a href=\"https:\/\/freewalkingtoursperu.com\/de\/tours-lima\/sonntage-in-lima-free-walking-tour\/\">Free Tour Lima Sonntag<\/a> buchen.<\/p>\n<\/div><\/div>\n\n\n\n<div class=\"wp-block-bloque-acordeon-acordeon-item acordeon-item\"><h4 class=\"acordeon-titulo\">Was sollte ich f\u00fcr die Free Walking Tour in Lima anziehen und mitbringen?<\/h4><div class=\"acordeon-contenido\">\n<ul class=\"wp-block-list\">\n<li>Bargeld in peruanischen Soles f\u00fcr Trinkgelder. Du kannst dein Trinkgeld auch gerne in US-Dollar oder Euro geben, solange es bar ist.<\/li>\n\n\n\n<li>Sommer (Dezember bis April): Es ist hei\u00df und schw\u00fcl. Trage leichte, luftige Kleidung (T-Shirts, Shorts oder d\u00fcnne Hosen), sehr bequeme Lauf- oder Turnschuhe, Sonnenbrille, eine Cappy oder einen Hut und reichlich Sonnencreme.<\/li>\n\n\n\n<li>Winter (Mai bis November): Das Wetter in Lima ist mild, aber sehr feucht, meist bew\u00f6lkt und ab und zu gibt es einen leichten Nieselregen. Zieh am besten den Zwiebellook an: ein bequemes T-Shirt mit einer Jacke, Windjacke oder einem leichten Mantel, den du ausziehen kannst, wenn dir beim Gehen warm wird.<\/li>\n<\/ul>\n<\/div><\/div>\n\n\n\n<div class=\"wp-block-bloque-acordeon-acordeon-item acordeon-item\"><h4 class=\"acordeon-titulo\">Wo kann ich mein Gep\u00e4ck w\u00e4hrend der Free Walking Tour in Lima aufbewahren?<\/h4><div class=\"acordeon-contenido\">\n<p>Die beste Option ist es, deine gro\u00dfen Koffer oder schweres Gep\u00e4ck an der Rezeption deines Hotels oder Hostels zu lassen. Die meisten Unterk\u00fcnfte bieten vor dem Check-in oder nach dem Check-out eine kostenlose Gep\u00e4ckaufbewahrung an.<\/p>\n\n\n\n<p>Du kannst kleine Rucks\u00e4cke oder Tagesrucks\u00e4cke ohne Probleme mit auf die Tour nehmen. Das Herumlaufen mit gro\u00dfen Koffern durch die belebten Stra\u00dfen des Zentrums von Lima ist jedoch aus Sicherheits- und Komfortgr\u00fcnden nicht zu empfehlen.<\/p>\n\n\n\n<p>Wenn du direkt vom Internationalen Flughafen Jorge Ch\u00e1vez kommst oder dorthin f\u00e4hrst, empfehlen wir dir dringend, den offiziellen Gep\u00e4ckaufbewahrungsservice im Flughafen zu nutzen, bevor du in das Stadtzentrum f\u00e4hrst.<\/p>\n<\/div><\/div>\n\n\n\n<div class=\"wp-block-bloque-acordeon-acordeon-item acordeon-item\"><h4 class=\"acordeon-titulo\">Ist ein Free Tour durch die Altstadt von Lima sicher?<\/h4><div class=\"acordeon-contenido\">\n<p>Ja, absolut. Die Altstadt von Lima ist ein touristisches Gebiet mit einem hohen Sicherheitsstandard. Sie wird kontinuierlich per Video \u00fcberwacht und ist st\u00e4ndig durch die Touristenpolizei sowie den kommunalen Sicherheitsdienst pr\u00e4sent.<\/p>\n\n\n\n<p>Unsere Touren f\u00fchren ausschlie\u00dflich \u00fcber beliebte touristische Routen und werden von erfahrenen lokalen Guides begleitet. Trotzdem empfehlen wir \u2013 wie in jeder Gro\u00dfstadt der Welt, etwa in Madrid oder Berlin \u2013, immer gut auf deine pers\u00f6nlichen Sachen zu achten.<\/p>\n<\/div><\/div>\n\n\n\n<div class=\"wp-block-bloque-acordeon-acordeon-item acordeon-item\"><h4 class=\"acordeon-titulo\">Was passiert, wenn ich zu sp\u00e4t zum Treffpunkt komme?<\/h4><div class=\"acordeon-contenido\">\n<p>In Lima warten wir bis zu 10 Minuten. Ist deine Tour beispielsweise f\u00fcr 11:00 Uhr geplant, startet sie gegen 11:10 Uhr.<\/p>\n\n\n\n<p>Solltest du es trotzdem nicht rechtzeitig schaffen, ist das kein Problem. <strong>Du kannst an der n\u00e4chsten verf\u00fcgbaren Tour teilnehmen<\/strong> (vor allem bei Gruppen ab zwei Personen), eine neue Reservierung mit einer anderen Uhrzeit vornehmen oder uns einfach \u00fcber WhatsApp schreiben.<\/p>\n<\/div><\/div>\n\n\n\n<div class=\"wp-block-bloque-acordeon-acordeon-item acordeon-item\"><h4 class=\"acordeon-titulo\">Sind Eintrittsgelder f\u00fcr Museen oder Kirchen (z. B. die Katakomben) im Free Tour enthalten?<\/h4><div class=\"acordeon-contenido\">\n<p>Nein. Eintrittskarten f\u00fcr Museen sind nicht enthalten, und wir besuchen die Katakomben nicht von innen. An der Basilika San Francisco machen wir jedoch einen Stopp und erz\u00e4hlen dir ihre Geschichte von au\u00dfen.<\/p>\n\n\n\n<p>Die gute Nachricht: F\u00fcr unsere Tour musst du keine Eintrittskarten kaufen. Wir besuchen Pl\u00e4tze, Stra\u00dfen und Sehensw\u00fcrdigkeiten mit freiem Zugang. Au\u00dferdem sind der Eintritt in das Hauptschiff der Kirche Santo Domingo sowie in das Haus der Literatur kostenlos enthalten.<\/p>\n<\/div><\/div>\n\n\n\n<div class=\"wp-block-bloque-acordeon-acordeon-item acordeon-item\"><h4 class=\"acordeon-titulo\">Geh\u00f6ren der Zentralmarkt oder Chinatown von Lima zum Free Tour?<\/h4><div class=\"acordeon-contenido\">\n<p>Nein. Dieser Free Tour konzentriert sich auf das historische Zentrum von Lima. Dort entdeckst du die bedeutendsten Monumente, historischen Pl\u00e4tze und wichtigsten Sehensw\u00fcrdigkeiten der Stadt.<\/p>\n\n\n\n<p>Wenn du Chinatown oder den Zentralmarkt von Lima kennenlernen m\u00f6chtest, empfehlen wir unseren <a href=\"https:\/\/freewalkingtoursperu.com\/de\/tours-lima\/free-foodie-tour-lima-chinesenviertel\/\">Gastronomischen Free Tour durch Chinatown<\/a>. Dort entdeckst du die lokale K\u00fcche, die chinesisch-peruanische Kultur und einige der authentischsten Geschmacksrichtungen Limas.<\/p>\n<\/div><\/div>\n\n\n\n<div class=\"wp-block-bloque-acordeon-acordeon-item acordeon-item\"><h4 class=\"acordeon-titulo\">Wie viel Trinkgeld ist bei einem Free Tour in Lima \u00fcblich?<\/h4><div class=\"acordeon-contenido\">\n<p>Die meisten Reisenden geben als Orientierung zwischen 30 und 50 Sol (oder 10 bis 15 US-Dollar) pro Person.<\/p>\n\n\n\n<p>Wir akzeptieren Barzahlung in peruanischen Sol, US-Dollar und Euro.<\/p>\n\n\n\n<p>Kartenzahlung und andere W\u00e4hrungen k\u00f6nnen wir derzeit leider nicht annehmen.<\/p>\n\n\n\n<p>Bitte beachte: Wir sind ein lokales Unternehmen und kein Marketplace. Dein Trinkgeld geht direkt an unsere Guides und unser lokales Team und unterst\u00fctzt damit unmittelbar peruanische Familien.<\/p>\n\n\n\n<p>Wenn du mehr \u00fcber die \u00fcblichen Trinkgelder bei <a href=\"https:\/\/freewalkingtoursperu.com\/de\/tours-lima\/\">klassischen Touren<\/a>, Wanderungen, Restaurants und anderen Dienstleistungen erfahren m\u00f6chtest, wirf einen Blick in unseren Guide zum <a href=\"https:\/\/freewalkingtoursperu.com\/de\/blog\/wie-viel-trinkgeld-sollte-man-in-peru-geben\/\">Thema Trinkgeld in Peru<\/a>.<\/p>\n<\/div><\/div>\n\n\n\n<div class=\"wp-block-bloque-acordeon-acordeon-item acordeon-item\"><h4 class=\"acordeon-titulo\">Kann ich das Trinkgeld f\u00fcr die Free Tour in Dollar, Euro oder nur in peruanischen Soles geben?<\/h4><div class=\"acordeon-contenido\">\n<p>Ja, wir akzeptieren alle drei W\u00e4hrungen!<\/p>\n\n\n\n<p>Du kannst dein Trinkgeld gerne in peruanischen Soles (S\/), US-Dollar ($) oder Euro (\u20ac) geben. Die einzige Voraussetzung ist, dass es ausschlie\u00dflich bar ist, da unsere Guides keine Kartenger\u00e4te oder digitale Zahlungsarten f\u00fcr Trinkgelder haben.<\/p>\n<\/div><\/div>\n\n\n\n<div class=\"wp-block-bloque-acordeon-acordeon-item acordeon-item\"><h4 class=\"acordeon-titulo\">Gibt es eine Mindest- oder H\u00f6chstteilnehmerzahl?<\/h4><div class=\"acordeon-contenido\">\n<p>F\u00fcr die Durchf\u00fchrung der Tour ben\u00f6tigen wir mindestens 2 Teilnehmer. Diese Voraussetzung wird an 99 % aller Tage erf\u00fcllt.<\/p>\n\n\n\n<p>Da es sich um eine Gruppentour und nicht um eine private Tour handelt, bestehen unsere Gruppen normalerweise aus 7 bis 10 Personen. Die Teilnehmer werden nach Sprache (Spanisch oder Englisch) <strong>aufgeteilt, damit jeder ein pers\u00f6nliches Erlebnis genie\u00dfen kann<\/strong>.<\/p>\n\n\n\n<p>Die maximale Gruppengr\u00f6\u00dfe betr\u00e4gt 20 Personen, was allerdings nur sehr selten vorkommt.<\/p>\n<\/div><\/div>\n\n\n\n<div class=\"wp-block-bloque-acordeon-acordeon-item acordeon-item\"><h4 class=\"acordeon-titulo\">Kann ich meine Buchung \u00e4ndern oder stornieren, wenn etwas dazwischenkommt?<\/h4><div class=\"acordeon-contenido\">\n<p>Ja. Deine Buchung ist vollst\u00e4ndig flexibel. Falls sich deine Reisepl\u00e4ne \u00e4ndern, kannst du die Uhrzeit deiner Tour \u00e4ndern oder deine Reservierung stornieren. Antworte einfach auf die Best\u00e4tigungs-E-Mail oder sende uns eine kurze Nachricht \u00fcber WhatsApp.<\/p>\n\n\n\n<p>Wir berechnen keine Geb\u00fchren bei Nichterscheinen.<\/p>\n<\/div><\/div>\n\n\n\n<div class=\"wp-block-bloque-acordeon-acordeon-item acordeon-item\"><h4 class=\"acordeon-titulo\">Wird der Free Tour abgesagt, wenn es in Lima Proteste gibt?<\/h4><div class=\"acordeon-contenido\">\n<p>Das h\u00e4ngt vom Ausma\u00df der Proteste oder Demonstrationen ab. In den meisten F\u00e4llen beeintr\u00e4chtigen sie den normalen Ablauf der Tour nicht. Dank unseres lokalen Teams wissen wir fr\u00fchzeitig, wenn sich eine Situation entwickeln k\u00f6nnte, die Auswirkungen auf unsere Touren hat.<\/p>\n\n\n\n<p>Sollten gro\u00df angelegte Demonstrationen angek\u00fcndigt werden, die die Sicherheit oder den normalen Ablauf gef\u00e4hrden, sagen wir den Free Tour ab und informieren dich so fr\u00fch wie m\u00f6glich.<\/p>\n\n\n\n<p>Die Sicherheit unserer G\u00e4ste und unserer Guides hat f\u00fcr uns immer oberste Priorit\u00e4t.<\/p>\n<\/div><\/div>\n\n\n\n<div class=\"wp-block-bloque-acordeon-acordeon-item acordeon-item\"><h4 class=\"acordeon-titulo\">Kann ich die Free Tour in Lima mit meinem Gep\u00e4ck oder meinen Koffern mitmachen?<\/h4><div class=\"acordeon-contenido\">\n<p>Ja, solange es sich um Handgep\u00e4ck handelt (wie ein kleiner Rucksack oder eine Tagestasche).<\/p>\n\n\n\n<p>Es ist jedoch nicht m\u00f6glich, die Tour mit gro\u00dfen Koffern zu machen.<\/p>\n\n\n\n<p>\ud83d\udca1 Unsere Empfehlungen:<\/p>\n\n\n\n<ul class=\"wp-block-list\">\n<li>Wenn du schon eingecheckt bist: Wir empfehlen dir, dein gro\u00dfes Gep\u00e4ck vor der Tour an der Rezeption deines Hotels oder Hostels zu lassen.<\/li>\n\n\n\n<li>Wenn du auf der Durchreise am Flughafen bist: Wenn du direkt vom Flug ankommst, empfehlen wir dir, die Gep\u00e4ckaufbewahrung direkt am internationalen Flughafen Jorge Ch\u00e1vez zu nutzen, bevor du zur Tour kommst.<\/li>\n<\/ul>\n<\/div><\/div>\n<\/div>\n<\/div><\/div>\n\n\n\n<\/div><h2 class=\"urltab\"><a href=\"#reviews\"><span class=\"fa fa-comments-o\"><\/span>BEWERTUNGEN<\/a><\/h2>\n<div class=\"tabcontent\">\n\n\n\n\n<p>Bitte scrollen Sie nach unten, um die Bewertungen zu sehen.<\/p>\n\n\n<\/div><\/div>\n<\/div>\n\n\n\n<div class=\"wp-block-column is-layout-flow wp-block-column-is-layout-flow\" style=\"flex-basis:25%\">\n<div class=\"wp-block-group\"><div class=\"wp-block-group__inner-container is-layout-constrained wp-block-group-is-layout-constrained\"><div class='mb-10'>\n\t    \n\t\t<div class='flex gap-1'>\n\t\t\t\t<div class='flex-auto'>\n\t\t\t\t\t<a href='https:\/\/www.forbes.com\/sites\/laurabegleybloom\/2018\/12\/18\/the-cheapest-places-to-travel-in-2019\/?sh=21becc0e787a'><img src=https:\/\/freewalkingtoursperu.com\/wp-content\/themes\/fwtp\/img\/logo-forbes.png alt='logo forbes' class='w-full h-auto xl:h-12'><\/a>\n\t\t\t\t<\/div>\n\t\t\t\t<div class='flex-auto'>\n\t\t\t\t\t<a href='https:\/\/goo.gl\/maps\/FhNr5D6qmpcDwfTPA'><img src=https:\/\/freewalkingtoursperu.com\/wp-content\/themes\/fwtp\/img\/logo-tripadvisor.png alt='logo tripadvisor' class='w-full h-auto xl:h-12'><\/a>\n\t\t\t\t<\/div>\n\t\t<\/div>\n\t\t<div class='text-center'>\n\t\t\t<a href='#'><img src=https:\/\/freewalkingtoursperu.com\/wp-content\/themes\/fwtp\/img\/logo-free-walking-tours-peru-ministerio-turismo.png width='100%' alt='logo ministerio del comercio exterior' class='mt-1'><\/a>\n\t\t<\/div>\n\n\t <\/div>\n\n\n\n<!--Markup for citys-->\n\n<div id=\"tour-block_df0645e07441e59ff0c1c394556fbd6e\" class=\"tour\">\n\n            <div class=''>\n\t            <div class='flex rounded-t shadow'>\n\t\t\t        <div class='px-3 py-2 rounded-tl bg-black text-white text-lg mb-0  font-semibold font-nunito'>Sofortige Best\u00e4tigung<\/div>\n\t\t\t        <div class='px-1 py-2 rounded-tr flex-auto font-nunito font-semibold bg-fwtp text-lg text-black  mb-0 text-center'>Free<\/div>\n\t\t\t    <\/div>\n\t        <\/div>\n<\/div>\n\n\n\n\n<div class=\"wpcf7 no-js\" id=\"wpcf7-f11220-o1\" lang=\"en-US\" dir=\"ltr\" data-wpcf7-id=\"11220\">\n<div class=\"screen-reader-response\"><p role=\"status\" aria-live=\"polite\" aria-atomic=\"true\"><\/p> <ul><\/ul><\/div>\n<form action=\"\/de\/wp-json\/wp\/v2\/pages\/11089#wpcf7-f11220-o1\" method=\"post\" class=\"wpcf7-form init\" aria-label=\"Contact form\" novalidate=\"novalidate\" data-status=\"init\">\n<fieldset class=\"hidden-fields-container\"><input type=\"hidden\" name=\"_wpcf7\" value=\"11220\" \/><input type=\"hidden\" name=\"_wpcf7_version\" value=\"6.1.7\" \/><input type=\"hidden\" name=\"_wpcf7_locale\" value=\"en_US\" \/><input type=\"hidden\" name=\"_wpcf7_unit_tag\" value=\"wpcf7-f11220-o1\" \/><input type=\"hidden\" name=\"_wpcf7_container_post\" value=\"0\" \/><input type=\"hidden\" name=\"_wpcf7_posted_data_hash\" value=\"\" \/><input type=\"hidden\" name=\"_wpcf7dtx_version\" value=\"5.0.7\" \/>\n<\/fieldset>\n<input class=\"wpcf7-form-control wpcf7-hidden\" value=\"11\" type=\"hidden\" name=\"Id_Walks\" \/>\n<input class=\"wpcf7-form-control wpcf7-hidden\" value=\"87a4fbc4dab03897c7ce43b90032717c95296e79\" type=\"hidden\" name=\"Ncode\" \/>\n<div id=\"form\" class=\"box-form border rounded-bottom shadow bg-white p-3\">\n\n<div class=\"form-group\">\n        <p><span class=\"wpcf7-form-control-wrap page-title\" data-name=\"page-title\"><input type=\"text\" name=\"page-title\" class=\"wpcf7-form-control wpcf7-text wpcf7dtx wpcf7dtx-text form-control form-control-sm\" aria-invalid=\"false\" value=\"Free tour Lima im historischen Zentrum\"><\/span><\/p>\n      <\/div>\n      <div class=\"form-group\">\n        <p>Datum: <span class=\"wpcf7-form-control-wrap\" data-name=\"date-free\"><input size=\"40\" maxlength=\"400\" class=\"wpcf7-form-control wpcf7-text form-control form-control-sm fwt\" id=\"FreeWalkingTourLimade\" aria-invalid=\"false\" placeholder=\"dd\/mm\/yyyy\" value=\"\" type=\"text\" name=\"date-free\" \/><\/span><\/p>\n       <\/div>\n        <div class=\"form-group\">\n         <span class=\"wpcf7-form-control-wrap\" data-name=\"departure\"><select class=\"wpcf7-form-control wpcf7-select wpcf7-validates-as-required form-control form-control-sm\" aria-required=\"true\" aria-invalid=\"false\" name=\"departure\"><option value=\"\">Zeitplan und Sprache<\/option><option value=\"10:00 Uhr (pick-up in Miraflores) Englisch\">10:00 Uhr (pick-up in Miraflores) Englisch<\/option><option value=\"11:00 Uhr Englisch\">11:00 Uhr Englisch<\/option><option value=\"15:00 Uhr Englisch\">15:00 Uhr Englisch<\/option><option value=\"10:00 Uhr (pick-up in Miraflores) Spanisch\">10:00 Uhr (pick-up in Miraflores) Spanisch<\/option><option value=\"11:00 Uhr Spanisch\">11:00 Uhr Spanisch<\/option><option value=\"15:00 Uhr Spanisch\">15:00 Uhr Spanisch<\/option><\/select><\/span>\n      <\/div>\n<div class=\"form-group\">\n         <span class=\"wpcf7-form-control-wrap\" data-name=\"size\"><select class=\"wpcf7-form-control wpcf7-select wpcf7-validates-as-required form-control form-control-sm\" aria-required=\"true\" aria-invalid=\"false\" name=\"size\"><option value=\"\">Wie viele Personen sind in Ihrer Gruppe?<\/option><option value=\"1\">1<\/option><option value=\"2\">2<\/option><option value=\"3\">3<\/option><option value=\"4\">4<\/option><option value=\"5\">5<\/option><option value=\"6\">6<\/option><option value=\"7\">7<\/option><option value=\"8\">8<\/option><option value=\"9\">9<\/option><option value=\"10\">10<\/option><\/select><\/span>\n      <\/div>\n       <div class=\"form-group\">\n        <span class=\"wpcf7-form-control-wrap\" data-name=\"name-free\"><input size=\"40\" maxlength=\"400\" class=\"wpcf7-form-control wpcf7-text wpcf7-validates-as-required form-control form-control-sm\" aria-required=\"true\" aria-invalid=\"false\" placeholder=\"Vor- und Nachname\" value=\"\" type=\"text\" name=\"name-free\" \/><\/span>\n      <\/div>\n      <div class=\"form-group\">\n          <span class=\"wpcf7-form-control-wrap\" data-name=\"email-free\"><input size=\"40\" maxlength=\"400\" class=\"wpcf7-form-control wpcf7-email wpcf7-validates-as-required wpcf7-text wpcf7-validates-as-email form-control form-control-sm\" aria-required=\"true\" aria-invalid=\"false\" placeholder=\"E-Mail\" value=\"\" type=\"email\" name=\"email-free\" \/><\/span>\n      <\/div>\n<div class=\"form-group\">\n          <span class=\"wpcf7-form-control-wrap\" data-name=\"Whatsapp\"><input size=\"40\" class=\"wpcf7-form-control wpcf7-phonetext wpcf7-validates-as-required wpcf7-text wpcf7-validates-as-phonetext form-control form-control-sm\" aria-required=\"true\" aria-invalid=\"false\" placeholder=\"Whatsapp\" value=\"\" type=\"text\" name=\"Whatsapp\" \/><input type=\"hidden\" name=\"Whatsapp-country-code\" class=\"wpcf7-phonetext-country-code\" \/><\/span>\n      <\/div> \n <div class=\"form-group\">\n         <span class=\"wpcf7-form-control-wrap\" data-name=\"your-message\"><textarea cols=\"5\" rows=\"3\" maxlength=\"2000\" class=\"wpcf7-form-control wpcf7-textarea form-control form-control-sm\" aria-invalid=\"false\" placeholder=\"Alle weiteren Angaben bitte hier eintragen, zum Beispiel: Kinder, Senioren etc.\" name=\"your-message\"><\/textarea><\/span>\n      <\/div>\n        <div class=\"form-group text-center\">\n          <p class=\"text-center\"><input class=\"wpcf7-form-control wpcf7-submit has-spinner btn btn-lg px-5 btn-free\" type=\"submit\" value=\"Buchung senden\" \/><\/p>\n          \n        <\/div>\n\n<\/div><div class=\"wpcf7-response-output\" aria-hidden=\"true\"><\/div>\n<\/form>\n<\/div>\n\n\n\n\n<!--Markup for citys-->\n\n<div id=\"tour-block_df2c84d234173d88f7a9db8991fc7a5c\" class=\"tour\">\n\n\n\n\n<div class=\"inline-flex items-stretch bg-orange-500 text-black text-sm shadow rounded-lg mb-5 h-[80px] border  rounded-t-3xl mt-3\">\n  <div class=\"bg-gray-700 text-white flex items-center justify-center px-5 h-full rounded-tr-[26px] rounded-br-[26px] rounded-tl-3xl\">\n    <i class=\"fas fa-bell text-2xl text-white\"><\/i>\n  <\/div>\n  <div class=\"px-3 py-4 notecss\">\n    <p>Free Tours Lima Sonntags? <a href=\"https:\/\/freewalkingtoursperu.com\/de\/tours-lima\/sonntage-in-lima-free-walking-tour\/\" target=\"_blank\" rel=\"noopener\">Hier buchen<\/a><\/p>\n  <\/div>\n<\/div>\n\n\t     \n<\/div>\n\n<\/div><\/div>\n<\/div>\n<\/div>\n\n\n<div class='bg-white border p-3 shadow my-3' id='reviews' ><\/p>\n\n\n\n<h2 class=\"wp-block-heading\" id=\"reviews-009bf618-1525-4de9-95e4-c35333e5f797\">Soziale Medien<\/h2>\n\n\n\n<p>\u2b50<a href=\"https:\/\/goo.gl\/maps\/FhNr5D6qmpcDwfTPA\" target=\"_blank\" rel=\"noreferrer noopener\">Google Maps:<\/a> 1200 Bewertungen <strong>|<\/strong> \u2b50<a href=\"https:\/\/www.tripadvisor.com.pe\/Attraction_Review-g294316-d19513018-Reviews-Free_Walking_Tours_Peru-Lima_Lima_Region.html\" target=\"_blank\" rel=\"noreferrer noopener\">TripAdvisor:<\/a> 500 Bewertungen <strong>|<\/strong> \u2b50<a href=\"https:\/\/www.facebook.com\/limafreewalkingtour\/\" target=\"_blank\" rel=\"noreferrer noopener\">Facebook:<\/a> 50 Bewertungen <strong>|<\/strong> \u2b50<a href=\"https:\/\/www.instagram.com\/limafreewalkingtours\/\" target=\"_blank\" rel=\"noreferrer noopener\">Instagram:<\/a> 6000 Followers <strong>|<\/strong> \u2b50<a href=\"https:\/\/youtu.be\/HdYcNrUxnXA\" target=\"_blank\" rel=\"noreferrer noopener\">YouTube:<\/a> Sehen Sie sich unsere Videos an <strong>|<\/strong> \u2b50<a href=\"https:\/\/freewalkingtoursperu.com\/de\/uber-uns\/\" target=\"_blank\" rel=\"noreferrer noopener\">Reisende:<\/a> Mehr als 70,255 Touristen<\/p>\n\n\n<p> <\/div>\n","protected":false},"excerpt":{"rendered":"<p>Melde Dich f\u00fcr den besten Free Walking Tour im historischen Zentrum von Lima an \u2013 der Ciudad Vieja, gef\u00fchrt von Pionieren, professionellen Guides, die zu 100\u202f% vom peruanischen Staat \u00fcber das Ministerium f\u00fcr Au\u00dfenhandel und Tourismus autorisiert sind. Denk daran: In Peru muss jede Person, die Touren f\u00fchren m\u00f6chte, ein Studium im Bereich Tourismus und [&hellip;]<\/p>\n","protected":false},"author":1,"featured_media":0,"parent":14984,"menu_order":0,"comment_status":"closed","ping_status":"closed","template":"page-tour-pay.php","meta":{"_acf_changed":false,"advgb_blocks_editor_width":"full","advgb_blocks_columns_visual_guide":"","footnotes":""},"class_list":["post-11089","page","type-page","status-publish","hentry"],"acf":[],"yoast_head":"<!-- This site is optimized with the Yoast SEO plugin v28.4 - https:\/\/yoast.com\/product\/yoast-seo-wordpress\/ -->\n<title>Free Walking Tour Lima: Kostenlose Stadtf\u00fchrung zu Fu\u00df | FWTP<\/title>\n<meta name=\"description\" content=\"Buche deinen Free Walking Tour in Lima durch die Altstadt. T\u00e4glich morgens und nachmittags mit lokalen Guides auf Englisch und Spanisch.\" \/>\n<meta name=\"robots\" content=\"index, follow, max-snippet:-1, max-image-preview:large, max-video-preview:-1\" \/>\n<link rel=\"canonical\" href=\"https:\/\/freewalkingtoursperu.com\/de\/tours-lima\/free-tour-durch-lima-historisches-zentrum\/\" \/>\n<meta property=\"og:locale\" content=\"de_DE\" \/>\n<meta property=\"og:type\" content=\"article\" \/>\n<meta property=\"og:title\" content=\"Free Walking Tour Lima: Kostenlose Stadtf\u00fchrung zu Fu\u00df | FWTP\" \/>\n<meta property=\"og:description\" content=\"Buche deinen Free Walking Tour in Lima durch die Altstadt. T\u00e4glich morgens und nachmittags mit lokalen Guides auf Englisch und Spanisch.\" \/>\n<meta property=\"og:url\" content=\"https:\/\/freewalkingtoursperu.com\/de\/tours-lima\/free-tour-durch-lima-historisches-zentrum\/\" \/>\n<meta property=\"og:site_name\" content=\"Free Walking Tours Peru\" \/>\n<meta property=\"article:modified_time\" content=\"2026-08-22T02:54:36+00:00\" \/>\n<meta property=\"og:image\" content=\"https:\/\/freewalkingtoursperu.com\/wp-content\/uploads\/2025\/05\/Free-tour-de-Lima-por-el-centro-historico-1-1.webp\" \/>\n<meta name=\"twitter:card\" content=\"summary_large_image\" \/>\n<meta name=\"twitter:label1\" content=\"Gesch\u00e4tzte Lesezeit\" \/>\n\t<meta name=\"twitter:data1\" content=\"32\u00a0Minuten\" \/>\n<script type=\"application\/ld+json\" class=\"yoast-schema-graph\">{\"@context\":\"https:\\\/\\\/schema.org\",\"@graph\":[{\"@type\":\"WebPage\",\"@id\":\"https:\\\/\\\/freewalkingtoursperu.com\\\/de\\\/tours-lima\\\/free-tour-durch-lima-historisches-zentrum\\\/\",\"url\":\"https:\\\/\\\/freewalkingtoursperu.com\\\/de\\\/tours-lima\\\/free-tour-durch-lima-historisches-zentrum\\\/\",\"name\":\"Free Walking Tour Lima: Kostenlose Stadtf\u00fchrung zu Fu\u00df | FWTP\",\"isPartOf\":{\"@id\":\"https:\\\/\\\/freewalkingtoursperu.com\\\/de\\\/#website\"},\"primaryImageOfPage\":{\"@id\":\"https:\\\/\\\/freewalkingtoursperu.com\\\/de\\\/tours-lima\\\/free-tour-durch-lima-historisches-zentrum\\\/#primaryimage\"},\"image\":{\"@id\":\"https:\\\/\\\/freewalkingtoursperu.com\\\/de\\\/tours-lima\\\/free-tour-durch-lima-historisches-zentrum\\\/#primaryimage\"},\"thumbnailUrl\":\"https:\\\/\\\/freewalkingtoursperu.com\\\/wp-content\\\/uploads\\\/2025\\\/05\\\/Free-tour-de-Lima-por-el-centro-historico-1-1.webp\",\"datePublished\":\"2020-01-01T22:28:00+00:00\",\"dateModified\":\"2026-08-22T02:54:36+00:00\",\"description\":\"Buche deinen Free Walking Tour in Lima durch die Altstadt. T\u00e4glich morgens und nachmittags mit lokalen Guides auf Englisch und Spanisch.\",\"breadcrumb\":{\"@id\":\"https:\\\/\\\/freewalkingtoursperu.com\\\/de\\\/tours-lima\\\/free-tour-durch-lima-historisches-zentrum\\\/#breadcrumb\"},\"inLanguage\":\"de\",\"potentialAction\":[{\"@type\":\"ReadAction\",\"target\":[\"https:\\\/\\\/freewalkingtoursperu.com\\\/de\\\/tours-lima\\\/free-tour-durch-lima-historisches-zentrum\\\/\"]}]},{\"@type\":\"ImageObject\",\"inLanguage\":\"de\",\"@id\":\"https:\\\/\\\/freewalkingtoursperu.com\\\/de\\\/tours-lima\\\/free-tour-durch-lima-historisches-zentrum\\\/#primaryimage\",\"url\":\"https:\\\/\\\/freewalkingtoursperu.com\\\/wp-content\\\/uploads\\\/2025\\\/05\\\/Free-tour-de-Lima-por-el-centro-historico-1-1.webp\",\"contentUrl\":\"https:\\\/\\\/freewalkingtoursperu.com\\\/wp-content\\\/uploads\\\/2025\\\/05\\\/Free-tour-de-Lima-por-el-centro-historico-1-1.webp\"},{\"@type\":\"BreadcrumbList\",\"@id\":\"https:\\\/\\\/freewalkingtoursperu.com\\\/de\\\/tours-lima\\\/free-tour-durch-lima-historisches-zentrum\\\/#breadcrumb\",\"itemListElement\":[{\"@type\":\"ListItem\",\"position\":1,\"name\":\"Home\",\"item\":\"https:\\\/\\\/freewalkingtoursperu.com\\\/de\\\/\"},{\"@type\":\"ListItem\",\"position\":2,\"name\":\"Touren in Lima\",\"item\":\"https:\\\/\\\/freewalkingtoursperu.com\\\/de\\\/tours-lima\\\/\"},{\"@type\":\"ListItem\",\"position\":3,\"name\":\"Free tour Lima im historischen Zentrum\"}]},{\"@type\":\"WebSite\",\"@id\":\"https:\\\/\\\/freewalkingtoursperu.com\\\/de\\\/#website\",\"url\":\"https:\\\/\\\/freewalkingtoursperu.com\\\/de\\\/\",\"name\":\"Free Walking Tours Peru\",\"description\":\"\",\"publisher\":{\"@id\":\"https:\\\/\\\/freewalkingtoursperu.com\\\/de\\\/#organization\"},\"potentialAction\":[{\"@type\":\"SearchAction\",\"target\":{\"@type\":\"EntryPoint\",\"urlTemplate\":\"https:\\\/\\\/freewalkingtoursperu.com\\\/de\\\/?s={search_term_string}\"},\"query-input\":{\"@type\":\"PropertyValueSpecification\",\"valueRequired\":true,\"valueName\":\"search_term_string\"}}],\"inLanguage\":\"de\"},{\"@type\":\"Organization\",\"@id\":\"https:\\\/\\\/freewalkingtoursperu.com\\\/de\\\/#organization\",\"name\":\"Free Walking Tours Peru\",\"url\":\"https:\\\/\\\/freewalkingtoursperu.com\\\/de\\\/\",\"logo\":{\"@type\":\"ImageObject\",\"inLanguage\":\"de\",\"@id\":\"https:\\\/\\\/freewalkingtoursperu.com\\\/de\\\/#\\\/schema\\\/logo\\\/image\\\/\",\"url\":\"https:\\\/\\\/freewalkingtoursperu.com\\\/wp-content\\\/uploads\\\/2026\\\/02\\\/logo-freeorg.svg\",\"contentUrl\":\"https:\\\/\\\/freewalkingtoursperu.com\\\/wp-content\\\/uploads\\\/2026\\\/02\\\/logo-freeorg.svg\",\"caption\":\"Free Walking Tours Peru\"},\"image\":{\"@id\":\"https:\\\/\\\/freewalkingtoursperu.com\\\/de\\\/#\\\/schema\\\/logo\\\/image\\\/\"}}]}<\/script>\n<!-- \/ Yoast SEO plugin. -->","yoast_head_json":{"title":"Free Walking Tour Lima: Kostenlose Stadtf\u00fchrung zu Fu\u00df | FWTP","description":"Buche deinen Free Walking Tour in Lima durch die Altstadt. T\u00e4glich morgens und nachmittags mit lokalen Guides auf Englisch und Spanisch.","robots":{"index":"index","follow":"follow","max-snippet":"max-snippet:-1","max-image-preview":"max-image-preview:large","max-video-preview":"max-video-preview:-1"},"canonical":"https:\/\/freewalkingtoursperu.com\/de\/tours-lima\/free-tour-durch-lima-historisches-zentrum\/","og_locale":"de_DE","og_type":"article","og_title":"Free Walking Tour Lima: Kostenlose Stadtf\u00fchrung zu Fu\u00df | FWTP","og_description":"Buche deinen Free Walking Tour in Lima durch die Altstadt. T\u00e4glich morgens und nachmittags mit lokalen Guides auf Englisch und Spanisch.","og_url":"https:\/\/freewalkingtoursperu.com\/de\/tours-lima\/free-tour-durch-lima-historisches-zentrum\/","og_site_name":"Free Walking Tours Peru","article_modified_time":"2026-08-22T02:54:36+00:00","og_image":[{"url":"https:\/\/freewalkingtoursperu.com\/wp-content\/uploads\/2025\/05\/Free-tour-de-Lima-por-el-centro-historico-1-1.webp","type":"","width":"","height":""}],"twitter_card":"summary_large_image","twitter_misc":{"Gesch\u00e4tzte Lesezeit":"32\u00a0Minuten"},"schema":{"@context":"https:\/\/schema.org","@graph":[{"@type":"WebPage","@id":"https:\/\/freewalkingtoursperu.com\/de\/tours-lima\/free-tour-durch-lima-historisches-zentrum\/","url":"https:\/\/freewalkingtoursperu.com\/de\/tours-lima\/free-tour-durch-lima-historisches-zentrum\/","name":"Free Walking Tour Lima: Kostenlose Stadtf\u00fchrung zu Fu\u00df | FWTP","isPartOf":{"@id":"https:\/\/freewalkingtoursperu.com\/de\/#website"},"primaryImageOfPage":{"@id":"https:\/\/freewalkingtoursperu.com\/de\/tours-lima\/free-tour-durch-lima-historisches-zentrum\/#primaryimage"},"image":{"@id":"https:\/\/freewalkingtoursperu.com\/de\/tours-lima\/free-tour-durch-lima-historisches-zentrum\/#primaryimage"},"thumbnailUrl":"https:\/\/freewalkingtoursperu.com\/wp-content\/uploads\/2025\/05\/Free-tour-de-Lima-por-el-centro-historico-1-1.webp","datePublished":"2020-01-01T22:28:00+00:00","dateModified":"2026-08-22T02:54:36+00:00","description":"Buche deinen Free Walking Tour in Lima durch die Altstadt. T\u00e4glich morgens und nachmittags mit lokalen Guides auf Englisch und Spanisch.","breadcrumb":{"@id":"https:\/\/freewalkingtoursperu.com\/de\/tours-lima\/free-tour-durch-lima-historisches-zentrum\/#breadcrumb"},"inLanguage":"de","potentialAction":[{"@type":"ReadAction","target":["https:\/\/freewalkingtoursperu.com\/de\/tours-lima\/free-tour-durch-lima-historisches-zentrum\/"]}]},{"@type":"ImageObject","inLanguage":"de","@id":"https:\/\/freewalkingtoursperu.com\/de\/tours-lima\/free-tour-durch-lima-historisches-zentrum\/#primaryimage","url":"https:\/\/freewalkingtoursperu.com\/wp-content\/uploads\/2025\/05\/Free-tour-de-Lima-por-el-centro-historico-1-1.webp","contentUrl":"https:\/\/freewalkingtoursperu.com\/wp-content\/uploads\/2025\/05\/Free-tour-de-Lima-por-el-centro-historico-1-1.webp"},{"@type":"BreadcrumbList","@id":"https:\/\/freewalkingtoursperu.com\/de\/tours-lima\/free-tour-durch-lima-historisches-zentrum\/#breadcrumb","itemListElement":[{"@type":"ListItem","position":1,"name":"Home","item":"https:\/\/freewalkingtoursperu.com\/de\/"},{"@type":"ListItem","position":2,"name":"Touren in Lima","item":"https:\/\/freewalkingtoursperu.com\/de\/tours-lima\/"},{"@type":"ListItem","position":3,"name":"Free tour Lima im historischen Zentrum"}]},{"@type":"WebSite","@id":"https:\/\/freewalkingtoursperu.com\/de\/#website","url":"https:\/\/freewalkingtoursperu.com\/de\/","name":"Free Walking Tours Peru","description":"","publisher":{"@id":"https:\/\/freewalkingtoursperu.com\/de\/#organization"},"potentialAction":[{"@type":"SearchAction","target":{"@type":"EntryPoint","urlTemplate":"https:\/\/freewalkingtoursperu.com\/de\/?s={search_term_string}"},"query-input":{"@type":"PropertyValueSpecification","valueRequired":true,"valueName":"search_term_string"}}],"inLanguage":"de"},{"@type":"Organization","@id":"https:\/\/freewalkingtoursperu.com\/de\/#organization","name":"Free Walking Tours Peru","url":"https:\/\/freewalkingtoursperu.com\/de\/","logo":{"@type":"ImageObject","inLanguage":"de","@id":"https:\/\/freewalkingtoursperu.com\/de\/#\/schema\/logo\/image\/","url":"https:\/\/freewalkingtoursperu.com\/wp-content\/uploads\/2026\/02\/logo-freeorg.svg","contentUrl":"https:\/\/freewalkingtoursperu.com\/wp-content\/uploads\/2026\/02\/logo-freeorg.svg","caption":"Free Walking Tours Peru"},"image":{"@id":"https:\/\/freewalkingtoursperu.com\/de\/#\/schema\/logo\/image\/"}}]}},"coauthors":[],"author_meta":{"author_link":"https:\/\/freewalkingtoursperu.com\/de\/blog\/author\/adminfwt\/","display_name":"FWTP"},"relative_dates":{"created":"Ver\u00f6ffentlicht 7\u00a0Jahren vor","modified":"Aktualisiert 2\u00a0Wochen vor"},"absolute_dates":{"created":"Ver\u00f6ffentlicht am 1 Januar, 2020","modified":"Aktualisiert am 21 August, 2026"},"absolute_dates_time":{"created":"Ver\u00f6ffentlicht am 1 Januar, 2020 5:28 p.m.","modified":"Aktualisiert am 21 August, 2026 9:54 p.m."},"featured_img_caption":"","featured_img":false,"series_order":"","_links":{"self":[{"href":"https:\/\/freewalkingtoursperu.com\/de\/wp-json\/wp\/v2\/pages\/11089","targetHints":{"allow":["GET"]}}],"collection":[{"href":"https:\/\/freewalkingtoursperu.com\/de\/wp-json\/wp\/v2\/pages"}],"about":[{"href":"https:\/\/freewalkingtoursperu.com\/de\/wp-json\/wp\/v2\/types\/page"}],"author":[{"embeddable":true,"href":"https:\/\/freewalkingtoursperu.com\/de\/wp-json\/wp\/v2\/users\/1"}],"replies":[{"embeddable":true,"href":"https:\/\/freewalkingtoursperu.com\/de\/wp-json\/wp\/v2\/comments?post=11089"}],"version-history":[{"count":36,"href":"https:\/\/freewalkingtoursperu.com\/de\/wp-json\/wp\/v2\/pages\/11089\/revisions"}],"predecessor-version":[{"id":74575,"href":"https:\/\/freewalkingtoursperu.com\/de\/wp-json\/wp\/v2\/pages\/11089\/revisions\/74575"}],"up":[{"embeddable":true,"href":"https:\/\/freewalkingtoursperu.com\/de\/wp-json\/wp\/v2\/pages\/14984"}],"wp:attachment":[{"href":"https:\/\/freewalkingtoursperu.com\/de\/wp-json\/wp\/v2\/media?parent=11089"}],"curies":[{"name":"wp","href":"https:\/\/api.w.org\/{rel}","templated":true}]}}