{"id":22635,"date":"2022-12-09T14:48:57","date_gmt":"2022-12-09T19:48:57","guid":{"rendered":"https:\/\/freewalkingtoursperu.com\/?page_id=22635"},"modified":"2026-06-18T18:39:41","modified_gmt":"2026-06-18T23:39:41","slug":"private-wandertour-alte-lima","status":"publish","type":"page","link":"https:\/\/freewalkingtoursperu.com\/de\/tours-lima\/private-wandertour-alte-lima\/","title":{"rendered":"Private Wandertour durch das alte Lima\u00a0"},"content":{"rendered":"\n<!--Markup for citys-->\n\n<div id=\"tour-block_9ed8bc250d69552c49603d4da30e12c7\" class=\"toursweb flex flex-col-reverse md:flex-col\">\n\n\n        <div class=\"container mb-2\">          \n                        <div class=\"mt-6\">\n                        <p id=\"breadcrumbs\" class=\"mb-0\"><span><span><a href=\"https:\/\/freewalkingtoursperu.com\/de\/\">Home<\/a><\/span><\/span><\/p>                        <\/div>\n            \n\n                    <h1 class=\"text-xl xl:text-3xl mb-2 font-bold text-gray-800\"> Private Wandertour durch das alte Lima\u00a0<\/h1>\n                                        <div class=\"flex gap-3 mb-4\">\n                            <span>\n                                <i class='fas fa-star text-yellow-400'><\/i> \n                                <i class='fas fa-star text-yellow-400'><\/i> \n                                <i class='fas fa-star text-yellow-400'><\/i> \n                                <i class='fas fa-star text-yellow-400'><\/i> \n                                <i class='fas fa-star text-yellow-400'><\/i>  \n                            <\/span>\n                            <span> \n                                <i class=\"far fa-user text-gray-700\"><\/i> <a href=\"#reviews\"> <span class=\"text-sky-600 font-nunito\">78 Reisenden<\/span> <\/a>\n                            <\/span>\n\n                            <span> \n                            <i class=\"far fa-clock text-gray-700\"><\/i>  <span class=\"text-gray-800 font-nunito\">3 Stdn<\/span> \n                            <\/span>\n\n                            <span> \n                                <i class=\"far fa-comment text-gray-700\"><\/i> \n                                    <span class=\"mr-1 text-sm flag-icon flag-icon-gb\"><\/span><span class=\"mr-1 text-sm flag-icon flag-icon-es\"><\/span>                            <\/span>\n                        <\/div>\n                              \n        <\/div>\n\n    \n\n\n        <div class=\"relative mb-2 mt-2\">\n\n                    \n                        <div id=\"lightgallery\" class=\"flex flex-wrap img-large\"> \n                                                            <a class=\"w-2\/12 img-small xl:block hidden\" href=\"https:\/\/freewalkingtoursperu.com\/wp-content\/uploads\/2025\/10\/Tour_privado_a-pie_por_Lima_vieja_1.webp\"  data-sub-html=\"\">\n                                <img decoding=\"async\" src=\"https:\/\/freewalkingtoursperu.com\/wp-content\/uploads\/2025\/10\/Tour_privado_a-pie_por_Lima_vieja_1.webp\" class=\"cursor-pointer rounded w-full object-cover\"  alt=\"Tour privado a pie por Lima vieja\">\n                                <\/a>\n                                                            <a class=\"w-2\/12 img-small xl:block hidden\" href=\"https:\/\/freewalkingtoursperu.com\/wp-content\/uploads\/2024\/03\/lima-private-tours-and-walks_2.webp\"  data-sub-html=\"\">\n                                <img decoding=\"async\" src=\"https:\/\/freewalkingtoursperu.com\/wp-content\/uploads\/2024\/03\/lima-private-tours-and-walks_2.webp\" class=\"cursor-pointer rounded w-full object-cover\"  alt=\"Private walking tour of Lima Old town\n\">\n                                <\/a>\n                                                            <a class=\"w-2\/12 img-small xl:block hidden\" href=\"https:\/\/freewalkingtoursperu.com\/wp-content\/uploads\/2020\/12\/lima-private-tours-and-walks-1.jpg\"  data-sub-html=\"\">\n                                <img decoding=\"async\" src=\"https:\/\/freewalkingtoursperu.com\/wp-content\/uploads\/2020\/12\/lima-private-tours-and-walks-1.jpg\" class=\"cursor-pointer rounded w-full object-cover\"  alt=\"\">\n                                <\/a>\n                                                            <a class=\"w-2\/12 img-small xl:block hidden\" href=\"https:\/\/freewalkingtoursperu.com\/wp-content\/uploads\/2020\/12\/lima-private-tours-and-walks-3.jpg\"  data-sub-html=\"\">\n                                <img decoding=\"async\" src=\"https:\/\/freewalkingtoursperu.com\/wp-content\/uploads\/2020\/12\/lima-private-tours-and-walks-3.jpg\" class=\"cursor-pointer rounded w-full object-cover\"  alt=\"\">\n                                <\/a>\n                                                            <a class=\"w-2\/12 img-small xl:block hidden\" href=\"https:\/\/freewalkingtoursperu.com\/wp-content\/uploads\/2024\/03\/lima-private-tours-and-walks_1.webp\"  data-sub-html=\"\">\n                                <img decoding=\"async\" src=\"https:\/\/freewalkingtoursperu.com\/wp-content\/uploads\/2024\/03\/lima-private-tours-and-walks_1.webp\" class=\"cursor-pointer rounded w-full object-cover\"  alt=\"Private walking tour of Lima Old town\n\">\n                                <\/a>\n                                                            <a class=\"w-2\/12 img-small xl:block hidden\" href=\"https:\/\/freewalkingtoursperu.com\/wp-content\/uploads\/2024\/03\/lima-private-tours-and-walks.webp\"  data-sub-html=\"\">\n                                <img decoding=\"async\" src=\"https:\/\/freewalkingtoursperu.com\/wp-content\/uploads\/2024\/03\/lima-private-tours-and-walks.webp\" class=\"cursor-pointer rounded w-full object-cover\"  alt=\"Private walking tour of Lima Old town\n\">\n                                <\/a>\n                                                            <a class=\"w-2\/12 img-small xl:block hidden\" href=\"https:\/\/freewalkingtoursperu.com\/wp-content\/uploads\/2020\/12\/lima-private-tours-and-walks-4.jpg\"  data-sub-html=\"\">\n                                <img decoding=\"async\" src=\"https:\/\/freewalkingtoursperu.com\/wp-content\/uploads\/2020\/12\/lima-private-tours-and-walks-4.jpg\" class=\"cursor-pointer rounded w-full object-cover\"  alt=\"\">\n                                <\/a>\n                                                            <a class=\"w-2\/12 img-small xl:block hidden\" href=\"https:\/\/freewalkingtoursperu.com\/wp-content\/uploads\/2021\/12\/tour-privado-lima-casa-aliaga.jpg\"  data-sub-html=\"\">\n                                <img decoding=\"async\" src=\"https:\/\/freewalkingtoursperu.com\/wp-content\/uploads\/2021\/12\/tour-privado-lima-casa-aliaga.jpg\" class=\"cursor-pointer rounded w-full object-cover\"  alt=\"tour privado por lima casa aliaga\">\n                                <\/a>\n                             \n\n                        <\/div>\n\n                    \n                    \n                        \n        <\/div>\n\n\n<\/div>\n\n\n\n\n<!--Markup for citys-->\n\n<div id=\"tour-block_731c9d83fe02a32416822de33b0270a6\" class=\"tour\">\n\n           \n                <div class=\"flex flex-wrap pl-5 xl:pl-0 gap-8 justify-start xl:justify-center items-center pb-5 py-2 border-b-gray-300 border-b mb-5\">\n                            \n                                    \n                                    <div class=\"pr-0 xl:pr-5 item-details\">\n                                        <img decoding=\"async\" src=\"https:\/\/freewalkingtoursperu.com\/wp-content\/uploads\/2024\/02\/local-website.png\" class=\"w-10 float-left mr-2\" alt=\"bg home\">\n                                        <div class=\"inline-block\">\n                                            <span class=\"font-nunito text-gray-900 font-bold text-sm inline-block\"> Local website<\/span>\n                                            <span class=\"font-nunito text-xs block font-bold text-gray-500\"> NO MIDDLE MAN<\/span>\n                                        <\/div>\n\n                                        <\/div>\n\n                            \n                                    \n                                    <div class=\"pr-0 xl:pr-5 item-details\">\n                                        <img decoding=\"async\" src=\"https:\/\/freewalkingtoursperu.com\/wp-content\/uploads\/2024\/02\/maximum-walkers-last.png\" class=\"w-10 float-left mr-2\" alt=\"bg home\">\n                                        <div class=\"inline-block\">\n                                            <span class=\"font-nunito text-gray-900 font-bold text-sm inline-block\"> 100% private<\/span>\n                                            <span class=\"font-nunito text-xs block font-bold text-gray-500\"> GROUP SIZE<\/span>\n                                        <\/div>\n\n                                        <\/div>\n\n                            \n                                    \n                                    <div class=\"pr-0 xl:pr-5 item-details\">\n                                        <img decoding=\"async\" src=\"https:\/\/freewalkingtoursperu.com\/wp-content\/uploads\/2024\/03\/epic-tours-1-1.png\" class=\"w-10 float-left mr-2\" alt=\"bg home\">\n                                        <div class=\"inline-block\">\n                                            <span class=\"font-nunito text-gray-900 font-bold text-sm inline-block\"> Epic<\/span>\n                                            <span class=\"font-nunito text-xs block font-bold text-gray-500\"> EXPERIENCES<\/span>\n                                        <\/div>\n\n                                        <\/div>\n\n                            \n                                    \n                                    <div class=\"pr-0 xl:pr-5 item-details\">\n                                        <img decoding=\"async\" src=\"https:\/\/freewalkingtoursperu.com\/wp-content\/uploads\/2024\/03\/safe-tours-.png\" class=\"w-10 float-left mr-2\" alt=\"bg home\">\n                                        <div class=\"inline-block\">\n                                            <span class=\"font-nunito text-gray-900 font-bold text-sm inline-block\"> Safe<\/span>\n                                            <span class=\"font-nunito text-xs block font-bold text-gray-500\"> EXCURSIONS<\/span>\n                                        <\/div>\n\n                                        <\/div>\n\n                                                    \n                        \n                        \n               \n            <\/div>\n            \n<\/div>\n\n\n\n\n<div class=\"wp-block-columns is-layout-flex wp-container-core-columns-is-layout-9d6595d7 wp-block-columns-is-layout-flex\">\n<div class=\"wp-block-column is-layout-flow wp-block-column-is-layout-flow\" style=\"flex-basis:75%\">\n<p>Besuche das <strong>historische Zentrum von Lima&nbsp;<\/strong>mit einer&nbsp;<strong>ma\u00dfgeschneiderten Privattour<\/strong>. Du wirst die ber\u00fchmtesten Stra\u00dfen und Pl\u00e4tze sowie emblematische Monumente wie&nbsp;<strong>La Casa Aliaga <\/strong>und <strong>Catacumbas de San Francisco<\/strong>&nbsp;aus der Zeit des Vizek\u00f6nigreichs Peru (XVI., XVII. und XVIII. Jahrhundert) entdecken.&nbsp;<\/p>\n\n\n<div class=\"text-left -mt-2 mb-4 mr-4\" id=\"leer_mas_6a9be35dd6c33\"><div class=\"leer-mas-contenido pt-2\" style=\"display: none;\"><\/p>\n\n\n\n<p>Wenn du nicht wei\u00dft, wie du zu unserem Treffpunkt im historischen Zentrum von Lima kommst, wir organisieren von Miraflores, Barranco, San Miguel und San Isidro&nbsp;die Abholung von deinem Hotel mit einem Reiseleiter&nbsp;und einem vom Ministerium f\u00fcr Au\u00dfenhandel und Tourismus zugelassenen Privatfahrzeug, z. B. einem H1, Van, Mercedes-Benz oder Renault, je nachdem, wie viele Mitglieder deine Gruppe hat.<\/p>\n\n\n<p><\/div><a href=\"#\" class=\"leer-mas-boton underline\">Mehr lesen<\/a><\/div><script>\n        jQuery(document).ready(function($){\n            $(\"#leer_mas_6a9be35dd6c33 .leer-mas-boton\").click(function(e){\n                e.preventDefault();\n                $(\"#leer_mas_6a9be35dd6c33 .leer-mas-contenido\").fadeToggle(\"slow\");\n                if ($(this).text() === \"Mehr lesen\") {\n                    $(this).text(\"Verstecken\");\n                } else {\n                    $(this).text(\"Mehr lesen\");\n                }\n            });\n        });\n    <\/script>\n\n\n<div class=\"responsive-tabs\">\n<h2 class=\"tabtitle\"><span class=\"fa fa-th-list\"><\/span>ROUTE<\/h2>\n<div class=\"tabcontent\">\n\n\n\n\n<div class=\"wp-block-advgb-accordions advgb-accordions-a0df037d-b7f1-4c38-a64a-8999f97bb924 advgb-accordion-wrapper\" data-collapsed=\"true\">\n<div class=\"wp-block-advgb-accordion-item advgb-accordion-item\" style=\"margin-bottom:15px\"><div class=\"advgb-accordion-header\" style=\"background-color:#daec9c;color:#000000;border-style:solid;border-width:1px;border-radius:2px\"><span class=\"advgb-accordion-header-icon accordion-state\"><svg class=\"advgb-icon-closed\" fill=\"#ffffff\" xmlns=\"http:\/\/www.w3.org\/2000\/svg\" width=\"24\" height=\"24\" viewBox=\"0 0 24 24\"><path fill=\"none\" d=\"M0,0h24v24H0V0z\"><\/path><path d=\"M19,13h-6v6h-2v-6H5v-2h6V5h2v6h6V13z\"><\/path><\/svg><svg class=\"advgb-icon-opened\" fill=\"#ffffff\" xmlns=\"http:\/\/www.w3.org\/2000\/svg\" width=\"24\" height=\"24\" viewBox=\"0 0 24 24\"><path fill=\"none\" d=\"M0,0h24v24H0V0z\"><\/path><path d=\"M19,13H5v-2h14V13z\"><\/path><\/svg><\/span><h4 class=\"advgb-accordion-header-title\" style=\"color:inherit\">Treffpunkt<\/h4><\/div><div class=\"advgb-accordion-body\" style=\"border-style:solid !important;border-width:1px !important;border-color:undefined !important;border-top:none !important;border-radius:2px !important\">\n<ul class=\"wp-block-list\">\n<li>Vor der <a href=\"https:\/\/goo.gl\/maps\/1zM7sYJbjSrN7j4P9\" target=\"_blank\" rel=\"noreferrer noopener nofollow\">Kirche La Merced<\/a> um 9:00, 14:00 oder zu einem anderen gew\u00fcnschten Zeitpunkt.<\/li>\n\n\n\n<li>Pick-ups and drop-offs auf Anfrage.<\/li>\n\n\n\n<li>Bitte lesen Sie alle Tabs.<\/li>\n<\/ul>\n<\/div><\/div>\n\n\n\n<div class=\"wp-block-advgb-accordion-item advgb-accordion-item\" style=\"margin-bottom:15px\"><div class=\"advgb-accordion-header\" style=\"background-color:#daec9c;color:#000000;border-style:solid;border-width:1px;border-radius:2px\"><span class=\"advgb-accordion-header-icon accordion-state\"><svg class=\"advgb-icon-closed\" fill=\"#ffffff\" xmlns=\"http:\/\/www.w3.org\/2000\/svg\" width=\"24\" height=\"24\" viewBox=\"0 0 24 24\"><path fill=\"none\" d=\"M0,0h24v24H0V0z\"><\/path><path d=\"M19,13h-6v6h-2v-6H5v-2h6V5h2v6h6V13z\"><\/path><\/svg><svg class=\"advgb-icon-opened\" fill=\"#ffffff\" xmlns=\"http:\/\/www.w3.org\/2000\/svg\" width=\"24\" height=\"24\" viewBox=\"0 0 24 24\"><path fill=\"none\" d=\"M0,0h24v24H0V0z\"><\/path><path d=\"M19,13H5v-2h14V13z\"><\/path><\/svg><\/span><h4 class=\"advgb-accordion-header-title\" style=\"color:inherit\">Jir\u00f3n de la Uni\u00f3n<\/h4><\/div><div class=\"advgb-accordion-body\" style=\"border-style:solid !important;border-width:1px !important;border-color:undefined !important;border-top:none !important;border-radius:2px !important\">\n<p>W\u00e4hrend der Zeit des Vizek\u00f6nigreichs Peru auch als Stra\u00dfe der H\u00e4ndler bekannt.<\/p>\n<\/div><\/div>\n\n\n\n<div class=\"wp-block-advgb-accordion-item advgb-accordion-item\" style=\"margin-bottom:15px\"><div class=\"advgb-accordion-header\" style=\"background-color:#daec9c;color:#000000;border-style:solid;border-width:1px;border-radius:2px\"><span class=\"advgb-accordion-header-icon accordion-state\"><svg class=\"advgb-icon-closed\" fill=\"#ffffff\" xmlns=\"http:\/\/www.w3.org\/2000\/svg\" width=\"24\" height=\"24\" viewBox=\"0 0 24 24\"><path fill=\"none\" d=\"M0,0h24v24H0V0z\"><\/path><path d=\"M19,13h-6v6h-2v-6H5v-2h6V5h2v6h6V13z\"><\/path><\/svg><svg class=\"advgb-icon-opened\" fill=\"#ffffff\" xmlns=\"http:\/\/www.w3.org\/2000\/svg\" width=\"24\" height=\"24\" viewBox=\"0 0 24 24\"><path fill=\"none\" d=\"M0,0h24v24H0V0z\"><\/path><path d=\"M19,13H5v-2h14V13z\"><\/path><\/svg><\/span><h4 class=\"advgb-accordion-header-title\" style=\"color:inherit\">Das Haus der Fotografie von Eugenio Courret \u2014 Au\u00dfenbesichtigung<\/h4><\/div><div class=\"advgb-accordion-body\" style=\"border-style:solid !important;border-width:1px !important;border-color:undefined !important;border-top:none !important;border-radius:2px !important\"><\/div><\/div>\n\n\n\n<div class=\"wp-block-advgb-accordion-item advgb-accordion-item\" style=\"margin-bottom:15px\"><div class=\"advgb-accordion-header\" style=\"background-color:#daec9c;color:#000000;border-style:solid;border-width:1px;border-radius:2px\"><span class=\"advgb-accordion-header-icon accordion-state\"><svg class=\"advgb-icon-closed\" fill=\"#ffffff\" xmlns=\"http:\/\/www.w3.org\/2000\/svg\" width=\"24\" height=\"24\" viewBox=\"0 0 24 24\"><path fill=\"none\" d=\"M0,0h24v24H0V0z\"><\/path><path d=\"M19,13h-6v6h-2v-6H5v-2h6V5h2v6h6V13z\"><\/path><\/svg><svg class=\"advgb-icon-opened\" fill=\"#ffffff\" xmlns=\"http:\/\/www.w3.org\/2000\/svg\" width=\"24\" height=\"24\" viewBox=\"0 0 24 24\"><path fill=\"none\" d=\"M0,0h24v24H0V0z\"><\/path><path d=\"M19,13H5v-2h14V13z\"><\/path><\/svg><\/span><h4 class=\"advgb-accordion-header-title\" style=\"color:inherit\">Die Plaza de Armas und Umgebung  \u2014 Au\u00dfenbesichtigung<\/h4><\/div><div class=\"advgb-accordion-body\" style=\"border-style:solid !important;border-width:1px !important;border-color:undefined !important;border-top:none !important;border-radius:2px !important\">\n<p>La Pileta de Agua, Casa del Oidor Pr\u00e4sidentenpalast, Kathedrale und Stadtpalast<\/p>\n<\/div><\/div>\n\n\n\n<div class=\"wp-block-advgb-accordion-item advgb-accordion-item\" style=\"margin-bottom:15px\"><div class=\"advgb-accordion-header\" style=\"background-color:#daec9c;color:#000000;border-style:solid;border-width:1px;border-radius:2px\"><span class=\"advgb-accordion-header-icon accordion-state\"><svg class=\"advgb-icon-closed\" fill=\"#ffffff\" xmlns=\"http:\/\/www.w3.org\/2000\/svg\" width=\"24\" height=\"24\" viewBox=\"0 0 24 24\"><path fill=\"none\" d=\"M0,0h24v24H0V0z\"><\/path><path d=\"M19,13h-6v6h-2v-6H5v-2h6V5h2v6h6V13z\"><\/path><\/svg><svg class=\"advgb-icon-opened\" fill=\"#ffffff\" xmlns=\"http:\/\/www.w3.org\/2000\/svg\" width=\"24\" height=\"24\" viewBox=\"0 0 24 24\"><path fill=\"none\" d=\"M0,0h24v24H0V0z\"><\/path><path d=\"M19,13H5v-2h14V13z\"><\/path><\/svg><\/span><h4 class=\"advgb-accordion-header-title\" style=\"color:inherit\">Wachabl\u00f6sung \u2014 optional<\/h4><\/div><div class=\"advgb-accordion-body\" style=\"border-style:solid !important;border-width:1px !important;border-color:undefined !important;border-top:none !important;border-radius:2px !important\">\n<p>Die Wachabl\u00f6sung findet um 12:00 Uhr statt; es kann jedoch zu Ausf\u00e4llen kommen, weshalb wir dieses Ereignis nicht garantieren k\u00f6nnen.<\/p>\n<\/div><\/div>\n\n\n\n<div class=\"wp-block-advgb-accordion-item advgb-accordion-item\" style=\"margin-bottom:15px\"><div class=\"advgb-accordion-header\" style=\"background-color:#daec9c;color:#000000;border-style:solid;border-width:1px;border-radius:2px\"><span class=\"advgb-accordion-header-icon accordion-state\"><svg class=\"advgb-icon-closed\" fill=\"#ffffff\" xmlns=\"http:\/\/www.w3.org\/2000\/svg\" width=\"24\" height=\"24\" viewBox=\"0 0 24 24\"><path fill=\"none\" d=\"M0,0h24v24H0V0z\"><\/path><path d=\"M19,13h-6v6h-2v-6H5v-2h6V5h2v6h6V13z\"><\/path><\/svg><svg class=\"advgb-icon-opened\" fill=\"#ffffff\" xmlns=\"http:\/\/www.w3.org\/2000\/svg\" width=\"24\" height=\"24\" viewBox=\"0 0 24 24\"><path fill=\"none\" d=\"M0,0h24v24H0V0z\"><\/path><path d=\"M19,13H5v-2h14V13z\"><\/path><\/svg><\/span><h4 class=\"advgb-accordion-header-title\" style=\"color:inherit\">Casa Aliaga \u2014 Innenbesichtigung<\/h4><\/div><div class=\"advgb-accordion-body\" style=\"border-style:solid !important;border-width:1px !important;border-color:undefined !important;border-top:none !important;border-radius:2px !important\">\n<p>Das Geb\u00e4ude aus der Kolonialzeit wurde 1535 erbaut (im selben Jahr, in dem die Spanier Lima gr\u00fcndeten) und geh\u00f6rte einem der Konquistadoren: Kapit\u00e4n Jeronimo de Aliaga y Ramirez; noch heute leben die Nachkommen dieser Familie in diesem kolonialen Juwel.<\/p>\n<\/div><\/div>\n\n\n\n<div class=\"wp-block-advgb-accordion-item advgb-accordion-item\" style=\"margin-bottom:15px\"><div class=\"advgb-accordion-header\" style=\"background-color:#daec9c;color:#000000;border-style:solid;border-width:1px;border-radius:2px\"><span class=\"advgb-accordion-header-icon accordion-state\"><svg class=\"advgb-icon-closed\" fill=\"#ffffff\" xmlns=\"http:\/\/www.w3.org\/2000\/svg\" width=\"24\" height=\"24\" viewBox=\"0 0 24 24\"><path fill=\"none\" d=\"M0,0h24v24H0V0z\"><\/path><path d=\"M19,13h-6v6h-2v-6H5v-2h6V5h2v6h6V13z\"><\/path><\/svg><svg class=\"advgb-icon-opened\" fill=\"#ffffff\" xmlns=\"http:\/\/www.w3.org\/2000\/svg\" width=\"24\" height=\"24\" viewBox=\"0 0 24 24\"><path fill=\"none\" d=\"M0,0h24v24H0V0z\"><\/path><path d=\"M19,13H5v-2h14V13z\"><\/path><\/svg><\/span><h4 class=\"advgb-accordion-header-title\" style=\"color:inherit\">Katakomben der Kirche von San Francisco \u2014 Innenbesichtigung<\/h4><\/div><div class=\"advgb-accordion-body\" style=\"border-style:solid !important;border-width:1px !important;border-color:undefined !important;border-top:none !important;border-radius:2px !important\">\n<p>Entdecke die ber\u00fchmtesten Katakomben Perus, 100% Geschichte aus der Kolonialzeit.<\/p>\n<\/div><\/div>\n\n\n\n<div class=\"wp-block-advgb-accordion-item advgb-accordion-item\" style=\"margin-bottom:15px\"><div class=\"advgb-accordion-header\" style=\"background-color:#daec9c;color:#000000;border-style:solid;border-width:1px;border-radius:2px\"><span class=\"advgb-accordion-header-icon accordion-state\"><svg class=\"advgb-icon-closed\" fill=\"#ffffff\" xmlns=\"http:\/\/www.w3.org\/2000\/svg\" width=\"24\" height=\"24\" viewBox=\"0 0 24 24\"><path fill=\"none\" d=\"M0,0h24v24H0V0z\"><\/path><path d=\"M19,13h-6v6h-2v-6H5v-2h6V5h2v6h6V13z\"><\/path><\/svg><svg class=\"advgb-icon-opened\" fill=\"#ffffff\" xmlns=\"http:\/\/www.w3.org\/2000\/svg\" width=\"24\" height=\"24\" viewBox=\"0 0 24 24\"><path fill=\"none\" d=\"M0,0h24v24H0V0z\"><\/path><path d=\"M19,13H5v-2h14V13z\"><\/path><\/svg><\/span><h4 class=\"advgb-accordion-header-title\" style=\"color:inherit\">Endpunkt\u00a0<\/h4><\/div><div class=\"advgb-accordion-body\" style=\"border-style:solid !important;border-width:1px !important;border-color:undefined !important;border-top:none !important;border-radius:2px !important\">\n<p>Wir beenden diese private Tour in der N\u00e4he der Plaza de Armas. Auf exklusiven Wunsch k\u00f6nnen wir die Tour auch an deinem Hotel beenden.<\/p>\n<\/div><\/div>\n<\/div>\n\n\n\n<\/div><h2 class=\"tabtitle\"><span class=\"fa fa-credit-card\"><\/span>PREIS<\/h2>\n<div class=\"tabcontent\">\n\n\n\n\n<p>Die Preise in der Tabelle sind:<\/p>\n\n\n\n<ul class=\"wp-block-list\">\n<li>Pro Person in US-Dollar ($).<\/li>\n\n\n\n<li>Pers. = Personen.<\/li>\n<\/ul>\n\n\n\n<figure class=\"wp-block-table\"><table><thead><tr><th class=\"has-text-align-center\" data-align=\"center\" rowspan=\"2\">Pers.<\/th><th class=\"has-text-align-center\" data-align=\"center\" colspan=\"4\">Private F\u00fchrung mit<\/th><\/tr><tr><th class=\"has-text-align-center\" data-align=\"center\">Meeting point<\/th><th class=\"has-text-align-center\" data-align=\"center\">Pick-up<\/th><th class=\"has-text-align-center\" data-align=\"center\" colspan=\"2\">Pick-up und Drop-off<\/th><\/tr><\/thead><tbody><tr><td class=\"has-text-align-center\" data-align=\"center\">1<\/td><td class=\"has-text-align-center\" data-align=\"center\">$80<\/td><td class=\"has-text-align-center\" data-align=\"center\">$120<\/td><td class=\"has-text-align-center\" data-align=\"center\" colspan=\"2\">$160<\/td><\/tr><tr><td class=\"has-text-align-center\" data-align=\"center\">2<\/td><td class=\"has-text-align-center\" data-align=\"center\">$40<\/td><td class=\"has-text-align-center\" data-align=\"center\">$60<\/td><td class=\"has-text-align-center\" data-align=\"center\" colspan=\"2\">$80<\/td><\/tr><tr><td class=\"has-text-align-center\" data-align=\"center\">3<\/td><td class=\"has-text-align-center\" data-align=\"center\">$30<\/td><td class=\"has-text-align-center\" data-align=\"center\">$45<\/td><td class=\"has-text-align-center\" data-align=\"center\" colspan=\"2\">$60<\/td><\/tr><tr><td class=\"has-text-align-center\" data-align=\"center\">4<\/td><td class=\"has-text-align-center\" data-align=\"center\">$20<\/td><td class=\"has-text-align-center\" data-align=\"center\">$35<\/td><td class=\"has-text-align-center\" data-align=\"center\" colspan=\"2\">$45<\/td><\/tr><tr><td class=\"has-text-align-center\" data-align=\"center\">5<\/td><td class=\"has-text-align-center\" data-align=\"center\">$18<\/td><td class=\"has-text-align-center\" data-align=\"center\">$30<\/td><td class=\"has-text-align-center\" data-align=\"center\" colspan=\"2\">$35<\/td><\/tr><\/tbody><\/table><figcaption class=\"wp-element-caption\">Wenn Ihre Gruppe gr\u00f6\u00dfer als 5 Personen ist, lassen Sie es uns einfach wissen!<\/figcaption><\/figure>\n\n\n\n<\/div><h2 class=\"tabtitle\"><span class=\"fa fa-pencil-square-o\"><\/span>EINZELHEITEN<\/h2>\n<div class=\"tabcontent\">\n\n\n\n\n<p><i class=\"far fa-clock\"><\/i> <strong>Zeitpl\u00e4ne:<\/strong> <\/p>\n\n\n\n<figure class=\"wp-block-table\"><table><thead><tr><th>Mit<\/th><th>Zeitpl\u00e4ne<\/th><th class=\"has-text-align-center\" data-align=\"center\">Tage<\/th><\/tr><\/thead><tbody><tr><td>Meeting point<\/td><td>\u2013 09:00 bis 12:00 Uhr<br>\u2013 14:00 bis 17:00 Uhr<\/td><td class=\"has-text-align-center\" data-align=\"center\" rowspan=\"3\">T\u00e4glich<\/td><\/tr><tr><td>Pick-up<\/td><td>\u2013 09:00 bis 13:00 Uhr<br>\u2013 14:00 bis 18:00 Uhr<\/td><\/tr><tr><td>Pick-up and drop-off<\/td><td>\u2013 09:00 bis 14:00 Uhr<br>\u2013 14:00 bis 19:00 Uhr<\/td><\/tr><tr><td colspan=\"3\">Andere Zeitpl\u00e4ne sind auf Anfrage erh\u00e4ltlich.<\/td><\/tr><\/tbody><\/table><\/figure>\n\n\n\n<p><i class=\"far fa-comment\"><\/i> <strong>Sprache:<\/strong>  <\/p>\n\n\n\n<ul class=\"wp-block-list\">\n<li>Spanisch, Englisch.<\/li>\n\n\n\n<li>Andere Sprachen:\n<ul class=\"wp-block-list\">\n<li>Auf Anfrage verf\u00fcgbar.<\/li>\n\n\n\n<li>Die Preise werden sich \u00e4ndern.<\/li>\n<\/ul>\n<\/li>\n<\/ul>\n\n\n\n<p><i class=\"fab fa-accessible-icon\"><\/i> <strong>Zug\u00e4nglichkeit: <\/strong>Nicht geeignet f\u00fcr Personen mit eingeschr\u00e4nkter Mobilit\u00e4t.<\/p>\n\n\n\n<p><i class=\"far fa-check-circle\"><\/i> <strong>Inklusive:<\/strong> <\/p>\n\n\n\n<ul class=\"wp-block-list\">\n<li>Professioneller Reiseleiter.<\/li>\n\n\n\n<li>Auf Anfrage:\n<ul class=\"wp-block-list\">\n<li>Pick-up von Ihrem Hotel.<\/li>\n\n\n\n<li>Drop-off zu Ihrem Hotel.<\/li>\n<\/ul>\n<\/li>\n<\/ul>\n\n\n\n<p><i class=\"far fa-times-circle\"><\/i> <strong>Nicht enthalten:<\/strong><\/p>\n\n\n\n<ul class=\"wp-block-list\">\n<li>Eintrittskarten f\u00fcr die Casa Aliaga: 35 Soles pp.<\/li>\n\n\n\n<li>Eintrittskarten f\u00fcr die Katakomben: 20 Soles pp.<\/li>\n\n\n\n<li>Trinkgeld (optional).<\/li>\n<\/ul>\n\n\n\n<p><i class=\"far fa-hand-paper\"><\/i> <strong>Was bringe ich mit?<\/strong><\/p>\n\n\n\n<ul class=\"wp-block-list\">\n<li>April-Nov:\n<ul class=\"wp-block-list\">\n<li>Pullover<\/li>\n<\/ul>\n<\/li>\n\n\n\n<li>Dez-M\u00e4rz:\n<ul class=\"wp-block-list\">\n<li>Sonnenschutz<\/li>\n\n\n\n<li>Sonnenbrille<\/li>\n\n\n\n<li>H\u00fcte<\/li>\n\n\n\n<li>Eine Flasche Wasser<\/li>\n<\/ul>\n<\/li>\n\n\n\n<li>Lokale W\u00e4hrung f\u00fcr Ihre Eintrittskarten.<\/li>\n<\/ul>\n\n\n\n<p> <i class=\"fab fa-whatsapp\"><\/i> <strong>WhatsApp<\/strong>: <\/p>\n\n\n\n<ul class=\"wp-block-list\">\n<li><a href=\"https:\/\/api.whatsapp.com\/send?phone=51958745640&amp;text=Hello%20FWTP,%20can%20you%20help%20me,%20please?\" target=\"_blank\" rel=\"noreferrer noopener nofollow\">+51 958745640&nbsp;<\/a><\/li>\n\n\n\n<li><a href=\"https:\/\/api.whatsapp.com\/send?phone=51984479073&amp;text=Hello%20FWTP,%20can%20you%20help%20me,%20please?\" target=\"_blank\" rel=\"noreferrer noopener nofollow\">+51 984479073<\/a><\/li>\n<\/ul>\n\n\n\n<\/div><h2 class=\"tabtitle\"><span class=\"fa fa-calendar\"><\/span>NOTIZ<\/h2>\n<div class=\"tabcontent\">\n\n\n\n\n<div class=\"wp-block-bloque-acordeon-acordeon-container acordeon-container\">\n<div class=\"wp-block-bloque-acordeon-acordeon-item acordeon-item\"><h4 class=\"acordeon-titulo\">Pick-ups und Zeiten<\/h4><div class=\"acordeon-contenido\">\n<p>Gruppenf\u00fchrungen:<\/p>\n\n\n\n<ul class=\"wp-block-list\">\n<li>Alle pick-ups (Abholungen) erfolgen p\u00fcnktlich.<\/li>\n\n\n\n<li>Pick-ups gelten nur f\u00fcr Hotels in Miraflores, Barranco, San Isidro, La Victoria und Lima; f\u00fcr andere Stadtteile f\u00e4llt ein zus\u00e4tzlicher Kosten an.<\/li>\n\n\n\n<li>Wir werden alle Abholungen einen Tag vor Ihrer Tour arrangieren.<\/li>\n\n\n\n<li>Die Endzeit der Tour ist immer noch ungef\u00e4hrlich, aber wir werden unser Bestes tun, um die Tour wie geplant zu beenden.<\/li>\n<\/ul>\n<\/div><\/div>\n\n\n\n<div class=\"wp-block-bloque-acordeon-acordeon-item acordeon-item\"><h4 class=\"acordeon-titulo\">Fahrzeugtyp <\/h4><div class=\"acordeon-contenido\">\n<ul class=\"wp-block-list\">\n<li>Autorisiert durch das Ministerium f\u00fcr Verkehr von Peru.<\/li>\n\n\n\n<li>Sauber und modern.<\/li>\n\n\n\n<li>Sedan looking auto, 4\u00d74, H1, Van, Renault and Mercedez Benz (Es wird von der Gruppengr\u00f6\u00dfe abh\u00e4ngen).<\/li>\n<\/ul>\n<\/div><\/div>\n\n\n\n<div class=\"wp-block-bloque-acordeon-acordeon-item acordeon-item\"><h4 class=\"acordeon-titulo\">Erm\u00e4\u00dfigte Eintrittskarten<\/h4><div class=\"acordeon-contenido\">\n<p>Kinder, Minderj\u00e4hrige und Studenten k\u00f6nnen Erm\u00e4\u00dfigungen erhalten, jedoch ist ein offizieller Ausweis erforderlich, um dies nachzuweisen.<\/p>\n\n\n\n<ul class=\"wp-block-list\">\n<li>Kinder und Minderj\u00e4hrige: Bringen Sie ihren offiziellen Reisepass mit, um ihr Alter nachzuweisen.<\/li>\n\n\n\n<li>Studenten: Bringen Sie Ihren offiziellen Reisepass und einen von der Regierung ausgestellten Ausweis mit.<\/li>\n<\/ul>\n<\/div><\/div>\n\n\n\n<div class=\"wp-block-bloque-acordeon-acordeon-item acordeon-item\"><h4 class=\"acordeon-titulo\">Betriebsf\u00e4higkeit und Reiseplan<\/h4><div class=\"acordeon-contenido\">\n<p>Diese Tour kann ohne vorherige Ank\u00fcndigung variieren, aufgrund von Wetterbedingungen, Streiks und anderen Ereignissen, die den normalen Tourbetrieb nicht erm\u00f6glichen. Bitte beachten Sie auch unsere&nbsp;<a href=\"https:\/\/freewalkingtoursperu.com\/de\/bedingungen-konditionen\/\" target=\"_blank\" rel=\"noreferrer noopener\">Gesch\u00e4ftsbedingungen<\/a>.<a href=\"https:\/\/www.forbes.com\/sites\/laurabegleybloom\/2018\/12\/18\/the-cheapest-places-to-travel-in-2019\/?sh=21becc0e787a\"><\/a><\/p>\n<\/div><\/div>\n<\/div>\n\n\n\n<\/div><h2 class=\"tabtitle\"><span class=\"fa fa-calendar\"><\/span>STORNIERUNGEN<\/h2>\n<div class=\"tabcontent\">\n\n\n\n\n<p>Die Stornierung der Tour ist kostenlos, solange Sie dies mindestens 48 Stunden im Voraus tun. Andernfalls berechnen wir 100 % des Tourpreises. Bitte beachten Sie auch unsere <a href=\"https:\/\/freewalkingtoursperu.com\/de\/bedingungen-konditionen\/\" target=\"_blank\" rel=\"noreferrer noopener\">Gesch\u00e4ftsbedingungen<\/a>. <\/p>\n\n\n\n<\/div><h2 class=\"urltab\"><a href=\"#reviews\"><span class=\"fa fa-comments-o\"><\/span>BEWERTUNGEN<\/a><\/h2>\n<div class=\"tabcontent\">\n\n\n\n\n<p>Bitte scrollen Sie nach unten, um die Bewertungen zu sehen.<\/p>\n\n\n<\/div><\/div>\n<\/div>\n\n\n\n<div class=\"wp-block-column is-layout-flow wp-block-column-is-layout-flow\" style=\"flex-basis:25%\">\n<div class=\"wp-block-group\"><div class=\"wp-block-group__inner-container is-layout-constrained wp-block-group-is-layout-constrained\"><div class='mb-10'>\n\t    \n\t\t<div class='flex gap-1'>\n\t\t\t\t<div class='flex-auto'>\n\t\t\t\t\t<a href='https:\/\/www.forbes.com\/sites\/laurabegleybloom\/2018\/12\/18\/the-cheapest-places-to-travel-in-2019\/?sh=21becc0e787a'><img src=https:\/\/freewalkingtoursperu.com\/wp-content\/themes\/fwtp\/img\/logo-forbes.png alt='logo forbes' class='w-full h-auto xl:h-12'><\/a>\n\t\t\t\t<\/div>\n\t\t\t\t<div class='flex-auto'>\n\t\t\t\t\t<a href='https:\/\/goo.gl\/maps\/FhNr5D6qmpcDwfTPA'><img src=https:\/\/freewalkingtoursperu.com\/wp-content\/themes\/fwtp\/img\/logo-tripadvisor.png alt='logo tripadvisor' class='w-full h-auto xl:h-12'><\/a>\n\t\t\t\t<\/div>\n\t\t<\/div>\n\t\t<div class='text-center'>\n\t\t\t<a href='#'><img src=https:\/\/freewalkingtoursperu.com\/wp-content\/themes\/fwtp\/img\/logo-free-walking-tours-peru-ministerio-turismo.png width='100%' alt='logo ministerio del comercio exterior' class='mt-1'><\/a>\n\t\t<\/div>\n\n\t <\/div>\n\n\n\n<!--Markup for citys-->\n\n<div id=\"tour-block_902c2f3024532e8f8dd25b7906db45de\" class=\"tour\">\n\n            <div class=''>\n\t            <div class='flex rounded-t shadow'>\n\t\t\t        <div class='px-3 py-2 rounded-tl bg-black text-white text-lg mb-0  font-semibold font-nunito'>Keine Zuschl\u00e4ge<\/div>\n\t\t\t        <div class='px-1 py-2 rounded-tr flex-auto font-nunito font-semibold bg-fwtp text-lg text-black  mb-0 text-center'>Ab $40<\/div>\n\t\t\t    <\/div>\n\t        <\/div>\n<\/div>\n\n\n\n\n<div class=\"wpcf7 no-js\" id=\"wpcf7-f22682-o1\" lang=\"en-US\" dir=\"ltr\" data-wpcf7-id=\"22682\">\n<div class=\"screen-reader-response\"><p role=\"status\" aria-live=\"polite\" aria-atomic=\"true\"><\/p> <ul><\/ul><\/div>\n<form action=\"\/de\/wp-json\/wp\/v2\/pages\/22635#wpcf7-f22682-o1\" method=\"post\" class=\"wpcf7-form init\" aria-label=\"Contact form\" novalidate=\"novalidate\" data-status=\"init\">\n<fieldset class=\"hidden-fields-container\"><input type=\"hidden\" name=\"_wpcf7\" value=\"22682\" \/><input type=\"hidden\" name=\"_wpcf7_version\" value=\"6.1.7\" \/><input type=\"hidden\" name=\"_wpcf7_locale\" value=\"en_US\" \/><input type=\"hidden\" name=\"_wpcf7_unit_tag\" value=\"wpcf7-f22682-o1\" \/><input type=\"hidden\" name=\"_wpcf7_container_post\" value=\"0\" \/><input type=\"hidden\" name=\"_wpcf7_posted_data_hash\" value=\"\" \/><input type=\"hidden\" name=\"_wpcf7dtx_version\" value=\"5.0.7\" \/>\n<\/fieldset>\n<input class=\"wpcf7-form-control wpcf7-hidden\" value=\"19\" type=\"hidden\" name=\"Id_Walks\" \/>\n<input class=\"wpcf7-form-control wpcf7-hidden\" value=\"5b73e4322fb31e9d7a4b7726239a4febe5a2c9f4\" type=\"hidden\" name=\"Ncode\" \/>\n<div id=\"form\" class=\"box-form border rounded-bottom shadow bg-white p-3\">\n      <span class=\"wpcf7-form-control-wrap page-title\" data-name=\"page-title\"><input type=\"hidden\" name=\"page-title\" class=\"wpcf7-form-control wpcf7-hidden wpcf7dtx wpcf7dtx-hidden\" aria-invalid=\"false\" value=\"Private Wandertour durch das alte Lima\u00a0\"><\/span>\n<div class=\"form-group\">\n           <span class=\"wpcf7-form-control-wrap page-title\" data-name=\"page-title\"><input type=\"text\" name=\"page-title\" class=\"wpcf7-form-control wpcf7-text wpcf7dtx wpcf7dtx-text form-control form-control-sm\" aria-invalid=\"false\" value=\"Private Wandertour durch das alte Lima\u00a0\"><\/span>\n      <\/div>\n      <div class=\"form-group\">\n        <p>Datum: <span class=\"wpcf7-form-control-wrap\" data-name=\"date-free\"><input size=\"40\" maxlength=\"400\" class=\"wpcf7-form-control wpcf7-text form-control form-control-sm fwt\" aria-invalid=\"false\" placeholder=\"dd\/mm\/yyyy\" value=\"\" type=\"text\" name=\"date-free\" \/><\/span><\/p>\n       <\/div>\n      <div class=\"form-group\">\n         <span class=\"wpcf7-form-control-wrap\" data-name=\"size\"><select class=\"wpcf7-form-control wpcf7-select wpcf7-validates-as-required form-control form-control-sm\" aria-required=\"true\" aria-invalid=\"false\" name=\"size\"><option value=\"\">Wie viele Personen sind in deiner Gruppe?<\/option><option value=\"1\">1<\/option><option value=\"2\">2<\/option><option value=\"3\">3<\/option><option value=\"4\">4<\/option><option value=\"5\">5<\/option><option value=\"6\">6<\/option><option value=\"7\">7<\/option><option value=\"8\">8<\/option><option value=\"9\">9<\/option><option value=\"10\">10<\/option><\/select><\/span>\n      <\/div>\n       <div class=\"form-group\">\n        <span class=\"wpcf7-form-control-wrap\" data-name=\"name-free\"><input size=\"40\" maxlength=\"400\" class=\"wpcf7-form-control wpcf7-text wpcf7-validates-as-required form-control form-control-sm\" aria-required=\"true\" aria-invalid=\"false\" placeholder=\"Vor- und Nachname\" value=\"\" type=\"text\" name=\"name-free\" \/><\/span>\n      <\/div>\n      <div class=\"form-group\">\n          <span class=\"wpcf7-form-control-wrap\" data-name=\"email-free\"><input size=\"40\" maxlength=\"400\" class=\"wpcf7-form-control wpcf7-email wpcf7-validates-as-required wpcf7-text wpcf7-validates-as-email form-control form-control-sm\" aria-required=\"true\" aria-invalid=\"false\" placeholder=\"E-Mail\" value=\"\" type=\"email\" name=\"email-free\" \/><\/span>\n      <\/div>\n<div class=\"form-group\">\n          <span class=\"wpcf7-form-control-wrap\" data-name=\"Whatsapp\"><input size=\"40\" class=\"wpcf7-form-control wpcf7-phonetext wpcf7-validates-as-required wpcf7-text wpcf7-validates-as-phonetext form-control form-control-sm\" aria-required=\"true\" aria-invalid=\"false\" placeholder=\"Whatsapp\" value=\"\" type=\"text\" name=\"Whatsapp\" \/><input type=\"hidden\" name=\"Whatsapp-country-code\" class=\"wpcf7-phonetext-country-code\" \/><\/span>\n      <\/div>\n       <div class=\"form-group\">\n         <span class=\"wpcf7-form-control-wrap\" data-name=\"your-message\"><textarea cols=\"7\" rows=\"5\" maxlength=\"2000\" class=\"wpcf7-form-control wpcf7-textarea form-control form-control-sm\" aria-invalid=\"false\" placeholder=\"Schreibe hier alle zus\u00e4tzlichen Informationen: Hotel, Wunsch nach einer privaten Tour, zus\u00e4tzliche Touren, Kinder, \u00e4ltere Menschen usw.\" name=\"your-message\"><\/textarea><\/span>\n      <\/div>\n        <div class=\"form-group text-center\">\n          <p class=\"text-center\"><input class=\"wpcf7-form-control wpcf7-submit has-spinner btn btn-lg px-5 btn-free\" type=\"submit\" value=\"Hol dir ein Angebot\" \/><\/p>\n          \n        <\/div>\n\n<\/div><div class=\"wpcf7-response-output\" aria-hidden=\"true\"><\/div>\n<\/form>\n<\/div>\n\n<\/div><\/div>\n<\/div>\n<\/div>\n\n\n<div class='bg-white border p-3 shadow my-3' id='reviews' ><\/p>\n\n\n\n<h2 class=\"wp-block-heading\" id=\"reviews-009bf618-1525-4de9-95e4-c35333e5f797\">Soziale Medien<\/h2>\n\n\n\n<p>\u2b50<a href=\"https:\/\/goo.gl\/maps\/FhNr5D6qmpcDwfTPA\" target=\"_blank\" rel=\"noreferrer noopener\">Google Maps:<\/a> 1200 Bewertungen <strong>|<\/strong> \u2b50<a href=\"https:\/\/www.tripadvisor.com.pe\/Attraction_Review-g294316-d19513018-Reviews-Free_Walking_Tours_Peru-Lima_Lima_Region.html\" target=\"_blank\" rel=\"noreferrer noopener\">TripAdvisor:<\/a> 500 Bewertungen <strong>|<\/strong> \u2b50<a href=\"https:\/\/www.facebook.com\/limafreewalkingtour\/\" target=\"_blank\" rel=\"noreferrer noopener\">Facebook:<\/a> 50 Bewertungen <strong>|<\/strong> \u2b50<a href=\"https:\/\/www.instagram.com\/limafreewalkingtours\/\" target=\"_blank\" rel=\"noreferrer noopener\">Instagram:<\/a> 6000 Followers <strong>|<\/strong> \u2b50<a href=\"https:\/\/youtu.be\/HdYcNrUxnXA\" target=\"_blank\" rel=\"noreferrer noopener\">YouTube:<\/a> Sehen Sie sich unsere Videos an <strong>|<\/strong> \u2b50<a href=\"https:\/\/freewalkingtoursperu.com\/de\/uber-uns\/\" target=\"_blank\" rel=\"noreferrer noopener\">Reisende:<\/a> Mehr als 78 Touristen<\/p>\n\n\n<p> <\/div>\n","protected":false},"excerpt":{"rendered":"<p>Besuche das historische Zentrum von Lima&nbsp;mit einer&nbsp;ma\u00dfgeschneiderten Privattour. Du wirst die ber\u00fchmtesten Stra\u00dfen und Pl\u00e4tze sowie emblematische Monumente wie&nbsp;La Casa Aliaga und Catacumbas de San Francisco&nbsp;aus der Zeit des Vizek\u00f6nigreichs Peru (XVI., XVII. und XVIII. Jahrhundert) entdecken.&nbsp; Die Preise in der Tabelle sind: Pers. Private F\u00fchrung mit Meeting point Pick-up Pick-up und Drop-off 1 $80 [&hellip;]<\/p>\n","protected":false},"author":1,"featured_media":0,"parent":14984,"menu_order":0,"comment_status":"closed","ping_status":"closed","template":"page-tour-pay.php","meta":{"_acf_changed":false,"advgb_blocks_editor_width":"full","advgb_blocks_columns_visual_guide":"","footnotes":""},"class_list":["post-22635","page","type-page","status-publish","hentry"],"acf":[],"yoast_head":"<!-- This site is optimized with the Yoast SEO plugin v28.4 - https:\/\/yoast.com\/product\/yoast-seo-wordpress\/ -->\n<title>Private Wandertour alte Lima: Casa Aliaga &amp; Courret + katakomben<\/title>\n<meta name=\"description\" content=\"Lerne das historische Zentrum von Lima mit einer privaten Wandertour kennen: Besuche La Casa Aliaga und die Katakomben von San Francisco\" \/>\n<meta name=\"robots\" content=\"index, follow, max-snippet:-1, max-image-preview:large, max-video-preview:-1\" \/>\n<link rel=\"canonical\" href=\"https:\/\/freewalkingtoursperu.com\/de\/tours-lima\/private-wandertour-alte-lima\/\" \/>\n<meta property=\"og:locale\" content=\"de_DE\" \/>\n<meta property=\"og:type\" content=\"article\" \/>\n<meta property=\"og:title\" content=\"Private Wandertour alte Lima: Casa Aliaga &amp; Courret + katakomben\" \/>\n<meta property=\"og:description\" content=\"Lerne das historische Zentrum von Lima mit einer privaten Wandertour kennen: Besuche La Casa Aliaga und die Katakomben von San Francisco\" \/>\n<meta property=\"og:url\" content=\"https:\/\/freewalkingtoursperu.com\/de\/tours-lima\/private-wandertour-alte-lima\/\" \/>\n<meta property=\"og:site_name\" content=\"Free Walking Tours Peru\" \/>\n<meta property=\"article:modified_time\" content=\"2026-06-18T23:39:41+00:00\" \/>\n<meta name=\"twitter:card\" content=\"summary_large_image\" \/>\n<meta name=\"twitter:label1\" content=\"Gesch\u00e4tzte Lesezeit\" \/>\n\t<meta name=\"twitter:data1\" content=\"4\u00a0Minuten\" \/>\n<script type=\"application\/ld+json\" class=\"yoast-schema-graph\">{\"@context\":\"https:\\\/\\\/schema.org\",\"@graph\":[{\"@type\":\"WebPage\",\"@id\":\"https:\\\/\\\/freewalkingtoursperu.com\\\/de\\\/tours-lima\\\/private-wandertour-alte-lima\\\/\",\"url\":\"https:\\\/\\\/freewalkingtoursperu.com\\\/de\\\/tours-lima\\\/private-wandertour-alte-lima\\\/\",\"name\":\"Private Wandertour alte Lima: Casa Aliaga & Courret + katakomben\",\"isPartOf\":{\"@id\":\"https:\\\/\\\/freewalkingtoursperu.com\\\/de\\\/#website\"},\"datePublished\":\"2022-12-09T19:48:57+00:00\",\"dateModified\":\"2026-06-18T23:39:41+00:00\",\"description\":\"Lerne das historische Zentrum von Lima mit einer privaten Wandertour kennen: Besuche La Casa Aliaga und die Katakomben von San Francisco\",\"breadcrumb\":{\"@id\":\"https:\\\/\\\/freewalkingtoursperu.com\\\/de\\\/tours-lima\\\/private-wandertour-alte-lima\\\/#breadcrumb\"},\"inLanguage\":\"de\",\"potentialAction\":[{\"@type\":\"ReadAction\",\"target\":[\"https:\\\/\\\/freewalkingtoursperu.com\\\/de\\\/tours-lima\\\/private-wandertour-alte-lima\\\/\"]}]},{\"@type\":\"BreadcrumbList\",\"@id\":\"https:\\\/\\\/freewalkingtoursperu.com\\\/de\\\/tours-lima\\\/private-wandertour-alte-lima\\\/#breadcrumb\",\"itemListElement\":[{\"@type\":\"ListItem\",\"position\":1,\"name\":\"Home\",\"item\":\"https:\\\/\\\/freewalkingtoursperu.com\\\/de\\\/\"},{\"@type\":\"ListItem\",\"position\":2,\"name\":\"Touren in Lima\",\"item\":\"https:\\\/\\\/freewalkingtoursperu.com\\\/de\\\/tours-lima\\\/\"},{\"@type\":\"ListItem\",\"position\":3,\"name\":\"Private Wandertour durch das alte Lima\u00a0\"}]},{\"@type\":\"WebSite\",\"@id\":\"https:\\\/\\\/freewalkingtoursperu.com\\\/de\\\/#website\",\"url\":\"https:\\\/\\\/freewalkingtoursperu.com\\\/de\\\/\",\"name\":\"Free Walking Tours Peru\",\"description\":\"\",\"publisher\":{\"@id\":\"https:\\\/\\\/freewalkingtoursperu.com\\\/de\\\/#organization\"},\"potentialAction\":[{\"@type\":\"SearchAction\",\"target\":{\"@type\":\"EntryPoint\",\"urlTemplate\":\"https:\\\/\\\/freewalkingtoursperu.com\\\/de\\\/?s={search_term_string}\"},\"query-input\":{\"@type\":\"PropertyValueSpecification\",\"valueRequired\":true,\"valueName\":\"search_term_string\"}}],\"inLanguage\":\"de\"},{\"@type\":\"Organization\",\"@id\":\"https:\\\/\\\/freewalkingtoursperu.com\\\/de\\\/#organization\",\"name\":\"Free Walking Tours Peru\",\"url\":\"https:\\\/\\\/freewalkingtoursperu.com\\\/de\\\/\",\"logo\":{\"@type\":\"ImageObject\",\"inLanguage\":\"de\",\"@id\":\"https:\\\/\\\/freewalkingtoursperu.com\\\/de\\\/#\\\/schema\\\/logo\\\/image\\\/\",\"url\":\"https:\\\/\\\/freewalkingtoursperu.com\\\/wp-content\\\/uploads\\\/2026\\\/02\\\/logo-freeorg.svg\",\"contentUrl\":\"https:\\\/\\\/freewalkingtoursperu.com\\\/wp-content\\\/uploads\\\/2026\\\/02\\\/logo-freeorg.svg\",\"caption\":\"Free Walking Tours Peru\"},\"image\":{\"@id\":\"https:\\\/\\\/freewalkingtoursperu.com\\\/de\\\/#\\\/schema\\\/logo\\\/image\\\/\"}}]}<\/script>\n<!-- \/ Yoast SEO plugin. -->","yoast_head_json":{"title":"Private Wandertour alte Lima: Casa Aliaga & Courret + katakomben","description":"Lerne das historische Zentrum von Lima mit einer privaten Wandertour kennen: Besuche La Casa Aliaga und die Katakomben von San Francisco","robots":{"index":"index","follow":"follow","max-snippet":"max-snippet:-1","max-image-preview":"max-image-preview:large","max-video-preview":"max-video-preview:-1"},"canonical":"https:\/\/freewalkingtoursperu.com\/de\/tours-lima\/private-wandertour-alte-lima\/","og_locale":"de_DE","og_type":"article","og_title":"Private Wandertour alte Lima: Casa Aliaga & Courret + katakomben","og_description":"Lerne das historische Zentrum von Lima mit einer privaten Wandertour kennen: Besuche La Casa Aliaga und die Katakomben von San Francisco","og_url":"https:\/\/freewalkingtoursperu.com\/de\/tours-lima\/private-wandertour-alte-lima\/","og_site_name":"Free Walking Tours Peru","article_modified_time":"2026-06-18T23:39:41+00:00","twitter_card":"summary_large_image","twitter_misc":{"Gesch\u00e4tzte Lesezeit":"4\u00a0Minuten"},"schema":{"@context":"https:\/\/schema.org","@graph":[{"@type":"WebPage","@id":"https:\/\/freewalkingtoursperu.com\/de\/tours-lima\/private-wandertour-alte-lima\/","url":"https:\/\/freewalkingtoursperu.com\/de\/tours-lima\/private-wandertour-alte-lima\/","name":"Private Wandertour alte Lima: Casa Aliaga & Courret + katakomben","isPartOf":{"@id":"https:\/\/freewalkingtoursperu.com\/de\/#website"},"datePublished":"2022-12-09T19:48:57+00:00","dateModified":"2026-06-18T23:39:41+00:00","description":"Lerne das historische Zentrum von Lima mit einer privaten Wandertour kennen: Besuche La Casa Aliaga und die Katakomben von San Francisco","breadcrumb":{"@id":"https:\/\/freewalkingtoursperu.com\/de\/tours-lima\/private-wandertour-alte-lima\/#breadcrumb"},"inLanguage":"de","potentialAction":[{"@type":"ReadAction","target":["https:\/\/freewalkingtoursperu.com\/de\/tours-lima\/private-wandertour-alte-lima\/"]}]},{"@type":"BreadcrumbList","@id":"https:\/\/freewalkingtoursperu.com\/de\/tours-lima\/private-wandertour-alte-lima\/#breadcrumb","itemListElement":[{"@type":"ListItem","position":1,"name":"Home","item":"https:\/\/freewalkingtoursperu.com\/de\/"},{"@type":"ListItem","position":2,"name":"Touren in Lima","item":"https:\/\/freewalkingtoursperu.com\/de\/tours-lima\/"},{"@type":"ListItem","position":3,"name":"Private Wandertour durch das alte Lima\u00a0"}]},{"@type":"WebSite","@id":"https:\/\/freewalkingtoursperu.com\/de\/#website","url":"https:\/\/freewalkingtoursperu.com\/de\/","name":"Free Walking Tours Peru","description":"","publisher":{"@id":"https:\/\/freewalkingtoursperu.com\/de\/#organization"},"potentialAction":[{"@type":"SearchAction","target":{"@type":"EntryPoint","urlTemplate":"https:\/\/freewalkingtoursperu.com\/de\/?s={search_term_string}"},"query-input":{"@type":"PropertyValueSpecification","valueRequired":true,"valueName":"search_term_string"}}],"inLanguage":"de"},{"@type":"Organization","@id":"https:\/\/freewalkingtoursperu.com\/de\/#organization","name":"Free Walking Tours Peru","url":"https:\/\/freewalkingtoursperu.com\/de\/","logo":{"@type":"ImageObject","inLanguage":"de","@id":"https:\/\/freewalkingtoursperu.com\/de\/#\/schema\/logo\/image\/","url":"https:\/\/freewalkingtoursperu.com\/wp-content\/uploads\/2026\/02\/logo-freeorg.svg","contentUrl":"https:\/\/freewalkingtoursperu.com\/wp-content\/uploads\/2026\/02\/logo-freeorg.svg","caption":"Free Walking Tours Peru"},"image":{"@id":"https:\/\/freewalkingtoursperu.com\/de\/#\/schema\/logo\/image\/"}}]}},"coauthors":[],"author_meta":{"author_link":"https:\/\/freewalkingtoursperu.com\/de\/blog\/author\/adminfwt\/","display_name":"FWTP"},"relative_dates":{"created":"Ver\u00f6ffentlicht 4\u00a0Jahren vor","modified":"Aktualisiert 3\u00a0Monaten vor"},"absolute_dates":{"created":"Ver\u00f6ffentlicht am 9 Dezember, 2022","modified":"Aktualisiert am 18 Juni, 2026"},"absolute_dates_time":{"created":"Ver\u00f6ffentlicht am 9 Dezember, 2022 2:48 p.m.","modified":"Aktualisiert am 18 Juni, 2026 6:39 p.m."},"featured_img_caption":"","featured_img":false,"series_order":"","_links":{"self":[{"href":"https:\/\/freewalkingtoursperu.com\/de\/wp-json\/wp\/v2\/pages\/22635","targetHints":{"allow":["GET"]}}],"collection":[{"href":"https:\/\/freewalkingtoursperu.com\/de\/wp-json\/wp\/v2\/pages"}],"about":[{"href":"https:\/\/freewalkingtoursperu.com\/de\/wp-json\/wp\/v2\/types\/page"}],"author":[{"embeddable":true,"href":"https:\/\/freewalkingtoursperu.com\/de\/wp-json\/wp\/v2\/users\/1"}],"replies":[{"embeddable":true,"href":"https:\/\/freewalkingtoursperu.com\/de\/wp-json\/wp\/v2\/comments?post=22635"}],"version-history":[{"count":1,"href":"https:\/\/freewalkingtoursperu.com\/de\/wp-json\/wp\/v2\/pages\/22635\/revisions"}],"predecessor-version":[{"id":71700,"href":"https:\/\/freewalkingtoursperu.com\/de\/wp-json\/wp\/v2\/pages\/22635\/revisions\/71700"}],"up":[{"embeddable":true,"href":"https:\/\/freewalkingtoursperu.com\/de\/wp-json\/wp\/v2\/pages\/14984"}],"wp:attachment":[{"href":"https:\/\/freewalkingtoursperu.com\/de\/wp-json\/wp\/v2\/media?parent=22635"}],"curies":[{"name":"wp","href":"https:\/\/api.w.org\/{rel}","templated":true}]}}