{"id":53073,"date":"2024-11-20T19:27:33","date_gmt":"2024-11-21T00:27:33","guid":{"rendered":"https:\/\/freewalkingtoursperu.com\/?page_id=53073"},"modified":"2026-06-18T18:55:40","modified_gmt":"2026-06-18T23:55:40","slug":"kajakfahren-im-majes-fluss-in-arequipa","status":"publish","type":"page","link":"https:\/\/freewalkingtoursperu.com\/de\/touren-arequipa\/kajakfahren-im-majes-fluss-in-arequipa\/","title":{"rendered":"Kajakfahren im Majes-Fluss in Arequipa"},"content":{"rendered":"\n<!--Markup for citys-->\n\n<div id=\"tour-block_c17fa2b87895f120d016f787fe5bfe24\" class=\"toursweb flex flex-col-reverse md:flex-col\">\n\n\n        <div class=\"container mb-2\">          \n                        <div class=\"mt-6\">\n                        <p id=\"breadcrumbs\" class=\"mb-0\"><span><span><a href=\"https:\/\/freewalkingtoursperu.com\/de\/\">Home<\/a><\/span><\/span><\/p>                        <\/div>\n            \n\n                    <h1 class=\"text-xl xl:text-3xl mb-2 font-bold text-gray-800\"> Kajakfahren im Majes-Fluss in Arequipa<\/h1>\n                                        <div class=\"flex gap-3 mb-4\">\n                            <span>\n                                <i class='fas fa-star text-yellow-400'><\/i> \n                                <i class='fas fa-star text-yellow-400'><\/i> \n                                <i class='fas fa-star text-yellow-400'><\/i> \n                                <i class='fas fa-star text-yellow-400'><\/i> \n                                <i class='fas fa-star text-yellow-400'><\/i>  \n                            <\/span>\n                            <span> \n                                <i class=\"far fa-user text-gray-700\"><\/i> <a href=\"#reviews\"> <span class=\"text-sky-600 font-nunito\">7 Reisenden<\/span> <\/a>\n                            <\/span>\n\n                            <span> \n                            <i class=\"far fa-clock text-gray-700\"><\/i>  <span class=\"text-gray-800 font-nunito\">13.5 Stdn<\/span> \n                            <\/span>\n\n                            <span> \n                                <i class=\"far fa-comment text-gray-700\"><\/i> \n                                    <span class=\"mr-1 text-sm flag-icon flag-icon-gb\"><\/span><span class=\"mr-1 text-sm flag-icon flag-icon-es\"><\/span>                            <\/span>\n                        <\/div>\n                              \n        <\/div>\n\n    \n\n\n        <div class=\"relative mb-2 mt-2\">\n\n                    \n                        <div id=\"lightgallery\" class=\"flex flex-wrap img-large\"> \n                                                            <a class=\"w-2\/12 img-small xl:block hidden\" href=\"https:\/\/freewalkingtoursperu.com\/wp-content\/uploads\/2025\/10\/Canotaje_en_el_rio_Majes_de_Arequipa_1.webp\"  data-sub-html=\"\">\n                                <img decoding=\"async\" src=\"https:\/\/freewalkingtoursperu.com\/wp-content\/uploads\/2025\/10\/Canotaje_en_el_rio_Majes_de_Arequipa_1.webp\" class=\"cursor-pointer rounded w-full object-cover\"  alt=\"Canotaje en el r\u00edo Majes de Arequipa\">\n                                <\/a>\n                                                            <a class=\"w-2\/12 img-small xl:block hidden\" href=\"https:\/\/freewalkingtoursperu.com\/wp-content\/uploads\/2023\/02\/canotaje-rafting-en-rio-majes-arequipa-3.jpg\"  data-sub-html=\"\">\n                                <img decoding=\"async\" src=\"https:\/\/freewalkingtoursperu.com\/wp-content\/uploads\/2023\/02\/canotaje-rafting-en-rio-majes-arequipa-3.jpg\" class=\"cursor-pointer rounded w-full object-cover\"  alt=\"Full Day Rafting Tour on the Majes River in Arequipa\n\">\n                                <\/a>\n                                                            <a class=\"w-2\/12 img-small xl:block hidden\" href=\"https:\/\/freewalkingtoursperu.com\/wp-content\/uploads\/2023\/02\/canotaje-rafting-en-rio-majes-arequipa-2.jpg\"  data-sub-html=\"\">\n                                <img decoding=\"async\" src=\"https:\/\/freewalkingtoursperu.com\/wp-content\/uploads\/2023\/02\/canotaje-rafting-en-rio-majes-arequipa-2.jpg\" class=\"cursor-pointer rounded w-full object-cover\"  alt=\"\">\n                                <\/a>\n                                                            <a class=\"w-2\/12 img-small xl:block hidden\" href=\"https:\/\/freewalkingtoursperu.com\/wp-content\/uploads\/2024\/04\/canotaje-rafting-en-rio-majes-arequipa_5.webp\"  data-sub-html=\"\">\n                                <img decoding=\"async\" src=\"https:\/\/freewalkingtoursperu.com\/wp-content\/uploads\/2024\/04\/canotaje-rafting-en-rio-majes-arequipa_5.webp\" class=\"cursor-pointer rounded w-full object-cover\"  alt=\"Canotaje en el r\u00edo Majes de Arequipa\">\n                                <\/a>\n                                                            <a class=\"w-2\/12 img-small xl:block hidden\" href=\"https:\/\/freewalkingtoursperu.com\/wp-content\/uploads\/2023\/02\/canotaje-rafting-en-rio-majes-arequipa-1.jpg\"  data-sub-html=\"\">\n                                <img decoding=\"async\" src=\"https:\/\/freewalkingtoursperu.com\/wp-content\/uploads\/2023\/02\/canotaje-rafting-en-rio-majes-arequipa-1.jpg\" class=\"cursor-pointer rounded w-full object-cover\"  alt=\"\">\n                                <\/a>\n                                                            <a class=\"w-2\/12 img-small xl:block hidden\" href=\"https:\/\/freewalkingtoursperu.com\/wp-content\/uploads\/2024\/04\/canotaje-rafting-en-rio-majes-arequipa_2-1250x800.webp\"  data-sub-html=\"\">\n                                <img decoding=\"async\" src=\"https:\/\/freewalkingtoursperu.com\/wp-content\/uploads\/2024\/04\/canotaje-rafting-en-rio-majes-arequipa_2-1250x800.webp\" class=\"cursor-pointer rounded w-full object-cover\"  alt=\"Canotaje en el r\u00edo Majes de Arequipa\">\n                                <\/a>\n                                                            <a class=\"w-2\/12 img-small xl:block hidden\" href=\"https:\/\/freewalkingtoursperu.com\/wp-content\/uploads\/2024\/04\/canotaje-rafting-en-rio-majes-arequipa.webp\"  data-sub-html=\"\">\n                                <img decoding=\"async\" src=\"https:\/\/freewalkingtoursperu.com\/wp-content\/uploads\/2024\/04\/canotaje-rafting-en-rio-majes-arequipa.webp\" class=\"cursor-pointer rounded w-full object-cover\"  alt=\"Canotaje en el r\u00edo Majes de Arequipa\">\n                                <\/a>\n                                                            <a class=\"w-2\/12 img-small xl:block hidden\" href=\"https:\/\/freewalkingtoursperu.com\/wp-content\/uploads\/2024\/04\/canotaje-rafting-en-rio-majes-arequipa_3-1250x800.webp\"  data-sub-html=\"\">\n                                <img decoding=\"async\" src=\"https:\/\/freewalkingtoursperu.com\/wp-content\/uploads\/2024\/04\/canotaje-rafting-en-rio-majes-arequipa_3-1250x800.webp\" class=\"cursor-pointer rounded w-full object-cover\"  alt=\"Canotaje en el r\u00edo Majes de Arequipa\">\n                                <\/a>\n                                                            <a class=\"w-2\/12 img-small xl:block hidden\" href=\"https:\/\/freewalkingtoursperu.com\/wp-content\/uploads\/2024\/04\/canotaje-rafting-en-rio-majes-arequipa_1-1250x800.webp\"  data-sub-html=\"\">\n                                <img decoding=\"async\" src=\"https:\/\/freewalkingtoursperu.com\/wp-content\/uploads\/2024\/04\/canotaje-rafting-en-rio-majes-arequipa_1-1250x800.webp\" class=\"cursor-pointer rounded w-full object-cover\"  alt=\"Canotaje en el r\u00edo Majes de Arequipa\">\n                                <\/a>\n                                                            <a class=\"w-2\/12 img-small xl:block hidden\" href=\"https:\/\/freewalkingtoursperu.com\/wp-content\/uploads\/2024\/04\/canotaje-rafting-en-rio-majes-arequipa_4.webp\"  data-sub-html=\"\">\n                                <img decoding=\"async\" src=\"https:\/\/freewalkingtoursperu.com\/wp-content\/uploads\/2024\/04\/canotaje-rafting-en-rio-majes-arequipa_4.webp\" class=\"cursor-pointer rounded w-full object-cover\"  alt=\"Canotaje en el r\u00edo Majes de Arequipa\">\n                                <\/a>\n                             \n\n                        <\/div>\n\n                    \n                    \n                        \n        <\/div>\n\n\n<\/div>\n\n\n\n\n<!--Markup for citys-->\n\n<div id=\"tour-block_d075749613c3f05b270b84272f6b4edc\" class=\"tour\">\n\n           \n                <div class=\"flex flex-wrap pl-5 xl:pl-0 gap-8 justify-start xl:justify-center items-center pb-5 py-2 border-b-gray-300 border-b mb-5\">\n                            \n                                    \n                                    <div class=\"pr-0 xl:pr-5 item-details\">\n                                        <img decoding=\"async\" src=\"https:\/\/freewalkingtoursperu.com\/wp-content\/uploads\/2024\/02\/local-website.png\" class=\"w-10 float-left mr-2\" alt=\"bg home\">\n                                        <div class=\"inline-block\">\n                                            <span class=\"font-nunito text-gray-900 font-bold text-sm inline-block\"> Local website<\/span>\n                                            <span class=\"font-nunito text-xs block font-bold text-gray-500\"> NO MIDDLE MAN<\/span>\n                                        <\/div>\n\n                                        <\/div>\n\n                            \n                                    \n                                    <div class=\"pr-0 xl:pr-5 item-details\">\n                                        <img decoding=\"async\" src=\"https:\/\/freewalkingtoursperu.com\/wp-content\/uploads\/2024\/02\/maximum-walkers-last.png\" class=\"w-10 float-left mr-2\" alt=\"bg home\">\n                                        <div class=\"inline-block\">\n                                            <span class=\"font-nunito text-gray-900 font-bold text-sm inline-block\"> Up to 20 people<\/span>\n                                            <span class=\"font-nunito text-xs block font-bold text-gray-500\"> GROUP SIZE<\/span>\n                                        <\/div>\n\n                                        <\/div>\n\n                            \n                                    \n                                    <div class=\"pr-0 xl:pr-5 item-details\">\n                                        <img decoding=\"async\" src=\"https:\/\/freewalkingtoursperu.com\/wp-content\/uploads\/2024\/02\/altitude3.png\" class=\"w-10 float-left mr-2\" alt=\"bg home\">\n                                        <div class=\"inline-block\">\n                                            <span class=\"font-nunito text-gray-900 font-bold text-sm inline-block\"> 2,900 m<\/span>\n                                            <span class=\"font-nunito text-xs block font-bold text-gray-500\"> MAX. ALTITUDE<\/span>\n                                        <\/div>\n\n                                        <\/div>\n\n                            \n                                    \n                                    <div class=\"pr-0 xl:pr-5 item-details\">\n                                        <img decoding=\"async\" src=\"https:\/\/freewalkingtoursperu.com\/wp-content\/uploads\/2024\/02\/difficulty-last.png\" class=\"w-10 float-left mr-2\" alt=\"bg home\">\n                                        <div class=\"inline-block\">\n                                            <span class=\"font-nunito text-gray-900 font-bold text-sm inline-block\"> Easy<\/span>\n                                            <span class=\"font-nunito text-xs block font-bold text-gray-500\"> DIFFICULTY<\/span>\n                                        <\/div>\n\n                                        <\/div>\n\n                                                    \n                        \n                        \n               \n            <\/div>\n            \n<\/div>\n\n\n\n\n<div class=\"wp-block-columns is-layout-flex wp-container-core-columns-is-layout-9d6595d7 wp-block-columns-is-layout-flex\">\n<div class=\"wp-block-column is-layout-flow wp-block-column-is-layout-flow\" style=\"flex-basis:75%\">\n<p>Melde dich f\u00fcr die <strong>Kanutour auf dem Majes-Fluss in Arequipa<\/strong> an! Es wird Stromschnellen der Klassen II, III und IV geben \u2013 die beste Wahl, wenn du Wassersportarten magst. Der Majes-Fluss entsteht durch die Vereinigung der Fl\u00fcsse Capiza und <a href=\"https:\/\/freewalkingtoursperu.com\/de\/touren-arequipa\/tagesausflug-zum-colca-canyon-thermalbader\/\">Colca<\/a> und wird sp\u00e4ter zum Caman\u00e1-Fluss, der in den Pazifik m\u00fcndet.<\/p>\n\n\n<div class=\"text-left -mt-2 mb-4 mr-4\" id=\"leer_mas_6a9d710e2a1eb\"><div class=\"leer-mas-contenido pt-2\" style=\"display: none;\"><\/p>\n\n\n\n<p>Der Majes-Fluss ist 450 km lang und entlang dieses Flusses gibt es viele kleine D\u00f6rfer, in denen Erlebnistourismus, Kanufahren und vor allem die S\u00fc\u00dfwassergarnelenfischerei praktiziert werden. Diese Garnelen sind sehr ber\u00fchmt f\u00fcr die Zubereitung des typischen Gerichts aus Arequipa: Chupe de Camarones.<\/p>\n\n\n<p><\/div><a href=\"#\" class=\"leer-mas-boton underline\">Mehr lesen<\/a><\/div><script>\n        jQuery(document).ready(function($){\n            $(\"#leer_mas_6a9d710e2a1eb .leer-mas-boton\").click(function(e){\n                e.preventDefault();\n                $(\"#leer_mas_6a9d710e2a1eb .leer-mas-contenido\").fadeToggle(\"slow\");\n                if ($(this).text() === \"Mehr lesen\") {\n                    $(this).text(\"Verstecken\");\n                } else {\n                    $(this).text(\"Mehr lesen\");\n                }\n            });\n        });\n    <\/script>\n\n\n<div class=\"responsive-tabs\">\n<h2 class=\"tabtitle\"><span class=\"fa fa-th-list\"><\/span>ROUTE<\/h2>\n<div class=\"tabcontent\">\n\n\n\n\n<div class=\"wp-block-advgb-accordions advgb-accordions-aa4da13c-fce8-4aba-9911-3dd0e8ebc806 advgb-accordion-wrapper\" data-collapsed=\"true\">\n<div class=\"wp-block-advgb-accordion-item advgb-accordion-item\" style=\"margin-bottom:15px\"><div class=\"advgb-accordion-header\" style=\"background-color:#daec9c;color:#000000;border-style:solid;border-width:1px;border-radius:2px\"><span class=\"advgb-accordion-header-icon accordion-state\"><svg class=\"advgb-icon-closed\" fill=\"#ffffff\" xmlns=\"http:\/\/www.w3.org\/2000\/svg\" width=\"24\" height=\"24\" viewBox=\"0 0 24 24\"><path fill=\"none\" d=\"M0,0h24v24H0V0z\"><\/path><path d=\"M19,13h-6v6h-2v-6H5v-2h6V5h2v6h6V13z\"><\/path><\/svg><svg class=\"advgb-icon-opened\" fill=\"#ffffff\" xmlns=\"http:\/\/www.w3.org\/2000\/svg\" width=\"24\" height=\"24\" viewBox=\"0 0 24 24\"><path fill=\"none\" d=\"M0,0h24v24H0V0z\"><\/path><path d=\"M19,13H5v-2h14V13z\"><\/path><\/svg><\/span><h4 class=\"advgb-accordion-header-title\" style=\"color:inherit\">Treffpunkt \u2014 ca. 04:30 Uhr<\/h4><\/div><div class=\"advgb-accordion-body\" style=\"border-style:solid !important;border-width:1px !important;border-color:undefined !important;border-top:none !important;border-radius:2px !important\">\n<p>Wir holen dich von deinem Hotel ab \u2013 gilt nur f\u00fcr Hotels im historischen Zentrum; andernfalls koordinieren wir einen anderen Treffpunkt, der dir passt.<\/p>\n<\/div><\/div>\n\n\n\n<div class=\"wp-block-advgb-accordion-item advgb-accordion-item\" style=\"margin-bottom:15px\"><div class=\"advgb-accordion-header\" style=\"background-color:#daec9c;color:#000000;border-style:solid;border-width:1px;border-radius:2px\"><span class=\"advgb-accordion-header-icon accordion-state\"><svg class=\"advgb-icon-closed\" fill=\"#ffffff\" xmlns=\"http:\/\/www.w3.org\/2000\/svg\" width=\"24\" height=\"24\" viewBox=\"0 0 24 24\"><path fill=\"none\" d=\"M0,0h24v24H0V0z\"><\/path><path d=\"M19,13h-6v6h-2v-6H5v-2h6V5h2v6h6V13z\"><\/path><\/svg><svg class=\"advgb-icon-opened\" fill=\"#ffffff\" xmlns=\"http:\/\/www.w3.org\/2000\/svg\" width=\"24\" height=\"24\" viewBox=\"0 0 24 24\"><path fill=\"none\" d=\"M0,0h24v24H0V0z\"><\/path><path d=\"M19,13H5v-2h14V13z\"><\/path><\/svg><\/span><h4 class=\"advgb-accordion-header-title\" style=\"color:inherit\">Transfer von Arequipa nach Majes<\/h4><\/div><div class=\"advgb-accordion-body\" style=\"border-style:solid !important;border-width:1px !important;border-color:undefined !important;border-top:none !important;border-radius:2px !important\">\n<p>Dieser Teil der Reise dauert ca. 3 Stunden.<\/p>\n<\/div><\/div>\n\n\n\n<div class=\"wp-block-advgb-accordion-item advgb-accordion-item\" style=\"margin-bottom:15px\"><div class=\"advgb-accordion-header\" style=\"background-color:#daec9c;color:#000000;border-style:solid;border-width:1px;border-radius:2px\"><span class=\"advgb-accordion-header-icon accordion-state\"><svg class=\"advgb-icon-closed\" fill=\"#ffffff\" xmlns=\"http:\/\/www.w3.org\/2000\/svg\" width=\"24\" height=\"24\" viewBox=\"0 0 24 24\"><path fill=\"none\" d=\"M0,0h24v24H0V0z\"><\/path><path d=\"M19,13h-6v6h-2v-6H5v-2h6V5h2v6h6V13z\"><\/path><\/svg><svg class=\"advgb-icon-opened\" fill=\"#ffffff\" xmlns=\"http:\/\/www.w3.org\/2000\/svg\" width=\"24\" height=\"24\" viewBox=\"0 0 24 24\"><path fill=\"none\" d=\"M0,0h24v24H0V0z\"><\/path><path d=\"M19,13H5v-2h14V13z\"><\/path><\/svg><\/span><h4 class=\"advgb-accordion-header-title\" style=\"color:inherit\">Majes \u2014 Beginn des Kanufahrens<\/h4><\/div><div class=\"advgb-accordion-body\" style=\"border-style:solid !important;border-width:1px !important;border-color:undefined !important;border-top:none !important;border-radius:2px !important\">\n<p>An diesem Ort wird dir dein Guide die gesamte Kanuausr\u00fcstung zur Verf\u00fcgung stellen. Danach wird der Guide dir alle Anweisungen zur Aktivit\u00e4t geben, bevor ihr mit der Aktivit\u00e4t beginnt: 3 Stunden auf dem Majes-Fluss mit Stromschnellen der Klassen II, III und IV.<\/p>\n<\/div><\/div>\n\n\n\n<div class=\"wp-block-advgb-accordion-item advgb-accordion-item\" style=\"margin-bottom:15px\"><div class=\"advgb-accordion-header\" style=\"background-color:#daec9c;color:#000000;border-style:solid;border-width:1px;border-radius:2px\"><span class=\"advgb-accordion-header-icon accordion-state\"><svg class=\"advgb-icon-closed\" fill=\"#ffffff\" xmlns=\"http:\/\/www.w3.org\/2000\/svg\" width=\"24\" height=\"24\" viewBox=\"0 0 24 24\"><path fill=\"none\" d=\"M0,0h24v24H0V0z\"><\/path><path d=\"M19,13h-6v6h-2v-6H5v-2h6V5h2v6h6V13z\"><\/path><\/svg><svg class=\"advgb-icon-opened\" fill=\"#ffffff\" xmlns=\"http:\/\/www.w3.org\/2000\/svg\" width=\"24\" height=\"24\" viewBox=\"0 0 24 24\"><path fill=\"none\" d=\"M0,0h24v24H0V0z\"><\/path><path d=\"M19,13H5v-2h14V13z\"><\/path><\/svg><\/span><h4 class=\"advgb-accordion-header-title\" style=\"color:inherit\">R\u00fccktransfer nach Arequipa<\/h4><\/div><div class=\"advgb-accordion-body\" style=\"border-style:solid !important;border-width:1px !important;border-color:undefined !important;border-top:none !important;border-radius:2px !important\">\n<p>Die R\u00fcckfahrt mit dem Bus dauert ca. 3 Stunden.<\/p>\n<\/div><\/div>\n\n\n\n<div class=\"wp-block-advgb-accordion-item advgb-accordion-item\" style=\"margin-bottom:15px\"><div class=\"advgb-accordion-header\" style=\"background-color:#daec9c;color:#000000;border-style:solid;border-width:1px;border-radius:2px\"><span class=\"advgb-accordion-header-icon accordion-state\"><svg class=\"advgb-icon-closed\" fill=\"#ffffff\" xmlns=\"http:\/\/www.w3.org\/2000\/svg\" width=\"24\" height=\"24\" viewBox=\"0 0 24 24\"><path fill=\"none\" d=\"M0,0h24v24H0V0z\"><\/path><path d=\"M19,13h-6v6h-2v-6H5v-2h6V5h2v6h6V13z\"><\/path><\/svg><svg class=\"advgb-icon-opened\" fill=\"#ffffff\" xmlns=\"http:\/\/www.w3.org\/2000\/svg\" width=\"24\" height=\"24\" viewBox=\"0 0 24 24\"><path fill=\"none\" d=\"M0,0h24v24H0V0z\"><\/path><path d=\"M19,13H5v-2h14V13z\"><\/path><\/svg><\/span><h4 class=\"advgb-accordion-header-title\" style=\"color:inherit\">Endpunkt \u2014 ca. 18:00 Uhr<\/h4><\/div><div class=\"advgb-accordion-body\" style=\"border-style:solid !important;border-width:1px !important;border-color:undefined !important;border-top:none !important;border-radius:2px !important\">\n<p>Diese Exkursion endet drei Blocks vom Plaza de Armas entfernt. Diese Tour endet nicht in deinem Hotel, es sei denn, du buchst eine Privatf\u00fchrung.<\/p>\n<\/div><\/div>\n<\/div>\n\n\n\n<\/div><h2 class=\"tabtitle\"><span class=\"fa fa-credit-card\"><\/span>PREIS<\/h2>\n<div class=\"tabcontent\">\n\n\n\n\n<p>Die Preise in der Tabelle sind:<\/p>\n\n\n\n<ul class=\"wp-block-list\">\n<li>Pro Person in US-Dollar ($).<\/li>\n\n\n\n<li>Pers. = Personen.<\/li>\n\n\n\n<li>Gruppe = Gruppenservice, geteilt.<\/li>\n<\/ul>\n\n\n\n<figure class=\"wp-block-table\"><table><thead><tr><th class=\"has-text-align-center\" data-align=\"center\" rowspan=\"2\"><strong>Pers.<\/strong><\/th><th class=\"has-text-align-center\" data-align=\"center\" colspan=\"2\"><strong>Art der Tour<\/strong><\/th><\/tr><tr><th class=\"has-text-align-center\" data-align=\"center\"><strong>Gruppe<\/strong><\/th><th class=\"has-text-align-center\" data-align=\"center\"><strong>Privat<\/strong><\/th><\/tr><\/thead><tbody><tr><td class=\"has-text-align-center\" data-align=\"center\">1<\/td><td class=\"has-text-align-center\" data-align=\"center\">$120<\/td><td class=\"has-text-align-center\" data-align=\"center\">\u2014<\/td><\/tr><tr><td class=\"has-text-align-center\" data-align=\"center\">2<\/td><td class=\"has-text-align-center\" data-align=\"center\">$120<\/td><td class=\"has-text-align-center\" data-align=\"center\">$240<\/td><\/tr><tr><td class=\"has-text-align-center\" data-align=\"center\">3<\/td><td class=\"has-text-align-center\" data-align=\"center\">$120<\/td><td class=\"has-text-align-center\" data-align=\"center\">$160<\/td><\/tr><tr><td class=\"has-text-align-center\" data-align=\"center\">4<\/td><td class=\"has-text-align-center\" data-align=\"center\">$120<\/td><td class=\"has-text-align-center\" data-align=\"center\">$120<\/td><\/tr><tr><td class=\"has-text-align-center\" data-align=\"center\">5<\/td><td class=\"has-text-align-center\" data-align=\"center\">$120<\/td><td class=\"has-text-align-center\" data-align=\"center\">$100<\/td><\/tr><\/tbody><\/table><figcaption class=\"wp-element-caption\">Si tu grupo es mayor de 5 personas, \u00a1av\u00edsanos!<\/figcaption><\/figure>\n\n\n\n<\/div><h2 class=\"tabtitle\"><span class=\"fa fa-pencil-square-o\"><\/span>EINZELHEITEN<\/h2>\n<div class=\"tabcontent\">\n\n\n\n\n<figure class=\"wp-block-table\"><table><thead><tr><th rowspan=\"2\"><strong>Einzelheiten<\/strong><\/th><th colspan=\"2\"><strong>Art der Tour<\/strong><\/th><\/tr><tr><th><strong>Gruppe<\/strong><\/th><th><strong>Privat<\/strong><\/th><\/tr><\/thead><tbody><tr><td>Zeitpl\u00e4ne<\/td><td>04:30 bis 18:00 Uhr<\/td><td>Du entscheidest.<\/td><\/tr><tr><td>Tage<\/td><td>T\u00e4glich<\/td><td>T\u00e4glich<\/td><\/tr><tr><td>Sprache<\/td><td>es\/en gleichzeitig<\/td><td>en oder es<\/td><\/tr><tr><td>Gr\u00f6\u00dfe<\/td><td>10 bis 15 Pers.<\/td><td>Du und deine Freunde<\/td><\/tr><\/tbody><\/table><\/figure>\n\n\n\n<div style=\"height:18px\" aria-hidden=\"true\" class=\"wp-block-spacer\"><\/div>\n\n\n\n<figure class=\"wp-block-table\"><table><thead><tr><th rowspan=\"2\"><strong>Inklusive<\/strong><\/th><th class=\"has-text-align-center\" data-align=\"center\" colspan=\"2\"><strong>Art der Tour<\/strong><\/th><\/tr><tr><th><strong>Gruppe<\/strong><\/th><th class=\"has-text-align-center\" data-align=\"center\"><strong>Privat<\/strong><\/th><\/tr><\/thead><tbody><tr><td>Abholung von deinem Hotel<\/td><td class=\"has-text-align-center\" data-align=\"center\">\u2705<\/td><td class=\"has-text-align-center\" data-align=\"center\">\u2705<\/td><\/tr><tr><td>Reiseleiter<\/td><td class=\"has-text-align-center\" data-align=\"center\">\u2705<\/td><td class=\"has-text-align-center\" data-align=\"center\">\u2705<\/td><\/tr><tr><td>Fahrer<\/td><td class=\"has-text-align-center\" data-align=\"center\">\u2705<\/td><td class=\"has-text-align-center\" data-align=\"center\">\u2705<\/td><\/tr><tr><td>Reisebus<\/td><td class=\"has-text-align-center\" data-align=\"center\">\u2705<\/td><td class=\"has-text-align-center\" data-align=\"center\">\u2705<\/td><\/tr><tr><td>Fr\u00fchst\u00fcck<\/td><td class=\"has-text-align-center\" data-align=\"center\">\u2705<\/td><td class=\"has-text-align-center\" data-align=\"center\">\u2705<\/td><\/tr><tr><td>Mittagessen<\/td><td class=\"has-text-align-center\" data-align=\"center\">\u2705<\/td><td class=\"has-text-align-center\" data-align=\"center\">\u2705<\/td><\/tr><tr><td>Personalisierter Service<\/td><td class=\"has-text-align-center\" data-align=\"center\">\u274c<\/td><td class=\"has-text-align-center\" data-align=\"center\">\u2705<\/td><\/tr><tr><td>Boot, Helm, Rettungsweste und Paddel<\/td><td class=\"has-text-align-center\" data-align=\"center\">\u2705<\/td><td class=\"has-text-align-center\" data-align=\"center\">\u2705<\/td><\/tr><tr><td>Neoprenanzug<\/td><td class=\"has-text-align-center\" data-align=\"center\">\u2705<\/td><td class=\"has-text-align-center\" data-align=\"center\">\u2705<\/td><\/tr><tr><td><em>Drop-off<\/em> an deinem Hotel<\/td><td class=\"has-text-align-center\" data-align=\"center\">\u274c<\/td><td class=\"has-text-align-center\" data-align=\"center\">\u2705<\/td><\/tr><\/tbody><\/table><\/figure>\n\n\n\n<p><i class=\"fab fa-accessible-icon\"><\/i> <strong>Zug\u00e4nglichkeit: <\/strong>Nicht geeignet f\u00fcr Personen mit eingeschr\u00e4nkter Mobilit\u00e4t.<\/p>\n\n\n\n<p><i class=\"far fa-hand-paper\"><\/i> <strong>Was bringe ich mit?<\/strong><\/p>\n\n\n\n<ul class=\"wp-block-list\">\n<li>Ein komplettes Set Wechselkleidung.<\/li>\n\n\n\n<li>Ein Badeanzug f\u00fcr unter deinen Neoprenanzug.<\/li>\n\n\n\n<li>Handt\u00fccher und Sandalen.<\/li>\n\n\n\n<li>Pullover oder Jacken.<\/li>\n\n\n\n<li>Rutschfeste Schuhe.<\/li>\n\n\n\n<li>Regenjacken.<\/li>\n\n\n\n<li>Kappen oder H\u00fcte.<\/li>\n\n\n\n<li>Sonnenschutzmittel.<\/li>\n\n\n\n<li>Sonnenbrille.<\/li>\n\n\n\n<li>Eine Wasserflasche.<\/li>\n<\/ul>\n\n\n\n<p> <i class=\"fab fa-whatsapp\"><\/i> <strong>WhatsApp<\/strong>: <\/p>\n\n\n\n<ul class=\"wp-block-list\">\n<li><a href=\"https:\/\/api.whatsapp.com\/send?phone=51958745640&amp;text=Hello%20FWTP,%20can%20you%20help%20me,%20please?\" target=\"_blank\" rel=\"noreferrer noopener nofollow\">+51 958745640&nbsp;<\/a><\/li>\n\n\n\n<li><a href=\"https:\/\/api.whatsapp.com\/send?phone=51984479073&amp;text=Hello%20FWTP,%20can%20you%20help%20me,%20please?\" target=\"_blank\" rel=\"noreferrer noopener nofollow\">+51 984479073<\/a><\/li>\n<\/ul>\n\n\n\n<\/div><h2 class=\"tabtitle\"><span class=\"fa fa-calendar\"><\/span>NOTIZ<\/h2>\n<div class=\"tabcontent\">\n\n\n\n\n<div class=\"wp-block-bloque-acordeon-acordeon-container acordeon-container\">\n<div class=\"wp-block-bloque-acordeon-acordeon-item acordeon-item\"><h4 class=\"acordeon-titulo\">Pick-ups und Zeiten<\/h4><div class=\"acordeon-contenido\">\n<p>Gruppenf\u00fchrungen:<\/p>\n\n\n\n<ul class=\"wp-block-list\">\n<li>Alle pick-ups (Abholungen)- und Tourendezeiten sind ungef\u00e4hr.<\/li>\n\n\n\n<li>Abholungen gelten nur f\u00fcr Hotels im historischen Zentrum.<\/li>\n\n\n\n<li>Ihre Abholzeit h\u00e4ngt von der Lage Ihres Hotels ab.<\/li>\n\n\n\n<li>Wenn Sie au\u00dferhalb des historischen Zentrums sind, werden wir einen Treffpunkt vereinbaren.<\/li>\n\n\n\n<li>Wenn es schwierig ist, mit dem Fahrzeug zu Ihrem Hotel zu gelangen, werden wir einen Treffpunkt vereinbaren.<\/li>\n\n\n\n<li>Wir f\u00fchren keine Abholungen durch, wenn es Festivals, Streiks oder Verkehrsprobleme gibt.<\/li>\n\n\n\n<li>Alle Abholungen und Treffpunkte werden einen Tag vor Ihrer Tour vereinbart.<\/li>\n<\/ul>\n\n\n\n<p>Private Touren:<\/p>\n\n\n\n<ul class=\"wp-block-list\">\n<li>Die Abholungen erfolgen p\u00fcnktlich.<\/li>\n\n\n\n<li>Abholungen gelten f\u00fcr die gesamte Stadt Arequipa.<\/li>\n\n\n\n<li>Wir werden alle Abholungen einen Tag vor Ihrer Tour arrangieren.<\/li>\n\n\n\n<li>Die Endzeit der Tour ist immer noch ungef\u00e4hrlich, aber wir werden unser Bestes tun, um die Tour wie geplant zu beenden.<\/li>\n<\/ul>\n<\/div><\/div>\n\n\n\n<div class=\"wp-block-bloque-acordeon-acordeon-item acordeon-item\"><h4 class=\"acordeon-titulo\">Fahrzeugtyp und Sitzpl\u00e4tze<\/h4><div class=\"acordeon-contenido\">\n<p>Fahrzeuge:<\/p>\n\n\n\n<ul class=\"wp-block-list\">\n<li>Autorisiert durch das Ministerium f\u00fcr Verkehr von Peru.<\/li>\n\n\n\n<li>Sauber und modern.<\/li>\n\n\n\n<li>Sedan looking auto, 4\u00d74, H1, Van, Renault and Mercedez Benz (Es wird von der Gruppengr\u00f6\u00dfe abh\u00e4ngen).<\/li>\n<\/ul>\n\n\n\n<p>Sitzpl\u00e4tze \u2013 Gruppenf\u00fchrungen:<\/p>\n\n\n\n<ul class=\"wp-block-list\">\n<li>Sie reservieren einen Sitzplatz im Bus, nicht eine bestimmte Anzahl von Sitzpl\u00e4tzen.<\/li>\n\n\n\n<li>Wenn Sie als Erster abgeholt werden, k\u00f6nnen Sie einige Pl\u00e4tze ausw\u00e4hlen (Ihre Abholzeit h\u00e4ngt von der Lage Ihres Hotels ab).<\/li>\n\n\n\n<li>Paare sitzen zu 95 % zusammen; jedoch k\u00f6nnen wir nicht garantieren, dass dies zu 100 % der Fall ist.<\/li>\n<\/ul>\n<\/div><\/div>\n\n\n\n<div class=\"wp-block-bloque-acordeon-acordeon-item acordeon-item\"><h4 class=\"acordeon-titulo\">Betriebsf\u00e4higkeit und Reiseplan<\/h4><div class=\"acordeon-contenido\">\n<p>Diese Tour kann ohne vorherige Ank\u00fcndigung variieren, aufgrund von Wetterbedingungen, Streiks und anderen Ereignissen, die den normalen Tourbetrieb nicht erm\u00f6glichen. Bitte beachten Sie auch unsere&nbsp;<a href=\"https:\/\/freewalkingtoursperu.com\/de\/bedingungen-konditionen\/\" target=\"_blank\" rel=\"noreferrer noopener\">Gesch\u00e4ftsbedingungen<\/a>.<a href=\"https:\/\/www.forbes.com\/sites\/laurabegleybloom\/2018\/12\/18\/the-cheapest-places-to-travel-in-2019\/?sh=21becc0e787a\"><\/a><\/p>\n<\/div><\/div>\n<\/div>\n\n\n\n<\/div><h2 class=\"tabtitle\"><span class=\"fa fa-calendar\"><\/span>STORNIERUNGEN<\/h2>\n<div class=\"tabcontent\">\n\n\n\n\n<p>Die Stornierung der Tour ist kostenlos, solange Sie dies mindestens 48 Stunden im Voraus tun. Andernfalls berechnen wir 100 % des Tourpreises. Bitte beachten Sie auch unsere <a href=\"https:\/\/freewalkingtoursperu.com\/de\/bedingungen-konditionen\/\" target=\"_blank\" rel=\"noreferrer noopener\">Gesch\u00e4ftsbedingungen<\/a>. <\/p>\n\n\n\n<\/div><h2 class=\"tabtitle\"><span class=\"fa fa-comments-o\"><\/span>BEWERTUNGEN<\/h2>\n<div class=\"tabcontent\">\n\n\n\n\n<p>Bitte scrollen Sie nach unten, um die Bewertungen zu sehen.<\/p>\n\n\n<\/div><\/div>\n<\/div>\n\n\n\n<div class=\"wp-block-column is-layout-flow wp-block-column-is-layout-flow\" style=\"flex-basis:25%\">\n<div class=\"wp-block-group\"><div class=\"wp-block-group__inner-container is-layout-constrained wp-block-group-is-layout-constrained\"><div class='mb-10'>\n\t    \n\t\t<div class='flex gap-1'>\n\t\t\t\t<div class='flex-auto'>\n\t\t\t\t\t<a href='https:\/\/www.forbes.com\/sites\/laurabegleybloom\/2018\/12\/18\/the-cheapest-places-to-travel-in-2019\/?sh=21becc0e787a'><img src=https:\/\/freewalkingtoursperu.com\/wp-content\/themes\/fwtp\/img\/logo-forbes.png alt='logo forbes' class='w-full h-auto xl:h-12'><\/a>\n\t\t\t\t<\/div>\n\t\t\t\t<div class='flex-auto'>\n\t\t\t\t\t<a href='https:\/\/www.tripadvisor.com\/Attraction_Review-g294314-d19259754-Reviews-Free_Walking_Tours_Peru-Cusco_Cusco_Region.html'><img src=https:\/\/freewalkingtoursperu.com\/wp-content\/themes\/fwtp\/img\/logo-tripadvisor.png alt='logo tripadvisor' class='w-full h-auto xl:h-12'><\/a>\n\t\t\t\t<\/div>\n\t\t<\/div>\n\t\t<div class='text-center'>\n\t\t\t<a href='#'><img src=https:\/\/freewalkingtoursperu.com\/wp-content\/themes\/fwtp\/img\/logo-free-walking-tours-peru-ministerio-turismo.png width='100%' alt='logo ministerio del comercio exterior' class='mt-1'><\/a>\n\t\t<\/div>\n\n\t <\/div>\n\n\n\n<!--Markup for citys-->\n\n<div id=\"tour-block_b76ee8b6c4e75633220375873b5aeec8\" class=\"tour\">\n\n            <div class=''>\n\t            <div class='flex rounded-t shadow'>\n\t\t\t        <div class='px-3 py-2 rounded-tl bg-black text-white text-lg mb-0  font-semibold font-nunito'>Keine Zuschl\u00e4ge<\/div>\n\t\t\t        <div class='px-1 py-2 rounded-tr flex-auto font-nunito font-semibold bg-fwtp text-lg text-black  mb-0 text-center'>Ab $120<\/div>\n\t\t\t    <\/div>\n\t        <\/div>\n<\/div>\n\n\n\n\n<div class=\"wpcf7 no-js\" id=\"wpcf7-f22682-o1\" lang=\"en-US\" dir=\"ltr\" data-wpcf7-id=\"22682\">\n<div class=\"screen-reader-response\"><p role=\"status\" aria-live=\"polite\" aria-atomic=\"true\"><\/p> <ul><\/ul><\/div>\n<form action=\"\/de\/wp-json\/wp\/v2\/pages\/53073#wpcf7-f22682-o1\" method=\"post\" class=\"wpcf7-form init\" aria-label=\"Contact form\" novalidate=\"novalidate\" data-status=\"init\">\n<fieldset class=\"hidden-fields-container\"><input type=\"hidden\" name=\"_wpcf7\" value=\"22682\" \/><input type=\"hidden\" name=\"_wpcf7_version\" value=\"6.1.7\" \/><input type=\"hidden\" name=\"_wpcf7_locale\" value=\"en_US\" \/><input type=\"hidden\" name=\"_wpcf7_unit_tag\" value=\"wpcf7-f22682-o1\" \/><input type=\"hidden\" name=\"_wpcf7_container_post\" value=\"0\" \/><input type=\"hidden\" name=\"_wpcf7_posted_data_hash\" value=\"\" \/><input type=\"hidden\" name=\"_wpcf7dtx_version\" value=\"5.0.7\" \/>\n<\/fieldset>\n<input class=\"wpcf7-form-control wpcf7-hidden\" value=\"19\" type=\"hidden\" name=\"Id_Walks\" \/>\n<input class=\"wpcf7-form-control wpcf7-hidden\" value=\"fe18081f05c00a30697442ce0d21a18d09f372db\" type=\"hidden\" name=\"Ncode\" \/>\n<div id=\"form\" class=\"box-form border rounded-bottom shadow bg-white p-3\">\n      <span class=\"wpcf7-form-control-wrap page-title\" data-name=\"page-title\"><input type=\"hidden\" name=\"page-title\" class=\"wpcf7-form-control wpcf7-hidden wpcf7dtx wpcf7dtx-hidden\" aria-invalid=\"false\" value=\"Kajakfahren im Majes-Fluss in Arequipa\"><\/span>\n<div class=\"form-group\">\n           <span class=\"wpcf7-form-control-wrap page-title\" data-name=\"page-title\"><input type=\"text\" name=\"page-title\" class=\"wpcf7-form-control wpcf7-text wpcf7dtx wpcf7dtx-text form-control form-control-sm\" aria-invalid=\"false\" value=\"Kajakfahren im Majes-Fluss in Arequipa\"><\/span>\n      <\/div>\n      <div class=\"form-group\">\n        <p>Datum: <span class=\"wpcf7-form-control-wrap\" data-name=\"date-free\"><input size=\"40\" maxlength=\"400\" class=\"wpcf7-form-control wpcf7-text form-control form-control-sm fwt\" aria-invalid=\"false\" placeholder=\"dd\/mm\/yyyy\" value=\"\" type=\"text\" name=\"date-free\" \/><\/span><\/p>\n       <\/div>\n      <div class=\"form-group\">\n         <span class=\"wpcf7-form-control-wrap\" data-name=\"size\"><select class=\"wpcf7-form-control wpcf7-select wpcf7-validates-as-required form-control form-control-sm\" aria-required=\"true\" aria-invalid=\"false\" name=\"size\"><option value=\"\">Wie viele Personen sind in deiner Gruppe?<\/option><option value=\"1\">1<\/option><option value=\"2\">2<\/option><option value=\"3\">3<\/option><option value=\"4\">4<\/option><option value=\"5\">5<\/option><option value=\"6\">6<\/option><option value=\"7\">7<\/option><option value=\"8\">8<\/option><option value=\"9\">9<\/option><option value=\"10\">10<\/option><\/select><\/span>\n      <\/div>\n       <div class=\"form-group\">\n        <span class=\"wpcf7-form-control-wrap\" data-name=\"name-free\"><input size=\"40\" maxlength=\"400\" class=\"wpcf7-form-control wpcf7-text wpcf7-validates-as-required form-control form-control-sm\" aria-required=\"true\" aria-invalid=\"false\" placeholder=\"Vor- und Nachname\" value=\"\" type=\"text\" name=\"name-free\" \/><\/span>\n      <\/div>\n      <div class=\"form-group\">\n          <span class=\"wpcf7-form-control-wrap\" data-name=\"email-free\"><input size=\"40\" maxlength=\"400\" class=\"wpcf7-form-control wpcf7-email wpcf7-validates-as-required wpcf7-text wpcf7-validates-as-email form-control form-control-sm\" aria-required=\"true\" aria-invalid=\"false\" placeholder=\"E-Mail\" value=\"\" type=\"email\" name=\"email-free\" \/><\/span>\n      <\/div>\n<div class=\"form-group\">\n          <span class=\"wpcf7-form-control-wrap\" data-name=\"Whatsapp\"><input size=\"40\" class=\"wpcf7-form-control wpcf7-phonetext wpcf7-validates-as-required wpcf7-text wpcf7-validates-as-phonetext form-control form-control-sm\" aria-required=\"true\" aria-invalid=\"false\" placeholder=\"Whatsapp\" value=\"\" type=\"text\" name=\"Whatsapp\" \/><input type=\"hidden\" name=\"Whatsapp-country-code\" class=\"wpcf7-phonetext-country-code\" \/><\/span>\n      <\/div>\n       <div class=\"form-group\">\n         <span class=\"wpcf7-form-control-wrap\" data-name=\"your-message\"><textarea cols=\"7\" rows=\"5\" maxlength=\"2000\" class=\"wpcf7-form-control wpcf7-textarea form-control form-control-sm\" aria-invalid=\"false\" placeholder=\"Schreibe hier alle zus\u00e4tzlichen Informationen: Hotel, Wunsch nach einer privaten Tour, zus\u00e4tzliche Touren, Kinder, \u00e4ltere Menschen usw.\" name=\"your-message\"><\/textarea><\/span>\n      <\/div>\n        <div class=\"form-group text-center\">\n          <p class=\"text-center\"><input class=\"wpcf7-form-control wpcf7-submit has-spinner btn btn-lg px-5 btn-free\" type=\"submit\" value=\"Hol dir ein Angebot\" \/><\/p>\n          \n        <\/div>\n\n<\/div><div class=\"wpcf7-response-output\" aria-hidden=\"true\"><\/div>\n<\/form>\n<\/div>\n\n<\/div><\/div>\n<\/div>\n<\/div>\n\n\n<div class='bg-white border p-3 shadow my-3' id='reviews' ><\/p>\n\n\n\n<h2 class=\"wp-block-heading\" id=\"reviews-009bf618-1525-4de9-95e4-c35333e5f797\">Soziale Medien<\/h2>\n\n\n\n<p>\u2b50<a href=\"https:\/\/www.tripadvisor.com\/Attraction_Review-g294313-d19635162-Reviews-Free_Walking_Tours_Peru-Arequipa_Arequipa_Region.html\" target=\"_blank\" rel=\"noreferrer noopener\">TripAdvisor:<\/a> 53 Bewertungen <strong>|<\/strong> \u2b50<a href=\"https:\/\/goo.gl\/maps\/FhNr5D6qmpcDwfTPA\" target=\"_blank\" rel=\"noreferrer noopener\">Google Maps:<\/a> 1200 Bewertungen&nbsp;<strong>|<\/strong> \u2b50<a href=\"https:\/\/www.facebook.com\/FreeWalkingToursPeru\" target=\"_blank\" rel=\"noreferrer noopener\">Facebook<\/a>: 800 followers <strong>|<\/strong> \u2b50<a href=\"https:\/\/www.instagram.com\/limafreewalkingtours\/\" target=\"_blank\" rel=\"noreferrer noopener\">Instagram:<\/a> 6000 followers <strong>|<\/strong> \u2b50<a href=\"https:\/\/youtu.be\/HdYcNrUxnXA\" target=\"_blank\" rel=\"noreferrer noopener\">YouTube:<\/a> Sieh du dich Videos an <strong>|<\/strong> \u2b50 <a href=\"https:\/\/freewalkingtoursperu.com\/de\/uber-uns\/\" target=\"_blank\" rel=\"noreferrer noopener\">Travellers:<\/a>&nbsp;Mehr als&nbsp;7 tourists<\/p>\n\n\n<p> <\/div>\n","protected":false},"excerpt":{"rendered":"<p>Melde dich f\u00fcr die Kanutour auf dem Majes-Fluss in Arequipa an! Es wird Stromschnellen der Klassen II, III und IV geben \u2013 die beste Wahl, wenn du Wassersportarten magst. Der Majes-Fluss entsteht durch die Vereinigung der Fl\u00fcsse Capiza und Colca und wird sp\u00e4ter zum Caman\u00e1-Fluss, der in den Pazifik m\u00fcndet. Die Preise in der Tabelle [&hellip;]<\/p>\n","protected":false},"author":1,"featured_media":0,"parent":52934,"menu_order":0,"comment_status":"closed","ping_status":"closed","template":"page-tour-pay.php","meta":{"_acf_changed":false,"advgb_blocks_editor_width":"full","advgb_blocks_columns_visual_guide":"","footnotes":""},"class_list":["post-53073","page","type-page","status-publish","hentry"],"acf":[],"yoast_head":"<!-- This site is optimized with the Yoast SEO plugin v28.4 - https:\/\/yoast.com\/product\/yoast-seo-wordpress\/ -->\n<title>Kajakfahren im majes fluss in Arequipa - Ganzt\u00e4giges Kanufahren<\/title>\n<meta name=\"description\" content=\"Kajakfahren im majes fluss in Arequipa, Ganzt\u00e4giges Kanufahren, habe Spa\u00df mit Stromschnellen der Klassen II, III und IV.\" \/>\n<meta name=\"robots\" content=\"index, follow, max-snippet:-1, max-image-preview:large, max-video-preview:-1\" \/>\n<link rel=\"canonical\" href=\"https:\/\/freewalkingtoursperu.com\/de\/touren-arequipa\/kajakfahren-im-majes-fluss-in-arequipa\/\" \/>\n<meta property=\"og:locale\" content=\"de_DE\" \/>\n<meta property=\"og:type\" content=\"article\" \/>\n<meta property=\"og:title\" content=\"Kajakfahren im majes fluss in Arequipa - Ganzt\u00e4giges Kanufahren\" \/>\n<meta property=\"og:description\" content=\"Kajakfahren im majes fluss in Arequipa, Ganzt\u00e4giges Kanufahren, habe Spa\u00df mit Stromschnellen der Klassen II, III und IV.\" \/>\n<meta property=\"og:url\" content=\"https:\/\/freewalkingtoursperu.com\/de\/touren-arequipa\/kajakfahren-im-majes-fluss-in-arequipa\/\" \/>\n<meta property=\"og:site_name\" content=\"Free Walking Tours Peru\" \/>\n<meta property=\"article:modified_time\" content=\"2026-06-18T23:55:40+00:00\" \/>\n<meta name=\"twitter:card\" content=\"summary_large_image\" \/>\n<meta name=\"twitter:label1\" content=\"Gesch\u00e4tzte Lesezeit\" \/>\n\t<meta name=\"twitter:data1\" content=\"4\u00a0Minuten\" \/>\n<script type=\"application\/ld+json\" class=\"yoast-schema-graph\">{\"@context\":\"https:\\\/\\\/schema.org\",\"@graph\":[{\"@type\":\"WebPage\",\"@id\":\"https:\\\/\\\/freewalkingtoursperu.com\\\/de\\\/touren-arequipa\\\/kajakfahren-im-majes-fluss-in-arequipa\\\/\",\"url\":\"https:\\\/\\\/freewalkingtoursperu.com\\\/de\\\/touren-arequipa\\\/kajakfahren-im-majes-fluss-in-arequipa\\\/\",\"name\":\"Kajakfahren im majes fluss in Arequipa - Ganzt\u00e4giges Kanufahren\",\"isPartOf\":{\"@id\":\"https:\\\/\\\/freewalkingtoursperu.com\\\/de\\\/#website\"},\"datePublished\":\"2024-11-21T00:27:33+00:00\",\"dateModified\":\"2026-06-18T23:55:40+00:00\",\"description\":\"Kajakfahren im majes fluss in Arequipa, Ganzt\u00e4giges Kanufahren, habe Spa\u00df mit Stromschnellen der Klassen II, III und IV.\",\"breadcrumb\":{\"@id\":\"https:\\\/\\\/freewalkingtoursperu.com\\\/de\\\/touren-arequipa\\\/kajakfahren-im-majes-fluss-in-arequipa\\\/#breadcrumb\"},\"inLanguage\":\"de\",\"potentialAction\":[{\"@type\":\"ReadAction\",\"target\":[\"https:\\\/\\\/freewalkingtoursperu.com\\\/de\\\/touren-arequipa\\\/kajakfahren-im-majes-fluss-in-arequipa\\\/\"]}]},{\"@type\":\"BreadcrumbList\",\"@id\":\"https:\\\/\\\/freewalkingtoursperu.com\\\/de\\\/touren-arequipa\\\/kajakfahren-im-majes-fluss-in-arequipa\\\/#breadcrumb\",\"itemListElement\":[{\"@type\":\"ListItem\",\"position\":1,\"name\":\"Home\",\"item\":\"https:\\\/\\\/freewalkingtoursperu.com\\\/de\\\/\"},{\"@type\":\"ListItem\",\"position\":2,\"name\":\"Touren in Arequipa\",\"item\":\"https:\\\/\\\/freewalkingtoursperu.com\\\/de\\\/touren-arequipa\\\/\"},{\"@type\":\"ListItem\",\"position\":3,\"name\":\"Kajakfahren im Majes-Fluss in Arequipa\"}]},{\"@type\":\"WebSite\",\"@id\":\"https:\\\/\\\/freewalkingtoursperu.com\\\/de\\\/#website\",\"url\":\"https:\\\/\\\/freewalkingtoursperu.com\\\/de\\\/\",\"name\":\"Free Walking Tours Peru\",\"description\":\"\",\"publisher\":{\"@id\":\"https:\\\/\\\/freewalkingtoursperu.com\\\/de\\\/#organization\"},\"potentialAction\":[{\"@type\":\"SearchAction\",\"target\":{\"@type\":\"EntryPoint\",\"urlTemplate\":\"https:\\\/\\\/freewalkingtoursperu.com\\\/de\\\/?s={search_term_string}\"},\"query-input\":{\"@type\":\"PropertyValueSpecification\",\"valueRequired\":true,\"valueName\":\"search_term_string\"}}],\"inLanguage\":\"de\"},{\"@type\":\"Organization\",\"@id\":\"https:\\\/\\\/freewalkingtoursperu.com\\\/de\\\/#organization\",\"name\":\"Free Walking Tours Peru\",\"url\":\"https:\\\/\\\/freewalkingtoursperu.com\\\/de\\\/\",\"logo\":{\"@type\":\"ImageObject\",\"inLanguage\":\"de\",\"@id\":\"https:\\\/\\\/freewalkingtoursperu.com\\\/de\\\/#\\\/schema\\\/logo\\\/image\\\/\",\"url\":\"https:\\\/\\\/freewalkingtoursperu.com\\\/wp-content\\\/uploads\\\/2026\\\/02\\\/logo-freeorg.svg\",\"contentUrl\":\"https:\\\/\\\/freewalkingtoursperu.com\\\/wp-content\\\/uploads\\\/2026\\\/02\\\/logo-freeorg.svg\",\"caption\":\"Free Walking Tours Peru\"},\"image\":{\"@id\":\"https:\\\/\\\/freewalkingtoursperu.com\\\/de\\\/#\\\/schema\\\/logo\\\/image\\\/\"}}]}<\/script>\n<!-- \/ Yoast SEO plugin. -->","yoast_head_json":{"title":"Kajakfahren im majes fluss in Arequipa - Ganzt\u00e4giges Kanufahren","description":"Kajakfahren im majes fluss in Arequipa, Ganzt\u00e4giges Kanufahren, habe Spa\u00df mit Stromschnellen der Klassen II, III und IV.","robots":{"index":"index","follow":"follow","max-snippet":"max-snippet:-1","max-image-preview":"max-image-preview:large","max-video-preview":"max-video-preview:-1"},"canonical":"https:\/\/freewalkingtoursperu.com\/de\/touren-arequipa\/kajakfahren-im-majes-fluss-in-arequipa\/","og_locale":"de_DE","og_type":"article","og_title":"Kajakfahren im majes fluss in Arequipa - Ganzt\u00e4giges Kanufahren","og_description":"Kajakfahren im majes fluss in Arequipa, Ganzt\u00e4giges Kanufahren, habe Spa\u00df mit Stromschnellen der Klassen II, III und IV.","og_url":"https:\/\/freewalkingtoursperu.com\/de\/touren-arequipa\/kajakfahren-im-majes-fluss-in-arequipa\/","og_site_name":"Free Walking Tours Peru","article_modified_time":"2026-06-18T23:55:40+00:00","twitter_card":"summary_large_image","twitter_misc":{"Gesch\u00e4tzte Lesezeit":"4\u00a0Minuten"},"schema":{"@context":"https:\/\/schema.org","@graph":[{"@type":"WebPage","@id":"https:\/\/freewalkingtoursperu.com\/de\/touren-arequipa\/kajakfahren-im-majes-fluss-in-arequipa\/","url":"https:\/\/freewalkingtoursperu.com\/de\/touren-arequipa\/kajakfahren-im-majes-fluss-in-arequipa\/","name":"Kajakfahren im majes fluss in Arequipa - Ganzt\u00e4giges Kanufahren","isPartOf":{"@id":"https:\/\/freewalkingtoursperu.com\/de\/#website"},"datePublished":"2024-11-21T00:27:33+00:00","dateModified":"2026-06-18T23:55:40+00:00","description":"Kajakfahren im majes fluss in Arequipa, Ganzt\u00e4giges Kanufahren, habe Spa\u00df mit Stromschnellen der Klassen II, III und IV.","breadcrumb":{"@id":"https:\/\/freewalkingtoursperu.com\/de\/touren-arequipa\/kajakfahren-im-majes-fluss-in-arequipa\/#breadcrumb"},"inLanguage":"de","potentialAction":[{"@type":"ReadAction","target":["https:\/\/freewalkingtoursperu.com\/de\/touren-arequipa\/kajakfahren-im-majes-fluss-in-arequipa\/"]}]},{"@type":"BreadcrumbList","@id":"https:\/\/freewalkingtoursperu.com\/de\/touren-arequipa\/kajakfahren-im-majes-fluss-in-arequipa\/#breadcrumb","itemListElement":[{"@type":"ListItem","position":1,"name":"Home","item":"https:\/\/freewalkingtoursperu.com\/de\/"},{"@type":"ListItem","position":2,"name":"Touren in Arequipa","item":"https:\/\/freewalkingtoursperu.com\/de\/touren-arequipa\/"},{"@type":"ListItem","position":3,"name":"Kajakfahren im Majes-Fluss in Arequipa"}]},{"@type":"WebSite","@id":"https:\/\/freewalkingtoursperu.com\/de\/#website","url":"https:\/\/freewalkingtoursperu.com\/de\/","name":"Free Walking Tours Peru","description":"","publisher":{"@id":"https:\/\/freewalkingtoursperu.com\/de\/#organization"},"potentialAction":[{"@type":"SearchAction","target":{"@type":"EntryPoint","urlTemplate":"https:\/\/freewalkingtoursperu.com\/de\/?s={search_term_string}"},"query-input":{"@type":"PropertyValueSpecification","valueRequired":true,"valueName":"search_term_string"}}],"inLanguage":"de"},{"@type":"Organization","@id":"https:\/\/freewalkingtoursperu.com\/de\/#organization","name":"Free Walking Tours Peru","url":"https:\/\/freewalkingtoursperu.com\/de\/","logo":{"@type":"ImageObject","inLanguage":"de","@id":"https:\/\/freewalkingtoursperu.com\/de\/#\/schema\/logo\/image\/","url":"https:\/\/freewalkingtoursperu.com\/wp-content\/uploads\/2026\/02\/logo-freeorg.svg","contentUrl":"https:\/\/freewalkingtoursperu.com\/wp-content\/uploads\/2026\/02\/logo-freeorg.svg","caption":"Free Walking Tours Peru"},"image":{"@id":"https:\/\/freewalkingtoursperu.com\/de\/#\/schema\/logo\/image\/"}}]}},"coauthors":[],"author_meta":{"author_link":"https:\/\/freewalkingtoursperu.com\/de\/blog\/author\/adminfwt\/","display_name":"FWTP"},"relative_dates":{"created":"Ver\u00f6ffentlicht 2\u00a0Jahren vor","modified":"Aktualisiert 3\u00a0Monaten vor"},"absolute_dates":{"created":"Ver\u00f6ffentlicht am 20 November, 2024","modified":"Aktualisiert am 18 Juni, 2026"},"absolute_dates_time":{"created":"Ver\u00f6ffentlicht am 20 November, 2024 7:27 p.m.","modified":"Aktualisiert am 18 Juni, 2026 6:55 p.m."},"featured_img_caption":"","featured_img":false,"series_order":"","_links":{"self":[{"href":"https:\/\/freewalkingtoursperu.com\/de\/wp-json\/wp\/v2\/pages\/53073","targetHints":{"allow":["GET"]}}],"collection":[{"href":"https:\/\/freewalkingtoursperu.com\/de\/wp-json\/wp\/v2\/pages"}],"about":[{"href":"https:\/\/freewalkingtoursperu.com\/de\/wp-json\/wp\/v2\/types\/page"}],"author":[{"embeddable":true,"href":"https:\/\/freewalkingtoursperu.com\/de\/wp-json\/wp\/v2\/users\/1"}],"replies":[{"embeddable":true,"href":"https:\/\/freewalkingtoursperu.com\/de\/wp-json\/wp\/v2\/comments?post=53073"}],"version-history":[{"count":1,"href":"https:\/\/freewalkingtoursperu.com\/de\/wp-json\/wp\/v2\/pages\/53073\/revisions"}],"predecessor-version":[{"id":71768,"href":"https:\/\/freewalkingtoursperu.com\/de\/wp-json\/wp\/v2\/pages\/53073\/revisions\/71768"}],"up":[{"embeddable":true,"href":"https:\/\/freewalkingtoursperu.com\/de\/wp-json\/wp\/v2\/pages\/52934"}],"wp:attachment":[{"href":"https:\/\/freewalkingtoursperu.com\/de\/wp-json\/wp\/v2\/media?parent=53073"}],"curies":[{"name":"wp","href":"https:\/\/api.w.org\/{rel}","templated":true}]}}