{"id":53087,"date":"2024-11-22T19:27:28","date_gmt":"2024-11-23T00:27:28","guid":{"rendered":"https:\/\/freewalkingtoursperu.com\/?page_id=53087"},"modified":"2026-07-26T08:14:09","modified_gmt":"2026-07-26T13:14:09","slug":"quad-tour-valle-chilina-arequipa","status":"publish","type":"page","link":"https:\/\/freewalkingtoursperu.com\/de\/touren-arequipa\/quad-tour-valle-chilina-arequipa\/","title":{"rendered":"Quad-Tour zum Felsenpark"},"content":{"rendered":"\n<!--Markup for citys-->\n\n<div id=\"tour-block_a152e2bc1de3fce4744f880626d97d0e\" class=\"toursweb flex flex-col-reverse md:flex-col\">\n\n\n        <div class=\"container mb-2\">          \n                        <div class=\"mt-6\">\n                        <p id=\"breadcrumbs\" class=\"mb-0\"><span><span><a href=\"https:\/\/freewalkingtoursperu.com\/de\/\">Home<\/a><\/span><\/span><\/p>                        <\/div>\n            \n\n                    <h1 class=\"text-xl xl:text-3xl mb-2 font-bold text-gray-800\"> Quad-Tour zum Felsenpark<\/h1>\n                                        <div class=\"flex gap-3 mb-4\">\n                            <span>\n                                <i class='fas fa-star text-yellow-400'><\/i> \n                                <i class='fas fa-star text-yellow-400'><\/i> \n                                <i class='fas fa-star text-yellow-400'><\/i> \n                                <i class='fas fa-star text-yellow-400'><\/i> \n                                <i class='fas fa-star text-yellow-400'><\/i>  \n                            <\/span>\n                            <span> \n                                <i class=\"far fa-user text-gray-700\"><\/i> <a href=\"#reviews\"> <span class=\"text-sky-600 font-nunito\">35 Reisenden<\/span> <\/a>\n                            <\/span>\n\n                            <span> \n                            <i class=\"far fa-clock text-gray-700\"><\/i>  <span class=\"text-gray-800 font-nunito\">3.5 Stdn<\/span> \n                            <\/span>\n\n                            <span> \n                                <i class=\"far fa-comment text-gray-700\"><\/i> \n                                    <span class=\"mr-1 text-sm flag-icon flag-icon-gb\"><\/span><span class=\"mr-1 text-sm flag-icon flag-icon-es\"><\/span>                            <\/span>\n                        <\/div>\n                              \n        <\/div>\n\n    \n\n\n        <div class=\"relative mb-2 mt-2\">\n\n                    \n                        <div id=\"lightgallery\" class=\"flex flex-wrap img-large\"> \n                                                            <a class=\"w-2\/12 img-small xl:block hidden\" href=\"https:\/\/freewalkingtoursperu.com\/wp-content\/uploads\/2025\/10\/Tour_de_Quads_al_parque_de_las_Rocas_1-1200x800.webp\"  data-sub-html=\"\">\n                                <img decoding=\"async\" src=\"https:\/\/freewalkingtoursperu.com\/wp-content\/uploads\/2025\/10\/Tour_de_Quads_al_parque_de_las_Rocas_1-1200x800.webp\" class=\"cursor-pointer rounded w-full object-cover\"  alt=\"Tour de Quads al parque de las Rocas\">\n                                <\/a>\n                                                            <a class=\"w-2\/12 img-small xl:block hidden\" href=\"https:\/\/freewalkingtoursperu.com\/wp-content\/uploads\/2023\/03\/tour-de-cuatrimotos-en-arequipa-5.jpg\"  data-sub-html=\"\">\n                                <img decoding=\"async\" src=\"https:\/\/freewalkingtoursperu.com\/wp-content\/uploads\/2023\/03\/tour-de-cuatrimotos-en-arequipa-5.jpg\" class=\"cursor-pointer rounded w-full object-cover\"  alt=\"Tour de cuatrimotos en el valle Chilina de Arequipa\n\">\n                                <\/a>\n                                                            <a class=\"w-2\/12 img-small xl:block hidden\" href=\"https:\/\/freewalkingtoursperu.com\/wp-content\/uploads\/2023\/03\/tour-de-cuatrimotos-en-arequipa-4.jpg\"  data-sub-html=\"\">\n                                <img decoding=\"async\" src=\"https:\/\/freewalkingtoursperu.com\/wp-content\/uploads\/2023\/03\/tour-de-cuatrimotos-en-arequipa-4.jpg\" class=\"cursor-pointer rounded w-full object-cover\"  alt=\"Tour de cuatrimotos en el valle Chilina de Arequipa\n\">\n                                <\/a>\n                                                            <a class=\"w-2\/12 img-small xl:block hidden\" href=\"https:\/\/freewalkingtoursperu.com\/wp-content\/uploads\/2023\/03\/tour-de-cuatrimotos-en-arequipa-3.jpg\"  data-sub-html=\"\">\n                                <img decoding=\"async\" src=\"https:\/\/freewalkingtoursperu.com\/wp-content\/uploads\/2023\/03\/tour-de-cuatrimotos-en-arequipa-3.jpg\" class=\"cursor-pointer rounded w-full object-cover\"  alt=\"Tour de cuatrimotos en el valle Chilina de Arequipa\n\">\n                                <\/a>\n                                                            <a class=\"w-2\/12 img-small xl:block hidden\" href=\"https:\/\/freewalkingtoursperu.com\/wp-content\/uploads\/2023\/03\/tour-de-cuatrimotos-en-arequipa-2.jpg\"  data-sub-html=\"\">\n                                <img decoding=\"async\" src=\"https:\/\/freewalkingtoursperu.com\/wp-content\/uploads\/2023\/03\/tour-de-cuatrimotos-en-arequipa-2.jpg\" class=\"cursor-pointer rounded w-full object-cover\"  alt=\"Tour de cuatrimotos en el valle Chilina de Arequipa\n\">\n                                <\/a>\n                                                            <a class=\"w-2\/12 img-small xl:block hidden\" href=\"https:\/\/freewalkingtoursperu.com\/wp-content\/uploads\/2023\/03\/tour-de-cuatrimotos-en-arequipa-1.jpg\"  data-sub-html=\"\">\n                                <img decoding=\"async\" src=\"https:\/\/freewalkingtoursperu.com\/wp-content\/uploads\/2023\/03\/tour-de-cuatrimotos-en-arequipa-1.jpg\" class=\"cursor-pointer rounded w-full object-cover\"  alt=\"Tour de cuatrimotos en el valle Chilina de Arequipa\n\">\n                                <\/a>\n                                                            <a class=\"w-2\/12 img-small xl:block hidden\" href=\"https:\/\/freewalkingtoursperu.com\/wp-content\/uploads\/2024\/04\/tour-cuatrimotos-valle-chilina-arequipa_1.webp\"  data-sub-html=\"\">\n                                <img decoding=\"async\" src=\"https:\/\/freewalkingtoursperu.com\/wp-content\/uploads\/2024\/04\/tour-cuatrimotos-valle-chilina-arequipa_1.webp\" class=\"cursor-pointer rounded w-full object-cover\"  alt=\"Tour de Quads al parque de las Rocas\">\n                                <\/a>\n                                                            <a class=\"w-2\/12 img-small xl:block hidden\" href=\"https:\/\/freewalkingtoursperu.com\/wp-content\/uploads\/2024\/04\/tour-cuatrimotos-valle-chilina-arequipa.webp\"  data-sub-html=\"\">\n                                <img decoding=\"async\" src=\"https:\/\/freewalkingtoursperu.com\/wp-content\/uploads\/2024\/04\/tour-cuatrimotos-valle-chilina-arequipa.webp\" class=\"cursor-pointer rounded w-full object-cover\"  alt=\"Tour de Quads al parque de las Rocas\">\n                                <\/a>\n                             \n\n                        <\/div>\n\n                    \n                    \n                        \n        <\/div>\n\n\n<\/div>\n\n\n\n\n<!--Markup for citys-->\n\n<div id=\"tour-block_3e16841ae66f05bb4b778ef2f28e13dc\" class=\"tour\">\n\n           \n                <div class=\"flex flex-wrap pl-5 xl:pl-0 gap-8 justify-start xl:justify-center items-center pb-5 py-2 border-b-gray-300 border-b mb-5\">\n                            \n                                    \n                                    <div class=\"pr-0 xl:pr-5 item-details\">\n                                        <img decoding=\"async\" src=\"https:\/\/freewalkingtoursperu.com\/wp-content\/uploads\/2024\/02\/local-website.png\" class=\"w-10 float-left mr-2\" alt=\"bg home\">\n                                        <div class=\"inline-block\">\n                                            <span class=\"font-nunito text-gray-900 font-bold text-sm inline-block\"> Local website<\/span>\n                                            <span class=\"font-nunito text-xs block font-bold text-gray-500\"> NO MIDDLE MAN<\/span>\n                                        <\/div>\n\n                                        <\/div>\n\n                            \n                                    \n                                    <div class=\"pr-0 xl:pr-5 item-details\">\n                                        <img decoding=\"async\" src=\"https:\/\/freewalkingtoursperu.com\/wp-content\/uploads\/2024\/02\/maximum-walkers-last.png\" class=\"w-10 float-left mr-2\" alt=\"bg home\">\n                                        <div class=\"inline-block\">\n                                            <span class=\"font-nunito text-gray-900 font-bold text-sm inline-block\"> Up to 10 people<\/span>\n                                            <span class=\"font-nunito text-xs block font-bold text-gray-500\"> GROUP SIZE<\/span>\n                                        <\/div>\n\n                                        <\/div>\n\n                            \n                                    \n                                    <div class=\"pr-0 xl:pr-5 item-details\">\n                                        <img decoding=\"async\" src=\"https:\/\/freewalkingtoursperu.com\/wp-content\/uploads\/2024\/02\/altitude3.png\" class=\"w-10 float-left mr-2\" alt=\"bg home\">\n                                        <div class=\"inline-block\">\n                                            <span class=\"font-nunito text-gray-900 font-bold text-sm inline-block\"> 2,900 m<\/span>\n                                            <span class=\"font-nunito text-xs block font-bold text-gray-500\"> MAX. ALTITUDE<\/span>\n                                        <\/div>\n\n                                        <\/div>\n\n                            \n                                    \n                                    <div class=\"pr-0 xl:pr-5 item-details\">\n                                        <img decoding=\"async\" src=\"https:\/\/freewalkingtoursperu.com\/wp-content\/uploads\/2024\/02\/difficulty-last.png\" class=\"w-10 float-left mr-2\" alt=\"bg home\">\n                                        <div class=\"inline-block\">\n                                            <span class=\"font-nunito text-gray-900 font-bold text-sm inline-block\"> Easy<\/span>\n                                            <span class=\"font-nunito text-xs block font-bold text-gray-500\"> DIFFICULTY<\/span>\n                                        <\/div>\n\n                                        <\/div>\n\n                                                    \n                        \n                        \n               \n            <\/div>\n            \n<\/div>\n\n\n\n\n<div class=\"wp-block-columns is-layout-flex wp-container-core-columns-is-layout-9d6595d7 wp-block-columns-is-layout-flex\">\n<div class=\"wp-block-column is-layout-flow wp-block-column-is-layout-flow\" style=\"flex-basis:75%\">\n<p>Entdecke mit Quads den <strong>\u00f6kologischen Felsenpark<\/strong> im Stadtteil Alto Selva Alegre, ideal f\u00fcr Abenteuer-Tourismus-Liebhaber. Der Park erstreckt sich \u00fcber 220 Hektar mit Felsformationen, von denen viele zoomorphe Figuren haben. Du kannst auch Eidechsen, Vizcachas, Andenf\u00fcchse, Schlangen und mehr beobachten.<\/p>\n\n\n<div class=\"text-left -mt-2 mb-4 mr-4\" id=\"leer_mas_6a9bfaee8ef41\"><div class=\"leer-mas-contenido pt-2\" style=\"display: none;\"><\/p>\n\n\n\n<p>Im oberen Teil des Parks befindet sich eine <strong>heilige<em> Huaca <\/em><\/strong>(heiligen Tempel), die zur Kultur der Churaj\u00f3n geh\u00f6rte. Der Tempel ist ein idealer Ort, um die besten Panoramafotos des Chilina-Tals und des Chili-Flusses zu machen.<\/p>\n\n\n<p><\/div><a href=\"#\" class=\"leer-mas-boton underline\">Mehr lesen<\/a><\/div><script>\n        jQuery(document).ready(function($){\n            $(\"#leer_mas_6a9bfaee8ef41 .leer-mas-boton\").click(function(e){\n                e.preventDefault();\n                $(\"#leer_mas_6a9bfaee8ef41 .leer-mas-contenido\").fadeToggle(\"slow\");\n                if ($(this).text() === \"Mehr lesen\") {\n                    $(this).text(\"Verstecken\");\n                } else {\n                    $(this).text(\"Mehr lesen\");\n                }\n            });\n        });\n    <\/script>\n\n\n<div class=\"responsive-tabs\">\n<h2 class=\"tabtitle\"><span class=\"fa fa-th-list\"><\/span>ROUTE<\/h2>\n<div class=\"tabcontent\">\n\n\n\n\n<div class=\"wp-block-advgb-accordions advgb-accordions-64159cac-0339-43f8-bf4b-44a2fecf8d1f advgb-accordion-wrapper\" data-collapsed=\"true\">\n<div class=\"wp-block-advgb-accordion-item advgb-accordion-item\" style=\"margin-bottom:15px\"><div class=\"advgb-accordion-header\" style=\"background-color:#daec9c;color:#000000;border-style:solid;border-width:1px;border-radius:2px\"><span class=\"advgb-accordion-header-icon accordion-state\"><svg class=\"advgb-icon-closed\" fill=\"#ffffff\" xmlns=\"http:\/\/www.w3.org\/2000\/svg\" width=\"24\" height=\"24\" viewBox=\"0 0 24 24\"><path fill=\"none\" d=\"M0,0h24v24H0V0z\"><\/path><path d=\"M19,13h-6v6h-2v-6H5v-2h6V5h2v6h6V13z\"><\/path><\/svg><svg class=\"advgb-icon-opened\" fill=\"#ffffff\" xmlns=\"http:\/\/www.w3.org\/2000\/svg\" width=\"24\" height=\"24\" viewBox=\"0 0 24 24\"><path fill=\"none\" d=\"M0,0h24v24H0V0z\"><\/path><path d=\"M19,13H5v-2h14V13z\"><\/path><\/svg><\/span><h4 class=\"advgb-accordion-header-title\" style=\"color:inherit\">Treffpunkt<\/h4><\/div><div class=\"advgb-accordion-body\" style=\"border-style:solid !important;border-width:1px !important;border-color:undefined !important;border-top:none !important;border-radius:2px !important\">\n<p>Am Brunnen auf der Plaza de Armas in Arequipa.<\/p>\n\n\n\n<p>Wenn Du Fragen oder Zweifel hast,&nbsp;<strong>bitte lies alle Tabs.<\/strong><\/p>\n<\/div><\/div>\n\n\n\n<div class=\"wp-block-advgb-accordion-item advgb-accordion-item\" style=\"margin-bottom:15px\"><div class=\"advgb-accordion-header\" style=\"background-color:#daec9c;color:#000000;border-style:solid;border-width:1px;border-radius:2px\"><span class=\"advgb-accordion-header-icon accordion-state\"><svg class=\"advgb-icon-closed\" fill=\"#ffffff\" xmlns=\"http:\/\/www.w3.org\/2000\/svg\" width=\"24\" height=\"24\" viewBox=\"0 0 24 24\"><path fill=\"none\" d=\"M0,0h24v24H0V0z\"><\/path><path d=\"M19,13h-6v6h-2v-6H5v-2h6V5h2v6h6V13z\"><\/path><\/svg><svg class=\"advgb-icon-opened\" fill=\"#ffffff\" xmlns=\"http:\/\/www.w3.org\/2000\/svg\" width=\"24\" height=\"24\" viewBox=\"0 0 24 24\"><path fill=\"none\" d=\"M0,0h24v24H0V0z\"><\/path><path d=\"M19,13H5v-2h14V13z\"><\/path><\/svg><\/span><h4 class=\"advgb-accordion-header-title\" style=\"color:inherit\">Transfer von Arequipa zum Eingang des Chilina-Tals<\/h4><\/div><div class=\"advgb-accordion-body\" style=\"border-style:solid !important;border-width:1px !important;border-color:undefined !important;border-top:none !important;border-radius:2px !important\">\n<p>Du wirst mit dem Bus von der Stadt Arequipa zum Eingang des Chilina-Tals fahren, dieser Abschnitt dauert etwa 20 Minuten. An diesem Ort wirst du eine Anleitung und praktische \u00dcbung im Fahren von Quads erhalten.<\/p>\n<\/div><\/div>\n\n\n\n<div class=\"wp-block-advgb-accordion-item advgb-accordion-item\" style=\"margin-bottom:15px\"><div class=\"advgb-accordion-header\" style=\"background-color:#daec9c;color:#000000;border-style:solid;border-width:1px;border-radius:2px\"><span class=\"advgb-accordion-header-icon accordion-state\"><svg class=\"advgb-icon-closed\" fill=\"#ffffff\" xmlns=\"http:\/\/www.w3.org\/2000\/svg\" width=\"24\" height=\"24\" viewBox=\"0 0 24 24\"><path fill=\"none\" d=\"M0,0h24v24H0V0z\"><\/path><path d=\"M19,13h-6v6h-2v-6H5v-2h6V5h2v6h6V13z\"><\/path><\/svg><svg class=\"advgb-icon-opened\" fill=\"#ffffff\" xmlns=\"http:\/\/www.w3.org\/2000\/svg\" width=\"24\" height=\"24\" viewBox=\"0 0 24 24\"><path fill=\"none\" d=\"M0,0h24v24H0V0z\"><\/path><path d=\"M19,13H5v-2h14V13z\"><\/path><\/svg><\/span><h4 class=\"advgb-accordion-header-title\" style=\"color:inherit\">Quads im Chilina-Tal<\/h4><\/div><div class=\"advgb-accordion-body\" style=\"border-style:solid !important;border-width:1px !important;border-color:undefined !important;border-top:none !important;border-radius:2px !important\">\n<p>Nach der Einf\u00fchrung wirst du beginnen, die Quads zu fahren. Die Strecke, die mit den Quads zur\u00fcckgelegt wird, betr\u00e4gt <strong>10 km<\/strong>, und die gesch\u00e4tzte Fahrzeit auf den Quads betr\u00e4gt <strong>etwa 1 Stunde und 30 Minuten<\/strong>.<\/p>\n\n\n\n<p>W\u00e4hrend dieser Tour wirst du den <strong>\u00d6kologischen Park der Felsen<\/strong> kennenlernen, der mit einer spektakul\u00e4ren Landschaft und einer beeindruckenden Biodiversit\u00e4t von Pflanzen begeistert. Auf fast 220 Hektar purer Natur ist dieser Park Teil des UNESCO-Weltkulturerbes.<\/p>\n\n\n\n<p>Zus\u00e4tzlich machst du <strong>zwei weitere Stopps<\/strong>, bei denen du das gesamte Chilina-Tal, das Wasserkraftwerk Charcani und die ber\u00fchmtesten Vulkane von Arequipa \u2013 Chachani, Misti und Pichu Pichu \u2013 bewundern kannst.<\/p>\n<\/div><\/div>\n\n\n\n<div class=\"wp-block-advgb-accordion-item advgb-accordion-item\" style=\"margin-bottom:15px\"><div class=\"advgb-accordion-header\" style=\"background-color:#daec9c;color:#000000;border-style:solid;border-width:1px;border-radius:2px\"><span class=\"advgb-accordion-header-icon accordion-state\"><svg class=\"advgb-icon-closed\" fill=\"#ffffff\" xmlns=\"http:\/\/www.w3.org\/2000\/svg\" width=\"24\" height=\"24\" viewBox=\"0 0 24 24\"><path fill=\"none\" d=\"M0,0h24v24H0V0z\"><\/path><path d=\"M19,13h-6v6h-2v-6H5v-2h6V5h2v6h6V13z\"><\/path><\/svg><svg class=\"advgb-icon-opened\" fill=\"#ffffff\" xmlns=\"http:\/\/www.w3.org\/2000\/svg\" width=\"24\" height=\"24\" viewBox=\"0 0 24 24\"><path fill=\"none\" d=\"M0,0h24v24H0V0z\"><\/path><path d=\"M19,13H5v-2h14V13z\"><\/path><\/svg><\/span><h4 class=\"advgb-accordion-header-title\" style=\"color:inherit\">R\u00fccktransfer nach Arequipa mit dem Bus<\/h4><\/div><div class=\"advgb-accordion-body\" style=\"border-style:solid !important;border-width:1px !important;border-color:undefined !important;border-top:none !important;border-radius:2px !important\">\n<p>Nachdem du die gesamte Route beendet hast, steigst du wieder in das Tourfahrzeug ein, um nach Arequipa zur\u00fcckzukehren.<\/p>\n<\/div><\/div>\n\n\n\n<div class=\"wp-block-advgb-accordion-item advgb-accordion-item\" style=\"margin-bottom:15px\"><div class=\"advgb-accordion-header\" style=\"background-color:#daec9c;color:#000000;border-style:solid;border-width:1px;border-radius:2px\"><span class=\"advgb-accordion-header-icon accordion-state\"><svg class=\"advgb-icon-closed\" fill=\"#ffffff\" xmlns=\"http:\/\/www.w3.org\/2000\/svg\" width=\"24\" height=\"24\" viewBox=\"0 0 24 24\"><path fill=\"none\" d=\"M0,0h24v24H0V0z\"><\/path><path d=\"M19,13h-6v6h-2v-6H5v-2h6V5h2v6h6V13z\"><\/path><\/svg><svg class=\"advgb-icon-opened\" fill=\"#ffffff\" xmlns=\"http:\/\/www.w3.org\/2000\/svg\" width=\"24\" height=\"24\" viewBox=\"0 0 24 24\"><path fill=\"none\" d=\"M0,0h24v24H0V0z\"><\/path><path d=\"M19,13H5v-2h14V13z\"><\/path><\/svg><\/span><h4 class=\"advgb-accordion-header-title\" style=\"color:inherit\">Endpunkt<\/h4><\/div><div class=\"advgb-accordion-body\" style=\"border-style:solid !important;border-width:1px !important;border-color:undefined !important;border-top:none !important;border-radius:2px !important\">\n<p>Diese Exkursion endet im historischen Zentrum von Arequipa, drei Blocks von der Plaza de Armas entfernt. Diese Tour endet nicht an deinem Hotel, es sei denn, du buchst eine private Tour.<\/p>\n\n\n\n<p>Ber\u00fccksichtige, dass die Tour <strong>etwa 3 Stunden und 30 Minuten<\/strong> dauert (einschlie\u00dflich der Abholzeiten von den Hotels).<\/p>\n<\/div><\/div>\n<\/div>\n\n\n\n<\/div><h2 class=\"tabtitle\"><span class=\"fa fa-credit-card\"><\/span>PREIS<\/h2>\n<div class=\"tabcontent\">\n\n\n\n\n<div class=\"wp-block-aab-accordion-block aab__accordion_container separate-accordion\" style=\"border:1px solid #cccccc;margin-top:0px;margin-bottom:15px;border-radius:0px\" id=\"aab_accordion_523002f2\"><div><div class=\"aab__accordion_head aab_right_icon   \" data-active=\"false\" style=\"background-color:transparent;padding:10px 20px 10px 20px;border:0px solid undefined\"><div class=\"aab__accordion_heading aab_right_icon aab_right_link\"><div class=\"head_content_wrapper\"><div class=\"title_wrapper\"><h4 class=\"aab__accordion_title\" style=\"margin:0;color:#333333\" itemprop=\"name\">Gruppentouren<\/h4><\/div><p class=\"aab__accordion_subheading\" placeholder=\"Write some subheading\" style=\"margin:0;color:#333333\"><\/p><\/div><\/div><div class=\"aab__accordion_icon\" style=\"color:#b1b0b0;border:1px solid transparent;border-radius:50%;background-color:transparent\"><span class=\"aab__icon dashicons dashicons-plus-alt2\" style=\"font-size:25px\"><\/span><\/div><\/div><div class=\"aab__accordion_body \" role=\"region\" style=\"background-color:transparent;border-top:2px solid #72aee6;border-right:none;border-bottom:none;border-left:none;padding:10px 20px 10px 20px\"><div class=\"aab__accordion_component\" itemprop=\"text\">\n\n<ul class=\"wp-block-list\">\n\n<li>M\u00f6chtest du ein individuelles oder ein doppelt Quad?\n\n<ul class=\"wp-block-list\">\n\n<li>Individual: Ein Quad f\u00fcr eine Person.<\/li>\n\n\n<li>Doppelt: Ein Quad f\u00fcr zwei Personen (zwei Personen fahren auf einem Quad).<\/li>\n\n<\/ul>\n\n<\/li>\n\n<\/ul>\n\n\n<figure class=\"wp-block-table\"><table><thead><tr><th class=\"has-text-align-center\" data-align=\"center\" colspan=\"2\"><strong>Art von Quad<\/strong><\/th><\/tr><\/thead><tbody><tr><td class=\"has-text-align-center\" data-align=\"center\"><strong>Indiviual<\/strong><\/td><td class=\"has-text-align-center\" data-align=\"center\"><strong>Doppelt<\/strong><\/td><\/tr><tr><td class=\"has-text-align-center\" data-align=\"center\">$29 pro Quad<\/td><td class=\"has-text-align-center\" data-align=\"center\">$45 pro Quad<\/td><\/tr><\/tbody><\/table><\/figure>\n\n<\/div><\/div><\/div><\/div>\n\n\n\n<div class=\"wp-block-aab-accordion-block aab__accordion_container separate-accordion\" style=\"border:1px solid #cccccc;margin-top:0px;margin-bottom:15px;border-radius:0px\" id=\"aab_accordion_07a604f5\"><div><div class=\"aab__accordion_head aab_right_icon   \" data-active=\"false\" style=\"background-color:transparent;padding:10px 20px 10px 20px;border:0px solid undefined\"><div class=\"aab__accordion_heading aab_right_icon aab_right_link\"><div class=\"head_content_wrapper\"><div class=\"title_wrapper\"><h4 class=\"aab__accordion_title\" style=\"margin:0;color:#333333\" itemprop=\"name\">Private Touren<\/h4><\/div><p class=\"aab__accordion_subheading\" placeholder=\"Write some subheading\" style=\"margin:0;color:#333333\"><\/p><\/div><\/div><div class=\"aab__accordion_icon\" style=\"color:#b1b0b0;border:1px solid transparent;border-radius:50%;background-color:transparent\"><span class=\"aab__icon dashicons dashicons-plus-alt2\" style=\"font-size:25px\"><\/span><\/div><\/div><div class=\"aab__accordion_body \" role=\"region\" style=\"background-color:transparent;border-top:2px solid #72aee6;border-right:none;border-bottom:none;border-left:none;padding:10px 20px 10px 20px\"><div class=\"aab__accordion_component\" itemprop=\"text\">\n\n<ul class=\"wp-block-list\">\n\n<li>M\u00f6chtest du ein individuelles oder ein doppelt Quad?\n\n<ul class=\"wp-block-list\">\n\n<li>Individual: Ein Quad f\u00fcr eine Person.<\/li>\n\n\n<li>Doppelt: Ein Quad f\u00fcr zwei Personen (zwei Personen fahren auf einem Quad).<\/li>\n\n<\/ul>\n\n<\/li>\n\n\n<li>Es ist notwendig, mindestens zwei Quads zu reservieren, um diese Tour privat zu machen.<\/li>\n\n<\/ul>\n\n\n<figure class=\"wp-block-table\"><table><thead><tr><th class=\"has-text-align-center\" data-align=\"center\" colspan=\"2\"><strong>Art von Quad<\/strong><\/th><\/tr><\/thead><tbody><tr><td class=\"has-text-align-center\" data-align=\"center\"><strong>Indiviual<\/strong><\/td><td class=\"has-text-align-center\" data-align=\"center\"><strong>Doppelt<\/strong><\/td><\/tr><tr><td class=\"has-text-align-center\" data-align=\"center\">$50 pro Quad<\/td><td class=\"has-text-align-center\" data-align=\"center\">$70pro Quad<\/td><\/tr><\/tbody><\/table><\/figure>\n\n<\/div><\/div><\/div><\/div>\n\n\n\n<\/div><h2 class=\"tabtitle\"><span class=\"fa fa-pencil-square-o\"><\/span>EINZELHEITEN<\/h2>\n<div class=\"tabcontent\">\n\n\n\n\n<figure class=\"wp-block-table\"><table><thead><tr><th rowspan=\"2\"><strong>Einzelheiten<\/strong><\/th><th colspan=\"2\"><strong>Art der Tour<\/strong><\/th><\/tr><tr><th><strong>Gruppe<\/strong><\/th><th><strong>Privat<\/strong><\/th><\/tr><\/thead><tbody><tr><td>Zeitpl\u00e4ne<\/td><td>\u2013 07:40 bis 11:00 Uhr<br>\u2013 11:00 bis 14:00 Uhr<br>\u2013 14:00 bis 17:00 Uhr<\/td><td>Du entscheidest<\/td><\/tr><tr><td>Tage<\/td><td>T\u00e4glich<\/td><td>T\u00e4glich<\/td><\/tr><tr><td>Sprache<\/td><td>es\/en gleichzeitig<\/td><td>en oder es<\/td><\/tr><tr><td>Gr\u00f6\u00dfe<\/td><td>5 bis 10 Pers.<\/td><td>Du und deine Freunde<\/td><\/tr><\/tbody><\/table><\/figure>\n\n\n\n<div style=\"height:18px\" aria-hidden=\"true\" class=\"wp-block-spacer\"><\/div>\n\n\n\n<figure class=\"wp-block-table\"><table class=\"has-fixed-layout\"><thead><tr><th rowspan=\"2\"><strong>Incluido<\/strong><\/th><th class=\"has-text-align-center\" data-align=\"center\" colspan=\"2\"><strong>Tipo de tour<\/strong><\/th><\/tr><tr><th><strong>Grupal<\/strong><\/th><th class=\"has-text-align-center\" data-align=\"center\"><strong>Privado<\/strong><\/th><\/tr><\/thead><tbody><tr><td>Pick-up von der Plaza de Armas<\/td><td class=\"has-text-align-center\" data-align=\"center\">\u2705<\/td><td class=\"has-text-align-center\" data-align=\"center\">&#8211;<\/td><\/tr><tr><td>Pick-up von deinem Hotel<\/td><td class=\"has-text-align-center\" data-align=\"center\">\u274c<\/td><td class=\"has-text-align-center\" data-align=\"center\">\u2705<\/td><\/tr><tr><td>Reiseleiter<\/td><td class=\"has-text-align-center\" data-align=\"center\">\u2705<\/td><td class=\"has-text-align-center\" data-align=\"center\">\u2705<\/td><\/tr><tr><td>Fahrer<\/td><td class=\"has-text-align-center\" data-align=\"center\">\u2705<\/td><td class=\"has-text-align-center\" data-align=\"center\">\u2705<\/td><\/tr><tr><td>Quads und Helme<\/td><td class=\"has-text-align-center\" data-align=\"center\">\u2705<\/td><td class=\"has-text-align-center\" data-align=\"center\">\u2705<\/td><\/tr><tr><td>Touristenfahrzeug<\/td><td class=\"has-text-align-center\" data-align=\"center\">\u2705<\/td><td class=\"has-text-align-center\" data-align=\"center\">\u2705<\/td><\/tr><tr><td>Quads-Fahrtraining<\/td><td class=\"has-text-align-center\" data-align=\"center\">\u2705<\/td><td class=\"has-text-align-center\" data-align=\"center\">\u2705<\/td><\/tr><tr><td>Personalisierter Service<\/td><td class=\"has-text-align-center\" data-align=\"center\">\u274c<\/td><td class=\"has-text-align-center\" data-align=\"center\">\u2705<\/td><\/tr><tr><td>Tickets f\u00fcr den Park: 5 Soles pp<\/td><td class=\"has-text-align-center\" data-align=\"center\">\u2705<\/td><td class=\"has-text-align-center\" data-align=\"center\">\u274c<\/td><\/tr><tr><td>Drop-off an deinem Hotel<\/td><td class=\"has-text-align-center\" data-align=\"center\">\u274c<\/td><td class=\"has-text-align-center\" data-align=\"center\">\u2705<\/td><\/tr><tr><td>Drop-off an der Plaza de Armas<\/td><td class=\"has-text-align-center\" data-align=\"center\">\u2705<\/td><td class=\"has-text-align-center\" data-align=\"center\">&#8211;<\/td><\/tr><\/tbody><\/table><\/figure>\n\n\n\n<p><i class=\"fas fa-ban\"><\/i> <strong>Inschr\u00e4nkungen<\/strong>:<\/p>\n\n\n\n<ul class=\"wp-block-list\">\n<li>Personen mit eingeschr\u00e4nkter Mobilit\u00e4t.<\/li>\n\n\n\n<li>Du kannst ein Quad ab 16 Jahren fahren.<\/li>\n\n\n\n<li>Minderj\u00e4hrige unter 16 Jahren m\u00fcssen ein Doppel-Quad mit einem Erwachsenen fahren.<\/li>\n\n\n\n<li>Maximal erlaubtes Gewicht: 100 kg pro Person.<\/li>\n\n\n\n<li>Maximale Passagieranzahl pro Quad: 2 Personen.<\/li>\n\n\n\n<li>Maximales Kombigewicht von Fahrer und Beifahrer im Doppel-Quad: 150 kg.<\/li>\n\n\n\n<li>Du ben\u00f6tigst keinen F\u00fchrerschein, um die Quads zu fahren.<\/li>\n\n\n\n<li>Maximale Geschwindigkeit: 45 km\/h.<\/li>\n<\/ul>\n\n\n\n<p><i class=\"far fa-hand-paper\"><\/i> <strong>Was bringe ich mit?<\/strong><\/p>\n\n\n\n<ul class=\"wp-block-list\">\n<li>Pullover oder Jacken.<\/li>\n\n\n\n<li>Rutschfeste Schuhe.<\/li>\n\n\n\n<li>Regenm\u00e4ntel.<\/li>\n\n\n\n<li>M\u00fctzen oder H\u00fcte.<\/li>\n\n\n\n<li>Sonnenschutzmittel.<\/li>\n\n\n\n<li>Sonnenbrillen.<\/li>\n\n\n\n<li>Eine Flasche Wasser.<\/li>\n\n\n\n<li>Lokale W\u00e4hrung f\u00fcr Ihre Eintrittskarten.<\/li>\n<\/ul>\n\n\n\n<p> <i class=\"fab fa-whatsapp\"><\/i> <strong>WhatsApp<\/strong>: <\/p>\n\n\n\n<ul class=\"wp-block-list\">\n<li><a href=\"https:\/\/api.whatsapp.com\/send?phone=51958745640&amp;text=Hello%20FWTP,%20can%20you%20help%20me,%20please?\" target=\"_blank\" rel=\"noreferrer noopener nofollow\">+51 958745640&nbsp;<\/a><\/li>\n\n\n\n<li><a href=\"https:\/\/api.whatsapp.com\/send?phone=51984479073&amp;text=Hello%20FWTP,%20can%20you%20help%20me,%20please?\" target=\"_blank\" rel=\"noreferrer noopener nofollow\">+51 984479073<\/a><\/li>\n<\/ul>\n\n\n\n<\/div><h2 class=\"tabtitle\"><span class=\"fa fa-calendar\"><\/span>NOTIZ<\/h2>\n<div class=\"tabcontent\">\n\n\n\n\n<div class=\"wp-block-bloque-acordeon-acordeon-container acordeon-container\">\n<div class=\"wp-block-bloque-acordeon-acordeon-item acordeon-item\"><h4 class=\"acordeon-titulo\">Pick-ups und Zeiten<\/h4><div class=\"acordeon-contenido\">\n<p>Gruppenf\u00fchrungen:<\/p>\n\n\n\n<ul class=\"wp-block-list\">\n<li>Die Treff- und Endzeiten der Touren sind ungef\u00e4hre Angaben.<\/li>\n\n\n\n<li>Die genaue Treffzeit wird einen Tag vor deiner Tour organisiert.<\/li>\n<\/ul>\n\n\n\n<p>Private Touren:<\/p>\n\n\n\n<ul class=\"wp-block-list\">\n<li>Die Abholungen erfolgen p\u00fcnktlich.<\/li>\n\n\n\n<li>Abholungen gelten f\u00fcr die gesamte Stadt Cusco.<\/li>\n\n\n\n<li>Wir werden alle Abholungen einen Tag vor Ihrer Tour arrangieren.<\/li>\n\n\n\n<li>Die Endzeit der Tour ist immer noch ungef\u00e4hrlich, aber wir werden unser Bestes tun, um die Tour wie geplant zu beenden.<\/li>\n<\/ul>\n<\/div><\/div>\n\n\n\n<div class=\"wp-block-bloque-acordeon-acordeon-item acordeon-item\"><h4 class=\"acordeon-titulo\">Fahrzeugtyp und Sitzpl\u00e4tze<\/h4><div class=\"acordeon-contenido\">\n<p>Fahrzeuge:<\/p>\n\n\n\n<ul class=\"wp-block-list\">\n<li>Autorisiert durch das Ministerium f\u00fcr Verkehr von Peru.<\/li>\n\n\n\n<li>Sauber und modern.<\/li>\n\n\n\n<li>Sedan looking auto, 4\u00d74, H1, Van, Renault and Mercedez Benz (Es wird von der Gruppengr\u00f6\u00dfe abh\u00e4ngen).<\/li>\n<\/ul>\n\n\n\n<p>Sitzpl\u00e4tze \u2013 Gruppenf\u00fchrungen:<\/p>\n\n\n\n<ul class=\"wp-block-list\">\n<li>Sie reservieren einen Sitzplatz im Bus, nicht eine bestimmte Anzahl von Sitzpl\u00e4tzen.<\/li>\n\n\n\n<li>Paare sitzen zu 95 % zusammen; jedoch k\u00f6nnen wir nicht garantieren, dass dies zu 100 % der Fall ist.<\/li>\n<\/ul>\n<\/div><\/div>\n\n\n\n<div class=\"wp-block-bloque-acordeon-acordeon-item acordeon-item\"><h4 class=\"acordeon-titulo\">Betriebsf\u00e4higkeit und Reiseplan<\/h4><div class=\"acordeon-contenido\">\n<p>Diese Tour kann ohne vorherige Ank\u00fcndigung variieren, aufgrund von Wetterbedingungen, Streiks und anderen Ereignissen, die den normalen Tourbetrieb nicht erm\u00f6glichen. Bitte beachten Sie auch unsere&nbsp;<a href=\"https:\/\/freewalkingtoursperu.com\/de\/bedingungen-konditionen\/\" target=\"_blank\" rel=\"noreferrer noopener\">Gesch\u00e4ftsbedingungen<\/a>.<a href=\"https:\/\/www.forbes.com\/sites\/laurabegleybloom\/2018\/12\/18\/the-cheapest-places-to-travel-in-2019\/?sh=21becc0e787a\"><\/a><\/p>\n<\/div><\/div>\n<\/div>\n\n\n\n<\/div><h2 class=\"tabtitle\"><span class=\"fa fa-calendar\"><\/span>STORNIERUNGEN<\/h2>\n<div class=\"tabcontent\">\n\n\n\n\n<p>Die Stornierung der Tour ist kostenlos, solange Sie dies mindestens 48 Stunden im Voraus tun. Andernfalls berechnen wir 100 % des Tourpreises. Bitte beachten Sie auch unsere <a href=\"https:\/\/freewalkingtoursperu.com\/de\/bedingungen-konditionen\/\" target=\"_blank\" rel=\"noreferrer noopener\">Gesch\u00e4ftsbedingungen<\/a>. <\/p>\n\n\n\n<\/div><h2 class=\"tabtitle\"><span class=\"fa fa-comments-o\"><\/span>BEWERTUNGEN<\/h2>\n<div class=\"tabcontent\">\n\n\n\n\n<p>Bitte scrollen Sie nach unten, um die Bewertungen zu sehen.<\/p>\n\n\n<\/div><\/div>\n<\/div>\n\n\n\n<div class=\"wp-block-column is-layout-flow wp-block-column-is-layout-flow\" style=\"flex-basis:25%\">\n<div class=\"wp-block-group\"><div class=\"wp-block-group__inner-container is-layout-constrained wp-block-group-is-layout-constrained\"><div class='mb-10'>\n\t    \n\t\t<div class='flex gap-1'>\n\t\t\t\t<div class='flex-auto'>\n\t\t\t\t\t<a href='https:\/\/www.forbes.com\/sites\/laurabegleybloom\/2018\/12\/18\/the-cheapest-places-to-travel-in-2019\/?sh=21becc0e787a'><img src=https:\/\/freewalkingtoursperu.com\/wp-content\/themes\/fwtp\/img\/logo-forbes.png alt='logo forbes' class='w-full h-auto xl:h-12'><\/a>\n\t\t\t\t<\/div>\n\t\t\t\t<div class='flex-auto'>\n\t\t\t\t\t<a href='https:\/\/www.tripadvisor.com\/Attraction_Review-g294314-d19259754-Reviews-Free_Walking_Tours_Peru-Cusco_Cusco_Region.html'><img src=https:\/\/freewalkingtoursperu.com\/wp-content\/themes\/fwtp\/img\/logo-tripadvisor.png alt='logo tripadvisor' class='w-full h-auto xl:h-12'><\/a>\n\t\t\t\t<\/div>\n\t\t<\/div>\n\t\t<div class='text-center'>\n\t\t\t<a href='#'><img src=https:\/\/freewalkingtoursperu.com\/wp-content\/themes\/fwtp\/img\/logo-free-walking-tours-peru-ministerio-turismo.png width='100%' alt='logo ministerio del comercio exterior' class='mt-1'><\/a>\n\t\t<\/div>\n\n\t <\/div>\n\n\n\n<!--Markup for citys-->\n\n<div id=\"tour-block_e9f5e1135cd751922ca503207c86387b\" class=\"tour\">\n\n            <div class=''>\n\t            <div class='flex rounded-t shadow'>\n\t\t\t        <div class='px-3 py-2 rounded-tl bg-black text-white text-lg mb-0  font-semibold font-nunito'>Keine Zuschl\u00e4ge<\/div>\n\t\t\t        <div class='px-1 py-2 rounded-tr flex-auto font-nunito font-semibold bg-fwtp text-lg text-black  mb-0 text-center'>Ab $29<\/div>\n\t\t\t    <\/div>\n\t        <\/div>\n<\/div>\n\n\n\n\n<div class=\"wpcf7 no-js\" id=\"wpcf7-f22682-o1\" lang=\"en-US\" dir=\"ltr\" data-wpcf7-id=\"22682\">\n<div class=\"screen-reader-response\"><p role=\"status\" aria-live=\"polite\" aria-atomic=\"true\"><\/p> <ul><\/ul><\/div>\n<form action=\"\/de\/wp-json\/wp\/v2\/pages\/53087#wpcf7-f22682-o1\" method=\"post\" class=\"wpcf7-form init\" aria-label=\"Contact form\" novalidate=\"novalidate\" data-status=\"init\">\n<fieldset class=\"hidden-fields-container\"><input type=\"hidden\" name=\"_wpcf7\" value=\"22682\" \/><input type=\"hidden\" name=\"_wpcf7_version\" value=\"6.1.7\" \/><input type=\"hidden\" name=\"_wpcf7_locale\" value=\"en_US\" \/><input type=\"hidden\" name=\"_wpcf7_unit_tag\" value=\"wpcf7-f22682-o1\" \/><input type=\"hidden\" name=\"_wpcf7_container_post\" value=\"0\" \/><input type=\"hidden\" name=\"_wpcf7_posted_data_hash\" value=\"\" \/><input type=\"hidden\" name=\"_wpcf7dtx_version\" value=\"5.0.7\" \/>\n<\/fieldset>\n<input class=\"wpcf7-form-control wpcf7-hidden\" value=\"19\" type=\"hidden\" name=\"Id_Walks\" \/>\n<input class=\"wpcf7-form-control wpcf7-hidden\" value=\"59fcb089975cbba632ecde3e95792fa98016ed10\" type=\"hidden\" name=\"Ncode\" \/>\n<div id=\"form\" class=\"box-form border rounded-bottom shadow bg-white p-3\">\n      <span class=\"wpcf7-form-control-wrap page-title\" data-name=\"page-title\"><input type=\"hidden\" name=\"page-title\" class=\"wpcf7-form-control wpcf7-hidden wpcf7dtx wpcf7dtx-hidden\" aria-invalid=\"false\" value=\"Quad-Tour zum Felsenpark\"><\/span>\n<div class=\"form-group\">\n           <span class=\"wpcf7-form-control-wrap page-title\" data-name=\"page-title\"><input type=\"text\" name=\"page-title\" class=\"wpcf7-form-control wpcf7-text wpcf7dtx wpcf7dtx-text form-control form-control-sm\" aria-invalid=\"false\" value=\"Quad-Tour zum Felsenpark\"><\/span>\n      <\/div>\n      <div class=\"form-group\">\n        <p>Datum: <span class=\"wpcf7-form-control-wrap\" data-name=\"date-free\"><input size=\"40\" maxlength=\"400\" class=\"wpcf7-form-control wpcf7-text form-control form-control-sm fwt\" aria-invalid=\"false\" placeholder=\"dd\/mm\/yyyy\" value=\"\" type=\"text\" name=\"date-free\" \/><\/span><\/p>\n       <\/div>\n      <div class=\"form-group\">\n         <span class=\"wpcf7-form-control-wrap\" data-name=\"size\"><select class=\"wpcf7-form-control wpcf7-select wpcf7-validates-as-required form-control form-control-sm\" aria-required=\"true\" aria-invalid=\"false\" name=\"size\"><option value=\"\">Wie viele Personen sind in deiner Gruppe?<\/option><option value=\"1\">1<\/option><option value=\"2\">2<\/option><option value=\"3\">3<\/option><option value=\"4\">4<\/option><option value=\"5\">5<\/option><option value=\"6\">6<\/option><option value=\"7\">7<\/option><option value=\"8\">8<\/option><option value=\"9\">9<\/option><option value=\"10\">10<\/option><\/select><\/span>\n      <\/div>\n       <div class=\"form-group\">\n        <span class=\"wpcf7-form-control-wrap\" data-name=\"name-free\"><input size=\"40\" maxlength=\"400\" class=\"wpcf7-form-control wpcf7-text wpcf7-validates-as-required form-control form-control-sm\" aria-required=\"true\" aria-invalid=\"false\" placeholder=\"Vor- und Nachname\" value=\"\" type=\"text\" name=\"name-free\" \/><\/span>\n      <\/div>\n      <div class=\"form-group\">\n          <span class=\"wpcf7-form-control-wrap\" data-name=\"email-free\"><input size=\"40\" maxlength=\"400\" class=\"wpcf7-form-control wpcf7-email wpcf7-validates-as-required wpcf7-text wpcf7-validates-as-email form-control form-control-sm\" aria-required=\"true\" aria-invalid=\"false\" placeholder=\"E-Mail\" value=\"\" type=\"email\" name=\"email-free\" \/><\/span>\n      <\/div>\n<div class=\"form-group\">\n          <span class=\"wpcf7-form-control-wrap\" data-name=\"Whatsapp\"><input size=\"40\" class=\"wpcf7-form-control wpcf7-phonetext wpcf7-validates-as-required wpcf7-text wpcf7-validates-as-phonetext form-control form-control-sm\" aria-required=\"true\" aria-invalid=\"false\" placeholder=\"Whatsapp\" value=\"\" type=\"text\" name=\"Whatsapp\" \/><input type=\"hidden\" name=\"Whatsapp-country-code\" class=\"wpcf7-phonetext-country-code\" \/><\/span>\n      <\/div>\n       <div class=\"form-group\">\n         <span class=\"wpcf7-form-control-wrap\" data-name=\"your-message\"><textarea cols=\"7\" rows=\"5\" maxlength=\"2000\" class=\"wpcf7-form-control wpcf7-textarea form-control form-control-sm\" aria-invalid=\"false\" placeholder=\"Schreibe hier alle zus\u00e4tzlichen Informationen: Hotel, Wunsch nach einer privaten Tour, zus\u00e4tzliche Touren, Kinder, \u00e4ltere Menschen usw.\" name=\"your-message\"><\/textarea><\/span>\n      <\/div>\n        <div class=\"form-group text-center\">\n          <p class=\"text-center\"><input class=\"wpcf7-form-control wpcf7-submit has-spinner btn btn-lg px-5 btn-free\" type=\"submit\" value=\"Hol dir ein Angebot\" \/><\/p>\n          \n        <\/div>\n\n<\/div><div class=\"wpcf7-response-output\" aria-hidden=\"true\"><\/div>\n<\/form>\n<\/div>\n\n<\/div><\/div>\n<\/div>\n<\/div>\n\n\n<div class='bg-white border p-3 shadow my-3' id='reviews' ><\/p>\n\n\n\n<h2 class=\"wp-block-heading\" id=\"reviews-009bf618-1525-4de9-95e4-c35333e5f797\">Soziale Medien<\/h2>\n\n\n\n<p>\u2b50<a href=\"https:\/\/www.tripadvisor.com\/Attraction_Review-g294313-d19635162-Reviews-Free_Walking_Tours_Peru-Arequipa_Arequipa_Region.html\" target=\"_blank\" rel=\"noreferrer noopener\">TripAdvisor:<\/a> 53 Bewertungen <strong>|<\/strong> \u2b50<a href=\"https:\/\/goo.gl\/maps\/FhNr5D6qmpcDwfTPA\" target=\"_blank\" rel=\"noreferrer noopener\">Google Maps:<\/a> 1200 Bewertungen&nbsp;<strong>|<\/strong> \u2b50<a href=\"https:\/\/www.facebook.com\/FreeWalkingToursPeru\" target=\"_blank\" rel=\"noreferrer noopener\">Facebook<\/a>: 800 followers <strong>|<\/strong> \u2b50<a href=\"https:\/\/www.instagram.com\/limafreewalkingtours\/\" target=\"_blank\" rel=\"noreferrer noopener\">Instagram:<\/a> 6000 followers <strong>|<\/strong> \u2b50<a href=\"https:\/\/youtu.be\/HdYcNrUxnXA\" target=\"_blank\" rel=\"noreferrer noopener\">YouTube:<\/a> Sieh du dich Videos an <strong>|<\/strong> \u2b50 <a href=\"https:\/\/freewalkingtoursperu.com\/de\/uber-uns\/\" target=\"_blank\" rel=\"noreferrer noopener\">Travellers:<\/a>&nbsp;Mehr als&nbsp;35 tourists<\/p>\n\n\n<p> <\/div>\n","protected":false},"excerpt":{"rendered":"<p>Entdecke mit Quads den \u00f6kologischen Felsenpark im Stadtteil Alto Selva Alegre, ideal f\u00fcr Abenteuer-Tourismus-Liebhaber. Der Park erstreckt sich \u00fcber 220 Hektar mit Felsformationen, von denen viele zoomorphe Figuren haben. Du kannst auch Eidechsen, Vizcachas, Andenf\u00fcchse, Schlangen und mehr beobachten. Einzelheiten Art der Tour Gruppe Privat Zeitpl\u00e4ne \u2013 07:40 bis 11:00 Uhr\u2013 11:00 bis 14:00 Uhr\u2013 [&hellip;]<\/p>\n","protected":false},"author":1,"featured_media":0,"parent":52934,"menu_order":0,"comment_status":"closed","ping_status":"closed","template":"page-tour-pay.php","meta":{"_acf_changed":false,"advgb_blocks_editor_width":"full","advgb_blocks_columns_visual_guide":"","footnotes":""},"class_list":["post-53087","page","type-page","status-publish","hentry"],"acf":[],"yoast_head":"<!-- This site is optimized with the Yoast SEO plugin v28.4 - https:\/\/yoast.com\/product\/yoast-seo-wordpress\/ -->\n<title>Quad-Tour zum Valle Chilina, Arequipa | Der Felsenpark<\/title>\n<meta name=\"description\" content=\"Melde dich f\u00fcr die Quad-Tour Valle Chilina, Arequipa \u2013 Erlebe das Abenteuer auf R\u00e4dern mit deinen Freunden auf Quads.\" \/>\n<meta name=\"robots\" content=\"index, follow, max-snippet:-1, max-image-preview:large, max-video-preview:-1\" \/>\n<link rel=\"canonical\" href=\"https:\/\/freewalkingtoursperu.com\/de\/touren-arequipa\/quad-tour-valle-chilina-arequipa\/\" \/>\n<meta property=\"og:locale\" content=\"de_DE\" \/>\n<meta property=\"og:type\" content=\"article\" \/>\n<meta property=\"og:title\" content=\"Quad-Tour zum Valle Chilina, Arequipa | Der Felsenpark\" \/>\n<meta property=\"og:description\" content=\"Melde dich f\u00fcr die Quad-Tour Valle Chilina, Arequipa \u2013 Erlebe das Abenteuer auf R\u00e4dern mit deinen Freunden auf Quads.\" \/>\n<meta property=\"og:url\" content=\"https:\/\/freewalkingtoursperu.com\/de\/touren-arequipa\/quad-tour-valle-chilina-arequipa\/\" \/>\n<meta property=\"og:site_name\" content=\"Free Walking Tours Peru\" \/>\n<meta property=\"article:modified_time\" content=\"2026-07-26T13:14:09+00:00\" \/>\n<meta name=\"twitter:card\" content=\"summary_large_image\" \/>\n<meta name=\"twitter:label1\" content=\"Gesch\u00e4tzte Lesezeit\" \/>\n\t<meta name=\"twitter:data1\" content=\"4\u00a0Minuten\" \/>\n<script type=\"application\/ld+json\" class=\"yoast-schema-graph\">{\"@context\":\"https:\\\/\\\/schema.org\",\"@graph\":[{\"@type\":\"WebPage\",\"@id\":\"https:\\\/\\\/freewalkingtoursperu.com\\\/de\\\/touren-arequipa\\\/quad-tour-valle-chilina-arequipa\\\/\",\"url\":\"https:\\\/\\\/freewalkingtoursperu.com\\\/de\\\/touren-arequipa\\\/quad-tour-valle-chilina-arequipa\\\/\",\"name\":\"Quad-Tour zum Valle Chilina, Arequipa | Der Felsenpark\",\"isPartOf\":{\"@id\":\"https:\\\/\\\/freewalkingtoursperu.com\\\/de\\\/#website\"},\"datePublished\":\"2024-11-23T00:27:28+00:00\",\"dateModified\":\"2026-07-26T13:14:09+00:00\",\"description\":\"Melde dich f\u00fcr die Quad-Tour Valle Chilina, Arequipa \u2013 Erlebe das Abenteuer auf R\u00e4dern mit deinen Freunden auf Quads.\",\"breadcrumb\":{\"@id\":\"https:\\\/\\\/freewalkingtoursperu.com\\\/de\\\/touren-arequipa\\\/quad-tour-valle-chilina-arequipa\\\/#breadcrumb\"},\"inLanguage\":\"de\",\"potentialAction\":[{\"@type\":\"ReadAction\",\"target\":[\"https:\\\/\\\/freewalkingtoursperu.com\\\/de\\\/touren-arequipa\\\/quad-tour-valle-chilina-arequipa\\\/\"]}]},{\"@type\":\"BreadcrumbList\",\"@id\":\"https:\\\/\\\/freewalkingtoursperu.com\\\/de\\\/touren-arequipa\\\/quad-tour-valle-chilina-arequipa\\\/#breadcrumb\",\"itemListElement\":[{\"@type\":\"ListItem\",\"position\":1,\"name\":\"Home\",\"item\":\"https:\\\/\\\/freewalkingtoursperu.com\\\/de\\\/\"},{\"@type\":\"ListItem\",\"position\":2,\"name\":\"Touren in Arequipa\",\"item\":\"https:\\\/\\\/freewalkingtoursperu.com\\\/de\\\/touren-arequipa\\\/\"},{\"@type\":\"ListItem\",\"position\":3,\"name\":\"Quad-Tour zum Felsenpark\"}]},{\"@type\":\"WebSite\",\"@id\":\"https:\\\/\\\/freewalkingtoursperu.com\\\/de\\\/#website\",\"url\":\"https:\\\/\\\/freewalkingtoursperu.com\\\/de\\\/\",\"name\":\"Free Walking Tours Peru\",\"description\":\"\",\"publisher\":{\"@id\":\"https:\\\/\\\/freewalkingtoursperu.com\\\/de\\\/#organization\"},\"potentialAction\":[{\"@type\":\"SearchAction\",\"target\":{\"@type\":\"EntryPoint\",\"urlTemplate\":\"https:\\\/\\\/freewalkingtoursperu.com\\\/de\\\/?s={search_term_string}\"},\"query-input\":{\"@type\":\"PropertyValueSpecification\",\"valueRequired\":true,\"valueName\":\"search_term_string\"}}],\"inLanguage\":\"de\"},{\"@type\":\"Organization\",\"@id\":\"https:\\\/\\\/freewalkingtoursperu.com\\\/de\\\/#organization\",\"name\":\"Free Walking Tours Peru\",\"url\":\"https:\\\/\\\/freewalkingtoursperu.com\\\/de\\\/\",\"logo\":{\"@type\":\"ImageObject\",\"inLanguage\":\"de\",\"@id\":\"https:\\\/\\\/freewalkingtoursperu.com\\\/de\\\/#\\\/schema\\\/logo\\\/image\\\/\",\"url\":\"https:\\\/\\\/freewalkingtoursperu.com\\\/wp-content\\\/uploads\\\/2026\\\/02\\\/logo-freeorg.svg\",\"contentUrl\":\"https:\\\/\\\/freewalkingtoursperu.com\\\/wp-content\\\/uploads\\\/2026\\\/02\\\/logo-freeorg.svg\",\"caption\":\"Free Walking Tours Peru\"},\"image\":{\"@id\":\"https:\\\/\\\/freewalkingtoursperu.com\\\/de\\\/#\\\/schema\\\/logo\\\/image\\\/\"}}]}<\/script>\n<!-- \/ Yoast SEO plugin. -->","yoast_head_json":{"title":"Quad-Tour zum Valle Chilina, Arequipa | Der Felsenpark","description":"Melde dich f\u00fcr die Quad-Tour Valle Chilina, Arequipa \u2013 Erlebe das Abenteuer auf R\u00e4dern mit deinen Freunden auf Quads.","robots":{"index":"index","follow":"follow","max-snippet":"max-snippet:-1","max-image-preview":"max-image-preview:large","max-video-preview":"max-video-preview:-1"},"canonical":"https:\/\/freewalkingtoursperu.com\/de\/touren-arequipa\/quad-tour-valle-chilina-arequipa\/","og_locale":"de_DE","og_type":"article","og_title":"Quad-Tour zum Valle Chilina, Arequipa | Der Felsenpark","og_description":"Melde dich f\u00fcr die Quad-Tour Valle Chilina, Arequipa \u2013 Erlebe das Abenteuer auf R\u00e4dern mit deinen Freunden auf Quads.","og_url":"https:\/\/freewalkingtoursperu.com\/de\/touren-arequipa\/quad-tour-valle-chilina-arequipa\/","og_site_name":"Free Walking Tours Peru","article_modified_time":"2026-07-26T13:14:09+00:00","twitter_card":"summary_large_image","twitter_misc":{"Gesch\u00e4tzte Lesezeit":"4\u00a0Minuten"},"schema":{"@context":"https:\/\/schema.org","@graph":[{"@type":"WebPage","@id":"https:\/\/freewalkingtoursperu.com\/de\/touren-arequipa\/quad-tour-valle-chilina-arequipa\/","url":"https:\/\/freewalkingtoursperu.com\/de\/touren-arequipa\/quad-tour-valle-chilina-arequipa\/","name":"Quad-Tour zum Valle Chilina, Arequipa | Der Felsenpark","isPartOf":{"@id":"https:\/\/freewalkingtoursperu.com\/de\/#website"},"datePublished":"2024-11-23T00:27:28+00:00","dateModified":"2026-07-26T13:14:09+00:00","description":"Melde dich f\u00fcr die Quad-Tour Valle Chilina, Arequipa \u2013 Erlebe das Abenteuer auf R\u00e4dern mit deinen Freunden auf Quads.","breadcrumb":{"@id":"https:\/\/freewalkingtoursperu.com\/de\/touren-arequipa\/quad-tour-valle-chilina-arequipa\/#breadcrumb"},"inLanguage":"de","potentialAction":[{"@type":"ReadAction","target":["https:\/\/freewalkingtoursperu.com\/de\/touren-arequipa\/quad-tour-valle-chilina-arequipa\/"]}]},{"@type":"BreadcrumbList","@id":"https:\/\/freewalkingtoursperu.com\/de\/touren-arequipa\/quad-tour-valle-chilina-arequipa\/#breadcrumb","itemListElement":[{"@type":"ListItem","position":1,"name":"Home","item":"https:\/\/freewalkingtoursperu.com\/de\/"},{"@type":"ListItem","position":2,"name":"Touren in Arequipa","item":"https:\/\/freewalkingtoursperu.com\/de\/touren-arequipa\/"},{"@type":"ListItem","position":3,"name":"Quad-Tour zum Felsenpark"}]},{"@type":"WebSite","@id":"https:\/\/freewalkingtoursperu.com\/de\/#website","url":"https:\/\/freewalkingtoursperu.com\/de\/","name":"Free Walking Tours Peru","description":"","publisher":{"@id":"https:\/\/freewalkingtoursperu.com\/de\/#organization"},"potentialAction":[{"@type":"SearchAction","target":{"@type":"EntryPoint","urlTemplate":"https:\/\/freewalkingtoursperu.com\/de\/?s={search_term_string}"},"query-input":{"@type":"PropertyValueSpecification","valueRequired":true,"valueName":"search_term_string"}}],"inLanguage":"de"},{"@type":"Organization","@id":"https:\/\/freewalkingtoursperu.com\/de\/#organization","name":"Free Walking Tours Peru","url":"https:\/\/freewalkingtoursperu.com\/de\/","logo":{"@type":"ImageObject","inLanguage":"de","@id":"https:\/\/freewalkingtoursperu.com\/de\/#\/schema\/logo\/image\/","url":"https:\/\/freewalkingtoursperu.com\/wp-content\/uploads\/2026\/02\/logo-freeorg.svg","contentUrl":"https:\/\/freewalkingtoursperu.com\/wp-content\/uploads\/2026\/02\/logo-freeorg.svg","caption":"Free Walking Tours Peru"},"image":{"@id":"https:\/\/freewalkingtoursperu.com\/de\/#\/schema\/logo\/image\/"}}]}},"coauthors":[],"author_meta":{"author_link":"https:\/\/freewalkingtoursperu.com\/de\/blog\/author\/adminfwt\/","display_name":"FWTP"},"relative_dates":{"created":"Ver\u00f6ffentlicht 2\u00a0Jahren vor","modified":"Aktualisiert 1\u00a0Monat vor"},"absolute_dates":{"created":"Ver\u00f6ffentlicht am 22 November, 2024","modified":"Aktualisiert am 26 Juli, 2026"},"absolute_dates_time":{"created":"Ver\u00f6ffentlicht am 22 November, 2024 7:27 p.m.","modified":"Aktualisiert am 26 Juli, 2026 8:14 a.m."},"featured_img_caption":"","featured_img":false,"series_order":"","_links":{"self":[{"href":"https:\/\/freewalkingtoursperu.com\/de\/wp-json\/wp\/v2\/pages\/53087","targetHints":{"allow":["GET"]}}],"collection":[{"href":"https:\/\/freewalkingtoursperu.com\/de\/wp-json\/wp\/v2\/pages"}],"about":[{"href":"https:\/\/freewalkingtoursperu.com\/de\/wp-json\/wp\/v2\/types\/page"}],"author":[{"embeddable":true,"href":"https:\/\/freewalkingtoursperu.com\/de\/wp-json\/wp\/v2\/users\/1"}],"replies":[{"embeddable":true,"href":"https:\/\/freewalkingtoursperu.com\/de\/wp-json\/wp\/v2\/comments?post=53087"}],"version-history":[{"count":5,"href":"https:\/\/freewalkingtoursperu.com\/de\/wp-json\/wp\/v2\/pages\/53087\/revisions"}],"predecessor-version":[{"id":72481,"href":"https:\/\/freewalkingtoursperu.com\/de\/wp-json\/wp\/v2\/pages\/53087\/revisions\/72481"}],"up":[{"embeddable":true,"href":"https:\/\/freewalkingtoursperu.com\/de\/wp-json\/wp\/v2\/pages\/52934"}],"wp:attachment":[{"href":"https:\/\/freewalkingtoursperu.com\/de\/wp-json\/wp\/v2\/media?parent=53087"}],"curies":[{"name":"wp","href":"https:\/\/api.w.org\/{rel}","templated":true}]}}