{"id":62274,"date":"2020-01-03T17:29:00","date_gmt":"2020-01-03T22:29:00","guid":{"rendered":"https:\/\/freewalkingtoursperu.com\/?page_id=62274"},"modified":"2026-06-18T18:35:01","modified_gmt":"2026-06-18T23:35:01","slug":"free-walking-tour-barranco-farben-und-kunst","status":"publish","type":"page","link":"https:\/\/freewalkingtoursperu.com\/de\/tours-lima\/free-walking-tour-barranco-farben-und-kunst\/","title":{"rendered":"Free tour durch Barranco: Farben und Kunst"},"content":{"rendered":"\n<!--Markup for citys-->\n\n<div id=\"tour-block_36966cab9248f663e29f9477c561292e\" class=\"toursweb flex flex-col-reverse md:flex-col\">\n\n\n        <div class=\"container mb-2\">          \n                        <div class=\"mt-6\">\n                        <p id=\"breadcrumbs\" class=\"mb-0\"><span><span><a href=\"https:\/\/freewalkingtoursperu.com\/de\/\">Home<\/a><\/span><\/span><\/p>                        <\/div>\n            \n\n                    <h1 class=\"text-xl xl:text-3xl mb-2 font-bold text-gray-800\"> Free tour durch Barranco: Farben und Kunst<\/h1>\n                                        <div class=\"flex gap-3 mb-4\">\n                            <span>\n                                <i class='fas fa-star text-yellow-400'><\/i> \n                                <i class='fas fa-star text-yellow-400'><\/i> \n                                <i class='fas fa-star text-yellow-400'><\/i> \n                                <i class='fas fa-star text-yellow-400'><\/i> \n                                <i class='fas fa-star text-yellow-400'><\/i>  \n                            <\/span>\n                            <span> \n                                <i class=\"far fa-user text-gray-700\"><\/i> <a href=\"#reviews\"> <span class=\"text-sky-600 font-nunito\">25,250 Reisenden<\/span> <\/a>\n                            <\/span>\n\n                            <span> \n                            <i class=\"far fa-clock text-gray-700\"><\/i>  <span class=\"text-gray-800 font-nunito\">2 Stdn<\/span> \n                            <\/span>\n\n                            <span> \n                                <i class=\"far fa-comment text-gray-700\"><\/i> \n                                    <span class=\"mr-1 text-sm flag-icon flag-icon-gb\"><\/span><span class=\"mr-1 text-sm flag-icon flag-icon-es\"><\/span>                            <\/span>\n                        <\/div>\n                              \n        <\/div>\n\n    \n\n\n        <div class=\"relative mb-2 mt-2\">\n\n                    \n                        <div id=\"lightgallery\" class=\"flex flex-wrap img-large\"> \n                                                            <a class=\"w-2\/12 img-small xl:block hidden\" href=\"https:\/\/freewalkingtoursperu.com\/wp-content\/uploads\/2024\/03\/free-walking-tour-barranco-barrio_2.webp\"  data-sub-html=\"\">\n                                <img decoding=\"async\" src=\"https:\/\/freewalkingtoursperu.com\/wp-content\/uploads\/2024\/03\/free-walking-tour-barranco-barrio_2.webp\" class=\"cursor-pointer rounded w-full object-cover\"  alt=\"free walking tour barranco\">\n                                <\/a>\n                                                            <a class=\"w-2\/12 img-small xl:block hidden\" href=\"https:\/\/freewalkingtoursperu.com\/wp-content\/uploads\/2023\/02\/free-walking-tour-barranco-9.jpg\"  data-sub-html=\"\">\n                                <img decoding=\"async\" src=\"https:\/\/freewalkingtoursperu.com\/wp-content\/uploads\/2023\/02\/free-walking-tour-barranco-9.jpg\" class=\"cursor-pointer rounded w-full object-cover\"  alt=\"Free Walking Tour Barranco \u2014 Tours \u00a1Gratis! por Locales\n\">\n                                <\/a>\n                                                            <a class=\"w-2\/12 img-small xl:block hidden\" href=\"https:\/\/freewalkingtoursperu.com\/wp-content\/uploads\/2025\/06\/Free-tour-a-pie-por-Barranco-2.jpg\"  data-sub-html=\"\">\n                                <img decoding=\"async\" src=\"https:\/\/freewalkingtoursperu.com\/wp-content\/uploads\/2025\/06\/Free-tour-a-pie-por-Barranco-2.jpg\" class=\"cursor-pointer rounded w-full object-cover\"  alt=\"Free tour a pie por Barranco\">\n                                <\/a>\n                                                            <a class=\"w-2\/12 img-small xl:block hidden\" href=\"https:\/\/freewalkingtoursperu.com\/wp-content\/uploads\/2025\/06\/Free-tour-a-pie-por-Barranco-15.jpg\"  data-sub-html=\"\">\n                                <img decoding=\"async\" src=\"https:\/\/freewalkingtoursperu.com\/wp-content\/uploads\/2025\/06\/Free-tour-a-pie-por-Barranco-15.jpg\" class=\"cursor-pointer rounded w-full object-cover\"  alt=\"Free tour a pie por Barranco\">\n                                <\/a>\n                                                            <a class=\"w-2\/12 img-small xl:block hidden\" href=\"https:\/\/freewalkingtoursperu.com\/wp-content\/uploads\/2025\/06\/Free-tour-a-pie-por-Barranco-10.jpg\"  data-sub-html=\"\">\n                                <img decoding=\"async\" src=\"https:\/\/freewalkingtoursperu.com\/wp-content\/uploads\/2025\/06\/Free-tour-a-pie-por-Barranco-10.jpg\" class=\"cursor-pointer rounded w-full object-cover\"  alt=\"Free tour a pie por Barranco\">\n                                <\/a>\n                                                            <a class=\"w-2\/12 img-small xl:block hidden\" href=\"https:\/\/freewalkingtoursperu.com\/wp-content\/uploads\/2025\/06\/Free-tour-a-pie-por-Barranco-7.jpg\"  data-sub-html=\"\">\n                                <img decoding=\"async\" src=\"https:\/\/freewalkingtoursperu.com\/wp-content\/uploads\/2025\/06\/Free-tour-a-pie-por-Barranco-7.jpg\" class=\"cursor-pointer rounded w-full object-cover\"  alt=\"Free tour a pie por Barranco\">\n                                <\/a>\n                                                            <a class=\"w-2\/12 img-small xl:block hidden\" href=\"https:\/\/freewalkingtoursperu.com\/wp-content\/uploads\/2025\/06\/Free-tour-a-pie-por-Barranco-1.jpg\"  data-sub-html=\"\">\n                                <img decoding=\"async\" src=\"https:\/\/freewalkingtoursperu.com\/wp-content\/uploads\/2025\/06\/Free-tour-a-pie-por-Barranco-1.jpg\" class=\"cursor-pointer rounded w-full object-cover\"  alt=\"Free tour a pie por Barranco\">\n                                <\/a>\n                                                            <a class=\"w-2\/12 img-small xl:block hidden\" href=\"https:\/\/freewalkingtoursperu.com\/wp-content\/uploads\/2023\/02\/free-walking-tour-barranco-8.jpg\"  data-sub-html=\"\">\n                                <img decoding=\"async\" src=\"https:\/\/freewalkingtoursperu.com\/wp-content\/uploads\/2023\/02\/free-walking-tour-barranco-8.jpg\" class=\"cursor-pointer rounded w-full object-cover\"  alt=\"\">\n                                <\/a>\n                                                            <a class=\"w-2\/12 img-small xl:block hidden\" href=\"https:\/\/freewalkingtoursperu.com\/wp-content\/uploads\/2023\/02\/free-walking-tour-barranco-7.jpg\"  data-sub-html=\"\">\n                                <img decoding=\"async\" src=\"https:\/\/freewalkingtoursperu.com\/wp-content\/uploads\/2023\/02\/free-walking-tour-barranco-7.jpg\" class=\"cursor-pointer rounded w-full object-cover\"  alt=\"Free Walking Tour Barranco \u2014 Tours \u00a1Gratis! por Locales\n\">\n                                <\/a>\n                                                            <a class=\"w-2\/12 img-small xl:block hidden\" href=\"https:\/\/freewalkingtoursperu.com\/wp-content\/uploads\/2025\/06\/Free-tour-a-pie-por-Barranco-4.jpg\"  data-sub-html=\"\">\n                                <img decoding=\"async\" src=\"https:\/\/freewalkingtoursperu.com\/wp-content\/uploads\/2025\/06\/Free-tour-a-pie-por-Barranco-4.jpg\" class=\"cursor-pointer rounded w-full object-cover\"  alt=\"Free tour a pie por Barranco\">\n                                <\/a>\n                                                            <a class=\"w-2\/12 img-small xl:block hidden\" href=\"https:\/\/freewalkingtoursperu.com\/wp-content\/uploads\/2025\/06\/Free-tour-a-pie-por-Barranco-9.jpg\"  data-sub-html=\"\">\n                                <img decoding=\"async\" src=\"https:\/\/freewalkingtoursperu.com\/wp-content\/uploads\/2025\/06\/Free-tour-a-pie-por-Barranco-9.jpg\" class=\"cursor-pointer rounded w-full object-cover\"  alt=\"Free tour a pie por Barranco\">\n                                <\/a>\n                                                            <a class=\"w-2\/12 img-small xl:block hidden\" href=\"https:\/\/freewalkingtoursperu.com\/wp-content\/uploads\/2025\/06\/Free-tour-a-pie-por-Barranco-11.jpg\"  data-sub-html=\"\">\n                                <img decoding=\"async\" src=\"https:\/\/freewalkingtoursperu.com\/wp-content\/uploads\/2025\/06\/Free-tour-a-pie-por-Barranco-11.jpg\" class=\"cursor-pointer rounded w-full object-cover\"  alt=\"Free tour a pie por Barranco\">\n                                <\/a>\n                                                            <a class=\"w-2\/12 img-small xl:block hidden\" href=\"https:\/\/freewalkingtoursperu.com\/wp-content\/uploads\/2025\/06\/Free-tour-a-pie-por-Barranco-14.jpg\"  data-sub-html=\"\">\n                                <img decoding=\"async\" src=\"https:\/\/freewalkingtoursperu.com\/wp-content\/uploads\/2025\/06\/Free-tour-a-pie-por-Barranco-14.jpg\" class=\"cursor-pointer rounded w-full object-cover\"  alt=\"Free tour a pie por Barranco\">\n                                <\/a>\n                             \n\n                        <\/div>\n\n                    \n                    \n                        \n        <\/div>\n\n\n<\/div>\n\n\n\n\n<!--Markup for citys-->\n\n<div id=\"tour-block_b8edfca39f4a05dfcaa248436429854a\" class=\"tour\">\n\n           \n                <div class=\"flex flex-wrap pl-5 xl:pl-0 gap-8 justify-start xl:justify-center items-center pb-5 py-2 border-b-gray-300 border-b mb-5\">\n                            \n                                    \n                                    <div class=\"pr-0 xl:pr-5 item-details\">\n                                        <img decoding=\"async\" src=\"https:\/\/freewalkingtoursperu.com\/wp-content\/uploads\/2024\/02\/local-website.png\" class=\"w-10 float-left mr-2\" alt=\"bg home\">\n                                        <div class=\"inline-block\">\n                                            <span class=\"font-nunito text-gray-900 font-bold text-sm inline-block\"> Local website<\/span>\n                                            <span class=\"font-nunito text-xs block font-bold text-gray-500\"> NO MIDDLE MAN<\/span>\n                                        <\/div>\n\n                                        <\/div>\n\n                            \n                                    \n                                    <div class=\"pr-0 xl:pr-5 item-details\">\n                                        <img decoding=\"async\" src=\"https:\/\/freewalkingtoursperu.com\/wp-content\/uploads\/2024\/02\/maximum-walkers-last.png\" class=\"w-10 float-left mr-2\" alt=\"bg home\">\n                                        <div class=\"inline-block\">\n                                            <span class=\"font-nunito text-gray-900 font-bold text-sm inline-block\"> Up to 15 walkers<\/span>\n                                            <span class=\"font-nunito text-xs block font-bold text-gray-500\"> GROUP SIZE<\/span>\n                                        <\/div>\n\n                                        <\/div>\n\n                            \n                                    \n                                    <div class=\"pr-0 xl:pr-5 item-details\">\n                                        <img decoding=\"async\" src=\"https:\/\/freewalkingtoursperu.com\/wp-content\/uploads\/2024\/02\/free-cancellation.png\" class=\"w-10 float-left mr-2\" alt=\"bg home\">\n                                        <div class=\"inline-block\">\n                                            <span class=\"font-nunito text-gray-900 font-bold text-sm inline-block\"> Free<\/span>\n                                            <span class=\"font-nunito text-xs block font-bold text-gray-500\"> CANCELLATION<\/span>\n                                        <\/div>\n\n                                        <\/div>\n\n                            \n                                    \n                                    <div class=\"pr-0 xl:pr-5 item-details\">\n                                        <img decoding=\"async\" src=\"https:\/\/freewalkingtoursperu.com\/wp-content\/uploads\/2024\/02\/no-charge.png\" class=\"w-10 float-left mr-2\" alt=\"bg home\">\n                                        <div class=\"inline-block\">\n                                            <span class=\"font-nunito text-gray-900 font-bold text-sm inline-block\"> No charge<\/span>\n                                            <span class=\"font-nunito text-xs block font-bold text-gray-500\"> NO SHOW<\/span>\n                                        <\/div>\n\n                                        <\/div>\n\n                                                    \n                        \n                        \n               \n            <\/div>\n            \n<\/div>\n\n\n\n\n<div class=\"wp-block-columns is-layout-flex wp-container-core-columns-is-layout-9d6595d7 wp-block-columns-is-layout-flex\">\n<div class=\"wp-block-column is-layout-flow wp-block-column-is-layout-flow\" style=\"flex-basis:75%\">\n<p>Boh\u00e8me, Romantik und Inspiration. <strong>Kunst, Kultur und Identit\u00e4t in Barranco<\/strong> \u2013 ein Zufluchtsort f\u00fcr Dichter und Maler, f\u00fcr Kreative und Tr\u00e4umer, f\u00fcr Weltenbummler und Reisende. In seinen Stra\u00dfen und Pl\u00e4tzen, seinen Aussichtspunkten und Galerien, auf seiner Br\u00fccke, die Seufzer entlockt, und in seiner Schlucht, die zum Meer f\u00fchrt, findest Du eine Atmosph\u00e4re, <strong>die zwischen Ruhe und Aufregung schwebt<\/strong>.<\/p>\n\n\n\n<p>Barranco bedeutet Staunen, Tr\u00e4umen und Geschichte. <strong>Barranco ist Fest<\/strong>, Ansto\u00dfen und L\u00e4cheln. <strong>Barranco ist republikanische Architektur<\/strong>, Steilk\u00fcste am Ozean und die Sonne, die im Meer versinkt. <strong>Barranco \u2013 das bist Du<\/strong>, wie Du seine Stra\u00dfen und Pl\u00e4tze erkundest, seine traditionellen Wandmalereien bewunderst, einen Seufzer auf einer Br\u00fccke zur\u00fcckh\u00e4ltst, auf der die Sehnsucht wandelt, und den Ruf seiner Bars, Restaurants und Kneipen sp\u00fcrst.<\/p>\n\n\n\n<p>Wenn Du das <strong>Wesen des boh\u00e9men, historischen und kulturellen Barranco<\/strong> entdecken willst, schlie\u00df Dich unseren Free Tours an. Dieser Stadtteil <strong>wird Dich verzaubern \u2013 mit seiner romantischen<\/strong>, entspannten Stimmung, <strong>aber auch mit seinem pulsierenden Kulturleben<\/strong>. Diese Mischung macht ihn zu einem urbanen Reiseziel, das Du nicht verpassen darfst.<\/p>\n\n\n\n<p>Gemeinsam werden wir die <strong>Street-Art<\/strong> bewundern, die Geschichte der legend\u00e4ren Ermita kennenlernen, die ber\u00fchmte <strong>Br\u00fccke der Seufzer<\/strong> \u00fcberqueren und Wandmalereien und <strong>Graffiti bestaunen<\/strong>.<\/p>\n\n\n\n<figure class=\"wp-block-embed is-type-video is-provider-youtube wp-block-embed-youtube wp-embed-aspect-16-9 wp-has-aspect-ratio\"><div class=\"wp-block-embed__wrapper\">\n<iframe loading=\"lazy\" title=\"Tour Imperdible en el Barrio m\u00e1s Bohemio de Lima: Barranco \ud83d\uddbc\ufe0f\ud83c\udfad\ud83c\udf0a\" width=\"640\" height=\"360\" src=\"https:\/\/www.youtube.com\/embed\/dC1kUIdoVWE?feature=oembed\" frameborder=\"0\" allow=\"accelerometer; autoplay; clipboard-write; encrypted-media; gyroscope; picture-in-picture; web-share\" referrerpolicy=\"strict-origin-when-cross-origin\" allowfullscreen><\/iframe>\n<\/div><\/figure>\n\n\n\n<h5 class=\"wp-block-heading has-text-color has-link-color wp-elements-53bcc47d7aa45e427373e8c4d2a93390\" id=\"h-operation-issue-of-this-tour\" style=\"color:#f40202\">OPERATION ISSUE OF THIS TOUR<\/h5>\n\n\n\n<p class=\"has-text-color\" style=\"color:#049323\">You should make your reservation at least 12 hours in advance and assure your spot for the most bohemian free tour of Peru.<\/p>\n\n\n<div class=\"responsive-tabs\">\n<h2 class=\"tabtitle\"><span class=\"fa fa-th-list\"><\/span>ROUTE<\/h2>\n<div class=\"tabcontent\">\n\n\n\n\n<div class=\"wp-block-advgb-accordions advgb-accordions-40f2f720-06b2-4a4f-a6b7-3d21f8f37efa advgb-accordion-wrapper\" data-collapsed=\"true\">\n<div class=\"wp-block-advgb-accordion-item advgb-accordion-item\" style=\"margin-bottom:15px\"><div class=\"advgb-accordion-header\" style=\"background-color:#daec9c;color:#000000;border-style:solid;border-width:1px;border-radius:2px\"><span class=\"advgb-accordion-header-icon accordion-state\"><svg class=\"advgb-icon-closed\" fill=\"#ffffff\" xmlns=\"http:\/\/www.w3.org\/2000\/svg\" width=\"24\" height=\"24\" viewBox=\"0 0 24 24\"><path fill=\"none\" d=\"M0,0h24v24H0V0z\"><\/path><path d=\"M19,13h-6v6h-2v-6H5v-2h6V5h2v6h6V13z\"><\/path><\/svg><svg class=\"advgb-icon-opened\" fill=\"#ffffff\" xmlns=\"http:\/\/www.w3.org\/2000\/svg\" width=\"24\" height=\"24\" viewBox=\"0 0 24 24\"><path fill=\"none\" d=\"M0,0h24v24H0V0z\"><\/path><path d=\"M19,13H5v-2h14V13z\"><\/path><\/svg><\/span><h4 class=\"advgb-accordion-header-title\" style=\"color:inherit\">Treffpunkt<\/h4><\/div><div class=\"advgb-accordion-body\" style=\"border-style:solid !important;border-width:1px !important;border-color:undefined !important;border-top:none !important;border-radius:2px !important\">\n<p>Wir erwarten <a href=\"https:\/\/maps.app.goo.gl\/mEX86wnZWXSomvar8\">dich vor der Pfarrei La Sant\u00edsima Cruz in Barranco<\/a>. Halte Ausschau nach unserem <em>Partner<\/em> mit der gr\u00fcnen Fahne.<\/p>\n<\/div><\/div>\n\n\n\n<div class=\"wp-block-advgb-accordion-item advgb-accordion-item\" style=\"margin-bottom:15px\"><div class=\"advgb-accordion-header\" style=\"background-color:#daec9c;color:#000000;border-style:solid;border-width:1px;border-radius:2px\"><span class=\"advgb-accordion-header-icon accordion-state\"><svg class=\"advgb-icon-closed\" fill=\"#ffffff\" xmlns=\"http:\/\/www.w3.org\/2000\/svg\" width=\"24\" height=\"24\" viewBox=\"0 0 24 24\"><path fill=\"none\" d=\"M0,0h24v24H0V0z\"><\/path><path d=\"M19,13h-6v6h-2v-6H5v-2h6V5h2v6h6V13z\"><\/path><\/svg><svg class=\"advgb-icon-opened\" fill=\"#ffffff\" xmlns=\"http:\/\/www.w3.org\/2000\/svg\" width=\"24\" height=\"24\" viewBox=\"0 0 24 24\"><path fill=\"none\" d=\"M0,0h24v24H0V0z\"><\/path><path d=\"M19,13H5v-2h14V13z\"><\/path><\/svg><\/span><h4 class=\"advgb-accordion-header-title\" style=\"color:inherit\">Murales \u00fcber peruanische Lebensweisen<\/h4><\/div><div class=\"advgb-accordion-body\" style=\"border-style:solid !important;border-width:1px !important;border-color:undefined !important;border-top:none !important;border-radius:2px !important\">\n<p>In einem Viertel voller Kreativer und Boh\u00e8miens sind selbst<strong> die W\u00e4nde ein Kunstwerk<\/strong>. Das wirst Du merken, sobald Du die zahlreichen Wandgem\u00e4lde entdeckst, die die Stra\u00dfen von Barranco schm\u00fccken \u2013 einem Stadtteil Limas, der Dich garantiert beeindrucken wird.<\/p>\n\n\n\n<p>Die Murals erz\u00e4hlen von den Br\u00e4uchen und Traditionen des Landes. Sie ehren auch bekannte Volksk\u00fcnstlerinnen und -k\u00fcnstler, wie etwa die <strong>Liedermacherin Chabuca Granda<\/strong> (1920\u20131983), die einen Gro\u00dfteil ihres Lebens in diesem K\u00fcstenviertel verbrachte.<\/p>\n\n\n\n<p>Mar\u00eda Isabel Granda y Larco \u2013 oder einfach Chabuca \u2013 ist eine der bedeutendsten Komponistinnen des Landes. <em>La flor de la canela<\/em> und <em>El puente de los suspiros<\/em>, inspiriert von der Br\u00fccke in Barranco, sind <strong>echte Klassiker der m\u00fasica criolla<\/strong>.<\/p>\n\n\n\n<p>W\u00e4hrend des Rundgangs wird Dir Dein Guide mehrere dieser Wandbilder zeigen und ihre Bedeutung erkl\u00e4ren. Er entscheidet, bei welchen er stehen bleibt \u2013 denn wenn er bei allen anhalten w\u00fcrde, w\u00fcrde der Free Tour zu lange dauern.<\/p>\n\n\n\n<figure class=\"wp-block-image size-full is-resized\"><img loading=\"lazy\" decoding=\"async\" width=\"700\" height=\"400\" src=\"https:\/\/freewalkingtoursperu.com\/wp-content\/uploads\/2025\/06\/Free-tour-a-pie-por-Barranco-9.jpg\" alt=\"Free tour a pie por Barranco\" class=\"wp-image-61622\" style=\"width:1111px;height:auto\" srcset=\"https:\/\/freewalkingtoursperu.com\/wp-content\/uploads\/2025\/06\/Free-tour-a-pie-por-Barranco-9.jpg 700w, https:\/\/freewalkingtoursperu.com\/wp-content\/uploads\/2025\/06\/Free-tour-a-pie-por-Barranco-9-300x171.jpg 300w, https:\/\/freewalkingtoursperu.com\/wp-content\/uploads\/2025\/06\/Free-tour-a-pie-por-Barranco-9-150x86.jpg 150w\" sizes=\"auto, (max-width: 700px) 100vw, 700px\" \/><\/figure>\n<\/div><\/div>\n\n\n\n<div class=\"wp-block-advgb-accordion-item advgb-accordion-item\" style=\"margin-bottom:15px\"><div class=\"advgb-accordion-header\" style=\"background-color:#daec9c;color:#000000;border-style:solid;border-width:1px;border-radius:2px\"><span class=\"advgb-accordion-header-icon accordion-state\"><svg class=\"advgb-icon-closed\" fill=\"#ffffff\" xmlns=\"http:\/\/www.w3.org\/2000\/svg\" width=\"24\" height=\"24\" viewBox=\"0 0 24 24\"><path fill=\"none\" d=\"M0,0h24v24H0V0z\"><\/path><path d=\"M19,13h-6v6h-2v-6H5v-2h6V5h2v6h6V13z\"><\/path><\/svg><svg class=\"advgb-icon-opened\" fill=\"#ffffff\" xmlns=\"http:\/\/www.w3.org\/2000\/svg\" width=\"24\" height=\"24\" viewBox=\"0 0 24 24\"><path fill=\"none\" d=\"M0,0h24v24H0V0z\"><\/path><path d=\"M19,13H5v-2h14V13z\"><\/path><\/svg><\/span><h4 class=\"advgb-accordion-header-title\" style=\"color:inherit\">Urbane kunst (graffiti)<\/h4><\/div><div class=\"advgb-accordion-body\" style=\"border-style:solid !important;border-width:1px !important;border-color:undefined !important;border-top:none !important;border-radius:2px !important\">\n<p>Viele W\u00e4nde in Barranco geh\u00f6ren zu einem \u201e<strong>Freiluftmuseum<\/strong>\u201c, das Du rund um die Uhr besuchen kannst \u2013 ganz ohne Eintritt. Du musst einfach nur durch das boh\u00e9me Viertel Limas spazieren, um die <strong>beeindruckenden Werke der Graffitik\u00fcnstler zu bewundern<\/strong>.<\/p>\n\n\n\n<p>Mach Dich also bereit, die urbane Kunst zu bestaunen und zu <strong>fotografieren, die den Stra\u00dfen<\/strong> von Barranco einen ganz besonderen Charakter verleiht. In diesem Stadtteil von Lima verwandeln die Jugendlichen von heute die W\u00e4nde in Leinw\u00e4nde, auf denen sie mit <strong>Spr\u00fchdosen in allen Farben ihrer Kreativit\u00e4t<\/strong> freien Lauf lassen.<\/p>\n<\/div><\/div>\n\n\n\n<div class=\"wp-block-advgb-accordion-item advgb-accordion-item\" style=\"margin-bottom:15px\"><div class=\"advgb-accordion-header\" style=\"background-color:#daec9c;color:#000000;border-style:solid;border-width:1px;border-radius:2px\"><span class=\"advgb-accordion-header-icon accordion-state\"><svg class=\"advgb-icon-closed\" fill=\"#ffffff\" xmlns=\"http:\/\/www.w3.org\/2000\/svg\" width=\"24\" height=\"24\" viewBox=\"0 0 24 24\"><path fill=\"none\" d=\"M0,0h24v24H0V0z\"><\/path><path d=\"M19,13h-6v6h-2v-6H5v-2h6V5h2v6h6V13z\"><\/path><\/svg><svg class=\"advgb-icon-opened\" fill=\"#ffffff\" xmlns=\"http:\/\/www.w3.org\/2000\/svg\" width=\"24\" height=\"24\" viewBox=\"0 0 24 24\"><path fill=\"none\" d=\"M0,0h24v24H0V0z\"><\/path><path d=\"M19,13H5v-2h14V13z\"><\/path><\/svg><\/span><h4 class=\"advgb-accordion-header-title\" style=\"color:inherit\">Bajada de Ba\u00f1os<\/h4><\/div><div class=\"advgb-accordion-body\" style=\"border-style:solid !important;border-width:1px !important;border-color:undefined !important;border-top:none !important;border-radius:2px !important\">\n<p>Als es noch keinen Weg gab, der Barranco mit dem Meer verband, stiegen<strong> die Fischer \u00fcber eine steile Schlucht zur K\u00fcste hinab<\/strong>. Ende des 19. Jahrhunderts entstand dann die Bajada de Ba\u00f1os \u2013 ein Fu\u00dfweg, der das st\u00e4dtische Gebiet mit dem Pazifik verbindet.<\/p>\n\n\n\n<p>Diese farbenfrohe und charmante Stra\u00dfe verl\u00e4uft unterhalb der Br\u00fccke der Seufzer. Auf Deinem Weg zum Meer wirst Du Kunsthandwerker sehen, die ihre Werke den Besuchern anbieten, sowie alte <strong>republikanische Lehm- und Schilfh\u00e4user, die sich in gutem Zustand erhalten haben<\/strong>.<\/p>\n\n\n\n<p>Viele dieser historischen Geb\u00e4ude beherbergen heute <strong>Bars, Pubs, Restaurants und Galerien<\/strong> \u2013 sie verleihen der Bajada de Ba\u00f1os zus\u00e4tzlich einen Hauch von Charme, Kultur und Lebensfreude.<\/p>\n\n\n\n<figure class=\"wp-block-gallery has-nested-images columns-default is-cropped wp-block-gallery-1 is-layout-flex wp-block-gallery-is-layout-flex\">\n<figure class=\"wp-block-image size-large\"><img loading=\"lazy\" decoding=\"async\" width=\"700\" height=\"400\" data-id=\"61656\" src=\"https:\/\/freewalkingtoursperu.com\/wp-content\/uploads\/2025\/06\/Free-tour-a-pie-por-Barranco-5.jpg\" alt=\"Free tour a pie por Barranco\" class=\"wp-image-61656\" srcset=\"https:\/\/freewalkingtoursperu.com\/wp-content\/uploads\/2025\/06\/Free-tour-a-pie-por-Barranco-5.jpg 700w, https:\/\/freewalkingtoursperu.com\/wp-content\/uploads\/2025\/06\/Free-tour-a-pie-por-Barranco-5-300x171.jpg 300w, https:\/\/freewalkingtoursperu.com\/wp-content\/uploads\/2025\/06\/Free-tour-a-pie-por-Barranco-5-150x86.jpg 150w\" sizes=\"auto, (max-width: 700px) 100vw, 700px\" \/><\/figure>\n\n\n\n<figure class=\"wp-block-image size-large\"><img loading=\"lazy\" decoding=\"async\" width=\"700\" height=\"400\" data-id=\"61614\" src=\"https:\/\/freewalkingtoursperu.com\/wp-content\/uploads\/2025\/06\/Free-tour-a-pie-por-Barranco-4.jpg\" alt=\"Free tour a pie por Barranco\" class=\"wp-image-61614\" srcset=\"https:\/\/freewalkingtoursperu.com\/wp-content\/uploads\/2025\/06\/Free-tour-a-pie-por-Barranco-4.jpg 700w, https:\/\/freewalkingtoursperu.com\/wp-content\/uploads\/2025\/06\/Free-tour-a-pie-por-Barranco-4-300x171.jpg 300w, https:\/\/freewalkingtoursperu.com\/wp-content\/uploads\/2025\/06\/Free-tour-a-pie-por-Barranco-4-150x86.jpg 150w\" sizes=\"auto, (max-width: 700px) 100vw, 700px\" \/><\/figure>\n<\/figure>\n<\/div><\/div>\n\n\n\n<div class=\"wp-block-advgb-accordion-item advgb-accordion-item\" style=\"margin-bottom:15px\"><div class=\"advgb-accordion-header\" style=\"background-color:#daec9c;color:#000000;border-style:solid;border-width:1px;border-radius:2px\"><span class=\"advgb-accordion-header-icon accordion-state\"><svg class=\"advgb-icon-closed\" fill=\"#ffffff\" xmlns=\"http:\/\/www.w3.org\/2000\/svg\" width=\"24\" height=\"24\" viewBox=\"0 0 24 24\"><path fill=\"none\" d=\"M0,0h24v24H0V0z\"><\/path><path d=\"M19,13h-6v6h-2v-6H5v-2h6V5h2v6h6V13z\"><\/path><\/svg><svg class=\"advgb-icon-opened\" fill=\"#ffffff\" xmlns=\"http:\/\/www.w3.org\/2000\/svg\" width=\"24\" height=\"24\" viewBox=\"0 0 24 24\"><path fill=\"none\" d=\"M0,0h24v24H0V0z\"><\/path><path d=\"M19,13H5v-2h14V13z\"><\/path><\/svg><\/span><h4 class=\"advgb-accordion-header-title\" style=\"color:inherit\">Puente de los Suspiros (Br\u00fccke der Seufzer)<\/h4><\/div><div class=\"advgb-accordion-body\" style=\"border-style:solid !important;border-width:1px !important;border-color:undefined !important;border-top:none !important;border-radius:2px !important\">\n<p>\u201eDiese kleine Br\u00fccke, versteckt zwischen Laub und Sehnsucht\u201c \u2013 so beschrieb sie Chabuca in ihrem ber\u00fchmten Lied \u2013 <strong>wurde im 19<\/strong>. <strong>Jahrhundert erbaut<\/strong>, um beide Seiten der Bajada de Ba\u00f1os zu verbinden, einer Schlucht, die direkt zum Pazifik f\u00fchrt.<\/p>\n\n\n\n<p>Heute ist sie ein Symbol des Stadtteils: eine Br\u00fccke aus Oregonkiefer, umgeben von Boh\u00e8me und Romantik, <strong>eingeweiht am 14. Februar 1876 \u2013 ja, genau<\/strong> am Valentinstag, wenn Amors Pfeile besonders zielgenau treffen.<\/p>\n\n\n\n<p><strong>Stummes Zeugnis von Liebe und Liebeskummer, von Leidenschaft und Entt\u00e4uschung<\/strong> \u2013 die Tradition sagt, dass sich ein Wunsch erf\u00fcllt, wenn Du die Br\u00fccke \u00fcberquerst, ohne zu atmen oder zu seufzen.<\/p>\n\n\n\n<p>Aber nimm Dir Zeit daf\u00fcr. Die Br\u00fccke ist <strong>nur 31\u202fMeter lang<\/strong> \u2013 gerade genug, um von der Calle Ayacucho bis zur Ermita de Barranco zu gelangen, einem weiteren Highlight unseres <em>Free Tours<\/em>. Also, traust Du Dich, Dir etwas zu w\u00fcnschen?<\/p>\n\n\n\n<figure class=\"wp-block-image size-full is-resized\"><img loading=\"lazy\" decoding=\"async\" width=\"700\" height=\"400\" src=\"https:\/\/freewalkingtoursperu.com\/wp-content\/uploads\/2025\/06\/Free-tour-a-pie-por-Barranco-15.jpg\" alt=\"Free tour a pie por Barranco\" class=\"wp-image-61638\" style=\"width:1111px;height:auto\" srcset=\"https:\/\/freewalkingtoursperu.com\/wp-content\/uploads\/2025\/06\/Free-tour-a-pie-por-Barranco-15.jpg 700w, https:\/\/freewalkingtoursperu.com\/wp-content\/uploads\/2025\/06\/Free-tour-a-pie-por-Barranco-15-300x171.jpg 300w, https:\/\/freewalkingtoursperu.com\/wp-content\/uploads\/2025\/06\/Free-tour-a-pie-por-Barranco-15-150x86.jpg 150w\" sizes=\"auto, (max-width: 700px) 100vw, 700px\" \/><\/figure>\n<\/div><\/div>\n\n\n\n<div class=\"wp-block-advgb-accordion-item advgb-accordion-item\" style=\"margin-bottom:15px\"><div class=\"advgb-accordion-header\" style=\"background-color:#daec9c;color:#000000;border-style:solid;border-width:1px;border-radius:2px\"><span class=\"advgb-accordion-header-icon accordion-state\"><svg class=\"advgb-icon-closed\" fill=\"#ffffff\" xmlns=\"http:\/\/www.w3.org\/2000\/svg\" width=\"24\" height=\"24\" viewBox=\"0 0 24 24\"><path fill=\"none\" d=\"M0,0h24v24H0V0z\"><\/path><path d=\"M19,13h-6v6h-2v-6H5v-2h6V5h2v6h6V13z\"><\/path><\/svg><svg class=\"advgb-icon-opened\" fill=\"#ffffff\" xmlns=\"http:\/\/www.w3.org\/2000\/svg\" width=\"24\" height=\"24\" viewBox=\"0 0 24 24\"><path fill=\"none\" d=\"M0,0h24v24H0V0z\"><\/path><path d=\"M19,13H5v-2h14V13z\"><\/path><\/svg><\/span><h4 class=\"advgb-accordion-header-title\" style=\"color:inherit\">Galerie Jade Rivera<\/h4><\/div><div class=\"advgb-accordion-body\" style=\"border-style:solid !important;border-width:1px !important;border-color:undefined !important;border-top:none !important;border-radius:2px !important\">\n<p><strong>Ein kultureller Halt<\/strong> an der Bajada de Ba\u00f1os, damit Du die Werke von Jade Rivera kennenlernst \u2013 einem bildenden K\u00fcnstler, Muralisten und Forscher, der mit seinen Arbeiten zeigt, dass es <strong>keine Grenzen gibt, wenn es ums Lernen<\/strong> und Experimentieren geht.<\/p>\n\n\n\n<p>In der Galerie von Jade Rivera <strong>wirst Du von seinen abstrakten Wandgem\u00e4lden<\/strong> beeindruckt sein, ebenso wie von jenen, die den allt\u00e4glichen und kulturellen Realit\u00e4ten Ausdruck verleihen. Seine Werke, die bereits in Amerika, Europa und Asien ausgestellt wurden, vermitteln Emotionen und die Essenz der Menschlichkeit.<\/p>\n\n\n\n<figure class=\"wp-block-image size-full is-resized\"><img loading=\"lazy\" decoding=\"async\" width=\"700\" height=\"400\" src=\"https:\/\/freewalkingtoursperu.com\/wp-content\/uploads\/2025\/06\/Free-tour-a-pie-por-Barranco-11.jpg\" alt=\"Free tour a pie por Barranco\" class=\"wp-image-61630\" style=\"width:1111px;height:auto\" srcset=\"https:\/\/freewalkingtoursperu.com\/wp-content\/uploads\/2025\/06\/Free-tour-a-pie-por-Barranco-11.jpg 700w, https:\/\/freewalkingtoursperu.com\/wp-content\/uploads\/2025\/06\/Free-tour-a-pie-por-Barranco-11-300x171.jpg 300w, https:\/\/freewalkingtoursperu.com\/wp-content\/uploads\/2025\/06\/Free-tour-a-pie-por-Barranco-11-150x86.jpg 150w\" sizes=\"auto, (max-width: 700px) 100vw, 700px\" \/><\/figure>\n<\/div><\/div>\n\n\n\n<div class=\"wp-block-advgb-accordion-item advgb-accordion-item\" style=\"margin-bottom:15px\"><div class=\"advgb-accordion-header\" style=\"background-color:#daec9c;color:#000000;border-style:solid;border-width:1px;border-radius:2px\"><span class=\"advgb-accordion-header-icon accordion-state\"><svg class=\"advgb-icon-closed\" fill=\"#ffffff\" xmlns=\"http:\/\/www.w3.org\/2000\/svg\" width=\"24\" height=\"24\" viewBox=\"0 0 24 24\"><path fill=\"none\" d=\"M0,0h24v24H0V0z\"><\/path><path d=\"M19,13h-6v6h-2v-6H5v-2h6V5h2v6h6V13z\"><\/path><\/svg><svg class=\"advgb-icon-opened\" fill=\"#ffffff\" xmlns=\"http:\/\/www.w3.org\/2000\/svg\" width=\"24\" height=\"24\" viewBox=\"0 0 24 24\"><path fill=\"none\" d=\"M0,0h24v24H0V0z\"><\/path><path d=\"M19,13H5v-2h14V13z\"><\/path><\/svg><\/span><h4 class=\"advgb-accordion-header-title\" style=\"color:inherit\">La Ermita (Au\u00dfenbesichtigung)<\/h4><\/div><div class=\"advgb-accordion-body\" style=\"border-style:solid !important;border-width:1px !important;border-color:undefined !important;border-top:none !important;border-radius:2px !important\">\n<p>Ein Kreuz und ein frommer B\u00e4cker \u2013 das ist der Ursprung der Ermita, eines der historischen Wahrzeichen von Barranco. <strong>Alles begann im 18.<\/strong> Jahrhundert mit dem Bau einer schlichten Kapelle. Keine kirchliche Autorit\u00e4t war an diesem Projekt beteiligt.<\/p>\n\n\n\n<p>Ein <strong>B\u00e4cker namens Caicedo und seine Ehefrau<\/strong> hatten die Initiative ergriffen, an dem Ort eine Kapelle zu errichten, an dem \u2013 so erz\u00e4hlen es die alten Legenden \u2013 ein Kreuz auf wundersame Weise erschienen sein soll.<\/p>\n\n\n\n<p>Der Glaube, den Caicedo ges\u00e4t hatte, wuchs in den Herzen der Gl\u00e4ubigen, und <strong>die Ermita wurde zu einer richtigen Kirche<\/strong>. Doch die Geschichte nahm eine dramatische Wendung w\u00e4hrend des Pazifikkrieges (1879\u20131874).<\/p>\n\n\n\n<p>Als Lima vom chilenischen Heer besetzt war, <strong>wurde die inzwischen geweihte Kirche von den Soldaten<\/strong> gepl\u00fcndert und niedergebrannt. 1882 wurde sie dank der Hilfe der Gl\u00e4ubigen wieder aufgebaut \u2013 nur um 1940 bei einem Erdbeben schwer besch\u00e4digt zu werden.<\/p>\n\n\n\n<p><strong>Aber erneut erhob sich die Ermita<\/strong>, als Symbol f\u00fcr Glauben, Zusammenhalt und Durchhalteverm\u00f6gen.<\/p>\n\n\n\n<figure class=\"wp-block-image size-full is-resized\"><img loading=\"lazy\" decoding=\"async\" width=\"700\" height=\"400\" src=\"https:\/\/freewalkingtoursperu.com\/wp-content\/uploads\/2025\/06\/Free-tour-a-pie-por-Barranco-6.jpg\" alt=\"\" class=\"wp-image-61660\" style=\"width:1111px;height:auto\" srcset=\"https:\/\/freewalkingtoursperu.com\/wp-content\/uploads\/2025\/06\/Free-tour-a-pie-por-Barranco-6.jpg 700w, https:\/\/freewalkingtoursperu.com\/wp-content\/uploads\/2025\/06\/Free-tour-a-pie-por-Barranco-6-300x171.jpg 300w, https:\/\/freewalkingtoursperu.com\/wp-content\/uploads\/2025\/06\/Free-tour-a-pie-por-Barranco-6-150x86.jpg 150w\" sizes=\"auto, (max-width: 700px) 100vw, 700px\" \/><\/figure>\n<\/div><\/div>\n\n\n\n<div class=\"wp-block-advgb-accordion-item advgb-accordion-item\" style=\"margin-bottom:15px\"><div class=\"advgb-accordion-header\" style=\"background-color:#daec9c;color:#000000;border-style:solid;border-width:1px;border-radius:2px\"><span class=\"advgb-accordion-header-icon accordion-state\"><svg class=\"advgb-icon-closed\" fill=\"#ffffff\" xmlns=\"http:\/\/www.w3.org\/2000\/svg\" width=\"24\" height=\"24\" viewBox=\"0 0 24 24\"><path fill=\"none\" d=\"M0,0h24v24H0V0z\"><\/path><path d=\"M19,13h-6v6h-2v-6H5v-2h6V5h2v6h6V13z\"><\/path><\/svg><svg class=\"advgb-icon-opened\" fill=\"#ffffff\" xmlns=\"http:\/\/www.w3.org\/2000\/svg\" width=\"24\" height=\"24\" viewBox=\"0 0 24 24\"><path fill=\"none\" d=\"M0,0h24v24H0V0z\"><\/path><path d=\"M19,13H5v-2h14V13z\"><\/path><\/svg><\/span><h4 class=\"advgb-accordion-header-title\" style=\"color:inherit\">Visionen des Pazifiks<\/h4><\/div><div class=\"advgb-accordion-body\" style=\"border-style:solid !important;border-width:1px !important;border-color:undefined !important;border-top:none !important;border-radius:2px !important\">\n<p>In Barranco musst Du das Meer sehen \u2013 und genau das wirst Du vom <strong>Mirador Catalina Recavarren<\/strong> aus tun. Dieser Aussichtspunkt, angelegt auf den Klippen des Stadtteils, ist ideal, um den Pazifik, das Morro Solar sowie die <strong>Inseln San Lorenzo und El Front\u00f3n<\/strong> zu \u00fcberblicken.<\/p>\n\n\n\n<p>Gestaltet von Arturo Sol\u00eds M\u00e1laga, wurde der Aussichtspunkt 1988 eingeweiht. Dieser Ort der Ruhe und der weiten Blicke tr\u00e4gt den Namen der <strong>Dichterin Catalina Recavarren de Zizold aus Barranco<\/strong>, die in ihren Werken die weibliche Identit\u00e4t erforschte.<\/p>\n\n\n\n<p>W\u00e4hrend des Free Tours wirst Du auch vom <strong>Mirador de Sousa<\/strong> aus aufs Meer blicken k\u00f6nnen. Er wurde 1911 erbaut und ist Teil <strong>einer Promenade mit franz\u00f6sischem Flair<\/strong>, ges\u00e4umt von herrschaftlichen H\u00e4usern aus dem fr\u00fchen 20. Jahrhundert, die diesen Teil von Barranco pr\u00e4gen.<\/p>\n\n\n\n<figure class=\"wp-block-image size-full is-resized\"><img loading=\"lazy\" decoding=\"async\" width=\"700\" height=\"400\" src=\"https:\/\/freewalkingtoursperu.com\/wp-content\/uploads\/2025\/06\/Free-tour-a-pie-por-Barranco-14.jpg\" alt=\"Free tour a pie por Barranco\" class=\"wp-image-61634\" style=\"width:1111px;height:auto\" srcset=\"https:\/\/freewalkingtoursperu.com\/wp-content\/uploads\/2025\/06\/Free-tour-a-pie-por-Barranco-14.jpg 700w, https:\/\/freewalkingtoursperu.com\/wp-content\/uploads\/2025\/06\/Free-tour-a-pie-por-Barranco-14-300x171.jpg 300w, https:\/\/freewalkingtoursperu.com\/wp-content\/uploads\/2025\/06\/Free-tour-a-pie-por-Barranco-14-150x86.jpg 150w\" sizes=\"auto, (max-width: 700px) 100vw, 700px\" \/><\/figure>\n<\/div><\/div>\n\n\n\n<div class=\"wp-block-advgb-accordion-item advgb-accordion-item\" style=\"margin-bottom:15px\"><div class=\"advgb-accordion-header\" style=\"background-color:#daec9c;color:#000000;border-style:solid;border-width:1px;border-radius:2px\"><span class=\"advgb-accordion-header-icon accordion-state\"><svg class=\"advgb-icon-closed\" fill=\"#ffffff\" xmlns=\"http:\/\/www.w3.org\/2000\/svg\" width=\"24\" height=\"24\" viewBox=\"0 0 24 24\"><path fill=\"none\" d=\"M0,0h24v24H0V0z\"><\/path><path d=\"M19,13h-6v6h-2v-6H5v-2h6V5h2v6h6V13z\"><\/path><\/svg><svg class=\"advgb-icon-opened\" fill=\"#ffffff\" xmlns=\"http:\/\/www.w3.org\/2000\/svg\" width=\"24\" height=\"24\" viewBox=\"0 0 24 24\"><path fill=\"none\" d=\"M0,0h24v24H0V0z\"><\/path><path d=\"M19,13H5v-2h14V13z\"><\/path><\/svg><\/span><h4 class=\"advgb-accordion-header-title\" style=\"color:inherit\">Parque Municipal (Stadtpark)<\/h4><\/div><div class=\"advgb-accordion-body\" style=\"border-style:solid !important;border-width:1px !important;border-color:undefined !important;border-top:none !important;border-radius:2px !important\">\n<p><strong>Geschichte, Kunst und Architektur<\/strong> im wichtigsten urbanen Raum des Stadtteils. Der Parque Municipal de Barranco \u2013 oder Plaza Municipal \u2013 wurde am 13. Februar 1898 vom B\u00fcrgermeister Pedro Solari eingeweiht. Er ist ein monumentaler <strong>Ort und ein gem\u00fctlicher <\/strong>Treffpunkt.<\/p>\n\n\n\n<p>Im Park <strong>lenkst Du Deine Schritte zur Pergola<\/strong>, zum zentralen Brunnen mit der <strong>Skulptur La Danaide<\/strong> (eine Replik derjenigen in Rom), zu den Putti, kleinen Engelchen auf Sockeln, und zum Barbieri-Kronleuchter, gefertigt aus Carrara-Marmor.<\/p>\n\n\n\n<p>In der Umgebung des Platzes solltest Du der <strong>Biblioteca Municipal Manuel Beingolea<\/strong> und der Pfarrkirche <strong>La Sant\u00edsima Cruz<\/strong> Aufmerksamkeit schenken \u2013 beide Geb\u00e4ude wurden als monumentales Kulturerbe und historische Denkm\u00e4ler unter Schutz gestellt.<\/p>\n\n\n\n<p>W\u00e4hrend Deines Besuchs wird Dir Dein Guide <strong>viele Details<\/strong> \u00fcber diesen <strong>Ort der Kunst und des Gr\u00fcns verraten<\/strong>, der bis heute seinen Zauber und seine Ruhe bewahrt \u2013 trotz unserer hektischen Zeiten.<\/p>\n<\/div><\/div>\n\n\n\n<div class=\"wp-block-advgb-accordion-item advgb-accordion-item\" style=\"margin-bottom:15px\"><div class=\"advgb-accordion-header\" style=\"background-color:#daec9c;color:#000000;border-style:solid;border-width:1px;border-radius:2px\"><span class=\"advgb-accordion-header-icon accordion-state\"><svg class=\"advgb-icon-closed\" fill=\"#ffffff\" xmlns=\"http:\/\/www.w3.org\/2000\/svg\" width=\"24\" height=\"24\" viewBox=\"0 0 24 24\"><path fill=\"none\" d=\"M0,0h24v24H0V0z\"><\/path><path d=\"M19,13h-6v6h-2v-6H5v-2h6V5h2v6h6V13z\"><\/path><\/svg><svg class=\"advgb-icon-opened\" fill=\"#ffffff\" xmlns=\"http:\/\/www.w3.org\/2000\/svg\" width=\"24\" height=\"24\" viewBox=\"0 0 24 24\"><path fill=\"none\" d=\"M0,0h24v24H0V0z\"><\/path><path d=\"M19,13H5v-2h14V13z\"><\/path><\/svg><\/span><h4 class=\"advgb-accordion-header-title\" style=\"color:inherit\">Endpunkt der Tour<\/h4><\/div><div class=\"advgb-accordion-body\" style=\"border-style:solid !important;border-width:1px !important;border-color:undefined !important;border-top:none !important;border-radius:2px !important\">\n<p>Dein <em>Free Tour<\/em> endet entweder am Aussichtspunkt Mirador de Sousa oder im Stadtpark Parque Municipal von Barranco \u2013 je nachdem, wie sich dein Guide entscheidet und wie lange die Tour dauert. <\/p>\n\n\n\n<p>In beiden F\u00e4llen <strong>befindest du dich an einem zentralen und sicheren Ort<\/strong>, von dem aus du deinen Spaziergang durch Barranco fortsetzen kannst.<\/p>\n<\/div><\/div>\n<\/div>\n\n\n\n<\/div><h2 class=\"tabtitle\"><span class=\"fa fa-calendar\"><\/span>ZEITPL\u00c4NE<\/h2>\n<div class=\"tabcontent\">\n\n\n\n\n<figure class=\"wp-block-table\"><table class=\"has-fixed-layout\"><thead><tr><th class=\"has-text-align-center\" data-align=\"center\"><strong>Zeitpl\u00e4ne<\/strong><\/th><th class=\"has-text-align-center\" data-align=\"center\"><strong>Sprache<\/strong><\/th><th class=\"has-text-align-center\" data-align=\"center\"><strong>Tage<\/strong><\/th><th class=\"has-text-align-center\" data-align=\"center\"><strong>Dauer<\/strong><\/th><\/tr><\/thead><tbody><tr><td class=\"has-text-align-center\" data-align=\"center\">10:45<\/td><td class=\"has-text-align-center\" data-align=\"center\" rowspan=\"3\">Englisch<\/td><td class=\"has-text-align-center\" data-align=\"center\" rowspan=\"6\">Jeden Tag<\/td><td class=\"has-text-align-center\" data-align=\"center\" rowspan=\"6\">1 Stdn 45 min<\/td><\/tr><tr><td class=\"has-text-align-center\" data-align=\"center\">14:00<\/td><\/tr><tr><td class=\"has-text-align-center\" data-align=\"center\">17:30<\/td><\/tr><tr><td class=\"has-text-align-center\" data-align=\"center\">10:45<\/td><td class=\"has-text-align-center\" data-align=\"center\" rowspan=\"3\">Spanisch<\/td><\/tr><tr><td class=\"has-text-align-center\" data-align=\"center\">14:00<\/td><\/tr><tr><td class=\"has-text-align-center\" data-align=\"center\">17:30<\/td><\/tr><tr><td class=\"has-text-align-center\" data-align=\"center\" colspan=\"4\">Keine Oper am 25. Dezember und 1. Januar. Die Dauer der Tour betr\u00e4gt ca.<\/td><\/tr><\/tbody><\/table><\/figure>\n\n\n\n<\/div><h2 class=\"tabtitle\"><span class=\"fa fa-map-marker\"><\/span>TREFFPUNKTE<\/h2>\n<div class=\"tabcontent\">\n\n\n\n\n<p><strong>Treffpunkt<\/strong>: <a href=\"https:\/\/maps.app.goo.gl\/mEX86wnZWXSomvar8\" target=\"_blank\" rel=\"noreferrer noopener\">Vor der Pfarrkirche La Sant\u00edsima Cruz<\/a> in Barranco. Halte Ausschau nach unserem <strong>Partner <\/strong>mit einer <strong>gr\u00fcnen Fahne<\/strong>.<\/p>\n\n\n\n<div class=\"wp-block-columns is-layout-flex wp-container-core-columns-is-layout-9d6595d7 wp-block-columns-is-layout-flex\">\n<div class=\"wp-block-column is-layout-flow wp-block-column-is-layout-flow\">\n<div class=\"wp-block-group\"><div class=\"wp-block-group__inner-container is-layout-flow wp-block-group-is-layout-flow\">\n<figure class=\"wp-block-image size-full\"><img loading=\"lazy\" decoding=\"async\" width=\"500\" height=\"667\" src=\"https:\/\/freewalkingtoursperu.com\/wp-content\/uploads\/2025\/06\/free-tours-barranco-1.jpg\" alt=\"\" class=\"wp-image-61520\" srcset=\"https:\/\/freewalkingtoursperu.com\/wp-content\/uploads\/2025\/06\/free-tours-barranco-1.jpg 500w, https:\/\/freewalkingtoursperu.com\/wp-content\/uploads\/2025\/06\/free-tours-barranco-1-225x300.jpg 225w, https:\/\/freewalkingtoursperu.com\/wp-content\/uploads\/2025\/06\/free-tours-barranco-1-112x150.jpg 112w\" sizes=\"auto, (max-width: 500px) 100vw, 500px\" \/><\/figure>\n<\/div><\/div>\n<\/div>\n\n\n\n<div class=\"wp-block-column is-layout-flow wp-block-column-is-layout-flow\">\n<div class=\"wp-block-group\"><div class=\"wp-block-group__inner-container is-layout-flow wp-block-group-is-layout-flow\">\n<figure class=\"wp-block-image size-full\"><img loading=\"lazy\" decoding=\"async\" width=\"700\" height=\"511\" src=\"https:\/\/freewalkingtoursperu.com\/wp-content\/uploads\/2025\/06\/free-tours-barranco-2.jpg\" alt=\"\" class=\"wp-image-61516\" srcset=\"https:\/\/freewalkingtoursperu.com\/wp-content\/uploads\/2025\/06\/free-tours-barranco-2.jpg 700w, https:\/\/freewalkingtoursperu.com\/wp-content\/uploads\/2025\/06\/free-tours-barranco-2-300x219.jpg 300w, https:\/\/freewalkingtoursperu.com\/wp-content\/uploads\/2025\/06\/free-tours-barranco-2-150x110.jpg 150w\" sizes=\"auto, (max-width: 700px) 100vw, 700px\" \/><\/figure>\n<\/div><\/div>\n<\/div>\n\n\n\n<div class=\"wp-block-column is-layout-flow wp-block-column-is-layout-flow\">\n<div class=\"wp-block-group\"><div class=\"wp-block-group__inner-container is-layout-flow wp-block-group-is-layout-flow\"><\/div><\/div>\n<\/div>\n<\/div>\n\n\n\n<\/div><h2 class=\"tabtitle\"><span class=\"fa fa-pencil-square-o\"><\/span>STORNIERUNGEN<\/h2>\n<div class=\"tabcontent\">\n\n\n\n\n<p><i class=\"fas fa-th\"><\/i> <strong>Art der Tour:<\/strong> <\/p>\n\n\n\n<ul class=\"wp-block-list\">\n<li>Gruppenf\u00fchrung.<\/li>\n<\/ul>\n\n\n\n<p><i class=\"fas fa-wallet\"><\/i> <strong>Preis:<\/strong><\/p>\n\n\n\n<ul class=\"wp-block-list\">\n<li>Die Reservierung ist kostenlos.<\/li>\n\n\n\n<li>Am Ende der Tour kannst du eine Spende geben \u2013 manche geben US$ 15 pro Person oder S\/ 50 pro Person, andere geben mehr.<\/li>\n\n\n\n<li>Die Spende muss in bar erfolgen \u2013 Karten oder andere Zahlungsmethoden werden nicht akzeptiert.<\/li>\n<\/ul>\n\n\n\n<p><i class=\"fas fa-ban\"><\/i> <strong>Einschr\u00e4nkungen:<\/strong><\/p>\n\n\n\n<ul class=\"wp-block-list\">\n<li>Personen mit eingeschr\u00e4nkter Mobilit\u00e4t.<\/li>\n\n\n\n<li>Peruaner (diese Tour ist nur f\u00fcr Ausl\u00e4nder verf\u00fcgbar).<\/li>\n<\/ul>\n\n\n\n<p><i class=\"far fa-check-circle\"><\/i> <strong>Inklusive:<\/strong> <\/p>\n\n\n\n<ul class=\"wp-block-list\">\n<li>Professioneller G\u00e4stef\u00fchrer.<\/li>\n<\/ul>\n\n\n\n<p><i class=\"far fa-times-circle\"><\/i> <strong>Nicht enthalten:<\/strong><\/p>\n\n\n\n<ul class=\"wp-block-list\">\n<li>Spenden (Trinkgeld).<\/li>\n\n\n\n<li>Pers\u00f6nlicher Service.<\/li>\n<\/ul>\n\n\n\n<p><i class=\"far fa-hand-paper\"><\/i> <strong>Was soll ich mitbringen?<\/strong> <\/p>\n\n\n\n<ul class=\"wp-block-list\">\n<li>Pullover.<\/li>\n\n\n\n<li>Bequeme Schuhe zum Laufen.<\/li>\n\n\n\n<li>Kappen oder H\u00fcte.<\/li>\n\n\n\n<li>Sonnenbrille.<\/li>\n\n\n\n<li>Sonnencreme.<\/li>\n\n\n\n<li>Bargeld f\u00fcr die Spenden.<\/li>\n<\/ul>\n\n\n\n<p><i class=\"fas fa-clipboard-list\"><\/i> <strong>Ablauf und Route:<\/strong><\/p>\n\n\n\n<ul class=\"wp-block-list\">\n<li>Die Route dieses Free Tours kann sich ohne Vorank\u00fcndigung \u00e4ndern, zum Beispiel wegen Streiks, Entscheidungen des Guides oder anderen Ereignissen, die den normalen Ablauf der Tour beeintr\u00e4chtigen.<\/li>\n\n\n\n<li>Unsere Guides geben immer ihr Bestes, damit die Route spannend und interessant bleibt.<\/li>\n<\/ul>\n\n\n\n<\/div><h2 class=\"tabtitle\"><span class=\"fa fa-user\"><\/span>PARTNER<\/h2>\n<div class=\"tabcontent\">\n\n\n\n\n<!--Markup for citys-->\n\n<div id=\"tour-block_4a553dd28ab8801b2ece5d6eb2c18d62\" class=\"tour\">\n\n\n\n<div class=\"flex flex-col md:flex-row bg-white overflow-hidden mx-auto mt-1 xl:mt-10 max-w-5xl h-full xl:h-[420px]\">\n  \n  <!-- Imagen izquierda -->\n  <div class=\"relative w-full md:w-1\/2 aspect-square md:aspect-auto md:h-full m-[-1px] xl:m-[1px]\">\n          <img decoding=\"async\" src=\"https:\/\/freewalkingtoursperu.com\/wp-content\/uploads\/2025\/07\/free-tour-lima-fwtp-partner-1.jpg\" \n           alt=\"Imagen del gu\u00eda\" \n           class=\"absolute inset-0 w-full h-full object-cover object-top z-0\" \/>\n    \n    <!-- Marco decorativo encima -->\n    <img decoding=\"async\" src=\"https:\/\/freewalkingtoursperu.com\/wp-content\/uploads\/2025\/07\/marcofwtp.png\"\n         alt=\"Marco FWTP\"\n         class=\"absolute inset-0 w-full h-full object-cover pointer-events-none z-10\" \/>\n\n    <!-- Logo centrado abajo -->\n        <div class=\"absolute bottom-10 w-full text-center z-20 rounded\">\n      <img decoding=\"async\" src=\"https:\/\/freewalkingtoursperu.com\/wp-content\/uploads\/2025\/07\/free-walking-tour-lima.png\" \n           alt=\"Logo partner\" \n           class=\"h-[70px] w-[100px] object-cover mx-auto rounded\" \/>\n    <\/div>\n      <\/div>\n\n  <!-- Contenido -->\n  <div class=\"p-6 md:w-1\/2 h-full flex flex-col justify-center\">\n          <span class=\"text-base font-bold bg-gray-400 table mx-auto text-white px-2 py-1 mb-4 rounded text-center\">\n        PARTNERSHIP      <\/span>\n    \n          <div class=\"text-gray-700 text-sm mb-4 overflow-y-auto flex-1 border-b-8\">\n        <p>Diese Tour wird nicht direkt von Free Walking Tours Peru LCC organisiert, sondern von unserem <strong>lokalen Partner \u00c1lvaro Del \u00c1guila<\/strong> \u2013 einem leidenschaftlichen und erfahrenen Guide, der von unserem Team aus Tourismusexpert innen <strong>sorgf\u00e4ltig ausgew\u00e4hlt wurde<\/strong>. Durch diese <strong>Zusammenarbeit<\/strong> k\u00f6nnen wir Dir <strong>weiterhin authentische und unvergessliche Erlebnisse<\/strong> in der Stadt Lima bieten. Bei FWTP setzen wir uns daf\u00fcr ein, mit <strong>den besten Partnern zusammenzuarbeiten<\/strong>, damit Du jedes Reiseziel mit Guides entdecken kannst, die es lieben, die Geschichte und Kultur ihrer Stadt mit jedem <strong>Walker<\/strong> zu teilen.<\/p>\n      <\/div>\n    \n      <\/div>\n\n<\/div>\n\n\n\n\n\n\n\n\n\t     \n<\/div>\n\n\n\n\n<!--Markup for citys-->\n\n<div id=\"tour-block_996837f68a297b6dcffc00b05c874b2c\" class=\"tour\">\n\n\n\n<div class=\"flex flex-col md:flex-row bg-white overflow-hidden mx-auto mt-1 xl:mt-10 max-w-5xl h-full xl:h-[420px]\">\n  \n  <!-- Imagen izquierda -->\n  <div class=\"relative w-full md:w-1\/2 aspect-square md:aspect-auto md:h-full m-[-1px] xl:m-[1px]\">\n          <img decoding=\"async\" src=\"https:\/\/freewalkingtoursperu.com\/wp-content\/uploads\/2025\/06\/free-walking-tour-barranco-guia-fwtp.jpg\" \n           alt=\"Free tour a pie por Barranco\" \n           class=\"absolute inset-0 w-full h-full object-cover object-top z-0\" \/>\n    \n    <!-- Marco decorativo encima -->\n    <img decoding=\"async\" src=\"https:\/\/freewalkingtoursperu.com\/wp-content\/uploads\/2025\/07\/marcofwtp.png\"\n         alt=\"Marco FWTP\"\n         class=\"absolute inset-0 w-full h-full object-cover pointer-events-none z-10\" \/>\n\n    <!-- Logo centrado abajo -->\n        <div class=\"absolute bottom-10 w-full text-center z-20 rounded\">\n      <img decoding=\"async\" src=\"https:\/\/freewalkingtoursperu.com\/wp-content\/uploads\/2025\/08\/small.png\" \n           alt=\"Logo partner\" \n           class=\"h-[70px] w-[100px] object-cover mx-auto rounded\" \/>\n    <\/div>\n      <\/div>\n\n  <!-- Contenido -->\n  <div class=\"p-6 md:w-1\/2 h-full flex flex-col justify-center\">\n          <span class=\"text-base font-bold bg-gray-400 table mx-auto text-white px-2 py-1 mb-4 rounded text-center\">\n        OUR PARTNER      <\/span>\n    \n          <div class=\"text-gray-700 text-sm mb-4 overflow-y-auto flex-1 border-b-8\">\n        <p>Hallo! Ich bin <strong>\u00c1lvaro Del \u00c1guila<\/strong>, geboren in Lima und ein professioneller Touristenf\u00fchrer, offiziell anerkannt vom Ministerium f\u00fcr Au\u00dfenhandel und Tourismus. Ich spreche Spanisch und Englisch und habe <strong>eine lange Erfahrung<\/strong> im Tourismus- und Reisebereich, da ich selbst auch <strong>ein leidenschaftlicher Reisender<\/strong> war. Ich liebe Geschichte und die bohemische Kunst, besonders die von Lima. Dank meines Fachwissens und meiner Erfahrung kann ich Dir bei jedem Rundgang durch <strong>die faszinierendsten Ecken<\/strong> der Stadt ein bereicherndes Erlebnis bieten. Mach mit bei meiner Tour und entdecke das Beste von Lima!<\/p>\n      <\/div>\n    \n      <\/div>\n\n<\/div>\n\n\n\n\n\n\n\n\n\t     \n<\/div>\n\n\n\n\n<\/div><h2 class=\"urltab\"><a href=\"#reviews\"><span class=\"fa fa-comments-o\"><\/span>BEWERTUNGEN<\/a><\/h2>\n<div class=\"tabcontent\">\n\n\n\n\n<p>Bitte scrollen Sie nach unten, um die Bewertungen zu sehen.<\/p>\n\n\n<\/div><\/div>\n<\/div>\n\n\n\n<div class=\"wp-block-column is-layout-flow wp-block-column-is-layout-flow\" style=\"flex-basis:25%\">\n<div class=\"wp-block-group\"><div class=\"wp-block-group__inner-container is-layout-constrained wp-block-group-is-layout-constrained\"><div class='mb-10'>\n\t    \n\t\t<div class='flex gap-1'>\n\t\t\t\t<div class='flex-auto'>\n\t\t\t\t\t<a href='https:\/\/www.forbes.com\/sites\/laurabegleybloom\/2018\/12\/18\/the-cheapest-places-to-travel-in-2019\/?sh=21becc0e787a'><img src=https:\/\/freewalkingtoursperu.com\/wp-content\/themes\/fwtp\/img\/logo-forbes.png alt='logo forbes' class='w-full h-auto xl:h-12'><\/a>\n\t\t\t\t<\/div>\n\t\t\t\t<div class='flex-auto'>\n\t\t\t\t\t<a href='https:\/\/goo.gl\/maps\/FhNr5D6qmpcDwfTPA'><img src=https:\/\/freewalkingtoursperu.com\/wp-content\/themes\/fwtp\/img\/logo-tripadvisor.png alt='logo tripadvisor' class='w-full h-auto xl:h-12'><\/a>\n\t\t\t\t<\/div>\n\t\t<\/div>\n\t\t<div class='text-center'>\n\t\t\t<a href='#'><img src=https:\/\/freewalkingtoursperu.com\/wp-content\/themes\/fwtp\/img\/logo-free-walking-tours-peru-ministerio-turismo.png width='100%' alt='logo ministerio del comercio exterior' class='mt-1'><\/a>\n\t\t<\/div>\n\n\t <\/div>\n\n\n\n<!--Markup for citys-->\n\n<div id=\"tour-block_26d1bd804f490bc66238098c8e472f1f\" class=\"tour\">\n\n            <div class=''>\n\t            <div class='flex rounded-t shadow'>\n\t\t\t        <div class='px-3 py-2 rounded-tl bg-black text-white text-lg mb-0  font-semibold font-nunito'>Sofortige Best\u00e4tigung<\/div>\n\t\t\t        <div class='px-1 py-2 rounded-tr flex-auto font-nunito font-semibold bg-fwtp text-lg text-black  mb-0 text-center'>Free<\/div>\n\t\t\t    <\/div>\n\t        <\/div>\n<\/div>\n\n\n\n\n<div class=\"wpcf7 no-js\" id=\"wpcf7-f62337-o1\" lang=\"en-US\" dir=\"ltr\" data-wpcf7-id=\"62337\">\n<div class=\"screen-reader-response\"><p role=\"status\" aria-live=\"polite\" aria-atomic=\"true\"><\/p> <ul><\/ul><\/div>\n<form action=\"\/de\/wp-json\/wp\/v2\/pages\/62274#wpcf7-f62337-o1\" method=\"post\" class=\"wpcf7-form init\" aria-label=\"Contact form\" novalidate=\"novalidate\" data-status=\"init\">\n<fieldset class=\"hidden-fields-container\"><input type=\"hidden\" name=\"_wpcf7\" value=\"62337\" \/><input type=\"hidden\" name=\"_wpcf7_version\" value=\"6.1.7\" \/><input type=\"hidden\" name=\"_wpcf7_locale\" value=\"en_US\" \/><input type=\"hidden\" name=\"_wpcf7_unit_tag\" value=\"wpcf7-f62337-o1\" \/><input type=\"hidden\" name=\"_wpcf7_container_post\" value=\"0\" \/><input type=\"hidden\" name=\"_wpcf7_posted_data_hash\" value=\"\" \/><input type=\"hidden\" name=\"_wpcf7dtx_version\" value=\"5.0.7\" \/>\n<\/fieldset>\n<input class=\"wpcf7-form-control wpcf7-hidden\" value=\"29\" type=\"hidden\" name=\"Id_Walks\" \/>\n<input class=\"wpcf7-form-control wpcf7-hidden\" value=\"081147c89e3f1259960d4c0709bb5f2e257ffdd8\" type=\"hidden\" name=\"Ncode\" \/>\n<div id=\"form\" class=\"box-form border rounded-bottom shadow bg-white p-3\">\n\n<div class=\"form-group\">\n        <p><span class=\"wpcf7-form-control-wrap page-title\" data-name=\"page-title\"><input type=\"text\" name=\"page-title\" class=\"wpcf7-form-control wpcf7-text wpcf7dtx wpcf7dtx-text form-control form-control-sm\" aria-invalid=\"false\" value=\"Free tour durch Barranco: Farben und Kunst\"><\/span><\/p>\n      <\/div>\n      <div class=\"form-group\">\n        <p>Datum: <span class=\"wpcf7-form-control-wrap\" data-name=\"date-free\"><input size=\"40\" maxlength=\"400\" class=\"wpcf7-form-control wpcf7-text form-control form-control-sm fwt\" id=\"FreeWalkingTourBarrancode\" aria-invalid=\"false\" placeholder=\"dd\/mm\/yyyy\" value=\"\" type=\"text\" name=\"date-free\" \/><\/span><\/p>\n       <\/div>\n        <div class=\"form-group\">\n         <span class=\"wpcf7-form-control-wrap\" data-name=\"departure\"><select class=\"wpcf7-form-control wpcf7-select wpcf7-validates-as-required form-control form-control-sm\" aria-required=\"true\" aria-invalid=\"false\" name=\"departure\"><option value=\"\">Zeitplan und Sprache<\/option><option value=\"10:45 Uhr Englisch\">10:45 Uhr Englisch<\/option><option value=\"14:00 Uhr Englisch\">14:00 Uhr Englisch<\/option><option value=\"17:30 Uhr Englisch\">17:30 Uhr Englisch<\/option><option value=\"10:45 Uhr Spanisch\">10:45 Uhr Spanisch<\/option><option value=\"14:00 Uhr Spanisch\">14:00 Uhr Spanisch<\/option><option value=\"17:30 Uhr Spanisch\">17:30 Uhr Spanisch<\/option><\/select><\/span>\n      <\/div>\n<div class=\"form-group\">\n         <span class=\"wpcf7-form-control-wrap\" data-name=\"size\"><select class=\"wpcf7-form-control wpcf7-select wpcf7-validates-as-required form-control form-control-sm\" aria-required=\"true\" aria-invalid=\"false\" name=\"size\"><option value=\"\">Wie viele Personen sind in Ihrer Gruppe?<\/option><option value=\"1\">1<\/option><option value=\"2\">2<\/option><option value=\"3\">3<\/option><option value=\"4\">4<\/option><option value=\"5\">5<\/option><option value=\"6\">6<\/option><option value=\"7\">7<\/option><option value=\"8\">8<\/option><option value=\"9\">9<\/option><option value=\"10\">10<\/option><\/select><\/span>\n      <\/div>\n       <div class=\"form-group\">\n        <span class=\"wpcf7-form-control-wrap\" data-name=\"name-free\"><input size=\"40\" maxlength=\"400\" class=\"wpcf7-form-control wpcf7-text wpcf7-validates-as-required form-control form-control-sm\" aria-required=\"true\" aria-invalid=\"false\" placeholder=\"Vor- und Nachname\" value=\"\" type=\"text\" name=\"name-free\" \/><\/span>\n      <\/div>\n      <div class=\"form-group\">\n          <span class=\"wpcf7-form-control-wrap\" data-name=\"email-free\"><input size=\"40\" maxlength=\"400\" class=\"wpcf7-form-control wpcf7-email wpcf7-validates-as-required wpcf7-text wpcf7-validates-as-email form-control form-control-sm\" aria-required=\"true\" aria-invalid=\"false\" placeholder=\"E-Mail\" value=\"\" type=\"email\" name=\"email-free\" \/><\/span>\n      <\/div>\n<div class=\"form-group\">\n          <span class=\"wpcf7-form-control-wrap\" data-name=\"Whatsapp\"><input size=\"40\" class=\"wpcf7-form-control wpcf7-phonetext wpcf7-validates-as-required wpcf7-text wpcf7-validates-as-phonetext form-control form-control-sm\" aria-required=\"true\" aria-invalid=\"false\" placeholder=\"Whatsapp\" value=\"\" type=\"text\" name=\"Whatsapp\" \/><input type=\"hidden\" name=\"Whatsapp-country-code\" class=\"wpcf7-phonetext-country-code\" \/><\/span>\n      <\/div> \n <div class=\"form-group\">\n         <span class=\"wpcf7-form-control-wrap\" data-name=\"your-message\"><textarea cols=\"5\" rows=\"3\" maxlength=\"2000\" class=\"wpcf7-form-control wpcf7-textarea form-control form-control-sm\" aria-invalid=\"false\" placeholder=\"Alle weiteren Angaben bitte hier eintragen, zum Beispiel: Kinder, Senioren etc.\" name=\"your-message\"><\/textarea><\/span>\n      <\/div>\n        <div class=\"form-group text-center\">\n          <p class=\"text-center\"><input class=\"wpcf7-form-control wpcf7-submit has-spinner btn btn-lg px-5 btn-free\" type=\"submit\" value=\"Buchung senden\" \/><\/p>\n          \n        <\/div>\n\n<\/div><div class=\"wpcf7-response-output\" aria-hidden=\"true\"><\/div>\n<\/form>\n<\/div>\n\n<\/div><\/div>\n<\/div>\n<\/div>\n\n\n<div class='bg-white border p-3 shadow my-3' id='reviews' ><\/p>\n\n\n\n<h2 class=\"wp-block-heading\" id=\"reviews-009bf618-1525-4de9-95e4-c35333e5f797\">Soziale Medien<\/h2>\n\n\n\n<p>\u2b50<a href=\"https:\/\/goo.gl\/maps\/FhNr5D6qmpcDwfTPA\" target=\"_blank\" rel=\"noreferrer noopener\">Google Maps:<\/a> 1200 Bewertungen <strong>|<\/strong> \u2b50<a href=\"https:\/\/www.tripadvisor.com.pe\/Attraction_Review-g294316-d19513018-Reviews-Free_Walking_Tours_Peru-Lima_Lima_Region.html\" target=\"_blank\" rel=\"noreferrer noopener\">TripAdvisor:<\/a> 500 Bewertungen <strong>|<\/strong> \u2b50<a href=\"https:\/\/www.facebook.com\/limafreewalkingtour\/\" target=\"_blank\" rel=\"noreferrer noopener\">Facebook:<\/a> 50 Bewertungen <strong>|<\/strong> \u2b50<a href=\"https:\/\/www.instagram.com\/limafreewalkingtours\/\" target=\"_blank\" rel=\"noreferrer noopener\">Instagram:<\/a> 6000 Followers <strong>|<\/strong> \u2b50<a href=\"https:\/\/youtu.be\/HdYcNrUxnXA\" target=\"_blank\" rel=\"noreferrer noopener\">YouTube:<\/a> Sehen Sie sich unsere Videos an <strong>|<\/strong> \u2b50<a href=\"https:\/\/freewalkingtoursperu.com\/de\/uber-uns\/\" target=\"_blank\" rel=\"noreferrer noopener\">Reisende:<\/a> Mehr als 25,250 Touristen<\/p>\n\n\n<p> <\/div>\n","protected":false},"excerpt":{"rendered":"<p>Boh\u00e8me, Romantik und Inspiration. Kunst, Kultur und Identit\u00e4t in Barranco \u2013 ein Zufluchtsort f\u00fcr Dichter und Maler, f\u00fcr Kreative und Tr\u00e4umer, f\u00fcr Weltenbummler und Reisende. In seinen Stra\u00dfen und Pl\u00e4tzen, seinen Aussichtspunkten und Galerien, auf seiner Br\u00fccke, die Seufzer entlockt, und in seiner Schlucht, die zum Meer f\u00fchrt, findest Du eine Atmosph\u00e4re, die zwischen Ruhe [&hellip;]<\/p>\n","protected":false},"author":1,"featured_media":0,"parent":14984,"menu_order":0,"comment_status":"closed","ping_status":"closed","template":"page-tour-pay.php","meta":{"_acf_changed":false,"advgb_blocks_editor_width":"full","advgb_blocks_columns_visual_guide":"","footnotes":""},"class_list":["post-62274","page","type-page","status-publish","hentry"],"acf":[],"yoast_head":"<!-- This site is optimized with the Yoast SEO plugin v28.4 - https:\/\/yoast.com\/product\/yoast-seo-wordpress\/ -->\n<title>Free Walking Tour Barranco | zu Fu\u00df | Kunst, Farbe und Kultur<\/title>\n<meta name=\"description\" content=\"Free Walking Tour Barranco: Die beste kostenlose Tour in Barranco ist mit FWTP, wir sind lokale Betreiber, t\u00e4gliche Abfahrten von Barranco\" \/>\n<meta name=\"robots\" content=\"index, follow, max-snippet:-1, max-image-preview:large, max-video-preview:-1\" \/>\n<link rel=\"canonical\" href=\"https:\/\/freewalkingtoursperu.com\/de\/tours-lima\/free-walking-tour-barranco-farben-und-kunst\/\" \/>\n<meta property=\"og:locale\" content=\"de_DE\" \/>\n<meta property=\"og:type\" content=\"article\" \/>\n<meta property=\"og:title\" content=\"Free Walking Tour Barranco | zu Fu\u00df | Kunst, Farbe und Kultur\" \/>\n<meta property=\"og:description\" content=\"Free Walking Tour Barranco: Die beste kostenlose Tour in Barranco ist mit FWTP, wir sind lokale Betreiber, t\u00e4gliche Abfahrten von Barranco\" \/>\n<meta property=\"og:url\" content=\"https:\/\/freewalkingtoursperu.com\/de\/tours-lima\/free-walking-tour-barranco-farben-und-kunst\/\" \/>\n<meta property=\"og:site_name\" content=\"Free Walking Tours Peru\" \/>\n<meta property=\"article:modified_time\" content=\"2026-06-18T23:35:01+00:00\" \/>\n<meta property=\"og:image\" content=\"https:\/\/freewalkingtoursperu.com\/wp-content\/uploads\/2025\/06\/Free-tour-a-pie-por-Barranco-9.jpg\" \/>\n<meta name=\"twitter:card\" content=\"summary_large_image\" \/>\n<meta name=\"twitter:label1\" content=\"Gesch\u00e4tzte Lesezeit\" \/>\n\t<meta name=\"twitter:data1\" content=\"9\u00a0Minuten\" \/>\n<script type=\"application\/ld+json\" class=\"yoast-schema-graph\">{\"@context\":\"https:\\\/\\\/schema.org\",\"@graph\":[{\"@type\":\"WebPage\",\"@id\":\"https:\\\/\\\/freewalkingtoursperu.com\\\/de\\\/tours-lima\\\/free-walking-tour-barranco-farben-und-kunst\\\/\",\"url\":\"https:\\\/\\\/freewalkingtoursperu.com\\\/de\\\/tours-lima\\\/free-walking-tour-barranco-farben-und-kunst\\\/\",\"name\":\"Free Walking Tour Barranco | zu Fu\u00df | Kunst, Farbe und Kultur\",\"isPartOf\":{\"@id\":\"https:\\\/\\\/freewalkingtoursperu.com\\\/de\\\/#website\"},\"primaryImageOfPage\":{\"@id\":\"https:\\\/\\\/freewalkingtoursperu.com\\\/de\\\/tours-lima\\\/free-walking-tour-barranco-farben-und-kunst\\\/#primaryimage\"},\"image\":{\"@id\":\"https:\\\/\\\/freewalkingtoursperu.com\\\/de\\\/tours-lima\\\/free-walking-tour-barranco-farben-und-kunst\\\/#primaryimage\"},\"thumbnailUrl\":\"https:\\\/\\\/freewalkingtoursperu.com\\\/wp-content\\\/uploads\\\/2025\\\/06\\\/Free-tour-a-pie-por-Barranco-9.jpg\",\"datePublished\":\"2020-01-03T22:29:00+00:00\",\"dateModified\":\"2026-06-18T23:35:01+00:00\",\"description\":\"Free Walking Tour Barranco: Die beste kostenlose Tour in Barranco ist mit FWTP, wir sind lokale Betreiber, t\u00e4gliche Abfahrten von Barranco\",\"breadcrumb\":{\"@id\":\"https:\\\/\\\/freewalkingtoursperu.com\\\/de\\\/tours-lima\\\/free-walking-tour-barranco-farben-und-kunst\\\/#breadcrumb\"},\"inLanguage\":\"de\",\"potentialAction\":[{\"@type\":\"ReadAction\",\"target\":[\"https:\\\/\\\/freewalkingtoursperu.com\\\/de\\\/tours-lima\\\/free-walking-tour-barranco-farben-und-kunst\\\/\"]}]},{\"@type\":\"ImageObject\",\"inLanguage\":\"de\",\"@id\":\"https:\\\/\\\/freewalkingtoursperu.com\\\/de\\\/tours-lima\\\/free-walking-tour-barranco-farben-und-kunst\\\/#primaryimage\",\"url\":\"https:\\\/\\\/freewalkingtoursperu.com\\\/wp-content\\\/uploads\\\/2025\\\/06\\\/Free-tour-a-pie-por-Barranco-9.jpg\",\"contentUrl\":\"https:\\\/\\\/freewalkingtoursperu.com\\\/wp-content\\\/uploads\\\/2025\\\/06\\\/Free-tour-a-pie-por-Barranco-9.jpg\"},{\"@type\":\"BreadcrumbList\",\"@id\":\"https:\\\/\\\/freewalkingtoursperu.com\\\/de\\\/tours-lima\\\/free-walking-tour-barranco-farben-und-kunst\\\/#breadcrumb\",\"itemListElement\":[{\"@type\":\"ListItem\",\"position\":1,\"name\":\"Home\",\"item\":\"https:\\\/\\\/freewalkingtoursperu.com\\\/de\\\/\"},{\"@type\":\"ListItem\",\"position\":2,\"name\":\"Touren in Lima\",\"item\":\"https:\\\/\\\/freewalkingtoursperu.com\\\/de\\\/tours-lima\\\/\"},{\"@type\":\"ListItem\",\"position\":3,\"name\":\"Free tour durch Barranco: Farben und Kunst\"}]},{\"@type\":\"WebSite\",\"@id\":\"https:\\\/\\\/freewalkingtoursperu.com\\\/de\\\/#website\",\"url\":\"https:\\\/\\\/freewalkingtoursperu.com\\\/de\\\/\",\"name\":\"Free Walking Tours Peru\",\"description\":\"\",\"publisher\":{\"@id\":\"https:\\\/\\\/freewalkingtoursperu.com\\\/de\\\/#organization\"},\"potentialAction\":[{\"@type\":\"SearchAction\",\"target\":{\"@type\":\"EntryPoint\",\"urlTemplate\":\"https:\\\/\\\/freewalkingtoursperu.com\\\/de\\\/?s={search_term_string}\"},\"query-input\":{\"@type\":\"PropertyValueSpecification\",\"valueRequired\":true,\"valueName\":\"search_term_string\"}}],\"inLanguage\":\"de\"},{\"@type\":\"Organization\",\"@id\":\"https:\\\/\\\/freewalkingtoursperu.com\\\/de\\\/#organization\",\"name\":\"Free Walking Tours Peru\",\"url\":\"https:\\\/\\\/freewalkingtoursperu.com\\\/de\\\/\",\"logo\":{\"@type\":\"ImageObject\",\"inLanguage\":\"de\",\"@id\":\"https:\\\/\\\/freewalkingtoursperu.com\\\/de\\\/#\\\/schema\\\/logo\\\/image\\\/\",\"url\":\"https:\\\/\\\/freewalkingtoursperu.com\\\/wp-content\\\/uploads\\\/2026\\\/02\\\/logo-freeorg.svg\",\"contentUrl\":\"https:\\\/\\\/freewalkingtoursperu.com\\\/wp-content\\\/uploads\\\/2026\\\/02\\\/logo-freeorg.svg\",\"caption\":\"Free Walking Tours Peru\"},\"image\":{\"@id\":\"https:\\\/\\\/freewalkingtoursperu.com\\\/de\\\/#\\\/schema\\\/logo\\\/image\\\/\"}}]}<\/script>\n<!-- \/ Yoast SEO plugin. -->","yoast_head_json":{"title":"Free Walking Tour Barranco | zu Fu\u00df | Kunst, Farbe und Kultur","description":"Free Walking Tour Barranco: Die beste kostenlose Tour in Barranco ist mit FWTP, wir sind lokale Betreiber, t\u00e4gliche Abfahrten von Barranco","robots":{"index":"index","follow":"follow","max-snippet":"max-snippet:-1","max-image-preview":"max-image-preview:large","max-video-preview":"max-video-preview:-1"},"canonical":"https:\/\/freewalkingtoursperu.com\/de\/tours-lima\/free-walking-tour-barranco-farben-und-kunst\/","og_locale":"de_DE","og_type":"article","og_title":"Free Walking Tour Barranco | zu Fu\u00df | Kunst, Farbe und Kultur","og_description":"Free Walking Tour Barranco: Die beste kostenlose Tour in Barranco ist mit FWTP, wir sind lokale Betreiber, t\u00e4gliche Abfahrten von Barranco","og_url":"https:\/\/freewalkingtoursperu.com\/de\/tours-lima\/free-walking-tour-barranco-farben-und-kunst\/","og_site_name":"Free Walking Tours Peru","article_modified_time":"2026-06-18T23:35:01+00:00","og_image":[{"url":"https:\/\/freewalkingtoursperu.com\/wp-content\/uploads\/2025\/06\/Free-tour-a-pie-por-Barranco-9.jpg","type":"","width":"","height":""}],"twitter_card":"summary_large_image","twitter_misc":{"Gesch\u00e4tzte Lesezeit":"9\u00a0Minuten"},"schema":{"@context":"https:\/\/schema.org","@graph":[{"@type":"WebPage","@id":"https:\/\/freewalkingtoursperu.com\/de\/tours-lima\/free-walking-tour-barranco-farben-und-kunst\/","url":"https:\/\/freewalkingtoursperu.com\/de\/tours-lima\/free-walking-tour-barranco-farben-und-kunst\/","name":"Free Walking Tour Barranco | zu Fu\u00df | Kunst, Farbe und Kultur","isPartOf":{"@id":"https:\/\/freewalkingtoursperu.com\/de\/#website"},"primaryImageOfPage":{"@id":"https:\/\/freewalkingtoursperu.com\/de\/tours-lima\/free-walking-tour-barranco-farben-und-kunst\/#primaryimage"},"image":{"@id":"https:\/\/freewalkingtoursperu.com\/de\/tours-lima\/free-walking-tour-barranco-farben-und-kunst\/#primaryimage"},"thumbnailUrl":"https:\/\/freewalkingtoursperu.com\/wp-content\/uploads\/2025\/06\/Free-tour-a-pie-por-Barranco-9.jpg","datePublished":"2020-01-03T22:29:00+00:00","dateModified":"2026-06-18T23:35:01+00:00","description":"Free Walking Tour Barranco: Die beste kostenlose Tour in Barranco ist mit FWTP, wir sind lokale Betreiber, t\u00e4gliche Abfahrten von Barranco","breadcrumb":{"@id":"https:\/\/freewalkingtoursperu.com\/de\/tours-lima\/free-walking-tour-barranco-farben-und-kunst\/#breadcrumb"},"inLanguage":"de","potentialAction":[{"@type":"ReadAction","target":["https:\/\/freewalkingtoursperu.com\/de\/tours-lima\/free-walking-tour-barranco-farben-und-kunst\/"]}]},{"@type":"ImageObject","inLanguage":"de","@id":"https:\/\/freewalkingtoursperu.com\/de\/tours-lima\/free-walking-tour-barranco-farben-und-kunst\/#primaryimage","url":"https:\/\/freewalkingtoursperu.com\/wp-content\/uploads\/2025\/06\/Free-tour-a-pie-por-Barranco-9.jpg","contentUrl":"https:\/\/freewalkingtoursperu.com\/wp-content\/uploads\/2025\/06\/Free-tour-a-pie-por-Barranco-9.jpg"},{"@type":"BreadcrumbList","@id":"https:\/\/freewalkingtoursperu.com\/de\/tours-lima\/free-walking-tour-barranco-farben-und-kunst\/#breadcrumb","itemListElement":[{"@type":"ListItem","position":1,"name":"Home","item":"https:\/\/freewalkingtoursperu.com\/de\/"},{"@type":"ListItem","position":2,"name":"Touren in Lima","item":"https:\/\/freewalkingtoursperu.com\/de\/tours-lima\/"},{"@type":"ListItem","position":3,"name":"Free tour durch Barranco: Farben und Kunst"}]},{"@type":"WebSite","@id":"https:\/\/freewalkingtoursperu.com\/de\/#website","url":"https:\/\/freewalkingtoursperu.com\/de\/","name":"Free Walking Tours Peru","description":"","publisher":{"@id":"https:\/\/freewalkingtoursperu.com\/de\/#organization"},"potentialAction":[{"@type":"SearchAction","target":{"@type":"EntryPoint","urlTemplate":"https:\/\/freewalkingtoursperu.com\/de\/?s={search_term_string}"},"query-input":{"@type":"PropertyValueSpecification","valueRequired":true,"valueName":"search_term_string"}}],"inLanguage":"de"},{"@type":"Organization","@id":"https:\/\/freewalkingtoursperu.com\/de\/#organization","name":"Free Walking Tours Peru","url":"https:\/\/freewalkingtoursperu.com\/de\/","logo":{"@type":"ImageObject","inLanguage":"de","@id":"https:\/\/freewalkingtoursperu.com\/de\/#\/schema\/logo\/image\/","url":"https:\/\/freewalkingtoursperu.com\/wp-content\/uploads\/2026\/02\/logo-freeorg.svg","contentUrl":"https:\/\/freewalkingtoursperu.com\/wp-content\/uploads\/2026\/02\/logo-freeorg.svg","caption":"Free Walking Tours Peru"},"image":{"@id":"https:\/\/freewalkingtoursperu.com\/de\/#\/schema\/logo\/image\/"}}]}},"coauthors":[],"author_meta":{"author_link":"https:\/\/freewalkingtoursperu.com\/de\/blog\/author\/adminfwt\/","display_name":"FWTP"},"relative_dates":{"created":"Ver\u00f6ffentlicht 7\u00a0Jahren vor","modified":"Aktualisiert 3\u00a0Monaten vor"},"absolute_dates":{"created":"Ver\u00f6ffentlicht am 3 Januar, 2020","modified":"Aktualisiert am 18 Juni, 2026"},"absolute_dates_time":{"created":"Ver\u00f6ffentlicht am 3 Januar, 2020 5:29 p.m.","modified":"Aktualisiert am 18 Juni, 2026 6:35 p.m."},"featured_img_caption":"","featured_img":false,"series_order":"","_links":{"self":[{"href":"https:\/\/freewalkingtoursperu.com\/de\/wp-json\/wp\/v2\/pages\/62274","targetHints":{"allow":["GET"]}}],"collection":[{"href":"https:\/\/freewalkingtoursperu.com\/de\/wp-json\/wp\/v2\/pages"}],"about":[{"href":"https:\/\/freewalkingtoursperu.com\/de\/wp-json\/wp\/v2\/types\/page"}],"author":[{"embeddable":true,"href":"https:\/\/freewalkingtoursperu.com\/de\/wp-json\/wp\/v2\/users\/1"}],"replies":[{"embeddable":true,"href":"https:\/\/freewalkingtoursperu.com\/de\/wp-json\/wp\/v2\/comments?post=62274"}],"version-history":[{"count":1,"href":"https:\/\/freewalkingtoursperu.com\/de\/wp-json\/wp\/v2\/pages\/62274\/revisions"}],"predecessor-version":[{"id":71682,"href":"https:\/\/freewalkingtoursperu.com\/de\/wp-json\/wp\/v2\/pages\/62274\/revisions\/71682"}],"up":[{"embeddable":true,"href":"https:\/\/freewalkingtoursperu.com\/de\/wp-json\/wp\/v2\/pages\/14984"}],"wp:attachment":[{"href":"https:\/\/freewalkingtoursperu.com\/de\/wp-json\/wp\/v2\/media?parent=62274"}],"curies":[{"name":"wp","href":"https:\/\/api.w.org\/{rel}","templated":true}]}}