{"id":18707,"date":"2022-09-26T22:59:46","date_gmt":"2022-09-27T03:59:46","guid":{"rendered":"https:\/\/freewalkingtoursperu.com\/?page_id=18707"},"modified":"2026-06-18T18:15:30","modified_gmt":"2026-06-18T23:15:30","slug":"tour-fortaleza-del-real-felipe-callao-monumental","status":"publish","type":"page","link":"https:\/\/freewalkingtoursperu.com\/es\/tours-lima\/tour-fortaleza-del-real-felipe-callao-monumental\/","title":{"rendered":"Fortaleza del Real Felipe + centro hist\u00f3rico del Callao"},"content":{"rendered":"\n<!--Markup for citys-->\n\n<div id=\"tour-block_58a3b861fbf23df26f4630c8ed4ca373\" class=\"toursweb flex flex-col-reverse md:flex-col\">\n\n\n        <div class=\"container mb-2\">          \n                        <div class=\"mt-6\">\n                        <p id=\"breadcrumbs\" class=\"mb-0\"><span><span><a href=\"https:\/\/freewalkingtoursperu.com\/es\/\">Home<\/a><\/span><\/span><\/p>                        <\/div>\n            \n\n                    <h1 class=\"text-xl xl:text-3xl mb-2 font-bold text-gray-800\"> Fortaleza del Real Felipe + centro hist\u00f3rico del Callao<\/h1>\n                                        <div class=\"flex gap-3 mb-4\">\n                            <span>\n                                <i class='fas fa-star text-yellow-400'><\/i> \n                                <i class='fas fa-star text-yellow-400'><\/i> \n                                <i class='fas fa-star text-yellow-400'><\/i> \n                                <i class='fas fa-star text-yellow-400'><\/i> \n                                <i class='fas fa-star text-yellow-400'><\/i>  \n                            <\/span>\n                            <span> \n                                <i class=\"far fa-user text-gray-700\"><\/i> <a href=\"#reviews\"> <span class=\"text-sky-600 font-nunito\">57 viajeros<\/span> <\/a>\n                            <\/span>\n\n                            <span> \n                            <i class=\"far fa-clock text-gray-700\"><\/i>  <span class=\"text-gray-800 font-nunito\">3 h<\/span> \n                            <\/span>\n\n                            <span> \n                                <i class=\"far fa-comment text-gray-700\"><\/i> \n                                    <span class=\"mr-1 text-sm flag-icon flag-icon-gb\"><\/span><span class=\"mr-1 text-sm flag-icon flag-icon-es\"><\/span>                            <\/span>\n                        <\/div>\n                              \n        <\/div>\n\n    \n\n\n        <div class=\"relative mb-2 mt-2\">\n\n                    \n                        <div id=\"lightgallery\" class=\"flex flex-wrap img-large\"> \n                                                            <a class=\"w-2\/12 img-small xl:block hidden\" href=\"https:\/\/freewalkingtoursperu.com\/wp-content\/uploads\/2025\/10\/Fortaleza_del_Real_Felipe__centro_historico_del_Callao.webp\"  data-sub-html=\"\">\n                                <img decoding=\"async\" src=\"https:\/\/freewalkingtoursperu.com\/wp-content\/uploads\/2025\/10\/Fortaleza_del_Real_Felipe__centro_historico_del_Callao.webp\" class=\"cursor-pointer rounded w-full object-cover\"  alt=\"Fortaleza del Real Felipe + centro hist\u00f3rico del Callao\">\n                                <\/a>\n                                                            <a class=\"w-2\/12 img-small xl:block hidden\" href=\"https:\/\/freewalkingtoursperu.com\/wp-content\/uploads\/2022\/09\/tour-fortaleza-del-real-felipe-callao-monumental-9.jpg\"  data-sub-html=\"\">\n                                <img decoding=\"async\" src=\"https:\/\/freewalkingtoursperu.com\/wp-content\/uploads\/2022\/09\/tour-fortaleza-del-real-felipe-callao-monumental-9.jpg\" class=\"cursor-pointer rounded w-full object-cover\"  alt=\"Tour por La Fortaleza del Real Felipe + Callao Monumental\">\n                                <\/a>\n                                                            <a class=\"w-2\/12 img-small xl:block hidden\" href=\"https:\/\/freewalkingtoursperu.com\/wp-content\/uploads\/2022\/09\/tour-fortaleza-del-real-felipe-callao-monumental-1.jpg\"  data-sub-html=\"\">\n                                <img decoding=\"async\" src=\"https:\/\/freewalkingtoursperu.com\/wp-content\/uploads\/2022\/09\/tour-fortaleza-del-real-felipe-callao-monumental-1.jpg\" class=\"cursor-pointer rounded w-full object-cover\"  alt=\"Tour por La Fortaleza del Real Felipe + Callao Monumental\">\n                                <\/a>\n                                                            <a class=\"w-2\/12 img-small xl:block hidden\" href=\"https:\/\/freewalkingtoursperu.com\/wp-content\/uploads\/2022\/09\/tour-fortaleza-del-real-felipe-callao-monumental-10.jpg\"  data-sub-html=\"\">\n                                <img decoding=\"async\" src=\"https:\/\/freewalkingtoursperu.com\/wp-content\/uploads\/2022\/09\/tour-fortaleza-del-real-felipe-callao-monumental-10.jpg\" class=\"cursor-pointer rounded w-full object-cover\"  alt=\"Tour por La Fortaleza del Real Felipe + Callao Monumental\">\n                                <\/a>\n                                                            <a class=\"w-2\/12 img-small xl:block hidden\" href=\"https:\/\/freewalkingtoursperu.com\/wp-content\/uploads\/2022\/09\/tour-fortaleza-del-real-felipe-callao-monumental-6.jpg\"  data-sub-html=\"\">\n                                <img decoding=\"async\" src=\"https:\/\/freewalkingtoursperu.com\/wp-content\/uploads\/2022\/09\/tour-fortaleza-del-real-felipe-callao-monumental-6.jpg\" class=\"cursor-pointer rounded w-full object-cover\"  alt=\"Tour por La Fortaleza del Real Felipe + Callao Monumental\">\n                                <\/a>\n                                                            <a class=\"w-2\/12 img-small xl:block hidden\" href=\"https:\/\/freewalkingtoursperu.com\/wp-content\/uploads\/2022\/09\/tour-fortaleza-del-real-felipe-callao-monumental-7.jpg\"  data-sub-html=\"\">\n                                <img decoding=\"async\" src=\"https:\/\/freewalkingtoursperu.com\/wp-content\/uploads\/2022\/09\/tour-fortaleza-del-real-felipe-callao-monumental-7.jpg\" class=\"cursor-pointer rounded w-full object-cover\"  alt=\"Tour por La Fortaleza del Real Felipe + Callao Monumental\">\n                                <\/a>\n                                                            <a class=\"w-2\/12 img-small xl:block hidden\" href=\"https:\/\/freewalkingtoursperu.com\/wp-content\/uploads\/2022\/09\/tour-fortaleza-del-real-felipe-callao-monumental-2.jpg\"  data-sub-html=\"\">\n                                <img decoding=\"async\" src=\"https:\/\/freewalkingtoursperu.com\/wp-content\/uploads\/2022\/09\/tour-fortaleza-del-real-felipe-callao-monumental-2.jpg\" class=\"cursor-pointer rounded w-full object-cover\"  alt=\"Tour por La Fortaleza del Real Felipe + Callao Monumental\">\n                                <\/a>\n                                                            <a class=\"w-2\/12 img-small xl:block hidden\" href=\"https:\/\/freewalkingtoursperu.com\/wp-content\/uploads\/2022\/09\/tour-fortaleza-del-real-felipe-callao-monumental-3.jpg\"  data-sub-html=\"\">\n                                <img decoding=\"async\" src=\"https:\/\/freewalkingtoursperu.com\/wp-content\/uploads\/2022\/09\/tour-fortaleza-del-real-felipe-callao-monumental-3.jpg\" class=\"cursor-pointer rounded w-full object-cover\"  alt=\"Tour por La Fortaleza del Real Felipe + Callao Monumental\">\n                                <\/a>\n                             \n\n                        <\/div>\n\n                    \n                    \n                        \n        <\/div>\n\n\n<\/div>\n\n\n\n\n<!--Markup for citys-->\n\n<div id=\"tour-block_5d91038d37784b92fd00966ec690dc28\" class=\"tour\">\n\n           \n                <div class=\"flex flex-wrap pl-5 xl:pl-0 gap-8 justify-start xl:justify-center items-center pb-5 py-2 border-b-gray-300 border-b mb-5\">\n                            \n                                    \n                                    <div class=\"pr-0 xl:pr-5 item-details\">\n                                        <img decoding=\"async\" src=\"https:\/\/freewalkingtoursperu.com\/wp-content\/uploads\/2024\/02\/local-website.png\" class=\"w-10 float-left mr-2\" alt=\"bg home\">\n                                        <div class=\"inline-block\">\n                                            <span class=\"font-nunito text-gray-900 font-bold text-sm inline-block\"> P\u00e1gina local<\/span>\n                                            <span class=\"font-nunito text-xs block font-bold text-gray-500\"> SIN INTERMEDIARIOS<\/span>\n                                        <\/div>\n\n                                        <\/div>\n\n                            \n                                    \n                                    <div class=\"pr-0 xl:pr-5 item-details\">\n                                        <img decoding=\"async\" src=\"https:\/\/freewalkingtoursperu.com\/wp-content\/uploads\/2024\/02\/maximum-walkers-last.png\" class=\"w-10 float-left mr-2\" alt=\"bg home\">\n                                        <div class=\"inline-block\">\n                                            <span class=\"font-nunito text-gray-900 font-bold text-sm inline-block\"> 100% privado<\/span>\n                                            <span class=\"font-nunito text-xs block font-bold text-gray-500\"> TAMA\u00d1O<\/span>\n                                        <\/div>\n\n                                        <\/div>\n\n                            \n                                    \n                                    <div class=\"pr-0 xl:pr-5 item-details\">\n                                        <img decoding=\"async\" src=\"https:\/\/freewalkingtoursperu.com\/wp-content\/uploads\/2024\/03\/epic-tours-1-1.png\" class=\"w-10 float-left mr-2\" alt=\"bg home\">\n                                        <div class=\"inline-block\">\n                                            <span class=\"font-nunito text-gray-900 font-bold text-sm inline-block\"> \u00c9picas<\/span>\n                                            <span class=\"font-nunito text-xs block font-bold text-gray-500\"> EXPERIENCIAS<\/span>\n                                        <\/div>\n\n                                        <\/div>\n\n                            \n                                    \n                                    <div class=\"pr-0 xl:pr-5 item-details\">\n                                        <img decoding=\"async\" src=\"https:\/\/freewalkingtoursperu.com\/wp-content\/uploads\/2024\/03\/safe-tours-.png\" class=\"w-10 float-left mr-2\" alt=\"bg home\">\n                                        <div class=\"inline-block\">\n                                            <span class=\"font-nunito text-gray-900 font-bold text-sm inline-block\"> SEGURAS<\/span>\n                                            <span class=\"font-nunito text-xs block font-bold text-gray-500\"> EXCURSIONES<\/span>\n                                        <\/div>\n\n                                        <\/div>\n\n                                                    \n                        \n                        \n               \n            <\/div>\n            \n<\/div>\n\n\n\n\n<div class=\"wp-block-columns is-layout-flex wp-container-core-columns-is-layout-9d6595d7 wp-block-columns-is-layout-flex\">\n<div class=\"wp-block-column is-layout-flow wp-block-column-is-layout-flow\" style=\"flex-basis:75%\">\n<p><strong>Visita&nbsp;<\/strong>el mayor recinto militar espa\u00f1ol denominada&nbsp;la <strong>fortaleza del Real Felipe<\/strong> en honor al rey borb\u00f3n Felipe V, fue construido en un \u00e1rea de 70,000&nbsp;m\u00b2 durante el siglo XVIII bajo los gobiernos de los virreyes Jos\u00e9 Antonio Manso de Velasco&nbsp;y&nbsp;Manuel de Amat contra los ataques de los corsarios y piratas. Al ingresar podr\u00e1s ver las&nbsp;nueve edificaciones y\/o \u00e1reas.<\/p>\n\n\n\n<p>En este tour tambi\u00e9n&nbsp;explorar\u00e1s el Callao Monumental&nbsp;que incluye la visita de la&nbsp;plaza Grau, plaza Jos\u00e9 G\u00e1lvez, calle tradicional de&nbsp;jir\u00f3n Constituci\u00f3n 250, adicionalmente algunas&nbsp;galer\u00edas de arte&nbsp;y finalmente bastante&nbsp;arte Grafiti.<\/p>\n\n\n<div class=\"responsive-tabs\">\n<h2 class=\"tabtitle\"><span class=\"fa fa-th-list\"><\/span>RUTA<\/h2>\n<div class=\"tabcontent\">\n\n\n\n\n<div class=\"wp-block-advgb-accordions advgb-accordions-f73d1198-6850-43c2-8eb0-a402cf7452f2 advgb-accordion-wrapper\" data-collapsed=\"true\">\n<div class=\"wp-block-advgb-accordion-item advgb-accordion-item\" style=\"margin-bottom:15px\"><div class=\"advgb-accordion-header\" style=\"background-color:#daec9c;color:#000000;border-style:solid;border-width:1px;border-radius:2px\"><span class=\"advgb-accordion-header-icon accordion-state\"><svg class=\"advgb-icon-closed\" fill=\"#ffffff\" xmlns=\"http:\/\/www.w3.org\/2000\/svg\" width=\"24\" height=\"24\" viewBox=\"0 0 24 24\"><path fill=\"none\" d=\"M0,0h24v24H0V0z\"><\/path><path d=\"M19,13h-6v6h-2v-6H5v-2h6V5h2v6h6V13z\"><\/path><\/svg><svg class=\"advgb-icon-opened\" fill=\"#ffffff\" xmlns=\"http:\/\/www.w3.org\/2000\/svg\" width=\"24\" height=\"24\" viewBox=\"0 0 24 24\"><path fill=\"none\" d=\"M0,0h24v24H0V0z\"><\/path><path d=\"M19,13H5v-2h14V13z\"><\/path><\/svg><\/span><h4 class=\"advgb-accordion-header-title\" style=\"color:inherit\">Punto de Encuentro<\/h4><\/div><div class=\"advgb-accordion-body\" style=\"border-style:solid !important;border-width:1px !important;border-color:undefined !important;border-top:none !important;border-radius:2px !important\">\n<p>Nos encontraremos <a href=\"https:\/\/goo.gl\/maps\/ki1r3VWUMSkBLxrr8\">afuera de la puerta de ingreso del Real Felipe<\/a> \u2014la cual est\u00e1 ubicada en la <strong>Plaza Independencia<\/strong>\u2014. Tambi\u00e9n podemos encontrarnos en tu hotel, previa coordinaci\u00f3n con el \u00e1rea de reservas.<\/p>\n\n\n\n<p>Ser\u00e1s trasladado desde tu hotel hacia la Fortaleza del Real Felipe en un viaje que tomar\u00e1 <strong>entre 35 y 45 minuto<\/strong>s, dependiendo del distrito en el que te encuentres \u2014<em>si aplica<\/em>\u2014.<\/p>\n\n\n\n<p>Si consideras el punto de encuentro directamente en la Fortaleza del Real Felipe, continuaremos de forma inmediata con el tour.<\/p>\n\n\n\n<p>Para mayor informaci\u00f3n y evitar malentendidos, \u00e9chale un vistazo a la pesta\u00f1a <strong>Detalles y Notas<\/strong>.<\/p>\n<\/div><\/div>\n\n\n\n<div class=\"wp-block-advgb-accordion-item advgb-accordion-item\" style=\"margin-bottom:15px\"><div class=\"advgb-accordion-header\" style=\"background-color:#daec9c;color:#000000;border-style:solid;border-width:1px;border-radius:2px\"><span class=\"advgb-accordion-header-icon accordion-state\"><svg class=\"advgb-icon-closed\" fill=\"#ffffff\" xmlns=\"http:\/\/www.w3.org\/2000\/svg\" width=\"24\" height=\"24\" viewBox=\"0 0 24 24\"><path fill=\"none\" d=\"M0,0h24v24H0V0z\"><\/path><path d=\"M19,13h-6v6h-2v-6H5v-2h6V5h2v6h6V13z\"><\/path><\/svg><svg class=\"advgb-icon-opened\" fill=\"#ffffff\" xmlns=\"http:\/\/www.w3.org\/2000\/svg\" width=\"24\" height=\"24\" viewBox=\"0 0 24 24\"><path fill=\"none\" d=\"M0,0h24v24H0V0z\"><\/path><path d=\"M19,13H5v-2h14V13z\"><\/path><\/svg><\/span><h4 class=\"advgb-accordion-header-title\" style=\"color:inherit\">Real Felipe: El \u00daltimo Basti\u00f3n de la Independencia<\/h4><\/div><div class=\"advgb-accordion-body\" style=\"border-style:solid !important;border-width:1px !important;border-color:undefined !important;border-top:none !important;border-radius:2px !important\">\n<p>Considerada como<strong> la mayor fortificaci\u00f3n espa\u00f1ola en Am\u00e9rica<\/strong>, esta fortaleza fue construida entre los a\u00f1os<strong> 1747 y 1774<\/strong>, bajo el gobierno de los virreyes Manso de Velasco y Manuel de Amat y Juniet, como respuesta al devastador terremoto ocurrido en 1746. Tras este siniestro, el puerto de la Ciudad de los Reyes qued\u00f3 expuesto frente a piratas y corsarios, y es que este puerto era de suma importancia, ya que serv\u00eda para proteger la ciudad de Lima durante el Virreinato del Per\u00fa. Adem\u00e1s de ello, este sitio fue un <strong>punto estrat\u00e9gico y cr\u00edtico durante las diversas guerras libradas<\/strong>, siendo aqu\u00ed el lugar donde,<strong> en enero de 1826<\/strong>, los espa\u00f1oles fueron finalmente reducidos tras un largo asedio, logrando as\u00ed la tan esperada <strong>Independencia del Per\u00fa<\/strong>.<\/p>\n\n\n\n<p>En cuanto a su construcci\u00f3n, el encargado del dise\u00f1o que hoy podr\u00e1s apreciar fue <strong>el ingeniero franc\u00e9s Luis God\u00edn<\/strong>, y tras la culminaci\u00f3n de sus muros, el sitio fue nombrado como <strong>El Real Felipe<\/strong>, en honor al rey espa\u00f1ol Felipe V, quien, casualmente, hab\u00eda fallecido poco antes de la finalizaci\u00f3n de la fortaleza.<\/p>\n\n\n\n<p>En cuanto a la arquitectura de la fortaleza, esta posee una forma pentagonal de gran escala, albergando baluartes, muros gruesos de piedra y tierra, y complejos sistemas defensivos que reflejan las secuelas de una larga historia b\u00e9lica. Hoy, convertida en<strong> museo militar<\/strong>, se encuentra abierta al p\u00fablico, y tendr\u00e1s la oportunidad de apreciar espacios que fueron cruciales durante su antiguo funcionamiento:<\/p>\n\n\n\n<ul class=\"wp-block-list\">\n<li>El <strong>Torre\u00f3n del Rey<\/strong>: una peque\u00f1a fortaleza de tres niveles que sirvi\u00f3 como punto de vigilancia y defensa estrat\u00e9gica.<\/li>\n<\/ul>\n\n\n\n<ul class=\"wp-block-list\">\n<li>El <strong>Torre\u00f3n de la Reina<\/strong>: conocido, adem\u00e1s de haber sido un almac\u00e9n de recursos y puesto de artiller\u00eda, por funcionar como prisi\u00f3n de rebeldes y disidentes.<\/li>\n<\/ul>\n\n\n\n<ul class=\"wp-block-list\">\n<li>La <strong>Casa del Gobernador<\/strong>: una peque\u00f1a fortaleza interna que alberga mazmorras, almacenes y un puesto de artiller\u00eda.<\/li>\n<\/ul>\n\n\n\n<ul class=\"wp-block-list\">\n<li>El <strong>Parque de Artiller\u00eda<\/strong>: considerado el basti\u00f3n defensivo clave, siendo pr\u00e1cticamente una fortaleza dentro de la fortaleza.<\/li>\n<\/ul>\n\n\n\n<ul class=\"wp-block-list\">\n<li>El <strong>Parque de Veh\u00edculos Blindados<\/strong>: donde se evidencian tanques y veh\u00edculos hist\u00f3ricos como los<em> M4A3 Sherman<\/em>, <em>M3A1 Stuart<\/em> y <em>Fiat 6616<\/em>.<\/li>\n<\/ul>\n\n\n\n<ul class=\"wp-block-list\">\n<li>El <strong>Caballero de los Doce Ca\u00f1ones<\/strong>: estructura elevada dentro del baluarte de San Carlos, creada con el prop\u00f3sito de reforzar la defensa del puerto del Callao.<\/li>\n<\/ul>\n\n\n\n<ul class=\"wp-block-list\">\n<li>La<strong> Legi\u00f3n Peruana de la Guardia<\/strong>: creada por el Libertador Jos\u00e9 de San Mart\u00edn como el primer cuerpo militar que simboliz\u00f3 la fuerza y la disciplina del naciente Estado peruano.<\/li>\n<\/ul>\n\n\n\n<ul class=\"wp-block-list\">\n<li>La <strong>Oploteca<\/strong>: espacio que exhibe armamento, uniformes y objetos militares, vestigios de las defensas del Callao desde la \u00e9poca virreinal.<\/li>\n\n\n\n<li><strong>Una r\u00e9plica de la Casa de la Respuesta<\/strong>: la vivienda del coronel Francisco Bolognesi, h\u00e9roe nacional fiel a sus ideales, recordado por su haza\u00f1a en el Morro de Arica.<\/li>\n<\/ul>\n<\/div><\/div>\n\n\n\n<div class=\"wp-block-advgb-accordion-item advgb-accordion-item\" style=\"margin-bottom:15px\"><div class=\"advgb-accordion-header\" style=\"background-color:#daec9c;color:#000000;border-style:solid;border-width:1px;border-radius:2px\"><span class=\"advgb-accordion-header-icon accordion-state\"><svg class=\"advgb-icon-closed\" fill=\"#ffffff\" xmlns=\"http:\/\/www.w3.org\/2000\/svg\" width=\"24\" height=\"24\" viewBox=\"0 0 24 24\"><path fill=\"none\" d=\"M0,0h24v24H0V0z\"><\/path><path d=\"M19,13h-6v6h-2v-6H5v-2h6V5h2v6h6V13z\"><\/path><\/svg><svg class=\"advgb-icon-opened\" fill=\"#ffffff\" xmlns=\"http:\/\/www.w3.org\/2000\/svg\" width=\"24\" height=\"24\" viewBox=\"0 0 24 24\"><path fill=\"none\" d=\"M0,0h24v24H0V0z\"><\/path><path d=\"M19,13H5v-2h14V13z\"><\/path><\/svg><\/span><h4 class=\"advgb-accordion-header-title\" style=\"color:inherit\">Visita del centro hist\u00f3rico Callao Monumental<\/h4><\/div><div class=\"advgb-accordion-body\" style=\"border-style:solid !important;border-width:1px !important;border-color:undefined !important;border-top:none !important;border-radius:2px !important\">\n<p>Ya diste un paseo por lo que fue, en su momento, la fortaleza m\u00e1s importante de Lima. Ahora es momento de dirigir tus pasos y tu atenci\u00f3n hacia el lugar que fue testigo de innumerables asedios y de las tantas batallas libradas en este territorio: <strong>el centro hist\u00f3rico del Callao<\/strong>.<\/p>\n\n\n\n<p>Fundado en 1537 \u2014dos a\u00f1os despu\u00e9s de la llegada de los espa\u00f1oles\u2014 como el <strong>principal puerto del Pac\u00edfico<\/strong>, el Callao es una zona monumental que conserva <strong>arquitectura colonial e influencias brit\u00e1nicas<\/strong>, destacando por su historia mar\u00edtima, la cual es la raz\u00f3n principal por la que te conduciremos a este hist\u00f3rico lugar.<\/p>\n\n\n\n<p>Aunque se relata poco sobre qu\u00e9 era este sitio antes de la llegada de los espa\u00f1oles, se tiene evidencia de <strong>restos arqueol\u00f3gicos incas<\/strong>, habi\u00e9ndose establecido en la zona <strong>un tambo inca<\/strong> (punto de acopio de provisiones), que posteriormente se desarroll\u00f3 como un puerto clave, regido bajo la religiosidad inca, as\u00ed como con cierta autonom\u00eda administrativa.<\/p>\n\n\n\n<p>Volviendo a la actualidad, el <strong>Callao Monumental incluye edificaciones de la \u00e9poca virreinal y republicana<\/strong>, as\u00ed como calles y plazas sumamente pintorescas. En este tour realizaremos una peque\u00f1a caminata por los espacios m\u00e1s relevantes, visitando los siguientes puntos:<\/p>\n\n\n\n<ul class=\"wp-block-list\">\n<li><strong>Plaza Miguel Grau<\/strong>: consolidada en 1897 como una plaza republicana que rinde homenaje a Miguel Grau.<\/li>\n<\/ul>\n\n\n\n<ul class=\"wp-block-list\">\n<li><strong>Plaza Jos\u00e9 G\u00e1lvez<\/strong>: espacio que honra a los h\u00e9roes del combate del 2 de mayo.<\/li>\n<\/ul>\n\n\n\n<ul class=\"wp-block-list\">\n<li><strong>Casa Ronald<\/strong>, o en su defecto, se visitar\u00e1n otras galer\u00edas de arte.<\/li>\n<\/ul>\n\n\n\n<ul class=\"wp-block-list\">\n<li><strong>Jir\u00f3n Constituci\u00f3n<\/strong>: la calle virreinal m\u00e1s famosa del Callao.<\/li>\n<\/ul>\n\n\n\n<p>Como dato adicional, te contamos que el Callao fue declarado Provincia Constitucional en 1836, lo que le otorg\u00f3 autonom\u00eda pol\u00edtica. Adem\u00e1s de ello, la modernizaci\u00f3n de su infraestructura entre 1869 y 1877 se dio gracias a la construcci\u00f3n de un muelle y la d\u00e1rsena.<\/p>\n<\/div><\/div>\n\n\n\n<div class=\"wp-block-advgb-accordion-item advgb-accordion-item\" style=\"margin-bottom:15px\"><div class=\"advgb-accordion-header\" style=\"background-color:#daec9c;color:#000000;border-style:solid;border-width:1px;border-radius:2px\"><span class=\"advgb-accordion-header-icon accordion-state\"><svg class=\"advgb-icon-closed\" fill=\"#ffffff\" xmlns=\"http:\/\/www.w3.org\/2000\/svg\" width=\"24\" height=\"24\" viewBox=\"0 0 24 24\"><path fill=\"none\" d=\"M0,0h24v24H0V0z\"><\/path><path d=\"M19,13h-6v6h-2v-6H5v-2h6V5h2v6h6V13z\"><\/path><\/svg><svg class=\"advgb-icon-opened\" fill=\"#ffffff\" xmlns=\"http:\/\/www.w3.org\/2000\/svg\" width=\"24\" height=\"24\" viewBox=\"0 0 24 24\"><path fill=\"none\" d=\"M0,0h24v24H0V0z\"><\/path><path d=\"M19,13H5v-2h14V13z\"><\/path><\/svg><\/span><h4 class=\"advgb-accordion-header-title\" style=\"color:inherit\">Lugar de Finalizaci\u00f3n del Tour\u00a0<\/h4><\/div><div class=\"advgb-accordion-body\" style=\"border-style:solid !important;border-width:1px !important;border-color:undefined !important;border-top:none !important;border-radius:2px !important\">\n<p>Este tour termina cerca de la fortaleza Real San Felipe. Tambi\u00e9n podemos terminar en tu hotel bajo petici\u00f3n exclusiva.<\/p>\n<\/div><\/div>\n<\/div>\n\n\n\n<\/div><h2 class=\"tabtitle\"><span class=\"fa fa-credit-card\"><\/span>PRECIO<\/h2>\n<div class=\"tabcontent\">\n\n\n\n\n<p>Los precios mostrados en la tabla son:<\/p>\n\n\n\n<ul class=\"wp-block-list\">\n<li>Por persona&nbsp;en d\u00f3lares americanos ($).<\/li>\n\n\n\n<li>Pers. = personas.<\/li>\n<\/ul>\n\n\n\n<figure class=\"wp-block-table\"><table><thead><tr><th class=\"has-text-align-center\" data-align=\"center\" rowspan=\"2\">Pers.<\/th><th class=\"has-text-align-center\" data-align=\"center\" colspan=\"4\">Visita guiada privada con<\/th><\/tr><tr><th class=\"has-text-align-center\" data-align=\"center\">Punto de encuentro<\/th><th class=\"has-text-align-center\" data-align=\"center\">Recogida<\/th><th class=\"has-text-align-center\" data-align=\"center\" colspan=\"2\">Recogida y Drop-off<\/th><\/tr><\/thead><tbody><tr><td class=\"has-text-align-center\" data-align=\"center\">1<\/td><td class=\"has-text-align-center\" data-align=\"center\">$70<\/td><td class=\"has-text-align-center\" data-align=\"center\">$120<\/td><td class=\"has-text-align-center\" data-align=\"center\" colspan=\"2\">$160<\/td><\/tr><tr><td class=\"has-text-align-center\" data-align=\"center\">2<\/td><td class=\"has-text-align-center\" data-align=\"center\">$35<\/td><td class=\"has-text-align-center\" data-align=\"center\">$60<\/td><td class=\"has-text-align-center\" data-align=\"center\" colspan=\"2\">$80<\/td><\/tr><tr><td class=\"has-text-align-center\" data-align=\"center\">3<\/td><td class=\"has-text-align-center\" data-align=\"center\">$25<\/td><td class=\"has-text-align-center\" data-align=\"center\">$45<\/td><td class=\"has-text-align-center\" data-align=\"center\" colspan=\"2\">$60<\/td><\/tr><tr><td class=\"has-text-align-center\" data-align=\"center\">4<\/td><td class=\"has-text-align-center\" data-align=\"center\">$20<\/td><td class=\"has-text-align-center\" data-align=\"center\">$35<\/td><td class=\"has-text-align-center\" data-align=\"center\" colspan=\"2\">$45<\/td><\/tr><tr><td class=\"has-text-align-center\" data-align=\"center\">5<\/td><td class=\"has-text-align-center\" data-align=\"center\">$18<\/td><td class=\"has-text-align-center\" data-align=\"center\">$30<\/td><td class=\"has-text-align-center\" data-align=\"center\" colspan=\"2\">$35<\/td><\/tr><\/tbody><\/table><figcaption class=\"wp-element-caption\">Si tu grupo es mayor de 5 personas, \u00a1av\u00edsanos!<\/figcaption><\/figure>\n\n\n\n<\/div><h2 class=\"tabtitle\"><span class=\"fa fa-pencil-square-o\"><\/span>DETALLES<\/h2>\n<div class=\"tabcontent\">\n\n\n\n\n<p><i class=\"fas fa-th\"><\/i> <strong>Tipo de tour: <\/strong>100% privado.<\/p>\n\n\n\n<p><i class=\"far fa-clock\"><\/i> <strong>Horarios:<\/strong> <\/p>\n\n\n\n<figure class=\"wp-block-table\"><table><thead><tr><th>Con<\/th><th>Horarios<\/th><th class=\"has-text-align-center\" data-align=\"center\">D\u00edas<\/th><\/tr><\/thead><tbody><tr><td>Punto de encuentro<\/td><td>\u2013 09:00 a 11:00<br>\u2013 14:00 a 16:00<\/td><td class=\"has-text-align-center\" data-align=\"center\" rowspan=\"3\">Martes a domingo<\/td><\/tr><tr><td>Recogida<\/td><td>\u2013 09:00 a 12:00<br>\u2013 14:00 a 17:00<\/td><\/tr><tr><td>Recogida y Drop-off<\/td><td>\u2013 09:00 a 13:00<br>\u2013 14:00 a 18:00<\/td><\/tr><tr><td colspan=\"3\">El museo de Real Felipe est\u00e1 cerrado los lunes. Otros horarios disponibles bajo petici\u00f3n.<\/td><\/tr><\/tbody><\/table><\/figure>\n\n\n\n<p><i class=\"far fa-comment\"><\/i> <strong>Idioma:<\/strong> <\/p>\n\n\n\n<ul class=\"wp-block-list\">\n<li>Espa\u00f1ol, ingl\u00e9s.<\/li>\n\n\n\n<li>Otros idiomas:\n<ul class=\"wp-block-list\">\n<li>Disponible bajo petici\u00f3n.<\/li>\n\n\n\n<li>Los precios variar\u00e1n.  <\/li>\n<\/ul>\n<\/li>\n<\/ul>\n\n\n\n<p><i class=\"fab fa-accessible-icon\"><\/i> <strong>Accesibilidad:<\/strong> No es apto para personas de movilidad reducida.<\/p>\n\n\n\n<p><i class=\"far fa-check-circle\"><\/i> <strong>Incluido:<\/strong> <\/p>\n\n\n\n<ul class=\"wp-block-list\">\n<li>Gu\u00eda profesional.<\/li>\n\n\n\n<li>Bajo petici\u00f3n:\n<ul class=\"wp-block-list\">\n<li>Recogida desde tu hotel.<\/li>\n\n\n\n<li>Drop-off en tu hotel.<\/li>\n<\/ul>\n<\/li>\n<\/ul>\n\n\n\n<p><i class=\"far fa-times-circle\"><\/i> <strong>No incluido:<\/strong><\/p>\n\n\n\n<ul class=\"wp-block-list\">\n<li>Ticket para Real Felipe: 15 soles pp.<\/li>\n\n\n\n<li>Propinas (opcional).<\/li>\n<\/ul>\n\n\n\n<p><i class=\"far fa-hand-paper\"><\/i> <strong>\u00bfQu\u00e9 llevo?<\/strong><\/p>\n\n\n\n<ul class=\"wp-block-list\">\n<li>Abril-nov:\n<ul class=\"wp-block-list\">\n<li>Jerseys<\/li>\n<\/ul>\n<\/li>\n\n\n\n<li>Dic-marzo:\n<ul class=\"wp-block-list\">\n<li>Protector solar<\/li>\n\n\n\n<li>Gafas de sol<\/li>\n\n\n\n<li>Sombreros<\/li>\n\n\n\n<li>Una botella de agua<\/li>\n<\/ul>\n<\/li>\n\n\n\n<li>Moneda local en efectivo para tus entradas.<\/li>\n<\/ul>\n\n\n\n<p> <i class=\"fab fa-whatsapp\"><\/i> <strong>WhatsApp<\/strong>: <\/p>\n\n\n\n<ul class=\"wp-block-list\">\n<li><a href=\"https:\/\/api.whatsapp.com\/send?phone=51958745640&amp;text=Hello%20FWTP,%20can%20you%20help%20me,%20please?\" target=\"_blank\" rel=\"noreferrer noopener nofollow\">+51 958745640&nbsp;<\/a><\/li>\n\n\n\n<li><a href=\"https:\/\/api.whatsapp.com\/send?phone=51984479073&amp;text=Hello%20FWTP,%20can%20you%20help%20me,%20please?\" target=\"_blank\" rel=\"noreferrer noopener nofollow\">+51 984479073<\/a><\/li>\n<\/ul>\n\n\n\n<\/div><h2 class=\"tabtitle\"><span class=\"fa fa-calendar\"><\/span>NOTAS<\/h2>\n<div class=\"tabcontent\">\n\n\n\n\n<div class=\"wp-block-bloque-acordeon-acordeon-container acordeon-container\">\n<div class=\"wp-block-bloque-acordeon-acordeon-item acordeon-item\"><h4 class=\"acordeon-titulo\">Recogidas y horarios<\/h4><div class=\"acordeon-contenido\">\n<ul class=\"wp-block-list\">\n<li>Las recogidas son puntuales.<\/li>\n\n\n\n<li>Las recogidas aplican \u00fanicamente para hoteles ubicados en Miraflores, Barranco, San Isidro, La Victoria y Lima; para otros distritos se aplicar\u00e1 un costo adicional.<\/li>\n\n\n\n<li>Organizaremos todas las recogidas un d\u00eda antes de tu tour.<\/li>\n\n\n\n<li>La hora de finalizaci\u00f3n del tour sigue siendo aproximada; sin embargo, haremos nuestro mejor esfuerzo para terminar el tour seg\u00fan lo programado.<\/li>\n<\/ul>\n<\/div><\/div>\n\n\n\n<div class=\"wp-block-bloque-acordeon-acordeon-item acordeon-item\"><h4 class=\"acordeon-titulo\">Tipo de veh\u00edculo <\/h4><div class=\"acordeon-contenido\">\n<ul class=\"wp-block-list\">\n<li>Autorizado por el Ministerio de Transportes del Per\u00fa.<\/li>\n\n\n\n<li>Autos limpios y modernos.<\/li>\n\n\n\n<li>Autos con aspecto de sed\u00e1n, 4\u00d74, H1, Van, Renault y Mercedes Benz (depender\u00e1 del tama\u00f1o del grupo).<\/li>\n<\/ul>\n<\/div><\/div>\n\n\n\n<div class=\"wp-block-bloque-acordeon-acordeon-item acordeon-item\"><h4 class=\"acordeon-titulo\">Descuentos en los tickets de ingreso<\/h4><div class=\"acordeon-contenido\">\n<p>Los ni\u00f1os, menores de edad, estudiantes y peruanos pueden recibir descuentos, pero se requiere mostrar una identificaci\u00f3n oficial.<\/p>\n\n\n\n<ul class=\"wp-block-list\">\n<li>Ni\u00f1os y menores: Trae sus pasaportes oficiales para demostrar su edad.<\/li>\n\n\n\n<li>Estudiantes: Trae tu pasaporte oficial y una identificaci\u00f3n emitida por el gobierno.<\/li>\n\n\n\n<li>Peruanos: Trae tu documento de identidad oficial.<\/li>\n<\/ul>\n<\/div><\/div>\n\n\n\n<div class=\"wp-block-bloque-acordeon-acordeon-item acordeon-item\"><h4 class=\"acordeon-titulo\">Operatividad e itinerario<\/h4><div class=\"acordeon-contenido\">\n<p>Este tour est\u00e1 sujeto a variaciones sin previo aviso, debido a condiciones clim\u00e1ticas, huelgas y cualquier otro evento que no permita la operaci\u00f3n normal del tour. Tambi\u00e9n consulta nuestros&nbsp;<a href=\"https:\/\/freewalkingtoursperu.com\/es\/terminos-condiciones\/\" target=\"_blank\" rel=\"noreferrer noopener\">t\u00e9rminos<\/a>.<a href=\"https:\/\/www.forbes.com\/sites\/laurabegleybloom\/2018\/12\/18\/the-cheapest-places-to-travel-in-2019\/?sh=21becc0e787a\"><\/a><\/p>\n<\/div><\/div>\n<\/div>\n\n\n\n<\/div><h2 class=\"tabtitle\"><span class=\"fa fa-calendar\"><\/span>CANCELACIONES<\/h2>\n<div class=\"tabcontent\">\n\n\n\n\n<p>La cancelaci\u00f3n del tour es gratuita siempre que lo hagas con al menos 48 horas de antelaci\u00f3n, en caso contrario te cobraremos el 100% del precio del tour. Tambi\u00e9n consulta nuestros <a href=\"https:\/\/freewalkingtoursperu.com\/es\/terminos-condiciones\/\" target=\"_blank\" rel=\"noreferrer noopener\">t\u00e9rminos<\/a>.<\/p>\n\n\n\n<\/div><h2 class=\"urltab\"><a href=\"#reviews\"><span class=\"fa fa-comments-o\"><\/span>RESE\u00d1AS<\/a><\/h2>\n<div class=\"tabcontent\">\n\n\n\n\n<p>Por favor, desliza hacia abajo para ver comentarios.<\/p>\n\n\n<\/div><\/div>\n<\/div>\n\n\n\n<div class=\"wp-block-column is-layout-flow wp-block-column-is-layout-flow\" style=\"flex-basis:25%\">\n<div class=\"wp-block-group\"><div class=\"wp-block-group__inner-container is-layout-constrained wp-block-group-is-layout-constrained\"><div class='mb-10'>\n\t    \n\t\t<div class='flex gap-1'>\n\t\t\t\t<div class='flex-auto'>\n\t\t\t\t\t<a href='https:\/\/www.forbes.com\/sites\/laurabegleybloom\/2018\/12\/18\/the-cheapest-places-to-travel-in-2019\/?sh=21becc0e787a'><img src=https:\/\/freewalkingtoursperu.com\/wp-content\/themes\/fwtp\/img\/logo-forbes.png alt='logo forbes' class='w-full h-auto xl:h-12'><\/a>\n\t\t\t\t<\/div>\n\t\t\t\t<div class='flex-auto'>\n\t\t\t\t\t<a href='https:\/\/goo.gl\/maps\/FhNr5D6qmpcDwfTPA'><img src=https:\/\/freewalkingtoursperu.com\/wp-content\/themes\/fwtp\/img\/logo-tripadvisor.png alt='logo tripadvisor' class='w-full h-auto xl:h-12'><\/a>\n\t\t\t\t<\/div>\n\t\t<\/div>\n\t\t<div class='text-center'>\n\t\t\t<a href='#'><img src=https:\/\/freewalkingtoursperu.com\/wp-content\/themes\/fwtp\/img\/logo-free-walking-tours-peru-ministerio-turismo.png width='100%' alt='logo ministerio del comercio exterior' class='mt-1'><\/a>\n\t\t<\/div>\n\n\t <\/div>\n\n\n\n<!--Markup for citys-->\n\n<div id=\"tour-block_fdeeda53cacb0519f83d308514825ff5\" class=\"tour\">\n\n            <div class=''>\n\t            <div class='flex rounded-t shadow'>\n\t\t\t        <div class='px-3 py-2 rounded-tl bg-black text-white text-lg mb-0  font-semibold font-nunito'>Sin sobreprecios<\/div>\n\t\t\t        <div class='px-1 py-2 rounded-tr flex-auto font-nunito font-semibold bg-fwtp text-lg text-black  mb-0 text-center'>Desde $35<\/div>\n\t\t\t    <\/div>\n\t        <\/div>\n<\/div>\n\n\n\n\n<div class=\"wpcf7 no-js\" id=\"wpcf7-f7053-o1\" lang=\"en-US\" dir=\"ltr\" data-wpcf7-id=\"7053\">\n<div class=\"screen-reader-response\"><p role=\"status\" aria-live=\"polite\" aria-atomic=\"true\"><\/p> <ul><\/ul><\/div>\n<form action=\"\/es\/wp-json\/wp\/v2\/pages\/18707#wpcf7-f7053-o1\" method=\"post\" class=\"wpcf7-form init\" aria-label=\"Contact form\" novalidate=\"novalidate\" data-status=\"init\">\n<fieldset class=\"hidden-fields-container\"><input type=\"hidden\" name=\"_wpcf7\" value=\"7053\" \/><input type=\"hidden\" name=\"_wpcf7_version\" value=\"6.1.7\" \/><input type=\"hidden\" name=\"_wpcf7_locale\" value=\"en_US\" \/><input type=\"hidden\" name=\"_wpcf7_unit_tag\" value=\"wpcf7-f7053-o1\" \/><input type=\"hidden\" name=\"_wpcf7_container_post\" value=\"0\" \/><input type=\"hidden\" name=\"_wpcf7_posted_data_hash\" value=\"\" \/><input type=\"hidden\" name=\"_wpcf7dtx_version\" value=\"5.0.7\" \/>\n<\/fieldset>\n<input class=\"wpcf7-form-control wpcf7-hidden\" value=\"18\" type=\"hidden\" name=\"Id_Walks\" \/>\n<input class=\"wpcf7-form-control wpcf7-hidden\" value=\"51b9f433d7dccab5a9d6149ea5ee9d0b4d68a998\" type=\"hidden\" name=\"Ncode\" \/>\n<div id=\"form\" class=\"box-form border rounded-bottom shadow bg-white p-3\">\n<span class=\"wpcf7-form-control-wrap page-title\" data-name=\"page-title\"><input type=\"hidden\" name=\"page-title\" class=\"wpcf7-form-control wpcf7-hidden wpcf7dtx wpcf7dtx-hidden\" aria-invalid=\"false\" value=\"Fortaleza del Real Felipe + centro hist\u00f3rico del Callao\"><\/span>\n        <div class=\"form-group\">\n           <span class=\"wpcf7-form-control-wrap page-title\" data-name=\"page-title\"><input type=\"text\" name=\"page-title\" class=\"wpcf7-form-control wpcf7-text wpcf7dtx wpcf7dtx-text form-control form-control-sm\" aria-invalid=\"false\" value=\"Fortaleza del Real Felipe + centro hist\u00f3rico del Callao\"><\/span>\n      <\/div>\n      <div class=\"form-group\">\n        <p>Fecha: <span class=\"wpcf7-form-control-wrap\" data-name=\"date-free\"><input size=\"40\" maxlength=\"400\" class=\"wpcf7-form-control wpcf7-text form-control form-control-sm fwt\" aria-invalid=\"false\" placeholder=\"dd\/mm\/yyyy\" value=\"\" type=\"text\" name=\"date-free\" \/><\/span><\/p>\n       <\/div>\n     <div class=\"form-group\">\n         <span class=\"wpcf7-form-control-wrap\" data-name=\"size\"><select class=\"wpcf7-form-control wpcf7-select wpcf7-validates-as-required form-control form-control-sm\" aria-required=\"true\" aria-invalid=\"false\" name=\"size\"><option value=\"\">\u00bfCuantas personas son en tu grupo?<\/option><option value=\"1\">1<\/option><option value=\"2\">2<\/option><option value=\"3\">3<\/option><option value=\"4\">4<\/option><option value=\"5\">5<\/option><option value=\"6\">6<\/option><option value=\"7\">7<\/option><option value=\"8\">8<\/option><option value=\"9\">9<\/option><option value=\"10\">10<\/option><\/select><\/span>\n      <\/div>\n       <div class=\"form-group\">\n        <span class=\"wpcf7-form-control-wrap\" data-name=\"name-free\"><input size=\"40\" maxlength=\"400\" class=\"wpcf7-form-control wpcf7-text wpcf7-validates-as-required form-control form-control-sm\" aria-required=\"true\" aria-invalid=\"false\" placeholder=\"Nombre y apellido\" value=\"\" type=\"text\" name=\"name-free\" \/><\/span>\n      <\/div>\n      <div class=\"form-group\">\n          <span class=\"wpcf7-form-control-wrap\" data-name=\"email-free\"><input size=\"40\" maxlength=\"400\" class=\"wpcf7-form-control wpcf7-email wpcf7-validates-as-required wpcf7-text wpcf7-validates-as-email form-control form-control-sm\" aria-required=\"true\" aria-invalid=\"false\" placeholder=\"Correo\" value=\"\" type=\"email\" name=\"email-free\" \/><\/span>\n      <\/div>\n <div class=\"form-group\">\n          <span class=\"wpcf7-form-control-wrap\" data-name=\"Whatsapp\"><input size=\"40\" class=\"wpcf7-form-control wpcf7-phonetext wpcf7-validates-as-required wpcf7-text wpcf7-validates-as-phonetext form-control form-control-sm\" aria-required=\"true\" aria-invalid=\"false\" placeholder=\"Whatsapp\" value=\"\" type=\"text\" name=\"Whatsapp\" \/><input type=\"hidden\" name=\"Whatsapp-country-code\" class=\"wpcf7-phonetext-country-code\" \/><\/span>\n      <\/div>\n       <div class=\"form-group\">\n         <span class=\"wpcf7-form-control-wrap\" data-name=\"your-message\"><textarea cols=\"7\" rows=\"5\" maxlength=\"2000\" class=\"wpcf7-form-control wpcf7-textarea form-control form-control-sm\" aria-invalid=\"false\" placeholder=\"Escribe aqu\u00ed cualquier informaci\u00f3n adicional que consideres: Hotel, preferencia por un tour privado, tours adicionales, ni\u00f1os, adulto mayor, etc.\" name=\"your-message\"><\/textarea><\/span>\n      <\/div>\n        <div class=\"form-group text-center\">\n          <p class=\"text-center\"><input class=\"wpcf7-form-control wpcf7-submit has-spinner btn btn-lg px-5 btn-free\" type=\"submit\" value=\"Cotiza ya\" \/><\/p>\n          \n        <\/div>\n\n<\/div><div class=\"wpcf7-response-output\" aria-hidden=\"true\"><\/div>\n<\/form>\n<\/div>\n\n<\/div><\/div>\n<\/div>\n<\/div>\n\n\n<div class='bg-white border p-3 shadow my-3' id='reviews' ><\/p>\n\n\n\n<h2 class=\"wp-block-heading\" id=\"reviews-009bf618-1525-4de9-95e4-c35333e5f797\">Redes Sociales<\/h2>\n\n\n\n<p>\u2b50<a href=\"https:\/\/goo.gl\/maps\/FhNr5D6qmpcDwfTPA\" target=\"_blank\" rel=\"noreferrer noopener\">Google Maps:<\/a> 1200 comentarios <strong>|<\/strong> \u2b50<a href=\"https:\/\/www.tripadvisor.com.pe\/Attraction_Review-g294316-d19513018-Reviews-Free_Walking_Tours_Peru-Lima_Lima_Region.html\" target=\"_blank\" rel=\"noreferrer noopener\">TripAdvisor:<\/a> 500 testimonios <strong>|<\/strong> \u2b50<a href=\"https:\/\/www.facebook.com\/limafreewalkingtour\/\" target=\"_blank\" rel=\"noreferrer noopener\">Facebook<\/a>: 50 comentarios <strong>|<\/strong> \u2b50<a href=\"https:\/\/www.instagram.com\/limafreewalkingtours\/\" target=\"_blank\" rel=\"noreferrer noopener\">Instagram:<\/a> 6000 seguidores <strong>|<\/strong> \u2b50<a href=\"https:\/\/youtu.be\/HdYcNrUxnXA\" target=\"_blank\" rel=\"noreferrer noopener\">YouTube:<\/a> Ver videos reales <strong>|<\/strong> \u2b50<a href=\"https:\/\/freewalkingtoursperu.com\/es\/sobre-nosotros\/\" target=\"_blank\" rel=\"noreferrer noopener\">Viajeros:<\/a> + de 57 turistas<\/p>\n\n\n<p> <\/div>\n","protected":false},"excerpt":{"rendered":"<p>Visita&nbsp;el mayor recinto militar espa\u00f1ol denominada&nbsp;la fortaleza del Real Felipe en honor al rey borb\u00f3n Felipe V, fue construido en un \u00e1rea de 70,000&nbsp;m\u00b2 durante el siglo XVIII bajo los gobiernos de los virreyes Jos\u00e9 Antonio Manso de Velasco&nbsp;y&nbsp;Manuel de Amat contra los ataques de los corsarios y piratas. Al ingresar podr\u00e1s ver las&nbsp;nueve edificaciones [&hellip;]<\/p>\n","protected":false},"author":1,"featured_media":0,"parent":7353,"menu_order":0,"comment_status":"closed","ping_status":"closed","template":"page-tour-pay.php","meta":{"_acf_changed":false,"advgb_blocks_editor_width":"full","advgb_blocks_columns_visual_guide":"","footnotes":""},"class_list":["post-18707","page","type-page","status-publish","hentry"],"acf":[],"yoast_head":"<!-- This site is optimized with the Yoast SEO plugin v28.4 - https:\/\/yoast.com\/product\/yoast-seo-wordpress\/ -->\n<title>Tour por Fortaleza del Real Felipe + Callao Monumental + Museo<\/title>\n<meta name=\"description\" content=\"Reserva hoy el mejor tour a la Fortaleza del Real Felipe y Callao Monumental, revisa horarios, tickets, puerto, recorrido, museo del ej\u00e9rcito\" \/>\n<meta name=\"robots\" content=\"index, follow, max-snippet:-1, max-image-preview:large, max-video-preview:-1\" \/>\n<link rel=\"canonical\" href=\"https:\/\/freewalkingtoursperu.com\/es\/tours-lima\/tour-fortaleza-del-real-felipe-callao-monumental\/\" \/>\n<meta property=\"og:locale\" content=\"es_ES\" \/>\n<meta property=\"og:type\" content=\"article\" \/>\n<meta property=\"og:title\" content=\"Tour por Fortaleza del Real Felipe + Callao Monumental + Museo\" \/>\n<meta property=\"og:description\" content=\"Reserva hoy el mejor tour a la Fortaleza del Real Felipe y Callao Monumental, revisa horarios, tickets, puerto, recorrido, museo del ej\u00e9rcito\" \/>\n<meta property=\"og:url\" content=\"https:\/\/freewalkingtoursperu.com\/es\/tours-lima\/tour-fortaleza-del-real-felipe-callao-monumental\/\" \/>\n<meta property=\"og:site_name\" content=\"Free Walking Tours Peru\" \/>\n<meta property=\"article:modified_time\" content=\"2026-06-18T23:15:30+00:00\" \/>\n<meta name=\"twitter:card\" content=\"summary_large_image\" \/>\n<meta name=\"twitter:label1\" content=\"Tiempo de lectura\" \/>\n\t<meta name=\"twitter:data1\" content=\"7 minutos\" \/>\n<script type=\"application\/ld+json\" class=\"yoast-schema-graph\">{\"@context\":\"https:\\\/\\\/schema.org\",\"@graph\":[{\"@type\":\"WebPage\",\"@id\":\"https:\\\/\\\/freewalkingtoursperu.com\\\/es\\\/tours-lima\\\/tour-fortaleza-del-real-felipe-callao-monumental\\\/\",\"url\":\"https:\\\/\\\/freewalkingtoursperu.com\\\/es\\\/tours-lima\\\/tour-fortaleza-del-real-felipe-callao-monumental\\\/\",\"name\":\"Tour por Fortaleza del Real Felipe + Callao Monumental + Museo\",\"isPartOf\":{\"@id\":\"https:\\\/\\\/freewalkingtoursperu.com\\\/es\\\/#website\"},\"datePublished\":\"2022-09-27T03:59:46+00:00\",\"dateModified\":\"2026-06-18T23:15:30+00:00\",\"description\":\"Reserva hoy el mejor tour a la Fortaleza del Real Felipe y Callao Monumental, revisa horarios, tickets, puerto, recorrido, museo del ej\u00e9rcito\",\"breadcrumb\":{\"@id\":\"https:\\\/\\\/freewalkingtoursperu.com\\\/es\\\/tours-lima\\\/tour-fortaleza-del-real-felipe-callao-monumental\\\/#breadcrumb\"},\"inLanguage\":\"es\",\"potentialAction\":[{\"@type\":\"ReadAction\",\"target\":[\"https:\\\/\\\/freewalkingtoursperu.com\\\/es\\\/tours-lima\\\/tour-fortaleza-del-real-felipe-callao-monumental\\\/\"]}]},{\"@type\":\"BreadcrumbList\",\"@id\":\"https:\\\/\\\/freewalkingtoursperu.com\\\/es\\\/tours-lima\\\/tour-fortaleza-del-real-felipe-callao-monumental\\\/#breadcrumb\",\"itemListElement\":[{\"@type\":\"ListItem\",\"position\":1,\"name\":\"Home\",\"item\":\"https:\\\/\\\/freewalkingtoursperu.com\\\/es\\\/\"},{\"@type\":\"ListItem\",\"position\":2,\"name\":\"Tours en Lima\",\"item\":\"https:\\\/\\\/freewalkingtoursperu.com\\\/es\\\/tours-lima\\\/\"},{\"@type\":\"ListItem\",\"position\":3,\"name\":\"Fortaleza del Real Felipe + centro hist\u00f3rico del Callao\"}]},{\"@type\":\"WebSite\",\"@id\":\"https:\\\/\\\/freewalkingtoursperu.com\\\/es\\\/#website\",\"url\":\"https:\\\/\\\/freewalkingtoursperu.com\\\/es\\\/\",\"name\":\"Free Walking Tours Peru\",\"description\":\"\",\"publisher\":{\"@id\":\"https:\\\/\\\/freewalkingtoursperu.com\\\/es\\\/#organization\"},\"potentialAction\":[{\"@type\":\"SearchAction\",\"target\":{\"@type\":\"EntryPoint\",\"urlTemplate\":\"https:\\\/\\\/freewalkingtoursperu.com\\\/es\\\/?s={search_term_string}\"},\"query-input\":{\"@type\":\"PropertyValueSpecification\",\"valueRequired\":true,\"valueName\":\"search_term_string\"}}],\"inLanguage\":\"es\"},{\"@type\":\"Organization\",\"@id\":\"https:\\\/\\\/freewalkingtoursperu.com\\\/es\\\/#organization\",\"name\":\"Free Walking Tours Peru\",\"url\":\"https:\\\/\\\/freewalkingtoursperu.com\\\/es\\\/\",\"logo\":{\"@type\":\"ImageObject\",\"inLanguage\":\"es\",\"@id\":\"https:\\\/\\\/freewalkingtoursperu.com\\\/es\\\/#\\\/schema\\\/logo\\\/image\\\/\",\"url\":\"https:\\\/\\\/freewalkingtoursperu.com\\\/wp-content\\\/uploads\\\/2026\\\/02\\\/logo-freeorg.svg\",\"contentUrl\":\"https:\\\/\\\/freewalkingtoursperu.com\\\/wp-content\\\/uploads\\\/2026\\\/02\\\/logo-freeorg.svg\",\"caption\":\"Free Walking Tours Peru\"},\"image\":{\"@id\":\"https:\\\/\\\/freewalkingtoursperu.com\\\/es\\\/#\\\/schema\\\/logo\\\/image\\\/\"}}]}<\/script>\n<!-- \/ Yoast SEO plugin. -->","yoast_head_json":{"title":"Tour por Fortaleza del Real Felipe + Callao Monumental + Museo","description":"Reserva hoy el mejor tour a la Fortaleza del Real Felipe y Callao Monumental, revisa horarios, tickets, puerto, recorrido, museo del ej\u00e9rcito","robots":{"index":"index","follow":"follow","max-snippet":"max-snippet:-1","max-image-preview":"max-image-preview:large","max-video-preview":"max-video-preview:-1"},"canonical":"https:\/\/freewalkingtoursperu.com\/es\/tours-lima\/tour-fortaleza-del-real-felipe-callao-monumental\/","og_locale":"es_ES","og_type":"article","og_title":"Tour por Fortaleza del Real Felipe + Callao Monumental + Museo","og_description":"Reserva hoy el mejor tour a la Fortaleza del Real Felipe y Callao Monumental, revisa horarios, tickets, puerto, recorrido, museo del ej\u00e9rcito","og_url":"https:\/\/freewalkingtoursperu.com\/es\/tours-lima\/tour-fortaleza-del-real-felipe-callao-monumental\/","og_site_name":"Free Walking Tours Peru","article_modified_time":"2026-06-18T23:15:30+00:00","twitter_card":"summary_large_image","twitter_misc":{"Tiempo de lectura":"7 minutos"},"schema":{"@context":"https:\/\/schema.org","@graph":[{"@type":"WebPage","@id":"https:\/\/freewalkingtoursperu.com\/es\/tours-lima\/tour-fortaleza-del-real-felipe-callao-monumental\/","url":"https:\/\/freewalkingtoursperu.com\/es\/tours-lima\/tour-fortaleza-del-real-felipe-callao-monumental\/","name":"Tour por Fortaleza del Real Felipe + Callao Monumental + Museo","isPartOf":{"@id":"https:\/\/freewalkingtoursperu.com\/es\/#website"},"datePublished":"2022-09-27T03:59:46+00:00","dateModified":"2026-06-18T23:15:30+00:00","description":"Reserva hoy el mejor tour a la Fortaleza del Real Felipe y Callao Monumental, revisa horarios, tickets, puerto, recorrido, museo del ej\u00e9rcito","breadcrumb":{"@id":"https:\/\/freewalkingtoursperu.com\/es\/tours-lima\/tour-fortaleza-del-real-felipe-callao-monumental\/#breadcrumb"},"inLanguage":"es","potentialAction":[{"@type":"ReadAction","target":["https:\/\/freewalkingtoursperu.com\/es\/tours-lima\/tour-fortaleza-del-real-felipe-callao-monumental\/"]}]},{"@type":"BreadcrumbList","@id":"https:\/\/freewalkingtoursperu.com\/es\/tours-lima\/tour-fortaleza-del-real-felipe-callao-monumental\/#breadcrumb","itemListElement":[{"@type":"ListItem","position":1,"name":"Home","item":"https:\/\/freewalkingtoursperu.com\/es\/"},{"@type":"ListItem","position":2,"name":"Tours en Lima","item":"https:\/\/freewalkingtoursperu.com\/es\/tours-lima\/"},{"@type":"ListItem","position":3,"name":"Fortaleza del Real Felipe + centro hist\u00f3rico del Callao"}]},{"@type":"WebSite","@id":"https:\/\/freewalkingtoursperu.com\/es\/#website","url":"https:\/\/freewalkingtoursperu.com\/es\/","name":"Free Walking Tours Peru","description":"","publisher":{"@id":"https:\/\/freewalkingtoursperu.com\/es\/#organization"},"potentialAction":[{"@type":"SearchAction","target":{"@type":"EntryPoint","urlTemplate":"https:\/\/freewalkingtoursperu.com\/es\/?s={search_term_string}"},"query-input":{"@type":"PropertyValueSpecification","valueRequired":true,"valueName":"search_term_string"}}],"inLanguage":"es"},{"@type":"Organization","@id":"https:\/\/freewalkingtoursperu.com\/es\/#organization","name":"Free Walking Tours Peru","url":"https:\/\/freewalkingtoursperu.com\/es\/","logo":{"@type":"ImageObject","inLanguage":"es","@id":"https:\/\/freewalkingtoursperu.com\/es\/#\/schema\/logo\/image\/","url":"https:\/\/freewalkingtoursperu.com\/wp-content\/uploads\/2026\/02\/logo-freeorg.svg","contentUrl":"https:\/\/freewalkingtoursperu.com\/wp-content\/uploads\/2026\/02\/logo-freeorg.svg","caption":"Free Walking Tours Peru"},"image":{"@id":"https:\/\/freewalkingtoursperu.com\/es\/#\/schema\/logo\/image\/"}}]}},"coauthors":[],"author_meta":{"author_link":"https:\/\/freewalkingtoursperu.com\/es\/blog\/author\/adminfwt\/","display_name":"FWTP"},"relative_dates":{"created":"Publicado 4 a\u00f1os hace","modified":"Actualizado 3 meses hace"},"absolute_dates":{"created":"Publicado el 26 septiembre, 2022","modified":"Actualizado el 18 junio, 2026"},"absolute_dates_time":{"created":"Publicado el 26 septiembre, 2022 10:59 pm","modified":"Actualizado el 18 junio, 2026 6:15 pm"},"featured_img_caption":"","featured_img":false,"series_order":"","_links":{"self":[{"href":"https:\/\/freewalkingtoursperu.com\/es\/wp-json\/wp\/v2\/pages\/18707","targetHints":{"allow":["GET"]}}],"collection":[{"href":"https:\/\/freewalkingtoursperu.com\/es\/wp-json\/wp\/v2\/pages"}],"about":[{"href":"https:\/\/freewalkingtoursperu.com\/es\/wp-json\/wp\/v2\/types\/page"}],"author":[{"embeddable":true,"href":"https:\/\/freewalkingtoursperu.com\/es\/wp-json\/wp\/v2\/users\/1"}],"replies":[{"embeddable":true,"href":"https:\/\/freewalkingtoursperu.com\/es\/wp-json\/wp\/v2\/comments?post=18707"}],"version-history":[{"count":1,"href":"https:\/\/freewalkingtoursperu.com\/es\/wp-json\/wp\/v2\/pages\/18707\/revisions"}],"predecessor-version":[{"id":71591,"href":"https:\/\/freewalkingtoursperu.com\/es\/wp-json\/wp\/v2\/pages\/18707\/revisions\/71591"}],"up":[{"embeddable":true,"href":"https:\/\/freewalkingtoursperu.com\/es\/wp-json\/wp\/v2\/pages\/7353"}],"wp:attachment":[{"href":"https:\/\/freewalkingtoursperu.com\/es\/wp-json\/wp\/v2\/media?parent=18707"}],"curies":[{"name":"wp","href":"https:\/\/api.w.org\/{rel}","templated":true}]}}