{"id":24113,"date":"2020-12-05T18:46:00","date_gmt":"2020-12-05T23:46:00","guid":{"rendered":"https:\/\/freewalkingtoursperu.com\/?page_id=24113"},"modified":"2026-06-18T18:10:58","modified_gmt":"2026-06-18T23:10:58","slug":"city-tour-lima-colonial-y-moderna","status":"publish","type":"page","link":"https:\/\/freewalkingtoursperu.com\/es\/tours-lima\/city-tour-lima-colonial-y-moderna\/","title":{"rendered":"City tour cl\u00e1sico de Lima colonial y moderna"},"content":{"rendered":"\n<!--Markup for citys-->\n\n<div id=\"tour-block_83c934fab7e6067ef60b18f9058cb79e\" class=\"toursweb flex flex-col-reverse md:flex-col\">\n\n\n        <div class=\"container mb-2\">          \n                        <div class=\"mt-6\">\n                        <p id=\"breadcrumbs\" class=\"mb-0\"><span><span><a href=\"https:\/\/freewalkingtoursperu.com\/es\/\">Home<\/a><\/span><\/span><\/p>                        <\/div>\n            \n\n                    <h1 class=\"text-xl xl:text-3xl mb-2 font-bold text-gray-800\"> City tour cl\u00e1sico de Lima colonial y moderna<\/h1>\n                                        <div class=\"flex gap-3 mb-4\">\n                            <span>\n                                <i class='fas fa-star text-yellow-400'><\/i> \n                                <i class='fas fa-star text-yellow-400'><\/i> \n                                <i class='fas fa-star text-yellow-400'><\/i> \n                                <i class='fas fa-star text-yellow-400'><\/i> \n                                <i class='fas fa-star text-yellow-400'><\/i>  \n                            <\/span>\n                            <span> \n                                <i class=\"far fa-user text-gray-700\"><\/i> <a href=\"#reviews\"> <span class=\"text-sky-600 font-nunito\">210 viajeros<\/span> <\/a>\n                            <\/span>\n\n                            <span> \n                            <i class=\"far fa-clock text-gray-700\"><\/i>  <span class=\"text-gray-800 font-nunito\">4 h<\/span> \n                            <\/span>\n\n                            <span> \n                                <i class=\"far fa-comment text-gray-700\"><\/i> \n                                    <span class=\"mr-1 text-sm flag-icon flag-icon-gb\"><\/span><span class=\"mr-1 text-sm flag-icon flag-icon-es\"><\/span>                            <\/span>\n                        <\/div>\n                              \n        <\/div>\n\n    \n\n\n        <div class=\"relative mb-2 mt-2\">\n\n                    \n                        <div id=\"lightgallery\" class=\"flex flex-wrap img-large\"> \n                                                            <a class=\"w-2\/12 img-small xl:block hidden\" href=\"https:\/\/freewalkingtoursperu.com\/wp-content\/uploads\/2025\/10\/City_tour_clasico_de_Lima_colonial_y_moderna_3.webp\"  data-sub-html=\"\">\n                                <img decoding=\"async\" src=\"https:\/\/freewalkingtoursperu.com\/wp-content\/uploads\/2025\/10\/City_tour_clasico_de_Lima_colonial_y_moderna_3.webp\" class=\"cursor-pointer rounded w-full object-cover\"  alt=\"City tour cl\u00e1sico de Lima colonial y moderna\">\n                                <\/a>\n                                                            <a class=\"w-2\/12 img-small xl:block hidden\" href=\"https:\/\/freewalkingtoursperu.com\/wp-content\/uploads\/2024\/07\/City-tour-clasico-de-Lima-colonial-y-moderna-1-1.jpg\"  data-sub-html=\"\">\n                                <img decoding=\"async\" src=\"https:\/\/freewalkingtoursperu.com\/wp-content\/uploads\/2024\/07\/City-tour-clasico-de-Lima-colonial-y-moderna-1-1.jpg\" class=\"cursor-pointer rounded w-full object-cover\"  alt=\"City tour cl\u00e1sico de Lima colonial y moderna\">\n                                <\/a>\n                                                            <a class=\"w-2\/12 img-small xl:block hidden\" href=\"https:\/\/freewalkingtoursperu.com\/wp-content\/uploads\/2023\/01\/city-tour-lima-colonial-y-moderna-fwtp-2.jpg\"  data-sub-html=\"\">\n                                <img decoding=\"async\" src=\"https:\/\/freewalkingtoursperu.com\/wp-content\/uploads\/2023\/01\/city-tour-lima-colonial-y-moderna-fwtp-2.jpg\" class=\"cursor-pointer rounded w-full object-cover\"  alt=\"City tour cl\u00e1sico de Lima colonial y moderna\">\n                                <\/a>\n                                                            <a class=\"w-2\/12 img-small xl:block hidden\" href=\"https:\/\/freewalkingtoursperu.com\/wp-content\/uploads\/2023\/01\/city-tour-lima-colonial-y-moderna-fwtp-1.jpg\"  data-sub-html=\"\">\n                                <img decoding=\"async\" src=\"https:\/\/freewalkingtoursperu.com\/wp-content\/uploads\/2023\/01\/city-tour-lima-colonial-y-moderna-fwtp-1.jpg\" class=\"cursor-pointer rounded w-full object-cover\"  alt=\"City tour cl\u00e1sico de Lima colonial y moderna\">\n                                <\/a>\n                                                            <a class=\"w-2\/12 img-small xl:block hidden\" href=\"https:\/\/freewalkingtoursperu.com\/wp-content\/uploads\/2023\/01\/city-tour-lima-colonial-y-moderna-fwtp-3.jpg\"  data-sub-html=\"\">\n                                <img decoding=\"async\" src=\"https:\/\/freewalkingtoursperu.com\/wp-content\/uploads\/2023\/01\/city-tour-lima-colonial-y-moderna-fwtp-3.jpg\" class=\"cursor-pointer rounded w-full object-cover\"  alt=\"City tour cl\u00e1sico de Lima colonial y moderna\">\n                                <\/a>\n                                                            <a class=\"w-2\/12 img-small xl:block hidden\" href=\"https:\/\/freewalkingtoursperu.com\/wp-content\/uploads\/2024\/07\/city-tour-clasico-lima-colonial-moderna.jpg\"  data-sub-html=\"\">\n                                <img decoding=\"async\" src=\"https:\/\/freewalkingtoursperu.com\/wp-content\/uploads\/2024\/07\/city-tour-clasico-lima-colonial-moderna.jpg\" class=\"cursor-pointer rounded w-full object-cover\"  alt=\"City tour cl\u00e1sico de Lima colonial y moderna\">\n                                <\/a>\n                                                            <a class=\"w-2\/12 img-small xl:block hidden\" href=\"https:\/\/freewalkingtoursperu.com\/wp-content\/uploads\/2024\/07\/City-tour-clasico-de-Lima-colonial-y-moderna-3-1.jpg\"  data-sub-html=\"\">\n                                <img decoding=\"async\" src=\"https:\/\/freewalkingtoursperu.com\/wp-content\/uploads\/2024\/07\/City-tour-clasico-de-Lima-colonial-y-moderna-3-1.jpg\" class=\"cursor-pointer rounded w-full object-cover\"  alt=\"City tour cl\u00e1sico de Lima colonial y moderna\">\n                                <\/a>\n                             \n\n                        <\/div>\n\n                    \n                    \n                        \n        <\/div>\n\n\n<\/div>\n\n\n\n\n<!--Markup for citys-->\n\n<div id=\"tour-block_8416421c40326e9a805d3b67ca6de772\" class=\"tour\">\n\n           \n                <div class=\"flex flex-wrap pl-5 xl:pl-0 gap-8 justify-start xl:justify-center items-center pb-5 py-2 border-b-gray-300 border-b mb-5\">\n                            \n                                    \n                                    <div class=\"pr-0 xl:pr-5 item-details\">\n                                        <img decoding=\"async\" src=\"https:\/\/freewalkingtoursperu.com\/wp-content\/uploads\/2024\/02\/local-website.png\" class=\"w-10 float-left mr-2\" alt=\"bg home\">\n                                        <div class=\"inline-block\">\n                                            <span class=\"font-nunito text-gray-900 font-bold text-sm inline-block\"> P\u00e1gina local<\/span>\n                                            <span class=\"font-nunito text-xs block font-bold text-gray-500\"> SIN INTERMEDIARIOS<\/span>\n                                        <\/div>\n\n                                        <\/div>\n\n                            \n                                    \n                                    <div class=\"pr-0 xl:pr-5 item-details\">\n                                        <img decoding=\"async\" src=\"https:\/\/freewalkingtoursperu.com\/wp-content\/uploads\/2024\/02\/maximum-walkers-last.png\" class=\"w-10 float-left mr-2\" alt=\"bg home\">\n                                        <div class=\"inline-block\">\n                                            <span class=\"font-nunito text-gray-900 font-bold text-sm inline-block\"> Hasta 20 personas<\/span>\n                                            <span class=\"font-nunito text-xs block font-bold text-gray-500\"> TAMA\u00d1O<\/span>\n                                        <\/div>\n\n                                        <\/div>\n\n                            \n                                    \n                                    <div class=\"pr-0 xl:pr-5 item-details\">\n                                        <img decoding=\"async\" src=\"https:\/\/freewalkingtoursperu.com\/wp-content\/uploads\/2024\/03\/epic-tours-1-1.png\" class=\"w-10 float-left mr-2\" alt=\"bg home\">\n                                        <div class=\"inline-block\">\n                                            <span class=\"font-nunito text-gray-900 font-bold text-sm inline-block\"> \u00c9picas<\/span>\n                                            <span class=\"font-nunito text-xs block font-bold text-gray-500\"> EXPERIENCIAS<\/span>\n                                        <\/div>\n\n                                        <\/div>\n\n                            \n                                    \n                                    <div class=\"pr-0 xl:pr-5 item-details\">\n                                        <img decoding=\"async\" src=\"https:\/\/freewalkingtoursperu.com\/wp-content\/uploads\/2024\/03\/safe-tours-.png\" class=\"w-10 float-left mr-2\" alt=\"bg home\">\n                                        <div class=\"inline-block\">\n                                            <span class=\"font-nunito text-gray-900 font-bold text-sm inline-block\"> Seguras<\/span>\n                                            <span class=\"font-nunito text-xs block font-bold text-gray-500\"> EXCURSIONES<\/span>\n                                        <\/div>\n\n                                        <\/div>\n\n                                                    \n                        \n                        \n               \n            <\/div>\n            \n<\/div>\n\n\n\n\n<div class=\"wp-block-columns is-layout-flex wp-container-core-columns-is-layout-9d6595d7 wp-block-columns-is-layout-flex\">\n<div class=\"wp-block-column is-layout-flow wp-block-column-is-layout-flow\" style=\"flex-basis:75%\">\n<p>Reserva con nosotros tu&nbsp;<strong>city tour cl\u00e1sico de Lima colonial y moderno<\/strong>, en la ciudad de&nbsp;Lima colonial&nbsp;ver\u00e1s la&nbsp;Plaza San Martin, la Plaza Mayor&nbsp;y explorar\u00e1s las famosas&nbsp;<strong>catacumbas de San Francisco<\/strong>. Tambi\u00e9n visitar\u00e1s los siguientes atractivo:&nbsp;El Palacio de Gobierno, el Palacio Municipal, el Palacio Arzobispal, la Bas\u00edlica Catedral&nbsp;y otros.<\/p>\n\n\n<div class=\"text-left -mt-2 mb-4 mr-4\" id=\"leer_mas_6a9be8dd38730\"><div class=\"leer-mas-contenido pt-2\" style=\"display: none;\"><\/p>\n\n\n\n<p><strong>En Miraflores<\/strong>&nbsp;visitar\u00e1s el famoso&nbsp;<strong>parque del amor<\/strong>&nbsp;donde el bus har\u00e1 una parada para una explicaci\u00f3n del gu\u00eda y tambi\u00e9n te puedas tomar fotos, tambi\u00e9n visitaras los siguientes atractivos desde la parte exterior\u2014visita exterior:&nbsp;La pir\u00e1mide de Huaca Pucllana\u2014sitio arqueol\u00f3gico construido en el siglo IV d. C.,&nbsp;el olivar de San Isidro&nbsp;y el centro comercial de Larcomar.<\/p>\n\n\n<p><\/div><a href=\"#\" class=\"leer-mas-boton underline\">Leer m\u00e1s<\/a><\/div><script>\n        jQuery(document).ready(function($){\n            $(\"#leer_mas_6a9be8dd38730 .leer-mas-boton\").click(function(e){\n                e.preventDefault();\n                $(\"#leer_mas_6a9be8dd38730 .leer-mas-contenido\").fadeToggle(\"slow\");\n                if ($(this).text() === \"Leer m\u00e1s\") {\n                    $(this).text(\"Ocultar\");\n                } else {\n                    $(this).text(\"Leer m\u00e1s\");\n                }\n            });\n        });\n    <\/script>\n\n\n<div class=\"responsive-tabs\">\n<h2 class=\"tabtitle\"><span class=\"fa fa-th-list\"><\/span>RUTA<\/h2>\n<div class=\"tabcontent\">\n\n\n\n\n<div class=\"wp-block-advgb-accordions advgb-accordions-b789a527-abf4-49fb-b0a8-6c82b2902525 advgb-accordion-wrapper\" data-collapsed=\"true\">\n<div class=\"wp-block-advgb-accordion-item advgb-accordion-item\" style=\"margin-bottom:15px\"><div class=\"advgb-accordion-header\" style=\"background-color:#daec9c;color:#000000;border-style:solid;border-width:1px;border-radius:2px\"><span class=\"advgb-accordion-header-icon accordion-state\"><svg class=\"advgb-icon-closed\" fill=\"#ffffff\" xmlns=\"http:\/\/www.w3.org\/2000\/svg\" width=\"24\" height=\"24\" viewBox=\"0 0 24 24\"><path fill=\"none\" d=\"M0,0h24v24H0V0z\"><\/path><path d=\"M19,13h-6v6h-2v-6H5v-2h6V5h2v6h6V13z\"><\/path><\/svg><svg class=\"advgb-icon-opened\" fill=\"#ffffff\" xmlns=\"http:\/\/www.w3.org\/2000\/svg\" width=\"24\" height=\"24\" viewBox=\"0 0 24 24\"><path fill=\"none\" d=\"M0,0h24v24H0V0z\"><\/path><path d=\"M19,13H5v-2h14V13z\"><\/path><\/svg><\/span><h4 class=\"advgb-accordion-header-title\" style=\"color:inherit\">Punto de encuentro<\/h4><\/div><div class=\"advgb-accordion-body\" style=\"border-style:solid !important;border-width:1px !important;border-color:undefined !important;border-top:none !important;border-radius:2px !important\">\n<p>Nos encontramos en tu hotel en Miraflores previa coordinaci\u00f3n con el \u00e1rea de reservas.<\/p>\n<\/div><\/div>\n\n\n\n<div class=\"wp-block-advgb-accordion-item advgb-accordion-item\" style=\"margin-bottom:15px\"><div class=\"advgb-accordion-header\" style=\"background-color:#daec9c;color:#000000;border-style:solid;border-width:1px;border-radius:2px\"><span class=\"advgb-accordion-header-icon accordion-state\"><svg class=\"advgb-icon-closed\" fill=\"#ffffff\" xmlns=\"http:\/\/www.w3.org\/2000\/svg\" width=\"24\" height=\"24\" viewBox=\"0 0 24 24\"><path fill=\"none\" d=\"M0,0h24v24H0V0z\"><\/path><path d=\"M19,13h-6v6h-2v-6H5v-2h6V5h2v6h6V13z\"><\/path><\/svg><svg class=\"advgb-icon-opened\" fill=\"#ffffff\" xmlns=\"http:\/\/www.w3.org\/2000\/svg\" width=\"24\" height=\"24\" viewBox=\"0 0 24 24\"><path fill=\"none\" d=\"M0,0h24v24H0V0z\"><\/path><path d=\"M19,13H5v-2h14V13z\"><\/path><\/svg><\/span><h4 class=\"advgb-accordion-header-title\" style=\"color:inherit\">El malec\u00f3n de Miraflores<\/h4><\/div><div class=\"advgb-accordion-body\" style=\"border-style:solid !important;border-width:1px !important;border-color:undefined !important;border-top:none !important;border-radius:2px !important\">\n<p>El origen de este moderno malec\u00f3n parte desde <strong>principios del siglo XX<\/strong>, una de las razones por las cuales se construy\u00f3 es gracias a que resguarda la costa de las olas y embates del mar. Zonas como el <strong>malec\u00f3n de la Marina<\/strong>, el <strong>malec\u00f3n Cisneros<\/strong>, el <strong>malec\u00f3n de la Reserva<\/strong> y el <strong>malec\u00f3n de 28 de Julio<\/strong> expresan que la construcci\u00f3n de este sitio, no fue inmediata, sino que se di\u00f3 a trav\u00e9s de etapas. <\/p>\n\n\n\n<p>En cuanto a su historia, este sitio, que antiguamente no se ve\u00eda tan vistoso como lo es actualmente, fue escenario de la \u00ab<strong>Batalla de Miraflores<\/strong>\u00bb durante la <strong>Guerra del Pac\u00edfico en el a\u00f1o 1881<\/strong> y muy cerca se tienen lugares que le otorgan un plus hist\u00f3rico, tal como la <strong>Huaca Pucllana<\/strong>. <\/p>\n\n\n\n<p>Es sorprendente c\u00f3mo el tiempo construye y destruye, en el caso del malec\u00f3n de Miraflores, este antes era considerado un sitio descuidado y tildado como un <strong>basurero<\/strong>. Pero fue gracias a los vecinos y la municipalidad de Miraflores que, en el siglo XX fue transformado, dando como resultado <strong>un hermoso paseo peatonal<\/strong> que ofrece <strong>vistas espectaculares del mar<\/strong>. <\/p>\n<\/div><\/div>\n\n\n\n<div class=\"wp-block-advgb-accordion-item advgb-accordion-item\" style=\"margin-bottom:15px\"><div class=\"advgb-accordion-header\" style=\"background-color:#daec9c;color:#000000;border-style:solid;border-width:1px;border-radius:2px\"><span class=\"advgb-accordion-header-icon accordion-state\"><svg class=\"advgb-icon-closed\" fill=\"#ffffff\" xmlns=\"http:\/\/www.w3.org\/2000\/svg\" width=\"24\" height=\"24\" viewBox=\"0 0 24 24\"><path fill=\"none\" d=\"M0,0h24v24H0V0z\"><\/path><path d=\"M19,13h-6v6h-2v-6H5v-2h6V5h2v6h6V13z\"><\/path><\/svg><svg class=\"advgb-icon-opened\" fill=\"#ffffff\" xmlns=\"http:\/\/www.w3.org\/2000\/svg\" width=\"24\" height=\"24\" viewBox=\"0 0 24 24\"><path fill=\"none\" d=\"M0,0h24v24H0V0z\"><\/path><path d=\"M19,13H5v-2h14V13z\"><\/path><\/svg><\/span><h4 class=\"advgb-accordion-header-title\" style=\"color:inherit\">Centro comercial de Larcomar y\u00a0malec\u00f3n de Miraflores\u00a0\u2014 visita exterior<\/h4><\/div><div class=\"advgb-accordion-body\" style=\"border-style:solid !important;border-width:1px !important;border-color:undefined !important;border-top:none !important;border-radius:2px !important\">\n<p>Durante el recorrido, podr\u00e1s apreciar un inusual lugar en el flanco oriental: un centro comercial que se suspende sobre los <strong>acantilados de la Costa Verde<\/strong>, exhibiendo alrededor de 100 tiendas distribuidas entre joyer\u00edas, librer\u00edas, restaurantes, tiendas de moda y centros de entretenimiento. Y es que Larcomar se ha convertido, desde su inauguraci\u00f3n en 1998, en <strong>uno de los centros comerciales m\u00e1s concurridos tanto por locales como por visitantes<\/strong>. Las hermosas vistas que ofrece, sumadas a la pr\u00e1ctica del \u201c<em>lifestyle<\/em>\u2019\u2019 y el \u201c<em>petfriendly<\/em>\u201d, hacen que los invitados que llegan a Larcomar \u2014incluidos los peluditos de la casa\u2014 se sientan mucho m\u00e1s c\u00f3modos.<\/p>\n\n\n\n<p>Tal como se mencion\u00f3, el sitio fue construido el <strong>27 de noviembre de 1998<\/strong>, y quien se encarg\u00f3 de sofisticar el dise\u00f1o arquitect\u00f3nico sobre los acantilados de la Costa Verde fue <strong>Eduardo Figari Gold<\/strong>. Sin embargo, la construcci\u00f3n que hoy en d\u00eda es aclamada y frecuentada, anteriormente fue motivo de controversia debido al lugar donde se edific\u00f3. Las bases de Larcomar se levantaron sobre el Malec\u00f3n de la Reserva, ocupando el antiguo sitio del <strong>parque Alfredo Salazar<\/strong>, al punto de generar oposiciones por parte de ambientalistas e incluso del propio <strong>Mario Vargas Llosa<\/strong>, quien afirm\u00f3: \u201creemplazar\u00e1n un espacio verde con hermosas vistas por cemento y yeso sin forma\u201d. Entonces, \u00bfse perdi\u00f3 la esencia? Realmente no. Gracias a estas objeciones, Larcomar fue construido respetando la <strong>atm\u00f3sfera que transmit\u00eda el antiguo parque Salazar<\/strong>.<\/p>\n\n\n\n<p>Ten en cuenta que el bus <strong>no se detendr\u00e1 en los atractivos<\/strong> mencionados; sin embargo, el gu\u00eda brindar\u00e1 una explicaci\u00f3n durante el recorrido.<\/p>\n<\/div><\/div>\n\n\n\n<div class=\"wp-block-advgb-accordion-item advgb-accordion-item\" style=\"margin-bottom:15px\"><div class=\"advgb-accordion-header\" style=\"background-color:#daec9c;color:#000000;border-style:solid;border-width:1px;border-radius:2px\"><span class=\"advgb-accordion-header-icon accordion-state\"><svg class=\"advgb-icon-closed\" fill=\"#ffffff\" xmlns=\"http:\/\/www.w3.org\/2000\/svg\" width=\"24\" height=\"24\" viewBox=\"0 0 24 24\"><path fill=\"none\" d=\"M0,0h24v24H0V0z\"><\/path><path d=\"M19,13h-6v6h-2v-6H5v-2h6V5h2v6h6V13z\"><\/path><\/svg><svg class=\"advgb-icon-opened\" fill=\"#ffffff\" xmlns=\"http:\/\/www.w3.org\/2000\/svg\" width=\"24\" height=\"24\" viewBox=\"0 0 24 24\"><path fill=\"none\" d=\"M0,0h24v24H0V0z\"><\/path><path d=\"M19,13H5v-2h14V13z\"><\/path><\/svg><\/span><h4 class=\"advgb-accordion-header-title\" style=\"color:inherit\">El Parque del Amor<\/h4><\/div><div class=\"advgb-accordion-body\" style=\"border-style:solid !important;border-width:1px !important;border-color:undefined !important;border-top:none !important;border-radius:2px !important\">\n<p>En el <strong>malec\u00f3n Cisneros<\/strong> frente al mar, yace una figura de dos amantes que juntos forman un s\u00edmbolo que inmortaliza su nombre: <strong>El Beso<\/strong>, nombre por el cual se le conoce actualmente a esta estatua. El parque del amor es un <strong>ic\u00f3nico lugar al cual acuden los amantes<\/strong> para apreciar las hermosas vistas del mar, pero la historia de trasfondo que resguarda el lugar parte desde un antiguo lugar abandonado y usado como dep\u00f3sito de basura. Seg\u00fan cuenta <strong>V\u00edctor delf\u00edn<\/strong> \u2014el autor de la construcci\u00f3n del <strong>parque del amor y la escultura \u00abEl Beso\u00bb<\/strong>\u2014 se encontraba caminando por Miraflores junto a <strong>Alberto Andrade<\/strong> \u2014<em>el entonces alcalde de Miraflores<\/em>\u2014 y mientras compart\u00edan an\u00e9cdotas, apreciaron que en el abandonado parque yac\u00eda una pareja que disfrutando de las hermosas vistas, quienes inundaron sus sentimientos en un apasionado beso. <strong>Esta fue la inspiraci\u00f3n que necesitaba V\u00edctor Delf\u00edn<\/strong> para construir el actual parque del Amor, siendo inaugurado el <strong>14 de febrero de 1993<\/strong>, fecha en la cual las flechas de cupido tocan el coraz\u00f3n de m\u00e1s de uno. <\/p>\n\n\n\n<p>Adem\u00e1s de las hermosas vistas que ofrece este mirador, los <strong>grabados art\u00edsticos son fragmentos de poemas<\/strong> escritos por personajes ic\u00f3nicos como <strong>Pablo Guevara<\/strong>, <strong>Mart\u00edn Ad\u00e1n<\/strong>, <strong>C\u00e9sar Moro<\/strong> y <strong>Emilio Adolfo Westphalen<\/strong>. por otra parte, el dise\u00f1o del parque est\u00e1 inspirado en parque G\u00fcell de Barcelona, un ic\u00f3nico lugar que fue la obra maestra del arquitecto <strong>Antoni Gaud\u00ed<\/strong>. <\/p>\n<\/div><\/div>\n\n\n\n<div class=\"wp-block-advgb-accordion-item advgb-accordion-item\" style=\"margin-bottom:15px\"><div class=\"advgb-accordion-header\" style=\"background-color:#daec9c;color:#000000;border-style:solid;border-width:1px;border-radius:2px\"><span class=\"advgb-accordion-header-icon accordion-state\"><svg class=\"advgb-icon-closed\" fill=\"#ffffff\" xmlns=\"http:\/\/www.w3.org\/2000\/svg\" width=\"24\" height=\"24\" viewBox=\"0 0 24 24\"><path fill=\"none\" d=\"M0,0h24v24H0V0z\"><\/path><path d=\"M19,13h-6v6h-2v-6H5v-2h6V5h2v6h6V13z\"><\/path><\/svg><svg class=\"advgb-icon-opened\" fill=\"#ffffff\" xmlns=\"http:\/\/www.w3.org\/2000\/svg\" width=\"24\" height=\"24\" viewBox=\"0 0 24 24\"><path fill=\"none\" d=\"M0,0h24v24H0V0z\"><\/path><path d=\"M19,13H5v-2h14V13z\"><\/path><\/svg><\/span><h4 class=\"advgb-accordion-header-title\" style=\"color:inherit\">Atractivos en el centro hist\u00f3rico \u2014 visita exterior<\/h4><\/div><div class=\"advgb-accordion-body\" style=\"border-style:solid !important;border-width:1px !important;border-color:undefined !important;border-top:none !important;border-radius:2px !important\">\n<p>Podr\u00e1s ver los siguientes lugares de inter\u00e9s desde el bus\u2014el bus no parar\u00e1:<\/p>\n\n\n\n<ul class=\"wp-block-list\">\n<li><strong>Plaza San Martin (1921)<\/strong>: el lugar que conmemora el centenario de la independencia del Per\u00fa rindiendo homenaje al <strong>libertador Jos\u00e9 de San Mart\u00edn<\/strong>.<\/li>\n\n\n\n<li><strong>Plaza Mayor (1535)<\/strong>: escenario de eventos hist\u00f3ricos, pol\u00edticos y sociales que marcaron al Per\u00fa. Desde su fundaci\u00f3n, este sitio funcion\u00f3 como <strong>n\u00facleo para los edificios gubernamentales y religiosos m\u00e1s importantes<\/strong>. <\/li>\n\n\n\n<li><strong>Palacio de Gobierno (1535)<\/strong>: construido bajo el mandato de Francisco Pizarro tras la conquista espa\u00f1ola. El actual estilo neobarroco que se aprecia, ha sido reconstruido innumerables veces debido a terremotos e incendios . <\/li>\n\n\n\n<li><strong>Palacio Municipal<\/strong>: fundado en el a\u00f1o <strong>1548<\/strong> como el primer cabildo en el solar. M\u00e1s adelante, en el a\u00f1o <strong>1944<\/strong> fue redise\u00f1ado bajo un estilo neocolonial a manos de <strong>Emilio Harth Terr\u00e9 y Jos\u00e9 \u00c1lvarez Calder\u00f3n<\/strong>.<\/li>\n\n\n\n<li><strong>Palacio Arzobispal<\/strong>: los inicios de su construcci\u00f3n se dieron en <strong>1733<\/strong>, siendo inaugurado oficialmente en el a\u00f1o <strong>1924<\/strong>. Es conocido por ser <strong>la actual residencia del Arzobispo de Lima<\/strong> y dentro yace una colecci\u00f3n de arte religioso as\u00ed como objetos hist\u00f3ricos. <\/li>\n\n\n\n<li><strong>Bas\u00edlica Catedral<\/strong>: fundada en el a\u00f1o <strong>1535<\/strong> por Francisco Pizarro bajo el nombre de Iglesia Mayor y elevada en <strong>1541<\/strong>, este sitio alberga sobre sus bases, los antiguos vestigios de un lugar sagrado para los Incas: <strong>el palacio Sinchi Puma<\/strong>. <\/li>\n\n\n\n<li><strong>Casa del Oidor<\/strong>: construida en el<strong> siglo XVI<\/strong>, este era un punto de <strong>administraci\u00f3n judicial durante el Virreinato<\/strong>, y se considera como el <strong>edificio m\u00e1s longevo de la Plaza<\/strong>. Adem\u00e1s de ello, el nombre se debe a que este sitio fue hogar de <strong>Gaspar Melchor de Carbajal, fiel oyente de la poblaci\u00f3n.<\/strong> <\/li>\n<\/ul>\n<\/div><\/div>\n\n\n\n<div class=\"wp-block-advgb-accordion-item advgb-accordion-item\" style=\"margin-bottom:15px\"><div class=\"advgb-accordion-header\" style=\"background-color:#daec9c;color:#000000;border-style:solid;border-width:1px;border-radius:2px\"><span class=\"advgb-accordion-header-icon accordion-state\"><svg class=\"advgb-icon-closed\" fill=\"#ffffff\" xmlns=\"http:\/\/www.w3.org\/2000\/svg\" width=\"24\" height=\"24\" viewBox=\"0 0 24 24\"><path fill=\"none\" d=\"M0,0h24v24H0V0z\"><\/path><path d=\"M19,13h-6v6h-2v-6H5v-2h6V5h2v6h6V13z\"><\/path><\/svg><svg class=\"advgb-icon-opened\" fill=\"#ffffff\" xmlns=\"http:\/\/www.w3.org\/2000\/svg\" width=\"24\" height=\"24\" viewBox=\"0 0 24 24\"><path fill=\"none\" d=\"M0,0h24v24H0V0z\"><\/path><path d=\"M19,13H5v-2h14V13z\"><\/path><\/svg><\/span><h4 class=\"advgb-accordion-header-title\" style=\"color:inherit\">Catacumbas de la iglesia de San Francisco \u2014 visita interior<\/h4><\/div><div class=\"advgb-accordion-body\" style=\"border-style:solid !important;border-width:1px !important;border-color:undefined !important;border-top:none !important;border-radius:2px !important\">\n<p>La historia de estos sinuosos pasajes, se di\u00f3 a la par de la construcci\u00f3n de la <strong>iglesia de San Francisco<\/strong> en el a\u00f1o <strong>1546<\/strong>. El prop\u00f3sito de estos corredores, en realidad era muy diferente a lo que se conoce hoy puesto que, en base a una mezclilla de <strong>calicanto y ladrillo<\/strong>, fueron <strong>construidos como una soluci\u00f3n antis\u00edsmica<\/strong>, debido a los numerosos terremotos que se dieron, siendo el casco hist\u00f3rico de Lima y sus zonas aleda\u00f1as el epicentro. <\/p>\n\n\n\n<p>M\u00e1s adelante, ya en el a\u00f1o <strong>1672<\/strong>, estos corredores subterr\u00e1neos fueron destinados a ser un <strong>cementerio para los miembros de la Cofrad\u00eda y la Hermandad<\/strong>, albergando as\u00ed m\u00e1s de <strong>25 mil cuerpos<\/strong> enterrados, convirtiendo as\u00ed este sitio en lo que al d\u00eda de hoy se conoce como Catacumbas de San Francisco. No es una sorpresa que muchos hayan querido ser enterrados en el sitio, ya que ser enterrados en dicho lugar significaba <strong>una mayor cercan\u00eda al reino de los cielos<\/strong>. <\/p>\n\n\n\n<p>Pese a lo mencionado, en el a\u00f1o <strong>1810<\/strong>, las sepulturas cesaron debido a la acumulaci\u00f3n de difuntos. Durante tu recorrido, podr\u00e1s conocer<strong> historias tanto religiosas como laica<\/strong>s, que enriquecer\u00e1n a\u00fan m\u00e1s tu experiencia en las famosas catacumbas. <\/p>\n<\/div><\/div>\n\n\n\n<div class=\"wp-block-advgb-accordion-item advgb-accordion-item\" style=\"margin-bottom:15px\"><div class=\"advgb-accordion-header\" style=\"background-color:#daec9c;color:#000000;border-style:solid;border-width:1px;border-radius:2px\"><span class=\"advgb-accordion-header-icon accordion-state\"><svg class=\"advgb-icon-closed\" fill=\"#ffffff\" xmlns=\"http:\/\/www.w3.org\/2000\/svg\" width=\"24\" height=\"24\" viewBox=\"0 0 24 24\"><path fill=\"none\" d=\"M0,0h24v24H0V0z\"><\/path><path d=\"M19,13h-6v6h-2v-6H5v-2h6V5h2v6h6V13z\"><\/path><\/svg><svg class=\"advgb-icon-opened\" fill=\"#ffffff\" xmlns=\"http:\/\/www.w3.org\/2000\/svg\" width=\"24\" height=\"24\" viewBox=\"0 0 24 24\"><path fill=\"none\" d=\"M0,0h24v24H0V0z\"><\/path><path d=\"M19,13H5v-2h14V13z\"><\/path><\/svg><\/span><h4 class=\"advgb-accordion-header-title\" style=\"color:inherit\">Parque el Olivar \u2014 visita exterior<\/h4><\/div><div class=\"advgb-accordion-body\" style=\"border-style:solid !important;border-width:1px !important;border-color:undefined !important;border-top:none !important;border-radius:2px !important\">\n<p>Los or\u00edgenes de este ic\u00f3nico parque <strong>se remontan al siglo XVI<\/strong>, cuando el sitio le pertenec\u00eda al <strong>Se\u00f1or\u00edo Gu\u00e1tica<\/strong>. Algunas fuentes aluden que fue gracias al alcalde <strong>Antonio de Rivera<\/strong>  que existe una masa boscosa inmensa en el parque, pero esa no es la verdadera historia. En realidad fue un fraile el responsable de ello, a quien se le rinde culto con <strong>una estatua que inmortaliza su haza\u00f1a<\/strong>. En el a\u00f1o <strong>1620<\/strong>, el <strong>Fray Mart\u00edn<\/strong>, fue el encargado de <strong>sembrar plantas de Olivo en el sitio<\/strong>, con el prop\u00f3sito de obtener ingresos que mejorar\u00edan el se\u00f1or\u00edo de Gu\u00e1tica. Sin embargo, no se percatar\u00eda que este peque\u00f1o acto, inmortalizar\u00eda el parque con muestras que tienen siglos de historia. <\/p>\n\n\n\n<p>A inicios del <strong>siglo XIX<\/strong>, ya se ten\u00eda alrededor de <strong>3000<\/strong> muestras arb\u00f3reas, valor que fue aumentando hasta la actualidad, llegando a tener algunas muestras de olivo con <strong>m\u00e1s de 300 a\u00f1os de historia<\/strong>. Es gracias a la atm\u00f3sfera y las condiciones del medio que este sitio fue declarado como \u00ab<em>\u00c1rea de Conservaci\u00f3n Ambiental<\/em>\u00ab, siendo h\u00e1bitat de <strong>25 especies entre aves, reptiles, mam\u00edferos y peces.<\/strong> As\u00ed que, en el sitio podr\u00e1s hallar, adem\u00e1s de \u00e1rboles sumamente longevos, alrededor de <strong>22 especies de aves nativas<\/strong> como el turtupil\u00edn, el bot\u00f3n de oro, violinista, gavil\u00e1n acanelado y dem\u00e1s. <\/p>\n<\/div><\/div>\n\n\n\n<div class=\"wp-block-advgb-accordion-item advgb-accordion-item\" style=\"margin-bottom:15px\"><div class=\"advgb-accordion-header\" style=\"background-color:#daec9c;color:#000000;border-style:solid;border-width:1px;border-radius:2px\"><span class=\"advgb-accordion-header-icon accordion-state\"><svg class=\"advgb-icon-closed\" fill=\"#ffffff\" xmlns=\"http:\/\/www.w3.org\/2000\/svg\" width=\"24\" height=\"24\" viewBox=\"0 0 24 24\"><path fill=\"none\" d=\"M0,0h24v24H0V0z\"><\/path><path d=\"M19,13h-6v6h-2v-6H5v-2h6V5h2v6h6V13z\"><\/path><\/svg><svg class=\"advgb-icon-opened\" fill=\"#ffffff\" xmlns=\"http:\/\/www.w3.org\/2000\/svg\" width=\"24\" height=\"24\" viewBox=\"0 0 24 24\"><path fill=\"none\" d=\"M0,0h24v24H0V0z\"><\/path><path d=\"M19,13H5v-2h14V13z\"><\/path><\/svg><\/span><h4 class=\"advgb-accordion-header-title\" style=\"color:inherit\">Lugar de finalizaci\u00f3n <\/h4><\/div><div class=\"advgb-accordion-body\" style=\"border-style:solid !important;border-width:1px !important;border-color:undefined !important;border-top:none !important;border-radius:2px !important\">\n<p>Este tour termina en tu hotel en Miraflores.<\/p>\n<\/div><\/div>\n<\/div>\n\n\n\n<\/div><h2 class=\"tabtitle\"><span class=\"fa fa-credit-card\"><\/span>PRECIO<\/h2>\n<div class=\"tabcontent\">\n\n\n\n\n<p>Los precios mostrados en la tabla son:<\/p>\n\n\n\n<ul class=\"wp-block-list\">\n<li>Por persona&nbsp;en d\u00f3lares americanos ($).<\/li>\n\n\n\n<li>Pers. = personas.<\/li>\n\n\n\n<li>Grupal = servicio compartido con otros turistas.<\/li>\n<\/ul>\n\n\n\n<figure class=\"wp-block-table\"><table><thead><tr><th class=\"has-text-align-center\" data-align=\"center\" rowspan=\"2\"><strong>Pers.<\/strong><\/th><th class=\"has-text-align-center\" data-align=\"center\" colspan=\"2\"><strong>Tipo de tour<\/strong><\/th><\/tr><tr><th class=\"has-text-align-center\" data-align=\"center\"><strong>Grupal<\/strong><\/th><th class=\"has-text-align-center\" data-align=\"center\"><strong>Privado<\/strong><\/th><\/tr><\/thead><tbody><tr><td class=\"has-text-align-center\" data-align=\"center\">1<\/td><td class=\"has-text-align-center\" data-align=\"center\">$37<\/td><td class=\"has-text-align-center\" data-align=\"center\">$160<\/td><\/tr><tr><td class=\"has-text-align-center\" data-align=\"center\">2<\/td><td class=\"has-text-align-center\" data-align=\"center\">$37<\/td><td class=\"has-text-align-center\" data-align=\"center\">$80<\/td><\/tr><tr><td class=\"has-text-align-center\" data-align=\"center\">3<\/td><td class=\"has-text-align-center\" data-align=\"center\">$37<\/td><td class=\"has-text-align-center\" data-align=\"center\">$60<\/td><\/tr><tr><td class=\"has-text-align-center\" data-align=\"center\">4<\/td><td class=\"has-text-align-center\" data-align=\"center\">$37<\/td><td class=\"has-text-align-center\" data-align=\"center\">$45<\/td><\/tr><tr><td class=\"has-text-align-center\" data-align=\"center\">5<\/td><td class=\"has-text-align-center\" data-align=\"center\">$37<\/td><td class=\"has-text-align-center\" data-align=\"center\">$40<\/td><\/tr><\/tbody><\/table><figcaption class=\"wp-element-caption\">Si tu grupo es mayor de 5 personas, \u00a1av\u00edsanos!<\/figcaption><\/figure>\n\n\n\n<\/div><h2 class=\"tabtitle\"><span class=\"fa fa-pencil-square-o\"><\/span>DETALLES<\/h2>\n<div class=\"tabcontent\">\n\n\n\n\n<figure class=\"wp-block-table\"><table><thead><tr><th rowspan=\"2\"><strong>Detalles<\/strong><\/th><th colspan=\"2\"><strong>Tipo de tour<\/strong><\/th><\/tr><tr><th><strong>Grupal<\/strong><\/th><th><strong>Privado<\/strong><\/th><\/tr><\/thead><tbody><tr><td>Horario<\/td><td>\u2013 09:00 a 13:00<br>\u2013 14:30 a 18:30<\/td><td>T\u00fa decides<\/td><\/tr><tr><td>D\u00edas<\/td><td>Todos los d\u00edas<\/td><td>Todos los d\u00edas<\/td><\/tr><tr><td>Idioma<\/td><td>es\/en simult\u00e1neamente<\/td><td>en \u00f3 es<\/td><\/tr><tr><td>Tama\u00f1o<\/td><td>10 a 20 pax.<\/td><td>T\u00fa y tus amigos<\/td><\/tr><\/tbody><\/table><\/figure>\n\n\n\n<div style=\"height:18px\" aria-hidden=\"true\" class=\"wp-block-spacer\"><\/div>\n\n\n\n<figure class=\"wp-block-table\"><table><thead><tr><th rowspan=\"2\"><strong>Incluido<\/strong><\/th><th class=\"has-text-align-center\" data-align=\"center\" colspan=\"2\"><strong>Tipo de tour<\/strong><\/th><\/tr><tr><th><strong>Grupal<\/strong><\/th><th class=\"has-text-align-center\" data-align=\"center\"><strong>Privado<\/strong><\/th><\/tr><\/thead><tbody><tr><td>Recogida desde tu hotel en Miraflores<\/td><td class=\"has-text-align-center\" data-align=\"center\">\u2705<\/td><td class=\"has-text-align-center\" data-align=\"center\">\u2705<\/td><\/tr><tr><td>Gu\u00eda<\/td><td class=\"has-text-align-center\" data-align=\"center\">\u2705<\/td><td class=\"has-text-align-center\" data-align=\"center\">\u2705<\/td><\/tr><tr><td>Chofer<\/td><td class=\"has-text-align-center\" data-align=\"center\">\u2705<\/td><td class=\"has-text-align-center\" data-align=\"center\">\u2705<\/td><\/tr><tr><td>Veh\u00edculo tur\u00edstico<\/td><td class=\"has-text-align-center\" data-align=\"center\">\u2705<\/td><td class=\"has-text-align-center\" data-align=\"center\">\u2705<\/td><\/tr><tr><td>Servicio personalizado<\/td><td class=\"has-text-align-center\" data-align=\"center\">\u274c<\/td><td class=\"has-text-align-center\" data-align=\"center\">\u2705<\/td><\/tr><tr><td>Tickets para las catacumbas: 20 soles pp<\/td><td class=\"has-text-align-center\" data-align=\"center\">\u2705<\/td><td class=\"has-text-align-center\" data-align=\"center\">\u274c<\/td><\/tr><tr><td>Peajes<\/td><td class=\"has-text-align-center\" data-align=\"center\">\u2705<\/td><td class=\"has-text-align-center\" data-align=\"center\">\u2705<\/td><\/tr><tr><td>Drop off en tu hotel en Miraflores<\/td><td class=\"has-text-align-center\" data-align=\"center\">\u2705<\/td><td class=\"has-text-align-center\" data-align=\"center\">\u2705<\/td><\/tr><\/tbody><\/table><\/figure>\n\n\n\n<p><i class=\"fab fa-accessible-icon\"><\/i> <strong>Accesibilidad:<\/strong> No es apto para personas de movilidad reducida.<\/p>\n\n\n\n<p><i class=\"far fa-hand-paper\"><\/i> <strong>\u00bfQu\u00e9 llevo?<\/strong><\/p>\n\n\n\n<ul class=\"wp-block-list\">\n<li>Abril-nov:\n<ul class=\"wp-block-list\">\n<li>Jerseys<\/li>\n<\/ul>\n<\/li>\n\n\n\n<li>Dic-marzo:\n<ul class=\"wp-block-list\">\n<li>Protector solar<\/li>\n\n\n\n<li>Gafas de sol<\/li>\n\n\n\n<li>Sombreros<\/li>\n\n\n\n<li>Una botella de agua<\/li>\n<\/ul>\n<\/li>\n\n\n\n<li>Moneda local para tus entradas (para tours privados).<\/li>\n<\/ul>\n\n\n\n<p> <i class=\"fab fa-whatsapp\"><\/i> <strong>WhatsApp<\/strong>: <\/p>\n\n\n\n<ul class=\"wp-block-list\">\n<li><a href=\"https:\/\/api.whatsapp.com\/send?phone=51958745640&amp;text=Hello%20FWTP,%20can%20you%20help%20me,%20please?\" target=\"_blank\" rel=\"noreferrer noopener nofollow\">+51 958745640&nbsp;<\/a><\/li>\n\n\n\n<li><a href=\"https:\/\/api.whatsapp.com\/send?phone=51984479073&amp;text=Hello%20FWTP,%20can%20you%20help%20me,%20please?\" target=\"_blank\" rel=\"noreferrer noopener nofollow\">+51 984479073<\/a><\/li>\n<\/ul>\n\n\n\n<\/div><h2 class=\"tabtitle\"><span class=\"fa fa-calendar\"><\/span>NOTAS<\/h2>\n<div class=\"tabcontent\">\n\n\n\n\n<div class=\"wp-block-bloque-acordeon-acordeon-container acordeon-container\">\n<div class=\"wp-block-bloque-acordeon-acordeon-item acordeon-item\"><h4 class=\"acordeon-titulo\">Recogidas y horarios<\/h4><div class=\"acordeon-contenido\">\n<p>Tours grupales:<\/p>\n\n\n\n<ul class=\"wp-block-list\">\n<li>Los horarios de recogida y finalizaci\u00f3n de los tours son aproximados.<\/li>\n\n\n\n<li>Las recogidas se aplican solo a hoteles ubicados Miraflores.<\/li>\n\n\n\n<li>Tu hora de recogida depender\u00e1 de la ubicaci\u00f3n de tu hotel.<\/li>\n\n\n\n<li>Si no te alojas en Miraflores, concertaremos un punto de encuentro o aplicaremos una tarifa adicional por la recogida.<\/li>\n\n\n\n<li>Es posible que no te recojamos si hay festivales, huelgas y mucho tr\u00e1fico de autom\u00f3viles.<\/li>\n\n\n\n<li>Organizaremos todas las recogidas y puntos de encuentro un d\u00eda antes de tu tour.<\/li>\n<\/ul>\n\n\n\n<p>Tours privados:<\/p>\n\n\n\n<ul class=\"wp-block-list\">\n<li>Las recogidas son puntuales.<\/li>\n\n\n\n<li>Las recogidas aplican para Miraflores, Barranco, San Isidro, La Victoria y Lima.<\/li>\n\n\n\n<li>Si est\u00e1s en el aeropuerto de Lima, inf\u00f3rmate en&nbsp;<a href=\"https:\/\/freewalkingtoursperu.com\/es\/tours-lima\/tour-por-lima-colonial-desde-aeropuerto\/\" target=\"_blank\" rel=\"noreferrer noopener\">city tour desde el aeropuerto<\/a>.<\/li>\n\n\n\n<li>Organizaremos todas las recogidas un d\u00eda antes de tu tour.<\/li>\n\n\n\n<li>La hora de finalizaci\u00f3n del tour sigue siendo aproximada; sin embargo, haremos nuestro mejor esfuerzo para terminar el tour seg\u00fan lo programado.<\/li>\n<\/ul>\n<\/div><\/div>\n\n\n\n<div class=\"wp-block-bloque-acordeon-acordeon-item acordeon-item\"><h4 class=\"acordeon-titulo\">Tipo de veh\u00edculo y asientos<\/h4><div class=\"acordeon-contenido\">\n<p>Veh\u00edculos:<\/p>\n\n\n\n<ul class=\"wp-block-list\">\n<li>Autorizado por el Ministerio de Transportes del Per\u00fa.<\/li>\n\n\n\n<li>Autos limpios y modernos.<\/li>\n\n\n\n<li>Autos con aspecto de sed\u00e1n, 4\u00d74, H1, Van, Renault y Mercedes Benz (depender\u00e1 del tama\u00f1o del grupo).<\/li>\n<\/ul>\n\n\n\n<p>Asientos \u2013 tours grupales:<\/p>\n\n\n\n<ul class=\"wp-block-list\">\n<li>T\u00fa reservas un asiento en el autob\u00fas, no un n\u00famero espec\u00edfico de asiento.<\/li>\n\n\n\n<li>Si eres recogido primero, entonces puedes elegir algunos asientos (tu hora de recogida depender\u00e1 de la ubicaci\u00f3n de tu hotel).<\/li>\n\n\n\n<li>Las parejas se sientan juntas en un 95%; sin embargo, no podemos garantizar que esto ocurra al 100%.<\/li>\n<\/ul>\n<\/div><\/div>\n\n\n\n<div class=\"wp-block-bloque-acordeon-acordeon-item acordeon-item\"><h4 class=\"acordeon-titulo\">Descuentos en los tickets de ingreso<\/h4><div class=\"acordeon-contenido\">\n<p>Los ni\u00f1os, menores de edad, estudiantes y peruanos pueden recibir descuentos, pero se requiere mostrar una identificaci\u00f3n oficial.<\/p>\n\n\n\n<ul class=\"wp-block-list\">\n<li>Ni\u00f1os y menores: Trae sus pasaportes oficiales para demostrar su edad.<\/li>\n\n\n\n<li>Estudiantes: Trae tu pasaporte oficial y una identificaci\u00f3n emitida por el gobierno.<\/li>\n\n\n\n<li>Peruanos: Trae tu documento de identidad oficial.<\/li>\n<\/ul>\n<\/div><\/div>\n\n\n\n<div class=\"wp-block-bloque-acordeon-acordeon-item acordeon-item\"><h4 class=\"acordeon-titulo\">Operatividad e itinerario<\/h4><div class=\"acordeon-contenido\">\n<p>Este tour est\u00e1 sujeto a variaciones sin previo aviso, debido a condiciones clim\u00e1ticas, huelgas y cualquier otro evento que no permita la operaci\u00f3n normal del tour. Tambi\u00e9n consulta nuestros&nbsp;<a href=\"https:\/\/freewalkingtoursperu.com\/es\/terminos-condiciones\/\" target=\"_blank\" rel=\"noreferrer noopener\">t\u00e9rminos<\/a>.<a href=\"https:\/\/www.forbes.com\/sites\/laurabegleybloom\/2018\/12\/18\/the-cheapest-places-to-travel-in-2019\/?sh=21becc0e787a\"><\/a><\/p>\n<\/div><\/div>\n<\/div>\n\n\n\n<\/div><h2 class=\"tabtitle\"><span class=\"fa fa-calendar\"><\/span>CANCELACIONES<\/h2>\n<div class=\"tabcontent\">\n\n\n\n\n<p>La cancelaci\u00f3n del tour es gratuita siempre que lo hagas con al menos 48 horas de antelaci\u00f3n, en caso contrario te cobraremos el 100% del precio del tour. Tambi\u00e9n consulta nuestros <a href=\"https:\/\/freewalkingtoursperu.com\/es\/terminos-condiciones\/\" target=\"_blank\" rel=\"noreferrer noopener\">t\u00e9rminos<\/a>.<\/p>\n\n\n\n<\/div><h2 class=\"urltab\"><a href=\"#reviews\"><span class=\"fa fa-comments-o\"><\/span>RESE\u00d1AS<\/a><\/h2>\n<div class=\"tabcontent\">\n\n\n\n\n<p>Por favor, desliza hacia abajo para ver comentarios.<\/p>\n\n\n<\/div><\/div>\n<\/div>\n\n\n\n<div class=\"wp-block-column is-layout-flow wp-block-column-is-layout-flow\" style=\"flex-basis:25%\">\n<div class=\"wp-block-group\"><div class=\"wp-block-group__inner-container is-layout-constrained wp-block-group-is-layout-constrained\"><div class='mb-10'>\n\t    \n\t\t<div class='flex gap-1'>\n\t\t\t\t<div class='flex-auto'>\n\t\t\t\t\t<a href='https:\/\/www.forbes.com\/sites\/laurabegleybloom\/2018\/12\/18\/the-cheapest-places-to-travel-in-2019\/?sh=21becc0e787a'><img src=https:\/\/freewalkingtoursperu.com\/wp-content\/themes\/fwtp\/img\/logo-forbes.png alt='logo forbes' class='w-full h-auto xl:h-12'><\/a>\n\t\t\t\t<\/div>\n\t\t\t\t<div class='flex-auto'>\n\t\t\t\t\t<a href='https:\/\/goo.gl\/maps\/FhNr5D6qmpcDwfTPA'><img src=https:\/\/freewalkingtoursperu.com\/wp-content\/themes\/fwtp\/img\/logo-tripadvisor.png alt='logo tripadvisor' class='w-full h-auto xl:h-12'><\/a>\n\t\t\t\t<\/div>\n\t\t<\/div>\n\t\t<div class='text-center'>\n\t\t\t<a href='#'><img src=https:\/\/freewalkingtoursperu.com\/wp-content\/themes\/fwtp\/img\/logo-free-walking-tours-peru-ministerio-turismo.png width='100%' alt='logo ministerio del comercio exterior' class='mt-1'><\/a>\n\t\t<\/div>\n\n\t <\/div>\n\n\n\n<!--Markup for citys-->\n\n<div id=\"tour-block_2ad7f0e6062ff5fb444b024d3b6c0e69\" class=\"tour\">\n\n            <div class=''>\n\t            <div class='flex rounded-t shadow'>\n\t\t\t        <div class='px-3 py-2 rounded-tl bg-black text-white text-lg mb-0  font-semibold font-nunito'>Sin sobreprecio<\/div>\n\t\t\t        <div class='px-1 py-2 rounded-tr flex-auto font-nunito font-semibold bg-fwtp text-lg text-black  mb-0 text-center'>Desde $37<\/div>\n\t\t\t    <\/div>\n\t        <\/div>\n<\/div>\n\n\n\n\n<div class=\"wpcf7 no-js\" id=\"wpcf7-f7053-o1\" lang=\"en-US\" dir=\"ltr\" data-wpcf7-id=\"7053\">\n<div class=\"screen-reader-response\"><p role=\"status\" aria-live=\"polite\" aria-atomic=\"true\"><\/p> <ul><\/ul><\/div>\n<form action=\"\/es\/wp-json\/wp\/v2\/pages\/24113#wpcf7-f7053-o1\" method=\"post\" class=\"wpcf7-form init\" aria-label=\"Contact form\" novalidate=\"novalidate\" data-status=\"init\">\n<fieldset class=\"hidden-fields-container\"><input type=\"hidden\" name=\"_wpcf7\" value=\"7053\" \/><input type=\"hidden\" name=\"_wpcf7_version\" value=\"6.1.7\" \/><input type=\"hidden\" name=\"_wpcf7_locale\" value=\"en_US\" \/><input type=\"hidden\" name=\"_wpcf7_unit_tag\" value=\"wpcf7-f7053-o1\" \/><input type=\"hidden\" name=\"_wpcf7_container_post\" value=\"0\" \/><input type=\"hidden\" name=\"_wpcf7_posted_data_hash\" value=\"\" \/><input type=\"hidden\" name=\"_wpcf7dtx_version\" value=\"5.0.7\" \/>\n<\/fieldset>\n<input class=\"wpcf7-form-control wpcf7-hidden\" value=\"18\" type=\"hidden\" name=\"Id_Walks\" \/>\n<input class=\"wpcf7-form-control wpcf7-hidden\" value=\"88f12821dc6fc977b710da753406860c830016e6\" type=\"hidden\" name=\"Ncode\" \/>\n<div id=\"form\" class=\"box-form border rounded-bottom shadow bg-white p-3\">\n<span class=\"wpcf7-form-control-wrap page-title\" data-name=\"page-title\"><input type=\"hidden\" name=\"page-title\" class=\"wpcf7-form-control wpcf7-hidden wpcf7dtx wpcf7dtx-hidden\" aria-invalid=\"false\" value=\"City tour cl\u00e1sico de Lima colonial y moderna\"><\/span>\n        <div class=\"form-group\">\n           <span class=\"wpcf7-form-control-wrap page-title\" data-name=\"page-title\"><input type=\"text\" name=\"page-title\" class=\"wpcf7-form-control wpcf7-text wpcf7dtx wpcf7dtx-text form-control form-control-sm\" aria-invalid=\"false\" value=\"City tour cl\u00e1sico de Lima colonial y moderna\"><\/span>\n      <\/div>\n      <div class=\"form-group\">\n        <p>Fecha: <span class=\"wpcf7-form-control-wrap\" data-name=\"date-free\"><input size=\"40\" maxlength=\"400\" class=\"wpcf7-form-control wpcf7-text form-control form-control-sm fwt\" aria-invalid=\"false\" placeholder=\"dd\/mm\/yyyy\" value=\"\" type=\"text\" name=\"date-free\" \/><\/span><\/p>\n       <\/div>\n     <div class=\"form-group\">\n         <span class=\"wpcf7-form-control-wrap\" data-name=\"size\"><select class=\"wpcf7-form-control wpcf7-select wpcf7-validates-as-required form-control form-control-sm\" aria-required=\"true\" aria-invalid=\"false\" name=\"size\"><option value=\"\">\u00bfCuantas personas son en tu grupo?<\/option><option value=\"1\">1<\/option><option value=\"2\">2<\/option><option value=\"3\">3<\/option><option value=\"4\">4<\/option><option value=\"5\">5<\/option><option value=\"6\">6<\/option><option value=\"7\">7<\/option><option value=\"8\">8<\/option><option value=\"9\">9<\/option><option value=\"10\">10<\/option><\/select><\/span>\n      <\/div>\n       <div class=\"form-group\">\n        <span class=\"wpcf7-form-control-wrap\" data-name=\"name-free\"><input size=\"40\" maxlength=\"400\" class=\"wpcf7-form-control wpcf7-text wpcf7-validates-as-required form-control form-control-sm\" aria-required=\"true\" aria-invalid=\"false\" placeholder=\"Nombre y apellido\" value=\"\" type=\"text\" name=\"name-free\" \/><\/span>\n      <\/div>\n      <div class=\"form-group\">\n          <span class=\"wpcf7-form-control-wrap\" data-name=\"email-free\"><input size=\"40\" maxlength=\"400\" class=\"wpcf7-form-control wpcf7-email wpcf7-validates-as-required wpcf7-text wpcf7-validates-as-email form-control form-control-sm\" aria-required=\"true\" aria-invalid=\"false\" placeholder=\"Correo\" value=\"\" type=\"email\" name=\"email-free\" \/><\/span>\n      <\/div>\n <div class=\"form-group\">\n          <span class=\"wpcf7-form-control-wrap\" data-name=\"Whatsapp\"><input size=\"40\" class=\"wpcf7-form-control wpcf7-phonetext wpcf7-validates-as-required wpcf7-text wpcf7-validates-as-phonetext form-control form-control-sm\" aria-required=\"true\" aria-invalid=\"false\" placeholder=\"Whatsapp\" value=\"\" type=\"text\" name=\"Whatsapp\" \/><input type=\"hidden\" name=\"Whatsapp-country-code\" class=\"wpcf7-phonetext-country-code\" \/><\/span>\n      <\/div>\n       <div class=\"form-group\">\n         <span class=\"wpcf7-form-control-wrap\" data-name=\"your-message\"><textarea cols=\"7\" rows=\"5\" maxlength=\"2000\" class=\"wpcf7-form-control wpcf7-textarea form-control form-control-sm\" aria-invalid=\"false\" placeholder=\"Escribe aqu\u00ed cualquier informaci\u00f3n adicional que consideres: Hotel, preferencia por un tour privado, tours adicionales, ni\u00f1os, adulto mayor, etc.\" name=\"your-message\"><\/textarea><\/span>\n      <\/div>\n        <div class=\"form-group text-center\">\n          <p class=\"text-center\"><input class=\"wpcf7-form-control wpcf7-submit has-spinner btn btn-lg px-5 btn-free\" type=\"submit\" value=\"Cotiza ya\" \/><\/p>\n          \n        <\/div>\n\n<\/div><div class=\"wpcf7-response-output\" aria-hidden=\"true\"><\/div>\n<\/form>\n<\/div>\n\n<\/div><\/div>\n<\/div>\n<\/div>\n\n\n<div class='bg-white border p-3 shadow my-3' id='reviews' ><\/p>\n\n\n\n<h2 class=\"wp-block-heading\" id=\"reviews-009bf618-1525-4de9-95e4-c35333e5f797\">Redes Sociales<\/h2>\n\n\n\n<p>\u2b50<a href=\"https:\/\/goo.gl\/maps\/FhNr5D6qmpcDwfTPA\" target=\"_blank\" rel=\"noreferrer noopener\">Google Maps:<\/a> 1200 comentarios <strong>|<\/strong> \u2b50<a href=\"https:\/\/www.tripadvisor.com.pe\/Attraction_Review-g294316-d19513018-Reviews-Free_Walking_Tours_Peru-Lima_Lima_Region.html\" target=\"_blank\" rel=\"noreferrer noopener\">TripAdvisor:<\/a> 500 testimonios <strong>|<\/strong> \u2b50<a href=\"https:\/\/www.facebook.com\/limafreewalkingtour\/\" target=\"_blank\" rel=\"noreferrer noopener\">Facebook<\/a>: 50 comentarios <strong>|<\/strong> \u2b50<a href=\"https:\/\/www.instagram.com\/limafreewalkingtours\/\" target=\"_blank\" rel=\"noreferrer noopener\">Instagram:<\/a> 6000 seguidores <strong>|<\/strong> \u2b50<a href=\"https:\/\/youtu.be\/HdYcNrUxnXA\" target=\"_blank\" rel=\"noreferrer noopener\">YouTube:<\/a> Ver videos reales <strong>|<\/strong> \u2b50<a href=\"https:\/\/freewalkingtoursperu.com\/es\/sobre-nosotros\/\" target=\"_blank\" rel=\"noreferrer noopener\">Viajeros:<\/a> + de 210 turistas<\/p>\n\n\n<p> <\/div>\n","protected":false},"excerpt":{"rendered":"<p>Reserva con nosotros tu&nbsp;city tour cl\u00e1sico de Lima colonial y moderno, en la ciudad de&nbsp;Lima colonial&nbsp;ver\u00e1s la&nbsp;Plaza San Martin, la Plaza Mayor&nbsp;y explorar\u00e1s las famosas&nbsp;catacumbas de San Francisco. Tambi\u00e9n visitar\u00e1s los siguientes atractivo:&nbsp;El Palacio de Gobierno, el Palacio Municipal, el Palacio Arzobispal, la Bas\u00edlica Catedral&nbsp;y otros. Los precios mostrados en la tabla son: Pers. Tipo [&hellip;]<\/p>\n","protected":false},"author":1,"featured_media":0,"parent":7353,"menu_order":0,"comment_status":"closed","ping_status":"closed","template":"page-tour-pay.php","meta":{"_acf_changed":false,"advgb_blocks_editor_width":"full","advgb_blocks_columns_visual_guide":"","footnotes":""},"class_list":["post-24113","page","type-page","status-publish","hentry"],"acf":[],"yoast_head":"<!-- This site is optimized with the Yoast SEO plugin v28.4 - https:\/\/yoast.com\/product\/yoast-seo-wordpress\/ -->\n<title>City tour Lima colonial y moderna | Miraflores + Centr\u00f3 Hist\u00f3rico<\/title>\n<meta name=\"description\" content=\"Reserva tu city tour por Lima colonial y moderna, Miraflores, Catacumbas San Francisco, Parque del Amor, El Olivar, Larcomar Huaca Pucllana\" \/>\n<meta name=\"robots\" content=\"index, follow, max-snippet:-1, max-image-preview:large, max-video-preview:-1\" \/>\n<link rel=\"canonical\" href=\"https:\/\/freewalkingtoursperu.com\/es\/tours-lima\/city-tour-lima-colonial-y-moderna\/\" \/>\n<meta property=\"og:locale\" content=\"es_ES\" \/>\n<meta property=\"og:type\" content=\"article\" \/>\n<meta property=\"og:title\" content=\"City tour Lima colonial y moderna | Miraflores + Centr\u00f3 Hist\u00f3rico\" \/>\n<meta property=\"og:description\" content=\"Reserva tu city tour por Lima colonial y moderna, Miraflores, Catacumbas San Francisco, Parque del Amor, El Olivar, Larcomar Huaca Pucllana\" \/>\n<meta property=\"og:url\" content=\"https:\/\/freewalkingtoursperu.com\/es\/tours-lima\/city-tour-lima-colonial-y-moderna\/\" \/>\n<meta property=\"og:site_name\" content=\"Free Walking Tours Peru\" \/>\n<meta property=\"article:modified_time\" content=\"2026-06-18T23:10:58+00:00\" \/>\n<meta name=\"twitter:card\" content=\"summary_large_image\" \/>\n<meta name=\"twitter:label1\" content=\"Tiempo de lectura\" \/>\n\t<meta name=\"twitter:data1\" content=\"10 minutos\" \/>\n<script type=\"application\/ld+json\" class=\"yoast-schema-graph\">{\"@context\":\"https:\\\/\\\/schema.org\",\"@graph\":[{\"@type\":\"WebPage\",\"@id\":\"https:\\\/\\\/freewalkingtoursperu.com\\\/es\\\/tours-lima\\\/city-tour-lima-colonial-y-moderna\\\/\",\"url\":\"https:\\\/\\\/freewalkingtoursperu.com\\\/es\\\/tours-lima\\\/city-tour-lima-colonial-y-moderna\\\/\",\"name\":\"City tour Lima colonial y moderna | Miraflores + Centr\u00f3 Hist\u00f3rico\",\"isPartOf\":{\"@id\":\"https:\\\/\\\/freewalkingtoursperu.com\\\/es\\\/#website\"},\"datePublished\":\"2020-12-05T23:46:00+00:00\",\"dateModified\":\"2026-06-18T23:10:58+00:00\",\"description\":\"Reserva tu city tour por Lima colonial y moderna, Miraflores, Catacumbas San Francisco, Parque del Amor, El Olivar, Larcomar Huaca Pucllana\",\"breadcrumb\":{\"@id\":\"https:\\\/\\\/freewalkingtoursperu.com\\\/es\\\/tours-lima\\\/city-tour-lima-colonial-y-moderna\\\/#breadcrumb\"},\"inLanguage\":\"es\",\"potentialAction\":[{\"@type\":\"ReadAction\",\"target\":[\"https:\\\/\\\/freewalkingtoursperu.com\\\/es\\\/tours-lima\\\/city-tour-lima-colonial-y-moderna\\\/\"]}]},{\"@type\":\"BreadcrumbList\",\"@id\":\"https:\\\/\\\/freewalkingtoursperu.com\\\/es\\\/tours-lima\\\/city-tour-lima-colonial-y-moderna\\\/#breadcrumb\",\"itemListElement\":[{\"@type\":\"ListItem\",\"position\":1,\"name\":\"Home\",\"item\":\"https:\\\/\\\/freewalkingtoursperu.com\\\/es\\\/\"},{\"@type\":\"ListItem\",\"position\":2,\"name\":\"Tours en Lima\",\"item\":\"https:\\\/\\\/freewalkingtoursperu.com\\\/es\\\/tours-lima\\\/\"},{\"@type\":\"ListItem\",\"position\":3,\"name\":\"City tour cl\u00e1sico de Lima colonial y moderna\"}]},{\"@type\":\"WebSite\",\"@id\":\"https:\\\/\\\/freewalkingtoursperu.com\\\/es\\\/#website\",\"url\":\"https:\\\/\\\/freewalkingtoursperu.com\\\/es\\\/\",\"name\":\"Free Walking Tours Peru\",\"description\":\"\",\"publisher\":{\"@id\":\"https:\\\/\\\/freewalkingtoursperu.com\\\/es\\\/#organization\"},\"potentialAction\":[{\"@type\":\"SearchAction\",\"target\":{\"@type\":\"EntryPoint\",\"urlTemplate\":\"https:\\\/\\\/freewalkingtoursperu.com\\\/es\\\/?s={search_term_string}\"},\"query-input\":{\"@type\":\"PropertyValueSpecification\",\"valueRequired\":true,\"valueName\":\"search_term_string\"}}],\"inLanguage\":\"es\"},{\"@type\":\"Organization\",\"@id\":\"https:\\\/\\\/freewalkingtoursperu.com\\\/es\\\/#organization\",\"name\":\"Free Walking Tours Peru\",\"url\":\"https:\\\/\\\/freewalkingtoursperu.com\\\/es\\\/\",\"logo\":{\"@type\":\"ImageObject\",\"inLanguage\":\"es\",\"@id\":\"https:\\\/\\\/freewalkingtoursperu.com\\\/es\\\/#\\\/schema\\\/logo\\\/image\\\/\",\"url\":\"https:\\\/\\\/freewalkingtoursperu.com\\\/wp-content\\\/uploads\\\/2026\\\/02\\\/logo-freeorg.svg\",\"contentUrl\":\"https:\\\/\\\/freewalkingtoursperu.com\\\/wp-content\\\/uploads\\\/2026\\\/02\\\/logo-freeorg.svg\",\"caption\":\"Free Walking Tours Peru\"},\"image\":{\"@id\":\"https:\\\/\\\/freewalkingtoursperu.com\\\/es\\\/#\\\/schema\\\/logo\\\/image\\\/\"}}]}<\/script>\n<!-- \/ Yoast SEO plugin. -->","yoast_head_json":{"title":"City tour Lima colonial y moderna | Miraflores + Centr\u00f3 Hist\u00f3rico","description":"Reserva tu city tour por Lima colonial y moderna, Miraflores, Catacumbas San Francisco, Parque del Amor, El Olivar, Larcomar Huaca Pucllana","robots":{"index":"index","follow":"follow","max-snippet":"max-snippet:-1","max-image-preview":"max-image-preview:large","max-video-preview":"max-video-preview:-1"},"canonical":"https:\/\/freewalkingtoursperu.com\/es\/tours-lima\/city-tour-lima-colonial-y-moderna\/","og_locale":"es_ES","og_type":"article","og_title":"City tour Lima colonial y moderna | Miraflores + Centr\u00f3 Hist\u00f3rico","og_description":"Reserva tu city tour por Lima colonial y moderna, Miraflores, Catacumbas San Francisco, Parque del Amor, El Olivar, Larcomar Huaca Pucllana","og_url":"https:\/\/freewalkingtoursperu.com\/es\/tours-lima\/city-tour-lima-colonial-y-moderna\/","og_site_name":"Free Walking Tours Peru","article_modified_time":"2026-06-18T23:10:58+00:00","twitter_card":"summary_large_image","twitter_misc":{"Tiempo de lectura":"10 minutos"},"schema":{"@context":"https:\/\/schema.org","@graph":[{"@type":"WebPage","@id":"https:\/\/freewalkingtoursperu.com\/es\/tours-lima\/city-tour-lima-colonial-y-moderna\/","url":"https:\/\/freewalkingtoursperu.com\/es\/tours-lima\/city-tour-lima-colonial-y-moderna\/","name":"City tour Lima colonial y moderna | Miraflores + Centr\u00f3 Hist\u00f3rico","isPartOf":{"@id":"https:\/\/freewalkingtoursperu.com\/es\/#website"},"datePublished":"2020-12-05T23:46:00+00:00","dateModified":"2026-06-18T23:10:58+00:00","description":"Reserva tu city tour por Lima colonial y moderna, Miraflores, Catacumbas San Francisco, Parque del Amor, El Olivar, Larcomar Huaca Pucllana","breadcrumb":{"@id":"https:\/\/freewalkingtoursperu.com\/es\/tours-lima\/city-tour-lima-colonial-y-moderna\/#breadcrumb"},"inLanguage":"es","potentialAction":[{"@type":"ReadAction","target":["https:\/\/freewalkingtoursperu.com\/es\/tours-lima\/city-tour-lima-colonial-y-moderna\/"]}]},{"@type":"BreadcrumbList","@id":"https:\/\/freewalkingtoursperu.com\/es\/tours-lima\/city-tour-lima-colonial-y-moderna\/#breadcrumb","itemListElement":[{"@type":"ListItem","position":1,"name":"Home","item":"https:\/\/freewalkingtoursperu.com\/es\/"},{"@type":"ListItem","position":2,"name":"Tours en Lima","item":"https:\/\/freewalkingtoursperu.com\/es\/tours-lima\/"},{"@type":"ListItem","position":3,"name":"City tour cl\u00e1sico de Lima colonial y moderna"}]},{"@type":"WebSite","@id":"https:\/\/freewalkingtoursperu.com\/es\/#website","url":"https:\/\/freewalkingtoursperu.com\/es\/","name":"Free Walking Tours Peru","description":"","publisher":{"@id":"https:\/\/freewalkingtoursperu.com\/es\/#organization"},"potentialAction":[{"@type":"SearchAction","target":{"@type":"EntryPoint","urlTemplate":"https:\/\/freewalkingtoursperu.com\/es\/?s={search_term_string}"},"query-input":{"@type":"PropertyValueSpecification","valueRequired":true,"valueName":"search_term_string"}}],"inLanguage":"es"},{"@type":"Organization","@id":"https:\/\/freewalkingtoursperu.com\/es\/#organization","name":"Free Walking Tours Peru","url":"https:\/\/freewalkingtoursperu.com\/es\/","logo":{"@type":"ImageObject","inLanguage":"es","@id":"https:\/\/freewalkingtoursperu.com\/es\/#\/schema\/logo\/image\/","url":"https:\/\/freewalkingtoursperu.com\/wp-content\/uploads\/2026\/02\/logo-freeorg.svg","contentUrl":"https:\/\/freewalkingtoursperu.com\/wp-content\/uploads\/2026\/02\/logo-freeorg.svg","caption":"Free Walking Tours Peru"},"image":{"@id":"https:\/\/freewalkingtoursperu.com\/es\/#\/schema\/logo\/image\/"}}]}},"coauthors":[],"author_meta":{"author_link":"https:\/\/freewalkingtoursperu.com\/es\/blog\/author\/adminfwt\/","display_name":"FWTP"},"relative_dates":{"created":"Publicado 6 a\u00f1os hace","modified":"Actualizado 3 meses hace"},"absolute_dates":{"created":"Publicado el 5 diciembre, 2020","modified":"Actualizado el 18 junio, 2026"},"absolute_dates_time":{"created":"Publicado el 5 diciembre, 2020 6:46 pm","modified":"Actualizado el 18 junio, 2026 6:10 pm"},"featured_img_caption":"","featured_img":false,"series_order":"","_links":{"self":[{"href":"https:\/\/freewalkingtoursperu.com\/es\/wp-json\/wp\/v2\/pages\/24113","targetHints":{"allow":["GET"]}}],"collection":[{"href":"https:\/\/freewalkingtoursperu.com\/es\/wp-json\/wp\/v2\/pages"}],"about":[{"href":"https:\/\/freewalkingtoursperu.com\/es\/wp-json\/wp\/v2\/types\/page"}],"author":[{"embeddable":true,"href":"https:\/\/freewalkingtoursperu.com\/es\/wp-json\/wp\/v2\/users\/1"}],"replies":[{"embeddable":true,"href":"https:\/\/freewalkingtoursperu.com\/es\/wp-json\/wp\/v2\/comments?post=24113"}],"version-history":[{"count":1,"href":"https:\/\/freewalkingtoursperu.com\/es\/wp-json\/wp\/v2\/pages\/24113\/revisions"}],"predecessor-version":[{"id":71571,"href":"https:\/\/freewalkingtoursperu.com\/es\/wp-json\/wp\/v2\/pages\/24113\/revisions\/71571"}],"up":[{"embeddable":true,"href":"https:\/\/freewalkingtoursperu.com\/es\/wp-json\/wp\/v2\/pages\/7353"}],"wp:attachment":[{"href":"https:\/\/freewalkingtoursperu.com\/es\/wp-json\/wp\/v2\/media?parent=24113"}],"curies":[{"name":"wp","href":"https:\/\/api.w.org\/{rel}","templated":true}]}}