{"id":26726,"date":"2020-12-13T15:42:00","date_gmt":"2020-12-13T20:42:00","guid":{"rendered":"https:\/\/freewalkingtoursperu.com\/?page_id=26726"},"modified":"2026-06-18T18:12:47","modified_gmt":"2026-06-18T23:12:47","slug":"tour-a-pie-privado-barranco-arte-colonial-y-street-art","status":"publish","type":"page","link":"https:\/\/freewalkingtoursperu.com\/es\/tours-lima\/tour-a-pie-privado-barranco-arte-colonial-y-street-art\/","title":{"rendered":"Tour privado a pie por Barranco"},"content":{"rendered":"\n<!--Markup for citys-->\n\n<div id=\"tour-block_ed043e3aa6f96e7c9efffc7e63ad257a\" class=\"toursweb flex flex-col-reverse md:flex-col\">\n\n\n        <div class=\"container mb-2\">          \n                        <div class=\"mt-6\">\n                        <p id=\"breadcrumbs\" class=\"mb-0\"><span><span><a href=\"https:\/\/freewalkingtoursperu.com\/es\/\">Home<\/a><\/span><\/span><\/p>                        <\/div>\n            \n\n                    <h1 class=\"text-xl xl:text-3xl mb-2 font-bold text-gray-800\"> Tour privado a pie por Barranco<\/h1>\n                                        <div class=\"flex gap-3 mb-4\">\n                            <span>\n                                <i class='fas fa-star text-yellow-400'><\/i> \n                                <i class='fas fa-star text-yellow-400'><\/i> \n                                <i class='fas fa-star text-yellow-400'><\/i> \n                                <i class='fas fa-star text-yellow-400'><\/i> \n                                <i class='fas fa-star text-yellow-400'><\/i>  \n                            <\/span>\n                            <span> \n                                <i class=\"far fa-user text-gray-700\"><\/i> <a href=\"#reviews\"> <span class=\"text-sky-600 font-nunito\">45 viajeros<\/span> <\/a>\n                            <\/span>\n\n                            <span> \n                            <i class=\"far fa-clock text-gray-700\"><\/i>  <span class=\"text-gray-800 font-nunito\">2.5 h<\/span> \n                            <\/span>\n\n                            <span> \n                                <i class=\"far fa-comment text-gray-700\"><\/i> \n                                    <span class=\"mr-1 text-sm flag-icon flag-icon-gb\"><\/span><span class=\"mr-1 text-sm flag-icon flag-icon-es\"><\/span>                            <\/span>\n                        <\/div>\n                              \n        <\/div>\n\n    \n\n\n        <div class=\"relative mb-2 mt-2\">\n\n                    \n                        <div id=\"lightgallery\" class=\"flex flex-wrap img-large\"> \n                                                            <a class=\"w-2\/12 img-small xl:block hidden\" href=\"https:\/\/freewalkingtoursperu.com\/wp-content\/uploads\/2025\/10\/Tour_privado_a_pie_por_Barranco_2.webp\"  data-sub-html=\"\">\n                                <img decoding=\"async\" src=\"https:\/\/freewalkingtoursperu.com\/wp-content\/uploads\/2025\/10\/Tour_privado_a_pie_por_Barranco_2.webp\" class=\"cursor-pointer rounded w-full object-cover\"  alt=\"Tour privado a pie por Barranco\">\n                                <\/a>\n                                                            <a class=\"w-2\/12 img-small xl:block hidden\" href=\"https:\/\/freewalkingtoursperu.com\/wp-content\/uploads\/2023\/02\/tour-a-pie-privado-barranco-arte-colonial-y-street-art-6.jpg\"  data-sub-html=\"\">\n                                <img decoding=\"async\" src=\"https:\/\/freewalkingtoursperu.com\/wp-content\/uploads\/2023\/02\/tour-a-pie-privado-barranco-arte-colonial-y-street-art-6.jpg\" class=\"cursor-pointer rounded w-full object-cover\"  alt=\"Tour privado a pie por Barranco: Arte Colonial + Grafiti + Museo Pedro de Osma\">\n                                <\/a>\n                                                            <a class=\"w-2\/12 img-small xl:block hidden\" href=\"https:\/\/freewalkingtoursperu.com\/wp-content\/uploads\/2025\/10\/Tour_privado_a_pie_por_Barranco_3.webp\"  data-sub-html=\"\">\n                                <img decoding=\"async\" src=\"https:\/\/freewalkingtoursperu.com\/wp-content\/uploads\/2025\/10\/Tour_privado_a_pie_por_Barranco_3.webp\" class=\"cursor-pointer rounded w-full object-cover\"  alt=\"Tour privado a pie por Barranco\">\n                                <\/a>\n                                                            <a class=\"w-2\/12 img-small xl:block hidden\" href=\"https:\/\/freewalkingtoursperu.com\/wp-content\/uploads\/2025\/10\/Tour_privado_a_pie_por_Barranco_5.webp\"  data-sub-html=\"\">\n                                <img decoding=\"async\" src=\"https:\/\/freewalkingtoursperu.com\/wp-content\/uploads\/2025\/10\/Tour_privado_a_pie_por_Barranco_5.webp\" class=\"cursor-pointer rounded w-full object-cover\"  alt=\"Tour privado a pie por Barranco\">\n                                <\/a>\n                                                            <a class=\"w-2\/12 img-small xl:block hidden\" href=\"https:\/\/freewalkingtoursperu.com\/wp-content\/uploads\/2024\/04\/tour-a-pie-privado-barranco-arte-colonial-y-street-art.webp\"  data-sub-html=\"\">\n                                <img decoding=\"async\" src=\"https:\/\/freewalkingtoursperu.com\/wp-content\/uploads\/2024\/04\/tour-a-pie-privado-barranco-arte-colonial-y-street-art.webp\" class=\"cursor-pointer rounded w-full object-cover\"  alt=\"Tour privado a pie por Barranco\">\n                                <\/a>\n                                                            <a class=\"w-2\/12 img-small xl:block hidden\" href=\"https:\/\/freewalkingtoursperu.com\/wp-content\/uploads\/2023\/02\/tour-a-pie-privado-barranco-arte-colonial-y-street-art-1.jpg\"  data-sub-html=\"\">\n                                <img decoding=\"async\" src=\"https:\/\/freewalkingtoursperu.com\/wp-content\/uploads\/2023\/02\/tour-a-pie-privado-barranco-arte-colonial-y-street-art-1.jpg\" class=\"cursor-pointer rounded w-full object-cover\"  alt=\"Tour privado a pie por Barranco: Arte Colonial + Grafiti + Museo Pedro de Osma\">\n                                <\/a>\n                                                            <a class=\"w-2\/12 img-small xl:block hidden\" href=\"https:\/\/freewalkingtoursperu.com\/wp-content\/uploads\/2023\/02\/tour-a-pie-privado-barranco-arte-colonial-y-street-art-3.jpg\"  data-sub-html=\"\">\n                                <img decoding=\"async\" src=\"https:\/\/freewalkingtoursperu.com\/wp-content\/uploads\/2023\/02\/tour-a-pie-privado-barranco-arte-colonial-y-street-art-3.jpg\" class=\"cursor-pointer rounded w-full object-cover\"  alt=\"Tour privado a pie por Barranco: Arte Colonial + Grafiti + Museo Pedro de Osma\">\n                                <\/a>\n                                                            <a class=\"w-2\/12 img-small xl:block hidden\" href=\"https:\/\/freewalkingtoursperu.com\/wp-content\/uploads\/2023\/02\/tour-a-pie-privado-barranco-arte-colonial-y-street-art-4.jpg\"  data-sub-html=\"\">\n                                <img decoding=\"async\" src=\"https:\/\/freewalkingtoursperu.com\/wp-content\/uploads\/2023\/02\/tour-a-pie-privado-barranco-arte-colonial-y-street-art-4.jpg\" class=\"cursor-pointer rounded w-full object-cover\"  alt=\"Tour privado a pie por Barranco: Arte Colonial + Grafiti + Museo Pedro de Osma\">\n                                <\/a>\n                                                            <a class=\"w-2\/12 img-small xl:block hidden\" href=\"https:\/\/freewalkingtoursperu.com\/wp-content\/uploads\/2025\/10\/Tour_privado_a_pie_por_Barranco.webp\"  data-sub-html=\"\">\n                                <img decoding=\"async\" src=\"https:\/\/freewalkingtoursperu.com\/wp-content\/uploads\/2025\/10\/Tour_privado_a_pie_por_Barranco.webp\" class=\"cursor-pointer rounded w-full object-cover\"  alt=\"Tour privado a pie por Barranco\">\n                                <\/a>\n                                                            <a class=\"w-2\/12 img-small xl:block hidden\" href=\"https:\/\/freewalkingtoursperu.com\/wp-content\/uploads\/2025\/10\/Tour_privado_a_pie_por_Barranco_1.webp\"  data-sub-html=\"\">\n                                <img decoding=\"async\" src=\"https:\/\/freewalkingtoursperu.com\/wp-content\/uploads\/2025\/10\/Tour_privado_a_pie_por_Barranco_1.webp\" class=\"cursor-pointer rounded w-full object-cover\"  alt=\"Tour privado a pie por Barranco\">\n                                <\/a>\n                                                            <a class=\"w-2\/12 img-small xl:block hidden\" href=\"https:\/\/freewalkingtoursperu.com\/wp-content\/uploads\/2025\/10\/Tour_privado_a_pie_por_Barranco_4.webp\"  data-sub-html=\"\">\n                                <img decoding=\"async\" src=\"https:\/\/freewalkingtoursperu.com\/wp-content\/uploads\/2025\/10\/Tour_privado_a_pie_por_Barranco_4.webp\" class=\"cursor-pointer rounded w-full object-cover\"  alt=\"Tour privado a pie por Barranco\">\n                                <\/a>\n                                                            <a class=\"w-2\/12 img-small xl:block hidden\" href=\"https:\/\/freewalkingtoursperu.com\/wp-content\/uploads\/2025\/10\/Tour_privado_a_pie_por_Barranco_6.webp\"  data-sub-html=\"\">\n                                <img decoding=\"async\" src=\"https:\/\/freewalkingtoursperu.com\/wp-content\/uploads\/2025\/10\/Tour_privado_a_pie_por_Barranco_6.webp\" class=\"cursor-pointer rounded w-full object-cover\"  alt=\"Tour privado a pie por Barranco\">\n                                <\/a>\n                             \n\n                        <\/div>\n\n                    \n                    \n                        \n        <\/div>\n\n\n<\/div>\n\n\n\n\n<!--Markup for citys-->\n\n<div id=\"tour-block_9832cac9ffc62f2b26784fd5da68414c\" class=\"tour\">\n\n           \n                <div class=\"flex flex-wrap pl-5 xl:pl-0 gap-8 justify-start xl:justify-center items-center pb-5 py-2 border-b-gray-300 border-b mb-5\">\n                            \n                                    \n                                    <div class=\"pr-0 xl:pr-5 item-details\">\n                                        <img decoding=\"async\" src=\"https:\/\/freewalkingtoursperu.com\/wp-content\/uploads\/2024\/02\/local-website.png\" class=\"w-10 float-left mr-2\" alt=\"bg home\">\n                                        <div class=\"inline-block\">\n                                            <span class=\"font-nunito text-gray-900 font-bold text-sm inline-block\"> P\u00e1gina local<\/span>\n                                            <span class=\"font-nunito text-xs block font-bold text-gray-500\"> SIN INTERMEDIARIOS<\/span>\n                                        <\/div>\n\n                                        <\/div>\n\n                            \n                                    \n                                    <div class=\"pr-0 xl:pr-5 item-details\">\n                                        <img decoding=\"async\" src=\"https:\/\/freewalkingtoursperu.com\/wp-content\/uploads\/2024\/02\/maximum-walkers-last.png\" class=\"w-10 float-left mr-2\" alt=\"bg home\">\n                                        <div class=\"inline-block\">\n                                            <span class=\"font-nunito text-gray-900 font-bold text-sm inline-block\"> 100% privado<\/span>\n                                            <span class=\"font-nunito text-xs block font-bold text-gray-500\"> TAMA\u00d1O<\/span>\n                                        <\/div>\n\n                                        <\/div>\n\n                            \n                                    \n                                    <div class=\"pr-0 xl:pr-5 item-details\">\n                                        <img decoding=\"async\" src=\"https:\/\/freewalkingtoursperu.com\/wp-content\/uploads\/2024\/03\/epic-tours-1-1.png\" class=\"w-10 float-left mr-2\" alt=\"bg home\">\n                                        <div class=\"inline-block\">\n                                            <span class=\"font-nunito text-gray-900 font-bold text-sm inline-block\"> \u00c9picas<\/span>\n                                            <span class=\"font-nunito text-xs block font-bold text-gray-500\"> EXPERIENCIAS<\/span>\n                                        <\/div>\n\n                                        <\/div>\n\n                            \n                                    \n                                    <div class=\"pr-0 xl:pr-5 item-details\">\n                                        <img decoding=\"async\" src=\"https:\/\/freewalkingtoursperu.com\/wp-content\/uploads\/2024\/03\/safe-tours-.png\" class=\"w-10 float-left mr-2\" alt=\"bg home\">\n                                        <div class=\"inline-block\">\n                                            <span class=\"font-nunito text-gray-900 font-bold text-sm inline-block\"> SEGURAS<\/span>\n                                            <span class=\"font-nunito text-xs block font-bold text-gray-500\"> EXCURSIONES<\/span>\n                                        <\/div>\n\n                                        <\/div>\n\n                                                    \n                        \n                        \n               \n            <\/div>\n            \n<\/div>\n\n\n\n\n<div class=\"wp-block-columns is-layout-flex wp-container-core-columns-is-layout-9d6595d7 wp-block-columns-is-layout-flex\">\n<div class=\"wp-block-column is-layout-flow wp-block-column-is-layout-flow\" style=\"flex-basis:75%\">\n<p>Descubre el&nbsp;<strong>barrio m\u00e1s bohemio<\/strong>&nbsp;de toda Lima:&nbsp;<strong>Barranco<\/strong>, un barrio s\u00faper pintoresco donde muchos famosos m\u00fasicos, poetas, escritores, pintores y escultores viven y plasman la esencia art\u00edstica en cada muro desde el <strong>siglo XX<\/strong>. Durante esta excursi\u00f3n conocer\u00e1s&nbsp;las calles republicanas, casonas antiguas y plazas&nbsp;m\u00e1s importantes, tambi\u00e9n visitaras&nbsp;un famoso museo. <\/p>\n\n\n\n<p>En la primera etapa de este recorrido espera por ti el famoso <strong>museo Pedro de Osma<\/strong> que, adem\u00e1s de haber sido hogar de una de las familias m\u00e1s influyentes de Lima, es considerado un espacio donde lo m\u00e1s destacado de las <strong>obras cusque\u00f1as y lime\u00f1as<\/strong>, forman parte de una colecci\u00f3n que exhibe<strong> la est\u00e9tica construida a trav\u00e9s del tiempo<\/strong>. <\/p>\n\n\n\n<p>M\u00e1s adelante, la <strong>plaza central de Barranco<\/strong> que exhibe la evoluci\u00f3n de un<em> balneario<\/em> en lo que al d\u00eda de hoy es conocido como distrito, explica sus or\u00edgenes, y en hora buena, porque tras ello el <strong>bohemio Puente de los Suspiros<\/strong> espera por revelarte sus secretos y c\u00f3mo es que fue molde\u00e1ndose hasta convertirse en un puente en el que <em>el deseo y las promesas de los amantes<\/em>, van de la mano. Y a tan solo unos pasos, descendiendo del puente se encuentra la famosa <strong>Bajada de los Ba\u00f1os<\/strong>, un lugar que te dejar\u00e1 fascinado no s\u00f3lo con su historia, sino con la calidez y esencia art\u00edstica que compone cada muro, cada pintura y cada casa. Estas son, sin duda alguna, <em>\u00a1razones para no perderte de este tour!<\/em><\/p>\n\n\n<div class=\"responsive-tabs\">\n<h2 class=\"tabtitle\"><span class=\"fa fa-th-list\"><\/span>RUTA<\/h2>\n<div class=\"tabcontent\">\n\n\n\n\n<div class=\"wp-block-advgb-accordions advgb-accordions-babae8bd-c8c9-40c1-8fd4-88bea512b34a advgb-accordion-wrapper\" data-collapsed=\"true\">\n<div class=\"wp-block-advgb-accordion-item advgb-accordion-item\" style=\"margin-bottom:15px\"><div class=\"advgb-accordion-header\" style=\"background-color:#daec9c;color:#000000;border-style:solid;border-width:1px;border-radius:2px\"><span class=\"advgb-accordion-header-icon accordion-state\"><svg class=\"advgb-icon-closed\" fill=\"#ffffff\" xmlns=\"http:\/\/www.w3.org\/2000\/svg\" width=\"24\" height=\"24\" viewBox=\"0 0 24 24\"><path fill=\"none\" d=\"M0,0h24v24H0V0z\"><\/path><path d=\"M19,13h-6v6h-2v-6H5v-2h6V5h2v6h6V13z\"><\/path><\/svg><svg class=\"advgb-icon-opened\" fill=\"#ffffff\" xmlns=\"http:\/\/www.w3.org\/2000\/svg\" width=\"24\" height=\"24\" viewBox=\"0 0 24 24\"><path fill=\"none\" d=\"M0,0h24v24H0V0z\"><\/path><path d=\"M19,13H5v-2h14V13z\"><\/path><\/svg><\/span><h4 class=\"advgb-accordion-header-title\" style=\"color:inherit\">Punto de encuentro<\/h4><\/div><div class=\"advgb-accordion-body\" style=\"border-style:solid !important;border-width:1px !important;border-color:undefined !important;border-top:none !important;border-radius:2px !important\">\n<p>Nos encontramos afuera del <strong>museo de Osma<\/strong> o en tu hotel (solo bajo petici\u00f3n exclusiva).<\/p>\n<\/div><\/div>\n\n\n\n<div class=\"wp-block-advgb-accordion-item advgb-accordion-item\" style=\"margin-bottom:15px\"><div class=\"advgb-accordion-header\" style=\"background-color:#daec9c;color:#000000;border-style:solid;border-width:1px;border-radius:2px\"><span class=\"advgb-accordion-header-icon accordion-state\"><svg class=\"advgb-icon-closed\" fill=\"#ffffff\" xmlns=\"http:\/\/www.w3.org\/2000\/svg\" width=\"24\" height=\"24\" viewBox=\"0 0 24 24\"><path fill=\"none\" d=\"M0,0h24v24H0V0z\"><\/path><path d=\"M19,13h-6v6h-2v-6H5v-2h6V5h2v6h6V13z\"><\/path><\/svg><svg class=\"advgb-icon-opened\" fill=\"#ffffff\" xmlns=\"http:\/\/www.w3.org\/2000\/svg\" width=\"24\" height=\"24\" viewBox=\"0 0 24 24\"><path fill=\"none\" d=\"M0,0h24v24H0V0z\"><\/path><path d=\"M19,13H5v-2h14V13z\"><\/path><\/svg><\/span><h4 class=\"advgb-accordion-header-title\" style=\"color:inherit\">Museo Pedro de Osma \u2014 visita interior<\/h4><\/div><div class=\"advgb-accordion-body\" style=\"border-style:solid !important;border-width:1px !important;border-color:undefined !important;border-top:none !important;border-radius:2px !important\">\n<p>En esta parte habr\u00e1 dado inicio la inmersi\u00f3n a una casona <strong>construida a inicios del siglo XX<\/strong> como la residencia privada de <strong>una de las familias m\u00e1s influyentes de Lima<\/strong>. Pese a ello, este lugar a m\u00e1s de ser solo una casona y un museo, es <strong>un almac\u00e9n hist\u00f3rico<\/strong> que resguarda <strong>obras cusque\u00f1as y lime\u00f1as<\/strong>, destacando la pintura religiosa influenciada por la<strong> cultura Andina, Europea y Mestiza<\/strong>. Entre las obras que podr\u00e1s apreciar est\u00e1 <strong>la representaci\u00f3n de la Virgen Mar\u00eda<\/strong>, la cual resalta el uso del pan de oro, as\u00ed como colores v\u00edvidos que tonifican el sombr\u00edo ambiente. <\/p>\n\n\n\n<p>Seguramente te preguntar\u00e1s: \u00bfC\u00f3mo llegaron dichas obras de arte a tal punto?, pues cada obra de arte y pieza, fue <strong>recolectada por Pedro Osma de Gildemeister<\/strong>, quien se dedic\u00f3 a construir una colecci\u00f3n que a m\u00e1s de brindar un enfoque acad\u00e9mico a su casona, le dar\u00eda un <strong>toque est\u00e9tico<\/strong> que al d\u00eda de hoy se ha convertido en<strong> un espacio cultural popular<\/strong>. <\/p>\n\n\n\n<p>En cuanto a la estructura de la casona, los estilos <strong>Franc\u00e9s del siglo XX<\/strong> y <strong>Art Nouveau<\/strong>, se ciernen sobre cada pasillo, jardines vitrales y decoraciones; reflejando el <strong>estilo de vida de la \u00e9lite lime\u00f1a de la Rep\u00fablica temprana<\/strong>. Recorre cada salones lleno de iluminaci\u00f3n natural y vitrales que se conectan con las pinturas, creando as\u00ed <strong>una atm\u00f3sfera sombr\u00eda y refinada<\/strong>. <\/p>\n<\/div><\/div>\n\n\n\n<div class=\"wp-block-advgb-accordion-item advgb-accordion-item\" style=\"margin-bottom:15px\"><div class=\"advgb-accordion-header\" style=\"background-color:#daec9c;color:#000000;border-style:solid;border-width:1px;border-radius:2px\"><span class=\"advgb-accordion-header-icon accordion-state\"><svg class=\"advgb-icon-closed\" fill=\"#ffffff\" xmlns=\"http:\/\/www.w3.org\/2000\/svg\" width=\"24\" height=\"24\" viewBox=\"0 0 24 24\"><path fill=\"none\" d=\"M0,0h24v24H0V0z\"><\/path><path d=\"M19,13h-6v6h-2v-6H5v-2h6V5h2v6h6V13z\"><\/path><\/svg><svg class=\"advgb-icon-opened\" fill=\"#ffffff\" xmlns=\"http:\/\/www.w3.org\/2000\/svg\" width=\"24\" height=\"24\" viewBox=\"0 0 24 24\"><path fill=\"none\" d=\"M0,0h24v24H0V0z\"><\/path><path d=\"M19,13H5v-2h14V13z\"><\/path><\/svg><\/span><h4 class=\"advgb-accordion-header-title\" style=\"color:inherit\">Plaza principal de Barranco<\/h4><\/div><div class=\"advgb-accordion-body\" style=\"border-style:solid !important;border-width:1px !important;border-color:undefined !important;border-top:none !important;border-radius:2px !important\">\n<p>El <strong>coraz\u00f3n del distrito m\u00e1s bohemio de Lima<\/strong>, la plaza principal de Barranco,<strong> no nace como una plaza republicana cl\u00e1sica<\/strong>, sino como <strong>un espacio social de veraneo<\/strong>, cuyo origen estuvo ligado a Barranco como el <strong>antiguo balneario de la \u00e9lite lime\u00f1a<\/strong> en el siglo XIX. Es por ello que el surgimiento de esta plaza marca el inicio de un punto informal del distrito. Esto \u00faltimo se debe a que alrededor de la plaza se asentaron las primeras casas de descanso antes de que Barranco fuer reconocido oficialmente como distrito. <\/p>\n\n\n\n<p>Al d\u00eda de hoy, alrededor podr\u00e1s observar casonas cuyo origen radica en los <strong>estilos republicano <\/strong>y<strong> balneario<\/strong>, con balcones y corredores dise\u00f1ados para un ambiente que busca la ventilaci\u00f3n marina. Actualmente la mayor\u00eda de estos espacios fueron destinados a convertirse en <strong>espacios culturales<\/strong>. <\/p>\n\n\n\n<p>Por su parte, en el frontis de la plaza se alza la <strong>Iglesia de la Sant\u00edsima Cruz<\/strong>, que desde su construcci\u00f3n, fue m\u00e1s que un templo dedicado a los m\u00e1s devotos, era considerado como <strong>el principal punto de referencia urbana<\/strong> que organiz\u00f3 el temprano desarrollo del entonces balneario.<\/p>\n<\/div><\/div>\n\n\n\n<div class=\"wp-block-advgb-accordion-item advgb-accordion-item\" style=\"margin-bottom:15px\"><div class=\"advgb-accordion-header\" style=\"background-color:#daec9c;color:#000000;border-style:solid;border-width:1px;border-radius:2px\"><span class=\"advgb-accordion-header-icon accordion-state\"><svg class=\"advgb-icon-closed\" fill=\"#ffffff\" xmlns=\"http:\/\/www.w3.org\/2000\/svg\" width=\"24\" height=\"24\" viewBox=\"0 0 24 24\"><path fill=\"none\" d=\"M0,0h24v24H0V0z\"><\/path><path d=\"M19,13h-6v6h-2v-6H5v-2h6V5h2v6h6V13z\"><\/path><\/svg><svg class=\"advgb-icon-opened\" fill=\"#ffffff\" xmlns=\"http:\/\/www.w3.org\/2000\/svg\" width=\"24\" height=\"24\" viewBox=\"0 0 24 24\"><path fill=\"none\" d=\"M0,0h24v24H0V0z\"><\/path><path d=\"M19,13H5v-2h14V13z\"><\/path><\/svg><\/span><h4 class=\"advgb-accordion-header-title\" style=\"color:inherit\">El Puente de los Suspiros<\/h4><\/div><div class=\"advgb-accordion-body\" style=\"border-style:solid !important;border-width:1px !important;border-color:undefined !important;border-top:none !important;border-radius:2px !important\">\n<p>Discreto y casi oculto entre la vegetaci\u00f3n del barranco, el Puente de los Suspiros no se impone: <strong>se deja descubrir<\/strong>. Suspendido sobre la Bajada de Ba\u00f1os, esta antigua quebrada que desciende suavemente hacia el Pac\u00edfico guarda una atm\u00f3sfera pausada donde el <strong>tiempo parece caminar m\u00e1s lento<\/strong>.<\/p>\n\n\n\n<p>Este ic\u00f3nico puente, <strong>Construido en el siglo XIX<\/strong> con madera de pino oreg\u00f3n, fue inaugurado el <strong>14 de febrero de 1876<\/strong> como una soluci\u00f3n pr\u00e1ctica para unir ambos lados del barranco. Sin embargo, con el paso de los a\u00f1os, este sencillo paso elevado fue adoptando un car\u00e1cter mucho m\u00e1s simb\u00f3lico, convirti\u00e9ndose en uno de los espacios m\u00e1s contemplativos y sensibles de Barranco. Cuenta la tradici\u00f3n popular que <em>quien lo atraviesa por primera vez y lo hace en silencio y sin respirar<\/em>, puede pedir un deseo. Adem\u00e1s, recuerda que&#8230; \u00ab14 de febrero\u00bb, es una fecha especial, y eso le da el toque \u00fanico a este puente, ya que<strong> los amantes vienen aqu\u00ed a sellar su promesa de amor<\/strong>. Por otra parte, el sitio fue inspiraci\u00f3n para muchos, teniendo as\u00ed a <strong>Chabuca Granda<\/strong>, quien inspirada en la magia que transmite este puente, compuso una canci\u00f3n que lleva por nombre \u00ab<em>El Puente de los Suspiros<\/em>\u00ab. <\/p>\n\n\n\n<p><em><strong>\u00a1Atr\u00e9vete a cruzar sus 31 metros mientras pides un deseo!<\/strong><\/em>, y si est\u00e1s en compa\u00f1\u00eda de la persona m\u00e1s importante de tu vida, inv\u00edtala a compartir esta experiencia emocional en <strong>el barrio al recuerdo, de la ciudad al mar<\/strong>.<\/p>\n<\/div><\/div>\n\n\n\n<div class=\"wp-block-advgb-accordion-item advgb-accordion-item\" style=\"margin-bottom:15px\"><div class=\"advgb-accordion-header\" style=\"background-color:#daec9c;color:#000000;border-style:solid;border-width:1px;border-radius:2px\"><span class=\"advgb-accordion-header-icon accordion-state\"><svg class=\"advgb-icon-closed\" fill=\"#ffffff\" xmlns=\"http:\/\/www.w3.org\/2000\/svg\" width=\"24\" height=\"24\" viewBox=\"0 0 24 24\"><path fill=\"none\" d=\"M0,0h24v24H0V0z\"><\/path><path d=\"M19,13h-6v6h-2v-6H5v-2h6V5h2v6h6V13z\"><\/path><\/svg><svg class=\"advgb-icon-opened\" fill=\"#ffffff\" xmlns=\"http:\/\/www.w3.org\/2000\/svg\" width=\"24\" height=\"24\" viewBox=\"0 0 24 24\"><path fill=\"none\" d=\"M0,0h24v24H0V0z\"><\/path><path d=\"M19,13H5v-2h14V13z\"><\/path><\/svg><\/span><h4 class=\"advgb-accordion-header-title\" style=\"color:inherit\">La Bajada de Ba\u00f1os<\/h4><\/div><div class=\"advgb-accordion-body\" style=\"border-style:solid !important;border-width:1px !important;border-color:undefined !important;border-top:none !important;border-radius:2px !important\">\n<p>Antes de que existiera un camino directo al mar, los pescadores bajaban por una quebrada empinada para llegar a la costa. Es por ello que <strong>a finales del siglo XIX<\/strong> se traz\u00f3 la Bajada de Ba\u00f1os, una v\u00eda peatonal que, desde entonces mantuvo la conexi\u00f3n de Barranco con el Pac\u00edfico.<\/p>\n\n\n\n<p>Durante este este recorrido \u2014tras haber descendido del Puente de los Suspiros\u2014 podr\u00e1s descubrir que los pasajes y caminos no son tan aburridos y sombr\u00edos, ya que este <strong>adem\u00e1s de los grafitis<\/strong> que tiene en cada muro, est\u00e1 <strong>lleno de artesanos<\/strong>, peque\u00f1as expresiones de arte urbano y antiguas <strong>casas republicanas de ca\u00f1a y barro<\/strong>, muchas de ellas a\u00fan en pie.<\/p>\n\n\n\n<p>Varias de estas viviendas se transformaron con el tiempo en caf\u00e9s, bares, restaurantes y galer\u00edas, dando a la Bajada de Ba\u00f1os <strong>ese aire bohemio y creativo<\/strong> que caracteriza a Barranco.<\/p>\n\n\n\n<p>Un descenso corto, lleno de historia y vida local, que nos conduce \u2014paso a paso\u2014 hacia el mar.<\/p>\n<\/div><\/div>\n\n\n\n<div class=\"wp-block-advgb-accordion-item advgb-accordion-item\" style=\"margin-bottom:15px\"><div class=\"advgb-accordion-header\" style=\"background-color:#daec9c;color:#000000;border-style:solid;border-width:1px;border-radius:2px\"><span class=\"advgb-accordion-header-icon accordion-state\"><svg class=\"advgb-icon-closed\" fill=\"#ffffff\" xmlns=\"http:\/\/www.w3.org\/2000\/svg\" width=\"24\" height=\"24\" viewBox=\"0 0 24 24\"><path fill=\"none\" d=\"M0,0h24v24H0V0z\"><\/path><path d=\"M19,13h-6v6h-2v-6H5v-2h6V5h2v6h6V13z\"><\/path><\/svg><svg class=\"advgb-icon-opened\" fill=\"#ffffff\" xmlns=\"http:\/\/www.w3.org\/2000\/svg\" width=\"24\" height=\"24\" viewBox=\"0 0 24 24\"><path fill=\"none\" d=\"M0,0h24v24H0V0z\"><\/path><path d=\"M19,13H5v-2h14V13z\"><\/path><\/svg><\/span><h4 class=\"advgb-accordion-header-title\" style=\"color:inherit\">Lugar de Finalizaci\u00f3n del Tour<\/h4><\/div><div class=\"advgb-accordion-body\" style=\"border-style:solid !important;border-width:1px !important;border-color:undefined !important;border-top:none !important;border-radius:2px !important\">\n<p>Terminaremos este tour privado cerca de la<strong> plaza principal de Barranco<\/strong>. Tambi\u00e9n podemos terminar en tu hotel bajo petici\u00f3n exclusiva.<\/p>\n<\/div><\/div>\n<\/div>\n\n\n\n<\/div><h2 class=\"tabtitle\"><span class=\"fa fa-credit-card\"><\/span>PRECIO<\/h2>\n<div class=\"tabcontent\">\n\n\n\n\n<p>Los precios mostrados en la tabla son:<\/p>\n\n\n\n<ul class=\"wp-block-list\">\n<li>Por persona&nbsp;en d\u00f3lares americanos ($).<\/li>\n\n\n\n<li>Pers. = personas.<\/li>\n<\/ul>\n\n\n\n<figure class=\"wp-block-table\"><table><thead><tr><th class=\"has-text-align-center\" data-align=\"center\" rowspan=\"2\">Pers.<\/th><th class=\"has-text-align-center\" data-align=\"center\" colspan=\"4\">Visita guiada privada con<\/th><\/tr><tr><th class=\"has-text-align-center\" data-align=\"center\">Punto de encuentro<\/th><th class=\"has-text-align-center\" data-align=\"center\">Recogida<\/th><th class=\"has-text-align-center\" data-align=\"center\" colspan=\"2\">Recogida y Drop-off<\/th><\/tr><\/thead><tbody><tr><td class=\"has-text-align-center\" data-align=\"center\">1<\/td><td class=\"has-text-align-center\" data-align=\"center\">$70<\/td><td class=\"has-text-align-center\" data-align=\"center\">$120<\/td><td class=\"has-text-align-center\" data-align=\"center\" colspan=\"2\">$160<\/td><\/tr><tr><td class=\"has-text-align-center\" data-align=\"center\">2<\/td><td class=\"has-text-align-center\" data-align=\"center\">$35<\/td><td class=\"has-text-align-center\" data-align=\"center\">$60<\/td><td class=\"has-text-align-center\" data-align=\"center\" colspan=\"2\">$80<\/td><\/tr><tr><td class=\"has-text-align-center\" data-align=\"center\">3<\/td><td class=\"has-text-align-center\" data-align=\"center\">$25<\/td><td class=\"has-text-align-center\" data-align=\"center\">$45<\/td><td class=\"has-text-align-center\" data-align=\"center\" colspan=\"2\">$60<\/td><\/tr><tr><td class=\"has-text-align-center\" data-align=\"center\">4<\/td><td class=\"has-text-align-center\" data-align=\"center\">$20<\/td><td class=\"has-text-align-center\" data-align=\"center\">$35<\/td><td class=\"has-text-align-center\" data-align=\"center\" colspan=\"2\">$45<\/td><\/tr><tr><td class=\"has-text-align-center\" data-align=\"center\">5<\/td><td class=\"has-text-align-center\" data-align=\"center\">$18<\/td><td class=\"has-text-align-center\" data-align=\"center\">$30<\/td><td class=\"has-text-align-center\" data-align=\"center\" colspan=\"2\">$35<\/td><\/tr><\/tbody><\/table><figcaption class=\"wp-element-caption\">Si tu grupo es mayor de 5 personas, \u00a1av\u00edsanos!<\/figcaption><\/figure>\n\n\n\n<\/div><h2 class=\"tabtitle\"><span class=\"fa fa-pencil-square-o\"><\/span>DETALLES<\/h2>\n<div class=\"tabcontent\">\n\n\n\n\n<p><i class=\"far fa-clock\"><\/i> <strong>Horarios:<\/strong> <\/p>\n\n\n\n<figure class=\"wp-block-table\"><table><thead><tr><th>Con<\/th><th>Horarios<\/th><th class=\"has-text-align-center\" data-align=\"center\">D\u00edas<\/th><\/tr><\/thead><tbody><tr><td>Punto de encuentro<\/td><td>\u2013 09:00 a 11:30<br>\u2013 14:00 a 16:30<\/td><td class=\"has-text-align-center\" data-align=\"center\" rowspan=\"3\">Todos los d\u00edas<\/td><\/tr><tr><td>Recogida<\/td><td>\u2013 09:00 a 12:00<br>\u2013 14:00 a 17:00<\/td><\/tr><tr><td>Recogida y Drop-off<\/td><td>\u2013 09:00 a 12:30<br>\u2013 14:00 a 17:30<\/td><\/tr><tr><td colspan=\"3\">Otros horarios disponibles bajo petici\u00f3n. No operamos el Viernes Santo, 1 de mayo, 24, 25, 31 de diciembre y 1 de enero.<\/td><\/tr><\/tbody><\/table><\/figure>\n\n\n\n<p><i class=\"far fa-comment\"><\/i> <strong>Idioma:<\/strong> <\/p>\n\n\n\n<ul class=\"wp-block-list\">\n<li>Espa\u00f1ol, ingl\u00e9s.<\/li>\n\n\n\n<li>Otros idiomas:\n<ul class=\"wp-block-list\">\n<li>Disponible bajo petici\u00f3n.<\/li>\n\n\n\n<li>Los precios variar\u00e1n.  <\/li>\n<\/ul>\n<\/li>\n<\/ul>\n\n\n\n<p><i class=\"fab fa-accessible-icon\"><\/i> <strong>Accesibilidad:<\/strong> No es apto para personas de movilidad reducida.<\/p>\n\n\n\n<p><i class=\"far fa-check-circle\"><\/i> <strong>Incluido:<\/strong> <\/p>\n\n\n\n<ul class=\"wp-block-list\">\n<li>Gu\u00eda profesional.<\/li>\n\n\n\n<li>Bajo petici\u00f3n:\n<ul class=\"wp-block-list\">\n<li>Recogida desde tu hotel.<\/li>\n\n\n\n<li>Drop-off en tu hotel.<\/li>\n<\/ul>\n<\/li>\n<\/ul>\n\n\n\n<p><i class=\"far fa-times-circle\"><\/i> <strong>No incluido:<\/strong><\/p>\n\n\n\n<ul class=\"wp-block-list\">\n<li>Tickets para museo Pedro de Osma: 15 soles pp.<\/li>\n\n\n\n<li>Propinas (opcional).<\/li>\n<\/ul>\n\n\n\n<p><i class=\"far fa-hand-paper\"><\/i> <strong>\u00bfQu\u00e9 llevo?<\/strong><\/p>\n\n\n\n<ul class=\"wp-block-list\">\n<li>Abril-nov:\n<ul class=\"wp-block-list\">\n<li>Jerseys.<\/li>\n<\/ul>\n<\/li>\n\n\n\n<li>Dic-marzo:\n<ul class=\"wp-block-list\">\n<li>Protector solar.<\/li>\n\n\n\n<li>Gafas de sol.<\/li>\n\n\n\n<li>Sombreros.<\/li>\n\n\n\n<li>Una botella de agua.<\/li>\n<\/ul>\n<\/li>\n\n\n\n<li>Moneda local en efectivo para tus entradas.<\/li>\n<\/ul>\n\n\n\n<p> <i class=\"fab fa-whatsapp\"><\/i> <strong>WhatsApp<\/strong>: <\/p>\n\n\n\n<ul class=\"wp-block-list\">\n<li><a href=\"https:\/\/api.whatsapp.com\/send?phone=51958745640&amp;text=Hello%20FWTP,%20can%20you%20help%20me,%20please?\" target=\"_blank\" rel=\"noreferrer noopener nofollow\">+51 958745640&nbsp;<\/a><\/li>\n\n\n\n<li><a href=\"https:\/\/api.whatsapp.com\/send?phone=51984479073&amp;text=Hello%20FWTP,%20can%20you%20help%20me,%20please?\" target=\"_blank\" rel=\"noreferrer noopener nofollow\">+51 984479073<\/a><\/li>\n<\/ul>\n\n\n\n<\/div><h2 class=\"tabtitle\"><span class=\"fa fa-calendar\"><\/span>NOTAS<\/h2>\n<div class=\"tabcontent\">\n\n\n\n\n<div class=\"wp-block-bloque-acordeon-acordeon-container acordeon-container\">\n<div class=\"wp-block-bloque-acordeon-acordeon-item acordeon-item\"><h4 class=\"acordeon-titulo\">Recogidas y horarios<\/h4><div class=\"acordeon-contenido\">\n<ul class=\"wp-block-list\">\n<li>Las recogidas son puntuales.<\/li>\n\n\n\n<li>Las recogidas aplican \u00fanicamente para hoteles ubicados en Miraflores, Barranco, San Isidro, La Victoria y Lima; para otros distritos se aplicar\u00e1 un costo adicional.<\/li>\n\n\n\n<li>Organizaremos todas las recogidas un d\u00eda antes de tu tour.<\/li>\n\n\n\n<li>La hora de finalizaci\u00f3n del tour sigue siendo aproximada; sin embargo, haremos nuestro mejor esfuerzo para terminar el tour seg\u00fan lo programado.<\/li>\n<\/ul>\n<\/div><\/div>\n\n\n\n<div class=\"wp-block-bloque-acordeon-acordeon-item acordeon-item\"><h4 class=\"acordeon-titulo\">Tipo de veh\u00edculo <\/h4><div class=\"acordeon-contenido\">\n<ul class=\"wp-block-list\">\n<li>Autorizado por el Ministerio de Transportes del Per\u00fa.<\/li>\n\n\n\n<li>Autos limpios y modernos.<\/li>\n\n\n\n<li>Autos con aspecto de sed\u00e1n, 4\u00d74, H1, Van, Renault y Mercedes Benz (depender\u00e1 del tama\u00f1o del grupo).<\/li>\n<\/ul>\n<\/div><\/div>\n\n\n\n<div class=\"wp-block-bloque-acordeon-acordeon-item acordeon-item\"><h4 class=\"acordeon-titulo\">Descuentos en los tickets de ingreso<\/h4><div class=\"acordeon-contenido\">\n<p>Los ni\u00f1os, menores de edad, estudiantes y peruanos pueden recibir descuentos, pero se requiere mostrar una identificaci\u00f3n oficial.<\/p>\n\n\n\n<ul class=\"wp-block-list\">\n<li>Ni\u00f1os y menores: Trae sus pasaportes oficiales para demostrar su edad.<\/li>\n\n\n\n<li>Estudiantes: Trae tu pasaporte oficial y una identificaci\u00f3n emitida por el gobierno.<\/li>\n\n\n\n<li>Peruanos: Trae tu documento de identidad oficial.<\/li>\n<\/ul>\n<\/div><\/div>\n\n\n\n<div class=\"wp-block-bloque-acordeon-acordeon-item acordeon-item\"><h4 class=\"acordeon-titulo\">Operatividad e itinerario<\/h4><div class=\"acordeon-contenido\">\n<p>Este tour est\u00e1 sujeto a variaciones sin previo aviso, debido a condiciones clim\u00e1ticas, huelgas y cualquier otro evento que no permita la operaci\u00f3n normal del tour. Tambi\u00e9n consulta nuestros&nbsp;<a href=\"https:\/\/freewalkingtoursperu.com\/es\/terminos-condiciones\/\" target=\"_blank\" rel=\"noreferrer noopener\">t\u00e9rminos<\/a>.<a href=\"https:\/\/www.forbes.com\/sites\/laurabegleybloom\/2018\/12\/18\/the-cheapest-places-to-travel-in-2019\/?sh=21becc0e787a\"><\/a><\/p>\n<\/div><\/div>\n<\/div>\n\n\n\n<\/div><h2 class=\"tabtitle\"><span class=\"fa fa-calendar\"><\/span>CANCELACIONES<\/h2>\n<div class=\"tabcontent\">\n\n\n\n\n<p>La cancelaci\u00f3n del tour es gratuita siempre que lo hagas con al menos 48 horas de antelaci\u00f3n, en caso contrario te cobraremos el 100% del precio del tour. Tambi\u00e9n consulta nuestros <a href=\"https:\/\/freewalkingtoursperu.com\/es\/terminos-condiciones\/\" target=\"_blank\" rel=\"noreferrer noopener\">t\u00e9rminos<\/a>.<\/p>\n\n\n\n<\/div><h2 class=\"urltab\"><a href=\"#reviews\"><span class=\"fa fa-comments-o\"><\/span>RESE\u00d1AS<\/a><\/h2>\n<div class=\"tabcontent\">\n\n\n\n\n<p>Por favor, desliza hacia abajo para ver comentarios.<\/p>\n\n\n<\/div><\/div>\n<\/div>\n\n\n\n<div class=\"wp-block-column is-layout-flow wp-block-column-is-layout-flow\" style=\"flex-basis:25%\">\n<div class=\"wp-block-group\"><div class=\"wp-block-group__inner-container is-layout-constrained wp-block-group-is-layout-constrained\"><div class='mb-10'>\n\t    \n\t\t<div class='flex gap-1'>\n\t\t\t\t<div class='flex-auto'>\n\t\t\t\t\t<a href='https:\/\/www.forbes.com\/sites\/laurabegleybloom\/2018\/12\/18\/the-cheapest-places-to-travel-in-2019\/?sh=21becc0e787a'><img src=https:\/\/freewalkingtoursperu.com\/wp-content\/themes\/fwtp\/img\/logo-forbes.png alt='logo forbes' class='w-full h-auto xl:h-12'><\/a>\n\t\t\t\t<\/div>\n\t\t\t\t<div class='flex-auto'>\n\t\t\t\t\t<a href='https:\/\/goo.gl\/maps\/FhNr5D6qmpcDwfTPA'><img src=https:\/\/freewalkingtoursperu.com\/wp-content\/themes\/fwtp\/img\/logo-tripadvisor.png alt='logo tripadvisor' class='w-full h-auto xl:h-12'><\/a>\n\t\t\t\t<\/div>\n\t\t<\/div>\n\t\t<div class='text-center'>\n\t\t\t<a href='#'><img src=https:\/\/freewalkingtoursperu.com\/wp-content\/themes\/fwtp\/img\/logo-free-walking-tours-peru-ministerio-turismo.png width='100%' alt='logo ministerio del comercio exterior' class='mt-1'><\/a>\n\t\t<\/div>\n\n\t <\/div>\n\n\n\n<!--Markup for citys-->\n\n<div id=\"tour-block_215b5e2fe1492230e5ddd1ab6d2f3953\" class=\"tour\">\n\n            <div class=''>\n\t            <div class='flex rounded-t shadow'>\n\t\t\t        <div class='px-3 py-2 rounded-tl bg-black text-white text-lg mb-0  font-semibold font-nunito'>Sin sobreprecios<\/div>\n\t\t\t        <div class='px-1 py-2 rounded-tr flex-auto font-nunito font-semibold bg-fwtp text-lg text-black  mb-0 text-center'>Desde $35<\/div>\n\t\t\t    <\/div>\n\t        <\/div>\n<\/div>\n\n\n\n\n<div class=\"wpcf7 no-js\" id=\"wpcf7-f7053-o1\" lang=\"en-US\" dir=\"ltr\" data-wpcf7-id=\"7053\">\n<div class=\"screen-reader-response\"><p role=\"status\" aria-live=\"polite\" aria-atomic=\"true\"><\/p> <ul><\/ul><\/div>\n<form action=\"\/es\/wp-json\/wp\/v2\/pages\/26726#wpcf7-f7053-o1\" method=\"post\" class=\"wpcf7-form init\" aria-label=\"Contact form\" novalidate=\"novalidate\" data-status=\"init\">\n<fieldset class=\"hidden-fields-container\"><input type=\"hidden\" name=\"_wpcf7\" value=\"7053\" \/><input type=\"hidden\" name=\"_wpcf7_version\" value=\"6.1.7\" \/><input type=\"hidden\" name=\"_wpcf7_locale\" value=\"en_US\" \/><input type=\"hidden\" name=\"_wpcf7_unit_tag\" value=\"wpcf7-f7053-o1\" \/><input type=\"hidden\" name=\"_wpcf7_container_post\" value=\"0\" \/><input type=\"hidden\" name=\"_wpcf7_posted_data_hash\" value=\"\" \/><input type=\"hidden\" name=\"_wpcf7dtx_version\" value=\"5.0.7\" \/>\n<\/fieldset>\n<input class=\"wpcf7-form-control wpcf7-hidden\" value=\"18\" type=\"hidden\" name=\"Id_Walks\" \/>\n<input class=\"wpcf7-form-control wpcf7-hidden\" value=\"7654b4727024a2c675fca0c25ada6383c21dcba4\" type=\"hidden\" name=\"Ncode\" \/>\n<div id=\"form\" class=\"box-form border rounded-bottom shadow bg-white p-3\">\n<span class=\"wpcf7-form-control-wrap page-title\" data-name=\"page-title\"><input type=\"hidden\" name=\"page-title\" class=\"wpcf7-form-control wpcf7-hidden wpcf7dtx wpcf7dtx-hidden\" aria-invalid=\"false\" value=\"Tour privado a pie por Barranco\"><\/span>\n        <div class=\"form-group\">\n           <span class=\"wpcf7-form-control-wrap page-title\" data-name=\"page-title\"><input type=\"text\" name=\"page-title\" class=\"wpcf7-form-control wpcf7-text wpcf7dtx wpcf7dtx-text form-control form-control-sm\" aria-invalid=\"false\" value=\"Tour privado a pie por Barranco\"><\/span>\n      <\/div>\n      <div class=\"form-group\">\n        <p>Fecha: <span class=\"wpcf7-form-control-wrap\" data-name=\"date-free\"><input size=\"40\" maxlength=\"400\" class=\"wpcf7-form-control wpcf7-text form-control form-control-sm fwt\" aria-invalid=\"false\" placeholder=\"dd\/mm\/yyyy\" value=\"\" type=\"text\" name=\"date-free\" \/><\/span><\/p>\n       <\/div>\n     <div class=\"form-group\">\n         <span class=\"wpcf7-form-control-wrap\" data-name=\"size\"><select class=\"wpcf7-form-control wpcf7-select wpcf7-validates-as-required form-control form-control-sm\" aria-required=\"true\" aria-invalid=\"false\" name=\"size\"><option value=\"\">\u00bfCuantas personas son en tu grupo?<\/option><option value=\"1\">1<\/option><option value=\"2\">2<\/option><option value=\"3\">3<\/option><option value=\"4\">4<\/option><option value=\"5\">5<\/option><option value=\"6\">6<\/option><option value=\"7\">7<\/option><option value=\"8\">8<\/option><option value=\"9\">9<\/option><option value=\"10\">10<\/option><\/select><\/span>\n      <\/div>\n       <div class=\"form-group\">\n        <span class=\"wpcf7-form-control-wrap\" data-name=\"name-free\"><input size=\"40\" maxlength=\"400\" class=\"wpcf7-form-control wpcf7-text wpcf7-validates-as-required form-control form-control-sm\" aria-required=\"true\" aria-invalid=\"false\" placeholder=\"Nombre y apellido\" value=\"\" type=\"text\" name=\"name-free\" \/><\/span>\n      <\/div>\n      <div class=\"form-group\">\n          <span class=\"wpcf7-form-control-wrap\" data-name=\"email-free\"><input size=\"40\" maxlength=\"400\" class=\"wpcf7-form-control wpcf7-email wpcf7-validates-as-required wpcf7-text wpcf7-validates-as-email form-control form-control-sm\" aria-required=\"true\" aria-invalid=\"false\" placeholder=\"Correo\" value=\"\" type=\"email\" name=\"email-free\" \/><\/span>\n      <\/div>\n <div class=\"form-group\">\n          <span class=\"wpcf7-form-control-wrap\" data-name=\"Whatsapp\"><input size=\"40\" class=\"wpcf7-form-control wpcf7-phonetext wpcf7-validates-as-required wpcf7-text wpcf7-validates-as-phonetext form-control form-control-sm\" aria-required=\"true\" aria-invalid=\"false\" placeholder=\"Whatsapp\" value=\"\" type=\"text\" name=\"Whatsapp\" \/><input type=\"hidden\" name=\"Whatsapp-country-code\" class=\"wpcf7-phonetext-country-code\" \/><\/span>\n      <\/div>\n       <div class=\"form-group\">\n         <span class=\"wpcf7-form-control-wrap\" data-name=\"your-message\"><textarea cols=\"7\" rows=\"5\" maxlength=\"2000\" class=\"wpcf7-form-control wpcf7-textarea form-control form-control-sm\" aria-invalid=\"false\" placeholder=\"Escribe aqu\u00ed cualquier informaci\u00f3n adicional que consideres: Hotel, preferencia por un tour privado, tours adicionales, ni\u00f1os, adulto mayor, etc.\" name=\"your-message\"><\/textarea><\/span>\n      <\/div>\n        <div class=\"form-group text-center\">\n          <p class=\"text-center\"><input class=\"wpcf7-form-control wpcf7-submit has-spinner btn btn-lg px-5 btn-free\" type=\"submit\" value=\"Cotiza ya\" \/><\/p>\n          \n        <\/div>\n\n<\/div><div class=\"wpcf7-response-output\" aria-hidden=\"true\"><\/div>\n<\/form>\n<\/div>\n\n<\/div><\/div>\n<\/div>\n<\/div>\n\n\n<div class='bg-white border p-3 shadow my-3' id='reviews' ><\/p>\n\n\n\n<h2 class=\"wp-block-heading\" id=\"reviews-009bf618-1525-4de9-95e4-c35333e5f797\">Redes Sociales<\/h2>\n\n\n\n<p>\u2b50<a href=\"https:\/\/goo.gl\/maps\/FhNr5D6qmpcDwfTPA\" target=\"_blank\" rel=\"noreferrer noopener\">Google Maps:<\/a> 1200 comentarios <strong>|<\/strong> \u2b50<a href=\"https:\/\/www.tripadvisor.com.pe\/Attraction_Review-g294316-d19513018-Reviews-Free_Walking_Tours_Peru-Lima_Lima_Region.html\" target=\"_blank\" rel=\"noreferrer noopener\">TripAdvisor:<\/a> 500 testimonios <strong>|<\/strong> \u2b50<a href=\"https:\/\/www.facebook.com\/limafreewalkingtour\/\" target=\"_blank\" rel=\"noreferrer noopener\">Facebook<\/a>: 50 comentarios <strong>|<\/strong> \u2b50<a href=\"https:\/\/www.instagram.com\/limafreewalkingtours\/\" target=\"_blank\" rel=\"noreferrer noopener\">Instagram:<\/a> 6000 seguidores <strong>|<\/strong> \u2b50<a href=\"https:\/\/youtu.be\/HdYcNrUxnXA\" target=\"_blank\" rel=\"noreferrer noopener\">YouTube:<\/a> Ver videos reales <strong>|<\/strong> \u2b50<a href=\"https:\/\/freewalkingtoursperu.com\/es\/sobre-nosotros\/\" target=\"_blank\" rel=\"noreferrer noopener\">Viajeros:<\/a> + de 45 turistas<\/p>\n\n\n<p> <\/div>\n","protected":false},"excerpt":{"rendered":"<p>Descubre el&nbsp;barrio m\u00e1s bohemio&nbsp;de toda Lima:&nbsp;Barranco, un barrio s\u00faper pintoresco donde muchos famosos m\u00fasicos, poetas, escritores, pintores y escultores viven y plasman la esencia art\u00edstica en cada muro desde el siglo XX. Durante esta excursi\u00f3n conocer\u00e1s&nbsp;las calles republicanas, casonas antiguas y plazas&nbsp;m\u00e1s importantes, tambi\u00e9n visitaras&nbsp;un famoso museo. En la primera etapa de este recorrido espera [&hellip;]<\/p>\n","protected":false},"author":1,"featured_media":0,"parent":7353,"menu_order":0,"comment_status":"closed","ping_status":"closed","template":"page-tour-pay.php","meta":{"_acf_changed":false,"advgb_blocks_editor_width":"full","advgb_blocks_columns_visual_guide":"","footnotes":""},"class_list":["post-26726","page","type-page","status-publish","hentry"],"acf":[],"yoast_head":"<!-- This site is optimized with the Yoast SEO plugin v28.4 - https:\/\/yoast.com\/product\/yoast-seo-wordpress\/ -->\n<title>Tour a pie privado por Barranco: Arte colonial &amp; street art<\/title>\n<meta name=\"description\" content=\"Reserva el Tour Privado a pie por Barranco: Arte Colonial + Grafiti + Museo Pedro de Osma con gu\u00eda local en espa\u00f1ol.\" \/>\n<meta name=\"robots\" content=\"index, follow, max-snippet:-1, max-image-preview:large, max-video-preview:-1\" \/>\n<link rel=\"canonical\" href=\"https:\/\/freewalkingtoursperu.com\/es\/tours-lima\/tour-a-pie-privado-barranco-arte-colonial-y-street-art\/\" \/>\n<meta property=\"og:locale\" content=\"es_ES\" \/>\n<meta property=\"og:type\" content=\"article\" \/>\n<meta property=\"og:title\" content=\"Tour a pie privado por Barranco: Arte colonial &amp; street art\" \/>\n<meta property=\"og:description\" content=\"Reserva el Tour Privado a pie por Barranco: Arte Colonial + Grafiti + Museo Pedro de Osma con gu\u00eda local en espa\u00f1ol.\" \/>\n<meta property=\"og:url\" content=\"https:\/\/freewalkingtoursperu.com\/es\/tours-lima\/tour-a-pie-privado-barranco-arte-colonial-y-street-art\/\" \/>\n<meta property=\"og:site_name\" content=\"Free Walking Tours Peru\" \/>\n<meta property=\"article:modified_time\" content=\"2026-06-18T23:12:47+00:00\" \/>\n<meta name=\"twitter:card\" content=\"summary_large_image\" \/>\n<meta name=\"twitter:label1\" content=\"Tiempo de lectura\" \/>\n\t<meta name=\"twitter:data1\" content=\"7 minutos\" \/>\n<script type=\"application\/ld+json\" class=\"yoast-schema-graph\">{\"@context\":\"https:\\\/\\\/schema.org\",\"@graph\":[{\"@type\":\"WebPage\",\"@id\":\"https:\\\/\\\/freewalkingtoursperu.com\\\/es\\\/tours-lima\\\/tour-a-pie-privado-barranco-arte-colonial-y-street-art\\\/\",\"url\":\"https:\\\/\\\/freewalkingtoursperu.com\\\/es\\\/tours-lima\\\/tour-a-pie-privado-barranco-arte-colonial-y-street-art\\\/\",\"name\":\"Tour a pie privado por Barranco: Arte colonial & street art\",\"isPartOf\":{\"@id\":\"https:\\\/\\\/freewalkingtoursperu.com\\\/es\\\/#website\"},\"datePublished\":\"2020-12-13T20:42:00+00:00\",\"dateModified\":\"2026-06-18T23:12:47+00:00\",\"description\":\"Reserva el Tour Privado a pie por Barranco: Arte Colonial + Grafiti + Museo Pedro de Osma con gu\u00eda local en espa\u00f1ol.\",\"breadcrumb\":{\"@id\":\"https:\\\/\\\/freewalkingtoursperu.com\\\/es\\\/tours-lima\\\/tour-a-pie-privado-barranco-arte-colonial-y-street-art\\\/#breadcrumb\"},\"inLanguage\":\"es\",\"potentialAction\":[{\"@type\":\"ReadAction\",\"target\":[\"https:\\\/\\\/freewalkingtoursperu.com\\\/es\\\/tours-lima\\\/tour-a-pie-privado-barranco-arte-colonial-y-street-art\\\/\"]}]},{\"@type\":\"BreadcrumbList\",\"@id\":\"https:\\\/\\\/freewalkingtoursperu.com\\\/es\\\/tours-lima\\\/tour-a-pie-privado-barranco-arte-colonial-y-street-art\\\/#breadcrumb\",\"itemListElement\":[{\"@type\":\"ListItem\",\"position\":1,\"name\":\"Home\",\"item\":\"https:\\\/\\\/freewalkingtoursperu.com\\\/es\\\/\"},{\"@type\":\"ListItem\",\"position\":2,\"name\":\"Tours en Lima\",\"item\":\"https:\\\/\\\/freewalkingtoursperu.com\\\/es\\\/tours-lima\\\/\"},{\"@type\":\"ListItem\",\"position\":3,\"name\":\"Tour privado a pie por Barranco\"}]},{\"@type\":\"WebSite\",\"@id\":\"https:\\\/\\\/freewalkingtoursperu.com\\\/es\\\/#website\",\"url\":\"https:\\\/\\\/freewalkingtoursperu.com\\\/es\\\/\",\"name\":\"Free Walking Tours Peru\",\"description\":\"\",\"publisher\":{\"@id\":\"https:\\\/\\\/freewalkingtoursperu.com\\\/es\\\/#organization\"},\"potentialAction\":[{\"@type\":\"SearchAction\",\"target\":{\"@type\":\"EntryPoint\",\"urlTemplate\":\"https:\\\/\\\/freewalkingtoursperu.com\\\/es\\\/?s={search_term_string}\"},\"query-input\":{\"@type\":\"PropertyValueSpecification\",\"valueRequired\":true,\"valueName\":\"search_term_string\"}}],\"inLanguage\":\"es\"},{\"@type\":\"Organization\",\"@id\":\"https:\\\/\\\/freewalkingtoursperu.com\\\/es\\\/#organization\",\"name\":\"Free Walking Tours Peru\",\"url\":\"https:\\\/\\\/freewalkingtoursperu.com\\\/es\\\/\",\"logo\":{\"@type\":\"ImageObject\",\"inLanguage\":\"es\",\"@id\":\"https:\\\/\\\/freewalkingtoursperu.com\\\/es\\\/#\\\/schema\\\/logo\\\/image\\\/\",\"url\":\"https:\\\/\\\/freewalkingtoursperu.com\\\/wp-content\\\/uploads\\\/2026\\\/02\\\/logo-freeorg.svg\",\"contentUrl\":\"https:\\\/\\\/freewalkingtoursperu.com\\\/wp-content\\\/uploads\\\/2026\\\/02\\\/logo-freeorg.svg\",\"caption\":\"Free Walking Tours Peru\"},\"image\":{\"@id\":\"https:\\\/\\\/freewalkingtoursperu.com\\\/es\\\/#\\\/schema\\\/logo\\\/image\\\/\"}}]}<\/script>\n<!-- \/ Yoast SEO plugin. -->","yoast_head_json":{"title":"Tour a pie privado por Barranco: Arte colonial & street art","description":"Reserva el Tour Privado a pie por Barranco: Arte Colonial + Grafiti + Museo Pedro de Osma con gu\u00eda local en espa\u00f1ol.","robots":{"index":"index","follow":"follow","max-snippet":"max-snippet:-1","max-image-preview":"max-image-preview:large","max-video-preview":"max-video-preview:-1"},"canonical":"https:\/\/freewalkingtoursperu.com\/es\/tours-lima\/tour-a-pie-privado-barranco-arte-colonial-y-street-art\/","og_locale":"es_ES","og_type":"article","og_title":"Tour a pie privado por Barranco: Arte colonial & street art","og_description":"Reserva el Tour Privado a pie por Barranco: Arte Colonial + Grafiti + Museo Pedro de Osma con gu\u00eda local en espa\u00f1ol.","og_url":"https:\/\/freewalkingtoursperu.com\/es\/tours-lima\/tour-a-pie-privado-barranco-arte-colonial-y-street-art\/","og_site_name":"Free Walking Tours Peru","article_modified_time":"2026-06-18T23:12:47+00:00","twitter_card":"summary_large_image","twitter_misc":{"Tiempo de lectura":"7 minutos"},"schema":{"@context":"https:\/\/schema.org","@graph":[{"@type":"WebPage","@id":"https:\/\/freewalkingtoursperu.com\/es\/tours-lima\/tour-a-pie-privado-barranco-arte-colonial-y-street-art\/","url":"https:\/\/freewalkingtoursperu.com\/es\/tours-lima\/tour-a-pie-privado-barranco-arte-colonial-y-street-art\/","name":"Tour a pie privado por Barranco: Arte colonial & street art","isPartOf":{"@id":"https:\/\/freewalkingtoursperu.com\/es\/#website"},"datePublished":"2020-12-13T20:42:00+00:00","dateModified":"2026-06-18T23:12:47+00:00","description":"Reserva el Tour Privado a pie por Barranco: Arte Colonial + Grafiti + Museo Pedro de Osma con gu\u00eda local en espa\u00f1ol.","breadcrumb":{"@id":"https:\/\/freewalkingtoursperu.com\/es\/tours-lima\/tour-a-pie-privado-barranco-arte-colonial-y-street-art\/#breadcrumb"},"inLanguage":"es","potentialAction":[{"@type":"ReadAction","target":["https:\/\/freewalkingtoursperu.com\/es\/tours-lima\/tour-a-pie-privado-barranco-arte-colonial-y-street-art\/"]}]},{"@type":"BreadcrumbList","@id":"https:\/\/freewalkingtoursperu.com\/es\/tours-lima\/tour-a-pie-privado-barranco-arte-colonial-y-street-art\/#breadcrumb","itemListElement":[{"@type":"ListItem","position":1,"name":"Home","item":"https:\/\/freewalkingtoursperu.com\/es\/"},{"@type":"ListItem","position":2,"name":"Tours en Lima","item":"https:\/\/freewalkingtoursperu.com\/es\/tours-lima\/"},{"@type":"ListItem","position":3,"name":"Tour privado a pie por Barranco"}]},{"@type":"WebSite","@id":"https:\/\/freewalkingtoursperu.com\/es\/#website","url":"https:\/\/freewalkingtoursperu.com\/es\/","name":"Free Walking Tours Peru","description":"","publisher":{"@id":"https:\/\/freewalkingtoursperu.com\/es\/#organization"},"potentialAction":[{"@type":"SearchAction","target":{"@type":"EntryPoint","urlTemplate":"https:\/\/freewalkingtoursperu.com\/es\/?s={search_term_string}"},"query-input":{"@type":"PropertyValueSpecification","valueRequired":true,"valueName":"search_term_string"}}],"inLanguage":"es"},{"@type":"Organization","@id":"https:\/\/freewalkingtoursperu.com\/es\/#organization","name":"Free Walking Tours Peru","url":"https:\/\/freewalkingtoursperu.com\/es\/","logo":{"@type":"ImageObject","inLanguage":"es","@id":"https:\/\/freewalkingtoursperu.com\/es\/#\/schema\/logo\/image\/","url":"https:\/\/freewalkingtoursperu.com\/wp-content\/uploads\/2026\/02\/logo-freeorg.svg","contentUrl":"https:\/\/freewalkingtoursperu.com\/wp-content\/uploads\/2026\/02\/logo-freeorg.svg","caption":"Free Walking Tours Peru"},"image":{"@id":"https:\/\/freewalkingtoursperu.com\/es\/#\/schema\/logo\/image\/"}}]}},"coauthors":[],"author_meta":{"author_link":"https:\/\/freewalkingtoursperu.com\/es\/blog\/author\/adminfwt\/","display_name":"FWTP"},"relative_dates":{"created":"Publicado 6 a\u00f1os hace","modified":"Actualizado 3 meses hace"},"absolute_dates":{"created":"Publicado el 13 diciembre, 2020","modified":"Actualizado el 18 junio, 2026"},"absolute_dates_time":{"created":"Publicado el 13 diciembre, 2020 3:42 pm","modified":"Actualizado el 18 junio, 2026 6:12 pm"},"featured_img_caption":"","featured_img":false,"series_order":"","_links":{"self":[{"href":"https:\/\/freewalkingtoursperu.com\/es\/wp-json\/wp\/v2\/pages\/26726","targetHints":{"allow":["GET"]}}],"collection":[{"href":"https:\/\/freewalkingtoursperu.com\/es\/wp-json\/wp\/v2\/pages"}],"about":[{"href":"https:\/\/freewalkingtoursperu.com\/es\/wp-json\/wp\/v2\/types\/page"}],"author":[{"embeddable":true,"href":"https:\/\/freewalkingtoursperu.com\/es\/wp-json\/wp\/v2\/users\/1"}],"replies":[{"embeddable":true,"href":"https:\/\/freewalkingtoursperu.com\/es\/wp-json\/wp\/v2\/comments?post=26726"}],"version-history":[{"count":1,"href":"https:\/\/freewalkingtoursperu.com\/es\/wp-json\/wp\/v2\/pages\/26726\/revisions"}],"predecessor-version":[{"id":71579,"href":"https:\/\/freewalkingtoursperu.com\/es\/wp-json\/wp\/v2\/pages\/26726\/revisions\/71579"}],"up":[{"embeddable":true,"href":"https:\/\/freewalkingtoursperu.com\/es\/wp-json\/wp\/v2\/pages\/7353"}],"wp:attachment":[{"href":"https:\/\/freewalkingtoursperu.com\/es\/wp-json\/wp\/v2\/media?parent=26726"}],"curies":[{"name":"wp","href":"https:\/\/api.w.org\/{rel}","templated":true}]}}