{"id":29160,"date":"2023-02-13T11:04:45","date_gmt":"2023-02-13T16:04:45","guid":{"rendered":"https:\/\/freewalkingtoursperu.com\/?page_id=29160"},"modified":"2026-06-18T18:15:33","modified_gmt":"2026-06-18T23:15:33","slug":"tour-catacumbas-san-francisco-cementerio-presbitero-maestro-lima","status":"publish","type":"page","link":"https:\/\/freewalkingtoursperu.com\/es\/tours-lima\/tour-catacumbas-san-francisco-cementerio-presbitero-maestro-lima\/","title":{"rendered":"Cementerio presb\u00edtero Maestro + catacumbas"},"content":{"rendered":"\n<!--Markup for citys-->\n\n<div id=\"tour-block_0d4e9ab67a0c12cc6409ecb49cb25a05\" class=\"toursweb flex flex-col-reverse md:flex-col\">\n\n\n        <div class=\"container mb-2\">          \n                        <div class=\"mt-6\">\n                        <p id=\"breadcrumbs\" class=\"mb-0\"><span><span><a href=\"https:\/\/freewalkingtoursperu.com\/es\/\">Home<\/a><\/span><\/span><\/p>                        <\/div>\n            \n\n                    <h1 class=\"text-xl xl:text-3xl mb-2 font-bold text-gray-800\"> Cementerio presb\u00edtero Maestro + catacumbas<\/h1>\n                                        <div class=\"flex gap-3 mb-4\">\n                            <span>\n                                <i class='fas fa-star text-yellow-400'><\/i> \n                                <i class='fas fa-star text-yellow-400'><\/i> \n                                <i class='fas fa-star text-yellow-400'><\/i> \n                                <i class='fas fa-star text-yellow-400'><\/i> \n                                <i class='fas fa-star text-yellow-400'><\/i>  \n                            <\/span>\n                            <span> \n                                <i class=\"far fa-user text-gray-700\"><\/i> <a href=\"#reviews\"> <span class=\"text-sky-600 font-nunito\">29 viajeros<\/span> <\/a>\n                            <\/span>\n\n                            <span> \n                            <i class=\"far fa-clock text-gray-700\"><\/i>  <span class=\"text-gray-800 font-nunito\">4 h<\/span> \n                            <\/span>\n\n                            <span> \n                                <i class=\"far fa-comment text-gray-700\"><\/i> \n                                    <span class=\"mr-1 text-sm flag-icon flag-icon-gb\"><\/span><span class=\"mr-1 text-sm flag-icon flag-icon-es\"><\/span>                            <\/span>\n                        <\/div>\n                              \n        <\/div>\n\n    \n\n\n        <div class=\"relative mb-2 mt-2\">\n\n                    \n                        <div id=\"lightgallery\" class=\"flex flex-wrap img-large\"> \n                                                            <a class=\"w-2\/12 img-small xl:block hidden\" href=\"https:\/\/freewalkingtoursperu.com\/wp-content\/uploads\/2025\/10\/Cementerio_presbitero_Maestro__catacumbas_1.webp\"  data-sub-html=\"\">\n                                <img decoding=\"async\" src=\"https:\/\/freewalkingtoursperu.com\/wp-content\/uploads\/2025\/10\/Cementerio_presbitero_Maestro__catacumbas_1.webp\" class=\"cursor-pointer rounded w-full object-cover\"  alt=\"Cementerio presb\u00edtero Maestro + catacumbas\">\n                                <\/a>\n                                                            <a class=\"w-2\/12 img-small xl:block hidden\" href=\"https:\/\/freewalkingtoursperu.com\/wp-content\/uploads\/2023\/02\/tour-catacumbas-san-francisco-cementerio-presbitero-maestro-lima-4.jpg\"  data-sub-html=\"\">\n                                <img decoding=\"async\" src=\"https:\/\/freewalkingtoursperu.com\/wp-content\/uploads\/2023\/02\/tour-catacumbas-san-francisco-cementerio-presbitero-maestro-lima-4.jpg\" class=\"cursor-pointer rounded w-full object-cover\"  alt=\"Tour de las Catacumbas de San Francisco + Cementerio Presb\u00edtero Maestro\">\n                                <\/a>\n                                                            <a class=\"w-2\/12 img-small xl:block hidden\" href=\"https:\/\/freewalkingtoursperu.com\/wp-content\/uploads\/2023\/02\/tour-catacumbas-san-francisco-cementerio-presbitero-maestro-lima-5.jpg\"  data-sub-html=\"\">\n                                <img decoding=\"async\" src=\"https:\/\/freewalkingtoursperu.com\/wp-content\/uploads\/2023\/02\/tour-catacumbas-san-francisco-cementerio-presbitero-maestro-lima-5.jpg\" class=\"cursor-pointer rounded w-full object-cover\"  alt=\"Tour de las Catacumbas de San Francisco + Cementerio Presb\u00edtero Maestro\">\n                                <\/a>\n                                                            <a class=\"w-2\/12 img-small xl:block hidden\" href=\"https:\/\/freewalkingtoursperu.com\/wp-content\/uploads\/2023\/02\/tour-catacumbas-san-francisco-cementerio-presbitero-maestro-lima-6.jpg\"  data-sub-html=\"\">\n                                <img decoding=\"async\" src=\"https:\/\/freewalkingtoursperu.com\/wp-content\/uploads\/2023\/02\/tour-catacumbas-san-francisco-cementerio-presbitero-maestro-lima-6.jpg\" class=\"cursor-pointer rounded w-full object-cover\"  alt=\"Tour de las Catacumbas de San Francisco + Cementerio Presb\u00edtero Maestro\">\n                                <\/a>\n                                                            <a class=\"w-2\/12 img-small xl:block hidden\" href=\"https:\/\/freewalkingtoursperu.com\/wp-content\/uploads\/2023\/02\/tour-catacumbas-san-francisco-cementerio-presbitero-maestro-lima-1.jpg\"  data-sub-html=\"\">\n                                <img decoding=\"async\" src=\"https:\/\/freewalkingtoursperu.com\/wp-content\/uploads\/2023\/02\/tour-catacumbas-san-francisco-cementerio-presbitero-maestro-lima-1.jpg\" class=\"cursor-pointer rounded w-full object-cover\"  alt=\"Tour de las Catacumbas de San Francisco + Cementerio Presb\u00edtero Maestro\">\n                                <\/a>\n                                                            <a class=\"w-2\/12 img-small xl:block hidden\" href=\"https:\/\/freewalkingtoursperu.com\/wp-content\/uploads\/2023\/02\/tour-catacumbas-san-francisco-cementerio-presbitero-maestro-lima-3.jpg\"  data-sub-html=\"\">\n                                <img decoding=\"async\" src=\"https:\/\/freewalkingtoursperu.com\/wp-content\/uploads\/2023\/02\/tour-catacumbas-san-francisco-cementerio-presbitero-maestro-lima-3.jpg\" class=\"cursor-pointer rounded w-full object-cover\"  alt=\"Tour de las Catacumbas de San Francisco + Cementerio Presb\u00edtero Maestro\">\n                                <\/a>\n                                                            <a class=\"w-2\/12 img-small xl:block hidden\" href=\"https:\/\/freewalkingtoursperu.com\/wp-content\/uploads\/2024\/04\/tour-catacumbas-san-francisco-cementerio-presbitero-maestro-lima_1.webp\"  data-sub-html=\"\">\n                                <img decoding=\"async\" src=\"https:\/\/freewalkingtoursperu.com\/wp-content\/uploads\/2024\/04\/tour-catacumbas-san-francisco-cementerio-presbitero-maestro-lima_1.webp\" class=\"cursor-pointer rounded w-full object-cover\"  alt=\"Cementerio presb\u00edtero Maestro + catacumbas\">\n                                <\/a>\n                             \n\n                        <\/div>\n\n                    \n                    \n                        \n        <\/div>\n\n\n<\/div>\n\n\n\n\n<!--Markup for citys-->\n\n<div id=\"tour-block_807b2ed32e650e98d2c1fa02926765a3\" class=\"tour\">\n\n           \n                <div class=\"flex flex-wrap pl-5 xl:pl-0 gap-8 justify-start xl:justify-center items-center pb-5 py-2 border-b-gray-300 border-b mb-5\">\n                            \n                                    \n                                    <div class=\"pr-0 xl:pr-5 item-details\">\n                                        <img decoding=\"async\" src=\"https:\/\/freewalkingtoursperu.com\/wp-content\/uploads\/2024\/02\/local-website.png\" class=\"w-10 float-left mr-2\" alt=\"bg home\">\n                                        <div class=\"inline-block\">\n                                            <span class=\"font-nunito text-gray-900 font-bold text-sm inline-block\"> P\u00e1gina local<\/span>\n                                            <span class=\"font-nunito text-xs block font-bold text-gray-500\"> SIN INTERMEDIARIOS<\/span>\n                                        <\/div>\n\n                                        <\/div>\n\n                            \n                                    \n                                    <div class=\"pr-0 xl:pr-5 item-details\">\n                                        <img decoding=\"async\" src=\"https:\/\/freewalkingtoursperu.com\/wp-content\/uploads\/2024\/02\/maximum-walkers-last.png\" class=\"w-10 float-left mr-2\" alt=\"bg home\">\n                                        <div class=\"inline-block\">\n                                            <span class=\"font-nunito text-gray-900 font-bold text-sm inline-block\"> 100% privado<\/span>\n                                            <span class=\"font-nunito text-xs block font-bold text-gray-500\"> TAMA\u00d1O<\/span>\n                                        <\/div>\n\n                                        <\/div>\n\n                            \n                                    \n                                    <div class=\"pr-0 xl:pr-5 item-details\">\n                                        <img decoding=\"async\" src=\"https:\/\/freewalkingtoursperu.com\/wp-content\/uploads\/2024\/03\/epic-tours-1-1.png\" class=\"w-10 float-left mr-2\" alt=\"bg home\">\n                                        <div class=\"inline-block\">\n                                            <span class=\"font-nunito text-gray-900 font-bold text-sm inline-block\"> \u00c9picas<\/span>\n                                            <span class=\"font-nunito text-xs block font-bold text-gray-500\"> EXPERIENCIAS<\/span>\n                                        <\/div>\n\n                                        <\/div>\n\n                            \n                                    \n                                    <div class=\"pr-0 xl:pr-5 item-details\">\n                                        <img decoding=\"async\" src=\"https:\/\/freewalkingtoursperu.com\/wp-content\/uploads\/2024\/03\/safe-tours-.png\" class=\"w-10 float-left mr-2\" alt=\"bg home\">\n                                        <div class=\"inline-block\">\n                                            <span class=\"font-nunito text-gray-900 font-bold text-sm inline-block\"> SEGURAS<\/span>\n                                            <span class=\"font-nunito text-xs block font-bold text-gray-500\"> EXCURSIONES<\/span>\n                                        <\/div>\n\n                                        <\/div>\n\n                                                    \n                        \n                        \n               \n            <\/div>\n            \n<\/div>\n\n\n\n\n<div class=\"wp-block-columns is-layout-flex wp-container-core-columns-is-layout-9d6595d7 wp-block-columns-is-layout-flex\">\n<div class=\"wp-block-column is-layout-flow wp-block-column-is-layout-flow\" style=\"flex-basis:75%\">\n<p>Ap\u00fantate al&nbsp;tour del cementerio presb\u00edtero Maestro y catacumbas de san Francisco, esta experiencia esta dise\u00f1ada para personas que deseen visitar lugares t\u00e9tricos de d\u00eda; sin embargo, si deseas aumentar m\u00e1s intensidad a este tour, puedes apuntarte al&nbsp;<a href=\"https:\/\/freewalkingtoursperu.com\/es\/tours-lima\/paseo-nocturno-cementerio-presbitero-maestro-lima\/\" target=\"_blank\" rel=\"noreferrer noopener\">tour nocturno&nbsp;de solamente cementerio presb\u00edtero maestro<\/a>.<\/p>\n\n\n<div class=\"text-left -mt-2 mb-4 mr-4\" id=\"leer_mas_6a9d528714f3b\"><div class=\"leer-mas-contenido pt-2\" style=\"display: none;\"><\/p>\n\n\n\n<p>Este cementerio presb\u00edtero fue inaugurado el 31 de mayo de 1808 por el&nbsp;<strong>virrey Abascal&nbsp;<\/strong>convirti\u00e9ndose en el primer cementerio general de la ciudad de Lima. Actualmente tiene&nbsp;20 hect\u00e1reas&nbsp;que se encuentran&nbsp;distribuidas en m\u00e1s de&nbsp;<strong>600 tumbas y mausoleos, 220,000 nichos<\/strong>&nbsp;que reflejan el estilo de arquitectura que caracteriz\u00f3 a Lima en los siglos XIX y XX. Visitar\u00e1s tumbas famosas de los presidentes del Per\u00fa, h\u00e9roes de la guerra del pacifico, poetas, escritores, suicidas, etc.<\/p>\n\n\n\n<p>Las catacumbas de san Francisco datan de la \u00e9poca colonial y fue el cementerio oficial para la gente cat\u00f3lica y acomodada de Lima; en estas catacumbas se enterraron m\u00e1s de&nbsp;<strong>25,000 personas<\/strong>&nbsp;durante la ocupaci\u00f3n espa\u00f1ola en el Per\u00fa.<\/p>\n\n\n<p><\/div><a href=\"#\" class=\"leer-mas-boton underline\">Leer m\u00e1s<\/a><\/div><script>\n        jQuery(document).ready(function($){\n            $(\"#leer_mas_6a9d528714f3b .leer-mas-boton\").click(function(e){\n                e.preventDefault();\n                $(\"#leer_mas_6a9d528714f3b .leer-mas-contenido\").fadeToggle(\"slow\");\n                if ($(this).text() === \"Leer m\u00e1s\") {\n                    $(this).text(\"Ocultar\");\n                } else {\n                    $(this).text(\"Leer m\u00e1s\");\n                }\n            });\n        });\n    <\/script>\n\n\n<div class=\"responsive-tabs\">\n<h2 class=\"tabtitle\"><span class=\"fa fa-th-list\"><\/span>RUTA<\/h2>\n<div class=\"tabcontent\">\n\n\n\n\n<div class=\"wp-block-advgb-accordions advgb-accordions-43707372-7104-4b57-81ba-519159952c74 advgb-accordion-wrapper\" data-collapsed=\"true\">\n<div class=\"wp-block-advgb-accordion-item advgb-accordion-item\" style=\"margin-bottom:15px\"><div class=\"advgb-accordion-header\" style=\"background-color:#daec9c;color:#000000;border-style:solid;border-width:1px;border-radius:2px\"><span class=\"advgb-accordion-header-icon accordion-state\"><svg class=\"advgb-icon-closed\" fill=\"#ffffff\" xmlns=\"http:\/\/www.w3.org\/2000\/svg\" width=\"24\" height=\"24\" viewBox=\"0 0 24 24\"><path fill=\"none\" d=\"M0,0h24v24H0V0z\"><\/path><path d=\"M19,13h-6v6h-2v-6H5v-2h6V5h2v6h6V13z\"><\/path><\/svg><svg class=\"advgb-icon-opened\" fill=\"#ffffff\" xmlns=\"http:\/\/www.w3.org\/2000\/svg\" width=\"24\" height=\"24\" viewBox=\"0 0 24 24\"><path fill=\"none\" d=\"M0,0h24v24H0V0z\"><\/path><path d=\"M19,13H5v-2h14V13z\"><\/path><\/svg><\/span><h4 class=\"advgb-accordion-header-title\" style=\"color:inherit\">Lugar de encuentro<\/h4><\/div><div class=\"advgb-accordion-body\" style=\"border-style:solid !important;border-width:1px !important;border-color:undefined !important;border-top:none !important;border-radius:2px !important\">\n<p>Nos encontraremos en tu hotel, previa coordinaci\u00f3n con el \u00e1rea de reservas. Posteriormente, ser\u00e1s trasladado en un veh\u00edculo privado al Centro Hist\u00f3rico de Lima, lugar donde tu aventura dar\u00e1 inicio bajo el velo de la noche.<\/p>\n\n\n\n<p>Si deseas m\u00e1s informaci\u00f3n, puedes echarle un vistazo a la pesta\u00f1a <strong>Detalles y Notas<\/strong>.<\/p>\n<\/div><\/div>\n\n\n\n<div class=\"wp-block-advgb-accordion-item advgb-accordion-item\" style=\"margin-bottom:15px\"><div class=\"advgb-accordion-header\" style=\"background-color:#daec9c;color:#000000;border-style:solid;border-width:1px;border-radius:2px\"><span class=\"advgb-accordion-header-icon accordion-state\"><svg class=\"advgb-icon-closed\" fill=\"#ffffff\" xmlns=\"http:\/\/www.w3.org\/2000\/svg\" width=\"24\" height=\"24\" viewBox=\"0 0 24 24\"><path fill=\"none\" d=\"M0,0h24v24H0V0z\"><\/path><path d=\"M19,13h-6v6h-2v-6H5v-2h6V5h2v6h6V13z\"><\/path><\/svg><svg class=\"advgb-icon-opened\" fill=\"#ffffff\" xmlns=\"http:\/\/www.w3.org\/2000\/svg\" width=\"24\" height=\"24\" viewBox=\"0 0 24 24\"><path fill=\"none\" d=\"M0,0h24v24H0V0z\"><\/path><path d=\"M19,13H5v-2h14V13z\"><\/path><\/svg><\/span><h4 class=\"advgb-accordion-header-title\" style=\"color:inherit\">Centro hist\u00f3rico de Lima \u2014 visita exterior<\/h4><\/div><div class=\"advgb-accordion-body\" style=\"border-style:solid !important;border-width:1px !important;border-color:undefined !important;border-top:none !important;border-radius:2px !important\">\n<p>La Plaza de Armas de Lima, declarada <strong>Patrimonio Cultural de la Humanidad<\/strong> por la <strong>UNESCO en 1991<\/strong>, es el punto neur\u00e1lgico al que todos acuden o por el que, seguramente, has pasado sin siquiera conocer su nombre. Este espacio posee una historia que se remonta al a\u00f1o 1535, cuando se fund\u00f3 la c\u00e9lebre \u201c<strong><em>Ciudad de los Reyes<\/em><\/strong>\u201d, hoy conocida como la ciudad de Lima. Desde entonces, ha sido considerado el <strong>n\u00facleo del poder pol\u00edtico, administrativo y religioso<\/strong>, condici\u00f3n que mantiene hasta la actualidad. Ello se sustenta en la presencia de importantes edificaciones que rodean la plaza, como el<strong> Palacio de Gobierno<\/strong>, el <strong>Palacio Arzobispal<\/strong>, la <strong>Catedral de Lima<\/strong>, la <strong>Casa del Oidor<\/strong>, el <strong>Palacio Municipal<\/strong> y otras construcciones que refuerzan la relevancia hist\u00f3rica del lugar.<\/p>\n\n\n\n<p>Iniciando con el <strong>Palacio de Gobierno<\/strong>, este edificio de estilo <em>neobarroco franc\u00e9s<\/em>, dise\u00f1ado por <strong>Ricardo de Jaxa Malachowski<\/strong>, es considerado la sede principal del poder colonial y republicano del pa\u00eds, adem\u00e1s de haber sido escenario de acontecimientos clave a lo largo de la historia del Per\u00fa. En la actualidad, es la residencia oficial del Presidente de la Rep\u00fablica y un espacio que atrae la atenci\u00f3n del p\u00fablico gracias a eventos emblem\u00e1ticos, como el <em>cambio de guardia<\/em>. Por su parte, la <strong>Catedral de Lima<\/strong>, cuyo origen se remonta al mismo a\u00f1o de la fundaci\u00f3n de la Ciudad de los Reyes, ha experimentado m\u00faltiples transformaciones a causa de desastres naturales, como los terremotos, y posteriores remodelaciones, adoptando una diversidad de estilos, entre ellos el <em>barroco y el cl\u00e1sico<\/em>, con <em>influencias g\u00f3ticas<\/em>. Finalmente, el <strong>Palacio Arzobispal,<\/strong> que en un inicio funcion\u00f3 como <em>Casa Arzobispal<\/em>, se consolid\u00f3 como tal en 1924, destacando por sus <strong>balcones de celos\u00edas<\/strong> y por albergar un museo interno con antig\u00fcedades y valiosas expresiones del arte religioso.<\/p>\n\n\n\n<p>Existen m\u00e1s razones para valorar este espacio, no solo desde una perspectiva est\u00e9tica, sino tambi\u00e9n cultural. A pocos pasos se encuentra la emblem\u00e1tica <strong>Casa del Oidor<\/strong>, lugar donde, en el Per\u00fa de anta\u00f1o, la voz del pueblo clamaba por ser escuchada en asuntos pol\u00edticos y sociales, y desde donde, el <em>28 de julio de 1821<\/em>, el libertador <strong>Jos\u00e9 de San Mart\u00edn<\/strong> pronunci\u00f3 las palabras que marcaron <strong>la independencia del Per\u00fa<\/strong>. Asimismo, en el centro de la plaza se erige<strong> una fuente ornamental <\/strong>que, para muchos, podr\u00eda parecer solo un elemento decorativo; sin embargo, su historia se remonta al a\u00f1o 1651, cuando cumpl\u00eda la funci\u00f3n de abastecer de agua a los habitantes de Lima, y fue en ese mismo a\u00f1o que el reconocido escultor <em>Pedro de Noguera<\/em> le otorg\u00f3 su caracter\u00edstico dise\u00f1o <em>barroco<\/em>.<\/p>\n\n\n\n<p>Unos pasos m\u00e1s adelante, llega el momento de adentrarse en lo m\u00e1s l\u00fagubre de Lima\u2026<\/p>\n<\/div><\/div>\n\n\n\n<div class=\"wp-block-advgb-accordion-item advgb-accordion-item\" style=\"margin-bottom:15px\"><div class=\"advgb-accordion-header\" style=\"background-color:#daec9c;color:#000000;border-style:solid;border-width:1px;border-radius:2px\"><span class=\"advgb-accordion-header-icon accordion-state\"><svg class=\"advgb-icon-closed\" fill=\"#ffffff\" xmlns=\"http:\/\/www.w3.org\/2000\/svg\" width=\"24\" height=\"24\" viewBox=\"0 0 24 24\"><path fill=\"none\" d=\"M0,0h24v24H0V0z\"><\/path><path d=\"M19,13h-6v6h-2v-6H5v-2h6V5h2v6h6V13z\"><\/path><\/svg><svg class=\"advgb-icon-opened\" fill=\"#ffffff\" xmlns=\"http:\/\/www.w3.org\/2000\/svg\" width=\"24\" height=\"24\" viewBox=\"0 0 24 24\"><path fill=\"none\" d=\"M0,0h24v24H0V0z\"><\/path><path d=\"M19,13H5v-2h14V13z\"><\/path><\/svg><\/span><h4 class=\"advgb-accordion-header-title\" style=\"color:inherit\">Catacumbas de san Francisco \u2014 visita interior<\/h4><\/div><div class=\"advgb-accordion-body\" style=\"border-style:solid !important;border-width:1px !important;border-color:undefined !important;border-top:none !important;border-radius:2px !important\">\n<p>La Iglesia de San Francisco tiene sus or\u00edgenes en los primeros a\u00f1os de la conquista espa\u00f1ola, cuando fue instaurada en <strong>1535<\/strong> y cuya construcci\u00f3n se consolid\u00f3 hacia 1546 bajo la direcci\u00f3n del<strong> fray Francisco de la Cruz<\/strong>. Desde entonces, este templo resguarda una historia profunda que se extiende m\u00e1s all\u00e1 de su superficie, pues en sus entra\u00f1as se encuentran las que hoy son conocidas como las <strong>catacumbas m\u00e1s l\u00fagubres de Sudam\u00e9rica<\/strong>, donde reposan m\u00e1s de 25 mil cuerpos.<\/p>\n\n\n\n<p>En un inicio, estos espacios subterr\u00e1neos no tuvieron una funci\u00f3n funeraria. Fueron concebidos como un contrapeso estructural, una soluci\u00f3n antis\u00edsmica frente a los constantes movimientos tel\u00faricos que afectaban al casco hist\u00f3rico de Lima. Con el paso del tiempo, este prop\u00f3sito cambi\u00f3 y el lugar fue destinado a convertirse en <strong>un cementerio exclusivo para los miembros de la Cofrad\u00eda y la Hermandad<\/strong>. Ser sepultado bajo los pilares del templo era considerado un privilegio, pues se cre\u00eda que garantizaba una mayor cercan\u00eda al reino de los cielos.<\/p>\n\n\n\n<p>Hacia el a\u00f1o 1810, las inhumaciones cesaron debido a la acumulaci\u00f3n de restos mortuorios, lo que llev\u00f3 al cierre del recinto. M\u00e1s de un siglo despu\u00e9s, <strong>en 1968, las catacumbas fueron finalmente abiertas al p\u00fablico<\/strong>, convirti\u00e9ndose desde entonces en <strong>una de las criptas m\u00e1s visitadas del centro hist\u00f3rico de Lima<\/strong>.<\/p>\n\n\n\n<p>Tras esta \u00faltima visita a uno de los lugares m\u00e1s f\u00fanebres de Lima, ser\u00e1s conducido a la c\u00faspide del suspenso: el cementerio presb\u00edtero Maestro.<\/p>\n<\/div><\/div>\n\n\n\n<div class=\"wp-block-advgb-accordion-item advgb-accordion-item\" style=\"margin-bottom:15px\"><div class=\"advgb-accordion-header\" style=\"background-color:#daec9c;color:#000000;border-style:solid;border-width:1px;border-radius:2px\"><span class=\"advgb-accordion-header-icon accordion-state\"><svg class=\"advgb-icon-closed\" fill=\"#ffffff\" xmlns=\"http:\/\/www.w3.org\/2000\/svg\" width=\"24\" height=\"24\" viewBox=\"0 0 24 24\"><path fill=\"none\" d=\"M0,0h24v24H0V0z\"><\/path><path d=\"M19,13h-6v6h-2v-6H5v-2h6V5h2v6h6V13z\"><\/path><\/svg><svg class=\"advgb-icon-opened\" fill=\"#ffffff\" xmlns=\"http:\/\/www.w3.org\/2000\/svg\" width=\"24\" height=\"24\" viewBox=\"0 0 24 24\"><path fill=\"none\" d=\"M0,0h24v24H0V0z\"><\/path><path d=\"M19,13H5v-2h14V13z\"><\/path><\/svg><\/span><h4 class=\"advgb-accordion-header-title\" style=\"color:inherit\">Cementerio presb\u00edtero Mat\u00edas Maestro \u2014 visita interior<\/h4><\/div><div class=\"advgb-accordion-body\" style=\"border-style:solid !important;border-width:1px !important;border-color:undefined !important;border-top:none !important;border-radius:2px !important\">\n<p>Este monumento hist\u00f3rico se encuentra ubicado en <strong>Barrios Altos<\/strong>, en el Cercado de Lima, y fue mandado a construir en el a\u00f1o 1808 por orden del <strong>virrey Jos\u00e9 Fernando de Abascal<\/strong>, siendo dise\u00f1ado por el arquitecto, <strong>escultor y pintor Mat\u00edas Maestro<\/strong>. Su nombre original fue <em>\u201cCementerio General de Lima\u201d<\/em>, convirti\u00e9ndose en el primer cementerio civil y extramuros de la ciudad, ya que antes los entierros se realizaban en iglesias y conventos. Posteriormente, el camposanto adopt\u00f3 el nombre de su creador en reconocimiento a su aporte art\u00edstico y arquitect\u00f3nico.<\/p>\n\n\n\n<p>El Cementerio Presb\u00edtero Maestro destaca por su dise\u00f1o de inspiraci\u00f3n <strong>neocl\u00e1sica<\/strong>, con mausoleos, esculturas, criptas y galer\u00edas que reflejan <strong>la est\u00e9tica funeraria de los siglos XIX y XX<\/strong>, convirti\u00e9ndolo no solo en un camposanto, sino tambi\u00e9n en un verdadero museo al aire libre. Adem\u00e1s, este lugar fue declarado Patrimonio Cultural de la Naci\u00f3n debido a su valor hist\u00f3rico, art\u00edstico y social.<\/p>\n\n\n\n<p>En este cementerio reposan los restos de importantes figuras que marcaron la historia del Per\u00fa, entre ellos:<\/p>\n\n\n\n<ul class=\"wp-block-list\">\n<li><strong>H\u00e9roes de la Guerra del Pac\u00edfico contra Chile<\/strong>, como Miguel Grau, Francisco Bolognesi, Alfonso Ugarte y Andr\u00e9s Avelino C\u00e1ceres, cuyas tumbas simbolizan el sacrificio y la defensa de la patria.<\/li>\n<\/ul>\n\n\n\n<ul class=\"wp-block-list\">\n<li><strong>Expresidentes del Per\u00fa<\/strong>, tales como Jos\u00e9 de la Riva Ag\u00fcero, Manuel Pardo y Lavalle, Augusto B. Legu\u00eda y Nicol\u00e1s de Pi\u00e9rola, representantes de distintas etapas pol\u00edticas del pa\u00eds.<\/li>\n<\/ul>\n\n\n\n<ul class=\"wp-block-list\">\n<li><strong>Destacados escritores<\/strong>, como Ricardo Palma, Abraham Valdelomar, Jos\u00e9 Santos Chocano y Ciro Alegr\u00eda, cuyas obras forman parte fundamental de la literatura peruana.<\/li>\n<\/ul>\n\n\n\n<ul class=\"wp-block-list\">\n<li><strong>Cient\u00edficos e ingenieros<\/strong>, entre ellos Eduardo de Habich, fundador de la Escuela de Ingenieros del Per\u00fa, y Pedro Paulet, visionario cient\u00edfico considerado precursor de la astron\u00e1utica moderna.<\/li>\n<\/ul>\n\n\n\n<ul class=\"wp-block-list\">\n<li>Asimismo, el cementerio alberga la tumba del llamado <strong>Ni\u00f1o Ricardito<\/strong>, conocido popularmente como \u201cel ni\u00f1o milagroso\u201d, una de las figuras m\u00e1s visitadas del lugar, a quien muchos fieles acuden para pedir favores y agradecer milagros, reforzando el car\u00e1cter m\u00edstico y popular de este hist\u00f3rico camposanto.<\/li>\n<\/ul>\n<\/div><\/div>\n\n\n\n<div class=\"wp-block-advgb-accordion-item advgb-accordion-item\" style=\"margin-bottom:15px\"><div class=\"advgb-accordion-header\" style=\"background-color:#daec9c;color:#000000;border-style:solid;border-width:1px;border-radius:2px\"><span class=\"advgb-accordion-header-icon accordion-state\"><svg class=\"advgb-icon-closed\" fill=\"#ffffff\" xmlns=\"http:\/\/www.w3.org\/2000\/svg\" width=\"24\" height=\"24\" viewBox=\"0 0 24 24\"><path fill=\"none\" d=\"M0,0h24v24H0V0z\"><\/path><path d=\"M19,13h-6v6h-2v-6H5v-2h6V5h2v6h6V13z\"><\/path><\/svg><svg class=\"advgb-icon-opened\" fill=\"#ffffff\" xmlns=\"http:\/\/www.w3.org\/2000\/svg\" width=\"24\" height=\"24\" viewBox=\"0 0 24 24\"><path fill=\"none\" d=\"M0,0h24v24H0V0z\"><\/path><path d=\"M19,13H5v-2h14V13z\"><\/path><\/svg><\/span><h4 class=\"advgb-accordion-header-title\" style=\"color:inherit\">Lugar de finalizaci\u00f3n <\/h4><\/div><div class=\"advgb-accordion-body\" style=\"border-style:solid !important;border-width:1px !important;border-color:undefined !important;border-top:none !important;border-radius:2px !important\">\n<p>La \u00faltima etapa, el Cementerio Presb\u00edtero Maestro, marca el cierre de este tour. Para finalizar, te dejaremos en las <strong>Catacumbas de San Francisco<\/strong>, desde donde podr\u00e1s regresar por tu cuenta o continuar explorando Lima bajo el manto de la noche; o, si lo prefieres, te dejaremos en el lobby de tu hotel, previa coordinaci\u00f3n.<\/p>\n<\/div><\/div>\n<\/div>\n\n\n\n<\/div><h2 class=\"tabtitle\"><span class=\"fa fa-credit-card\"><\/span>PRECIO<\/h2>\n<div class=\"tabcontent\">\n\n\n\n\n<p>Los precios mostrados en la tabla son:<\/p>\n\n\n\n<ul class=\"wp-block-list\">\n<li>Por persona&nbsp;en d\u00f3lares americanos ($).<\/li>\n\n\n\n<li>Pers. = personas.<\/li>\n\n\n\n<li>Grupal = servicio compartido con otros turistas.<\/li>\n<\/ul>\n\n\n\n<figure class=\"wp-block-table\"><table><thead><tr><th class=\"has-text-align-center\" data-align=\"center\" rowspan=\"2\">Pers.<\/th><th class=\"has-text-align-center\" data-align=\"center\" colspan=\"2\">Visita guiada privada con<\/th><\/tr><tr><th class=\"has-text-align-center\" data-align=\"center\">Recogida<\/th><th class=\"has-text-align-center\" data-align=\"center\">Recogida y Drop-off<\/th><\/tr><\/thead><tbody><tr><td class=\"has-text-align-center\" data-align=\"center\">1<\/td><td class=\"has-text-align-center\" data-align=\"center\">120<\/td><td class=\"has-text-align-center\" data-align=\"center\">200<\/td><\/tr><tr><td class=\"has-text-align-center\" data-align=\"center\">2<\/td><td class=\"has-text-align-center\" data-align=\"center\">60<\/td><td class=\"has-text-align-center\" data-align=\"center\">100<\/td><\/tr><tr><td class=\"has-text-align-center\" data-align=\"center\">3<\/td><td class=\"has-text-align-center\" data-align=\"center\">45<\/td><td class=\"has-text-align-center\" data-align=\"center\">80<\/td><\/tr><tr><td class=\"has-text-align-center\" data-align=\"center\">4<\/td><td class=\"has-text-align-center\" data-align=\"center\">35<\/td><td class=\"has-text-align-center\" data-align=\"center\">50<\/td><\/tr><tr><td class=\"has-text-align-center\" data-align=\"center\">5<\/td><td class=\"has-text-align-center\" data-align=\"center\">30<\/td><td class=\"has-text-align-center\" data-align=\"center\">40<\/td><\/tr><\/tbody><\/table><figcaption class=\"wp-element-caption\">Si tu grupo es mayor de 5 personas, \u00a1av\u00edsanos!<\/figcaption><\/figure>\n\n\n\n<\/div><h2 class=\"tabtitle\"><span class=\"fa fa-pencil-square-o\"><\/span>DETALLES<\/h2>\n<div class=\"tabcontent\">\n\n\n\n\n<p><i class=\"fas fa-th\"><\/i> <strong>Tipo de tour: <\/strong>100% privado.<\/p>\n\n\n\n<p><i class=\"far fa-clock\"><\/i> <strong>Horarios:<\/strong> <\/p>\n\n\n\n<figure class=\"wp-block-table\"><table><thead><tr><th>Con<\/th><th>Horarios<\/th><th class=\"has-text-align-center\" data-align=\"center\">D\u00edas<\/th><\/tr><\/thead><tbody><tr><td>Recogida<\/td><td>\u2013 09:00 a 13:00<br>\u2013 14:00 a 18:00<\/td><td class=\"has-text-align-center\" data-align=\"center\" rowspan=\"2\">Todos los d\u00edas<\/td><\/tr><tr><td>Recogida y Drop-off<\/td><td>\u2013 09:00 a 14:00<br>\u2013 14:00 a 19:00<\/td><\/tr><tr><td colspan=\"3\">Otros horarios disponibles bajo petici\u00f3n.<\/td><\/tr><\/tbody><\/table><\/figure>\n\n\n\n<p><i class=\"far fa-comment\"><\/i> <strong>Idioma:<\/strong> <\/p>\n\n\n\n<ul class=\"wp-block-list\">\n<li>Espa\u00f1ol, ingl\u00e9s.<\/li>\n\n\n\n<li>Otros idiomas:\n<ul class=\"wp-block-list\">\n<li>Disponible bajo petici\u00f3n.<\/li>\n\n\n\n<li>Los precios variar\u00e1n.  <\/li>\n<\/ul>\n<\/li>\n<\/ul>\n\n\n\n<p><i class=\"fab fa-accessible-icon\"><\/i> <strong>Accesibilidad:<\/strong> No es apto para personas de movilidad reducida.<\/p>\n\n\n\n<p><i class=\"far fa-check-circle\"><\/i> <strong>Incluido:<\/strong> <\/p>\n\n\n\n<ul class=\"wp-block-list\">\n<li>Gu\u00eda profesional.<\/li>\n\n\n\n<li>Recogida desde hotel.<\/li>\n\n\n\n<li>Bajo petici\u00f3n:\n<ul class=\"wp-block-list\">\n<li>Drop-off en hotel.<\/li>\n<\/ul>\n<\/li>\n<\/ul>\n\n\n\n<p><i class=\"far fa-times-circle\"><\/i> <strong>No incluido:<\/strong><\/p>\n\n\n\n<ul class=\"wp-block-list\">\n<li>Tickets:\n<ul class=\"wp-block-list\">\n<li>Cementerio: 22 soles pp.<\/li>\n\n\n\n<li>Catacumbas: 15 soles pp.<\/li>\n<\/ul>\n<\/li>\n\n\n\n<li>Propinas (opcional).<\/li>\n<\/ul>\n\n\n\n<p><i class=\"far fa-hand-paper\"><\/i> <strong>\u00bfQu\u00e9 llevo?<\/strong><\/p>\n\n\n\n<ul class=\"wp-block-list\">\n<li>Abril-nov:\n<ul class=\"wp-block-list\">\n<li>Jerseys.<\/li>\n<\/ul>\n<\/li>\n\n\n\n<li>Dic-marzo:\n<ul class=\"wp-block-list\">\n<li>Protector solar.<\/li>\n\n\n\n<li>Gafas de sol.<\/li>\n\n\n\n<li>Sombreros.<\/li>\n\n\n\n<li>Una botella de agua.<\/li>\n<\/ul>\n<\/li>\n\n\n\n<li>Moneda local en efectivo para tus entradas.<\/li>\n<\/ul>\n\n\n\n<p> <i class=\"fab fa-whatsapp\"><\/i> <strong>WhatsApp<\/strong>: <\/p>\n\n\n\n<ul class=\"wp-block-list\">\n<li><a href=\"https:\/\/api.whatsapp.com\/send?phone=51958745640&amp;text=Hello%20FWTP,%20can%20you%20help%20me,%20please?\" target=\"_blank\" rel=\"noreferrer noopener nofollow\">+51 958745640&nbsp;<\/a><\/li>\n\n\n\n<li><a href=\"https:\/\/api.whatsapp.com\/send?phone=51984479073&amp;text=Hello%20FWTP,%20can%20you%20help%20me,%20please?\" target=\"_blank\" rel=\"noreferrer noopener nofollow\">+51 984479073<\/a><\/li>\n<\/ul>\n\n\n\n<\/div><h2 class=\"tabtitle\"><span class=\"fa fa-calendar\"><\/span>NOTAS<\/h2>\n<div class=\"tabcontent\">\n\n\n\n\n<div class=\"wp-block-bloque-acordeon-acordeon-container acordeon-container\">\n<div class=\"wp-block-bloque-acordeon-acordeon-item acordeon-item\"><h4 class=\"acordeon-titulo\">Recogidas y horarios<\/h4><div class=\"acordeon-contenido\">\n<ul class=\"wp-block-list\">\n<li>Las recogidas son puntuales.<\/li>\n\n\n\n<li>Las recogidas aplican \u00fanicamente para hoteles ubicados en Miraflores, Barranco, San Isidro, La Victoria y Lima; para otros distritos se aplicar\u00e1 un costo adicional.<\/li>\n\n\n\n<li>Organizaremos todas las recogidas un d\u00eda antes de tu tour.<\/li>\n\n\n\n<li>La hora de finalizaci\u00f3n del tour sigue siendo aproximada; sin embargo, haremos nuestro mejor esfuerzo para terminar el tour seg\u00fan lo programado.<\/li>\n<\/ul>\n<\/div><\/div>\n\n\n\n<div class=\"wp-block-bloque-acordeon-acordeon-item acordeon-item\"><h4 class=\"acordeon-titulo\">Tipo de veh\u00edculo <\/h4><div class=\"acordeon-contenido\">\n<ul class=\"wp-block-list\">\n<li>Autorizado por el Ministerio de Transportes del Per\u00fa.<\/li>\n\n\n\n<li>Autos limpios y modernos.<\/li>\n\n\n\n<li>Autos con aspecto de sed\u00e1n, 4\u00d74, H1, Van, Renault y Mercedes Benz (depender\u00e1 del tama\u00f1o del grupo).<\/li>\n<\/ul>\n<\/div><\/div>\n\n\n\n<div class=\"wp-block-bloque-acordeon-acordeon-item acordeon-item\"><h4 class=\"acordeon-titulo\">Descuentos en los tickets de ingreso<\/h4><div class=\"acordeon-contenido\">\n<p>Los ni\u00f1os, menores de edad, estudiantes y peruanos pueden recibir descuentos, pero se requiere mostrar una identificaci\u00f3n oficial.<\/p>\n\n\n\n<ul class=\"wp-block-list\">\n<li>Ni\u00f1os y menores: Trae sus pasaportes oficiales para demostrar su edad.<\/li>\n\n\n\n<li>Estudiantes: Trae tu pasaporte oficial y una identificaci\u00f3n emitida por el gobierno.<\/li>\n\n\n\n<li>Peruanos: Trae tu documento de identidad oficial.<\/li>\n<\/ul>\n<\/div><\/div>\n\n\n\n<div class=\"wp-block-bloque-acordeon-acordeon-item acordeon-item\"><h4 class=\"acordeon-titulo\">Operatividad e itinerario<\/h4><div class=\"acordeon-contenido\">\n<p>Este tour est\u00e1 sujeto a variaciones sin previo aviso, debido a condiciones clim\u00e1ticas, huelgas y cualquier otro evento que no permita la operaci\u00f3n normal del tour. Tambi\u00e9n consulta nuestros&nbsp;<a href=\"https:\/\/freewalkingtoursperu.com\/es\/terminos-condiciones\/\" target=\"_blank\" rel=\"noreferrer noopener\">t\u00e9rminos<\/a>.<a href=\"https:\/\/www.forbes.com\/sites\/laurabegleybloom\/2018\/12\/18\/the-cheapest-places-to-travel-in-2019\/?sh=21becc0e787a\"><\/a><\/p>\n<\/div><\/div>\n<\/div>\n\n\n\n<\/div><h2 class=\"tabtitle\"><span class=\"fa fa-calendar\"><\/span>CANCELACIONES<\/h2>\n<div class=\"tabcontent\">\n\n\n\n\n<p>La cancelaci\u00f3n del tour es gratuita siempre que lo hagas con al menos 48 horas de antelaci\u00f3n, en caso contrario te cobraremos el 100% del precio del tour. Tambi\u00e9n consulta nuestros <a href=\"https:\/\/freewalkingtoursperu.com\/es\/terminos-condiciones\/\" target=\"_blank\" rel=\"noreferrer noopener\">t\u00e9rminos<\/a>.<\/p>\n\n\n\n<\/div><h2 class=\"urltab\"><a href=\"#reviews\"><span class=\"fa fa-comments-o\"><\/span>RESE\u00d1AS<\/a><\/h2>\n<div class=\"tabcontent\">\n\n\n\n\n<p>Por favor, desliza hacia abajo para ver comentarios.<\/p>\n\n\n<\/div><\/div>\n<\/div>\n\n\n\n<div class=\"wp-block-column is-layout-flow wp-block-column-is-layout-flow\" style=\"flex-basis:25%\">\n<div class=\"wp-block-group\"><div class=\"wp-block-group__inner-container is-layout-constrained wp-block-group-is-layout-constrained\"><div class='mb-10'>\n\t    \n\t\t<div class='flex gap-1'>\n\t\t\t\t<div class='flex-auto'>\n\t\t\t\t\t<a href='https:\/\/www.forbes.com\/sites\/laurabegleybloom\/2018\/12\/18\/the-cheapest-places-to-travel-in-2019\/?sh=21becc0e787a'><img src=https:\/\/freewalkingtoursperu.com\/wp-content\/themes\/fwtp\/img\/logo-forbes.png alt='logo forbes' class='w-full h-auto xl:h-12'><\/a>\n\t\t\t\t<\/div>\n\t\t\t\t<div class='flex-auto'>\n\t\t\t\t\t<a href='https:\/\/goo.gl\/maps\/FhNr5D6qmpcDwfTPA'><img src=https:\/\/freewalkingtoursperu.com\/wp-content\/themes\/fwtp\/img\/logo-tripadvisor.png alt='logo tripadvisor' class='w-full h-auto xl:h-12'><\/a>\n\t\t\t\t<\/div>\n\t\t<\/div>\n\t\t<div class='text-center'>\n\t\t\t<a href='#'><img src=https:\/\/freewalkingtoursperu.com\/wp-content\/themes\/fwtp\/img\/logo-free-walking-tours-peru-ministerio-turismo.png width='100%' alt='logo ministerio del comercio exterior' class='mt-1'><\/a>\n\t\t<\/div>\n\n\t <\/div>\n\n\n\n<!--Markup for citys-->\n\n<div id=\"tour-block_0a160f1303d9ae5ba4e28321eba46336\" class=\"tour\">\n\n            <div class=''>\n\t            <div class='flex rounded-t shadow'>\n\t\t\t        <div class='px-3 py-2 rounded-tl bg-black text-white text-lg mb-0  font-semibold font-nunito'>Sin sobreprecio<\/div>\n\t\t\t        <div class='px-1 py-2 rounded-tr flex-auto font-nunito font-semibold bg-fwtp text-lg text-black  mb-0 text-center'>Desde $60<\/div>\n\t\t\t    <\/div>\n\t        <\/div>\n<\/div>\n\n\n\n\n<div class=\"wpcf7 no-js\" id=\"wpcf7-f7053-o1\" lang=\"en-US\" dir=\"ltr\" data-wpcf7-id=\"7053\">\n<div class=\"screen-reader-response\"><p role=\"status\" aria-live=\"polite\" aria-atomic=\"true\"><\/p> <ul><\/ul><\/div>\n<form action=\"\/es\/wp-json\/wp\/v2\/pages\/29160#wpcf7-f7053-o1\" method=\"post\" class=\"wpcf7-form init\" aria-label=\"Contact form\" novalidate=\"novalidate\" data-status=\"init\">\n<fieldset class=\"hidden-fields-container\"><input type=\"hidden\" name=\"_wpcf7\" value=\"7053\" \/><input type=\"hidden\" name=\"_wpcf7_version\" value=\"6.1.7\" \/><input type=\"hidden\" name=\"_wpcf7_locale\" value=\"en_US\" \/><input type=\"hidden\" name=\"_wpcf7_unit_tag\" value=\"wpcf7-f7053-o1\" \/><input type=\"hidden\" name=\"_wpcf7_container_post\" value=\"0\" \/><input type=\"hidden\" name=\"_wpcf7_posted_data_hash\" value=\"\" \/><input type=\"hidden\" name=\"_wpcf7dtx_version\" value=\"5.0.7\" \/>\n<\/fieldset>\n<input class=\"wpcf7-form-control wpcf7-hidden\" value=\"18\" type=\"hidden\" name=\"Id_Walks\" \/>\n<input class=\"wpcf7-form-control wpcf7-hidden\" value=\"42abf69119bf9ea2ddc29df1876d2d7d462624c9\" type=\"hidden\" name=\"Ncode\" \/>\n<div id=\"form\" class=\"box-form border rounded-bottom shadow bg-white p-3\">\n<span class=\"wpcf7-form-control-wrap page-title\" data-name=\"page-title\"><input type=\"hidden\" name=\"page-title\" class=\"wpcf7-form-control wpcf7-hidden wpcf7dtx wpcf7dtx-hidden\" aria-invalid=\"false\" value=\"Cementerio presb\u00edtero Maestro + catacumbas\"><\/span>\n        <div class=\"form-group\">\n           <span class=\"wpcf7-form-control-wrap page-title\" data-name=\"page-title\"><input type=\"text\" name=\"page-title\" class=\"wpcf7-form-control wpcf7-text wpcf7dtx wpcf7dtx-text form-control form-control-sm\" aria-invalid=\"false\" value=\"Cementerio presb\u00edtero Maestro + catacumbas\"><\/span>\n      <\/div>\n      <div class=\"form-group\">\n        <p>Fecha: <span class=\"wpcf7-form-control-wrap\" data-name=\"date-free\"><input size=\"40\" maxlength=\"400\" class=\"wpcf7-form-control wpcf7-text form-control form-control-sm fwt\" aria-invalid=\"false\" placeholder=\"dd\/mm\/yyyy\" value=\"\" type=\"text\" name=\"date-free\" \/><\/span><\/p>\n       <\/div>\n     <div class=\"form-group\">\n         <span class=\"wpcf7-form-control-wrap\" data-name=\"size\"><select class=\"wpcf7-form-control wpcf7-select wpcf7-validates-as-required form-control form-control-sm\" aria-required=\"true\" aria-invalid=\"false\" name=\"size\"><option value=\"\">\u00bfCuantas personas son en tu grupo?<\/option><option value=\"1\">1<\/option><option value=\"2\">2<\/option><option value=\"3\">3<\/option><option value=\"4\">4<\/option><option value=\"5\">5<\/option><option value=\"6\">6<\/option><option value=\"7\">7<\/option><option value=\"8\">8<\/option><option value=\"9\">9<\/option><option value=\"10\">10<\/option><\/select><\/span>\n      <\/div>\n       <div class=\"form-group\">\n        <span class=\"wpcf7-form-control-wrap\" data-name=\"name-free\"><input size=\"40\" maxlength=\"400\" class=\"wpcf7-form-control wpcf7-text wpcf7-validates-as-required form-control form-control-sm\" aria-required=\"true\" aria-invalid=\"false\" placeholder=\"Nombre y apellido\" value=\"\" type=\"text\" name=\"name-free\" \/><\/span>\n      <\/div>\n      <div class=\"form-group\">\n          <span class=\"wpcf7-form-control-wrap\" data-name=\"email-free\"><input size=\"40\" maxlength=\"400\" class=\"wpcf7-form-control wpcf7-email wpcf7-validates-as-required wpcf7-text wpcf7-validates-as-email form-control form-control-sm\" aria-required=\"true\" aria-invalid=\"false\" placeholder=\"Correo\" value=\"\" type=\"email\" name=\"email-free\" \/><\/span>\n      <\/div>\n <div class=\"form-group\">\n          <span class=\"wpcf7-form-control-wrap\" data-name=\"Whatsapp\"><input size=\"40\" class=\"wpcf7-form-control wpcf7-phonetext wpcf7-validates-as-required wpcf7-text wpcf7-validates-as-phonetext form-control form-control-sm\" aria-required=\"true\" aria-invalid=\"false\" placeholder=\"Whatsapp\" value=\"\" type=\"text\" name=\"Whatsapp\" \/><input type=\"hidden\" name=\"Whatsapp-country-code\" class=\"wpcf7-phonetext-country-code\" \/><\/span>\n      <\/div>\n       <div class=\"form-group\">\n         <span class=\"wpcf7-form-control-wrap\" data-name=\"your-message\"><textarea cols=\"7\" rows=\"5\" maxlength=\"2000\" class=\"wpcf7-form-control wpcf7-textarea form-control form-control-sm\" aria-invalid=\"false\" placeholder=\"Escribe aqu\u00ed cualquier informaci\u00f3n adicional que consideres: Hotel, preferencia por un tour privado, tours adicionales, ni\u00f1os, adulto mayor, etc.\" name=\"your-message\"><\/textarea><\/span>\n      <\/div>\n        <div class=\"form-group text-center\">\n          <p class=\"text-center\"><input class=\"wpcf7-form-control wpcf7-submit has-spinner btn btn-lg px-5 btn-free\" type=\"submit\" value=\"Cotiza ya\" \/><\/p>\n          \n        <\/div>\n\n<\/div><div class=\"wpcf7-response-output\" aria-hidden=\"true\"><\/div>\n<\/form>\n<\/div>\n\n<\/div><\/div>\n<\/div>\n<\/div>\n\n\n<div class='bg-white border p-3 shadow my-3' id='reviews' ><\/p>\n\n\n\n<h2 class=\"wp-block-heading\" id=\"reviews-009bf618-1525-4de9-95e4-c35333e5f797\">Redes Sociales<\/h2>\n\n\n\n<p>\u2b50<a href=\"https:\/\/goo.gl\/maps\/FhNr5D6qmpcDwfTPA\" target=\"_blank\" rel=\"noreferrer noopener\">Google Maps:<\/a> 1200 comentarios <strong>|<\/strong> \u2b50<a href=\"https:\/\/www.tripadvisor.com.pe\/Attraction_Review-g294316-d19513018-Reviews-Free_Walking_Tours_Peru-Lima_Lima_Region.html\" target=\"_blank\" rel=\"noreferrer noopener\">TripAdvisor:<\/a> 500 testimonios <strong>|<\/strong> \u2b50<a href=\"https:\/\/www.facebook.com\/limafreewalkingtour\/\" target=\"_blank\" rel=\"noreferrer noopener\">Facebook<\/a>: 50 comentarios <strong>|<\/strong> \u2b50<a href=\"https:\/\/www.instagram.com\/limafreewalkingtours\/\" target=\"_blank\" rel=\"noreferrer noopener\">Instagram:<\/a> 6000 seguidores <strong>|<\/strong> \u2b50<a href=\"https:\/\/youtu.be\/HdYcNrUxnXA\" target=\"_blank\" rel=\"noreferrer noopener\">YouTube:<\/a> Ver videos reales <strong>|<\/strong> \u2b50<a href=\"https:\/\/freewalkingtoursperu.com\/es\/sobre-nosotros\/\" target=\"_blank\" rel=\"noreferrer noopener\">Viajeros:<\/a> + de 29 turistas<\/p>\n\n\n<p> <\/div>\n","protected":false},"excerpt":{"rendered":"<p>Ap\u00fantate al&nbsp;tour del cementerio presb\u00edtero Maestro y catacumbas de san Francisco, esta experiencia esta dise\u00f1ada para personas que deseen visitar lugares t\u00e9tricos de d\u00eda; sin embargo, si deseas aumentar m\u00e1s intensidad a este tour, puedes apuntarte al&nbsp;tour nocturno&nbsp;de solamente cementerio presb\u00edtero maestro. Los precios mostrados en la tabla son: Pers. Visita guiada privada con Recogida [&hellip;]<\/p>\n","protected":false},"author":1,"featured_media":0,"parent":7353,"menu_order":0,"comment_status":"closed","ping_status":"closed","template":"page-tour-pay.php","meta":{"_acf_changed":false,"advgb_blocks_editor_width":"full","advgb_blocks_columns_visual_guide":"","footnotes":""},"class_list":["post-29160","page","type-page","status-publish","hentry"],"acf":[],"yoast_head":"<!-- This site is optimized with the Yoast SEO plugin v28.4 - https:\/\/yoast.com\/product\/yoast-seo-wordpress\/ -->\n<title>Tour: Catacumbas San Francisco + Cementerio Presb\u00edtero Maestro<\/title>\n<meta name=\"description\" content=\"Reserva hoy el tour a las Catacumbas de San Francisco + Cementerio Presb\u00edtero Maestro en la ciudad de Lima, salidas diarias.\" \/>\n<meta name=\"robots\" content=\"index, follow, max-snippet:-1, max-image-preview:large, max-video-preview:-1\" \/>\n<link rel=\"canonical\" href=\"https:\/\/freewalkingtoursperu.com\/es\/tours-lima\/tour-catacumbas-san-francisco-cementerio-presbitero-maestro-lima\/\" \/>\n<meta property=\"og:locale\" content=\"es_ES\" \/>\n<meta property=\"og:type\" content=\"article\" \/>\n<meta property=\"og:title\" content=\"Tour: Catacumbas San Francisco + Cementerio Presb\u00edtero Maestro\" \/>\n<meta property=\"og:description\" content=\"Reserva hoy el tour a las Catacumbas de San Francisco + Cementerio Presb\u00edtero Maestro en la ciudad de Lima, salidas diarias.\" \/>\n<meta property=\"og:url\" content=\"https:\/\/freewalkingtoursperu.com\/es\/tours-lima\/tour-catacumbas-san-francisco-cementerio-presbitero-maestro-lima\/\" \/>\n<meta property=\"og:site_name\" content=\"Free Walking Tours Peru\" \/>\n<meta property=\"article:modified_time\" content=\"2026-06-18T23:15:33+00:00\" \/>\n<meta name=\"twitter:card\" content=\"summary_large_image\" \/>\n<meta name=\"twitter:label1\" content=\"Tiempo de lectura\" \/>\n\t<meta name=\"twitter:data1\" content=\"8 minutos\" \/>\n<script type=\"application\/ld+json\" class=\"yoast-schema-graph\">{\"@context\":\"https:\\\/\\\/schema.org\",\"@graph\":[{\"@type\":\"WebPage\",\"@id\":\"https:\\\/\\\/freewalkingtoursperu.com\\\/es\\\/tours-lima\\\/tour-catacumbas-san-francisco-cementerio-presbitero-maestro-lima\\\/\",\"url\":\"https:\\\/\\\/freewalkingtoursperu.com\\\/es\\\/tours-lima\\\/tour-catacumbas-san-francisco-cementerio-presbitero-maestro-lima\\\/\",\"name\":\"Tour: Catacumbas San Francisco + Cementerio Presb\u00edtero Maestro\",\"isPartOf\":{\"@id\":\"https:\\\/\\\/freewalkingtoursperu.com\\\/es\\\/#website\"},\"datePublished\":\"2023-02-13T16:04:45+00:00\",\"dateModified\":\"2026-06-18T23:15:33+00:00\",\"description\":\"Reserva hoy el tour a las Catacumbas de San Francisco + Cementerio Presb\u00edtero Maestro en la ciudad de Lima, salidas diarias.\",\"breadcrumb\":{\"@id\":\"https:\\\/\\\/freewalkingtoursperu.com\\\/es\\\/tours-lima\\\/tour-catacumbas-san-francisco-cementerio-presbitero-maestro-lima\\\/#breadcrumb\"},\"inLanguage\":\"es\",\"potentialAction\":[{\"@type\":\"ReadAction\",\"target\":[\"https:\\\/\\\/freewalkingtoursperu.com\\\/es\\\/tours-lima\\\/tour-catacumbas-san-francisco-cementerio-presbitero-maestro-lima\\\/\"]}]},{\"@type\":\"BreadcrumbList\",\"@id\":\"https:\\\/\\\/freewalkingtoursperu.com\\\/es\\\/tours-lima\\\/tour-catacumbas-san-francisco-cementerio-presbitero-maestro-lima\\\/#breadcrumb\",\"itemListElement\":[{\"@type\":\"ListItem\",\"position\":1,\"name\":\"Home\",\"item\":\"https:\\\/\\\/freewalkingtoursperu.com\\\/es\\\/\"},{\"@type\":\"ListItem\",\"position\":2,\"name\":\"Tours en Lima\",\"item\":\"https:\\\/\\\/freewalkingtoursperu.com\\\/es\\\/tours-lima\\\/\"},{\"@type\":\"ListItem\",\"position\":3,\"name\":\"Cementerio presb\u00edtero Maestro + catacumbas\"}]},{\"@type\":\"WebSite\",\"@id\":\"https:\\\/\\\/freewalkingtoursperu.com\\\/es\\\/#website\",\"url\":\"https:\\\/\\\/freewalkingtoursperu.com\\\/es\\\/\",\"name\":\"Free Walking Tours Peru\",\"description\":\"\",\"publisher\":{\"@id\":\"https:\\\/\\\/freewalkingtoursperu.com\\\/es\\\/#organization\"},\"potentialAction\":[{\"@type\":\"SearchAction\",\"target\":{\"@type\":\"EntryPoint\",\"urlTemplate\":\"https:\\\/\\\/freewalkingtoursperu.com\\\/es\\\/?s={search_term_string}\"},\"query-input\":{\"@type\":\"PropertyValueSpecification\",\"valueRequired\":true,\"valueName\":\"search_term_string\"}}],\"inLanguage\":\"es\"},{\"@type\":\"Organization\",\"@id\":\"https:\\\/\\\/freewalkingtoursperu.com\\\/es\\\/#organization\",\"name\":\"Free Walking Tours Peru\",\"url\":\"https:\\\/\\\/freewalkingtoursperu.com\\\/es\\\/\",\"logo\":{\"@type\":\"ImageObject\",\"inLanguage\":\"es\",\"@id\":\"https:\\\/\\\/freewalkingtoursperu.com\\\/es\\\/#\\\/schema\\\/logo\\\/image\\\/\",\"url\":\"https:\\\/\\\/freewalkingtoursperu.com\\\/wp-content\\\/uploads\\\/2026\\\/02\\\/logo-freeorg.svg\",\"contentUrl\":\"https:\\\/\\\/freewalkingtoursperu.com\\\/wp-content\\\/uploads\\\/2026\\\/02\\\/logo-freeorg.svg\",\"caption\":\"Free Walking Tours Peru\"},\"image\":{\"@id\":\"https:\\\/\\\/freewalkingtoursperu.com\\\/es\\\/#\\\/schema\\\/logo\\\/image\\\/\"}}]}<\/script>\n<!-- \/ Yoast SEO plugin. -->","yoast_head_json":{"title":"Tour: Catacumbas San Francisco + Cementerio Presb\u00edtero Maestro","description":"Reserva hoy el tour a las Catacumbas de San Francisco + Cementerio Presb\u00edtero Maestro en la ciudad de Lima, salidas diarias.","robots":{"index":"index","follow":"follow","max-snippet":"max-snippet:-1","max-image-preview":"max-image-preview:large","max-video-preview":"max-video-preview:-1"},"canonical":"https:\/\/freewalkingtoursperu.com\/es\/tours-lima\/tour-catacumbas-san-francisco-cementerio-presbitero-maestro-lima\/","og_locale":"es_ES","og_type":"article","og_title":"Tour: Catacumbas San Francisco + Cementerio Presb\u00edtero Maestro","og_description":"Reserva hoy el tour a las Catacumbas de San Francisco + Cementerio Presb\u00edtero Maestro en la ciudad de Lima, salidas diarias.","og_url":"https:\/\/freewalkingtoursperu.com\/es\/tours-lima\/tour-catacumbas-san-francisco-cementerio-presbitero-maestro-lima\/","og_site_name":"Free Walking Tours Peru","article_modified_time":"2026-06-18T23:15:33+00:00","twitter_card":"summary_large_image","twitter_misc":{"Tiempo de lectura":"8 minutos"},"schema":{"@context":"https:\/\/schema.org","@graph":[{"@type":"WebPage","@id":"https:\/\/freewalkingtoursperu.com\/es\/tours-lima\/tour-catacumbas-san-francisco-cementerio-presbitero-maestro-lima\/","url":"https:\/\/freewalkingtoursperu.com\/es\/tours-lima\/tour-catacumbas-san-francisco-cementerio-presbitero-maestro-lima\/","name":"Tour: Catacumbas San Francisco + Cementerio Presb\u00edtero Maestro","isPartOf":{"@id":"https:\/\/freewalkingtoursperu.com\/es\/#website"},"datePublished":"2023-02-13T16:04:45+00:00","dateModified":"2026-06-18T23:15:33+00:00","description":"Reserva hoy el tour a las Catacumbas de San Francisco + Cementerio Presb\u00edtero Maestro en la ciudad de Lima, salidas diarias.","breadcrumb":{"@id":"https:\/\/freewalkingtoursperu.com\/es\/tours-lima\/tour-catacumbas-san-francisco-cementerio-presbitero-maestro-lima\/#breadcrumb"},"inLanguage":"es","potentialAction":[{"@type":"ReadAction","target":["https:\/\/freewalkingtoursperu.com\/es\/tours-lima\/tour-catacumbas-san-francisco-cementerio-presbitero-maestro-lima\/"]}]},{"@type":"BreadcrumbList","@id":"https:\/\/freewalkingtoursperu.com\/es\/tours-lima\/tour-catacumbas-san-francisco-cementerio-presbitero-maestro-lima\/#breadcrumb","itemListElement":[{"@type":"ListItem","position":1,"name":"Home","item":"https:\/\/freewalkingtoursperu.com\/es\/"},{"@type":"ListItem","position":2,"name":"Tours en Lima","item":"https:\/\/freewalkingtoursperu.com\/es\/tours-lima\/"},{"@type":"ListItem","position":3,"name":"Cementerio presb\u00edtero Maestro + catacumbas"}]},{"@type":"WebSite","@id":"https:\/\/freewalkingtoursperu.com\/es\/#website","url":"https:\/\/freewalkingtoursperu.com\/es\/","name":"Free Walking Tours Peru","description":"","publisher":{"@id":"https:\/\/freewalkingtoursperu.com\/es\/#organization"},"potentialAction":[{"@type":"SearchAction","target":{"@type":"EntryPoint","urlTemplate":"https:\/\/freewalkingtoursperu.com\/es\/?s={search_term_string}"},"query-input":{"@type":"PropertyValueSpecification","valueRequired":true,"valueName":"search_term_string"}}],"inLanguage":"es"},{"@type":"Organization","@id":"https:\/\/freewalkingtoursperu.com\/es\/#organization","name":"Free Walking Tours Peru","url":"https:\/\/freewalkingtoursperu.com\/es\/","logo":{"@type":"ImageObject","inLanguage":"es","@id":"https:\/\/freewalkingtoursperu.com\/es\/#\/schema\/logo\/image\/","url":"https:\/\/freewalkingtoursperu.com\/wp-content\/uploads\/2026\/02\/logo-freeorg.svg","contentUrl":"https:\/\/freewalkingtoursperu.com\/wp-content\/uploads\/2026\/02\/logo-freeorg.svg","caption":"Free Walking Tours Peru"},"image":{"@id":"https:\/\/freewalkingtoursperu.com\/es\/#\/schema\/logo\/image\/"}}]}},"coauthors":[],"author_meta":{"author_link":"https:\/\/freewalkingtoursperu.com\/es\/blog\/author\/adminfwt\/","display_name":"FWTP"},"relative_dates":{"created":"Publicado 4 a\u00f1os hace","modified":"Actualizado 3 meses hace"},"absolute_dates":{"created":"Publicado el 13 febrero, 2023","modified":"Actualizado el 18 junio, 2026"},"absolute_dates_time":{"created":"Publicado el 13 febrero, 2023 11:04 am","modified":"Actualizado el 18 junio, 2026 6:15 pm"},"featured_img_caption":"","featured_img":false,"series_order":"","_links":{"self":[{"href":"https:\/\/freewalkingtoursperu.com\/es\/wp-json\/wp\/v2\/pages\/29160","targetHints":{"allow":["GET"]}}],"collection":[{"href":"https:\/\/freewalkingtoursperu.com\/es\/wp-json\/wp\/v2\/pages"}],"about":[{"href":"https:\/\/freewalkingtoursperu.com\/es\/wp-json\/wp\/v2\/types\/page"}],"author":[{"embeddable":true,"href":"https:\/\/freewalkingtoursperu.com\/es\/wp-json\/wp\/v2\/users\/1"}],"replies":[{"embeddable":true,"href":"https:\/\/freewalkingtoursperu.com\/es\/wp-json\/wp\/v2\/comments?post=29160"}],"version-history":[{"count":1,"href":"https:\/\/freewalkingtoursperu.com\/es\/wp-json\/wp\/v2\/pages\/29160\/revisions"}],"predecessor-version":[{"id":71594,"href":"https:\/\/freewalkingtoursperu.com\/es\/wp-json\/wp\/v2\/pages\/29160\/revisions\/71594"}],"up":[{"embeddable":true,"href":"https:\/\/freewalkingtoursperu.com\/es\/wp-json\/wp\/v2\/pages\/7353"}],"wp:attachment":[{"href":"https:\/\/freewalkingtoursperu.com\/es\/wp-json\/wp\/v2\/media?parent=29160"}],"curies":[{"name":"wp","href":"https:\/\/api.w.org\/{rel}","templated":true}]}}