{"id":7545,"date":"2020-12-04T19:33:29","date_gmt":"2020-12-05T00:33:29","guid":{"rendered":"https:\/\/freewalkingtoursperu.com\/?page_id=7545"},"modified":"2026-06-17T22:36:15","modified_gmt":"2026-06-18T03:36:15","slug":"pallay-poncho-1-dia-tour-desde-cusco","status":"publish","type":"page","link":"https:\/\/freewalkingtoursperu.com\/es\/tours-cusco\/pallay-poncho-1-dia-tour-desde-cusco\/","title":{"rendered":"Tour a Pallay Poncho: la monta\u00f1a filuda"},"content":{"rendered":"\n<!--Markup for citys-->\n\n<div id=\"tour-block_95a309e7ff6d52766930d3ab103a33ca\" class=\"toursweb flex flex-col-reverse md:flex-col\">\n\n\n        <div class=\"container mb-2\">          \n                        <div class=\"mt-6\">\n                        <p id=\"breadcrumbs\" class=\"mb-0\"><span><span><a href=\"https:\/\/freewalkingtoursperu.com\/es\/\">Home<\/a><\/span><\/span><\/p>                        <\/div>\n            \n\n                    <h1 class=\"text-xl xl:text-3xl mb-2 font-bold text-gray-800\"> Tour a Pallay Poncho: la monta\u00f1a filuda<\/h1>\n                                        <div class=\"flex gap-3 mb-4\">\n                            <span>\n                                <i class='fas fa-star text-yellow-400'><\/i> \n                                <i class='fas fa-star text-yellow-400'><\/i> \n                                <i class='fas fa-star text-yellow-400'><\/i> \n                                <i class='fas fa-star text-yellow-400'><\/i> \n                                <i class='fas fa-star text-yellow-400'><\/i>  \n                            <\/span>\n                            <span> \n                                <i class=\"far fa-user text-gray-700\"><\/i> <a href=\"#reviews\"> <span class=\"text-sky-600 font-nunito\">35 viajeros<\/span> <\/a>\n                            <\/span>\n\n                            <span> \n                            <i class=\"far fa-clock text-gray-700\"><\/i>  <span class=\"text-gray-800 font-nunito\">16 h<\/span> \n                            <\/span>\n\n                            <span> \n                                <i class=\"far fa-comment text-gray-700\"><\/i> \n                                    <span class=\"mr-1 text-sm flag-icon flag-icon-gb\"><\/span><span class=\"mr-1 text-sm flag-icon flag-icon-es\"><\/span>                            <\/span>\n                        <\/div>\n                              \n        <\/div>\n\n    \n\n\n        <div class=\"relative mb-2 mt-2\">\n\n                    \n                        <div id=\"lightgallery\" class=\"flex flex-wrap img-large\"> \n                                                            <a class=\"w-2\/12 img-small xl:block hidden\" href=\"https:\/\/freewalkingtoursperu.com\/wp-content\/uploads\/2024\/03\/pallay-poncho-1-dia-tour-desde-cusco_2.webp\"  data-sub-html=\"\">\n                                <img decoding=\"async\" src=\"https:\/\/freewalkingtoursperu.com\/wp-content\/uploads\/2024\/03\/pallay-poncho-1-dia-tour-desde-cusco_2.webp\" class=\"cursor-pointer rounded w-full object-cover\"  alt=\"Tour to Pallay Poncho in Cusco\">\n                                <\/a>\n                                                            <a class=\"w-2\/12 img-small xl:block hidden\" href=\"https:\/\/freewalkingtoursperu.com\/wp-content\/uploads\/2020\/11\/pallay-poncho-tour-sharp-rainbow-mountain-cusco-4.jpg\"  data-sub-html=\"\">\n                                <img decoding=\"async\" src=\"https:\/\/freewalkingtoursperu.com\/wp-content\/uploads\/2020\/11\/pallay-poncho-tour-sharp-rainbow-mountain-cusco-4.jpg\" class=\"cursor-pointer rounded w-full object-cover\"  alt=\"Tour to Pallay Poncho in Cusco\">\n                                <\/a>\n                                                            <a class=\"w-2\/12 img-small xl:block hidden\" href=\"https:\/\/freewalkingtoursperu.com\/wp-content\/uploads\/2020\/11\/pallay-poncho-tour-sharp-rainbow-mountain-cusco-1.jpg\"  data-sub-html=\"\">\n                                <img decoding=\"async\" src=\"https:\/\/freewalkingtoursperu.com\/wp-content\/uploads\/2020\/11\/pallay-poncho-tour-sharp-rainbow-mountain-cusco-1.jpg\" class=\"cursor-pointer rounded w-full object-cover\"  alt=\"Tour to Pallay Poncho in Cusco\">\n                                <\/a>\n                                                            <a class=\"w-2\/12 img-small xl:block hidden\" href=\"https:\/\/freewalkingtoursperu.com\/wp-content\/uploads\/2020\/11\/pallay-poncho-tour-sharp-rainbow-mountain-cusco-2.jpg\"  data-sub-html=\"\">\n                                <img decoding=\"async\" src=\"https:\/\/freewalkingtoursperu.com\/wp-content\/uploads\/2020\/11\/pallay-poncho-tour-sharp-rainbow-mountain-cusco-2.jpg\" class=\"cursor-pointer rounded w-full object-cover\"  alt=\"Tour to Pallay Poncho in Cusco\">\n                                <\/a>\n                                                            <a class=\"w-2\/12 img-small xl:block hidden\" href=\"https:\/\/freewalkingtoursperu.com\/wp-content\/uploads\/2024\/03\/pallay-poncho-1-dia-tour-desde-cusco_1.webp\"  data-sub-html=\"\">\n                                <img decoding=\"async\" src=\"https:\/\/freewalkingtoursperu.com\/wp-content\/uploads\/2024\/03\/pallay-poncho-1-dia-tour-desde-cusco_1.webp\" class=\"cursor-pointer rounded w-full object-cover\"  alt=\"Tour to Pallay Poncho in Cusco\">\n                                <\/a>\n                                                            <a class=\"w-2\/12 img-small xl:block hidden\" href=\"https:\/\/freewalkingtoursperu.com\/wp-content\/uploads\/2020\/11\/pallay-poncho-tour-sharp-rainbow-mountain-cusco-3.jpg\"  data-sub-html=\"\">\n                                <img decoding=\"async\" src=\"https:\/\/freewalkingtoursperu.com\/wp-content\/uploads\/2020\/11\/pallay-poncho-tour-sharp-rainbow-mountain-cusco-3.jpg\" class=\"cursor-pointer rounded w-full object-cover\"  alt=\"Tour to Pallay Poncho in Cusco\">\n                                <\/a>\n                                                            <a class=\"w-2\/12 img-small xl:block hidden\" href=\"https:\/\/freewalkingtoursperu.com\/wp-content\/uploads\/2024\/03\/pallay-poncho-1-dia-tour-desde-cusco_3.webp\"  data-sub-html=\"\">\n                                <img decoding=\"async\" src=\"https:\/\/freewalkingtoursperu.com\/wp-content\/uploads\/2024\/03\/pallay-poncho-1-dia-tour-desde-cusco_3.webp\" class=\"cursor-pointer rounded w-full object-cover\"  alt=\"Tour to Pallay Poncho in Cusco\">\n                                <\/a>\n                             \n\n                        <\/div>\n\n                    \n                    \n                        \n        <\/div>\n\n\n<\/div>\n\n\n\n\n<!--Markup for citys-->\n\n<div id=\"tour-block_2c9fece7e2cf041ed02851c070fe222d\" class=\"tour\">\n\n           \n                <div class=\"flex flex-wrap pl-5 xl:pl-0 gap-8 justify-start xl:justify-center items-center pb-5 py-2 border-b-gray-300 border-b mb-5\">\n                            \n                                    \n                                    <div class=\"pr-0 xl:pr-5 item-details\">\n                                        <img decoding=\"async\" src=\"https:\/\/freewalkingtoursperu.com\/wp-content\/uploads\/2024\/02\/local-website.png\" class=\"w-10 float-left mr-2\" alt=\"bg home\">\n                                        <div class=\"inline-block\">\n                                            <span class=\"font-nunito text-gray-900 font-bold text-sm inline-block\"> P\u00e1gina local<\/span>\n                                            <span class=\"font-nunito text-xs block font-bold text-gray-500\"> SIN INTERMEDIARIOS<\/span>\n                                        <\/div>\n\n                                        <\/div>\n\n                            \n                                    \n                                    <div class=\"pr-0 xl:pr-5 item-details\">\n                                        <img decoding=\"async\" src=\"https:\/\/freewalkingtoursperu.com\/wp-content\/uploads\/2024\/02\/maximum-walkers-last.png\" class=\"w-10 float-left mr-2\" alt=\"bg home\">\n                                        <div class=\"inline-block\">\n                                            <span class=\"font-nunito text-gray-900 font-bold text-sm inline-block\"> Hasta 15 personas<\/span>\n                                            <span class=\"font-nunito text-xs block font-bold text-gray-500\"> TAMA\u00d1O<\/span>\n                                        <\/div>\n\n                                        <\/div>\n\n                            \n                                    \n                                    <div class=\"pr-0 xl:pr-5 item-details\">\n                                        <img decoding=\"async\" src=\"https:\/\/freewalkingtoursperu.com\/wp-content\/uploads\/2024\/02\/altitude3.png\" class=\"w-10 float-left mr-2\" alt=\"bg home\">\n                                        <div class=\"inline-block\">\n                                            <span class=\"font-nunito text-gray-900 font-bold text-sm inline-block\"> 4,791 m \/ 15,718 ft<\/span>\n                                            <span class=\"font-nunito text-xs block font-bold text-gray-500\"> ALTITUD MAX. <\/span>\n                                        <\/div>\n\n                                        <\/div>\n\n                            \n                                    \n                                    <div class=\"pr-0 xl:pr-5 item-details\">\n                                        <img decoding=\"async\" src=\"https:\/\/freewalkingtoursperu.com\/wp-content\/uploads\/2024\/02\/difficulty-last.png\" class=\"w-10 float-left mr-2\" alt=\"bg home\">\n                                        <div class=\"inline-block\">\n                                            <span class=\"font-nunito text-gray-900 font-bold text-sm inline-block\"> F\u00e1cil<\/span>\n                                            <span class=\"font-nunito text-xs block font-bold text-gray-500\"> DIFICULTAD<\/span>\n                                        <\/div>\n\n                                        <\/div>\n\n                                                    \n                        \n                        \n               \n            <\/div>\n            \n<\/div>\n\n\n\n\n<div class=\"wp-block-columns is-layout-flex wp-container-core-columns-is-layout-9d6595d7 wp-block-columns-is-layout-flex\">\n<div class=\"wp-block-column is-layout-flow wp-block-column-is-layout-flow\" style=\"flex-basis:75%\">\n<p>Atr\u00e9vete a salir de la \u201cCiudad Imperial del Cusco\u201d en busca de <strong>Pallay Poncho <\/strong>(4791 m s. n. m.), <strong>la monta\u00f1a de colores que es la novedad tur\u00edstica<\/strong> para todo aventurero. No esperes m\u00e1s y enrumba con nosotros, partimos desde Cusco y para llegar ser\u00e1 necesario subir un <strong>camino empinado, retador, pero tambi\u00e9n fascinante debido al paisaje. <\/strong>Este tour te llevar\u00e1 a un destino que pocos conocen, pero que muchos quisieran conocer.<\/p>\n\n\n<div class=\"text-left -mt-2 mb-4 mr-4\" id=\"leer_mas_6a9bf87dd6b7b\"><div class=\"leer-mas-contenido pt-2\" style=\"display: none;\"><\/p>\n\n\n\n<p>A diferencia de <a href=\"https:\/\/freewalkingtoursperu.com\/es\/tours-cusco\/cusco-montana-de-colores-vinicunca-tour\/\">Vinicunca<\/a> y <a href=\"https:\/\/freewalkingtoursperu.com\/es\/tours-cusco\/tour-palcoyo-montana-de-colores-cusco\/\">Palcoyo<\/a> \u2014las faldas y cumbres<strong> de Pallay Poncho<\/strong> tiene la forma de un \u201cponcho colorido\u201d \u2014adem\u00e1s tiene una morfolog\u00eda diferente: es filuda. Otro detalle que la distingue es la cercan\u00eda de <strong>la laguna glacial de Languilayo<\/strong>.<\/p>\n\n\n\n<p>Nuestro tour de un d\u00eda a Pallay Poncho, conocida tambi\u00e9n con los nombres de <strong>C\u00f3ndor Sayana<\/strong> (\u201clugar donde el c\u00f3ndor se posa\u201d) y <strong>Apu T\u2019akllo Apacheta<\/strong>, es ideal para los viajeros que <strong>desean aventurarse en rutas alternativas<\/strong> y dejar sus huellas en los senderos andinos. Si eres uno de ellos te esperamos en nuestra pr\u00f3xima salida.<\/p>\n\n\n<p><\/div><a href=\"#\" class=\"leer-mas-boton underline\">Leer m\u00e1s<\/a><\/div><script>\n        jQuery(document).ready(function($){\n            $(\"#leer_mas_6a9bf87dd6b7b .leer-mas-boton\").click(function(e){\n                e.preventDefault();\n                $(\"#leer_mas_6a9bf87dd6b7b .leer-mas-contenido\").fadeToggle(\"slow\");\n                if ($(this).text() === \"Leer m\u00e1s\") {\n                    $(this).text(\"Esconder\");\n                } else {\n                    $(this).text(\"Leer m\u00e1s\");\n                }\n            });\n        });\n    <\/script>\n\n\n<div class=\"responsive-tabs\">\n<h2 class=\"tabtitle\"><span class=\"fa fa-th-list\"><\/span>RUTA<\/h2>\n<div class=\"tabcontent\">\n\n\n\n\n<div class=\"wp-block-advgb-accordions advgb-accordions-10df149d-2394-455c-963b-aa4e63557f42 advgb-accordion-wrapper\" data-collapsed=\"true\">\n<div class=\"wp-block-advgb-accordion-item advgb-accordion-item\" style=\"margin-bottom:15px\"><div class=\"advgb-accordion-header\" style=\"background-color:#daec9c;color:#000000;border-style:solid;border-width:1px;border-radius:2px\"><span class=\"advgb-accordion-header-icon accordion-state\"><svg class=\"advgb-icon-closed\" fill=\"#ffffff\" xmlns=\"http:\/\/www.w3.org\/2000\/svg\" width=\"24\" height=\"24\" viewBox=\"0 0 24 24\"><path fill=\"none\" d=\"M0,0h24v24H0V0z\"><\/path><path d=\"M19,13h-6v6h-2v-6H5v-2h6V5h2v6h6V13z\"><\/path><\/svg><svg class=\"advgb-icon-opened\" fill=\"#ffffff\" xmlns=\"http:\/\/www.w3.org\/2000\/svg\" width=\"24\" height=\"24\" viewBox=\"0 0 24 24\"><path fill=\"none\" d=\"M0,0h24v24H0V0z\"><\/path><path d=\"M19,13H5v-2h14V13z\"><\/path><\/svg><\/span><h4 class=\"advgb-accordion-header-title\" style=\"color:inherit\">Punto de encuentro <\/h4><\/div><div class=\"advgb-accordion-body\" style=\"border-style:solid !important;border-width:1px !important;border-color:undefined !important;border-top:none !important;border-radius:2px !important\">\n<p>Te recogeremos desde tu hotel <strong>a las 4:30 de la madrugada<\/strong>, siempre y cuando est\u00e9s alojado en el centro hist\u00f3rico.<\/p>\n\n\n\n<p>Si estuvieras en otro sector de la ciudad, coordinaremos un punto de encuentro. <\/p>\n\n\n\n<p>Cuando todos los turistas hayan sido recogidos, partir\u00e1s del Cusco (3400 m s. n. m.) en una movilidad tur\u00edstica <strong>hacia el distrito de Cusipata<\/strong> (provincia de Canchis), donde llegar\u00e1s despu\u00e9s de <strong>un viaje de 3 h<\/strong>. Este pueblo est\u00e1 localizado <\/p>\n\n\n\n<p>Si tienes consultas o dudas <strong>ingresa a la pesta\u00f1a Detalles y Notas<\/strong>.<\/p>\n<\/div><\/div>\n\n\n\n<div class=\"wp-block-advgb-accordion-item advgb-accordion-item\" style=\"margin-bottom:15px\"><div class=\"advgb-accordion-header\" style=\"background-color:#daec9c;color:#000000;border-style:solid;border-width:1px;border-radius:2px\"><span class=\"advgb-accordion-header-icon accordion-state\"><svg class=\"advgb-icon-closed\" fill=\"#ffffff\" xmlns=\"http:\/\/www.w3.org\/2000\/svg\" width=\"24\" height=\"24\" viewBox=\"0 0 24 24\"><path fill=\"none\" d=\"M0,0h24v24H0V0z\"><\/path><path d=\"M19,13h-6v6h-2v-6H5v-2h6V5h2v6h6V13z\"><\/path><\/svg><svg class=\"advgb-icon-opened\" fill=\"#ffffff\" xmlns=\"http:\/\/www.w3.org\/2000\/svg\" width=\"24\" height=\"24\" viewBox=\"0 0 24 24\"><path fill=\"none\" d=\"M0,0h24v24H0V0z\"><\/path><path d=\"M19,13H5v-2h14V13z\"><\/path><\/svg><\/span><h4 class=\"advgb-accordion-header-title\" style=\"color:inherit\">Distrito de Cusipata<\/h4><\/div><div class=\"advgb-accordion-body\" style=\"border-style:solid !important;border-width:1px !important;border-color:undefined !important;border-top:none !important;border-radius:2px !important\">\n<p>Sobre los <strong>3310 m s. n. m<\/strong>., se alza Cusipata, un distrito con gente amable y de c\u00e1lida personalidad que convertir\u00e1 tu ma\u00f1ana, en un arm\u00f3nico encuentro con la esencia inca a\u00fan intacta. Esto no significa que ver\u00e1s incas paseando por las calles, sino que Cusipata \u2014adem\u00e1s de tener ra\u00edces quechua\u2014 a\u00fan conserva vivas las costumbres que les fueron heredadas por sus antepasados los incas. As\u00ed que es normal que veas que la gente de este sitio se expresa usando el idioma de nuestros ancestros: el quechua. <\/p>\n\n\n\n<p>Revital\u00edzate con un en\u00e9rgico desayuno en compa\u00f1\u00eda de la gente del pueblo, pero no exageres \u00a1<strong>La digesti\u00f3n es m\u00e1s lenta<\/strong> en la altura! <\/p>\n\n\n\n<p>Si ya est\u00e1s listo, siendo aproximadamente las <strong>08:30 horas<\/strong>, partiremos al siguiente punto, en un viaje que tomar\u00e1 <strong>2 horas con 30 minutos aprox<\/strong>. Presta mucha atenci\u00f3n a tus alrededores, ya que podr\u00e1s apreciar<strong> la laguna Languilayo<\/strong>. <\/p>\n<\/div><\/div>\n\n\n\n<div class=\"wp-block-advgb-accordion-item advgb-accordion-item\" style=\"margin-bottom:15px\"><div class=\"advgb-accordion-header\" style=\"background-color:#daec9c;color:#000000;border-style:solid;border-width:1px;border-radius:2px\"><span class=\"advgb-accordion-header-icon accordion-state\"><svg class=\"advgb-icon-closed\" fill=\"#ffffff\" xmlns=\"http:\/\/www.w3.org\/2000\/svg\" width=\"24\" height=\"24\" viewBox=\"0 0 24 24\"><path fill=\"none\" d=\"M0,0h24v24H0V0z\"><\/path><path d=\"M19,13h-6v6h-2v-6H5v-2h6V5h2v6h6V13z\"><\/path><\/svg><svg class=\"advgb-icon-opened\" fill=\"#ffffff\" xmlns=\"http:\/\/www.w3.org\/2000\/svg\" width=\"24\" height=\"24\" viewBox=\"0 0 24 24\"><path fill=\"none\" d=\"M0,0h24v24H0V0z\"><\/path><path d=\"M19,13H5v-2h14V13z\"><\/path><\/svg><\/span><h4 class=\"advgb-accordion-header-title\" style=\"color:inherit\">Distrito de Layo<\/h4><\/div><div class=\"advgb-accordion-body\" style=\"border-style:solid !important;border-width:1px !important;border-color:undefined !important;border-top:none !important;border-radius:2px !important\">\n<p>Sobre los <strong>3970 m s. n. m.<\/strong>, se localiza el distrito de Layo en la provincia de Canas. Conocida por ser una <strong>comunidad pesquera<\/strong>, Layo se encuentra a orillas de la <strong>laguna Languilayo<\/strong>, una de las m\u00e1s grandes del Cusco, adem\u00e1s que sus pobladores son personas humildes que tambi\u00e9n se dedican a la <strong>ganader\u00eda<\/strong> y <strong>agricultura<\/strong>.<\/p>\n\n\n\n<p>El origen de Layo se remonta a los tiempos preincaicos, siendo antiguamente un <strong>asentamiento denominado Kallka Pukara<\/strong>, habitado por la <strong>tribu Kana<\/strong>, cuyo lenguaje era el <strong>aymara<\/strong>. Es de esta forma que, con el pasar del tiempo y la transici\u00f3n de nuevas civilizaciones, el sitio adopt\u00f3 el nombre de Layo siendo la raz\u00f3n de este nombre la abundancia de una planta local que lleva por nombre<strong> Layo<\/strong> (<em>Trifolium amabile<\/em>), una planta forrajera que abunda en el altiplano andino. <\/p>\n\n\n\n<p>Siempre te recomendamos disfrutar de cada etapa en el recorrido, ya que este sitio, adem\u00e1s de todo lo mencionado, posee tradiciones que no se ven en cualquier lugar, por ejemplo se suelen hacer festividades a lo largo del a\u00f1o, entre las cuales se tiene el \u00ab<strong>chiaraje<\/strong>\u00ab, conocida por ser <strong>una batalla ritual de origen ancestral<\/strong>. <\/p>\n\n\n\n<p>Es momento de continuar con el viaje, ya que el inicio de la caminata se encuentra a solo <strong>30 minutos<\/strong> en bus desde Layo. El recorrido se realiza por <strong>una v\u00eda afirmada<\/strong> (tierra compactada).<\/p>\n<\/div><\/div>\n\n\n\n<div class=\"wp-block-advgb-accordion-item advgb-accordion-item\" style=\"margin-bottom:15px\"><div class=\"advgb-accordion-header\" style=\"background-color:#daec9c;color:#000000;border-style:solid;border-width:1px;border-radius:2px\"><span class=\"advgb-accordion-header-icon accordion-state\"><svg class=\"advgb-icon-closed\" fill=\"#ffffff\" xmlns=\"http:\/\/www.w3.org\/2000\/svg\" width=\"24\" height=\"24\" viewBox=\"0 0 24 24\"><path fill=\"none\" d=\"M0,0h24v24H0V0z\"><\/path><path d=\"M19,13h-6v6h-2v-6H5v-2h6V5h2v6h6V13z\"><\/path><\/svg><svg class=\"advgb-icon-opened\" fill=\"#ffffff\" xmlns=\"http:\/\/www.w3.org\/2000\/svg\" width=\"24\" height=\"24\" viewBox=\"0 0 24 24\"><path fill=\"none\" d=\"M0,0h24v24H0V0z\"><\/path><path d=\"M19,13H5v-2h14V13z\"><\/path><\/svg><\/span><h4 class=\"advgb-accordion-header-title\" style=\"color:inherit\">Rumbo a la monta\u00f1a Pallay Poncho<\/h4><\/div><div class=\"advgb-accordion-body\" style=\"border-style:solid !important;border-width:1px !important;border-color:undefined !important;border-top:none !important;border-radius:2px !important\">\n<p>T\u00fa y tu grupo iniciar\u00e1n <strong>el ascenso hacia la monta\u00f1a <\/strong>alrededor de las 11:30 horas. El punto de partida se encuentra a <strong>4541 m s. n. m<\/strong>. Se prudente. No te apresures y mides tus pasos hasta que encuentres tu ritmo.<\/p>\n\n\n\n<p>La ruta hacia Pallay Poncho es <strong>desafiante y exigente<\/strong>. El camino es angosto, accidentado y empinado, por lo que <strong>no es recomendable para senderistas inexpertos<\/strong> o viajeros que sufren de v\u00e9rtigo. Tenlo en cuenta antes de reservar.<\/p>\n\n\n\n<p><strong>Despu\u00e9s de 1 h 30 min. de ascenso continuo<\/strong>, arribar\u00e1s a tu destino.<\/p>\n<\/div><\/div>\n\n\n\n<div class=\"wp-block-advgb-accordion-item advgb-accordion-item\" style=\"margin-bottom:15px\"><div class=\"advgb-accordion-header\" style=\"background-color:#daec9c;color:#000000;border-style:solid;border-width:1px;border-radius:2px\"><span class=\"advgb-accordion-header-icon accordion-state\"><svg class=\"advgb-icon-closed\" fill=\"#ffffff\" xmlns=\"http:\/\/www.w3.org\/2000\/svg\" width=\"24\" height=\"24\" viewBox=\"0 0 24 24\"><path fill=\"none\" d=\"M0,0h24v24H0V0z\"><\/path><path d=\"M19,13h-6v6h-2v-6H5v-2h6V5h2v6h6V13z\"><\/path><\/svg><svg class=\"advgb-icon-opened\" fill=\"#ffffff\" xmlns=\"http:\/\/www.w3.org\/2000\/svg\" width=\"24\" height=\"24\" viewBox=\"0 0 24 24\"><path fill=\"none\" d=\"M0,0h24v24H0V0z\"><\/path><path d=\"M19,13H5v-2h14V13z\"><\/path><\/svg><\/span><h4 class=\"advgb-accordion-header-title\" style=\"color:inherit\">En la monta\u00f1a Pallay Punchu<\/h4><\/div><div class=\"advgb-accordion-body\" style=\"border-style:solid !important;border-width:1px !important;border-color:undefined !important;border-top:none !important;border-radius:2px !important\">\n<p>\u00a1Misi\u00f3n cumplida! <strong>Alrededor de las 13:00 h<\/strong> estar\u00e1s en lo m\u00e1s alto de la monta\u00f1a, <strong>4791 m s. n. m<\/strong>., que muestran el trayecto recorrido y el desaf\u00edo superado. En la cumbre, <strong>tu gu\u00eda reunir\u00e1 al grupo<\/strong> para explicar de manera breve y concisa los <strong>principales detalles sobre Pallay Poncho<\/strong>. <\/p>\n\n\n\n<p>Te explicamos un poco sobre <strong>Pallay Punchu<\/strong>. Para empezar, el nombre que se le di\u00f3 a este lugar proviene del quechua y su significado al espa\u00f1ol es el \u00ab<em>poncho tejido<\/em>\u00ab, esto debido a la singular forma que se puede apreciar, ya que al observar uno de sus picos filudos, puedes distinguir la forma de <strong>un poncho andino<\/strong>. Por otra parte, la formaci\u00f3n de este sitio se di\u00f3 desde hace millones de a\u00f1os, cuando un gran cuerpo de agua \u2014m\u00e1s conocido como el<strong> lago Morkill<\/strong>\u2014 cubr\u00eda lo que hoy es el <strong>humedal cusque\u00f1o<\/strong>. Todo esto se mezcl\u00f3 junto a movimientos tect\u00f3nicos que expusieron lo que se encontraba bajo el inmenso lago, revelando as\u00ed monta\u00f1as y picos con minerales que, con el paso del tiempo <strong>se fueron oxidando<\/strong>, y es lo que actualmente apreciamos, esas franjas coloridas que evidencian la presencia de <strong>arcillas<\/strong>, <strong>cuarzo<\/strong>, <strong>limonitas<\/strong> y otros minerales. <\/p>\n\n\n\n<p>Si deseas saber m\u00e1s, tu gu\u00eda se encargar\u00e1 de absolver todas tus dudas. Ahora respira el momento, <strong>tendr\u00e1s 30 minutos para disfrutar<\/strong> de uno de los nuevos destinos tur\u00edsticos y aventureros de la regi\u00f3n del Cusco. <strong>Contempla el panorama andino<\/strong> y t\u00f3mate muchas fotograf\u00edas.&nbsp;<\/p>\n<\/div><\/div>\n\n\n\n<div class=\"wp-block-advgb-accordion-item advgb-accordion-item\" style=\"margin-bottom:15px\"><div class=\"advgb-accordion-header\" style=\"background-color:#daec9c;color:#000000;border-style:solid;border-width:1px;border-radius:2px\"><span class=\"advgb-accordion-header-icon accordion-state\"><svg class=\"advgb-icon-closed\" fill=\"#ffffff\" xmlns=\"http:\/\/www.w3.org\/2000\/svg\" width=\"24\" height=\"24\" viewBox=\"0 0 24 24\"><path fill=\"none\" d=\"M0,0h24v24H0V0z\"><\/path><path d=\"M19,13h-6v6h-2v-6H5v-2h6V5h2v6h6V13z\"><\/path><\/svg><svg class=\"advgb-icon-opened\" fill=\"#ffffff\" xmlns=\"http:\/\/www.w3.org\/2000\/svg\" width=\"24\" height=\"24\" viewBox=\"0 0 24 24\"><path fill=\"none\" d=\"M0,0h24v24H0V0z\"><\/path><path d=\"M19,13H5v-2h14V13z\"><\/path><\/svg><\/span><h4 class=\"advgb-accordion-header-title\" style=\"color:inherit\">Almuerzo <em>box lunch<\/em><\/h4><\/div><div class=\"advgb-accordion-body\" style=\"border-style:solid !important;border-width:1px !important;border-color:undefined !important;border-top:none !important;border-radius:2px !important\">\n<p>Luego de disfrutar de a monta\u00f1a, volver\u00e1s al punto de partida de la caminata donde te espera el bus. En este lugar te <strong>entregaremos un <em>box lunch.<\/em><\/strong><\/p>\n\n\n\n<p>Despu\u00e9s de una <strong>jornada de exploraci\u00f3n y descubrimiento<\/strong> y ya con un poco de energ\u00edas, es el momento de volver. <strong>A las 15:00 h<\/strong>, aproximadamente, se inicia el retorno al Cusco por la misma ruta. Tu llegada a la \u201cCiudad Imperial\u201d est\u00e1 programada para las 20:00 h aproximadamente.<\/p>\n<\/div><\/div>\n\n\n\n<div class=\"wp-block-advgb-accordion-item advgb-accordion-item\" style=\"margin-bottom:15px\"><div class=\"advgb-accordion-header\" style=\"background-color:#daec9c;color:#000000;border-style:solid;border-width:1px;border-radius:2px\"><span class=\"advgb-accordion-header-icon accordion-state\"><svg class=\"advgb-icon-closed\" fill=\"#ffffff\" xmlns=\"http:\/\/www.w3.org\/2000\/svg\" width=\"24\" height=\"24\" viewBox=\"0 0 24 24\"><path fill=\"none\" d=\"M0,0h24v24H0V0z\"><\/path><path d=\"M19,13h-6v6h-2v-6H5v-2h6V5h2v6h6V13z\"><\/path><\/svg><svg class=\"advgb-icon-opened\" fill=\"#ffffff\" xmlns=\"http:\/\/www.w3.org\/2000\/svg\" width=\"24\" height=\"24\" viewBox=\"0 0 24 24\"><path fill=\"none\" d=\"M0,0h24v24H0V0z\"><\/path><path d=\"M19,13H5v-2h14V13z\"><\/path><\/svg><\/span><h4 class=\"advgb-accordion-header-title\" style=\"color:inherit\">Finalizaci\u00f3n <\/h4><\/div><div class=\"advgb-accordion-body\" style=\"border-style:solid !important;border-width:1px !important;border-color:undefined !important;border-top:none !important;border-radius:2px !important\">\n<p>El Tour a Pallay Poncho finaliza cerca de la plaza de Armas. Si tomas un tour privado, este finalizar\u00e1 en tu hotel. En ambos casos, llegar\u00e1s al Cusco a las <strong>20:00 h aproximadamente.<\/strong><\/p>\n<\/div><\/div>\n<\/div>\n\n\n\n<\/div><h2 class=\"tabtitle\"><span class=\"fa fa-credit-card\"><\/span>PRECIO<\/h2>\n<div class=\"tabcontent\">\n\n\n\n\n<p>Los precios mostrados en la tabla son:<\/p>\n\n\n\n<ul class=\"wp-block-list\">\n<li>Por persona&nbsp;en d\u00f3lares americanos ($).<\/li>\n\n\n\n<li>Pers. = personas.<\/li>\n\n\n\n<li>Grupal = servicio compartido con otros turistas.<\/li>\n\n\n\n<li><em>Tiene que haber un m\u00ednimo de dos personas para reservar el tour en servicio grupal.<\/em><\/li>\n<\/ul>\n\n\n\n<figure class=\"wp-block-table\"><table><thead><tr><th class=\"has-text-align-center\" data-align=\"center\" rowspan=\"2\"><strong>Pers.<\/strong><\/th><th class=\"has-text-align-center\" data-align=\"center\" colspan=\"2\"><strong>Tipo de tour<\/strong><\/th><\/tr><tr><th class=\"has-text-align-center\" data-align=\"center\"><strong>Grupal<\/strong><\/th><th class=\"has-text-align-center\" data-align=\"center\"><strong>Privado<\/strong><\/th><\/tr><\/thead><tbody><tr><td class=\"has-text-align-center\" data-align=\"center\">1<\/td><td class=\"has-text-align-center\" data-align=\"center\">$50<\/td><td class=\"has-text-align-center\" data-align=\"center\">$290<\/td><\/tr><tr><td class=\"has-text-align-center\" data-align=\"center\">2<\/td><td class=\"has-text-align-center\" data-align=\"center\">$50<\/td><td class=\"has-text-align-center\" data-align=\"center\">$145<\/td><\/tr><tr><td class=\"has-text-align-center\" data-align=\"center\">3<\/td><td class=\"has-text-align-center\" data-align=\"center\">$50<\/td><td class=\"has-text-align-center\" data-align=\"center\">$135<\/td><\/tr><tr><td class=\"has-text-align-center\" data-align=\"center\">4<\/td><td class=\"has-text-align-center\" data-align=\"center\">$50<\/td><td class=\"has-text-align-center\" data-align=\"center\">$125<\/td><\/tr><tr><td class=\"has-text-align-center\" data-align=\"center\">5<\/td><td class=\"has-text-align-center\" data-align=\"center\">$50<\/td><td class=\"has-text-align-center\" data-align=\"center\">$115<\/td><\/tr><\/tbody><\/table><figcaption class=\"wp-element-caption\">Si tu grupo es mayor de 5 personas, \u00a1av\u00edsanos!<\/figcaption><\/figure>\n\n\n\n<\/div><h2 class=\"tabtitle\"><span class=\"fa fa-pencil-square-o\"><\/span>DETALLES<\/h2>\n<div class=\"tabcontent\">\n\n\n\n\n<figure class=\"wp-block-table\"><table><thead><tr><th rowspan=\"2\"><strong>Detalles<\/strong><\/th><th colspan=\"2\"><strong>Tipo de tour<\/strong><\/th><\/tr><tr><th><strong>Grupal<\/strong><\/th><th><strong>Privado<\/strong><\/th><\/tr><\/thead><tbody><tr><td>Horario<\/td><td>04:30 a 20:00<\/td><td>T\u00fa decides<\/td><\/tr><tr><td>D\u00edas<\/td><td>Todos los d\u00edas<\/td><td>Todos los d\u00edas<\/td><\/tr><tr><td>Idioma<\/td><td>es\/en simult\u00e1neamente<\/td><td>en \u00f3 es<\/td><\/tr><tr><td>Tama\u00f1o<\/td><td>10 a 15 pax.<\/td><td>T\u00fa y tus amigos<\/td><\/tr><\/tbody><\/table><\/figure>\n\n\n\n<div style=\"height:18px\" aria-hidden=\"true\" class=\"wp-block-spacer\"><\/div>\n\n\n\n<figure class=\"wp-block-table\"><table><thead><tr><th rowspan=\"2\"><strong>Incluido<\/strong><\/th><th class=\"has-text-align-center\" data-align=\"center\" colspan=\"2\"><strong>Tipo de tour<\/strong><\/th><\/tr><tr><th><strong>Grupal<\/strong><\/th><th class=\"has-text-align-center\" data-align=\"center\"><strong>Privado<\/strong><\/th><\/tr><\/thead><tbody><tr><td>Recogida desde tu hotel<\/td><td class=\"has-text-align-center\" data-align=\"center\">\u2705<\/td><td class=\"has-text-align-center\" data-align=\"center\">\u2705<\/td><\/tr><tr><td>Gu\u00eda<\/td><td class=\"has-text-align-center\" data-align=\"center\">\u2705<\/td><td class=\"has-text-align-center\" data-align=\"center\">\u2705<\/td><\/tr><tr><td>Chofer<\/td><td class=\"has-text-align-center\" data-align=\"center\">\u2705<\/td><td class=\"has-text-align-center\" data-align=\"center\">\u2705<\/td><\/tr><tr><td>Veh\u00edculo tur\u00edstico<\/td><td class=\"has-text-align-center\" data-align=\"center\">\u2705<\/td><td class=\"has-text-align-center\" data-align=\"center\">\u2705<\/td><\/tr><tr><td>Desayuno y almuerzo <\/td><td class=\"has-text-align-center\" data-align=\"center\">\u2705<\/td><td class=\"has-text-align-center\" data-align=\"center\">\u2705<\/td><\/tr><tr><td>Botiqu\u00edn de primeros auxilios<\/td><td class=\"has-text-align-center\" data-align=\"center\">\u2705<\/td><td class=\"has-text-align-center\" data-align=\"center\">\u2705<\/td><\/tr><tr><td>Bal\u00f3n de ox\u00edgeno<\/td><td class=\"has-text-align-center\" data-align=\"center\">\u2705<\/td><td class=\"has-text-align-center\" data-align=\"center\">\u2705<\/td><\/tr><tr><td>Bast\u00f3n (bajo petici\u00f3n)<\/td><td class=\"has-text-align-center\" data-align=\"center\">\u2705<\/td><td class=\"has-text-align-center\" data-align=\"center\">\u2705<\/td><\/tr><tr><td>Servicio personalizado<\/td><td class=\"has-text-align-center\" data-align=\"center\">\u274c<\/td><td class=\"has-text-align-center\" data-align=\"center\">\u2705<\/td><\/tr><tr><td>Ticket para Pallay Poncho: 15 soles pp<\/td><td class=\"has-text-align-center\" data-align=\"center\">\u274c<\/td><td class=\"has-text-align-center\" data-align=\"center\">\u274c<\/td><\/tr><tr><td>Drop off en tu hotel<\/td><td class=\"has-text-align-center\" data-align=\"center\">\u274c<\/td><td class=\"has-text-align-center\" data-align=\"center\">\u2705<\/td><\/tr><\/tbody><\/table><\/figure>\n\n\n\n<p> <i class=\"fas fa-ban\"><\/i> <strong>Restricciones<\/strong>: <\/p>\n\n\n\n<ul class=\"wp-block-list\">\n<li>Personas con movilidad reducida.<\/li>\n\n\n\n<li>Personas sin aclimataci\u00f3n a la altura.<\/li>\n\n\n\n<li>Personas sin buena condici\u00f3n f\u00edsica.<\/li>\n\n\n\n<li>Personas con problemas respiratorios o cardiacos.<\/li>\n\n\n\n<li>Personas con v\u00e9rtigo. <\/li>\n\n\n\n<li>Beb\u00e9s menores de 3 a\u00f1os.<\/li>\n<\/ul>\n\n\n\n<p><i class=\"far fa-hand-paper\"><\/i> <strong>\u00bfQu\u00e9 llevo?<\/strong><\/p>\n\n\n\n<ul class=\"wp-block-list\">\n<li>Su\u00e9teres o chaquetas.<\/li>\n\n\n\n<li>Zapatos antideslizantes.<\/li>\n\n\n\n<li>Impermeables.<\/li>\n\n\n\n<li>Gorras o sombreros.<\/li>\n\n\n\n<li>Protector solar.<\/li>\n\n\n\n<li>Gafas de sol.<\/li>\n\n\n\n<li>Una botella de agua.<\/li>\n\n\n\n<li>Drones (opcional): Paga directo a la comunidad 50 soles aprox.<\/li>\n\n\n\n<li>Moneda local para tus entradas.<\/li>\n<\/ul>\n\n\n\n<p> <i class=\"fab fa-whatsapp\"><\/i> <strong>WhatsApp<\/strong>: <\/p>\n\n\n\n<ul class=\"wp-block-list\">\n<li><a href=\"https:\/\/api.whatsapp.com\/send?phone=51958745640&amp;text=Hello%20FWTP,%20can%20you%20help%20me,%20please?\" target=\"_blank\" rel=\"noreferrer noopener nofollow\">+51 958745640&nbsp;<\/a><\/li>\n\n\n\n<li><a href=\"https:\/\/api.whatsapp.com\/send?phone=51984479073&amp;text=Hello%20FWTP,%20can%20you%20help%20me,%20please?\" target=\"_blank\" rel=\"noreferrer noopener nofollow\">+51 984479073<\/a><\/li>\n<\/ul>\n\n\n\n<\/div><h2 class=\"tabtitle\"><span class=\"fa fa-calendar\"><\/span>NOTAS<\/h2>\n<div class=\"tabcontent\">\n\n\n\n\n<div class=\"wp-block-bloque-acordeon-acordeon-container acordeon-container\">\n<div class=\"wp-block-bloque-acordeon-acordeon-item acordeon-item\"><h4 class=\"acordeon-titulo\">Recogidas y horarios<\/h4><div class=\"acordeon-contenido\">\n<ul class=\"wp-block-list\">\n<li>Las recogidas son puntuales.<\/li>\n\n\n\n<li>Las recogidas aplican para toda la ciudad de Cusco.<\/li>\n\n\n\n<li>Organizaremos todas las recogidas un d\u00eda antes de tu tour.<\/li>\n\n\n\n<li>La hora de finalizaci\u00f3n del tour sigue siendo aproximada; sin embargo, haremos nuestro mejor esfuerzo para terminar el tour seg\u00fan lo programado.<\/li>\n<\/ul>\n<\/div><\/div>\n\n\n\n<div class=\"wp-block-bloque-acordeon-acordeon-item acordeon-item\"><h4 class=\"acordeon-titulo\">Alimentaci\u00f3n<\/h4><div class=\"acordeon-contenido\">\n<ul class=\"wp-block-list\">\n<li>El desayuno y el almuerzo son simples y deliciosos.<\/li>\n\n\n\n<li>No hay muchos restaurantes.<\/li>\n\n\n\n<li>Hay opciones vegetarianas.<\/li>\n<\/ul>\n<\/div><\/div>\n\n\n\n<div class=\"wp-block-bloque-acordeon-acordeon-item acordeon-item\"><h4 class=\"acordeon-titulo\">Aclimataci\u00f3n<\/h4><div class=\"acordeon-contenido\">\n<p>Debes estar aclimatado con al menos dos d\u00edas de estad\u00eda en la altura.<\/p>\n<\/div><\/div>\n\n\n\n<div class=\"wp-block-bloque-acordeon-acordeon-item acordeon-item\"><h4 class=\"acordeon-titulo\">Tipo de veh\u00edculo y asientos<\/h4><div class=\"acordeon-contenido\">\n<p>Veh\u00edculos:<\/p>\n\n\n\n<ul class=\"wp-block-list\">\n<li>Autorizado por el Ministerio de Transportes del Per\u00fa.<\/li>\n\n\n\n<li>Autos limpios y modernos.<\/li>\n\n\n\n<li>Autos con aspecto de sed\u00e1n, 4\u00d74, H1, Van, Renault y Mercedes Benz (depender\u00e1 del tama\u00f1o del grupo).<\/li>\n<\/ul>\n\n\n\n<p>Asientos \u2013 tours grupales:<\/p>\n\n\n\n<ul class=\"wp-block-list\">\n<li>T\u00fa reservas un asiento en el autob\u00fas, no un n\u00famero espec\u00edfico de asiento.<\/li>\n\n\n\n<li>Si eres recogido primero, entonces puedes elegir algunos asientos (tu hora de recogida depender\u00e1 de la ubicaci\u00f3n de tu hotel).<\/li>\n\n\n\n<li>Las parejas se sientan juntas en un 95%; sin embargo, no podemos garantizar que esto ocurra al 100%.<\/li>\n<\/ul>\n<\/div><\/div>\n\n\n\n<div class=\"wp-block-bloque-acordeon-acordeon-item acordeon-item\"><h4 class=\"acordeon-titulo\">Carretera<\/h4><div class=\"acordeon-contenido\">\n<ul class=\"wp-block-list\">\n<li>Pista asfaltada.<\/li>\n\n\n\n<li>La \u00faltima parte de la carretera es tierra compactada.<\/li>\n\n\n\n<li>Hay huecos en la carretera.<\/li>\n\n\n\n<li>El polvo a veces ingresa a los veh\u00edculos.<\/li>\n<\/ul>\n<\/div><\/div>\n\n\n\n<div class=\"wp-block-bloque-acordeon-acordeon-item acordeon-item\"><h4 class=\"acordeon-titulo\">Gu\u00eda<\/h4><div class=\"acordeon-contenido\">\n<ul class=\"wp-block-list\">\n<li>Autorizado por el Ministerio de Comercio Exterior y Turismo.<\/li>\n\n\n\n<li>Este tour est\u00e1 enfocado en caminata, no en historia.<\/li>\n<\/ul>\n\n\n\n<ul class=\"wp-block-list\">\n<li>Siempre estar\u00e1 a tu disposici\u00f3n.<\/li>\n\n\n\n<li>Ingl\u00e9s intermedio-avanzado.<\/li>\n\n\n\n<li>Hay bastante explicaci\u00f3n durante el tour.<\/li>\n<\/ul>\n<\/div><\/div>\n\n\n\n<div class=\"wp-block-bloque-acordeon-acordeon-item acordeon-item\"><h4 class=\"acordeon-titulo\">Conductor<\/h4><div class=\"acordeon-contenido\">\n<ul class=\"wp-block-list\">\n<li>El conductor a veces maneja r\u00e1pido por temas de distancia y tiempo.<\/li>\n\n\n\n<li>Si reservas tour privado, el conductor manejar\u00e1 a velocidad normal.<\/li>\n\n\n\n<li>El conductor a veces escucha m\u00fasica para mantenerse despierto.<\/li>\n<\/ul>\n<\/div><\/div>\n\n\n\n<div class=\"wp-block-bloque-acordeon-acordeon-item acordeon-item\"><h4 class=\"acordeon-titulo\">Descuentos en los tickets de ingreso<\/h4><div class=\"acordeon-contenido\">\n<p>Los ni\u00f1os, menores de edad, estudiantes y peruanos pueden recibir descuentos, pero se requiere mostrar una identificaci\u00f3n oficial.<\/p>\n\n\n\n<ul class=\"wp-block-list\">\n<li>Ni\u00f1os y menores: Trae sus pasaportes oficiales para demostrar su edad.<\/li>\n\n\n\n<li>Estudiantes: Trae tu pasaporte oficial y una identificaci\u00f3n emitida por el gobierno.<\/li>\n\n\n\n<li>Peruanos: Trae tu documento de identidad oficial.<\/li>\n<\/ul>\n<\/div><\/div>\n\n\n\n<div class=\"wp-block-bloque-acordeon-acordeon-item acordeon-item\"><h4 class=\"acordeon-titulo\">Operatividad e itinerario<\/h4><div class=\"acordeon-contenido\">\n<p>Este tour est\u00e1 sujeto a variaciones sin previo aviso, debido a condiciones clim\u00e1ticas, huelgas y cualquier otro evento que no permita la operaci\u00f3n normal del tour. Tambi\u00e9n consulta nuestros&nbsp;<a href=\"https:\/\/freewalkingtoursperu.com\/es\/terminos-condiciones\/\" target=\"_blank\" rel=\"noreferrer noopener\">t\u00e9rminos<\/a>.<a href=\"https:\/\/www.forbes.com\/sites\/laurabegleybloom\/2018\/12\/18\/the-cheapest-places-to-travel-in-2019\/?sh=21becc0e787a\"><\/a><\/p>\n<\/div><\/div>\n<\/div>\n\n\n\n<\/div><h2 class=\"tabtitle\"><span class=\"fa fa-calendar\"><\/span>CANCELACIONES<\/h2>\n<div class=\"tabcontent\">\n\n\n\n\n<p>La cancelaci\u00f3n del tour es gratuita siempre que lo hagas con al menos 48 horas de antelaci\u00f3n, en caso contrario te cobraremos el 100% del precio del tour. Tambi\u00e9n consulta nuestros <a href=\"https:\/\/freewalkingtoursperu.com\/es\/terminos-condiciones\/\" target=\"_blank\" rel=\"noreferrer noopener\">t\u00e9rminos<\/a>.<\/p>\n\n\n\n<\/div><h2 class=\"urltab\"><a href=\"#reviews\"><span class=\"fa fa-comments-o\"><\/span>RESE\u00d1AS<\/a><\/h2>\n<div class=\"tabcontent\">\n\n\n\n\n<p>Por favor, desliza hacia abajo para ver comentarios.<\/p>\n\n\n<\/div><\/div>\n<\/div>\n\n\n\n<div class=\"wp-block-column is-layout-flow wp-block-column-is-layout-flow\" style=\"flex-basis:25%\">\n<div class=\"wp-block-group\"><div class=\"wp-block-group__inner-container is-layout-constrained wp-block-group-is-layout-constrained\"><div class='mb-10'>\n\t    \n\t\t<div class='flex gap-1'>\n\t\t\t\t<div class='flex-auto'>\n\t\t\t\t\t<a href='https:\/\/www.forbes.com\/sites\/laurabegleybloom\/2018\/12\/18\/the-cheapest-places-to-travel-in-2019\/?sh=21becc0e787a'><img src=https:\/\/freewalkingtoursperu.com\/wp-content\/themes\/fwtp\/img\/logo-forbes.png alt='logo forbes' class='w-full h-auto xl:h-12'><\/a>\n\t\t\t\t<\/div>\n\t\t\t\t<div class='flex-auto'>\n\t\t\t\t\t<a href='https:\/\/www.tripadvisor.com\/Attraction_Review-g294314-d19259754-Reviews-Free_Walking_Tours_Peru-Cusco_Cusco_Region.html'><img src=https:\/\/freewalkingtoursperu.com\/wp-content\/themes\/fwtp\/img\/logo-tripadvisor.png alt='logo tripadvisor' class='w-full h-auto xl:h-12'><\/a>\n\t\t\t\t<\/div>\n\t\t<\/div>\n\t\t<div class='text-center'>\n\t\t\t<a href='#'><img src=https:\/\/freewalkingtoursperu.com\/wp-content\/themes\/fwtp\/img\/logo-free-walking-tours-peru-ministerio-turismo.png width='100%' alt='logo ministerio del comercio exterior' class='mt-1'><\/a>\n\t\t<\/div>\n\n\t <\/div>\n\n\n\n<!--Markup for citys-->\n\n<div id=\"tour-block_9e81842b936ac1d4b91949db7a4e07da\" class=\"tour\">\n\n            <div class=''>\n\t            <div class='flex rounded-t shadow'>\n\t\t\t        <div class='px-3 py-2 rounded-tl bg-black text-white text-lg mb-0  font-semibold font-nunito'>Sin sobreprecios<\/div>\n\t\t\t        <div class='px-1 py-2 rounded-tr flex-auto font-nunito font-semibold bg-fwtp text-lg text-black  mb-0 text-center'>Desde $50<\/div>\n\t\t\t    <\/div>\n\t        <\/div>\n<\/div>\n\n\n\n\n<div class=\"wpcf7 no-js\" id=\"wpcf7-f7053-o1\" lang=\"en-US\" dir=\"ltr\" data-wpcf7-id=\"7053\">\n<div class=\"screen-reader-response\"><p role=\"status\" aria-live=\"polite\" aria-atomic=\"true\"><\/p> <ul><\/ul><\/div>\n<form action=\"\/es\/wp-json\/wp\/v2\/pages\/7545#wpcf7-f7053-o1\" method=\"post\" class=\"wpcf7-form init\" aria-label=\"Contact form\" novalidate=\"novalidate\" data-status=\"init\">\n<fieldset class=\"hidden-fields-container\"><input type=\"hidden\" name=\"_wpcf7\" value=\"7053\" \/><input type=\"hidden\" name=\"_wpcf7_version\" value=\"6.1.7\" \/><input type=\"hidden\" name=\"_wpcf7_locale\" value=\"en_US\" \/><input type=\"hidden\" name=\"_wpcf7_unit_tag\" value=\"wpcf7-f7053-o1\" \/><input type=\"hidden\" name=\"_wpcf7_container_post\" value=\"0\" \/><input type=\"hidden\" name=\"_wpcf7_posted_data_hash\" value=\"\" \/><input type=\"hidden\" name=\"_wpcf7dtx_version\" value=\"5.0.7\" \/>\n<\/fieldset>\n<input class=\"wpcf7-form-control wpcf7-hidden\" value=\"18\" type=\"hidden\" name=\"Id_Walks\" \/>\n<input class=\"wpcf7-form-control wpcf7-hidden\" value=\"cfa0d1dcbc56ae03285cb40ab1e2e718dff3776c\" type=\"hidden\" name=\"Ncode\" \/>\n<div id=\"form\" class=\"box-form border rounded-bottom shadow bg-white p-3\">\n<span class=\"wpcf7-form-control-wrap page-title\" data-name=\"page-title\"><input type=\"hidden\" name=\"page-title\" class=\"wpcf7-form-control wpcf7-hidden wpcf7dtx wpcf7dtx-hidden\" aria-invalid=\"false\" value=\"Tour a Pallay Poncho: la monta\u00f1a filuda\"><\/span>\n        <div class=\"form-group\">\n           <span class=\"wpcf7-form-control-wrap page-title\" data-name=\"page-title\"><input type=\"text\" name=\"page-title\" class=\"wpcf7-form-control wpcf7-text wpcf7dtx wpcf7dtx-text form-control form-control-sm\" aria-invalid=\"false\" value=\"Tour a Pallay Poncho: la monta\u00f1a filuda\"><\/span>\n      <\/div>\n      <div class=\"form-group\">\n        <p>Fecha: <span class=\"wpcf7-form-control-wrap\" data-name=\"date-free\"><input size=\"40\" maxlength=\"400\" class=\"wpcf7-form-control wpcf7-text form-control form-control-sm fwt\" aria-invalid=\"false\" placeholder=\"dd\/mm\/yyyy\" value=\"\" type=\"text\" name=\"date-free\" \/><\/span><\/p>\n       <\/div>\n     <div class=\"form-group\">\n         <span class=\"wpcf7-form-control-wrap\" data-name=\"size\"><select class=\"wpcf7-form-control wpcf7-select wpcf7-validates-as-required form-control form-control-sm\" aria-required=\"true\" aria-invalid=\"false\" name=\"size\"><option value=\"\">\u00bfCuantas personas son en tu grupo?<\/option><option value=\"1\">1<\/option><option value=\"2\">2<\/option><option value=\"3\">3<\/option><option value=\"4\">4<\/option><option value=\"5\">5<\/option><option value=\"6\">6<\/option><option value=\"7\">7<\/option><option value=\"8\">8<\/option><option value=\"9\">9<\/option><option value=\"10\">10<\/option><\/select><\/span>\n      <\/div>\n       <div class=\"form-group\">\n        <span class=\"wpcf7-form-control-wrap\" data-name=\"name-free\"><input size=\"40\" maxlength=\"400\" class=\"wpcf7-form-control wpcf7-text wpcf7-validates-as-required form-control form-control-sm\" aria-required=\"true\" aria-invalid=\"false\" placeholder=\"Nombre y apellido\" value=\"\" type=\"text\" name=\"name-free\" \/><\/span>\n      <\/div>\n      <div class=\"form-group\">\n          <span class=\"wpcf7-form-control-wrap\" data-name=\"email-free\"><input size=\"40\" maxlength=\"400\" class=\"wpcf7-form-control wpcf7-email wpcf7-validates-as-required wpcf7-text wpcf7-validates-as-email form-control form-control-sm\" aria-required=\"true\" aria-invalid=\"false\" placeholder=\"Correo\" value=\"\" type=\"email\" name=\"email-free\" \/><\/span>\n      <\/div>\n <div class=\"form-group\">\n          <span class=\"wpcf7-form-control-wrap\" data-name=\"Whatsapp\"><input size=\"40\" class=\"wpcf7-form-control wpcf7-phonetext wpcf7-validates-as-required wpcf7-text wpcf7-validates-as-phonetext form-control form-control-sm\" aria-required=\"true\" aria-invalid=\"false\" placeholder=\"Whatsapp\" value=\"\" type=\"text\" name=\"Whatsapp\" \/><input type=\"hidden\" name=\"Whatsapp-country-code\" class=\"wpcf7-phonetext-country-code\" \/><\/span>\n      <\/div>\n       <div class=\"form-group\">\n         <span class=\"wpcf7-form-control-wrap\" data-name=\"your-message\"><textarea cols=\"7\" rows=\"5\" maxlength=\"2000\" class=\"wpcf7-form-control wpcf7-textarea form-control form-control-sm\" aria-invalid=\"false\" placeholder=\"Escribe aqu\u00ed cualquier informaci\u00f3n adicional que consideres: Hotel, preferencia por un tour privado, tours adicionales, ni\u00f1os, adulto mayor, etc.\" name=\"your-message\"><\/textarea><\/span>\n      <\/div>\n        <div class=\"form-group text-center\">\n          <p class=\"text-center\"><input class=\"wpcf7-form-control wpcf7-submit has-spinner btn btn-lg px-5 btn-free\" type=\"submit\" value=\"Cotiza ya\" \/><\/p>\n          \n        <\/div>\n\n<\/div><div class=\"wpcf7-response-output\" aria-hidden=\"true\"><\/div>\n<\/form>\n<\/div>\n\n<\/div><\/div>\n<\/div>\n<\/div>\n\n\n<div class='bg-white border p-3 shadow my-3' id='reviews' ><\/p>\n\n\n\n<h2 class=\"wp-block-heading has-text-align-left\" id=\"reviews-009bf618-1525-4de9-95e4-c35333e5f797\">Redes Sociales<\/h2>\n\n\n\n<p>\u2b50<a href=\"https:\/\/www.tripadvisor.com.pe\/Attraction_Review-g294314-d19259754-Reviews-Free_Walking_Tours_Peru-Cusco_Cusco_Region.html\" target=\"_blank\" rel=\"noreferrer noopener\">TripAdvisor:<\/a> 900 testimonios <strong>|<\/strong> \u2b50<a href=\"https:\/\/goo.gl\/maps\/wsiq2tZwnEwsdhFZA\" target=\"_blank\" rel=\"noreferrer noopener\">Google Maps:<\/a> 1900 comentarios <strong>|<\/strong> \u2b50<a href=\"https:\/\/www.facebook.com\/freewalkingtourscusco\/\" target=\"_blank\" rel=\"noreferrer noopener\">Facebook:<\/a> 200 comentarios <strong>|<\/strong> \u2b50<a href=\"https:\/\/www.instagram.com\/freewalkingtourscusco\/\" target=\"_blank\" rel=\"noreferrer noopener\">Instagram:<\/a> 3k seguidores <strong>|<\/strong> \u2b50<a href=\"https:\/\/www.youtube.com\/channel\/UCdHL6ZDqMvigxpIl5dMf9dQ\" target=\"_blank\" rel=\"noreferrer noopener\">YouTube:<\/a> Ver videos reales <strong>|<\/strong> \u2b50<a href=\"https:\/\/freewalkingtoursperu.com\/es\/sobre-nosotros\/\" target=\"_blank\" rel=\"noreferrer noopener\">Viajeros:<\/a> + de 35 turistas<\/p>\n\n\n<p> <\/div>\n","protected":false},"excerpt":{"rendered":"<p>Atr\u00e9vete a salir de la \u201cCiudad Imperial del Cusco\u201d en busca de Pallay Poncho (4791 m s. n. m.), la monta\u00f1a de colores que es la novedad tur\u00edstica para todo aventurero. No esperes m\u00e1s y enrumba con nosotros, partimos desde Cusco y para llegar ser\u00e1 necesario subir un camino empinado, retador, pero tambi\u00e9n fascinante debido [&hellip;]<\/p>\n","protected":false},"author":1,"featured_media":0,"parent":7065,"menu_order":0,"comment_status":"closed","ping_status":"closed","template":"page-tour-pay.php","meta":{"_acf_changed":false,"advgb_blocks_editor_width":"full","advgb_blocks_columns_visual_guide":"","footnotes":""},"class_list":["post-7545","page","type-page","status-publish","hentry"],"acf":[],"yoast_head":"<!-- This site is optimized with the Yoast SEO plugin v28.4 - https:\/\/yoast.com\/product\/yoast-seo-wordpress\/ -->\n<title>1 D\u00eda de Tour en Pallay Poncho: Monta\u00f1a Colorida y Filuda Cusco<\/title>\n<meta name=\"description\" content=\"Visita hoy a Pallay Poncho \u2014 Tour de 1 D\u00eda completo, salidas diarias desde Cusco en Bus, Todo Incluido, a precios baratos, reserva hoy d\u00eda\" \/>\n<meta name=\"robots\" content=\"index, follow, max-snippet:-1, max-image-preview:large, max-video-preview:-1\" \/>\n<link rel=\"canonical\" href=\"https:\/\/freewalkingtoursperu.com\/es\/tours-cusco\/pallay-poncho-1-dia-tour-desde-cusco\/\" \/>\n<meta property=\"og:locale\" content=\"es_ES\" \/>\n<meta property=\"og:type\" content=\"article\" \/>\n<meta property=\"og:title\" content=\"1 D\u00eda de Tour en Pallay Poncho: Monta\u00f1a Colorida y Filuda Cusco\" \/>\n<meta property=\"og:description\" content=\"Visita hoy a Pallay Poncho \u2014 Tour de 1 D\u00eda completo, salidas diarias desde Cusco en Bus, Todo Incluido, a precios baratos, reserva hoy d\u00eda\" \/>\n<meta property=\"og:url\" content=\"https:\/\/freewalkingtoursperu.com\/es\/tours-cusco\/pallay-poncho-1-dia-tour-desde-cusco\/\" \/>\n<meta property=\"og:site_name\" content=\"Free Walking Tours Peru\" \/>\n<meta property=\"article:modified_time\" content=\"2026-06-18T03:36:15+00:00\" \/>\n<meta name=\"twitter:card\" content=\"summary_large_image\" \/>\n<meta name=\"twitter:label1\" content=\"Tiempo de lectura\" \/>\n\t<meta name=\"twitter:data1\" content=\"8 minutos\" \/>\n<script type=\"application\/ld+json\" class=\"yoast-schema-graph\">{\"@context\":\"https:\\\/\\\/schema.org\",\"@graph\":[{\"@type\":\"WebPage\",\"@id\":\"https:\\\/\\\/freewalkingtoursperu.com\\\/es\\\/tours-cusco\\\/pallay-poncho-1-dia-tour-desde-cusco\\\/\",\"url\":\"https:\\\/\\\/freewalkingtoursperu.com\\\/es\\\/tours-cusco\\\/pallay-poncho-1-dia-tour-desde-cusco\\\/\",\"name\":\"1 D\u00eda de Tour en Pallay Poncho: Monta\u00f1a Colorida y Filuda Cusco\",\"isPartOf\":{\"@id\":\"https:\\\/\\\/freewalkingtoursperu.com\\\/es\\\/#website\"},\"datePublished\":\"2020-12-05T00:33:29+00:00\",\"dateModified\":\"2026-06-18T03:36:15+00:00\",\"description\":\"Visita hoy a Pallay Poncho \u2014 Tour de 1 D\u00eda completo, salidas diarias desde Cusco en Bus, Todo Incluido, a precios baratos, reserva hoy d\u00eda\",\"breadcrumb\":{\"@id\":\"https:\\\/\\\/freewalkingtoursperu.com\\\/es\\\/tours-cusco\\\/pallay-poncho-1-dia-tour-desde-cusco\\\/#breadcrumb\"},\"inLanguage\":\"es\",\"potentialAction\":[{\"@type\":\"ReadAction\",\"target\":[\"https:\\\/\\\/freewalkingtoursperu.com\\\/es\\\/tours-cusco\\\/pallay-poncho-1-dia-tour-desde-cusco\\\/\"]}]},{\"@type\":\"BreadcrumbList\",\"@id\":\"https:\\\/\\\/freewalkingtoursperu.com\\\/es\\\/tours-cusco\\\/pallay-poncho-1-dia-tour-desde-cusco\\\/#breadcrumb\",\"itemListElement\":[{\"@type\":\"ListItem\",\"position\":1,\"name\":\"Home\",\"item\":\"https:\\\/\\\/freewalkingtoursperu.com\\\/es\\\/\"},{\"@type\":\"ListItem\",\"position\":2,\"name\":\"Tours en Cusco\",\"item\":\"https:\\\/\\\/freewalkingtoursperu.com\\\/es\\\/tours-cusco\\\/\"},{\"@type\":\"ListItem\",\"position\":3,\"name\":\"Tour a Pallay Poncho: la monta\u00f1a filuda\"}]},{\"@type\":\"WebSite\",\"@id\":\"https:\\\/\\\/freewalkingtoursperu.com\\\/es\\\/#website\",\"url\":\"https:\\\/\\\/freewalkingtoursperu.com\\\/es\\\/\",\"name\":\"Free Walking Tours Peru\",\"description\":\"\",\"publisher\":{\"@id\":\"https:\\\/\\\/freewalkingtoursperu.com\\\/es\\\/#organization\"},\"potentialAction\":[{\"@type\":\"SearchAction\",\"target\":{\"@type\":\"EntryPoint\",\"urlTemplate\":\"https:\\\/\\\/freewalkingtoursperu.com\\\/es\\\/?s={search_term_string}\"},\"query-input\":{\"@type\":\"PropertyValueSpecification\",\"valueRequired\":true,\"valueName\":\"search_term_string\"}}],\"inLanguage\":\"es\"},{\"@type\":\"Organization\",\"@id\":\"https:\\\/\\\/freewalkingtoursperu.com\\\/es\\\/#organization\",\"name\":\"Free Walking Tours Peru\",\"url\":\"https:\\\/\\\/freewalkingtoursperu.com\\\/es\\\/\",\"logo\":{\"@type\":\"ImageObject\",\"inLanguage\":\"es\",\"@id\":\"https:\\\/\\\/freewalkingtoursperu.com\\\/es\\\/#\\\/schema\\\/logo\\\/image\\\/\",\"url\":\"https:\\\/\\\/freewalkingtoursperu.com\\\/wp-content\\\/uploads\\\/2026\\\/02\\\/logo-freeorg.svg\",\"contentUrl\":\"https:\\\/\\\/freewalkingtoursperu.com\\\/wp-content\\\/uploads\\\/2026\\\/02\\\/logo-freeorg.svg\",\"caption\":\"Free Walking Tours Peru\"},\"image\":{\"@id\":\"https:\\\/\\\/freewalkingtoursperu.com\\\/es\\\/#\\\/schema\\\/logo\\\/image\\\/\"}}]}<\/script>\n<!-- \/ Yoast SEO plugin. -->","yoast_head_json":{"title":"1 D\u00eda de Tour en Pallay Poncho: Monta\u00f1a Colorida y Filuda Cusco","description":"Visita hoy a Pallay Poncho \u2014 Tour de 1 D\u00eda completo, salidas diarias desde Cusco en Bus, Todo Incluido, a precios baratos, reserva hoy d\u00eda","robots":{"index":"index","follow":"follow","max-snippet":"max-snippet:-1","max-image-preview":"max-image-preview:large","max-video-preview":"max-video-preview:-1"},"canonical":"https:\/\/freewalkingtoursperu.com\/es\/tours-cusco\/pallay-poncho-1-dia-tour-desde-cusco\/","og_locale":"es_ES","og_type":"article","og_title":"1 D\u00eda de Tour en Pallay Poncho: Monta\u00f1a Colorida y Filuda Cusco","og_description":"Visita hoy a Pallay Poncho \u2014 Tour de 1 D\u00eda completo, salidas diarias desde Cusco en Bus, Todo Incluido, a precios baratos, reserva hoy d\u00eda","og_url":"https:\/\/freewalkingtoursperu.com\/es\/tours-cusco\/pallay-poncho-1-dia-tour-desde-cusco\/","og_site_name":"Free Walking Tours Peru","article_modified_time":"2026-06-18T03:36:15+00:00","twitter_card":"summary_large_image","twitter_misc":{"Tiempo de lectura":"8 minutos"},"schema":{"@context":"https:\/\/schema.org","@graph":[{"@type":"WebPage","@id":"https:\/\/freewalkingtoursperu.com\/es\/tours-cusco\/pallay-poncho-1-dia-tour-desde-cusco\/","url":"https:\/\/freewalkingtoursperu.com\/es\/tours-cusco\/pallay-poncho-1-dia-tour-desde-cusco\/","name":"1 D\u00eda de Tour en Pallay Poncho: Monta\u00f1a Colorida y Filuda Cusco","isPartOf":{"@id":"https:\/\/freewalkingtoursperu.com\/es\/#website"},"datePublished":"2020-12-05T00:33:29+00:00","dateModified":"2026-06-18T03:36:15+00:00","description":"Visita hoy a Pallay Poncho \u2014 Tour de 1 D\u00eda completo, salidas diarias desde Cusco en Bus, Todo Incluido, a precios baratos, reserva hoy d\u00eda","breadcrumb":{"@id":"https:\/\/freewalkingtoursperu.com\/es\/tours-cusco\/pallay-poncho-1-dia-tour-desde-cusco\/#breadcrumb"},"inLanguage":"es","potentialAction":[{"@type":"ReadAction","target":["https:\/\/freewalkingtoursperu.com\/es\/tours-cusco\/pallay-poncho-1-dia-tour-desde-cusco\/"]}]},{"@type":"BreadcrumbList","@id":"https:\/\/freewalkingtoursperu.com\/es\/tours-cusco\/pallay-poncho-1-dia-tour-desde-cusco\/#breadcrumb","itemListElement":[{"@type":"ListItem","position":1,"name":"Home","item":"https:\/\/freewalkingtoursperu.com\/es\/"},{"@type":"ListItem","position":2,"name":"Tours en Cusco","item":"https:\/\/freewalkingtoursperu.com\/es\/tours-cusco\/"},{"@type":"ListItem","position":3,"name":"Tour a Pallay Poncho: la monta\u00f1a filuda"}]},{"@type":"WebSite","@id":"https:\/\/freewalkingtoursperu.com\/es\/#website","url":"https:\/\/freewalkingtoursperu.com\/es\/","name":"Free Walking Tours Peru","description":"","publisher":{"@id":"https:\/\/freewalkingtoursperu.com\/es\/#organization"},"potentialAction":[{"@type":"SearchAction","target":{"@type":"EntryPoint","urlTemplate":"https:\/\/freewalkingtoursperu.com\/es\/?s={search_term_string}"},"query-input":{"@type":"PropertyValueSpecification","valueRequired":true,"valueName":"search_term_string"}}],"inLanguage":"es"},{"@type":"Organization","@id":"https:\/\/freewalkingtoursperu.com\/es\/#organization","name":"Free Walking Tours Peru","url":"https:\/\/freewalkingtoursperu.com\/es\/","logo":{"@type":"ImageObject","inLanguage":"es","@id":"https:\/\/freewalkingtoursperu.com\/es\/#\/schema\/logo\/image\/","url":"https:\/\/freewalkingtoursperu.com\/wp-content\/uploads\/2026\/02\/logo-freeorg.svg","contentUrl":"https:\/\/freewalkingtoursperu.com\/wp-content\/uploads\/2026\/02\/logo-freeorg.svg","caption":"Free Walking Tours Peru"},"image":{"@id":"https:\/\/freewalkingtoursperu.com\/es\/#\/schema\/logo\/image\/"}}]}},"coauthors":[],"author_meta":{"author_link":"https:\/\/freewalkingtoursperu.com\/es\/blog\/author\/adminfwt\/","display_name":"FWTP"},"relative_dates":{"created":"Publicado 6 a\u00f1os hace","modified":"Actualizado 3 meses hace"},"absolute_dates":{"created":"Publicado el 4 diciembre, 2020","modified":"Actualizado el 17 junio, 2026"},"absolute_dates_time":{"created":"Publicado el 4 diciembre, 2020 7:33 pm","modified":"Actualizado el 17 junio, 2026 10:36 pm"},"featured_img_caption":"","featured_img":false,"series_order":"","_links":{"self":[{"href":"https:\/\/freewalkingtoursperu.com\/es\/wp-json\/wp\/v2\/pages\/7545","targetHints":{"allow":["GET"]}}],"collection":[{"href":"https:\/\/freewalkingtoursperu.com\/es\/wp-json\/wp\/v2\/pages"}],"about":[{"href":"https:\/\/freewalkingtoursperu.com\/es\/wp-json\/wp\/v2\/types\/page"}],"author":[{"embeddable":true,"href":"https:\/\/freewalkingtoursperu.com\/es\/wp-json\/wp\/v2\/users\/1"}],"replies":[{"embeddable":true,"href":"https:\/\/freewalkingtoursperu.com\/es\/wp-json\/wp\/v2\/comments?post=7545"}],"version-history":[{"count":1,"href":"https:\/\/freewalkingtoursperu.com\/es\/wp-json\/wp\/v2\/pages\/7545\/revisions"}],"predecessor-version":[{"id":71384,"href":"https:\/\/freewalkingtoursperu.com\/es\/wp-json\/wp\/v2\/pages\/7545\/revisions\/71384"}],"up":[{"embeddable":true,"href":"https:\/\/freewalkingtoursperu.com\/es\/wp-json\/wp\/v2\/pages\/7065"}],"wp:attachment":[{"href":"https:\/\/freewalkingtoursperu.com\/es\/wp-json\/wp\/v2\/media?parent=7545"}],"curies":[{"name":"wp","href":"https:\/\/api.w.org\/{rel}","templated":true}]}}