{"id":7569,"date":"2020-12-04T20:09:25","date_gmt":"2020-12-05T01:09:25","guid":{"rendered":"https:\/\/freewalkingtoursperu.com\/?page_id=7569"},"modified":"2026-06-18T18:10:57","modified_gmt":"2026-06-18T23:10:57","slug":"tours-privados-lima-a-pie","status":"publish","type":"page","link":"https:\/\/freewalkingtoursperu.com\/es\/tours-lima\/tours-privados-lima-a-pie\/","title":{"rendered":"Tour privado a pie por Lima vieja"},"content":{"rendered":"\n<!--Markup for citys-->\n\n<div id=\"tour-block_09e18e0387de320dbaa3edd847968ab7\" class=\"toursweb flex flex-col-reverse md:flex-col\">\n\n\n        <div class=\"container mb-2\">          \n                        <div class=\"mt-6\">\n                        <p id=\"breadcrumbs\" class=\"mb-0\"><span><span><a href=\"https:\/\/freewalkingtoursperu.com\/es\/\">Home<\/a><\/span><\/span><\/p>                        <\/div>\n            \n\n                    <h1 class=\"text-xl xl:text-3xl mb-2 font-bold text-gray-800\"> Tour privado a pie por Lima vieja<\/h1>\n                                        <div class=\"flex gap-3 mb-4\">\n                            <span>\n                                <i class='fas fa-star text-yellow-400'><\/i> \n                                <i class='fas fa-star text-yellow-400'><\/i> \n                                <i class='fas fa-star text-yellow-400'><\/i> \n                                <i class='fas fa-star text-yellow-400'><\/i> \n                                <i class='fas fa-star text-yellow-400'><\/i>  \n                            <\/span>\n                            <span> \n                                <i class=\"far fa-user text-gray-700\"><\/i> <a href=\"#reviews\"> <span class=\"text-sky-600 font-nunito\">78 viajeros<\/span> <\/a>\n                            <\/span>\n\n                            <span> \n                            <i class=\"far fa-clock text-gray-700\"><\/i>  <span class=\"text-gray-800 font-nunito\">3 h<\/span> \n                            <\/span>\n\n                            <span> \n                                <i class=\"far fa-comment text-gray-700\"><\/i> \n                                    <span class=\"mr-1 text-sm flag-icon flag-icon-gb\"><\/span><span class=\"mr-1 text-sm flag-icon flag-icon-es\"><\/span>                            <\/span>\n                        <\/div>\n                              \n        <\/div>\n\n    \n\n\n        <div class=\"relative mb-2 mt-2\">\n\n                    \n                        <div id=\"lightgallery\" class=\"flex flex-wrap img-large\"> \n                                                            <a class=\"w-2\/12 img-small xl:block hidden\" href=\"https:\/\/freewalkingtoursperu.com\/wp-content\/uploads\/2025\/10\/Tour_privado_a-pie_por_Lima_vieja_1.webp\"  data-sub-html=\"\">\n                                <img decoding=\"async\" src=\"https:\/\/freewalkingtoursperu.com\/wp-content\/uploads\/2025\/10\/Tour_privado_a-pie_por_Lima_vieja_1.webp\" class=\"cursor-pointer rounded w-full object-cover\"  alt=\"Tour privado a pie por Lima vieja\">\n                                <\/a>\n                                                            <a class=\"w-2\/12 img-small xl:block hidden\" href=\"https:\/\/freewalkingtoursperu.com\/wp-content\/uploads\/2024\/03\/lima-private-tours-and-walks_2.webp\"  data-sub-html=\"\">\n                                <img decoding=\"async\" src=\"https:\/\/freewalkingtoursperu.com\/wp-content\/uploads\/2024\/03\/lima-private-tours-and-walks_2.webp\" class=\"cursor-pointer rounded w-full object-cover\"  alt=\"Private walking tour of Lima Old town\n\">\n                                <\/a>\n                                                            <a class=\"w-2\/12 img-small xl:block hidden\" href=\"https:\/\/freewalkingtoursperu.com\/wp-content\/uploads\/2020\/12\/lima-private-tours-and-walks-1.jpg\"  data-sub-html=\"\">\n                                <img decoding=\"async\" src=\"https:\/\/freewalkingtoursperu.com\/wp-content\/uploads\/2020\/12\/lima-private-tours-and-walks-1.jpg\" class=\"cursor-pointer rounded w-full object-cover\"  alt=\"lima-private-tours-and-walks\">\n                                <\/a>\n                                                            <a class=\"w-2\/12 img-small xl:block hidden\" href=\"https:\/\/freewalkingtoursperu.com\/wp-content\/uploads\/2020\/12\/lima-private-tours-and-walks-3.jpg\"  data-sub-html=\"\">\n                                <img decoding=\"async\" src=\"https:\/\/freewalkingtoursperu.com\/wp-content\/uploads\/2020\/12\/lima-private-tours-and-walks-3.jpg\" class=\"cursor-pointer rounded w-full object-cover\"  alt=\"? Private Walking Tour of Old Lima town, Miraflores and Barranco district\">\n                                <\/a>\n                                                            <a class=\"w-2\/12 img-small xl:block hidden\" href=\"https:\/\/freewalkingtoursperu.com\/wp-content\/uploads\/2024\/03\/lima-private-tours-and-walks_1.webp\"  data-sub-html=\"\">\n                                <img decoding=\"async\" src=\"https:\/\/freewalkingtoursperu.com\/wp-content\/uploads\/2024\/03\/lima-private-tours-and-walks_1.webp\" class=\"cursor-pointer rounded w-full object-cover\"  alt=\"Private walking tour of Lima Old town\n\">\n                                <\/a>\n                                                            <a class=\"w-2\/12 img-small xl:block hidden\" href=\"https:\/\/freewalkingtoursperu.com\/wp-content\/uploads\/2024\/03\/lima-private-tours-and-walks.webp\"  data-sub-html=\"\">\n                                <img decoding=\"async\" src=\"https:\/\/freewalkingtoursperu.com\/wp-content\/uploads\/2024\/03\/lima-private-tours-and-walks.webp\" class=\"cursor-pointer rounded w-full object-cover\"  alt=\"Private walking tour of Lima Old town\n\">\n                                <\/a>\n                                                            <a class=\"w-2\/12 img-small xl:block hidden\" href=\"https:\/\/freewalkingtoursperu.com\/wp-content\/uploads\/2020\/12\/lima-private-tours-and-walks-4.jpg\"  data-sub-html=\"\">\n                                <img decoding=\"async\" src=\"https:\/\/freewalkingtoursperu.com\/wp-content\/uploads\/2020\/12\/lima-private-tours-and-walks-4.jpg\" class=\"cursor-pointer rounded w-full object-cover\"  alt=\"? Private Walking Tour of Old Lima town, Miraflores and Barranco district\">\n                                <\/a>\n                                                            <a class=\"w-2\/12 img-small xl:block hidden\" href=\"https:\/\/freewalkingtoursperu.com\/wp-content\/uploads\/2021\/12\/tour-privado-lima-casa-aliaga.jpg\"  data-sub-html=\"\">\n                                <img decoding=\"async\" src=\"https:\/\/freewalkingtoursperu.com\/wp-content\/uploads\/2021\/12\/tour-privado-lima-casa-aliaga.jpg\" class=\"cursor-pointer rounded w-full object-cover\"  alt=\"tour privado por lima casa aliaga\">\n                                <\/a>\n                             \n\n                        <\/div>\n\n                    \n                    \n                        \n        <\/div>\n\n\n<\/div>\n\n\n\n\n<!--Markup for citys-->\n\n<div id=\"tour-block_2cbe435d278b7ac6deb1309d9dad5d1d\" class=\"tour\">\n\n           \n                <div class=\"flex flex-wrap pl-5 xl:pl-0 gap-8 justify-start xl:justify-center items-center pb-5 py-2 border-b-gray-300 border-b mb-5\">\n                            \n                                    \n                                    <div class=\"pr-0 xl:pr-5 item-details\">\n                                        <img decoding=\"async\" src=\"https:\/\/freewalkingtoursperu.com\/wp-content\/uploads\/2024\/02\/local-website.png\" class=\"w-10 float-left mr-2\" alt=\"bg home\">\n                                        <div class=\"inline-block\">\n                                            <span class=\"font-nunito text-gray-900 font-bold text-sm inline-block\"> P\u00e1gina local<\/span>\n                                            <span class=\"font-nunito text-xs block font-bold text-gray-500\"> SIN INTERMEDIARIOS<\/span>\n                                        <\/div>\n\n                                        <\/div>\n\n                            \n                                    \n                                    <div class=\"pr-0 xl:pr-5 item-details\">\n                                        <img decoding=\"async\" src=\"https:\/\/freewalkingtoursperu.com\/wp-content\/uploads\/2024\/02\/maximum-walkers-last.png\" class=\"w-10 float-left mr-2\" alt=\"bg home\">\n                                        <div class=\"inline-block\">\n                                            <span class=\"font-nunito text-gray-900 font-bold text-sm inline-block\"> 100% privado<\/span>\n                                            <span class=\"font-nunito text-xs block font-bold text-gray-500\"> TAMA\u00d1O<\/span>\n                                        <\/div>\n\n                                        <\/div>\n\n                            \n                                    \n                                    <div class=\"pr-0 xl:pr-5 item-details\">\n                                        <img decoding=\"async\" src=\"https:\/\/freewalkingtoursperu.com\/wp-content\/uploads\/2024\/03\/epic-tours-1-1.png\" class=\"w-10 float-left mr-2\" alt=\"bg home\">\n                                        <div class=\"inline-block\">\n                                            <span class=\"font-nunito text-gray-900 font-bold text-sm inline-block\"> \u00c9picas<\/span>\n                                            <span class=\"font-nunito text-xs block font-bold text-gray-500\"> EXPERIENCIAS<\/span>\n                                        <\/div>\n\n                                        <\/div>\n\n                            \n                                    \n                                    <div class=\"pr-0 xl:pr-5 item-details\">\n                                        <img decoding=\"async\" src=\"https:\/\/freewalkingtoursperu.com\/wp-content\/uploads\/2024\/03\/safe-tours-.png\" class=\"w-10 float-left mr-2\" alt=\"bg home\">\n                                        <div class=\"inline-block\">\n                                            <span class=\"font-nunito text-gray-900 font-bold text-sm inline-block\"> SEGURAS<\/span>\n                                            <span class=\"font-nunito text-xs block font-bold text-gray-500\"> EXCURSIONES<\/span>\n                                        <\/div>\n\n                                        <\/div>\n\n                                                    \n                        \n                        \n               \n            <\/div>\n            \n<\/div>\n\n\n\n\n<div class=\"wp-block-columns is-layout-flex wp-container-core-columns-is-layout-9d6595d7 wp-block-columns-is-layout-flex\">\n<div class=\"wp-block-column is-layout-flow wp-block-column-is-layout-flow\" style=\"flex-basis:75%\">\n<p>Visita el centro hist\u00f3rico <strong>Lima con un tour privado<\/strong> a tu medida, descubrir\u00e1s sus calles y plazas m\u00e1s ic\u00f3nicos as\u00ed como tambi\u00e9n monumentos emblem\u00e1ticos como&nbsp;la <strong>Casa Aliaga y las catacumbas de San Francisco<\/strong>&nbsp;que datan de la \u00e9poca del virreinato del Per\u00fa (siglo XVI, XVII y XVIII).&nbsp;<\/p>\n\n\n<div class=\"text-left -mt-2 mb-4 mr-4\" id=\"leer_mas_6a9bed09d3d72\"><div class=\"leer-mas-contenido pt-2\" style=\"display: none;\"><\/p>\n\n\n\n<p>Si no sabes c\u00f3mo llegar a nuestro punto de encuentro ubicado en el centro hist\u00f3rico de Lima; desde Miraflores, Barranco, San Miguel y San Isidro; nosotros te organizamos&nbsp;recogida desde tu hotel con gu\u00eda y veh\u00edculo privado autorizado&nbsp;por el Ministerio de Comercio Exterior y Turismo, puede ser un H1, Van, Mercedes-Benz y Renault; depender\u00e1 de cuantos son en tu grupo.<\/p>\n\n\n<p><\/div><a href=\"#\" class=\"leer-mas-boton underline\">Leer m\u00e1s<\/a><\/div><script>\n        jQuery(document).ready(function($){\n            $(\"#leer_mas_6a9bed09d3d72 .leer-mas-boton\").click(function(e){\n                e.preventDefault();\n                $(\"#leer_mas_6a9bed09d3d72 .leer-mas-contenido\").fadeToggle(\"slow\");\n                if ($(this).text() === \"Leer m\u00e1s\") {\n                    $(this).text(\"Esconder\");\n                } else {\n                    $(this).text(\"Leer m\u00e1s\");\n                }\n            });\n        });\n    <\/script>\n\n\n<div class=\"responsive-tabs\">\n<h2 class=\"tabtitle\"><span class=\"fa fa-th-list\"><\/span>RUTA<\/h2>\n<div class=\"tabcontent\">\n\n\n\n\n<div class=\"wp-block-advgb-accordions advgb-accordions-702daaef-d46c-4e49-889d-70c48e967188 advgb-accordion-wrapper\" data-collapsed=\"true\">\n<div class=\"wp-block-advgb-accordion-item advgb-accordion-item\" style=\"margin-bottom:15px\"><div class=\"advgb-accordion-header\" style=\"background-color:#daec9c;color:#000000;border-style:solid;border-width:1px;border-radius:2px\"><span class=\"advgb-accordion-header-icon accordion-state\"><svg class=\"advgb-icon-closed\" fill=\"#ffffff\" xmlns=\"http:\/\/www.w3.org\/2000\/svg\" width=\"24\" height=\"24\" viewBox=\"0 0 24 24\"><path fill=\"none\" d=\"M0,0h24v24H0V0z\"><\/path><path d=\"M19,13h-6v6h-2v-6H5v-2h6V5h2v6h6V13z\"><\/path><\/svg><svg class=\"advgb-icon-opened\" fill=\"#ffffff\" xmlns=\"http:\/\/www.w3.org\/2000\/svg\" width=\"24\" height=\"24\" viewBox=\"0 0 24 24\"><path fill=\"none\" d=\"M0,0h24v24H0V0z\"><\/path><path d=\"M19,13H5v-2h14V13z\"><\/path><\/svg><\/span><h4 class=\"advgb-accordion-header-title\" style=\"color:inherit\">Punto de encuentro<\/h4><\/div><div class=\"advgb-accordion-body\" style=\"border-style:solid !important;border-width:1px !important;border-color:undefined !important;border-top:none !important;border-radius:2px !important\">\n<ul class=\"wp-block-list\">\n<li>Frente a la <a href=\"https:\/\/goo.gl\/maps\/1zM7sYJbjSrN7j4P9\" target=\"_blank\" rel=\"noreferrer noopener nofollow\">iglesia La Merced<\/a> a las 9:00, 14:00 u otro horario solicitado.<\/li>\n\n\n\n<li>Recogidas y drop-offs bajo petici\u00f3n.<\/li>\n\n\n\n<li>Lee todas las pesta\u00f1as, por favor.<\/li>\n<\/ul>\n<\/div><\/div>\n\n\n\n<div class=\"wp-block-advgb-accordion-item advgb-accordion-item\" style=\"margin-bottom:15px\"><div class=\"advgb-accordion-header\" style=\"background-color:#daec9c;color:#000000;border-style:solid;border-width:1px;border-radius:2px\"><span class=\"advgb-accordion-header-icon accordion-state\"><svg class=\"advgb-icon-closed\" fill=\"#ffffff\" xmlns=\"http:\/\/www.w3.org\/2000\/svg\" width=\"24\" height=\"24\" viewBox=\"0 0 24 24\"><path fill=\"none\" d=\"M0,0h24v24H0V0z\"><\/path><path d=\"M19,13h-6v6h-2v-6H5v-2h6V5h2v6h6V13z\"><\/path><\/svg><svg class=\"advgb-icon-opened\" fill=\"#ffffff\" xmlns=\"http:\/\/www.w3.org\/2000\/svg\" width=\"24\" height=\"24\" viewBox=\"0 0 24 24\"><path fill=\"none\" d=\"M0,0h24v24H0V0z\"><\/path><path d=\"M19,13H5v-2h14V13z\"><\/path><\/svg><\/span><h4 class=\"advgb-accordion-header-title\" style=\"color:inherit\">Jir\u00f3n de la Uni\u00f3n<\/h4><\/div><div class=\"advgb-accordion-body\" style=\"border-style:solid !important;border-width:1px !important;border-color:undefined !important;border-top:none !important;border-radius:2px !important\">\n<p>Una calle creada poco despu\u00e9s de la fundaci\u00f3n de la <strong>ciudad de los Reyes, \u00abLima\u00bb<\/strong> en el a\u00f1o <strong>1535<\/strong>, siendo bautizada como una calle colonial por parte de <strong>Francisco Pizarro<\/strong>. Pero no ser\u00eda hasta m\u00e1s de tres d\u00e9cadas despu\u00e9s que, esta ser\u00eda reconocida como <strong>una de las arterias m\u00e1s importantes del centro de Lima<\/strong>.  <\/p>\n\n\n\n<p>As\u00ed es, en el a\u00f1o <strong>1862<\/strong> durante el gobierno de <strong>Mariano Bolognesi<\/strong> \u2014hermano del h\u00e9roe nacional\u2014 se <strong>realiz\u00f3 un cambio de nomenclatura de todas las calles de Lima<\/strong>, reconociendo al <strong>Jir\u00f3n de la Uni\u00f3n como una de las m\u00e1s importantes<\/strong>, y existen dos razones por las cuales se le bautiz\u00f3 como Jir\u00f3n de la Uni\u00f3n: la primera que, seg\u00fan algunos, hace homenaje a la <strong>provincia de la Uni\u00f3n en Arequipa<\/strong>; y la segunda y probablemente la m\u00e1s acertada, sobre esta v\u00eda <strong>convergen jirones que llevan por nombre los departamentos del Per\u00fa<\/strong>, indicando de esta manera la <strong>uni\u00f3n de todos los pueblos del Per\u00fa en un solo jir\u00f3n<\/strong>. <\/p>\n\n\n\n<p>Este jir\u00f3n se populariz\u00f3 comercialmente debido a que sobre este sitio se asentaban<strong> negocios tanto europeos como locales<\/strong>, colmando as\u00ed el ambiente de una esencia que mezclaba <strong>aires coloniales y aristocr\u00e1ticos<\/strong>. Hasta la actualidad se conserva la esencia mencionada gracias a la presencia de casonas como la de <strong>O&#8217;Higgins<\/strong>, la casa <strong>Welsch<\/strong>, la Casa <strong>Courret<\/strong>, y es que \u00ab<em>jironear<\/em>\u00bb \u2014un t\u00e9rmino exclusivo que surgi\u00f3 gracias al Jir\u00f3n de la Uni\u00f3n\u2014 hacia el centro de Lima a trav\u00e9s de este emblem\u00e1tico paseo peatonal, se convierte en una experiencia que<strong> te har\u00e1 sentir como en el tiempo de los mercaderes<\/strong>, solo que con una esencia m\u00e1s renovada. <\/p>\n<\/div><\/div>\n\n\n\n<div class=\"wp-block-advgb-accordion-item advgb-accordion-item\" style=\"margin-bottom:15px\"><div class=\"advgb-accordion-header\" style=\"background-color:#daec9c;color:#000000;border-style:solid;border-width:1px;border-radius:2px\"><span class=\"advgb-accordion-header-icon accordion-state\"><svg class=\"advgb-icon-closed\" fill=\"#ffffff\" xmlns=\"http:\/\/www.w3.org\/2000\/svg\" width=\"24\" height=\"24\" viewBox=\"0 0 24 24\"><path fill=\"none\" d=\"M0,0h24v24H0V0z\"><\/path><path d=\"M19,13h-6v6h-2v-6H5v-2h6V5h2v6h6V13z\"><\/path><\/svg><svg class=\"advgb-icon-opened\" fill=\"#ffffff\" xmlns=\"http:\/\/www.w3.org\/2000\/svg\" width=\"24\" height=\"24\" viewBox=\"0 0 24 24\"><path fill=\"none\" d=\"M0,0h24v24H0V0z\"><\/path><path d=\"M19,13H5v-2h14V13z\"><\/path><\/svg><\/span><h4 class=\"advgb-accordion-header-title\" style=\"color:inherit\">Casa de la fotograf\u00eda de Eugenio Courret \u2014 visita exterior<\/h4><\/div><div class=\"advgb-accordion-body\" style=\"border-style:solid !important;border-width:1px !important;border-color:undefined !important;border-top:none !important;border-radius:2px !important\">\n<p>Una peculiar casona de tres pisos, con una fachada que se diferencia del resto de edificios por sus <strong>avivados colores y estilo franc\u00e9s<\/strong>. Ubicada en <strong>la tercera cuadra del Jir\u00f3n de la Uni\u00f3n<\/strong> y a unos pocos metros de la Plaza de Armas de Lima, la casa Courret es una c\u00e9lebre galer\u00eda que resalta el estilo <em><strong>art nouveau<\/strong><\/em> y que por casi 72 a\u00f1os fue el estudio fotogr\u00e1fico de un nost\u00e1lgico fot\u00f3grafo franc\u00e9s: <strong>Eug\u00e8ne Courret<\/strong>, quien deseaba darle <strong>una identidad a la historia republicana del Per\u00fa<\/strong>, escribiendo cada suceso con la luz de una fotograf\u00eda. <\/p>\n\n\n\n<p>Eug\u00e8ne Courret, nacido en <strong>1840 en la ciudad de Angoul\u00eame<\/strong> \u2014 Francia, lleg\u00f3 a la capital lime\u00f1a junto a su hermano en el a\u00f1o 1861, impulsados por su pasi\u00f3n en la fotograf\u00eda y con un objetivo: ser operarios de la <strong>Sociedad Fotogr\u00e1fica de Maunoury y C\u00eda<\/strong>. Sin embargo, gracias al \u00e9xito de uno de sus parientes: <strong>Francisco Courret<\/strong>, cuyo negocio llamado \u00ab<em>La Mampara de Bronce<\/em>\u00ab, se hizo mucho m\u00e1s sencillo independizar un estudio propio <strong>en la zona c\u00e9ntrica de los Mercaderes<\/strong>. Todo esto fue impulsado con el objetivo de querer superar al Estudio Maunoury. Es as\u00ed que en el a\u00f1o <strong>1863 fue inaugurado bajo el nombre de Fotograf\u00eda Central \u2014 Hermanos Courret<\/strong>. <\/p>\n\n\n\n<p>Pese a que estos avances se dieron de forma competente, <strong>Maunoury y Courret llevaron una relaci\u00f3n amistosa<\/strong>. Prueba de ello es que los hermanos Courret compraron todos los locales de Maunoury bajo un acuerdo pac\u00edfico. La casa fue construida por completo en el a\u00f1o <strong>1872<\/strong> y <strong>redise\u00f1ada al estilo franc\u00e9s art nouveau en 1910<\/strong>. Si te preguntas, qu\u00e9 convirti\u00f3 al estudio Courret en pionero de la fotograf\u00eda, la respuesta son las t\u00e9cnicas implementadas: el <strong>colodi\u00f3n h\u00famedo<\/strong> y <strong>las tarjetas de visita<\/strong>, que se convirtieron en formatos relevantes durante la \u00e9poca. <\/p>\n<\/div><\/div>\n\n\n\n<div class=\"wp-block-advgb-accordion-item advgb-accordion-item\" style=\"margin-bottom:15px\"><div class=\"advgb-accordion-header\" style=\"background-color:#daec9c;color:#000000;border-style:solid;border-width:1px;border-radius:2px\"><span class=\"advgb-accordion-header-icon accordion-state\"><svg class=\"advgb-icon-closed\" fill=\"#ffffff\" xmlns=\"http:\/\/www.w3.org\/2000\/svg\" width=\"24\" height=\"24\" viewBox=\"0 0 24 24\"><path fill=\"none\" d=\"M0,0h24v24H0V0z\"><\/path><path d=\"M19,13h-6v6h-2v-6H5v-2h6V5h2v6h6V13z\"><\/path><\/svg><svg class=\"advgb-icon-opened\" fill=\"#ffffff\" xmlns=\"http:\/\/www.w3.org\/2000\/svg\" width=\"24\" height=\"24\" viewBox=\"0 0 24 24\"><path fill=\"none\" d=\"M0,0h24v24H0V0z\"><\/path><path d=\"M19,13H5v-2h14V13z\"><\/path><\/svg><\/span><h4 class=\"advgb-accordion-header-title\" style=\"color:inherit\">Plaza de Armas y alrededores \u2014 visita exterior<\/h4><\/div><div class=\"advgb-accordion-body\" style=\"border-style:solid !important;border-width:1px !important;border-color:undefined !important;border-top:none !important;border-radius:2px !important\">\n<p>El centro de Lima, el casco hist\u00f3rico m\u00e1s importante del Per\u00fa y un lugar de encuentro donde culturas de todo el mundo convergen. <strong>Fundada en el a\u00f1o 1535<\/strong> por <strong>Francisco Pizarro<\/strong> bajo el seud\u00f3nimo de \u00ab<strong>Ciudad de los Reyes<\/strong>\u00ab, este sitio marc\u00f3 el nacimiento de una nueva ciudad. Su origen est\u00e1 ligado a la funci\u00f3n que desempe\u00f1\u00f3 la plaza como tal a trav\u00e9s del tiempo, siendo el <strong>n\u00facleo del poder pol\u00edtico, religioso<\/strong> <strong>y social del Virreinato del Per\u00fa<\/strong>. Escenario de m\u00faltiples eventos tanto tr\u00e1gicos como la <strong>santa inquisici\u00f3n<\/strong>, como de triunfo: la <strong>proclamaci\u00f3n de la independencia del Per\u00fa<\/strong>.<\/p>\n\n\n\n<p>Una pileta de agua dise\u00f1ada por el maestro <strong>Pedro de Noguera<\/strong> que ornamenta el centro de la plaza y contrarresta el intenso sol que se cierne sobre el Casco Hist\u00f3rico. Una casa que hasta el momento escucha la voz del pueblo: la <strong>Casa del Oido<\/strong>r, cuyo origen data del siglo XVI como sede de la administraci\u00f3n de justicia virreinal y en el cual el pueblo emit\u00eda sus quejas en representaci\u00f3n del rey. Este lugar es famoso y seguramente lo habr\u00e1s notado, pues el balc\u00f3n que sobresale de uno de sus extremos, fue el <strong>lugar donde Jos\u00e9 de San Mart\u00edn proclam\u00f3 la independencia del Per\u00fa<\/strong>, acompa\u00f1ado por la ovaci\u00f3n de su audiencia peruana. <strong>La Catedral<\/strong>, un ejemplo de resiliencia y fortaleza que alberga diferentes bosquejos art\u00edsticos adaptados desde su creaci\u00f3n en el a\u00f1o 1541 hasta la actualidad. Por \u00faltimo el <strong>Palacio Municipal<\/strong>, construido sobre <strong>el primer ayuntamiento de Lima<\/strong> en el cual los procesos pol\u00edticos y administrativos, se realizaban desde 1535. <\/p>\n<\/div><\/div>\n\n\n\n<div class=\"wp-block-advgb-accordion-item advgb-accordion-item\" style=\"margin-bottom:15px\"><div class=\"advgb-accordion-header\" style=\"background-color:#daec9c;color:#000000;border-style:solid;border-width:1px;border-radius:2px\"><span class=\"advgb-accordion-header-icon accordion-state\"><svg class=\"advgb-icon-closed\" fill=\"#ffffff\" xmlns=\"http:\/\/www.w3.org\/2000\/svg\" width=\"24\" height=\"24\" viewBox=\"0 0 24 24\"><path fill=\"none\" d=\"M0,0h24v24H0V0z\"><\/path><path d=\"M19,13h-6v6h-2v-6H5v-2h6V5h2v6h6V13z\"><\/path><\/svg><svg class=\"advgb-icon-opened\" fill=\"#ffffff\" xmlns=\"http:\/\/www.w3.org\/2000\/svg\" width=\"24\" height=\"24\" viewBox=\"0 0 24 24\"><path fill=\"none\" d=\"M0,0h24v24H0V0z\"><\/path><path d=\"M19,13H5v-2h14V13z\"><\/path><\/svg><\/span><h4 class=\"advgb-accordion-header-title\" style=\"color:inherit\">Cambio de Guardia \u2014 opcional<\/h4><\/div><div class=\"advgb-accordion-body\" style=\"border-style:solid !important;border-width:1px !important;border-color:undefined !important;border-top:none !important;border-radius:2px !important\">\n<p>Un evento inusual que suele realizarse <strong>en el Palacio de Gobierno a las 12:00<\/strong>, y que a m\u00e1s de parecer un simple desfile, la historia detr\u00e1s representa la lealtad y el compromiso que se tuvo desde hace mucho tiempo. <\/p>\n\n\n\n<p>El Cambio de Guardia, fue <strong>instaurado en el a\u00f1o 1940<\/strong> por el entonces presidente <strong>Manuel Prado Ugarteche<\/strong>. Y es que desde la fundaci\u00f3n de la ciudad de los reyes, el Palacio Virreinal (actual Palacio de Gobierno) era considerado un lugar muy importante ya que <strong>aqu\u00ed resid\u00edan los virreyes<\/strong> que gobernaban en nombre de la <strong>Corona Espa\u00f1ola<\/strong>, adem\u00e1s que a lo largo del tiempo, tambi\u00e9n fue <strong>hogar de la mayor\u00eda de los presidentes peruanos<\/strong>. <\/p>\n\n\n\n<p>En realidad, el Cambio de Guardia parte de <strong>una transici\u00f3n de \u00e9lites<\/strong>, siendo creada la primera en <strong>1551<\/strong> por parte del <strong>virrey Antonio de Mendoza<\/strong>, bajo el nombre de la \u00ab<em>Compa\u00f1\u00eda de Alabarderos de la Guardia Real Real de Infanter\u00eda del Virrey<\/em>\u00ab, una \u00e9lite que proteg\u00eda al virrey, manten\u00eda el orden p\u00fablico y actuar contra todo tipo de amenazas. M\u00e1s adelante, a mediados del siglo <strong>XVI<\/strong>, el <strong>virrey Andr\u00e9s Hurtado de Mendoza<\/strong> instaur\u00f3 la \u00ab<em>Compa\u00f1\u00eda de Gentiles Hombres Lanzas y Arcabuces<\/em>\u00ab, conocida por ser precursora de la actual guardia de Palacio. Fue en el a\u00f1o <strong>1919<\/strong> que el <strong>Batall\u00f3n de Gerdames de Infanter\u00eda<\/strong>, asumi\u00f3 la protecci\u00f3n del Palacio de Gobierno, y d\u00e9cadas m\u00e1s tarde, en el a\u00f1o <strong>1987<\/strong> el presidente <strong>Alan Garc\u00eda P\u00e9rez<\/strong> sustituy\u00f3 al entonces conocido como \u00ab<em>Regimiento de Caballer\u00eda de Guardianes Dragones Mariscal Domingo Nieto<\/em>\u00ab, por el actualmente conocido como los \u00ab<strong>H\u00fasares de Jun\u00edn<\/strong>\u00ab, marcando as\u00ed el fin de una serie de cambios en la guardia palaciega. Esta historia le da un rostro a la ceremonia que se realiza en el <strong>Palacio de Gobierno al mediod\u00eda<\/strong>. <\/p>\n\n\n\n<p>Ten en cuenta que <strong>el Cambio de Guardia no siempre podr\u00e1 darse<\/strong>, ya que est\u00e1 sujeto a disponibilidad. <\/p>\n<\/div><\/div>\n\n\n\n<div class=\"wp-block-advgb-accordion-item advgb-accordion-item\" style=\"margin-bottom:15px\"><div class=\"advgb-accordion-header\" style=\"background-color:#daec9c;color:#000000;border-style:solid;border-width:1px;border-radius:2px\"><span class=\"advgb-accordion-header-icon accordion-state\"><svg class=\"advgb-icon-closed\" fill=\"#ffffff\" xmlns=\"http:\/\/www.w3.org\/2000\/svg\" width=\"24\" height=\"24\" viewBox=\"0 0 24 24\"><path fill=\"none\" d=\"M0,0h24v24H0V0z\"><\/path><path d=\"M19,13h-6v6h-2v-6H5v-2h6V5h2v6h6V13z\"><\/path><\/svg><svg class=\"advgb-icon-opened\" fill=\"#ffffff\" xmlns=\"http:\/\/www.w3.org\/2000\/svg\" width=\"24\" height=\"24\" viewBox=\"0 0 24 24\"><path fill=\"none\" d=\"M0,0h24v24H0V0z\"><\/path><path d=\"M19,13H5v-2h14V13z\"><\/path><\/svg><\/span><h4 class=\"advgb-accordion-header-title\" style=\"color:inherit\">Casa Aliaga\u00a0\u2014 visita interior<\/h4><\/div><div class=\"advgb-accordion-body\" style=\"border-style:solid !important;border-width:1px !important;border-color:undefined !important;border-top:none !important;border-radius:2px !important\">\n<p>Una edificaci\u00f3n de la \u00e9poca colonial, <strong>construida en 1535<\/strong> (el mismo a\u00f1o de la fundaci\u00f3n espa\u00f1ola de Lima), que perteneci\u00f3 a uno de los conquistadores que colaboraron con Francisco Pizarro: el <strong>Capit\u00e1n Jer\u00f3nimo de Aliaga y Ram\u00edrez<\/strong>. Hoy en d\u00eda, los descendientes de esta familia a\u00fan habitan esta joya colonial. Sin embargo, la historia detr\u00e1s de esta casa alberga <strong>secretos poco conocidos<\/strong>. En tiempos de los incas, se sabe de <strong>un \u00faltimo curaca que gobernaba el valle del r\u00edo R\u00edmac<\/strong>, cuyo templo no solo se encontraba en donde actualmente se erige el <strong>Palacio de Gobierno del Per\u00fa<\/strong>, sino que tambi\u00e9n se extend\u00eda hasta el \u00e1rea <strong>donde hoy se ubica la Casa Aliaga<\/strong>.<\/p>\n\n\n\n<p>Fragmentos que pertenecieron a <strong>un antiguo palacio inca del \u00faltimo curaca, Taulichusco<\/strong>, conforman la esencia m\u00e1s oculta de la Casa Aliaga. Es precisamente esta herencia lo que convierte al lugar en un atractivo hist\u00f3rico. Si observas con atenci\u00f3n la modernidad de la vivienda, podr\u00e1s apreciar el <strong>arte que ornamenta cada muro<\/strong>. Al ingresar, te recibir\u00e1 un elegante comedor decorado con vajillas italianas y candelabros de \u00e9poca, un techo tallado en madera, habitaciones iluminadas por ventanales superiores, y uno de los espacios m\u00e1s emblem\u00e1ticos: <strong>el sal\u00f3n de azulejos<\/strong>, que hoy funciona como museo familiar y evoca la nostalgia del tiempo con una chimenea adornada por la pintura de Jer\u00f3nimo de Aliaga, quien, acompa\u00f1ado de su espada, se convierte en <strong>testimonio del legado de sus antepasados<\/strong>.<\/p>\n<\/div><\/div>\n\n\n\n<div class=\"wp-block-advgb-accordion-item advgb-accordion-item\" style=\"margin-bottom:15px\"><div class=\"advgb-accordion-header\" style=\"background-color:#daec9c;color:#000000;border-style:solid;border-width:1px;border-radius:2px\"><span class=\"advgb-accordion-header-icon accordion-state\"><svg class=\"advgb-icon-closed\" fill=\"#ffffff\" xmlns=\"http:\/\/www.w3.org\/2000\/svg\" width=\"24\" height=\"24\" viewBox=\"0 0 24 24\"><path fill=\"none\" d=\"M0,0h24v24H0V0z\"><\/path><path d=\"M19,13h-6v6h-2v-6H5v-2h6V5h2v6h6V13z\"><\/path><\/svg><svg class=\"advgb-icon-opened\" fill=\"#ffffff\" xmlns=\"http:\/\/www.w3.org\/2000\/svg\" width=\"24\" height=\"24\" viewBox=\"0 0 24 24\"><path fill=\"none\" d=\"M0,0h24v24H0V0z\"><\/path><path d=\"M19,13H5v-2h14V13z\"><\/path><\/svg><\/span><h4 class=\"advgb-accordion-header-title\" style=\"color:inherit\">Catacumbas de San Francisco \u2014 visita interior<\/h4><\/div><div class=\"advgb-accordion-body\" style=\"border-style:solid !important;border-width:1px !important;border-color:undefined !important;border-top:none !important;border-radius:2px !important\">\n<p>El origen de este sitio se remonta al <strong>a\u00f1o 1546<\/strong>, aunque con un prop\u00f3sito totalmente distinto al que hoy conocemos. Fue construido a base de <strong>mezclas de ladrillo y calicanto<\/strong>, con una <strong>funci\u00f3n antis\u00edsmica<\/strong>, pues Lima hab\u00eda sufrido numerosos <strong>movimientos tel\u00faricos<\/strong> que comprometieron la estabilidad de varios templos. Sin embargo, para el a\u00f1o <strong>1672<\/strong> se descart\u00f3 la idea de utilizar esta red de caminos subterr\u00e1neos como un sistema capaz de prevenir sismos, destin\u00e1ndose entonces como cementerio. Este <strong>alberg\u00f3 alrededor de 25 mil cuerpos<\/strong> pertenecientes a diversas cofrad\u00edas y hermandades, hasta que en 1810 las sepulturas en el llamado cementerio del<strong> Convento de San Francisco<\/strong> cesaron definitivamente.<\/p>\n\n\n\n<p>Exist\u00eda una creencia muy arraigada por la cual muchos deseaban ser parte de esos 25 mil cuerpos sepultados: ser enterrado en este lugar significaba alcanzar <strong>una cercan\u00eda m\u00e1s absoluta con el reino de Dios<\/strong>. Hoy en d\u00eda, puedes recorrer las catacumbas y observar un conjunto de restos que reflejan la cultura religiosa y su evoluci\u00f3n a lo largo de los a\u00f1os.<\/p>\n\n\n\n<p>Descubre las catacumbas m\u00e1s famosas del Per\u00fa, una <strong>experiencia 100% hist\u00f3rica<\/strong> que te transporta a la \u00e9poca colonial.<\/p>\n<\/div><\/div>\n\n\n\n<div class=\"wp-block-advgb-accordion-item advgb-accordion-item\" style=\"margin-bottom:15px\"><div class=\"advgb-accordion-header\" style=\"background-color:#daec9c;color:#000000;border-style:solid;border-width:1px;border-radius:2px\"><span class=\"advgb-accordion-header-icon accordion-state\"><svg class=\"advgb-icon-closed\" fill=\"#ffffff\" xmlns=\"http:\/\/www.w3.org\/2000\/svg\" width=\"24\" height=\"24\" viewBox=\"0 0 24 24\"><path fill=\"none\" d=\"M0,0h24v24H0V0z\"><\/path><path d=\"M19,13h-6v6h-2v-6H5v-2h6V5h2v6h6V13z\"><\/path><\/svg><svg class=\"advgb-icon-opened\" fill=\"#ffffff\" xmlns=\"http:\/\/www.w3.org\/2000\/svg\" width=\"24\" height=\"24\" viewBox=\"0 0 24 24\"><path fill=\"none\" d=\"M0,0h24v24H0V0z\"><\/path><path d=\"M19,13H5v-2h14V13z\"><\/path><\/svg><\/span><h4 class=\"advgb-accordion-header-title\" style=\"color:inherit\">Lugar de finalizaci\u00f3n<\/h4><\/div><div class=\"advgb-accordion-body\" style=\"border-style:solid !important;border-width:1px !important;border-color:undefined !important;border-top:none !important;border-radius:2px !important\">\n<p>Terminaremos este tour privado cerca de la Plaza de Armas. Tambi\u00e9n podemos terminar en tu hotel bajo petici\u00f3n exclusiva.<\/p>\n<\/div><\/div>\n<\/div>\n\n\n\n<\/div><h2 class=\"tabtitle\"><span class=\"fa fa-credit-card\"><\/span>PRECIO<\/h2>\n<div class=\"tabcontent\">\n\n\n\n\n<p>Los precios mostrados en la tabla son:<\/p>\n\n\n\n<ul class=\"wp-block-list\">\n<li>Por persona&nbsp;en d\u00f3lares americanos ($).<\/li>\n\n\n\n<li>Pers. = personas.<\/li>\n<\/ul>\n\n\n\n<figure class=\"wp-block-table\"><table><thead><tr><th class=\"has-text-align-center\" data-align=\"center\" rowspan=\"2\">Pers.<\/th><th class=\"has-text-align-center\" data-align=\"center\" colspan=\"4\">Visita guiada privada con<\/th><\/tr><tr><th class=\"has-text-align-center\" data-align=\"center\">Punto de encuentro<\/th><th class=\"has-text-align-center\" data-align=\"center\">Recogida<\/th><th class=\"has-text-align-center\" data-align=\"center\" colspan=\"2\">Recogida y Drop-off<\/th><\/tr><\/thead><tbody><tr><td class=\"has-text-align-center\" data-align=\"center\">1<\/td><td class=\"has-text-align-center\" data-align=\"center\">$80<\/td><td class=\"has-text-align-center\" data-align=\"center\">$120<\/td><td class=\"has-text-align-center\" data-align=\"center\" colspan=\"2\">$160<\/td><\/tr><tr><td class=\"has-text-align-center\" data-align=\"center\">2<\/td><td class=\"has-text-align-center\" data-align=\"center\">$40<\/td><td class=\"has-text-align-center\" data-align=\"center\">$60<\/td><td class=\"has-text-align-center\" data-align=\"center\" colspan=\"2\">$80<\/td><\/tr><tr><td class=\"has-text-align-center\" data-align=\"center\">3<\/td><td class=\"has-text-align-center\" data-align=\"center\">$30<\/td><td class=\"has-text-align-center\" data-align=\"center\">$45<\/td><td class=\"has-text-align-center\" data-align=\"center\" colspan=\"2\">$60<\/td><\/tr><tr><td class=\"has-text-align-center\" data-align=\"center\">4<\/td><td class=\"has-text-align-center\" data-align=\"center\">$20<\/td><td class=\"has-text-align-center\" data-align=\"center\">$35<\/td><td class=\"has-text-align-center\" data-align=\"center\" colspan=\"2\">$45<\/td><\/tr><tr><td class=\"has-text-align-center\" data-align=\"center\">5<\/td><td class=\"has-text-align-center\" data-align=\"center\">$18<\/td><td class=\"has-text-align-center\" data-align=\"center\">$30<\/td><td class=\"has-text-align-center\" data-align=\"center\" colspan=\"2\">$35<\/td><\/tr><\/tbody><\/table><figcaption class=\"wp-element-caption\">Si tu grupo es mayor de 5 personas, \u00a1av\u00edsanos!<\/figcaption><\/figure>\n\n\n\n<\/div><h2 class=\"tabtitle\"><span class=\"fa fa-pencil-square-o\"><\/span>DETALLES<\/h2>\n<div class=\"tabcontent\">\n\n\n\n\n<p><i class=\"far fa-clock\"><\/i> <strong>Horarios:<\/strong> <\/p>\n\n\n\n<figure class=\"wp-block-table\"><table><thead><tr><th>Con<\/th><th>Horarios<\/th><th class=\"has-text-align-center\" data-align=\"center\">D\u00edas<\/th><\/tr><\/thead><tbody><tr><td>Punto de encuentro<\/td><td>\u2013 09:00 a 12:00<br>\u2013 14:00 a 17:00<\/td><td class=\"has-text-align-center\" data-align=\"center\" rowspan=\"3\">Todos los d\u00edas<\/td><\/tr><tr><td>Recogida<\/td><td>\u2013 09:00 a 13:00<br>\u2013 14:00 a 18:00<\/td><\/tr><tr><td>Recogida y Drop-off<\/td><td>\u2013 09:00 a 14:00<br>\u2013 14:00 a 19:00<\/td><\/tr><tr><td colspan=\"3\">Otros horarios disponibles bajo petici\u00f3n.<\/td><\/tr><\/tbody><\/table><\/figure>\n\n\n\n<p><i class=\"far fa-comment\"><\/i> <strong>Idioma:<\/strong> <\/p>\n\n\n\n<ul class=\"wp-block-list\">\n<li>Espa\u00f1ol, ingl\u00e9s.<\/li>\n\n\n\n<li>Otros idiomas:\n<ul class=\"wp-block-list\">\n<li>Disponible bajo petici\u00f3n.<\/li>\n\n\n\n<li>Los precios variar\u00e1n.  <\/li>\n<\/ul>\n<\/li>\n<\/ul>\n\n\n\n<p><i class=\"fab fa-accessible-icon\"><\/i> <strong>Accesibilidad:<\/strong> No es apto para personas de movilidad reducida.<\/p>\n\n\n\n<p><i class=\"far fa-check-circle\"><\/i> <strong>Incluido:<\/strong> <\/p>\n\n\n\n<ul class=\"wp-block-list\">\n<li>Gu\u00eda profesional.<\/li>\n\n\n\n<li>Bajo petici\u00f3n:\n<ul class=\"wp-block-list\">\n<li>Recogida desde tu hotel.<\/li>\n\n\n\n<li>Drop-off en tu hotel.<\/li>\n<\/ul>\n<\/li>\n<\/ul>\n\n\n\n<p><i class=\"far fa-times-circle\"><\/i> <strong>No incluido:<\/strong><\/p>\n\n\n\n<ul class=\"wp-block-list\">\n<li>Tickets para la casa Aliaga: 35 soles pp.<\/li>\n\n\n\n<li>Tickets para las catacumbas: 20 soles pp.<\/li>\n\n\n\n<li>Propinas (opcional).<\/li>\n<\/ul>\n\n\n\n<p><i class=\"far fa-hand-paper\"><\/i> <strong>\u00bfQu\u00e9 llevo?<\/strong><\/p>\n\n\n\n<ul class=\"wp-block-list\">\n<li>Abril-nov:\n<ul class=\"wp-block-list\">\n<li>Jerseys<\/li>\n<\/ul>\n<\/li>\n\n\n\n<li>Dic-marzo:\n<ul class=\"wp-block-list\">\n<li>Protector solar<\/li>\n\n\n\n<li>Gafas de sol<\/li>\n\n\n\n<li>Sombreros<\/li>\n\n\n\n<li>Una botella de agua<\/li>\n<\/ul>\n<\/li>\n\n\n\n<li>Moneda local en efectivo para tus entradas.<\/li>\n<\/ul>\n\n\n\n<p> <i class=\"fab fa-whatsapp\"><\/i> <strong>WhatsApp<\/strong>: <\/p>\n\n\n\n<ul class=\"wp-block-list\">\n<li><a href=\"https:\/\/api.whatsapp.com\/send?phone=51958745640&amp;text=Hello%20FWTP,%20can%20you%20help%20me,%20please?\" target=\"_blank\" rel=\"noreferrer noopener nofollow\">+51 958745640&nbsp;<\/a><\/li>\n\n\n\n<li><a href=\"https:\/\/api.whatsapp.com\/send?phone=51984479073&amp;text=Hello%20FWTP,%20can%20you%20help%20me,%20please?\" target=\"_blank\" rel=\"noreferrer noopener nofollow\">+51 984479073<\/a><\/li>\n<\/ul>\n\n\n\n<\/div><h2 class=\"tabtitle\"><span class=\"fa fa-calendar\"><\/span>NOTAS<\/h2>\n<div class=\"tabcontent\">\n\n\n\n\n<div class=\"wp-block-bloque-acordeon-acordeon-container acordeon-container\">\n<div class=\"wp-block-bloque-acordeon-acordeon-item acordeon-item\"><h4 class=\"acordeon-titulo\">Recogidas y horarios<\/h4><div class=\"acordeon-contenido\">\n<ul class=\"wp-block-list\">\n<li>Las recogidas son puntuales.<\/li>\n\n\n\n<li>Las recogidas aplican \u00fanicamente para hoteles ubicados en Miraflores, Barranco, San Isidro, La Victoria y Lima; para otros distritos se aplicar\u00e1 un costo adicional.<\/li>\n\n\n\n<li>Organizaremos todas las recogidas un d\u00eda antes de tu tour.<\/li>\n\n\n\n<li>La hora de finalizaci\u00f3n del tour sigue siendo aproximada; sin embargo, haremos nuestro mejor esfuerzo para terminar el tour seg\u00fan lo programado.<\/li>\n<\/ul>\n<\/div><\/div>\n\n\n\n<div class=\"wp-block-bloque-acordeon-acordeon-item acordeon-item\"><h4 class=\"acordeon-titulo\">Tipo de veh\u00edculo <\/h4><div class=\"acordeon-contenido\">\n<ul class=\"wp-block-list\">\n<li>Autorizado por el Ministerio de Transportes del Per\u00fa.<\/li>\n\n\n\n<li>Autos limpios y modernos.<\/li>\n\n\n\n<li>Autos con aspecto de sed\u00e1n, 4\u00d74, H1, Van, Renault y Mercedes Benz (depender\u00e1 del tama\u00f1o del grupo).<\/li>\n<\/ul>\n<\/div><\/div>\n\n\n\n<div class=\"wp-block-bloque-acordeon-acordeon-item acordeon-item\"><h4 class=\"acordeon-titulo\">Descuentos en los tickets de ingreso<\/h4><div class=\"acordeon-contenido\">\n<p>Los ni\u00f1os, menores de edad, estudiantes y peruanos pueden recibir descuentos, pero se requiere mostrar una identificaci\u00f3n oficial.<\/p>\n\n\n\n<ul class=\"wp-block-list\">\n<li>Ni\u00f1os y menores: Trae sus pasaportes oficiales para demostrar su edad.<\/li>\n\n\n\n<li>Estudiantes: Trae tu pasaporte oficial y una identificaci\u00f3n emitida por el gobierno.<\/li>\n\n\n\n<li>Peruanos: Trae tu documento de identidad oficial.<\/li>\n<\/ul>\n<\/div><\/div>\n\n\n\n<div class=\"wp-block-bloque-acordeon-acordeon-item acordeon-item\"><h4 class=\"acordeon-titulo\">Operatividad e itinerario<\/h4><div class=\"acordeon-contenido\">\n<p>Este tour est\u00e1 sujeto a variaciones sin previo aviso, debido a condiciones clim\u00e1ticas, huelgas y cualquier otro evento que no permita la operaci\u00f3n normal del tour. Tambi\u00e9n consulta nuestros&nbsp;<a href=\"https:\/\/freewalkingtoursperu.com\/es\/terminos-condiciones\/\" target=\"_blank\" rel=\"noreferrer noopener\">t\u00e9rminos<\/a>.<a href=\"https:\/\/www.forbes.com\/sites\/laurabegleybloom\/2018\/12\/18\/the-cheapest-places-to-travel-in-2019\/?sh=21becc0e787a\"><\/a><\/p>\n<\/div><\/div>\n<\/div>\n\n\n\n<\/div><h2 class=\"tabtitle\"><span class=\"fa fa-calendar\"><\/span>CANCELACIONES<\/h2>\n<div class=\"tabcontent\">\n\n\n\n\n<p>La cancelaci\u00f3n del tour es gratuita siempre que lo hagas con al menos 48 horas de antelaci\u00f3n, en caso contrario te cobraremos el 100% del precio del tour. Tambi\u00e9n consulta nuestros <a href=\"https:\/\/freewalkingtoursperu.com\/es\/terminos-condiciones\/\" target=\"_blank\" rel=\"noreferrer noopener\">t\u00e9rminos<\/a>.<\/p>\n\n\n\n<\/div><h2 class=\"urltab\"><a href=\"#reviews\"><span class=\"fa fa-comments-o\"><\/span>RESE\u00d1AS<\/a><\/h2>\n<div class=\"tabcontent\">\n\n\n\n\n<p>Por favor, desliza hacia abajo para ver comentarios.<\/p>\n\n\n<\/div><\/div>\n<\/div>\n\n\n\n<div class=\"wp-block-column is-layout-flow wp-block-column-is-layout-flow\" style=\"flex-basis:25%\">\n<div class=\"wp-block-group\"><div class=\"wp-block-group__inner-container is-layout-constrained wp-block-group-is-layout-constrained\"><div class='mb-10'>\n\t    \n\t\t<div class='flex gap-1'>\n\t\t\t\t<div class='flex-auto'>\n\t\t\t\t\t<a href='https:\/\/www.forbes.com\/sites\/laurabegleybloom\/2018\/12\/18\/the-cheapest-places-to-travel-in-2019\/?sh=21becc0e787a'><img src=https:\/\/freewalkingtoursperu.com\/wp-content\/themes\/fwtp\/img\/logo-forbes.png alt='logo forbes' class='w-full h-auto xl:h-12'><\/a>\n\t\t\t\t<\/div>\n\t\t\t\t<div class='flex-auto'>\n\t\t\t\t\t<a href='https:\/\/goo.gl\/maps\/FhNr5D6qmpcDwfTPA'><img src=https:\/\/freewalkingtoursperu.com\/wp-content\/themes\/fwtp\/img\/logo-tripadvisor.png alt='logo tripadvisor' class='w-full h-auto xl:h-12'><\/a>\n\t\t\t\t<\/div>\n\t\t<\/div>\n\t\t<div class='text-center'>\n\t\t\t<a href='#'><img src=https:\/\/freewalkingtoursperu.com\/wp-content\/themes\/fwtp\/img\/logo-free-walking-tours-peru-ministerio-turismo.png width='100%' alt='logo ministerio del comercio exterior' class='mt-1'><\/a>\n\t\t<\/div>\n\n\t <\/div>\n\n\n\n<!--Markup for citys-->\n\n<div id=\"tour-block_d8a976d7f48fd238424ba0831ccefd38\" class=\"tour\">\n\n            <div class=''>\n\t            <div class='flex rounded-t shadow'>\n\t\t\t        <div class='px-3 py-2 rounded-tl bg-black text-white text-lg mb-0  font-semibold font-nunito'>Sin sobreprecios<\/div>\n\t\t\t        <div class='px-1 py-2 rounded-tr flex-auto font-nunito font-semibold bg-fwtp text-lg text-black  mb-0 text-center'>Desde $40<\/div>\n\t\t\t    <\/div>\n\t        <\/div>\n<\/div>\n\n\n\n\n<div class=\"wpcf7 no-js\" id=\"wpcf7-f7053-o1\" lang=\"en-US\" dir=\"ltr\" data-wpcf7-id=\"7053\">\n<div class=\"screen-reader-response\"><p role=\"status\" aria-live=\"polite\" aria-atomic=\"true\"><\/p> <ul><\/ul><\/div>\n<form action=\"\/es\/wp-json\/wp\/v2\/pages\/7569#wpcf7-f7053-o1\" method=\"post\" class=\"wpcf7-form init\" aria-label=\"Contact form\" novalidate=\"novalidate\" data-status=\"init\">\n<fieldset class=\"hidden-fields-container\"><input type=\"hidden\" name=\"_wpcf7\" value=\"7053\" \/><input type=\"hidden\" name=\"_wpcf7_version\" value=\"6.1.7\" \/><input type=\"hidden\" name=\"_wpcf7_locale\" value=\"en_US\" \/><input type=\"hidden\" name=\"_wpcf7_unit_tag\" value=\"wpcf7-f7053-o1\" \/><input type=\"hidden\" name=\"_wpcf7_container_post\" value=\"0\" \/><input type=\"hidden\" name=\"_wpcf7_posted_data_hash\" value=\"\" \/><input type=\"hidden\" name=\"_wpcf7dtx_version\" value=\"5.0.7\" \/>\n<\/fieldset>\n<input class=\"wpcf7-form-control wpcf7-hidden\" value=\"18\" type=\"hidden\" name=\"Id_Walks\" \/>\n<input class=\"wpcf7-form-control wpcf7-hidden\" value=\"cd7d7f86cac4c93c7db545fbd44d9879fa4918f0\" type=\"hidden\" name=\"Ncode\" \/>\n<div id=\"form\" class=\"box-form border rounded-bottom shadow bg-white p-3\">\n<span class=\"wpcf7-form-control-wrap page-title\" data-name=\"page-title\"><input type=\"hidden\" name=\"page-title\" class=\"wpcf7-form-control wpcf7-hidden wpcf7dtx wpcf7dtx-hidden\" aria-invalid=\"false\" value=\"Tour privado a pie por Lima vieja\"><\/span>\n        <div class=\"form-group\">\n           <span class=\"wpcf7-form-control-wrap page-title\" data-name=\"page-title\"><input type=\"text\" name=\"page-title\" class=\"wpcf7-form-control wpcf7-text wpcf7dtx wpcf7dtx-text form-control form-control-sm\" aria-invalid=\"false\" value=\"Tour privado a pie por Lima vieja\"><\/span>\n      <\/div>\n      <div class=\"form-group\">\n        <p>Fecha: <span class=\"wpcf7-form-control-wrap\" data-name=\"date-free\"><input size=\"40\" maxlength=\"400\" class=\"wpcf7-form-control wpcf7-text form-control form-control-sm fwt\" aria-invalid=\"false\" placeholder=\"dd\/mm\/yyyy\" value=\"\" type=\"text\" name=\"date-free\" \/><\/span><\/p>\n       <\/div>\n     <div class=\"form-group\">\n         <span class=\"wpcf7-form-control-wrap\" data-name=\"size\"><select class=\"wpcf7-form-control wpcf7-select wpcf7-validates-as-required form-control form-control-sm\" aria-required=\"true\" aria-invalid=\"false\" name=\"size\"><option value=\"\">\u00bfCuantas personas son en tu grupo?<\/option><option value=\"1\">1<\/option><option value=\"2\">2<\/option><option value=\"3\">3<\/option><option value=\"4\">4<\/option><option value=\"5\">5<\/option><option value=\"6\">6<\/option><option value=\"7\">7<\/option><option value=\"8\">8<\/option><option value=\"9\">9<\/option><option value=\"10\">10<\/option><\/select><\/span>\n      <\/div>\n       <div class=\"form-group\">\n        <span class=\"wpcf7-form-control-wrap\" data-name=\"name-free\"><input size=\"40\" maxlength=\"400\" class=\"wpcf7-form-control wpcf7-text wpcf7-validates-as-required form-control form-control-sm\" aria-required=\"true\" aria-invalid=\"false\" placeholder=\"Nombre y apellido\" value=\"\" type=\"text\" name=\"name-free\" \/><\/span>\n      <\/div>\n      <div class=\"form-group\">\n          <span class=\"wpcf7-form-control-wrap\" data-name=\"email-free\"><input size=\"40\" maxlength=\"400\" class=\"wpcf7-form-control wpcf7-email wpcf7-validates-as-required wpcf7-text wpcf7-validates-as-email form-control form-control-sm\" aria-required=\"true\" aria-invalid=\"false\" placeholder=\"Correo\" value=\"\" type=\"email\" name=\"email-free\" \/><\/span>\n      <\/div>\n <div class=\"form-group\">\n          <span class=\"wpcf7-form-control-wrap\" data-name=\"Whatsapp\"><input size=\"40\" class=\"wpcf7-form-control wpcf7-phonetext wpcf7-validates-as-required wpcf7-text wpcf7-validates-as-phonetext form-control form-control-sm\" aria-required=\"true\" aria-invalid=\"false\" placeholder=\"Whatsapp\" value=\"\" type=\"text\" name=\"Whatsapp\" \/><input type=\"hidden\" name=\"Whatsapp-country-code\" class=\"wpcf7-phonetext-country-code\" \/><\/span>\n      <\/div>\n       <div class=\"form-group\">\n         <span class=\"wpcf7-form-control-wrap\" data-name=\"your-message\"><textarea cols=\"7\" rows=\"5\" maxlength=\"2000\" class=\"wpcf7-form-control wpcf7-textarea form-control form-control-sm\" aria-invalid=\"false\" placeholder=\"Escribe aqu\u00ed cualquier informaci\u00f3n adicional que consideres: Hotel, preferencia por un tour privado, tours adicionales, ni\u00f1os, adulto mayor, etc.\" name=\"your-message\"><\/textarea><\/span>\n      <\/div>\n        <div class=\"form-group text-center\">\n          <p class=\"text-center\"><input class=\"wpcf7-form-control wpcf7-submit has-spinner btn btn-lg px-5 btn-free\" type=\"submit\" value=\"Cotiza ya\" \/><\/p>\n          \n        <\/div>\n\n<\/div><div class=\"wpcf7-response-output\" aria-hidden=\"true\"><\/div>\n<\/form>\n<\/div>\n\n<\/div><\/div>\n<\/div>\n<\/div>\n\n\n<div class='bg-white border p-3 shadow my-3' id='reviews' ><\/p>\n\n\n\n<h2 class=\"wp-block-heading\" id=\"reviews-009bf618-1525-4de9-95e4-c35333e5f797\">Redes Sociales<\/h2>\n\n\n\n<p>\u2b50<a href=\"https:\/\/goo.gl\/maps\/FhNr5D6qmpcDwfTPA\" target=\"_blank\" rel=\"noreferrer noopener\">Google Maps:<\/a> 1200 comentarios <strong>|<\/strong> \u2b50<a href=\"https:\/\/www.tripadvisor.com.pe\/Attraction_Review-g294316-d19513018-Reviews-Free_Walking_Tours_Peru-Lima_Lima_Region.html\" target=\"_blank\" rel=\"noreferrer noopener\">TripAdvisor:<\/a> 500 testimonios <strong>|<\/strong> \u2b50<a href=\"https:\/\/www.facebook.com\/limafreewalkingtour\/\" target=\"_blank\" rel=\"noreferrer noopener\">Facebook<\/a>: 50 comentarios <strong>|<\/strong> \u2b50<a href=\"https:\/\/www.instagram.com\/limafreewalkingtours\/\" target=\"_blank\" rel=\"noreferrer noopener\">Instagram:<\/a> 6000 seguidores <strong>|<\/strong> \u2b50<a href=\"https:\/\/youtu.be\/HdYcNrUxnXA\" target=\"_blank\" rel=\"noreferrer noopener\">YouTube:<\/a> Ver videos reales <strong>|<\/strong> \u2b50<a href=\"https:\/\/freewalkingtoursperu.com\/es\/sobre-nosotros\/\" target=\"_blank\" rel=\"noreferrer noopener\">Viajeros:<\/a> + de 78 turistas<\/p>\n\n\n<p> <\/div>\n","protected":false},"excerpt":{"rendered":"<p>Visita el centro hist\u00f3rico Lima con un tour privado a tu medida, descubrir\u00e1s sus calles y plazas m\u00e1s ic\u00f3nicos as\u00ed como tambi\u00e9n monumentos emblem\u00e1ticos como&nbsp;la Casa Aliaga y las catacumbas de San Francisco&nbsp;que datan de la \u00e9poca del virreinato del Per\u00fa (siglo XVI, XVII y XVIII).&nbsp; Los precios mostrados en la tabla son: Pers. Visita [&hellip;]<\/p>\n","protected":false},"author":1,"featured_media":0,"parent":7353,"menu_order":0,"comment_status":"closed","ping_status":"closed","template":"page-tour-pay.php","meta":{"_acf_changed":false,"advgb_blocks_editor_width":"full","advgb_blocks_columns_visual_guide":"","footnotes":""},"class_list":["post-7569","page","type-page","status-publish","hentry"],"acf":[],"yoast_head":"<!-- This site is optimized with the Yoast SEO plugin v28.4 - https:\/\/yoast.com\/product\/yoast-seo-wordpress\/ -->\n<title>Tour privado en Lima a pie: Casa Aliaga &amp; Courret + Catacumbas<\/title>\n<meta name=\"description\" content=\"Conoce en centro hist\u00f3rico de Lima Vieja con Tour Privado a Pie en Espa\u00f1ol: Visita La Casa Aliaga + Catacumbas de San Francisco con gu\u00eda,\" \/>\n<meta name=\"robots\" content=\"index, follow, max-snippet:-1, max-image-preview:large, max-video-preview:-1\" \/>\n<link rel=\"canonical\" href=\"https:\/\/freewalkingtoursperu.com\/es\/tours-lima\/tours-privados-lima-a-pie\/\" \/>\n<meta property=\"og:locale\" content=\"es_ES\" \/>\n<meta property=\"og:type\" content=\"article\" \/>\n<meta property=\"og:title\" content=\"Tour privado en Lima a pie: Casa Aliaga &amp; Courret + Catacumbas\" \/>\n<meta property=\"og:description\" content=\"Conoce en centro hist\u00f3rico de Lima Vieja con Tour Privado a Pie en Espa\u00f1ol: Visita La Casa Aliaga + Catacumbas de San Francisco con gu\u00eda,\" \/>\n<meta property=\"og:url\" content=\"https:\/\/freewalkingtoursperu.com\/es\/tours-lima\/tours-privados-lima-a-pie\/\" \/>\n<meta property=\"og:site_name\" content=\"Free Walking Tours Peru\" \/>\n<meta property=\"article:modified_time\" content=\"2026-06-18T23:10:57+00:00\" \/>\n<meta name=\"twitter:card\" content=\"summary_large_image\" \/>\n<meta name=\"twitter:label1\" content=\"Tiempo de lectura\" \/>\n\t<meta name=\"twitter:data1\" content=\"10 minutos\" \/>\n<script type=\"application\/ld+json\" class=\"yoast-schema-graph\">{\"@context\":\"https:\\\/\\\/schema.org\",\"@graph\":[{\"@type\":\"WebPage\",\"@id\":\"https:\\\/\\\/freewalkingtoursperu.com\\\/es\\\/tours-lima\\\/tours-privados-lima-a-pie\\\/\",\"url\":\"https:\\\/\\\/freewalkingtoursperu.com\\\/es\\\/tours-lima\\\/tours-privados-lima-a-pie\\\/\",\"name\":\"Tour privado en Lima a pie: Casa Aliaga & Courret + Catacumbas\",\"isPartOf\":{\"@id\":\"https:\\\/\\\/freewalkingtoursperu.com\\\/es\\\/#website\"},\"datePublished\":\"2020-12-05T01:09:25+00:00\",\"dateModified\":\"2026-06-18T23:10:57+00:00\",\"description\":\"Conoce en centro hist\u00f3rico de Lima Vieja con Tour Privado a Pie en Espa\u00f1ol: Visita La Casa Aliaga + Catacumbas de San Francisco con gu\u00eda,\",\"breadcrumb\":{\"@id\":\"https:\\\/\\\/freewalkingtoursperu.com\\\/es\\\/tours-lima\\\/tours-privados-lima-a-pie\\\/#breadcrumb\"},\"inLanguage\":\"es\",\"potentialAction\":[{\"@type\":\"ReadAction\",\"target\":[\"https:\\\/\\\/freewalkingtoursperu.com\\\/es\\\/tours-lima\\\/tours-privados-lima-a-pie\\\/\"]}]},{\"@type\":\"BreadcrumbList\",\"@id\":\"https:\\\/\\\/freewalkingtoursperu.com\\\/es\\\/tours-lima\\\/tours-privados-lima-a-pie\\\/#breadcrumb\",\"itemListElement\":[{\"@type\":\"ListItem\",\"position\":1,\"name\":\"Home\",\"item\":\"https:\\\/\\\/freewalkingtoursperu.com\\\/es\\\/\"},{\"@type\":\"ListItem\",\"position\":2,\"name\":\"Tours en Lima\",\"item\":\"https:\\\/\\\/freewalkingtoursperu.com\\\/es\\\/tours-lima\\\/\"},{\"@type\":\"ListItem\",\"position\":3,\"name\":\"Tour privado a pie por Lima vieja\"}]},{\"@type\":\"WebSite\",\"@id\":\"https:\\\/\\\/freewalkingtoursperu.com\\\/es\\\/#website\",\"url\":\"https:\\\/\\\/freewalkingtoursperu.com\\\/es\\\/\",\"name\":\"Free Walking Tours Peru\",\"description\":\"\",\"publisher\":{\"@id\":\"https:\\\/\\\/freewalkingtoursperu.com\\\/es\\\/#organization\"},\"potentialAction\":[{\"@type\":\"SearchAction\",\"target\":{\"@type\":\"EntryPoint\",\"urlTemplate\":\"https:\\\/\\\/freewalkingtoursperu.com\\\/es\\\/?s={search_term_string}\"},\"query-input\":{\"@type\":\"PropertyValueSpecification\",\"valueRequired\":true,\"valueName\":\"search_term_string\"}}],\"inLanguage\":\"es\"},{\"@type\":\"Organization\",\"@id\":\"https:\\\/\\\/freewalkingtoursperu.com\\\/es\\\/#organization\",\"name\":\"Free Walking Tours Peru\",\"url\":\"https:\\\/\\\/freewalkingtoursperu.com\\\/es\\\/\",\"logo\":{\"@type\":\"ImageObject\",\"inLanguage\":\"es\",\"@id\":\"https:\\\/\\\/freewalkingtoursperu.com\\\/es\\\/#\\\/schema\\\/logo\\\/image\\\/\",\"url\":\"https:\\\/\\\/freewalkingtoursperu.com\\\/wp-content\\\/uploads\\\/2026\\\/02\\\/logo-freeorg.svg\",\"contentUrl\":\"https:\\\/\\\/freewalkingtoursperu.com\\\/wp-content\\\/uploads\\\/2026\\\/02\\\/logo-freeorg.svg\",\"caption\":\"Free Walking Tours Peru\"},\"image\":{\"@id\":\"https:\\\/\\\/freewalkingtoursperu.com\\\/es\\\/#\\\/schema\\\/logo\\\/image\\\/\"}}]}<\/script>\n<!-- \/ Yoast SEO plugin. -->","yoast_head_json":{"title":"Tour privado en Lima a pie: Casa Aliaga & Courret + Catacumbas","description":"Conoce en centro hist\u00f3rico de Lima Vieja con Tour Privado a Pie en Espa\u00f1ol: Visita La Casa Aliaga + Catacumbas de San Francisco con gu\u00eda,","robots":{"index":"index","follow":"follow","max-snippet":"max-snippet:-1","max-image-preview":"max-image-preview:large","max-video-preview":"max-video-preview:-1"},"canonical":"https:\/\/freewalkingtoursperu.com\/es\/tours-lima\/tours-privados-lima-a-pie\/","og_locale":"es_ES","og_type":"article","og_title":"Tour privado en Lima a pie: Casa Aliaga & Courret + Catacumbas","og_description":"Conoce en centro hist\u00f3rico de Lima Vieja con Tour Privado a Pie en Espa\u00f1ol: Visita La Casa Aliaga + Catacumbas de San Francisco con gu\u00eda,","og_url":"https:\/\/freewalkingtoursperu.com\/es\/tours-lima\/tours-privados-lima-a-pie\/","og_site_name":"Free Walking Tours Peru","article_modified_time":"2026-06-18T23:10:57+00:00","twitter_card":"summary_large_image","twitter_misc":{"Tiempo de lectura":"10 minutos"},"schema":{"@context":"https:\/\/schema.org","@graph":[{"@type":"WebPage","@id":"https:\/\/freewalkingtoursperu.com\/es\/tours-lima\/tours-privados-lima-a-pie\/","url":"https:\/\/freewalkingtoursperu.com\/es\/tours-lima\/tours-privados-lima-a-pie\/","name":"Tour privado en Lima a pie: Casa Aliaga & Courret + Catacumbas","isPartOf":{"@id":"https:\/\/freewalkingtoursperu.com\/es\/#website"},"datePublished":"2020-12-05T01:09:25+00:00","dateModified":"2026-06-18T23:10:57+00:00","description":"Conoce en centro hist\u00f3rico de Lima Vieja con Tour Privado a Pie en Espa\u00f1ol: Visita La Casa Aliaga + Catacumbas de San Francisco con gu\u00eda,","breadcrumb":{"@id":"https:\/\/freewalkingtoursperu.com\/es\/tours-lima\/tours-privados-lima-a-pie\/#breadcrumb"},"inLanguage":"es","potentialAction":[{"@type":"ReadAction","target":["https:\/\/freewalkingtoursperu.com\/es\/tours-lima\/tours-privados-lima-a-pie\/"]}]},{"@type":"BreadcrumbList","@id":"https:\/\/freewalkingtoursperu.com\/es\/tours-lima\/tours-privados-lima-a-pie\/#breadcrumb","itemListElement":[{"@type":"ListItem","position":1,"name":"Home","item":"https:\/\/freewalkingtoursperu.com\/es\/"},{"@type":"ListItem","position":2,"name":"Tours en Lima","item":"https:\/\/freewalkingtoursperu.com\/es\/tours-lima\/"},{"@type":"ListItem","position":3,"name":"Tour privado a pie por Lima vieja"}]},{"@type":"WebSite","@id":"https:\/\/freewalkingtoursperu.com\/es\/#website","url":"https:\/\/freewalkingtoursperu.com\/es\/","name":"Free Walking Tours Peru","description":"","publisher":{"@id":"https:\/\/freewalkingtoursperu.com\/es\/#organization"},"potentialAction":[{"@type":"SearchAction","target":{"@type":"EntryPoint","urlTemplate":"https:\/\/freewalkingtoursperu.com\/es\/?s={search_term_string}"},"query-input":{"@type":"PropertyValueSpecification","valueRequired":true,"valueName":"search_term_string"}}],"inLanguage":"es"},{"@type":"Organization","@id":"https:\/\/freewalkingtoursperu.com\/es\/#organization","name":"Free Walking Tours Peru","url":"https:\/\/freewalkingtoursperu.com\/es\/","logo":{"@type":"ImageObject","inLanguage":"es","@id":"https:\/\/freewalkingtoursperu.com\/es\/#\/schema\/logo\/image\/","url":"https:\/\/freewalkingtoursperu.com\/wp-content\/uploads\/2026\/02\/logo-freeorg.svg","contentUrl":"https:\/\/freewalkingtoursperu.com\/wp-content\/uploads\/2026\/02\/logo-freeorg.svg","caption":"Free Walking Tours Peru"},"image":{"@id":"https:\/\/freewalkingtoursperu.com\/es\/#\/schema\/logo\/image\/"}}]}},"coauthors":[],"author_meta":{"author_link":"https:\/\/freewalkingtoursperu.com\/es\/blog\/author\/adminfwt\/","display_name":"FWTP"},"relative_dates":{"created":"Publicado 6 a\u00f1os hace","modified":"Actualizado 3 meses hace"},"absolute_dates":{"created":"Publicado el 4 diciembre, 2020","modified":"Actualizado el 18 junio, 2026"},"absolute_dates_time":{"created":"Publicado el 4 diciembre, 2020 8:09 pm","modified":"Actualizado el 18 junio, 2026 6:10 pm"},"featured_img_caption":"","featured_img":false,"series_order":"","_links":{"self":[{"href":"https:\/\/freewalkingtoursperu.com\/es\/wp-json\/wp\/v2\/pages\/7569","targetHints":{"allow":["GET"]}}],"collection":[{"href":"https:\/\/freewalkingtoursperu.com\/es\/wp-json\/wp\/v2\/pages"}],"about":[{"href":"https:\/\/freewalkingtoursperu.com\/es\/wp-json\/wp\/v2\/types\/page"}],"author":[{"embeddable":true,"href":"https:\/\/freewalkingtoursperu.com\/es\/wp-json\/wp\/v2\/users\/1"}],"replies":[{"embeddable":true,"href":"https:\/\/freewalkingtoursperu.com\/es\/wp-json\/wp\/v2\/comments?post=7569"}],"version-history":[{"count":1,"href":"https:\/\/freewalkingtoursperu.com\/es\/wp-json\/wp\/v2\/pages\/7569\/revisions"}],"predecessor-version":[{"id":71570,"href":"https:\/\/freewalkingtoursperu.com\/es\/wp-json\/wp\/v2\/pages\/7569\/revisions\/71570"}],"up":[{"embeddable":true,"href":"https:\/\/freewalkingtoursperu.com\/es\/wp-json\/wp\/v2\/pages\/7353"}],"wp:attachment":[{"href":"https:\/\/freewalkingtoursperu.com\/es\/wp-json\/wp\/v2\/media?parent=7569"}],"curies":[{"name":"wp","href":"https:\/\/api.w.org\/{rel}","templated":true}]}}