{"id":7601,"date":"2020-12-04T20:37:39","date_gmt":"2020-12-05T01:37:39","guid":{"rendered":"https:\/\/freewalkingtoursperu.com\/?page_id=7601"},"modified":"2026-06-18T18:47:38","modified_gmt":"2026-06-18T23:47:38","slug":"tours-privados-arequipa-a-pie","status":"publish","type":"page","link":"https:\/\/freewalkingtoursperu.com\/es\/tours-arequipa\/tours-privados-arequipa-a-pie\/","title":{"rendered":"Tour privado a pie por Arequipa"},"content":{"rendered":"\n<!--Markup for citys-->\n\n<div id=\"tour-block_7e99d40e9b2348a2192d3213ce3e6d34\" class=\"toursweb flex flex-col-reverse md:flex-col\">\n\n\n        <div class=\"container mb-2\">          \n                        <div class=\"mt-6\">\n                        <p id=\"breadcrumbs\" class=\"mb-0\"><span><span><a href=\"https:\/\/freewalkingtoursperu.com\/es\/\">Home<\/a><\/span><\/span><\/p>                        <\/div>\n            \n\n                    <h1 class=\"text-xl xl:text-3xl mb-2 font-bold text-gray-800\"> Tour privado a pie por Arequipa<\/h1>\n                                        <div class=\"flex gap-3 mb-4\">\n                            <span>\n                                <i class='fas fa-star text-yellow-400'><\/i> \n                                <i class='fas fa-star text-yellow-400'><\/i> \n                                <i class='fas fa-star text-yellow-400'><\/i> \n                                <i class='fas fa-star text-yellow-400'><\/i> \n                                <i class='fas fa-star text-yellow-400'><\/i>  \n                            <\/span>\n                            <span> \n                                <i class=\"far fa-user text-gray-700\"><\/i> <a href=\"#reviews\"> <span class=\"text-sky-600 font-nunito\">52 viajeros<\/span> <\/a>\n                            <\/span>\n\n                            <span> \n                            <i class=\"far fa-clock text-gray-700\"><\/i>  <span class=\"text-gray-800 font-nunito\">2.5 h<\/span> \n                            <\/span>\n\n                            <span> \n                                <i class=\"far fa-comment text-gray-700\"><\/i> \n                                    <span class=\"mr-1 text-sm flag-icon flag-icon-gb\"><\/span><span class=\"mr-1 text-sm flag-icon flag-icon-es\"><\/span>                            <\/span>\n                        <\/div>\n                              \n        <\/div>\n\n    \n\n\n        <div class=\"relative mb-2 mt-2\">\n\n                    \n                        <div id=\"lightgallery\" class=\"flex flex-wrap img-large\"> \n                                                            <a class=\"w-2\/12 img-small xl:block hidden\" href=\"https:\/\/freewalkingtoursperu.com\/wp-content\/uploads\/2025\/10\/Tour_privado_a_pie_por_Arequipa_1.webp\"  data-sub-html=\"\">\n                                <img decoding=\"async\" src=\"https:\/\/freewalkingtoursperu.com\/wp-content\/uploads\/2025\/10\/Tour_privado_a_pie_por_Arequipa_1.webp\" class=\"cursor-pointer rounded w-full object-cover\"  alt=\"Tour privado a pie por Arequipa\">\n                                <\/a>\n                                                            <a class=\"w-2\/12 img-small xl:block hidden\" href=\"https:\/\/freewalkingtoursperu.com\/wp-content\/uploads\/2023\/02\/tours-privados-arequipa-a-pie-3.jpg\"  data-sub-html=\"\">\n                                <img decoding=\"async\" src=\"https:\/\/freewalkingtoursperu.com\/wp-content\/uploads\/2023\/02\/tours-privados-arequipa-a-pie-3.jpg\" class=\"cursor-pointer rounded w-full object-cover\"  alt=\"Tour privado a pie por Arequipa\">\n                                <\/a>\n                                                            <a class=\"w-2\/12 img-small xl:block hidden\" href=\"https:\/\/freewalkingtoursperu.com\/wp-content\/uploads\/2023\/02\/tours-privados-arequipa-a-pie-6.jpg\"  data-sub-html=\"\">\n                                <img decoding=\"async\" src=\"https:\/\/freewalkingtoursperu.com\/wp-content\/uploads\/2023\/02\/tours-privados-arequipa-a-pie-6.jpg\" class=\"cursor-pointer rounded w-full object-cover\"  alt=\"Tour privado a pie por Arequipa\">\n                                <\/a>\n                                                            <a class=\"w-2\/12 img-small xl:block hidden\" href=\"https:\/\/freewalkingtoursperu.com\/wp-content\/uploads\/2023\/02\/tours-privados-arequipa-a-pie-8.jpg\"  data-sub-html=\"\">\n                                <img decoding=\"async\" src=\"https:\/\/freewalkingtoursperu.com\/wp-content\/uploads\/2023\/02\/tours-privados-arequipa-a-pie-8.jpg\" class=\"cursor-pointer rounded w-full object-cover\"  alt=\"Tour privado a pie por Arequipa\">\n                                <\/a>\n                                                            <a class=\"w-2\/12 img-small xl:block hidden\" href=\"https:\/\/freewalkingtoursperu.com\/wp-content\/uploads\/2023\/02\/tours-privados-arequipa-a-pie-10.jpg\"  data-sub-html=\"\">\n                                <img decoding=\"async\" src=\"https:\/\/freewalkingtoursperu.com\/wp-content\/uploads\/2023\/02\/tours-privados-arequipa-a-pie-10.jpg\" class=\"cursor-pointer rounded w-full object-cover\"  alt=\"Tour privado a pie por Arequipa\">\n                                <\/a>\n                                                            <a class=\"w-2\/12 img-small xl:block hidden\" href=\"https:\/\/freewalkingtoursperu.com\/wp-content\/uploads\/2023\/02\/tours-privados-arequipa-a-pie-7.jpg\"  data-sub-html=\"\">\n                                <img decoding=\"async\" src=\"https:\/\/freewalkingtoursperu.com\/wp-content\/uploads\/2023\/02\/tours-privados-arequipa-a-pie-7.jpg\" class=\"cursor-pointer rounded w-full object-cover\"  alt=\"Tour privado a pie por Arequipa\">\n                                <\/a>\n                                                            <a class=\"w-2\/12 img-small xl:block hidden\" href=\"https:\/\/freewalkingtoursperu.com\/wp-content\/uploads\/2023\/02\/tours-privados-arequipa-a-pie-5.jpg\"  data-sub-html=\"\">\n                                <img decoding=\"async\" src=\"https:\/\/freewalkingtoursperu.com\/wp-content\/uploads\/2023\/02\/tours-privados-arequipa-a-pie-5.jpg\" class=\"cursor-pointer rounded w-full object-cover\"  alt=\"Tour privado a pie por Arequipa\">\n                                <\/a>\n                                                            <a class=\"w-2\/12 img-small xl:block hidden\" href=\"https:\/\/freewalkingtoursperu.com\/wp-content\/uploads\/2023\/02\/tours-privados-arequipa-a-pie-4.jpg\"  data-sub-html=\"\">\n                                <img decoding=\"async\" src=\"https:\/\/freewalkingtoursperu.com\/wp-content\/uploads\/2023\/02\/tours-privados-arequipa-a-pie-4.jpg\" class=\"cursor-pointer rounded w-full object-cover\"  alt=\"Tour privado a pie por Arequipa\">\n                                <\/a>\n                                                            <a class=\"w-2\/12 img-small xl:block hidden\" href=\"https:\/\/freewalkingtoursperu.com\/wp-content\/uploads\/2023\/02\/tours-privados-arequipa-a-pie-2.jpg\"  data-sub-html=\"\">\n                                <img decoding=\"async\" src=\"https:\/\/freewalkingtoursperu.com\/wp-content\/uploads\/2023\/02\/tours-privados-arequipa-a-pie-2.jpg\" class=\"cursor-pointer rounded w-full object-cover\"  alt=\"Tour privado a pie por Arequipa\">\n                                <\/a>\n                                                            <a class=\"w-2\/12 img-small xl:block hidden\" href=\"https:\/\/freewalkingtoursperu.com\/wp-content\/uploads\/2023\/02\/tours-privados-arequipa-a-pie-1.jpg\"  data-sub-html=\"\">\n                                <img decoding=\"async\" src=\"https:\/\/freewalkingtoursperu.com\/wp-content\/uploads\/2023\/02\/tours-privados-arequipa-a-pie-1.jpg\" class=\"cursor-pointer rounded w-full object-cover\"  alt=\"Tour privado a pie por Arequipa\">\n                                <\/a>\n                             \n\n                        <\/div>\n\n                    \n                    \n                        \n        <\/div>\n\n\n<\/div>\n\n\n\n\n<!--Markup for citys-->\n\n<div id=\"tour-block_731f11cedd975f4bc2c41bd3fc3cf7cc\" class=\"tour\">\n\n           \n                <div class=\"flex flex-wrap pl-5 xl:pl-0 gap-8 justify-start xl:justify-center items-center pb-5 py-2 border-b-gray-300 border-b mb-5\">\n                            \n                                    \n                                    <div class=\"pr-0 xl:pr-5 item-details\">\n                                        <img decoding=\"async\" src=\"https:\/\/freewalkingtoursperu.com\/wp-content\/uploads\/2024\/02\/local-website.png\" class=\"w-10 float-left mr-2\" alt=\"bg home\">\n                                        <div class=\"inline-block\">\n                                            <span class=\"font-nunito text-gray-900 font-bold text-sm inline-block\"> P\u00e1gina local<\/span>\n                                            <span class=\"font-nunito text-xs block font-bold text-gray-500\"> SIN INTERMEDIARIOS<\/span>\n                                        <\/div>\n\n                                        <\/div>\n\n                            \n                                    \n                                    <div class=\"pr-0 xl:pr-5 item-details\">\n                                        <img decoding=\"async\" src=\"https:\/\/freewalkingtoursperu.com\/wp-content\/uploads\/2024\/02\/maximum-walkers-last.png\" class=\"w-10 float-left mr-2\" alt=\"bg home\">\n                                        <div class=\"inline-block\">\n                                            <span class=\"font-nunito text-gray-900 font-bold text-sm inline-block\"> 100% privado<\/span>\n                                            <span class=\"font-nunito text-xs block font-bold text-gray-500\"> TAMA\u00d1O<\/span>\n                                        <\/div>\n\n                                        <\/div>\n\n                            \n                                    \n                                    <div class=\"pr-0 xl:pr-5 item-details\">\n                                        <img decoding=\"async\" src=\"https:\/\/freewalkingtoursperu.com\/wp-content\/uploads\/2024\/02\/altitude3.png\" class=\"w-10 float-left mr-2\" alt=\"bg home\">\n                                        <div class=\"inline-block\">\n                                            <span class=\"font-nunito text-gray-900 font-bold text-sm inline-block\"> 2,335 m \/ 7,660 ft<\/span>\n                                            <span class=\"font-nunito text-xs block font-bold text-gray-500\"> ALTITUD MAX. <\/span>\n                                        <\/div>\n\n                                        <\/div>\n\n                            \n                                    \n                                    <div class=\"pr-0 xl:pr-5 item-details\">\n                                        <img decoding=\"async\" src=\"https:\/\/freewalkingtoursperu.com\/wp-content\/uploads\/2024\/02\/difficulty-last.png\" class=\"w-10 float-left mr-2\" alt=\"bg home\">\n                                        <div class=\"inline-block\">\n                                            <span class=\"font-nunito text-gray-900 font-bold text-sm inline-block\"> F\u00e1cil<\/span>\n                                            <span class=\"font-nunito text-xs block font-bold text-gray-500\"> DIFICULTAD<\/span>\n                                        <\/div>\n\n                                        <\/div>\n\n                                                    \n                        \n                        \n               \n            <\/div>\n            \n<\/div>\n\n\n\n\n<div class=\"wp-block-columns is-layout-flex wp-container-core-columns-is-layout-9d6595d7 wp-block-columns-is-layout-flex\">\n<div class=\"wp-block-column is-layout-flow wp-block-column-is-layout-flow\" style=\"flex-basis:75%\">\n<p>Descubre Arequipa con nuestros <strong>tours personalizados a pie por el centro hist\u00f3rico<\/strong>, donde visitar\u00e1s algunos de los lugares m\u00e1s emblem\u00e1ticos de la ciudad, como la <strong>Iglesia de la Compa\u00f1\u00eda de Jes\u00fas<\/strong>, el <strong>Fundo El Fierro<\/strong>, el <strong>Puente Bolognesi<\/strong>, el <strong>Monasterio de Santa Catalina<\/strong>, entre otros.<\/p>\n\n\n<div class=\"text-left -mt-2 mb-4 mr-4\" id=\"leer_mas_6a9bf742dd1e5\"><div class=\"leer-mas-contenido pt-2\" style=\"display: none;\"><\/p>\n\n\n\n<p>En este <strong>tour privado<\/strong>, conocer\u00e1s la verdadera historia de los sitios m\u00e1s ic\u00f3nicos del centro de Arequipa, dando inicio en el <strong>Puente Bolognesi<\/strong>, uno de los nexos m\u00e1s importantes entre Arequipa, Lima y el mar. M\u00e1s adelante, descubrir\u00e1s el antiguo <strong>Hotel Los Tambos<\/strong>, considerado uno de los tantos tambos que existieron en los alrededores del r\u00edo Chili y que cumpli\u00f3 un papel vital durante la expansi\u00f3n de la cultura inca.<\/p>\n\n\n\n<p>La <strong>Plaza de Armas de Arequipa<\/strong>, adem\u00e1s de exhibir construcciones labradas en piedra y sillar blanco volc\u00e1nico, alberga edificaciones como la <strong>Catedral<\/strong> y la <strong>Iglesia de Nuestra Se\u00f1ora de la Merced<\/strong>, las cuales resguardan una historia de casi cinco siglos de tradici\u00f3n y cultura. En cuanto a su pileta, m\u00e1s que un elemento ornamental, es la morada simb\u00f3lica del famoso <strong>Tuturutu<\/strong>, personaje ic\u00f3nico de la tradici\u00f3n inca; mientras que sus portales son considerados verdaderos pilares hist\u00f3ricos de la antigua Arequipa.<\/p>\n\n\n\n<p>Posteriormente, las <strong>casonas coloniales erigidas desde 1540<\/strong> te demostrar\u00e1n que la historia de Arequipa permanece viva hasta hoy, al igual que la <strong>Plaza San Francisco<\/strong>, considerada un punto vital dentro del coraz\u00f3n hist\u00f3rico y barrial de la Ciudad Blanca. Como pen\u00faltimo punto del recorrido, visitar\u00e1s el reconocido <strong>Centro Artesanal Fundo El Fierro<\/strong>, un espacio que, al igual que los dem\u00e1s lugares del tour, resguarda episodios clave de la historia local vinculados al surgimiento y posterior declive de una instituci\u00f3n p\u00fablica destinada a la educaci\u00f3n de las mujeres arequipe\u00f1as. Para finalizar, en el <strong>Monasterio de Santa Catalina<\/strong> podr\u00e1s recorrer sus interiores y conocer c\u00f3mo este complejo alberg\u00f3 a m\u00e1s de <strong>450 mujeres<\/strong> que dedicaron su vida al cristianismo.<\/p>\n\n\n\n<p>Si viajas con tu familia o con un grupo de amigos, este tour es ideal para conocer lo mejor del <strong>Centro Hist\u00f3rico de Arequipa<\/strong>, declarado <strong>Patrimonio Cultural de la Humanidad por la UNESCO desde el a\u00f1o 2000<\/strong>.<\/p>\n\n\n<p><\/div><a href=\"#\" class=\"leer-mas-boton underline\">Leer m\u00e1s<\/a><\/div><script>\n        jQuery(document).ready(function($){\n            $(\"#leer_mas_6a9bf742dd1e5 .leer-mas-boton\").click(function(e){\n                e.preventDefault();\n                $(\"#leer_mas_6a9bf742dd1e5 .leer-mas-contenido\").fadeToggle(\"slow\");\n                if ($(this).text() === \"Leer m\u00e1s\") {\n                    $(this).text(\"Esconder\");\n                } else {\n                    $(this).text(\"Leer m\u00e1s\");\n                }\n            });\n        });\n    <\/script>\n\n\n<div class=\"responsive-tabs\">\n<h2 class=\"tabtitle\"><span class=\"fa fa-th-list\"><\/span>RUTA<\/h2>\n<div class=\"tabcontent\">\n\n\n\n\n<div class=\"wp-block-advgb-accordions advgb-accordions-bbd49920-88a6-4ddb-ab3b-1db1aef83ed8 advgb-accordion-wrapper\" data-collapsed=\"true\">\n<div class=\"wp-block-advgb-accordion-item advgb-accordion-item\" style=\"margin-bottom:15px\"><div class=\"advgb-accordion-header\" style=\"background-color:#daec9c;color:#000000;border-style:solid;border-width:1px;border-radius:2px\"><span class=\"advgb-accordion-header-icon accordion-state\"><svg class=\"advgb-icon-closed\" fill=\"#ffffff\" xmlns=\"http:\/\/www.w3.org\/2000\/svg\" width=\"24\" height=\"24\" viewBox=\"0 0 24 24\"><path fill=\"none\" d=\"M0,0h24v24H0V0z\"><\/path><path d=\"M19,13h-6v6h-2v-6H5v-2h6V5h2v6h6V13z\"><\/path><\/svg><svg class=\"advgb-icon-opened\" fill=\"#ffffff\" xmlns=\"http:\/\/www.w3.org\/2000\/svg\" width=\"24\" height=\"24\" viewBox=\"0 0 24 24\"><path fill=\"none\" d=\"M0,0h24v24H0V0z\"><\/path><path d=\"M19,13H5v-2h14V13z\"><\/path><\/svg><\/span><h4 class=\"advgb-accordion-header-title\" style=\"color:inherit\">Punto de encuentro<\/h4><\/div><div class=\"advgb-accordion-body\" style=\"border-style:solid !important;border-width:1px !important;border-color:undefined !important;border-top:none !important;border-radius:2px !important\">\n<p>En tu hotel, siempre y cuando que tu hotel se encuentre&nbsp;muy cerca&nbsp;de la <strong>plaza de Armas de Arequipa<\/strong>. En el momento que est\u00e9s listo, ser\u00e1s trasladado al primer punto de este tour: el Puente Bolognesi.<\/p>\n\n\n\n<p>Si deseas mayor informaci\u00f3n, te invitamos a revisar la pesta\u00f1a <strong>Detalles<\/strong> y <strong>Notas<\/strong>. <\/p>\n<\/div><\/div>\n\n\n\n<div class=\"wp-block-advgb-accordion-item advgb-accordion-item\" style=\"margin-bottom:15px\"><div class=\"advgb-accordion-header\" style=\"background-color:#daec9c;color:#000000;border-style:solid;border-width:1px;border-radius:2px\"><span class=\"advgb-accordion-header-icon accordion-state\"><svg class=\"advgb-icon-closed\" fill=\"#ffffff\" xmlns=\"http:\/\/www.w3.org\/2000\/svg\" width=\"24\" height=\"24\" viewBox=\"0 0 24 24\"><path fill=\"none\" d=\"M0,0h24v24H0V0z\"><\/path><path d=\"M19,13h-6v6h-2v-6H5v-2h6V5h2v6h6V13z\"><\/path><\/svg><svg class=\"advgb-icon-opened\" fill=\"#ffffff\" xmlns=\"http:\/\/www.w3.org\/2000\/svg\" width=\"24\" height=\"24\" viewBox=\"0 0 24 24\"><path fill=\"none\" d=\"M0,0h24v24H0V0z\"><\/path><path d=\"M19,13H5v-2h14V13z\"><\/path><\/svg><\/span><h4 class=\"advgb-accordion-header-title\" style=\"color:inherit\">Puente Bolognesi<\/h4><\/div><div class=\"advgb-accordion-body\" style=\"border-style:solid !important;border-width:1px !important;border-color:undefined !important;border-top:none !important;border-radius:2px !important\">\n<p>El actualmente conocido como <strong>Puente Bolognesi<\/strong>, cuya construcci\u00f3n se inici\u00f3 en <strong>1577<\/strong>, cumpl\u00eda un prop\u00f3sito fundamental: servir como <strong>acceso a la ciudad de Arequipa<\/strong> y como <strong>conexi\u00f3n directa con la ciudad de Lima y el mar<\/strong>. Su importancia fue vital no solo por erigirse sobre la arteria principal de la ciudad \u2014<em>el r\u00edo Chili<\/em>\u2014, sino tambi\u00e9n porque este punto, ayer como hoy, se encuentra <strong>flanqueado por los antiguamente llamados tambos<\/strong>, centros de abasto clave tanto en la \u00e9poca colonial como en la prehisp\u00e1nica, lo que evidencia su relevancia incluso antes de la llegada de los espa\u00f1oles.<\/p>\n\n\n\n<p>El autor de esta obra fue el <strong>arquitecto Juan de Aldan\u00e1 Dur\u00f3<\/strong>, quien, tras <strong>culminar la construcci\u00f3n en 1608<\/strong>, bautiz\u00f3 al lugar como \u00ab<strong><em>Puente Real<\/em><\/strong>\u00ab, tambi\u00e9n conocido como <em>Puente Viejo<\/em>. Este nombre respond\u00eda a la solidez de su estructura original, edificada con piedra y sillar volc\u00e1nico. En la actualidad, el puente conserva esta composici\u00f3n, aunque se le incorporaron refuerzos de hormig\u00f3n y acero con el objetivo de garantizar mayor soporte y durabilidad, preservando as\u00ed su esencia original.<\/p>\n\n\n\n<p>El nombre de Puente Real fue <strong>sustituido en 1884<\/strong> por el de Puente Bolognesi, en homenaje al pr\u00f3cer de la historia peruana <strong>Francisco Bolognesi<\/strong>, h\u00e9roe destacado durante la <strong>Guerra del Pac\u00edfico<\/strong>.<\/p>\n\n\n\n<p><em>\u00bfRazones para cruzar este puente?<\/em> Ahora tienes m\u00e1s de una\u2026<\/p>\n<\/div><\/div>\n\n\n\n<div class=\"wp-block-advgb-accordion-item advgb-accordion-item\" style=\"margin-bottom:15px\"><div class=\"advgb-accordion-header\" style=\"background-color:#daec9c;color:#000000;border-style:solid;border-width:1px;border-radius:2px\"><span class=\"advgb-accordion-header-icon accordion-state\"><svg class=\"advgb-icon-closed\" fill=\"#ffffff\" xmlns=\"http:\/\/www.w3.org\/2000\/svg\" width=\"24\" height=\"24\" viewBox=\"0 0 24 24\"><path fill=\"none\" d=\"M0,0h24v24H0V0z\"><\/path><path d=\"M19,13h-6v6h-2v-6H5v-2h6V5h2v6h6V13z\"><\/path><\/svg><svg class=\"advgb-icon-opened\" fill=\"#ffffff\" xmlns=\"http:\/\/www.w3.org\/2000\/svg\" width=\"24\" height=\"24\" viewBox=\"0 0 24 24\"><path fill=\"none\" d=\"M0,0h24v24H0V0z\"><\/path><path d=\"M19,13H5v-2h14V13z\"><\/path><\/svg><\/span><h4 class=\"advgb-accordion-header-title\" style=\"color:inherit\">Antiguo hotel Los Tambos \u2013 visita exterior<\/h4><\/div><div class=\"advgb-accordion-body\" style=\"border-style:solid !important;border-width:1px !important;border-color:undefined !important;border-top:none !important;border-radius:2px !important\">\n<p>Mencionar el t\u00e9rmino \u201c<em>Tambo<\/em>\u201d no es simplemente pronunciar el nombre de un hotel; esta palabra, que a simple vista parece com\u00fan, encierra <strong>un significado mucho m\u00e1s profundo<\/strong> que el que podr\u00eda asociarse \u00fanicamente a un hospedaje.<\/p>\n\n\n\n<p>Los <strong>tambos<\/strong> \u2014t\u00e9rmino proveniente de la palabra quechua <em>tampu<\/em>\u2014 existieron desde mucho antes de la \u00e9poca incaica y su origen incluso se vincula con lo m\u00edtico. As\u00ed lo mencionan <strong>Garcilaso de la Vega<\/strong> en \u00ab<em>Los Comentarios Reales<\/em>\u00bb y <strong>Guam\u00e1n Poma de Ayala<\/strong>, quienes sostienen que fue desde estos espacios conocidos como tampus que <strong>emergieron Manco C\u00e1pac<\/strong> y los <strong>Hermanos Ayar<\/strong>, fundadores del Imperio Inca.<\/p>\n\n\n\n<p>En cuanto a su funci\u00f3n, los tambos fueron <strong>estructuras fundamentales del Imperio Inca<\/strong>, estrat\u00e9gicamente ubicadas <strong>a lo largo del Qhapaq \u00d1an<\/strong>. Cumpl\u00edan m\u00faltiples prop\u00f3sitos: serv\u00edan como lugares de descanso para el inca y sus s\u00e9quitos, as\u00ed como centros de acopio y almacenamiento de alimentos. Adem\u00e1s, a estos espacios se les atribuye un rol clave en el \u00e9<strong>xito de la expansi\u00f3n del Imperio<\/strong>, especialmente si se considera que Arequipa era un punto estrat\u00e9gico que conectaba la costa central con el altiplano, enlazando el <strong>sur del Per\u00fa<\/strong> con el importante <strong>centro religioso de Pachacamac<\/strong>.<\/p>\n\n\n\n<p>En esta zona se registraron alrededor de <strong>once tambos<\/strong>, y el que visitar\u00e1s form\u00f3 parte de estos centros vitales durante la expansi\u00f3n inca. Desde el exterior, con sus muros de piedra y sillar volc\u00e1nico, descubrir\u00e1s que este sitio fue <strong>recuperado entre los siglos XX y XXI<\/strong>, debido a su enorme valor patrimonial para Arequipa. Precisamente por esta raz\u00f3n, en <strong>1991 fue declarado Patrimonio Cultural de la Naci\u00f3n<\/strong>.<\/p>\n<\/div><\/div>\n\n\n\n<div class=\"wp-block-advgb-accordion-item advgb-accordion-item\" style=\"margin-bottom:15px\"><div class=\"advgb-accordion-header\" style=\"background-color:#daec9c;color:#000000;border-style:solid;border-width:1px;border-radius:2px\"><span class=\"advgb-accordion-header-icon accordion-state\"><svg class=\"advgb-icon-closed\" fill=\"#ffffff\" xmlns=\"http:\/\/www.w3.org\/2000\/svg\" width=\"24\" height=\"24\" viewBox=\"0 0 24 24\"><path fill=\"none\" d=\"M0,0h24v24H0V0z\"><\/path><path d=\"M19,13h-6v6h-2v-6H5v-2h6V5h2v6h6V13z\"><\/path><\/svg><svg class=\"advgb-icon-opened\" fill=\"#ffffff\" xmlns=\"http:\/\/www.w3.org\/2000\/svg\" width=\"24\" height=\"24\" viewBox=\"0 0 24 24\"><path fill=\"none\" d=\"M0,0h24v24H0V0z\"><\/path><path d=\"M19,13H5v-2h14V13z\"><\/path><\/svg><\/span><h4 class=\"advgb-accordion-header-title\" style=\"color:inherit\">Plaza de Armas de Arequipa<\/h4><\/div><div class=\"advgb-accordion-body\" style=\"border-style:solid !important;border-width:1px !important;border-color:undefined !important;border-top:none !important;border-radius:2px !important\">\n<p>Visita la <strong>Plaza de Armas<\/strong> y conoce la historia de los principales atractivos que la rodean:<\/p>\n\n\n\n<ul class=\"wp-block-list\">\n<li><strong>Catedral de Arequipa<\/strong> (visita exterior), cuyo origen se remonta a <strong>1541<\/strong>, cuando funcion\u00f3 inicialmente como una iglesia parroquial. Sobre esta base se erigi\u00f3 la catedral colonial, cuya construcci\u00f3n se consolid\u00f3 en el siglo XVII. No obstante, su historia ha estado marcada por episodios de desastre y resiliencia, ya que en 1844 un incendio destruy\u00f3 gran parte de la edificaci\u00f3n. Este hecho no fue definitivo, pues gracias al esfuerzo y la fortaleza del pueblo arequipe\u00f1o, el templo fue <strong>reconstruido tras el terremoto de 1868<\/strong>, adquiriendo la monumentalidad que hoy lo caracteriza, con sus dos imponentes torres, un reloj de origen londinense y una simb\u00f3lica representaci\u00f3n que expresa la victoria del bien sobre el mal: un demonio vencido por lo sagrado.<\/li>\n<\/ul>\n\n\n\n<ul class=\"wp-block-list\">\n<li>Los <strong>Portales de Arequipa<\/strong> (visita exterior), construidos entre los siglos XVII y XVIII con sillar volc\u00e1nico, material emblem\u00e1tico de la arquitectura colonial de la ciudad. M\u00e1s que simples corredores, estos portales han sido testigos de la evoluci\u00f3n hist\u00f3rica de Arequipa, pasando de ser espacios comerciales coloniales a s\u00edmbolos de resistencia frente a desastres naturales. Su solidez ha permitido que permanezcan en pie pese a numerosos terremotos, convirti\u00e9ndolos en parte esencial del Centro Hist\u00f3rico de Arequipa, declarado <strong>Patrimonio Cultural de la Humanidad por la UNESCO<\/strong> en el a\u00f1o 2000, como expresi\u00f3n viva de la antigua Ciudad Blanca.<\/li>\n<\/ul>\n\n\n\n<ul class=\"wp-block-list\">\n<li><strong>Iglesia de Nuestra Se\u00f1ora de la Merced<\/strong> (visita exterior), cuyos or\u00edgenes datan del <strong>siglo XVII<\/strong>, levantada por la orden de los Mercedarios tras su llegada a la regi\u00f3n. Destaca por su fachada, donde se fusionan arm\u00f3nicamente los estilos barroco y mestizo. Otro aspecto fundamental de este templo es la profunda devoci\u00f3n a la <strong>Virgen de la Merced<\/strong>, considerada patrona y protectora de la ciudad. La tradici\u00f3n sostiene que la resistencia de Arequipa frente a los reiterados terremotos a lo largo de su historia se debe a su amparo, raz\u00f3n por la cual esta iglesia se consolida como un importante referente espiritual y arquitect\u00f3nico del centro hist\u00f3rico.<\/li>\n<\/ul>\n\n\n\n<ul class=\"wp-block-list\">\n<li><strong>Pileta de bronce<\/strong>, presente desde los primeros a\u00f1os de la ciudad, coronada por una escultura conocida como el \u201c<strong><em>Tuturutu<\/em><\/strong>\u201d. Esta figura, m\u00e1s que un elemento ornamental, representa a un personaje de baja estatura vinculado a la tradici\u00f3n oral, considerado mensajero o chaski al servicio del Inca <strong>Mayta C\u00e1pac<\/strong>. Su nombre provendr\u00eda del sonido del cuerno que utilizaba para transmitir los mensajes a los ayllus. La leyenda cuenta que, tras cumplir incansablemente su labor, qued\u00f3 petrificado por el intenso fr\u00edo en el centro de la plaza, convirti\u00e9ndose desde entonces en el <strong>protector simb\u00f3lico de la ciudad de Arequipa<\/strong>.<\/li>\n<\/ul>\n<\/div><\/div>\n\n\n\n<div class=\"wp-block-advgb-accordion-item advgb-accordion-item\" style=\"margin-bottom:15px\"><div class=\"advgb-accordion-header\" style=\"background-color:#daec9c;color:#000000;border-style:solid;border-width:1px;border-radius:2px\"><span class=\"advgb-accordion-header-icon accordion-state\"><svg class=\"advgb-icon-closed\" fill=\"#ffffff\" xmlns=\"http:\/\/www.w3.org\/2000\/svg\" width=\"24\" height=\"24\" viewBox=\"0 0 24 24\"><path fill=\"none\" d=\"M0,0h24v24H0V0z\"><\/path><path d=\"M19,13h-6v6h-2v-6H5v-2h6V5h2v6h6V13z\"><\/path><\/svg><svg class=\"advgb-icon-opened\" fill=\"#ffffff\" xmlns=\"http:\/\/www.w3.org\/2000\/svg\" width=\"24\" height=\"24\" viewBox=\"0 0 24 24\"><path fill=\"none\" d=\"M0,0h24v24H0V0z\"><\/path><path d=\"M19,13H5v-2h14V13z\"><\/path><\/svg><\/span><h4 class=\"advgb-accordion-header-title\" style=\"color:inherit\">Iglesia de la Compa\u00f1\u00eda de Jes\u00fas \u2013 visita interior<\/h4><\/div><div class=\"advgb-accordion-body\" style=\"border-style:solid !important;border-width:1px !important;border-color:undefined !important;border-top:none !important;border-radius:2px !important\">\n<p>Tras la fundaci\u00f3n de la ciudad de Arequipa, se establecieron las primeras \u00f3rdenes religiosas, entre ellas los <strong>dominicos<\/strong>, <strong>mercedarios<\/strong>, <strong>franciscanos<\/strong> y <strong>agustinos<\/strong>; sin embargo, no fue sino hasta el a\u00f1o <strong>1573<\/strong> que, con la llegada de los <strong>padres Jos\u00e9 de Acosta, Luis L\u00f3pez y Gonzalo Ruiz desde Cusco<\/strong>, se dio inicio a la incorporaci\u00f3n de una sede jesuita en Arequipa. Fue as\u00ed que, en<strong> 1578<\/strong>, se construy\u00f3 <strong>el primer templo de la Compa\u00f1\u00eda de Jes\u00fas<\/strong> a partir de los planos elaborados cinco a\u00f1os antes por el <strong>arquitecto Gaspar B\u00e1ez<\/strong>. No obstante, esta edificaci\u00f3n tuvo una corta duraci\u00f3n, ya que <em>colaps\u00f3 en 1582 <\/em>a causa de un terremoto.<\/p>\n\n\n\n<p>Ocho a\u00f1os m\u00e1s tarde, el hermano jesuita <strong>Diego Felipe<\/strong> asumi\u00f3 la responsabilidad de retomar el proyecto y, haciendo uso de los mismos planos de Gaspar B\u00e1ez, inici\u00f3 la <strong>reconstrucci\u00f3n del templo sobre los remanentes de la primera estructura<\/strong>, esta vez dedicado al ap\u00f3stol Santiago.<\/p>\n\n\n\n<p>Aunque pueda parecer de antolog\u00eda, existen registros de <strong>un tercer resurgimiento en el siglo XVII<\/strong>, lo que indica que la segunda construcci\u00f3n tambi\u00e9n colaps\u00f3. La tercera y definitiva reconstrucci\u00f3n del templo se concluy\u00f3 en <strong>1667<\/strong>, a\u00f1o en el que <strong>Esteban Lara incrust\u00f3 una cruz en el chapitel de la torre<\/strong>.<\/p>\n\n\n\n<p>La estructura actual de esta iglesia se ha convertido en una obra de gran complejidad artesanal. Los <strong>alarifes arequipe\u00f1os<\/strong> tallaron cada muro en sillar blanco, consolid\u00e1ndola como el <strong>m\u00e1ximo exponente del barroco andino<\/strong>, un estilo que influy\u00f3 de manera decisiva en la edificaci\u00f3n de los templos que rodean Arequipa y que refleja la <strong>resiliencia arquitect\u00f3nica de la Compa\u00f1\u00eda de Jes\u00fas<\/strong>.<\/p>\n\n\n\n<p>La <strong>portada lateral<\/strong> de la Iglesia de la Compa\u00f1\u00eda de Jes\u00fas constituye <strong>uno de los mayores ejemplos del m\u00e1s antiguo arte mestizo<\/strong>. Fue dise\u00f1ada y construida por el maestro cantero <strong>Sim\u00f3n Barrientos en 1654<\/strong> y contin\u00faa siendo, hasta hoy, la mejor expresi\u00f3n del estilo mestizo arequipe\u00f1o, siguiendo los lineamientos de las iglesias renacentistas europeas del siglo XVII.<\/p>\n<\/div><\/div>\n\n\n\n<div class=\"wp-block-advgb-accordion-item advgb-accordion-item\" style=\"margin-bottom:15px\"><div class=\"advgb-accordion-header\" style=\"background-color:#daec9c;color:#000000;border-style:solid;border-width:1px;border-radius:2px\"><span class=\"advgb-accordion-header-icon accordion-state\"><svg class=\"advgb-icon-closed\" fill=\"#ffffff\" xmlns=\"http:\/\/www.w3.org\/2000\/svg\" width=\"24\" height=\"24\" viewBox=\"0 0 24 24\"><path fill=\"none\" d=\"M0,0h24v24H0V0z\"><\/path><path d=\"M19,13h-6v6h-2v-6H5v-2h6V5h2v6h6V13z\"><\/path><\/svg><svg class=\"advgb-icon-opened\" fill=\"#ffffff\" xmlns=\"http:\/\/www.w3.org\/2000\/svg\" width=\"24\" height=\"24\" viewBox=\"0 0 24 24\"><path fill=\"none\" d=\"M0,0h24v24H0V0z\"><\/path><path d=\"M19,13H5v-2h14V13z\"><\/path><\/svg><\/span><h4 class=\"advgb-accordion-header-title\" style=\"color:inherit\">Casonas coloniales \u2014 visita exterior<\/h4><\/div><div class=\"advgb-accordion-body\" style=\"border-style:solid !important;border-width:1px !important;border-color:undefined !important;border-top:none !important;border-radius:2px !important\">\n<p>Te preguntas, <em>\u00bfde d\u00f3nde nace el famoso estilo del \u201cBarroco Arequipe\u00f1o\u201d<\/em>? Tanto este estilo como la historia incrustada en la cultura arequipe\u00f1a tienen su origen el <strong>15 de agosto de 1540<\/strong>, fecha en la que Arequipa es refundada por Francisco Pizarro como ciudad hispana. Hasta el d\u00eda de hoy, la ciudad exhibe casonas coloniales que pertenecieron a familias notables durante la ocupaci\u00f3n espa\u00f1ola; cada una de ellas, as\u00ed como sus barrios, es considerada una <strong>joya arquitect\u00f3nica que fusiona estilos europeos<\/strong> \u2014como el barroco y el renacentista\u2014 con materiales locales, especialmente el sillar blanco volc\u00e1nico, dando origen al estilo mencionado al inicio de este p\u00e1rrafo.<\/p>\n\n\n\n<p>Podr\u00e1s apreciar patios internos, fachadas sobrias, balcones tallados y chimeneas construidas en piedra y sillar blanco volc\u00e1nico, elementos que contrastan la vida de la <strong>\u00e9lite virreinal y republicana<\/strong> sobre los remanentes de una Arequipa que a\u00fan mantiene viva la esencia del momento en que el <strong>Inca Mayta C\u00e1pac<\/strong> exclam\u00f3: <em>\u00a1Ar\u00ed, quepay!<\/em>, frase en quechua que en espa\u00f1ol significa <em>\u00a1aqu\u00ed nos quedamos!<\/em>.<\/p>\n<\/div><\/div>\n\n\n\n<div class=\"wp-block-advgb-accordion-item advgb-accordion-item\" style=\"margin-bottom:15px\"><div class=\"advgb-accordion-header\" style=\"background-color:#daec9c;color:#000000;border-style:solid;border-width:1px;border-radius:2px\"><span class=\"advgb-accordion-header-icon accordion-state\"><svg class=\"advgb-icon-closed\" fill=\"#ffffff\" xmlns=\"http:\/\/www.w3.org\/2000\/svg\" width=\"24\" height=\"24\" viewBox=\"0 0 24 24\"><path fill=\"none\" d=\"M0,0h24v24H0V0z\"><\/path><path d=\"M19,13h-6v6h-2v-6H5v-2h6V5h2v6h6V13z\"><\/path><\/svg><svg class=\"advgb-icon-opened\" fill=\"#ffffff\" xmlns=\"http:\/\/www.w3.org\/2000\/svg\" width=\"24\" height=\"24\" viewBox=\"0 0 24 24\"><path fill=\"none\" d=\"M0,0h24v24H0V0z\"><\/path><path d=\"M19,13H5v-2h14V13z\"><\/path><\/svg><\/span><h4 class=\"advgb-accordion-header-title\" style=\"color:inherit\">Plaza San Francisco<\/h4><\/div><div class=\"advgb-accordion-body\" style=\"border-style:solid !important;border-width:1px !important;border-color:undefined !important;border-top:none !important;border-radius:2px !important\">\n<p>Tras la fundaci\u00f3n de la <strong>Villa de la Asunci\u00f3n de Nuestra Se\u00f1ora de Valle Hermoso<\/strong>, es decir,<strong> Arequipa<\/strong>, en<strong> 1540<\/strong>, se consolid\u00f3 la Plaza San Francisco como un punto vital dentro del <strong>coraz\u00f3n hist\u00f3rico y barrial de la Ciudad Blanca<\/strong>. Esta plaza, trazada por el arquitecto <strong>Garci Manuel de Carbajal<\/strong>, fue considerada desde sus inicios un importante centro religioso y comercial, cuya tutela reca\u00eda sobre el monumental Convento de San Francisco, \u00edcono colonial de arquitectura barroca y poseedor de valiosas obras de la<strong> Escuela Cusque\u00f1a<\/strong>. En conjunto con su plazoleta y el cercano Museo Municipal, conforma un espacio esencial de tradici\u00f3n, vida cotidiana y actividad tur\u00edstica.<\/p>\n\n\n\n<p>El origen etimol\u00f3gico de esta plaza deriva de la llegada y posterior asentamiento de los <strong>frailes franciscanos<\/strong>, quienes fundaron su imponente templo y consolidaron su importancia como gremio eclesi\u00e1stico. Con el transcurso del tiempo, el espacio sufri\u00f3 diversas transformaciones; su cercan\u00eda al <em>Mercado San Pedro<\/em> y a la antigua estaci\u00f3n del tren favoreci\u00f3 que se convirtiera en un punto de intensa actividad comercial, informal y de tr\u00e1nsito p\u00fablico.<\/p>\n\n\n\n<p>Actualmente, la plaza se presenta como <strong>un espacio tranquilo<\/strong>, rodeado de \u00e1reas verdes y una fuente que armonizan con la monumentalidad de la iglesia, aportando <em>un mayor valor cultural e hist\u00f3rico al entorno<\/em>.<\/p>\n<\/div><\/div>\n\n\n\n<div class=\"wp-block-advgb-accordion-item advgb-accordion-item\" style=\"margin-bottom:15px\"><div class=\"advgb-accordion-header\" style=\"background-color:#daec9c;color:#000000;border-style:solid;border-width:1px;border-radius:2px\"><span class=\"advgb-accordion-header-icon accordion-state\"><svg class=\"advgb-icon-closed\" fill=\"#ffffff\" xmlns=\"http:\/\/www.w3.org\/2000\/svg\" width=\"24\" height=\"24\" viewBox=\"0 0 24 24\"><path fill=\"none\" d=\"M0,0h24v24H0V0z\"><\/path><path d=\"M19,13h-6v6h-2v-6H5v-2h6V5h2v6h6V13z\"><\/path><\/svg><svg class=\"advgb-icon-opened\" fill=\"#ffffff\" xmlns=\"http:\/\/www.w3.org\/2000\/svg\" width=\"24\" height=\"24\" viewBox=\"0 0 24 24\"><path fill=\"none\" d=\"M0,0h24v24H0V0z\"><\/path><path d=\"M19,13H5v-2h14V13z\"><\/path><\/svg><\/span><h4 class=\"advgb-accordion-header-title\" style=\"color:inherit\">Fundo El Fierro<\/h4><\/div><div class=\"advgb-accordion-body\" style=\"border-style:solid !important;border-width:1px !important;border-color:undefined !important;border-top:none !important;border-radius:2px !important\">\n<p>Un edificio de estilo neocl\u00e1sico, cuya construcci\u00f3n culmin\u00f3 en el a\u00f1o <strong>1803<\/strong>, se alza a pocos pasos de la Plaza San Francisco: <strong>Fundo El Fierro<\/strong>, un lugar que atraves\u00f3 diversos cambios de uso a lo largo del tiempo hasta convertirse en uno de los centros artesanales m\u00e1s representativos de Arequipa.<\/p>\n\n\n\n<p>La historia de este fundo \u2014t\u00e9rmino empleado para designar un terreno destinado originalmente a actividades agr\u00edcolas\u2014 se remonta a su construcci\u00f3n inicial como sede de un colegio que, con el paso de los a\u00f1os, sufri\u00f3 abandono y episodios tr\u00e1gicos. Nos referimos al antiguo <strong>Colegio de Educandas<\/strong>, considerado el primer colegio femenino de Arequipa. En <strong>1803<\/strong>, el presb\u00edtero <strong>Jorge Antonio del Fierro y Velarde<\/strong> cedi\u00f3 parte de su propiedad para la fundaci\u00f3n de esta instituci\u00f3n educativa. Pese a los esfuerzos por consolidarla, el colegio dej\u00f3 de funcionar tras una serie de acontecimientos adversos, entre ellos el fallecimiento de su rector <strong>Fernando Arce y Fierro en 1847<\/strong>. La escasez de registros oficiales dificulta reconstruir con precisi\u00f3n esta etapa; sin embargo, este vac\u00edo se ve reflejado en la limitada continuidad de la educaci\u00f3n femenina en Arequipa durante las d\u00e9cadas posteriores del siglo XIX.<\/p>\n\n\n\n<p>Tras el terremoto ocurrido en <strong>1868<\/strong>, el inmueble fue reconstruido y, en <strong>1891<\/strong>, pas\u00f3 a funcionar de manera provisional como <strong>c\u00e1rcel p\u00fablica de varones<\/strong>, sumando un nuevo cap\u00edtulo a su compleja historia. D\u00e9cadas m\u00e1s tarde, en <strong>1980<\/strong>, el recinto fue revalorizado y adaptado para albergar el <strong>Museo Hist\u00f3rico Municipal \u201cGuillermo Zegarra Meneses\u201d<\/strong>, dando origen al actual <strong>Centro Artesanal Fundo El Fierro<\/strong>. Desde entonces, han sido los artesanos quienes han consolidado la memoria viva del lugar, manteniendo activa su feria artesanal por m\u00e1s de cuatro d\u00e9cadas. <\/p>\n<\/div><\/div>\n\n\n\n<div class=\"wp-block-advgb-accordion-item advgb-accordion-item\" style=\"margin-bottom:15px\"><div class=\"advgb-accordion-header\" style=\"background-color:#daec9c;color:#000000;border-style:solid;border-width:1px;border-radius:2px\"><span class=\"advgb-accordion-header-icon accordion-state\"><svg class=\"advgb-icon-closed\" fill=\"#ffffff\" xmlns=\"http:\/\/www.w3.org\/2000\/svg\" width=\"24\" height=\"24\" viewBox=\"0 0 24 24\"><path fill=\"none\" d=\"M0,0h24v24H0V0z\"><\/path><path d=\"M19,13h-6v6h-2v-6H5v-2h6V5h2v6h6V13z\"><\/path><\/svg><svg class=\"advgb-icon-opened\" fill=\"#ffffff\" xmlns=\"http:\/\/www.w3.org\/2000\/svg\" width=\"24\" height=\"24\" viewBox=\"0 0 24 24\"><path fill=\"none\" d=\"M0,0h24v24H0V0z\"><\/path><path d=\"M19,13H5v-2h14V13z\"><\/path><\/svg><\/span><h4 class=\"advgb-accordion-header-title\" style=\"color:inherit\">Monasterio de Santa Catalina \u2014 visita interior<\/h4><\/div><div class=\"advgb-accordion-body\" style=\"border-style:solid !important;border-width:1px !important;border-color:undefined !important;border-top:none !important;border-radius:2px !important\">\n<p>Este monasterio <strong>inici\u00f3 su construcci\u00f3n en 1579<\/strong>, gracias al financiamiento de<strong> Do\u00f1a Mar\u00eda de Guzm\u00e1n<\/strong>, joven viuda perteneciente a la nobleza espa\u00f1ola, quien destin\u00f3 su fortuna a la fundaci\u00f3n de un espacio religioso femenino en la ciudad de Arequipa. Con el paso del tiempo, el recinto fue ampli\u00e1ndose hasta consolidarse como <strong>uno de los complejos mon\u00e1sticos m\u00e1s importantes del Virreinato del Per\u00fa<\/strong>, destacando por su organizaci\u00f3n interna y su marcado car\u00e1cter autosuficiente.<\/p>\n\n\n\n<p>Durante la \u00e9poca colonial, el monasterio lleg\u00f3 a albergar a <strong>m\u00e1s de 450 mujeres<\/strong>, en su mayor\u00eda monjas espa\u00f1olas de alta alcurnia, hijas de familias influyentes que ve\u00edan en la vida claustral una opci\u00f3n acorde a su estatus social. Junto a ellas conviv\u00edan mujeres de origen humilde, quienes encontraban en el monasterio un espacio de protecci\u00f3n, alimento y estabilidad, a cambio de consagrar su vida al catolicismo mediante el servicio religioso. Esta marcada estratificaci\u00f3n social al interior del convento refleja, hasta el d\u00eda de hoy, las din\u00e1micas sociales y econ\u00f3micas propias del <strong>periodo colonial en el sur del Per\u00fa<\/strong>.<\/p>\n<\/div><\/div>\n\n\n\n<div class=\"wp-block-advgb-accordion-item advgb-accordion-item\" style=\"margin-bottom:15px\"><div class=\"advgb-accordion-header\" style=\"background-color:#daec9c;color:#000000;border-style:solid;border-width:1px;border-radius:2px\"><span class=\"advgb-accordion-header-icon accordion-state\"><svg class=\"advgb-icon-closed\" fill=\"#ffffff\" xmlns=\"http:\/\/www.w3.org\/2000\/svg\" width=\"24\" height=\"24\" viewBox=\"0 0 24 24\"><path fill=\"none\" d=\"M0,0h24v24H0V0z\"><\/path><path d=\"M19,13h-6v6h-2v-6H5v-2h6V5h2v6h6V13z\"><\/path><\/svg><svg class=\"advgb-icon-opened\" fill=\"#ffffff\" xmlns=\"http:\/\/www.w3.org\/2000\/svg\" width=\"24\" height=\"24\" viewBox=\"0 0 24 24\"><path fill=\"none\" d=\"M0,0h24v24H0V0z\"><\/path><path d=\"M19,13H5v-2h14V13z\"><\/path><\/svg><\/span><h4 class=\"advgb-accordion-header-title\" style=\"color:inherit\">Lugar de finalizaci\u00f3n del tour<\/h4><\/div><div class=\"advgb-accordion-body\" style=\"border-style:solid !important;border-width:1px !important;border-color:undefined !important;border-top:none !important;border-radius:2px !important\">\n<p>Este tour a pie termina muy cerca de la plaza de Armas, a 5 minutos a pie.<\/p>\n<\/div><\/div>\n<\/div>\n\n\n\n<\/div><h2 class=\"tabtitle\"><span class=\"fa fa-credit-card\"><\/span>PRECIO<\/h2>\n<div class=\"tabcontent\">\n\n\n\n\n<p>Los precios mostrados en la tabla son:<\/p>\n\n\n\n<ul class=\"wp-block-list\">\n<li>Por persona&nbsp;en d\u00f3lares americanos ($).<\/li>\n\n\n\n<li>Pers. = personas.<\/li>\n<\/ul>\n\n\n\n<figure class=\"wp-block-table\"><table><thead><tr><th class=\"has-text-align-center\" data-align=\"center\">Pers.<\/th><th class=\"has-text-align-center\" data-align=\"center\">Visita guiada privada<\/th><\/tr><\/thead><tbody><tr><td class=\"has-text-align-center\" data-align=\"center\">1<\/td><td class=\"has-text-align-center\" data-align=\"center\">$60<\/td><\/tr><tr><td class=\"has-text-align-center\" data-align=\"center\">2<\/td><td class=\"has-text-align-center\" data-align=\"center\">$30<\/td><\/tr><tr><td class=\"has-text-align-center\" data-align=\"center\">3<\/td><td class=\"has-text-align-center\" data-align=\"center\">$25<\/td><\/tr><tr><td class=\"has-text-align-center\" data-align=\"center\">4<\/td><td class=\"has-text-align-center\" data-align=\"center\">$20<\/td><\/tr><tr><td class=\"has-text-align-center\" data-align=\"center\">5<\/td><td class=\"has-text-align-center\" data-align=\"center\">$18<\/td><\/tr><\/tbody><\/table><figcaption class=\"wp-element-caption\">Si tu grupo es mayor de 5 personas, \u00a1av\u00edsanos!<\/figcaption><\/figure>\n\n\n\n<\/div><h2 class=\"tabtitle\"><span class=\"fa fa-pencil-square-o\"><\/span>DETALLES<\/h2>\n<div class=\"tabcontent\">\n\n\n\n\n<p><i class=\"fas fa-th\"><\/i> <strong>Tipo de tour: <\/strong>100% privado.<\/p>\n\n\n\n<p><i class=\"far fa-clock\"><\/i> <strong>Horarios:<\/strong> <\/p>\n\n\n\n<ul class=\"wp-block-list\">\n<li>Todos los d\u00edas: 09:00 a 11:30.<\/li>\n\n\n\n<li>Lunes a s\u00e1bado: 14:00 a 16:30.<\/li>\n\n\n\n<li>Otros horarios disponibles bajo petici\u00f3n.<\/li>\n<\/ul>\n\n\n\n<p><i class=\"far fa-comment\"><\/i> <strong>Idioma:<\/strong><\/p>\n\n\n\n<ul class=\"wp-block-list\">\n<li>Espa\u00f1ol, ingl\u00e9s.<\/li>\n\n\n\n<li>Otros idiomas:\n<ul class=\"wp-block-list\">\n<li>Disponible bajo petici\u00f3n.<\/li>\n\n\n\n<li>Los precios variaran.<\/li>\n<\/ul>\n<\/li>\n<\/ul>\n\n\n\n<p><i class=\"fab fa-accessible-icon\"><\/i> <strong>Accesibilidad:<\/strong> No es apto para personas de movilidad reducida.<\/p>\n\n\n\n<p><i class=\"far fa-check-circle\"><\/i> <strong>Incluido:<\/strong> <\/p>\n\n\n\n<ul class=\"wp-block-list\">\n<li>Gu\u00eda profesional.<\/li>\n\n\n\n<li>Recogida desde tu hotel.<\/li>\n<\/ul>\n\n\n\n<p><i class=\"far fa-times-circle\"><\/i> <strong>No incluido:<\/strong><\/p>\n\n\n\n<ul class=\"wp-block-list\">\n<li>Tickets para el monasterio: 45 soles pp.<\/li>\n\n\n\n<li>Propinas (opcional).<\/li>\n\n\n\n<li>Transporte vehicular.<\/li>\n\n\n\n<li>Drop-off en tu hotel.<\/li>\n<\/ul>\n\n\n\n<p><i class=\"far fa-hand-paper\"><\/i> <strong>\u00bfQu\u00e9 llevo?<\/strong><\/p>\n\n\n\n<ul class=\"wp-block-list\">\n<li>Su\u00e9teres o chaquetas.<\/li>\n\n\n\n<li>Zapatos antideslizantes.<\/li>\n\n\n\n<li>Impermeables.<\/li>\n\n\n\n<li>Gorras o sombreros.<\/li>\n\n\n\n<li>Protector solar.<\/li>\n\n\n\n<li>Gafas de sol.<\/li>\n\n\n\n<li>Una botella de agua.<\/li>\n\n\n\n<li>Moneda local para tus entradas.<\/li>\n<\/ul>\n\n\n\n<p> <i class=\"fab fa-whatsapp\"><\/i> <strong>WhatsApp<\/strong>: <\/p>\n\n\n\n<ul class=\"wp-block-list\">\n<li><a href=\"https:\/\/api.whatsapp.com\/send?phone=51958745640&amp;text=Hello%20FWTP,%20can%20you%20help%20me,%20please?\" target=\"_blank\" rel=\"noreferrer noopener nofollow\">+51 958745640&nbsp;<\/a><\/li>\n\n\n\n<li><a href=\"https:\/\/api.whatsapp.com\/send?phone=51984479073&amp;text=Hello%20FWTP,%20can%20you%20help%20me,%20please?\" target=\"_blank\" rel=\"noreferrer noopener nofollow\">+51 984479073<\/a><\/li>\n<\/ul>\n\n\n\n<\/div><h2 class=\"tabtitle\"><span class=\"fa fa-calendar\"><\/span>NOTAS<\/h2>\n<div class=\"tabcontent\">\n\n\n\n\n<div class=\"wp-block-bloque-acordeon-acordeon-container acordeon-container\">\n<div class=\"wp-block-bloque-acordeon-acordeon-item acordeon-item\"><h4 class=\"acordeon-titulo\">Recogidas y horarios<\/h4><div class=\"acordeon-contenido\">\n<ul class=\"wp-block-list\">\n<li>Las recogidas son puntuales.<\/li>\n\n\n\n<li>Las recogidas aplican \u00fanicamente para hoteles ubicados en el centro hist\u00f3rico, a poca distancia de la Plaza de Armas.<\/li>\n\n\n\n<li>Organizaremos todas las recogidas un d\u00eda antes de tu tour.<\/li>\n\n\n\n<li>La hora de finalizaci\u00f3n del tour sigue siendo aproximada; sin embargo, haremos nuestro mejor esfuerzo para terminar el tour seg\u00fan lo programado.<\/li>\n<\/ul>\n<\/div><\/div>\n\n\n\n<div class=\"wp-block-bloque-acordeon-acordeon-item acordeon-item\"><h4 class=\"acordeon-titulo\">Descuentos en los tickets de ingreso<\/h4><div class=\"acordeon-contenido\">\n<p>Los ni\u00f1os, menores de edad, estudiantes y peruanos pueden recibir descuentos, pero se requiere mostrar una identificaci\u00f3n oficial.<\/p>\n\n\n\n<ul class=\"wp-block-list\">\n<li>Ni\u00f1os y menores: Trae sus pasaportes oficiales para demostrar su edad.<\/li>\n\n\n\n<li>Estudiantes: Trae tu pasaporte oficial y una identificaci\u00f3n emitida por el gobierno.<\/li>\n\n\n\n<li>Peruanos: Trae tu documento de identidad oficial.<\/li>\n<\/ul>\n<\/div><\/div>\n\n\n\n<div class=\"wp-block-bloque-acordeon-acordeon-item acordeon-item\"><h4 class=\"acordeon-titulo\">Operatividad e itinerario<\/h4><div class=\"acordeon-contenido\">\n<p>Este tour est\u00e1 sujeto a variaciones sin previo aviso, debido a condiciones clim\u00e1ticas, huelgas y cualquier otro evento que no permita la operaci\u00f3n normal del tour. Tambi\u00e9n consulta nuestros&nbsp;<a href=\"https:\/\/freewalkingtoursperu.com\/es\/terminos-condiciones\/\" target=\"_blank\" rel=\"noreferrer noopener\">t\u00e9rminos<\/a>.<a href=\"https:\/\/www.forbes.com\/sites\/laurabegleybloom\/2018\/12\/18\/the-cheapest-places-to-travel-in-2019\/?sh=21becc0e787a\"><\/a><\/p>\n<\/div><\/div>\n<\/div>\n\n\n\n<\/div><h2 class=\"tabtitle\"><span class=\"fa fa-calendar\"><\/span>CANCELACIONES<\/h2>\n<div class=\"tabcontent\">\n\n\n\n\n<p>La cancelaci\u00f3n del tour es gratuita siempre que lo hagas con al menos 48 horas de antelaci\u00f3n, en caso contrario te cobraremos el 100% del precio del tour. Tambi\u00e9n consulta nuestros <a href=\"https:\/\/freewalkingtoursperu.com\/es\/terminos-condiciones\/\" target=\"_blank\" rel=\"noreferrer noopener\">t\u00e9rminos<\/a>.<\/p>\n\n\n\n<\/div><h2 class=\"urltab\"><a href=\"#reviews\"><span class=\"fa fa-comments-o\"><\/span>RESE\u00d1AS<\/a><\/h2>\n<div class=\"tabcontent\">\n\n\n\n\n<p>Por favor, desliza hacia abajo para ver comentarios.<\/p>\n\n\n<\/div><\/div>\n<\/div>\n\n\n\n<div class=\"wp-block-column is-layout-flow wp-block-column-is-layout-flow\" style=\"flex-basis:25%\">\n<div class=\"wp-block-group\"><div class=\"wp-block-group__inner-container is-layout-constrained wp-block-group-is-layout-constrained\"><div class='mb-10'>\n\t    \n\t\t<div class='flex gap-1'>\n\t\t\t\t<div class='flex-auto'>\n\t\t\t\t\t<a href='https:\/\/www.forbes.com\/sites\/laurabegleybloom\/2018\/12\/18\/the-cheapest-places-to-travel-in-2019\/?sh=21becc0e787a'><img src=https:\/\/freewalkingtoursperu.com\/wp-content\/themes\/fwtp\/img\/logo-forbes.png alt='logo forbes' class='w-full h-auto xl:h-12'><\/a>\n\t\t\t\t<\/div>\n\t\t\t\t<div class='flex-auto'>\n\t\t\t\t\t<a href='https:\/\/www.tripadvisor.com\/Attraction_Review-g294313-d19635162-Reviews-Free_Walking_Tours_Peru-Arequipa_Arequipa_Region.html'><img src=https:\/\/freewalkingtoursperu.com\/wp-content\/themes\/fwtp\/img\/logo-tripadvisor.png alt='logo tripadvisor' class='w-full h-auto xl:h-12'><\/a>\n\t\t\t\t<\/div>\n\t\t<\/div>\n\t\t<div class='text-center'>\n\t\t\t<a href='#'><img src=https:\/\/freewalkingtoursperu.com\/wp-content\/themes\/fwtp\/img\/logo-free-walking-tours-peru-ministerio-turismo.png width='100%' alt='logo ministerio del comercio exterior' class='mt-1'><\/a>\n\t\t<\/div>\n\n\t <\/div>\n\n\n\n<!--Markup for citys-->\n\n<div id=\"tour-block_6712bfc40ce59168ad6eb1906e979d32\" class=\"tour\">\n\n            <div class=''>\n\t            <div class='flex rounded-t shadow'>\n\t\t\t        <div class='px-3 py-2 rounded-tl bg-black text-white text-lg mb-0  font-semibold font-nunito'>Sin sobreprecios<\/div>\n\t\t\t        <div class='px-1 py-2 rounded-tr flex-auto font-nunito font-semibold bg-fwtp text-lg text-black  mb-0 text-center'>Desde $30<\/div>\n\t\t\t    <\/div>\n\t        <\/div>\n<\/div>\n\n\n\n\n<div class=\"wpcf7 no-js\" id=\"wpcf7-f7053-o1\" lang=\"en-US\" dir=\"ltr\" data-wpcf7-id=\"7053\">\n<div class=\"screen-reader-response\"><p role=\"status\" aria-live=\"polite\" aria-atomic=\"true\"><\/p> <ul><\/ul><\/div>\n<form action=\"\/es\/wp-json\/wp\/v2\/pages\/7601#wpcf7-f7053-o1\" method=\"post\" class=\"wpcf7-form init\" aria-label=\"Contact form\" novalidate=\"novalidate\" data-status=\"init\">\n<fieldset class=\"hidden-fields-container\"><input type=\"hidden\" name=\"_wpcf7\" value=\"7053\" \/><input type=\"hidden\" name=\"_wpcf7_version\" value=\"6.1.7\" \/><input type=\"hidden\" name=\"_wpcf7_locale\" value=\"en_US\" \/><input type=\"hidden\" name=\"_wpcf7_unit_tag\" value=\"wpcf7-f7053-o1\" \/><input type=\"hidden\" name=\"_wpcf7_container_post\" value=\"0\" \/><input type=\"hidden\" name=\"_wpcf7_posted_data_hash\" value=\"\" \/><input type=\"hidden\" name=\"_wpcf7dtx_version\" value=\"5.0.7\" \/>\n<\/fieldset>\n<input class=\"wpcf7-form-control wpcf7-hidden\" value=\"18\" type=\"hidden\" name=\"Id_Walks\" \/>\n<input class=\"wpcf7-form-control wpcf7-hidden\" value=\"117cd6acb90f7321bbf3b043ef58c6ae4976783c\" type=\"hidden\" name=\"Ncode\" \/>\n<div id=\"form\" class=\"box-form border rounded-bottom shadow bg-white p-3\">\n<span class=\"wpcf7-form-control-wrap page-title\" data-name=\"page-title\"><input type=\"hidden\" name=\"page-title\" class=\"wpcf7-form-control wpcf7-hidden wpcf7dtx wpcf7dtx-hidden\" aria-invalid=\"false\" value=\"Tour privado a pie por Arequipa\"><\/span>\n        <div class=\"form-group\">\n           <span class=\"wpcf7-form-control-wrap page-title\" data-name=\"page-title\"><input type=\"text\" name=\"page-title\" class=\"wpcf7-form-control wpcf7-text wpcf7dtx wpcf7dtx-text form-control form-control-sm\" aria-invalid=\"false\" value=\"Tour privado a pie por Arequipa\"><\/span>\n      <\/div>\n      <div class=\"form-group\">\n        <p>Fecha: <span class=\"wpcf7-form-control-wrap\" data-name=\"date-free\"><input size=\"40\" maxlength=\"400\" class=\"wpcf7-form-control wpcf7-text form-control form-control-sm fwt\" aria-invalid=\"false\" placeholder=\"dd\/mm\/yyyy\" value=\"\" type=\"text\" name=\"date-free\" \/><\/span><\/p>\n       <\/div>\n     <div class=\"form-group\">\n         <span class=\"wpcf7-form-control-wrap\" data-name=\"size\"><select class=\"wpcf7-form-control wpcf7-select wpcf7-validates-as-required form-control form-control-sm\" aria-required=\"true\" aria-invalid=\"false\" name=\"size\"><option value=\"\">\u00bfCuantas personas son en tu grupo?<\/option><option value=\"1\">1<\/option><option value=\"2\">2<\/option><option value=\"3\">3<\/option><option value=\"4\">4<\/option><option value=\"5\">5<\/option><option value=\"6\">6<\/option><option value=\"7\">7<\/option><option value=\"8\">8<\/option><option value=\"9\">9<\/option><option value=\"10\">10<\/option><\/select><\/span>\n      <\/div>\n       <div class=\"form-group\">\n        <span class=\"wpcf7-form-control-wrap\" data-name=\"name-free\"><input size=\"40\" maxlength=\"400\" class=\"wpcf7-form-control wpcf7-text wpcf7-validates-as-required form-control form-control-sm\" aria-required=\"true\" aria-invalid=\"false\" placeholder=\"Nombre y apellido\" value=\"\" type=\"text\" name=\"name-free\" \/><\/span>\n      <\/div>\n      <div class=\"form-group\">\n          <span class=\"wpcf7-form-control-wrap\" data-name=\"email-free\"><input size=\"40\" maxlength=\"400\" class=\"wpcf7-form-control wpcf7-email wpcf7-validates-as-required wpcf7-text wpcf7-validates-as-email form-control form-control-sm\" aria-required=\"true\" aria-invalid=\"false\" placeholder=\"Correo\" value=\"\" type=\"email\" name=\"email-free\" \/><\/span>\n      <\/div>\n <div class=\"form-group\">\n          <span class=\"wpcf7-form-control-wrap\" data-name=\"Whatsapp\"><input size=\"40\" class=\"wpcf7-form-control wpcf7-phonetext wpcf7-validates-as-required wpcf7-text wpcf7-validates-as-phonetext form-control form-control-sm\" aria-required=\"true\" aria-invalid=\"false\" placeholder=\"Whatsapp\" value=\"\" type=\"text\" name=\"Whatsapp\" \/><input type=\"hidden\" name=\"Whatsapp-country-code\" class=\"wpcf7-phonetext-country-code\" \/><\/span>\n      <\/div>\n       <div class=\"form-group\">\n         <span class=\"wpcf7-form-control-wrap\" data-name=\"your-message\"><textarea cols=\"7\" rows=\"5\" maxlength=\"2000\" class=\"wpcf7-form-control wpcf7-textarea form-control form-control-sm\" aria-invalid=\"false\" placeholder=\"Escribe aqu\u00ed cualquier informaci\u00f3n adicional que consideres: Hotel, preferencia por un tour privado, tours adicionales, ni\u00f1os, adulto mayor, etc.\" name=\"your-message\"><\/textarea><\/span>\n      <\/div>\n        <div class=\"form-group text-center\">\n          <p class=\"text-center\"><input class=\"wpcf7-form-control wpcf7-submit has-spinner btn btn-lg px-5 btn-free\" type=\"submit\" value=\"Cotiza ya\" \/><\/p>\n          \n        <\/div>\n\n<\/div><div class=\"wpcf7-response-output\" aria-hidden=\"true\"><\/div>\n<\/form>\n<\/div>\n\n<\/div><\/div>\n<\/div>\n<\/div>\n\n\n<div class='bg-white border p-3 shadow my-3' id='reviews' ><\/p>\n\n\n\n<h2 class=\"wp-block-heading\" id=\"reviews-009bf618-1525-4de9-95e4-c35333e5f797\">Redes Sociales<\/h2>\n\n\n\n<p>\u2b50<a href=\"https:\/\/www.tripadvisor.com\/Attraction_Review-g294313-d19635162-Reviews-Free_Walking_Tours_Peru-Arequipa_Arequipa_Region.html\" target=\"_blank\" rel=\"noreferrer noopener\">TripAdvisor:<\/a> 53 testimonios <strong>|<\/strong> \u2b50<a href=\"https:\/\/goo.gl\/maps\/FhNr5D6qmpcDwfTPA\" target=\"_blank\" rel=\"noreferrer noopener\">Google Maps:<\/a> 1200 comentarios <strong>|<\/strong> \u2b50<a href=\"https:\/\/www.facebook.com\/FreeWalkingToursPeru\" target=\"_blank\" rel=\"noreferrer noopener\">Facebook<\/a>: 800 seguidores <strong>|<\/strong> \u2b50<a href=\"https:\/\/www.instagram.com\/limafreewalkingtours\/\" target=\"_blank\" rel=\"noreferrer noopener\">Instagram:<\/a> 6000 seguidores <strong>|<\/strong> \u2b50<a href=\"https:\/\/youtu.be\/HdYcNrUxnXA\" target=\"_blank\" rel=\"noreferrer noopener\">YouTube:<\/a> Ver videos <strong>|<\/strong> \u2b50<a href=\"https:\/\/freewalkingtoursperu.com\/es\/sobre-nosotros\/\" target=\"_blank\" rel=\"noreferrer noopener\">Viajeros:<\/a> + de 52 turistas<\/p>\n\n\n<p> <\/div>\n","protected":false},"excerpt":{"rendered":"<p>Descubre Arequipa con nuestros tours personalizados a pie por el centro hist\u00f3rico, donde visitar\u00e1s algunos de los lugares m\u00e1s emblem\u00e1ticos de la ciudad, como la Iglesia de la Compa\u00f1\u00eda de Jes\u00fas, el Fundo El Fierro, el Puente Bolognesi, el Monasterio de Santa Catalina, entre otros. Los precios mostrados en la tabla son: Pers. Visita guiada [&hellip;]<\/p>\n","protected":false},"author":1,"featured_media":0,"parent":7356,"menu_order":0,"comment_status":"closed","ping_status":"closed","template":"page-tour-pay.php","meta":{"_acf_changed":false,"advgb_blocks_editor_width":"full","advgb_blocks_columns_visual_guide":"","footnotes":""},"class_list":["post-7601","page","type-page","status-publish","hentry"],"acf":[],"yoast_head":"<!-- This site is optimized with the Yoast SEO plugin v28.4 - https:\/\/yoast.com\/product\/yoast-seo-wordpress\/ -->\n<title>Tour privado a pie por Arequipa + monasterio de Santa Catalina<\/title>\n<meta name=\"description\" content=\"No te pierdas de nuestro tour privado a pie por Arequipa \u00a1100% a tu medida por todo el centro hist\u00f3rico + convento de Santa Catalina y m\u00e1s!\" \/>\n<meta name=\"robots\" content=\"index, follow, max-snippet:-1, max-image-preview:large, max-video-preview:-1\" \/>\n<link rel=\"canonical\" href=\"https:\/\/freewalkingtoursperu.com\/es\/tours-arequipa\/tours-privados-arequipa-a-pie\/\" \/>\n<meta property=\"og:locale\" content=\"es_ES\" \/>\n<meta property=\"og:type\" content=\"article\" \/>\n<meta property=\"og:title\" content=\"Tour privado a pie por Arequipa + monasterio de Santa Catalina\" \/>\n<meta property=\"og:description\" content=\"No te pierdas de nuestro tour privado a pie por Arequipa \u00a1100% a tu medida por todo el centro hist\u00f3rico + convento de Santa Catalina y m\u00e1s!\" \/>\n<meta property=\"og:url\" content=\"https:\/\/freewalkingtoursperu.com\/es\/tours-arequipa\/tours-privados-arequipa-a-pie\/\" \/>\n<meta property=\"og:site_name\" content=\"Free Walking Tours Peru\" \/>\n<meta property=\"article:modified_time\" content=\"2026-06-18T23:47:38+00:00\" \/>\n<meta name=\"twitter:card\" content=\"summary_large_image\" \/>\n<meta name=\"twitter:label1\" content=\"Tiempo de lectura\" \/>\n\t<meta name=\"twitter:data1\" content=\"13 minutos\" \/>\n<script type=\"application\/ld+json\" class=\"yoast-schema-graph\">{\"@context\":\"https:\\\/\\\/schema.org\",\"@graph\":[{\"@type\":\"WebPage\",\"@id\":\"https:\\\/\\\/freewalkingtoursperu.com\\\/es\\\/tours-arequipa\\\/tours-privados-arequipa-a-pie\\\/\",\"url\":\"https:\\\/\\\/freewalkingtoursperu.com\\\/es\\\/tours-arequipa\\\/tours-privados-arequipa-a-pie\\\/\",\"name\":\"Tour privado a pie por Arequipa + monasterio de Santa Catalina\",\"isPartOf\":{\"@id\":\"https:\\\/\\\/freewalkingtoursperu.com\\\/es\\\/#website\"},\"datePublished\":\"2020-12-05T01:37:39+00:00\",\"dateModified\":\"2026-06-18T23:47:38+00:00\",\"description\":\"No te pierdas de nuestro tour privado a pie por Arequipa \u00a1100% a tu medida por todo el centro hist\u00f3rico + convento de Santa Catalina y m\u00e1s!\",\"breadcrumb\":{\"@id\":\"https:\\\/\\\/freewalkingtoursperu.com\\\/es\\\/tours-arequipa\\\/tours-privados-arequipa-a-pie\\\/#breadcrumb\"},\"inLanguage\":\"es\",\"potentialAction\":[{\"@type\":\"ReadAction\",\"target\":[\"https:\\\/\\\/freewalkingtoursperu.com\\\/es\\\/tours-arequipa\\\/tours-privados-arequipa-a-pie\\\/\"]}]},{\"@type\":\"BreadcrumbList\",\"@id\":\"https:\\\/\\\/freewalkingtoursperu.com\\\/es\\\/tours-arequipa\\\/tours-privados-arequipa-a-pie\\\/#breadcrumb\",\"itemListElement\":[{\"@type\":\"ListItem\",\"position\":1,\"name\":\"Home\",\"item\":\"https:\\\/\\\/freewalkingtoursperu.com\\\/es\\\/\"},{\"@type\":\"ListItem\",\"position\":2,\"name\":\"Tours en Arequipa\",\"item\":\"https:\\\/\\\/freewalkingtoursperu.com\\\/es\\\/tours-arequipa\\\/\"},{\"@type\":\"ListItem\",\"position\":3,\"name\":\"Tour privado a pie por Arequipa\"}]},{\"@type\":\"WebSite\",\"@id\":\"https:\\\/\\\/freewalkingtoursperu.com\\\/es\\\/#website\",\"url\":\"https:\\\/\\\/freewalkingtoursperu.com\\\/es\\\/\",\"name\":\"Free Walking Tours Peru\",\"description\":\"\",\"publisher\":{\"@id\":\"https:\\\/\\\/freewalkingtoursperu.com\\\/es\\\/#organization\"},\"potentialAction\":[{\"@type\":\"SearchAction\",\"target\":{\"@type\":\"EntryPoint\",\"urlTemplate\":\"https:\\\/\\\/freewalkingtoursperu.com\\\/es\\\/?s={search_term_string}\"},\"query-input\":{\"@type\":\"PropertyValueSpecification\",\"valueRequired\":true,\"valueName\":\"search_term_string\"}}],\"inLanguage\":\"es\"},{\"@type\":\"Organization\",\"@id\":\"https:\\\/\\\/freewalkingtoursperu.com\\\/es\\\/#organization\",\"name\":\"Free Walking Tours Peru\",\"url\":\"https:\\\/\\\/freewalkingtoursperu.com\\\/es\\\/\",\"logo\":{\"@type\":\"ImageObject\",\"inLanguage\":\"es\",\"@id\":\"https:\\\/\\\/freewalkingtoursperu.com\\\/es\\\/#\\\/schema\\\/logo\\\/image\\\/\",\"url\":\"https:\\\/\\\/freewalkingtoursperu.com\\\/wp-content\\\/uploads\\\/2026\\\/02\\\/logo-freeorg.svg\",\"contentUrl\":\"https:\\\/\\\/freewalkingtoursperu.com\\\/wp-content\\\/uploads\\\/2026\\\/02\\\/logo-freeorg.svg\",\"caption\":\"Free Walking Tours Peru\"},\"image\":{\"@id\":\"https:\\\/\\\/freewalkingtoursperu.com\\\/es\\\/#\\\/schema\\\/logo\\\/image\\\/\"}}]}<\/script>\n<!-- \/ Yoast SEO plugin. -->","yoast_head_json":{"title":"Tour privado a pie por Arequipa + monasterio de Santa Catalina","description":"No te pierdas de nuestro tour privado a pie por Arequipa \u00a1100% a tu medida por todo el centro hist\u00f3rico + convento de Santa Catalina y m\u00e1s!","robots":{"index":"index","follow":"follow","max-snippet":"max-snippet:-1","max-image-preview":"max-image-preview:large","max-video-preview":"max-video-preview:-1"},"canonical":"https:\/\/freewalkingtoursperu.com\/es\/tours-arequipa\/tours-privados-arequipa-a-pie\/","og_locale":"es_ES","og_type":"article","og_title":"Tour privado a pie por Arequipa + monasterio de Santa Catalina","og_description":"No te pierdas de nuestro tour privado a pie por Arequipa \u00a1100% a tu medida por todo el centro hist\u00f3rico + convento de Santa Catalina y m\u00e1s!","og_url":"https:\/\/freewalkingtoursperu.com\/es\/tours-arequipa\/tours-privados-arequipa-a-pie\/","og_site_name":"Free Walking Tours Peru","article_modified_time":"2026-06-18T23:47:38+00:00","twitter_card":"summary_large_image","twitter_misc":{"Tiempo de lectura":"13 minutos"},"schema":{"@context":"https:\/\/schema.org","@graph":[{"@type":"WebPage","@id":"https:\/\/freewalkingtoursperu.com\/es\/tours-arequipa\/tours-privados-arequipa-a-pie\/","url":"https:\/\/freewalkingtoursperu.com\/es\/tours-arequipa\/tours-privados-arequipa-a-pie\/","name":"Tour privado a pie por Arequipa + monasterio de Santa Catalina","isPartOf":{"@id":"https:\/\/freewalkingtoursperu.com\/es\/#website"},"datePublished":"2020-12-05T01:37:39+00:00","dateModified":"2026-06-18T23:47:38+00:00","description":"No te pierdas de nuestro tour privado a pie por Arequipa \u00a1100% a tu medida por todo el centro hist\u00f3rico + convento de Santa Catalina y m\u00e1s!","breadcrumb":{"@id":"https:\/\/freewalkingtoursperu.com\/es\/tours-arequipa\/tours-privados-arequipa-a-pie\/#breadcrumb"},"inLanguage":"es","potentialAction":[{"@type":"ReadAction","target":["https:\/\/freewalkingtoursperu.com\/es\/tours-arequipa\/tours-privados-arequipa-a-pie\/"]}]},{"@type":"BreadcrumbList","@id":"https:\/\/freewalkingtoursperu.com\/es\/tours-arequipa\/tours-privados-arequipa-a-pie\/#breadcrumb","itemListElement":[{"@type":"ListItem","position":1,"name":"Home","item":"https:\/\/freewalkingtoursperu.com\/es\/"},{"@type":"ListItem","position":2,"name":"Tours en Arequipa","item":"https:\/\/freewalkingtoursperu.com\/es\/tours-arequipa\/"},{"@type":"ListItem","position":3,"name":"Tour privado a pie por Arequipa"}]},{"@type":"WebSite","@id":"https:\/\/freewalkingtoursperu.com\/es\/#website","url":"https:\/\/freewalkingtoursperu.com\/es\/","name":"Free Walking Tours Peru","description":"","publisher":{"@id":"https:\/\/freewalkingtoursperu.com\/es\/#organization"},"potentialAction":[{"@type":"SearchAction","target":{"@type":"EntryPoint","urlTemplate":"https:\/\/freewalkingtoursperu.com\/es\/?s={search_term_string}"},"query-input":{"@type":"PropertyValueSpecification","valueRequired":true,"valueName":"search_term_string"}}],"inLanguage":"es"},{"@type":"Organization","@id":"https:\/\/freewalkingtoursperu.com\/es\/#organization","name":"Free Walking Tours Peru","url":"https:\/\/freewalkingtoursperu.com\/es\/","logo":{"@type":"ImageObject","inLanguage":"es","@id":"https:\/\/freewalkingtoursperu.com\/es\/#\/schema\/logo\/image\/","url":"https:\/\/freewalkingtoursperu.com\/wp-content\/uploads\/2026\/02\/logo-freeorg.svg","contentUrl":"https:\/\/freewalkingtoursperu.com\/wp-content\/uploads\/2026\/02\/logo-freeorg.svg","caption":"Free Walking Tours Peru"},"image":{"@id":"https:\/\/freewalkingtoursperu.com\/es\/#\/schema\/logo\/image\/"}}]}},"coauthors":[],"author_meta":{"author_link":"https:\/\/freewalkingtoursperu.com\/es\/blog\/author\/adminfwt\/","display_name":"FWTP"},"relative_dates":{"created":"Publicado 6 a\u00f1os hace","modified":"Actualizado 3 meses hace"},"absolute_dates":{"created":"Publicado el 4 diciembre, 2020","modified":"Actualizado el 18 junio, 2026"},"absolute_dates_time":{"created":"Publicado el 4 diciembre, 2020 8:37 pm","modified":"Actualizado el 18 junio, 2026 6:47 pm"},"featured_img_caption":"","featured_img":false,"series_order":"","_links":{"self":[{"href":"https:\/\/freewalkingtoursperu.com\/es\/wp-json\/wp\/v2\/pages\/7601","targetHints":{"allow":["GET"]}}],"collection":[{"href":"https:\/\/freewalkingtoursperu.com\/es\/wp-json\/wp\/v2\/pages"}],"about":[{"href":"https:\/\/freewalkingtoursperu.com\/es\/wp-json\/wp\/v2\/types\/page"}],"author":[{"embeddable":true,"href":"https:\/\/freewalkingtoursperu.com\/es\/wp-json\/wp\/v2\/users\/1"}],"replies":[{"embeddable":true,"href":"https:\/\/freewalkingtoursperu.com\/es\/wp-json\/wp\/v2\/comments?post=7601"}],"version-history":[{"count":1,"href":"https:\/\/freewalkingtoursperu.com\/es\/wp-json\/wp\/v2\/pages\/7601\/revisions"}],"predecessor-version":[{"id":71730,"href":"https:\/\/freewalkingtoursperu.com\/es\/wp-json\/wp\/v2\/pages\/7601\/revisions\/71730"}],"up":[{"embeddable":true,"href":"https:\/\/freewalkingtoursperu.com\/es\/wp-json\/wp\/v2\/pages\/7356"}],"wp:attachment":[{"href":"https:\/\/freewalkingtoursperu.com\/es\/wp-json\/wp\/v2\/media?parent=7601"}],"curies":[{"name":"wp","href":"https:\/\/api.w.org\/{rel}","templated":true}]}}