{"id":20690,"date":"2022-11-16T23:20:40","date_gmt":"2022-11-17T04:20:40","guid":{"rendered":"https:\/\/freewalkingtoursperu.com\/?page_id=20690"},"modified":"2026-06-18T18:28:19","modified_gmt":"2026-06-18T23:28:19","slug":"tour-fortaleza-do-real-felipe-callao-monumental","status":"publish","type":"page","link":"https:\/\/freewalkingtoursperu.com\/pt-br\/tours-lima\/tour-fortaleza-do-real-felipe-callao-monumental\/","title":{"rendered":"Fortaleza do Real Felipe + centro hist\u00f3rico de Callao"},"content":{"rendered":"\n<!--Markup for citys-->\n\n<div id=\"tour-block_b5dacc23cab1562b327a290bb102edcb\" class=\"toursweb flex flex-col-reverse md:flex-col\">\n\n\n        <div class=\"container mb-2\">          \n                        <div class=\"mt-6\">\n                        <p id=\"breadcrumbs\" class=\"mb-0\"><span><span><a href=\"https:\/\/freewalkingtoursperu.com\/pt-br\/\">Home<\/a><\/span><\/span><\/p>                        <\/div>\n            \n\n                    <h1 class=\"text-xl xl:text-3xl mb-2 font-bold text-gray-800\"> Fortaleza do Real Felipe + centro hist\u00f3rico de Callao<\/h1>\n                                        <div class=\"flex gap-3 mb-4\">\n                            <span>\n                                <i class='fas fa-star text-yellow-400'><\/i> \n                                <i class='fas fa-star text-yellow-400'><\/i> \n                                <i class='fas fa-star text-yellow-400'><\/i> \n                                <i class='fas fa-star text-yellow-400'><\/i> \n                                <i class='fas fa-star text-yellow-400'><\/i>  \n                            <\/span>\n                            <span> \n                                <i class=\"far fa-user text-gray-700\"><\/i> <a href=\"#reviews\"> <span class=\"text-sky-600 font-nunito\">57  viajantes<\/span> <\/a>\n                            <\/span>\n\n                            <span> \n                            <i class=\"far fa-clock text-gray-700\"><\/i>  <span class=\"text-gray-800 font-nunito\">3 h<\/span> \n                            <\/span>\n\n                            <span> \n                                <i class=\"far fa-comment text-gray-700\"><\/i> \n                                    <span class=\"mr-1 text-sm flag-icon flag-icon-gb\"><\/span><span class=\"mr-1 text-sm flag-icon flag-icon-es\"><\/span>                            <\/span>\n                        <\/div>\n                              \n        <\/div>\n\n    \n\n\n        <div class=\"relative mb-2 mt-2\">\n\n                    \n                        <div id=\"lightgallery\" class=\"flex flex-wrap img-large\"> \n                                                            <a class=\"w-2\/12 img-small xl:block hidden\" href=\"https:\/\/freewalkingtoursperu.com\/wp-content\/uploads\/2025\/10\/Fortaleza_del_Real_Felipe__centro_historico_del_Callao.webp\"  data-sub-html=\"\">\n                                <img decoding=\"async\" src=\"https:\/\/freewalkingtoursperu.com\/wp-content\/uploads\/2025\/10\/Fortaleza_del_Real_Felipe__centro_historico_del_Callao.webp\" class=\"cursor-pointer rounded w-full object-cover\"  alt=\"Fortaleza del Real Felipe + centro hist\u00f3rico del Callao\">\n                                <\/a>\n                                                            <a class=\"w-2\/12 img-small xl:block hidden\" href=\"https:\/\/freewalkingtoursperu.com\/wp-content\/uploads\/2022\/09\/tour-fortaleza-del-real-felipe-callao-monumental-9.jpg\"  data-sub-html=\"\">\n                                <img decoding=\"async\" src=\"https:\/\/freewalkingtoursperu.com\/wp-content\/uploads\/2022\/09\/tour-fortaleza-del-real-felipe-callao-monumental-9.jpg\" class=\"cursor-pointer rounded w-full object-cover\"  alt=\"Tour por La Fortaleza del Real Felipe + Callao Monumental\">\n                                <\/a>\n                                                            <a class=\"w-2\/12 img-small xl:block hidden\" href=\"https:\/\/freewalkingtoursperu.com\/wp-content\/uploads\/2022\/09\/tour-fortaleza-del-real-felipe-callao-monumental-1.jpg\"  data-sub-html=\"\">\n                                <img decoding=\"async\" src=\"https:\/\/freewalkingtoursperu.com\/wp-content\/uploads\/2022\/09\/tour-fortaleza-del-real-felipe-callao-monumental-1.jpg\" class=\"cursor-pointer rounded w-full object-cover\"  alt=\"Tour por La Fortaleza del Real Felipe + Callao Monumental\">\n                                <\/a>\n                                                            <a class=\"w-2\/12 img-small xl:block hidden\" href=\"https:\/\/freewalkingtoursperu.com\/wp-content\/uploads\/2022\/09\/tour-fortaleza-del-real-felipe-callao-monumental-10.jpg\"  data-sub-html=\"\">\n                                <img decoding=\"async\" src=\"https:\/\/freewalkingtoursperu.com\/wp-content\/uploads\/2022\/09\/tour-fortaleza-del-real-felipe-callao-monumental-10.jpg\" class=\"cursor-pointer rounded w-full object-cover\"  alt=\"Tour por La Fortaleza del Real Felipe + Callao Monumental\">\n                                <\/a>\n                                                            <a class=\"w-2\/12 img-small xl:block hidden\" href=\"https:\/\/freewalkingtoursperu.com\/wp-content\/uploads\/2022\/09\/tour-fortaleza-del-real-felipe-callao-monumental-6.jpg\"  data-sub-html=\"\">\n                                <img decoding=\"async\" src=\"https:\/\/freewalkingtoursperu.com\/wp-content\/uploads\/2022\/09\/tour-fortaleza-del-real-felipe-callao-monumental-6.jpg\" class=\"cursor-pointer rounded w-full object-cover\"  alt=\"Tour por La Fortaleza del Real Felipe + Callao Monumental\">\n                                <\/a>\n                                                            <a class=\"w-2\/12 img-small xl:block hidden\" href=\"https:\/\/freewalkingtoursperu.com\/wp-content\/uploads\/2022\/09\/tour-fortaleza-del-real-felipe-callao-monumental-7.jpg\"  data-sub-html=\"\">\n                                <img decoding=\"async\" src=\"https:\/\/freewalkingtoursperu.com\/wp-content\/uploads\/2022\/09\/tour-fortaleza-del-real-felipe-callao-monumental-7.jpg\" class=\"cursor-pointer rounded w-full object-cover\"  alt=\"Tour por La Fortaleza del Real Felipe + Callao Monumental\">\n                                <\/a>\n                                                            <a class=\"w-2\/12 img-small xl:block hidden\" href=\"https:\/\/freewalkingtoursperu.com\/wp-content\/uploads\/2022\/09\/tour-fortaleza-del-real-felipe-callao-monumental-2.jpg\"  data-sub-html=\"\">\n                                <img decoding=\"async\" src=\"https:\/\/freewalkingtoursperu.com\/wp-content\/uploads\/2022\/09\/tour-fortaleza-del-real-felipe-callao-monumental-2.jpg\" class=\"cursor-pointer rounded w-full object-cover\"  alt=\"Tour por La Fortaleza del Real Felipe + Callao Monumental\">\n                                <\/a>\n                                                            <a class=\"w-2\/12 img-small xl:block hidden\" href=\"https:\/\/freewalkingtoursperu.com\/wp-content\/uploads\/2022\/09\/tour-fortaleza-del-real-felipe-callao-monumental-3.jpg\"  data-sub-html=\"\">\n                                <img decoding=\"async\" src=\"https:\/\/freewalkingtoursperu.com\/wp-content\/uploads\/2022\/09\/tour-fortaleza-del-real-felipe-callao-monumental-3.jpg\" class=\"cursor-pointer rounded w-full object-cover\"  alt=\"Tour por La Fortaleza del Real Felipe + Callao Monumental\">\n                                <\/a>\n                             \n\n                        <\/div>\n\n                    \n                    \n                        \n        <\/div>\n\n\n<\/div>\n\n\n\n\n<!--Markup for citys-->\n\n<div id=\"tour-block_bedfeb97f1fbd9e6a9129a1aa8c2d3af\" class=\"tour\">\n\n           \n                <div class=\"flex flex-wrap pl-5 xl:pl-0 gap-8 justify-start xl:justify-center items-center pb-5 py-2 border-b-gray-300 border-b mb-5\">\n                            \n                                    \n                                    <div class=\"pr-0 xl:pr-5 item-details\">\n                                        <img decoding=\"async\" src=\"https:\/\/freewalkingtoursperu.com\/wp-content\/uploads\/2024\/02\/local-website.png\" class=\"w-10 float-left mr-2\" alt=\"bg home\">\n                                        <div class=\"inline-block\">\n                                            <span class=\"font-nunito text-gray-900 font-bold text-sm inline-block\"> Site local<\/span>\n                                            <span class=\"font-nunito text-xs block font-bold text-gray-500\"> SEM INTERMEDI\u00c1RIOS<\/span>\n                                        <\/div>\n\n                                        <\/div>\n\n                            \n                                    \n                                    <div class=\"pr-0 xl:pr-5 item-details\">\n                                        <img decoding=\"async\" src=\"https:\/\/freewalkingtoursperu.com\/wp-content\/uploads\/2024\/02\/maximum-walkers-last.png\" class=\"w-10 float-left mr-2\" alt=\"bg home\">\n                                        <div class=\"inline-block\">\n                                            <span class=\"font-nunito text-gray-900 font-bold text-sm inline-block\"> 100% privado<\/span>\n                                            <span class=\"font-nunito text-xs block font-bold text-gray-500\"> TAMANHO<\/span>\n                                        <\/div>\n\n                                        <\/div>\n\n                            \n                                    \n                                    <div class=\"pr-0 xl:pr-5 item-details\">\n                                        <img decoding=\"async\" src=\"https:\/\/freewalkingtoursperu.com\/wp-content\/uploads\/2024\/03\/epic-tours-1-1.png\" class=\"w-10 float-left mr-2\" alt=\"bg home\">\n                                        <div class=\"inline-block\">\n                                            <span class=\"font-nunito text-gray-900 font-bold text-sm inline-block\"> \u00c9picas<\/span>\n                                            <span class=\"font-nunito text-xs block font-bold text-gray-500\"> EXPERI\u00caNCIAS<\/span>\n                                        <\/div>\n\n                                        <\/div>\n\n                            \n                                    \n                                    <div class=\"pr-0 xl:pr-5 item-details\">\n                                        <img decoding=\"async\" src=\"https:\/\/freewalkingtoursperu.com\/wp-content\/uploads\/2024\/03\/safe-tours-.png\" class=\"w-10 float-left mr-2\" alt=\"bg home\">\n                                        <div class=\"inline-block\">\n                                            <span class=\"font-nunito text-gray-900 font-bold text-sm inline-block\"> Seguras<\/span>\n                                            <span class=\"font-nunito text-xs block font-bold text-gray-500\"> EXCURS\u00d5ES<\/span>\n                                        <\/div>\n\n                                        <\/div>\n\n                                                    \n                        \n                        \n               \n            <\/div>\n            \n<\/div>\n\n\n\n\n<div class=\"wp-block-columns is-layout-flex wp-container-core-columns-is-layout-9d6595d7 wp-block-columns-is-layout-flex\">\n<div class=\"wp-block-column is-layout-flow wp-block-column-is-layout-flow\" style=\"flex-basis:75%\">\n<p><strong>Visite<\/strong> o maior recinto militar espanhol chamado de <strong>Fortaleza do Real Felipe<\/strong>, em homenagem ao rei Bourbon Carlos V. Foi constru\u00eddo em uma \u00e1rea de 70.000 m\u00b2 durante o s\u00e9culo XVIII, sob os governos dos vice-reis Jos\u00e9 Antonio Manso de Velasco e Manuel de Amat, para proteger contra os ataques de cors\u00e1rios e piratas. Ao entrar, voc\u00ea poder\u00e1 ver as nove edifica\u00e7\u00f5es e\/ou \u00e1reas.<\/p>\n\n\n<div class=\"text-left -mt-2 mb-4 mr-4\" id=\"leer_mas_6a9be92c3691f\"><div class=\"leer-mas-contenido pt-2\" style=\"display: none;\"><\/p>\n\n\n\n<p>Neste tour, voc\u00ea tamb\u00e9m ir\u00e1 explorar o Callao Monumental, que inclui a visita \u00e0 pra\u00e7a Grau, pra\u00e7a Jos\u00e9 G\u00e1lvez, a rua tradicional Jir\u00f3n Constituci\u00f3n 250, al\u00e9m de algumas galerias de arte e, finalmente, muita arte em grafite.<\/p>\n\n\n<p><\/div><a href=\"#\" class=\"leer-mas-boton underline\">Ler mais<\/a><\/div><script>\n        jQuery(document).ready(function($){\n            $(\"#leer_mas_6a9be92c3691f .leer-mas-boton\").click(function(e){\n                e.preventDefault();\n                $(\"#leer_mas_6a9be92c3691f .leer-mas-contenido\").fadeToggle(\"slow\");\n                if ($(this).text() === \"Ler mais\") {\n                    $(this).text(\"Esconder\");\n                } else {\n                    $(this).text(\"Ler mais\");\n                }\n            });\n        });\n    <\/script>\n\n\n<div class=\"responsive-tabs\">\n<h2 class=\"tabtitle\"><span class=\"fa fa-th-list\"><\/span>ROTA<\/h2>\n<div class=\"tabcontent\">\n\n\n\n\n<div class=\"wp-block-advgb-accordions advgb-accordions-7001acb4-8fe2-47ad-ae74-707370317b22 advgb-accordion-wrapper\" data-collapsed=\"true\">\n<div class=\"wp-block-advgb-accordion-item advgb-accordion-item\" style=\"margin-bottom:15px\"><div class=\"advgb-accordion-header\" style=\"background-color:#daec9c;color:#000000;border-style:solid;border-width:1px;border-radius:2px\"><span class=\"advgb-accordion-header-icon accordion-state\"><svg class=\"advgb-icon-closed\" fill=\"#ffffff\" xmlns=\"http:\/\/www.w3.org\/2000\/svg\" width=\"24\" height=\"24\" viewBox=\"0 0 24 24\"><path fill=\"none\" d=\"M0,0h24v24H0V0z\"><\/path><path d=\"M19,13h-6v6h-2v-6H5v-2h6V5h2v6h6V13z\"><\/path><\/svg><svg class=\"advgb-icon-opened\" fill=\"#ffffff\" xmlns=\"http:\/\/www.w3.org\/2000\/svg\" width=\"24\" height=\"24\" viewBox=\"0 0 24 24\"><path fill=\"none\" d=\"M0,0h24v24H0V0z\"><\/path><path d=\"M19,13H5v-2h14V13z\"><\/path><\/svg><\/span><h4 class=\"advgb-accordion-header-title\" style=\"color:inherit\">Ponto de encontro<\/h4><\/div><div class=\"advgb-accordion-body\" style=\"border-style:solid !important;border-width:1px !important;border-color:undefined !important;border-top:none !important;border-radius:2px !important\">\n<p>Encontramo-nos no seu hotel ap\u00f3s programa\u00e7\u00e3o com a \u00e1rea de reservas.<\/p>\n<\/div><\/div>\n\n\n\n<div class=\"wp-block-advgb-accordion-item advgb-accordion-item\" style=\"margin-bottom:15px\"><div class=\"advgb-accordion-header\" style=\"background-color:#daec9c;color:#000000;border-style:solid;border-width:1px;border-radius:2px\"><span class=\"advgb-accordion-header-icon accordion-state\"><svg class=\"advgb-icon-closed\" fill=\"#ffffff\" xmlns=\"http:\/\/www.w3.org\/2000\/svg\" width=\"24\" height=\"24\" viewBox=\"0 0 24 24\"><path fill=\"none\" d=\"M0,0h24v24H0V0z\"><\/path><path d=\"M19,13h-6v6h-2v-6H5v-2h6V5h2v6h6V13z\"><\/path><\/svg><svg class=\"advgb-icon-opened\" fill=\"#ffffff\" xmlns=\"http:\/\/www.w3.org\/2000\/svg\" width=\"24\" height=\"24\" viewBox=\"0 0 24 24\"><path fill=\"none\" d=\"M0,0h24v24H0V0z\"><\/path><path d=\"M19,13H5v-2h14V13z\"><\/path><\/svg><\/span><h4 class=\"advgb-accordion-header-title\" style=\"color:inherit\">O transporte do seu hotel para a Fortaleza Real Felipe \u2014 se aplic\u00e1vel ou solicitado<\/h4><\/div><div class=\"advgb-accordion-body\" style=\"border-style:solid !important;border-width:1px !important;border-color:undefined !important;border-top:none !important;border-radius:2px !important\">\n<p>O transporte durar\u00e1 cerca de 35 a 45 minutos, dependendo do distrito em que voc\u00ea estiver.<\/p>\n<\/div><\/div>\n\n\n\n<div class=\"wp-block-advgb-accordion-item advgb-accordion-item\" style=\"margin-bottom:15px\"><div class=\"advgb-accordion-header\" style=\"background-color:#daec9c;color:#000000;border-style:solid;border-width:1px;border-radius:2px\"><span class=\"advgb-accordion-header-icon accordion-state\"><svg class=\"advgb-icon-closed\" fill=\"#ffffff\" xmlns=\"http:\/\/www.w3.org\/2000\/svg\" width=\"24\" height=\"24\" viewBox=\"0 0 24 24\"><path fill=\"none\" d=\"M0,0h24v24H0V0z\"><\/path><path d=\"M19,13h-6v6h-2v-6H5v-2h6V5h2v6h6V13z\"><\/path><\/svg><svg class=\"advgb-icon-opened\" fill=\"#ffffff\" xmlns=\"http:\/\/www.w3.org\/2000\/svg\" width=\"24\" height=\"24\" viewBox=\"0 0 24 24\"><path fill=\"none\" d=\"M0,0h24v24H0V0z\"><\/path><path d=\"M19,13H5v-2h14V13z\"><\/path><\/svg><\/span><h4 class=\"advgb-accordion-header-title\" style=\"color:inherit\">Visita \u00e0 Fortaleza Real Felipe<\/h4><\/div><div class=\"advgb-accordion-body\" style=\"border-style:solid !important;border-width:1px !important;border-color:undefined !important;border-top:none !important;border-radius:2px !important\">\n<p>Descubra este lugar imperd\u00edvel em Lima, ao entrar voc\u00ea ver\u00e1 as seguintes \u00e1reas e\/ou constru\u00e7\u00f5es:<\/p>\n\n\n\n<ul class=\"wp-block-list\">\n<li>A Torre do Rei<\/li>\n\n\n\n<li>A Torre da Rainha<\/li>\n\n\n\n<li>A Casa do Governador<\/li>\n\n\n\n<li>O Parque de Artilharia<\/li>\n\n\n\n<li>O Parque de Ve\u00edculos<\/li>\n\n\n\n<li>Blindados<\/li>\n\n\n\n<li>Cavaleiro das Doze Canh\u00f5es<\/li>\n\n\n\n<li>A Legi\u00e3o da Guarda Peruana<\/li>\n\n\n\n<li>A Oploteca<\/li>\n\n\n\n<li>Uma r\u00e9plica da Casa da Resposta<\/li>\n<\/ul>\n<\/div><\/div>\n\n\n\n<div class=\"wp-block-advgb-accordion-item advgb-accordion-item\" style=\"margin-bottom:15px\"><div class=\"advgb-accordion-header\" style=\"background-color:#daec9c;color:#000000;border-style:solid;border-width:1px;border-radius:2px\"><span class=\"advgb-accordion-header-icon accordion-state\"><svg class=\"advgb-icon-closed\" fill=\"#ffffff\" xmlns=\"http:\/\/www.w3.org\/2000\/svg\" width=\"24\" height=\"24\" viewBox=\"0 0 24 24\"><path fill=\"none\" d=\"M0,0h24v24H0V0z\"><\/path><path d=\"M19,13h-6v6h-2v-6H5v-2h6V5h2v6h6V13z\"><\/path><\/svg><svg class=\"advgb-icon-opened\" fill=\"#ffffff\" xmlns=\"http:\/\/www.w3.org\/2000\/svg\" width=\"24\" height=\"24\" viewBox=\"0 0 24 24\"><path fill=\"none\" d=\"M0,0h24v24H0V0z\"><\/path><path d=\"M19,13H5v-2h14V13z\"><\/path><\/svg><\/span><h4 class=\"advgb-accordion-header-title\" style=\"color:inherit\">Visita do centro hist\u00f3rico Monumental Callao<\/h4><\/div><div class=\"advgb-accordion-body\" style=\"border-style:solid !important;border-width:1px !important;border-color:undefined !important;border-top:none !important;border-radius:2px !important\">\n<p>O monumental Callao inclui edif\u00edcios do vice-reinado e da era republicana assim como ruas e pra\u00e7as super pitorescas, neste passeio faremos uma pequena caminhada pelos lugares mais relevantes e veremos os seguintes lugares:<\/p>\n\n\n\n<ul class=\"wp-block-list\">\n<li>Pra\u00e7a Miguel Grau<\/li>\n\n\n\n<li>Pra\u00e7a Jos\u00e9 Galvez<\/li>\n\n\n\n<li>Casa Ronald ou, alternativamente, outras galerias de arte ser\u00e3o visitadas<\/li>\n\n\n\n<li>Jir\u00f3n Constituci\u00f3n: A rua vice-rei mais famosa de Callao<\/li>\n<\/ul>\n<\/div><\/div>\n\n\n\n<div class=\"wp-block-advgb-accordion-item advgb-accordion-item\" style=\"margin-bottom:15px\"><div class=\"advgb-accordion-header\" style=\"background-color:#daec9c;color:#000000;border-style:solid;border-width:1px;border-radius:2px\"><span class=\"advgb-accordion-header-icon accordion-state\"><svg class=\"advgb-icon-closed\" fill=\"#ffffff\" xmlns=\"http:\/\/www.w3.org\/2000\/svg\" width=\"24\" height=\"24\" viewBox=\"0 0 24 24\"><path fill=\"none\" d=\"M0,0h24v24H0V0z\"><\/path><path d=\"M19,13h-6v6h-2v-6H5v-2h6V5h2v6h6V13z\"><\/path><\/svg><svg class=\"advgb-icon-opened\" fill=\"#ffffff\" xmlns=\"http:\/\/www.w3.org\/2000\/svg\" width=\"24\" height=\"24\" viewBox=\"0 0 24 24\"><path fill=\"none\" d=\"M0,0h24v24H0V0z\"><\/path><path d=\"M19,13H5v-2h14V13z\"><\/path><\/svg><\/span><h4 class=\"advgb-accordion-header-title\" style=\"color:inherit\">Local de conclus\u00e3o do tour<\/h4><\/div><div class=\"advgb-accordion-body\" style=\"border-style:solid !important;border-width:1px !important;border-color:undefined !important;border-top:none !important;border-radius:2px !important\">\n<p>Este passeio termina perto da fortaleza Real San Felipe. Tamb\u00e9m podemos terminar no seu hotel mediante solicita\u00e7\u00e3o exclusiva.<\/p>\n<\/div><\/div>\n<\/div>\n\n\n\n<\/div><h2 class=\"tabtitle\"><span class=\"fa fa-credit-card\"><\/span>PRE\u00c7O<\/h2>\n<div class=\"tabcontent\">\n\n\n\n\n<p>Os pre\u00e7os apresentados na tabela s\u00e3o:<\/p>\n\n\n\n<ul class=\"wp-block-list\">\n<li>Por pessoa em d\u00f3lares americanos ($).<\/li>\n\n\n\n<li>Pess. = pessoas.<\/li>\n<\/ul>\n\n\n\n<figure class=\"wp-block-table\"><table><thead><tr><th class=\"has-text-align-center\" data-align=\"center\" rowspan=\"2\">Pess.<\/th><th class=\"has-text-align-center\" data-align=\"center\" colspan=\"4\">Visita guiada privada com<\/th><\/tr><tr><th class=\"has-text-align-center\" data-align=\"center\">Ponto de encontro<\/th><th class=\"has-text-align-center\" data-align=\"center\">Pick-up<\/th><th class=\"has-text-align-center\" data-align=\"center\" colspan=\"2\">Pick-up e Drop-off<\/th><\/tr><\/thead><tbody><tr><td class=\"has-text-align-center\" data-align=\"center\">1<\/td><td class=\"has-text-align-center\" data-align=\"center\">$70<\/td><td class=\"has-text-align-center\" data-align=\"center\">$120<\/td><td class=\"has-text-align-center\" data-align=\"center\" colspan=\"2\">$160<\/td><\/tr><tr><td class=\"has-text-align-center\" data-align=\"center\">2<\/td><td class=\"has-text-align-center\" data-align=\"center\">$35<\/td><td class=\"has-text-align-center\" data-align=\"center\">$60<\/td><td class=\"has-text-align-center\" data-align=\"center\" colspan=\"2\">$80<\/td><\/tr><tr><td class=\"has-text-align-center\" data-align=\"center\">3<\/td><td class=\"has-text-align-center\" data-align=\"center\">$25<\/td><td class=\"has-text-align-center\" data-align=\"center\">$45<\/td><td class=\"has-text-align-center\" data-align=\"center\" colspan=\"2\">$60<\/td><\/tr><tr><td class=\"has-text-align-center\" data-align=\"center\">4<\/td><td class=\"has-text-align-center\" data-align=\"center\">$20<\/td><td class=\"has-text-align-center\" data-align=\"center\">$35<\/td><td class=\"has-text-align-center\" data-align=\"center\" colspan=\"2\">$45<\/td><\/tr><tr><td class=\"has-text-align-center\" data-align=\"center\">5<\/td><td class=\"has-text-align-center\" data-align=\"center\">$18<\/td><td class=\"has-text-align-center\" data-align=\"center\">$30<\/td><td class=\"has-text-align-center\" data-align=\"center\" colspan=\"2\">$35<\/td><\/tr><\/tbody><\/table><figcaption class=\"wp-element-caption\">Se o seu grupo for maior que 5 pessoas, avise-nos!<\/figcaption><\/figure>\n\n\n\n<\/div><h2 class=\"tabtitle\"><span class=\"fa fa-pencil-square-o\"><\/span>DETALHES<\/h2>\n<div class=\"tabcontent\">\n\n\n\n\n<p><i class=\"fas fa-th\"><\/i> <strong>Tipo de tour: <\/strong>100% privado.<\/p>\n\n\n\n<p><i class=\"far fa-clock\"><\/i> <strong>Hor\u00e1rios:<\/strong> <\/p>\n\n\n\n<figure class=\"wp-block-table\"><table><thead><tr><th>Com<\/th><th>Hor\u00e1rios<\/th><th class=\"has-text-align-center\" data-align=\"center\">Dias<\/th><\/tr><\/thead><tbody><tr><td>Ponto de encontro<\/td><td>\u2013 09h00 \u00e0s 11h00<br>\u2013 14h00 \u00e0s 16h00<\/td><td class=\"has-text-align-center\" data-align=\"center\" rowspan=\"3\">De ter\u00e7a a domingo<\/td><\/tr><tr><td>Pick-up<\/td><td>\u2013 09h00 \u00e0s 12h00<br>\u2013 14h00 \u00e0s 17h00<\/td><\/tr><tr><td>Pick-up e drop-off<\/td><td>\u2013 09h00 \u00e0s 13h00<br>\u2013 14h00 \u00e0s 18h00<\/td><\/tr><tr><td colspan=\"3\">O museu Real Felipe fecha \u00e0s segundas-feiras. Outros hor\u00e1rios dispon\u00edveis mediante solicita\u00e7\u00e3o.<\/td><\/tr><\/tbody><\/table><\/figure>\n\n\n\n<p><i class=\"far fa-comment\"><\/i> <strong>Idiomas:<\/strong><\/p>\n\n\n\n<ul class=\"wp-block-list\">\n<li>Espanhol, ingl\u00eas.<\/li>\n\n\n\n<li>Outros idiomas.\n<ul class=\"wp-block-list\">\n<li>Dispon\u00edvel mediante solicita\u00e7\u00e3o.<\/li>\n\n\n\n<li>Os pre\u00e7os mudar\u00e3o.<\/li>\n<\/ul>\n<\/li>\n<\/ul>\n\n\n\n<p><i class=\"fab fa-accessible-icon\"><\/i> <strong>Acessibilidade:<\/strong> N\u00e3o \u00e9 apto para pessoas com mobilidade reduzida.<\/p>\n\n\n\n<p><i class=\"far fa-check-circle\"><\/i> <strong>Inclu\u00eddo:<\/strong> <\/p>\n\n\n\n<ul class=\"wp-block-list\">\n<li>Guia profissional.<\/li>\n\n\n\n<li>A pedido:\n<ul class=\"wp-block-list\">\n<li>Pick-up em seu hotel.<\/li>\n\n\n\n<li>Drop-off em seu hotel.<\/li>\n<\/ul>\n<\/li>\n<\/ul>\n\n\n\n<p><i class=\"far fa-times-circle\"><\/i> <strong>N\u00e3o incluso:<\/strong><\/p>\n\n\n\n<ul class=\"wp-block-list\">\n<li>Ingressos para o museu Real Felipe: 15 soles pp.<\/li>\n\n\n\n<li>Gorjetas (opcional).<\/li>\n<\/ul>\n\n\n\n<p><i class=\"far fa-hand-paper\"><\/i> <strong>O que eu trago?<\/strong><\/p>\n\n\n\n<ul class=\"wp-block-list\">\n<li>Abril-nov:\n<ul class=\"wp-block-list\">\n<li>Camisas<\/li>\n<\/ul>\n<\/li>\n\n\n\n<li>Dez-mar\u00e7o:\n<ul class=\"wp-block-list\">\n<li>Protetor solar<\/li>\n\n\n\n<li>Oculos de sol<\/li>\n\n\n\n<li>Chap\u00e9us<\/li>\n\n\n\n<li>Uma garrafa de \u00e1gua<\/li>\n<\/ul>\n<\/li>\n\n\n\n<li>Moeda local para seus ingressos.<\/li>\n<\/ul>\n\n\n\n<p> <i class=\"fab fa-whatsapp\"><\/i> <strong>WhatsApp<\/strong>: <\/p>\n\n\n\n<ul class=\"wp-block-list\">\n<li><a href=\"https:\/\/api.whatsapp.com\/send?phone=51958745640&amp;text=Hello%20FWTP,%20can%20you%20help%20me,%20please?\" target=\"_blank\" rel=\"noreferrer noopener nofollow\">+51 958745640&nbsp;<\/a><\/li>\n\n\n\n<li><a href=\"https:\/\/api.whatsapp.com\/send?phone=51984479073&amp;text=Hello%20FWTP,%20can%20you%20help%20me,%20please?\" target=\"_blank\" rel=\"noreferrer noopener nofollow\">+51 984479073<\/a><\/li>\n<\/ul>\n\n\n\n<\/div><h2 class=\"tabtitle\"><span class=\"fa fa-calendar\"><\/span>NOTAS<\/h2>\n<div class=\"tabcontent\">\n\n\n\n\n<div class=\"wp-block-bloque-acordeon-acordeon-container acordeon-container\">\n<div class=\"wp-block-bloque-acordeon-acordeon-item acordeon-item\"><h4 class=\"acordeon-titulo\">Pick-ups e hor\u00e1rios<\/h4><div class=\"acordeon-contenido\">\n<ul class=\"wp-block-list\">\n<li>Os pick-ups (recolhas) s\u00e3o pontuais.<\/li>\n\n\n\n<li>Os pick-ups s\u00e3o aplic\u00e1veis apenas para hot\u00e9is localizados em Miraflores, Barranco, San Isidro, La Victoria e Lima; para outros distritos, um custo adicional ser\u00e1 aplicado.<\/li>\n\n\n\n<li>Vamos organizar todas so pick-ups um dia antes do seu passeio.<\/li>\n\n\n\n<li>O hor\u00e1rio de t\u00e9rmino do passeio ainda \u00e9 aproximado, mas faremos o nosso melhor para terminar o passeio conforme agendado.<\/li>\n<\/ul>\n<\/div><\/div>\n\n\n\n<div class=\"wp-block-bloque-acordeon-acordeon-item acordeon-item\"><h4 class=\"acordeon-titulo\">Tipo de ve\u00edculo<\/h4><div class=\"acordeon-contenido\">\n<ul class=\"wp-block-list\">\n<li>Autorizado pelo Minist\u00e9rio dos Transportes do Peru.<\/li>\n\n\n\n<li>Ve\u00edculos limpos e modernos.<\/li>\n\n\n\n<li>Autom\u00f3veis tipo sedan, 4\u00d74, H1, Van, Renault e Mercedez Benz (depender\u00e1 do tamanho do grupo.<\/li>\n<\/ul>\n<\/div><\/div>\n\n\n\n<div class=\"wp-block-bloque-acordeon-acordeon-item acordeon-item\"><h4 class=\"acordeon-titulo\">Descontos em ingressos<\/h4><div class=\"acordeon-contenido\">\n<p>Crian\u00e7as, menores de idade e estudantes podem ter descontos, mas \u00e9 necess\u00e1rio apresentar um documento de identidade oficial.<\/p>\n\n\n\n<ul class=\"wp-block-list\">\n<li>Crian\u00e7as e menores: Devem trazer seus passaportes oficiais para comprovar a idade.<\/li>\n\n\n\n<li>Estudantes: Devem trazer seu passaporte oficial e um documento de identidade emitido pelo governo.<\/li>\n<\/ul>\n<\/div><\/div>\n\n\n\n<div class=\"wp-block-bloque-acordeon-acordeon-item acordeon-item\"><h4 class=\"acordeon-titulo\">Operabilidade e itiner\u00e1rio<\/h4><div class=\"acordeon-contenido\">\n<p>Este passeio est\u00e1 sujeito a varia\u00e7\u00f5es sem aviso pr\u00e9vio, devido a condi\u00e7\u00f5es clim\u00e1ticas, greves e qualquer outro evento que n\u00e3o permita a opera\u00e7\u00e3o normal do passeio. Consulte tamb\u00e9m nossos&nbsp;<a href=\"https:\/\/freewalkingtoursperu.com\/pt-br\/termos-condicoes\/\" target=\"_blank\" rel=\"noreferrer noopener\">termos<\/a>.<a href=\"https:\/\/www.forbes.com\/sites\/laurabegleybloom\/2018\/12\/18\/the-cheapest-places-to-travel-in-2019\/?sh=21becc0e787a\"><\/a><\/p>\n<\/div><\/div>\n<\/div>\n\n\n\n<\/div><h2 class=\"tabtitle\"><span class=\"fa fa-calendar\"><\/span>CANCELAMENTOS<\/h2>\n<div class=\"tabcontent\">\n\n\n\n\n<p>O cancelamento do passeio \u00e9 gratuito desde que seja feito com pelo menos 48 horas de anteced\u00eancia; caso contr\u00e1rio, cobraremos 100% do pre\u00e7o do passeio. Consulte tamb\u00e9m nossos <a href=\"https:\/\/freewalkingtoursperu.com\/pt-br\/termos-condicoes\/\" target=\"_blank\" rel=\"noreferrer noopener\">termos<\/a>.<\/p>\n\n\n\n<\/div><h2 class=\"urltab\"><a href=\"#reviews\"><span class=\"fa fa-comments-o\"><\/span>AVALIA\u00c7\u00d5ES<\/a><\/h2>\n<div class=\"tabcontent\">\n\n\n\n\n<p>Por favor, role para baixo para ver as avalia\u00e7\u00f5es.<\/p>\n\n\n<\/div><\/div>\n<\/div>\n\n\n\n<div class=\"wp-block-column is-layout-flow wp-block-column-is-layout-flow\" style=\"flex-basis:25%\">\n<div class=\"wp-block-group\"><div class=\"wp-block-group__inner-container is-layout-constrained wp-block-group-is-layout-constrained\"><div class='mb-10'>\n\t    \n\t\t<div class='flex gap-1'>\n\t\t\t\t<div class='flex-auto'>\n\t\t\t\t\t<a href='https:\/\/www.forbes.com\/sites\/laurabegleybloom\/2018\/12\/18\/the-cheapest-places-to-travel-in-2019\/?sh=21becc0e787a'><img src=https:\/\/freewalkingtoursperu.com\/wp-content\/themes\/fwtp\/img\/logo-forbes.png alt='logo forbes' class='w-full h-auto xl:h-12'><\/a>\n\t\t\t\t<\/div>\n\t\t\t\t<div class='flex-auto'>\n\t\t\t\t\t<a href='https:\/\/goo.gl\/maps\/FhNr5D6qmpcDwfTPA'><img src=https:\/\/freewalkingtoursperu.com\/wp-content\/themes\/fwtp\/img\/logo-tripadvisor.png alt='logo tripadvisor' class='w-full h-auto xl:h-12'><\/a>\n\t\t\t\t<\/div>\n\t\t<\/div>\n\t\t<div class='text-center'>\n\t\t\t<a href='#'><img src=https:\/\/freewalkingtoursperu.com\/wp-content\/themes\/fwtp\/img\/logo-free-walking-tours-peru-ministerio-turismo.png width='100%' alt='logo ministerio del comercio exterior' class='mt-1'><\/a>\n\t\t<\/div>\n\n\t <\/div>\n\n\n\n<!--Markup for citys-->\n\n<div id=\"tour-block_57056a685337ce744cccb13a85b25656\" class=\"tour\">\n\n            <div class=''>\n\t            <div class='flex rounded-t shadow'>\n\t\t\t        <div class='px-3 py-2 rounded-tl bg-black text-white text-lg mb-0  font-semibold font-nunito'>Sem sobretaxas<\/div>\n\t\t\t        <div class='px-1 py-2 rounded-tr flex-auto font-nunito font-semibold bg-fwtp text-lg text-black  mb-0 text-center'>Desde $35<\/div>\n\t\t\t    <\/div>\n\t        <\/div>\n<\/div>\n\n\n\n\n<div class=\"wpcf7 no-js\" id=\"wpcf7-f19678-o1\" lang=\"en-US\" dir=\"ltr\" data-wpcf7-id=\"19678\">\n<div class=\"screen-reader-response\"><p role=\"status\" aria-live=\"polite\" aria-atomic=\"true\"><\/p> <ul><\/ul><\/div>\n<form action=\"\/pt-br\/wp-json\/wp\/v2\/pages\/20690#wpcf7-f19678-o1\" method=\"post\" class=\"wpcf7-form init\" aria-label=\"Contact form\" novalidate=\"novalidate\" data-status=\"init\">\n<fieldset class=\"hidden-fields-container\"><input type=\"hidden\" name=\"_wpcf7\" value=\"19678\" \/><input type=\"hidden\" name=\"_wpcf7_version\" value=\"6.1.7\" \/><input type=\"hidden\" name=\"_wpcf7_locale\" value=\"en_US\" \/><input type=\"hidden\" name=\"_wpcf7_unit_tag\" value=\"wpcf7-f19678-o1\" \/><input type=\"hidden\" name=\"_wpcf7_container_post\" value=\"0\" \/><input type=\"hidden\" name=\"_wpcf7_posted_data_hash\" value=\"\" \/><input type=\"hidden\" name=\"_wpcf7dtx_version\" value=\"5.0.7\" \/>\n<\/fieldset>\n<input class=\"wpcf7-form-control wpcf7-hidden\" value=\"20\" type=\"hidden\" name=\"Id_Walks\" \/>\n<input class=\"wpcf7-form-control wpcf7-hidden\" value=\"8dcf164a18cb03592f4d127b10439ef11b5dc50b\" type=\"hidden\" name=\"Ncode\" \/>\n<div id=\"form\" class=\"box-form border rounded-bottom shadow bg-white p-3\">\n      <span class=\"wpcf7-form-control-wrap page-title\" data-name=\"page-title\"><input type=\"hidden\" name=\"page-title\" class=\"wpcf7-form-control wpcf7-hidden wpcf7dtx wpcf7dtx-hidden\" aria-invalid=\"false\" value=\"Fortaleza do Real Felipe + centro hist\u00f3rico de Callao\"><\/span>\n <div class=\"form-group\">\n           <span class=\"wpcf7-form-control-wrap page-title\" data-name=\"page-title\"><input type=\"text\" name=\"page-title\" class=\"wpcf7-form-control wpcf7-text wpcf7dtx wpcf7dtx-text form-control form-control-sm\" aria-invalid=\"false\" value=\"Fortaleza do Real Felipe + centro hist\u00f3rico de Callao\"><\/span>\n      <\/div>\n      <div class=\"form-group\">\n        <p>Data:  <span class=\"wpcf7-form-control-wrap\" data-name=\"date-free\"><input size=\"40\" maxlength=\"400\" class=\"wpcf7-form-control wpcf7-text form-control form-control-sm fwt\" aria-invalid=\"false\" placeholder=\"dd\/mm\/yyyy\" value=\"\" type=\"text\" name=\"date-free\" \/><\/span><\/p>\n       <\/div>\n  <div class=\"form-group\">\n         <span class=\"wpcf7-form-control-wrap\" data-name=\"size\"><select class=\"wpcf7-form-control wpcf7-select wpcf7-validates-as-required form-control form-control-sm\" aria-required=\"true\" aria-invalid=\"false\" name=\"size\"><option value=\"\">Quantos est\u00e3o no seu grupo?<\/option><option value=\"1\">1<\/option><option value=\"2\">2<\/option><option value=\"3\">3<\/option><option value=\"4\">4<\/option><option value=\"5\">5<\/option><option value=\"6\">6<\/option><option value=\"7\">7<\/option><option value=\"8\">8<\/option><option value=\"9\">9<\/option><option value=\"10\">10<\/option><\/select><\/span>\n      <\/div>\n       <div class=\"form-group\">\n        <span class=\"wpcf7-form-control-wrap\" data-name=\"name-free\"><input size=\"40\" maxlength=\"400\" class=\"wpcf7-form-control wpcf7-text wpcf7-validates-as-required form-control form-control-sm\" aria-required=\"true\" aria-invalid=\"false\" placeholder=\"Nome e sobrenome\" value=\"\" type=\"text\" name=\"name-free\" \/><\/span>\n      <\/div>\n      <div class=\"form-group\">\n          <span class=\"wpcf7-form-control-wrap\" data-name=\"email-free\"><input size=\"40\" maxlength=\"400\" class=\"wpcf7-form-control wpcf7-email wpcf7-validates-as-required wpcf7-text wpcf7-validates-as-email form-control form-control-sm\" aria-required=\"true\" aria-invalid=\"false\" placeholder=\"E-mail\" value=\"\" type=\"email\" name=\"email-free\" \/><\/span>\n      <\/div>\n<div class=\"form-group\">\n          <span class=\"wpcf7-form-control-wrap\" data-name=\"Whatsapp\"><input size=\"40\" class=\"wpcf7-form-control wpcf7-phonetext wpcf7-validates-as-required wpcf7-text wpcf7-validates-as-phonetext form-control form-control-sm\" aria-required=\"true\" aria-invalid=\"false\" placeholder=\"Whatsapp\" value=\"\" type=\"text\" name=\"Whatsapp\" \/><input type=\"hidden\" name=\"Whatsapp-country-code\" class=\"wpcf7-phonetext-country-code\" \/><\/span>\n      <\/div>\n       <div class=\"form-group\">\n         <span class=\"wpcf7-form-control-wrap\" data-name=\"your-message\"><textarea cols=\"7\" rows=\"5\" maxlength=\"2000\" class=\"wpcf7-form-control wpcf7-textarea form-control form-control-sm\" aria-invalid=\"false\" placeholder=\"Escreva aqui qualquer informa\u00e7\u00e3o adicional: Hotel, prefer\u00eancia por um tour privado, tours adicionais, crian\u00e7as, idosos, etc.\" name=\"your-message\"><\/textarea><\/span>\n      <\/div>\n        <div class=\"form-group text-center\">\n          <p class=\"text-center\"><input class=\"wpcf7-form-control wpcf7-submit has-spinner btn btn-lg px-5 btn-free\" type=\"submit\" value=\"Cote agora!\" \/><\/p>\n          \n        <\/div>\n\n<\/div><div class=\"wpcf7-response-output\" aria-hidden=\"true\"><\/div>\n<\/form>\n<\/div>\n\n<\/div><\/div>\n<\/div>\n<\/div>\n\n\n<div class='bg-white border p-3 shadow my-3' id='reviews' ><\/p>\n\n\n\n<h2 class=\"wp-block-heading\" id=\"reviews-009bf618-1525-4de9-95e4-c35333e5f797\">Redes Sociais<\/h2>\n\n\n\n<p>\u2b50<a href=\"https:\/\/goo.gl\/maps\/FhNr5D6qmpcDwfTPA\" target=\"_blank\" rel=\"noreferrer noopener\">Google Maps:<\/a> 1200 coment\u00e1rios <strong>|<\/strong> \u2b50<a href=\"https:\/\/www.tripadvisor.com.pe\/Attraction_Review-g294316-d19513018-Reviews-Free_Walking_Tours_Peru-Lima_Lima_Region.html\" target=\"_blank\" rel=\"noreferrer noopener\">TripAdvisor:<\/a> 500 testimonios <strong>|<\/strong> \u2b50<a href=\"https:\/\/www.facebook.com\/limafreewalkingtour\/\" target=\"_blank\" rel=\"noreferrer noopener\">Facebook<\/a>: 50 coment\u00e1rios <strong>|<\/strong> \u2b50<a href=\"https:\/\/www.instagram.com\/limafreewalkingtours\/\" target=\"_blank\" rel=\"noreferrer noopener\">Instagram:<\/a> 6000 seguidores <strong>|<\/strong> \u2b50<a href=\"https:\/\/youtu.be\/HdYcNrUxnXA\" target=\"_blank\" rel=\"noreferrer noopener\">YouTube:<\/a> assista nossos v\u00eddeos <strong>|<\/strong> \u2b50<a href=\"https:\/\/freewalkingtoursperu.com\/pt-br\/sobre-nos\/\" target=\"_blank\" rel=\"noreferrer noopener\">Viajantes:<\/a> + de 57 turistas<\/p>\n\n\n<p> <\/div>\n","protected":false},"excerpt":{"rendered":"<p>Visite o maior recinto militar espanhol chamado de Fortaleza do Real Felipe, em homenagem ao rei Bourbon Carlos V. Foi constru\u00eddo em uma \u00e1rea de 70.000 m\u00b2 durante o s\u00e9culo XVIII, sob os governos dos vice-reis Jos\u00e9 Antonio Manso de Velasco e Manuel de Amat, para proteger contra os ataques de cors\u00e1rios e piratas. Ao [&hellip;]<\/p>\n","protected":false},"author":1,"featured_media":0,"parent":14982,"menu_order":0,"comment_status":"closed","ping_status":"closed","template":"page-tour-pay.php","meta":{"_acf_changed":false,"advgb_blocks_editor_width":"full","advgb_blocks_columns_visual_guide":"","footnotes":""},"class_list":["post-20690","page","type-page","status-publish","hentry"],"acf":[],"yoast_head":"<!-- This site is optimized with the Yoast SEO plugin v28.4 - https:\/\/yoast.com\/product\/yoast-seo-wordpress\/ -->\n<title>Tour pela Fortaleza do Real Felipe + Callao Monumental<\/title>\n<meta name=\"description\" content=\"Reserve hoje o melhor passeio \u00e0 Fortaleza do Real Felipe e Callao Monumental, consulte hor\u00e1rios, bilhetes, entrada, rota, museu do ex\u00e9rcito\" \/>\n<meta name=\"robots\" content=\"index, follow, max-snippet:-1, max-image-preview:large, max-video-preview:-1\" \/>\n<link rel=\"canonical\" href=\"https:\/\/freewalkingtoursperu.com\/pt-br\/tours-lima\/tour-fortaleza-do-real-felipe-callao-monumental\/\" \/>\n<meta property=\"og:locale\" content=\"pt_BR\" \/>\n<meta property=\"og:type\" content=\"article\" \/>\n<meta property=\"og:title\" content=\"Tour pela Fortaleza do Real Felipe + Callao Monumental\" \/>\n<meta property=\"og:description\" content=\"Reserve hoje o melhor passeio \u00e0 Fortaleza do Real Felipe e Callao Monumental, consulte hor\u00e1rios, bilhetes, entrada, rota, museu do ex\u00e9rcito\" \/>\n<meta property=\"og:url\" content=\"https:\/\/freewalkingtoursperu.com\/pt-br\/tours-lima\/tour-fortaleza-do-real-felipe-callao-monumental\/\" \/>\n<meta property=\"og:site_name\" content=\"Free Walking Tours Peru\" \/>\n<meta property=\"article:modified_time\" content=\"2026-06-18T23:28:19+00:00\" \/>\n<meta name=\"twitter:card\" content=\"summary_large_image\" \/>\n<meta name=\"twitter:label1\" content=\"Est. tempo de leitura\" \/>\n\t<meta name=\"twitter:data1\" content=\"4 minutos\" \/>\n<script type=\"application\/ld+json\" class=\"yoast-schema-graph\">{\"@context\":\"https:\\\/\\\/schema.org\",\"@graph\":[{\"@type\":\"WebPage\",\"@id\":\"https:\\\/\\\/freewalkingtoursperu.com\\\/pt-br\\\/tours-lima\\\/tour-fortaleza-do-real-felipe-callao-monumental\\\/\",\"url\":\"https:\\\/\\\/freewalkingtoursperu.com\\\/pt-br\\\/tours-lima\\\/tour-fortaleza-do-real-felipe-callao-monumental\\\/\",\"name\":\"Tour pela Fortaleza do Real Felipe + Callao Monumental\",\"isPartOf\":{\"@id\":\"https:\\\/\\\/freewalkingtoursperu.com\\\/pt-br\\\/#website\"},\"datePublished\":\"2022-11-17T04:20:40+00:00\",\"dateModified\":\"2026-06-18T23:28:19+00:00\",\"description\":\"Reserve hoje o melhor passeio \u00e0 Fortaleza do Real Felipe e Callao Monumental, consulte hor\u00e1rios, bilhetes, entrada, rota, museu do ex\u00e9rcito\",\"breadcrumb\":{\"@id\":\"https:\\\/\\\/freewalkingtoursperu.com\\\/pt-br\\\/tours-lima\\\/tour-fortaleza-do-real-felipe-callao-monumental\\\/#breadcrumb\"},\"inLanguage\":\"pt-BR\",\"potentialAction\":[{\"@type\":\"ReadAction\",\"target\":[\"https:\\\/\\\/freewalkingtoursperu.com\\\/pt-br\\\/tours-lima\\\/tour-fortaleza-do-real-felipe-callao-monumental\\\/\"]}]},{\"@type\":\"BreadcrumbList\",\"@id\":\"https:\\\/\\\/freewalkingtoursperu.com\\\/pt-br\\\/tours-lima\\\/tour-fortaleza-do-real-felipe-callao-monumental\\\/#breadcrumb\",\"itemListElement\":[{\"@type\":\"ListItem\",\"position\":1,\"name\":\"Home\",\"item\":\"https:\\\/\\\/freewalkingtoursperu.com\\\/pt-br\\\/\"},{\"@type\":\"ListItem\",\"position\":2,\"name\":\"Tours em Lima\",\"item\":\"https:\\\/\\\/freewalkingtoursperu.com\\\/pt-br\\\/tours-lima\\\/\"},{\"@type\":\"ListItem\",\"position\":3,\"name\":\"Fortaleza do Real Felipe + centro hist\u00f3rico de Callao\"}]},{\"@type\":\"WebSite\",\"@id\":\"https:\\\/\\\/freewalkingtoursperu.com\\\/pt-br\\\/#website\",\"url\":\"https:\\\/\\\/freewalkingtoursperu.com\\\/pt-br\\\/\",\"name\":\"Free Walking Tours Peru\",\"description\":\"\",\"publisher\":{\"@id\":\"https:\\\/\\\/freewalkingtoursperu.com\\\/pt-br\\\/#organization\"},\"potentialAction\":[{\"@type\":\"SearchAction\",\"target\":{\"@type\":\"EntryPoint\",\"urlTemplate\":\"https:\\\/\\\/freewalkingtoursperu.com\\\/pt-br\\\/?s={search_term_string}\"},\"query-input\":{\"@type\":\"PropertyValueSpecification\",\"valueRequired\":true,\"valueName\":\"search_term_string\"}}],\"inLanguage\":\"pt-BR\"},{\"@type\":\"Organization\",\"@id\":\"https:\\\/\\\/freewalkingtoursperu.com\\\/pt-br\\\/#organization\",\"name\":\"Free Walking Tours Peru\",\"url\":\"https:\\\/\\\/freewalkingtoursperu.com\\\/pt-br\\\/\",\"logo\":{\"@type\":\"ImageObject\",\"inLanguage\":\"pt-BR\",\"@id\":\"https:\\\/\\\/freewalkingtoursperu.com\\\/pt-br\\\/#\\\/schema\\\/logo\\\/image\\\/\",\"url\":\"https:\\\/\\\/freewalkingtoursperu.com\\\/wp-content\\\/uploads\\\/2026\\\/02\\\/logo-freeorg.svg\",\"contentUrl\":\"https:\\\/\\\/freewalkingtoursperu.com\\\/wp-content\\\/uploads\\\/2026\\\/02\\\/logo-freeorg.svg\",\"caption\":\"Free Walking Tours Peru\"},\"image\":{\"@id\":\"https:\\\/\\\/freewalkingtoursperu.com\\\/pt-br\\\/#\\\/schema\\\/logo\\\/image\\\/\"}}]}<\/script>\n<!-- \/ Yoast SEO plugin. -->","yoast_head_json":{"title":"Tour pela Fortaleza do Real Felipe + Callao Monumental","description":"Reserve hoje o melhor passeio \u00e0 Fortaleza do Real Felipe e Callao Monumental, consulte hor\u00e1rios, bilhetes, entrada, rota, museu do ex\u00e9rcito","robots":{"index":"index","follow":"follow","max-snippet":"max-snippet:-1","max-image-preview":"max-image-preview:large","max-video-preview":"max-video-preview:-1"},"canonical":"https:\/\/freewalkingtoursperu.com\/pt-br\/tours-lima\/tour-fortaleza-do-real-felipe-callao-monumental\/","og_locale":"pt_BR","og_type":"article","og_title":"Tour pela Fortaleza do Real Felipe + Callao Monumental","og_description":"Reserve hoje o melhor passeio \u00e0 Fortaleza do Real Felipe e Callao Monumental, consulte hor\u00e1rios, bilhetes, entrada, rota, museu do ex\u00e9rcito","og_url":"https:\/\/freewalkingtoursperu.com\/pt-br\/tours-lima\/tour-fortaleza-do-real-felipe-callao-monumental\/","og_site_name":"Free Walking Tours Peru","article_modified_time":"2026-06-18T23:28:19+00:00","twitter_card":"summary_large_image","twitter_misc":{"Est. tempo de leitura":"4 minutos"},"schema":{"@context":"https:\/\/schema.org","@graph":[{"@type":"WebPage","@id":"https:\/\/freewalkingtoursperu.com\/pt-br\/tours-lima\/tour-fortaleza-do-real-felipe-callao-monumental\/","url":"https:\/\/freewalkingtoursperu.com\/pt-br\/tours-lima\/tour-fortaleza-do-real-felipe-callao-monumental\/","name":"Tour pela Fortaleza do Real Felipe + Callao Monumental","isPartOf":{"@id":"https:\/\/freewalkingtoursperu.com\/pt-br\/#website"},"datePublished":"2022-11-17T04:20:40+00:00","dateModified":"2026-06-18T23:28:19+00:00","description":"Reserve hoje o melhor passeio \u00e0 Fortaleza do Real Felipe e Callao Monumental, consulte hor\u00e1rios, bilhetes, entrada, rota, museu do ex\u00e9rcito","breadcrumb":{"@id":"https:\/\/freewalkingtoursperu.com\/pt-br\/tours-lima\/tour-fortaleza-do-real-felipe-callao-monumental\/#breadcrumb"},"inLanguage":"pt-BR","potentialAction":[{"@type":"ReadAction","target":["https:\/\/freewalkingtoursperu.com\/pt-br\/tours-lima\/tour-fortaleza-do-real-felipe-callao-monumental\/"]}]},{"@type":"BreadcrumbList","@id":"https:\/\/freewalkingtoursperu.com\/pt-br\/tours-lima\/tour-fortaleza-do-real-felipe-callao-monumental\/#breadcrumb","itemListElement":[{"@type":"ListItem","position":1,"name":"Home","item":"https:\/\/freewalkingtoursperu.com\/pt-br\/"},{"@type":"ListItem","position":2,"name":"Tours em Lima","item":"https:\/\/freewalkingtoursperu.com\/pt-br\/tours-lima\/"},{"@type":"ListItem","position":3,"name":"Fortaleza do Real Felipe + centro hist\u00f3rico de Callao"}]},{"@type":"WebSite","@id":"https:\/\/freewalkingtoursperu.com\/pt-br\/#website","url":"https:\/\/freewalkingtoursperu.com\/pt-br\/","name":"Free Walking Tours Peru","description":"","publisher":{"@id":"https:\/\/freewalkingtoursperu.com\/pt-br\/#organization"},"potentialAction":[{"@type":"SearchAction","target":{"@type":"EntryPoint","urlTemplate":"https:\/\/freewalkingtoursperu.com\/pt-br\/?s={search_term_string}"},"query-input":{"@type":"PropertyValueSpecification","valueRequired":true,"valueName":"search_term_string"}}],"inLanguage":"pt-BR"},{"@type":"Organization","@id":"https:\/\/freewalkingtoursperu.com\/pt-br\/#organization","name":"Free Walking Tours Peru","url":"https:\/\/freewalkingtoursperu.com\/pt-br\/","logo":{"@type":"ImageObject","inLanguage":"pt-BR","@id":"https:\/\/freewalkingtoursperu.com\/pt-br\/#\/schema\/logo\/image\/","url":"https:\/\/freewalkingtoursperu.com\/wp-content\/uploads\/2026\/02\/logo-freeorg.svg","contentUrl":"https:\/\/freewalkingtoursperu.com\/wp-content\/uploads\/2026\/02\/logo-freeorg.svg","caption":"Free Walking Tours Peru"},"image":{"@id":"https:\/\/freewalkingtoursperu.com\/pt-br\/#\/schema\/logo\/image\/"}}]}},"coauthors":[],"author_meta":{"author_link":"https:\/\/freewalkingtoursperu.com\/pt-br\/blog\/author\/adminfwt\/","display_name":"FWTP"},"relative_dates":{"created":"Publicado 4 anos atr\u00e1s","modified":"Atualizado 3 meses atr\u00e1s"},"absolute_dates":{"created":"Publicado em 16 novembro, 2022","modified":"Atualizado em 18 junho, 2026"},"absolute_dates_time":{"created":"Publicado em 16 novembro, 2022 11:20 pm","modified":"Atualizado em 18 junho, 2026 6:28 pm"},"featured_img_caption":"","featured_img":false,"series_order":"","_links":{"self":[{"href":"https:\/\/freewalkingtoursperu.com\/pt-br\/wp-json\/wp\/v2\/pages\/20690","targetHints":{"allow":["GET"]}}],"collection":[{"href":"https:\/\/freewalkingtoursperu.com\/pt-br\/wp-json\/wp\/v2\/pages"}],"about":[{"href":"https:\/\/freewalkingtoursperu.com\/pt-br\/wp-json\/wp\/v2\/types\/page"}],"author":[{"embeddable":true,"href":"https:\/\/freewalkingtoursperu.com\/pt-br\/wp-json\/wp\/v2\/users\/1"}],"replies":[{"embeddable":true,"href":"https:\/\/freewalkingtoursperu.com\/pt-br\/wp-json\/wp\/v2\/comments?post=20690"}],"version-history":[{"count":1,"href":"https:\/\/freewalkingtoursperu.com\/pt-br\/wp-json\/wp\/v2\/pages\/20690\/revisions"}],"predecessor-version":[{"id":71655,"href":"https:\/\/freewalkingtoursperu.com\/pt-br\/wp-json\/wp\/v2\/pages\/20690\/revisions\/71655"}],"up":[{"embeddable":true,"href":"https:\/\/freewalkingtoursperu.com\/pt-br\/wp-json\/wp\/v2\/pages\/14982"}],"wp:attachment":[{"href":"https:\/\/freewalkingtoursperu.com\/pt-br\/wp-json\/wp\/v2\/media?parent=20690"}],"curies":[{"name":"wp","href":"https:\/\/api.w.org\/{rel}","templated":true}]}}