{"id":52107,"date":"2024-09-04T19:21:46","date_gmt":"2024-09-05T00:21:46","guid":{"rendered":"https:\/\/freewalkingtoursperu.com\/?page_id=52107"},"modified":"2026-06-18T18:53:40","modified_gmt":"2026-06-18T23:53:40","slug":"tour-a-laguna-de-salinas-banhos-termais","status":"publish","type":"page","link":"https:\/\/freewalkingtoursperu.com\/pt-br\/tours-arequipa\/tour-a-laguna-de-salinas-banhos-termais\/","title":{"rendered":"Tour \u00e0 Laguna de Salinas + Banhos Termais"},"content":{"rendered":"\n<!--Markup for citys-->\n\n<div id=\"tour-block_e4802a14a9ce668f2534d4f898ce6e6e\" class=\"toursweb flex flex-col-reverse md:flex-col\">\n\n\n        <div class=\"container mb-2\">          \n                        <div class=\"mt-6\">\n                        <p id=\"breadcrumbs\" class=\"mb-0\"><span><span><a href=\"https:\/\/freewalkingtoursperu.com\/pt-br\/\">Home<\/a><\/span><\/span><\/p>                        <\/div>\n            \n\n                    <h1 class=\"text-xl xl:text-3xl mb-2 font-bold text-gray-800\"> Tour \u00e0 Laguna de Salinas + Banhos Termais<\/h1>\n                                        <div class=\"flex gap-3 mb-4\">\n                            <span>\n                                <i class='fas fa-star text-yellow-400'><\/i> \n                                <i class='fas fa-star text-yellow-400'><\/i> \n                                <i class='fas fa-star text-yellow-400'><\/i> \n                                <i class='fas fa-star text-yellow-400'><\/i> \n                                <i class='fas fa-star text-yellow-400'><\/i>  \n                            <\/span>\n                            <span> \n                                <i class=\"far fa-user text-gray-700\"><\/i> <a href=\"#reviews\"> <span class=\"text-sky-600 font-nunito\">127 viajantes<\/span> <\/a>\n                            <\/span>\n\n                            <span> \n                            <i class=\"far fa-clock text-gray-700\"><\/i>  <span class=\"text-gray-800 font-nunito\">7.5 h<\/span> \n                            <\/span>\n\n                            <span> \n                                <i class=\"far fa-comment text-gray-700\"><\/i> \n                                    <span class=\"mr-1 text-sm flag-icon flag-icon-gb\"><\/span><span class=\"mr-1 text-sm flag-icon flag-icon-es\"><\/span>                            <\/span>\n                        <\/div>\n                              \n        <\/div>\n\n    \n\n\n        <div class=\"relative mb-2 mt-2\">\n\n                    \n                        <div id=\"lightgallery\" class=\"flex flex-wrap img-large\"> \n                                                            <a class=\"w-2\/12 img-small xl:block hidden\" href=\"https:\/\/freewalkingtoursperu.com\/wp-content\/uploads\/2025\/10\/Tour_a_la_laguna_de_Salinas__banos_termales_1.webp\"  data-sub-html=\"\">\n                                <img decoding=\"async\" src=\"https:\/\/freewalkingtoursperu.com\/wp-content\/uploads\/2025\/10\/Tour_a_la_laguna_de_Salinas__banos_termales_1.webp\" class=\"cursor-pointer rounded w-full object-cover\"  alt=\"Tour a la laguna de Salinas + ba\u00f1os termales\">\n                                <\/a>\n                                                            <a class=\"w-2\/12 img-small xl:block hidden\" href=\"https:\/\/freewalkingtoursperu.com\/wp-content\/uploads\/2023\/02\/tour-laguna-de-salinas-arequipa-4.jpg\"  data-sub-html=\"\">\n                                <img decoding=\"async\" src=\"https:\/\/freewalkingtoursperu.com\/wp-content\/uploads\/2023\/02\/tour-laguna-de-salinas-arequipa-4.jpg\" class=\"cursor-pointer rounded w-full object-cover\"  alt=\"Tour a la laguna de Salinas + Ba\u00f1os Termales\n\">\n                                <\/a>\n                                                            <a class=\"w-2\/12 img-small xl:block hidden\" href=\"https:\/\/freewalkingtoursperu.com\/wp-content\/uploads\/2024\/05\/tour-laguna-de-salinas-arequipa_1.webp\"  data-sub-html=\"\">\n                                <img decoding=\"async\" src=\"https:\/\/freewalkingtoursperu.com\/wp-content\/uploads\/2024\/05\/tour-laguna-de-salinas-arequipa_1.webp\" class=\"cursor-pointer rounded w-full object-cover\"  alt=\"Tour a la laguna de Salinas + ba\u00f1os termales\n\">\n                                <\/a>\n                                                            <a class=\"w-2\/12 img-small xl:block hidden\" href=\"https:\/\/freewalkingtoursperu.com\/wp-content\/uploads\/2023\/02\/tour-laguna-de-salinas-arequipa-1.jpg\"  data-sub-html=\"\">\n                                <img decoding=\"async\" src=\"https:\/\/freewalkingtoursperu.com\/wp-content\/uploads\/2023\/02\/tour-laguna-de-salinas-arequipa-1.jpg\" class=\"cursor-pointer rounded w-full object-cover\"  alt=\"Tour a la laguna de Salinas + Ba\u00f1os Termales\n\">\n                                <\/a>\n                                                            <a class=\"w-2\/12 img-small xl:block hidden\" href=\"https:\/\/freewalkingtoursperu.com\/wp-content\/uploads\/2023\/03\/tour-laguna-de-salinas-arequipa-5.jpg\"  data-sub-html=\"\">\n                                <img decoding=\"async\" src=\"https:\/\/freewalkingtoursperu.com\/wp-content\/uploads\/2023\/03\/tour-laguna-de-salinas-arequipa-5.jpg\" class=\"cursor-pointer rounded w-full object-cover\"  alt=\"Tour a la laguna de Salinas + Ba\u00f1os Termales\n\">\n                                <\/a>\n                                                            <a class=\"w-2\/12 img-small xl:block hidden\" href=\"https:\/\/freewalkingtoursperu.com\/wp-content\/uploads\/2023\/02\/tour-laguna-de-salinas-arequipa-2.jpg\"  data-sub-html=\"\">\n                                <img decoding=\"async\" src=\"https:\/\/freewalkingtoursperu.com\/wp-content\/uploads\/2023\/02\/tour-laguna-de-salinas-arequipa-2.jpg\" class=\"cursor-pointer rounded w-full object-cover\"  alt=\"Tour a la laguna de Salinas + Ba\u00f1os Termales\n\">\n                                <\/a>\n                                                            <a class=\"w-2\/12 img-small xl:block hidden\" href=\"https:\/\/freewalkingtoursperu.com\/wp-content\/uploads\/2023\/02\/tour-laguna-de-salinas-arequipa-3.jpg\"  data-sub-html=\"\">\n                                <img decoding=\"async\" src=\"https:\/\/freewalkingtoursperu.com\/wp-content\/uploads\/2023\/02\/tour-laguna-de-salinas-arequipa-3.jpg\" class=\"cursor-pointer rounded w-full object-cover\"  alt=\"Tour a la laguna de Salinas + Ba\u00f1os Termales\n\">\n                                <\/a>\n                                                            <a class=\"w-2\/12 img-small xl:block hidden\" href=\"https:\/\/freewalkingtoursperu.com\/wp-content\/uploads\/2023\/03\/tour-laguna-de-salinas-arequipa-7.jpg\"  data-sub-html=\"\">\n                                <img decoding=\"async\" src=\"https:\/\/freewalkingtoursperu.com\/wp-content\/uploads\/2023\/03\/tour-laguna-de-salinas-arequipa-7.jpg\" class=\"cursor-pointer rounded w-full object-cover\"  alt=\"Tour a la laguna de Salinas + Ba\u00f1os Termales\n\">\n                                <\/a>\n                                                            <a class=\"w-2\/12 img-small xl:block hidden\" href=\"https:\/\/freewalkingtoursperu.com\/wp-content\/uploads\/2024\/05\/tour-laguna-de-salinas-arequipa-1500x800.webp\"  data-sub-html=\"\">\n                                <img decoding=\"async\" src=\"https:\/\/freewalkingtoursperu.com\/wp-content\/uploads\/2024\/05\/tour-laguna-de-salinas-arequipa-1500x800.webp\" class=\"cursor-pointer rounded w-full object-cover\"  alt=\"Tour a la laguna de Salinas + ba\u00f1os termales\n\">\n                                <\/a>\n                             \n\n                        <\/div>\n\n                    \n                    \n                        \n        <\/div>\n\n\n<\/div>\n\n\n\n\n<!--Markup for citys-->\n\n<div id=\"tour-block_594a567f1cae445a37251526631519bd\" class=\"tour\">\n\n           \n                <div class=\"flex flex-wrap pl-5 xl:pl-0 gap-8 justify-start xl:justify-center items-center pb-5 py-2 border-b-gray-300 border-b mb-5\">\n                            \n                                    \n                                    <div class=\"pr-0 xl:pr-5 item-details\">\n                                        <img decoding=\"async\" src=\"https:\/\/freewalkingtoursperu.com\/wp-content\/uploads\/2024\/02\/local-website.png\" class=\"w-10 float-left mr-2\" alt=\"bg home\">\n                                        <div class=\"inline-block\">\n                                            <span class=\"font-nunito text-gray-900 font-bold text-sm inline-block\"> Site local<\/span>\n                                            <span class=\"font-nunito text-xs block font-bold text-gray-500\"> SEM INTERMEDI\u00c1RIOS<\/span>\n                                        <\/div>\n\n                                        <\/div>\n\n                            \n                                    \n                                    <div class=\"pr-0 xl:pr-5 item-details\">\n                                        <img decoding=\"async\" src=\"https:\/\/freewalkingtoursperu.com\/wp-content\/uploads\/2024\/02\/maximum-walkers-last.png\" class=\"w-10 float-left mr-2\" alt=\"bg home\">\n                                        <div class=\"inline-block\">\n                                            <span class=\"font-nunito text-gray-900 font-bold text-sm inline-block\"> At\u00e9 20 pessoas<\/span>\n                                            <span class=\"font-nunito text-xs block font-bold text-gray-500\"> TAMANHO<\/span>\n                                        <\/div>\n\n                                        <\/div>\n\n                            \n                                    \n                                    <div class=\"pr-0 xl:pr-5 item-details\">\n                                        <img decoding=\"async\" src=\"https:\/\/freewalkingtoursperu.com\/wp-content\/uploads\/2024\/02\/altitude3.png\" class=\"w-10 float-left mr-2\" alt=\"bg home\">\n                                        <div class=\"inline-block\">\n                                            <span class=\"font-nunito text-gray-900 font-bold text-sm inline-block\">  4,300 m \/ 14107 ft<\/span>\n                                            <span class=\"font-nunito text-xs block font-bold text-gray-500\"> ALTITUDE M\u00c1X.<\/span>\n                                        <\/div>\n\n                                        <\/div>\n\n                            \n                                    \n                                    <div class=\"pr-0 xl:pr-5 item-details\">\n                                        <img decoding=\"async\" src=\"https:\/\/freewalkingtoursperu.com\/wp-content\/uploads\/2024\/02\/difficulty-last.png\" class=\"w-10 float-left mr-2\" alt=\"bg home\">\n                                        <div class=\"inline-block\">\n                                            <span class=\"font-nunito text-gray-900 font-bold text-sm inline-block\"> F\u00e1cil<\/span>\n                                            <span class=\"font-nunito text-xs block font-bold text-gray-500\"> DIFICULDADE<\/span>\n                                        <\/div>\n\n                                        <\/div>\n\n                                                    \n                        \n                        \n               \n            <\/div>\n            \n<\/div>\n\n\n\n\n<div class=\"wp-block-columns is-layout-flex wp-container-core-columns-is-layout-9d6595d7 wp-block-columns-is-layout-flex\">\n<div class=\"wp-block-column is-layout-flow wp-block-column-is-layout-flow\" style=\"flex-basis:75%\">\n<p>Visite conosco <strong>a Laguna de Salinas<\/strong>, localizada a 4.300 mamsl na Reserva Nacional de Salinas e Aguada Blanca. A lagoa \u00e9 cercada por <a href=\"https:\/\/andina.pe\/agencia\/noticia-que-son-los-bofedales-conoce-ecosistema-altoandino-posee-una-gran-biodiversidad-943534.aspx\" target=\"_blank\" rel=\"noreferrer noopener nofollow\">bofedales<\/a>, que s\u00e3o alimentados pelas \u00e1guas da chuva e do derretimento das neves. Ao redor da lagoa tamb\u00e9m se encontram os vulc\u00f5es Picchu Picchu, Chachani, Misti e Ubinas.<\/p>\n\n\n<div class=\"text-left -mt-2 mb-4 mr-4\" id=\"leer_mas_6a9c122d683dd\"><div class=\"leer-mas-contenido pt-2\" style=\"display: none;\"><\/p>\n\n\n\n<p>A Laguna de Salinas \u00e9 um salar espetacular com uma extens\u00e3o de 6.182 hectares. \u00c9 o lugar ideal para ver camelos andinos e flamingos peruanos (de novembro a mar\u00e7o).<\/p>\n\n\n\n<p>Se voc\u00ea deseja tirar as melhores fotos, este destino \u00e9 a sua melhor op\u00e7\u00e3o para capturar imagens com efeitos de espelho d&#8217;\u00e1gua e salar \u2014 semelhante ao Salar de Uyuni na Bol\u00edvia.<\/p>\n\n\n\n<p>Ao final da sua visita, voc\u00ea pode relaxar nas <strong>fontes termais de Lojen.<\/strong><\/p>\n\n\n<p><\/div><a href=\"#\" class=\"leer-mas-boton underline\">Ler mais<\/a><\/div><script>\n        jQuery(document).ready(function($){\n            $(\"#leer_mas_6a9c122d683dd .leer-mas-boton\").click(function(e){\n                e.preventDefault();\n                $(\"#leer_mas_6a9c122d683dd .leer-mas-contenido\").fadeToggle(\"slow\");\n                if ($(this).text() === \"Ler mais\") {\n                    $(this).text(\"Esconder\");\n                } else {\n                    $(this).text(\"Ler mais\");\n                }\n            });\n        });\n    <\/script>\n\n\n<div class=\"responsive-tabs\">\n<h2 class=\"tabtitle\"><span class=\"fa fa-th-list\"><\/span>ROTA<\/h2>\n<div class=\"tabcontent\">\n\n\n\n\n<div class=\"wp-block-advgb-accordions advgb-accordions-1d9b3d1c-6df4-485d-93c9-a62dae4d9923 advgb-accordion-wrapper\" data-collapsed=\"true\">\n<div class=\"wp-block-advgb-accordion-item advgb-accordion-item\" style=\"margin-bottom:15px\"><div class=\"advgb-accordion-header\" style=\"background-color:#daec9c;color:#000000;border-style:solid;border-width:1px;border-radius:2px\"><span class=\"advgb-accordion-header-icon accordion-state\"><svg class=\"advgb-icon-closed\" fill=\"#ffffff\" xmlns=\"http:\/\/www.w3.org\/2000\/svg\" width=\"24\" height=\"24\" viewBox=\"0 0 24 24\"><path fill=\"none\" d=\"M0,0h24v24H0V0z\"><\/path><path d=\"M19,13h-6v6h-2v-6H5v-2h6V5h2v6h6V13z\"><\/path><\/svg><svg class=\"advgb-icon-opened\" fill=\"#ffffff\" xmlns=\"http:\/\/www.w3.org\/2000\/svg\" width=\"24\" height=\"24\" viewBox=\"0 0 24 24\"><path fill=\"none\" d=\"M0,0h24v24H0V0z\"><\/path><path d=\"M19,13H5v-2h14V13z\"><\/path><\/svg><\/span><h4 class=\"advgb-accordion-header-title\" style=\"color:inherit\">Ponto de Encontro \u2014 aproximadamente 6h15<\/h4><\/div><div class=\"advgb-accordion-body\" style=\"border-style:solid !important;border-width:1px !important;border-color:undefined !important;border-top:none !important;border-radius:2px !important\">\n<p>Buscaremos voc\u00ea no seu hotel \u2014 aplica-se apenas para hot\u00e9is localizados no centro hist\u00f3rico; caso contr\u00e1rio, coordenaremos outro local de encontro de acordo com sua conveni\u00eancia.<\/p>\n<\/div><\/div>\n\n\n\n<div class=\"wp-block-advgb-accordion-item advgb-accordion-item\" style=\"margin-bottom:15px\"><div class=\"advgb-accordion-header\" style=\"background-color:#daec9c;color:#000000;border-style:solid;border-width:1px;border-radius:2px\"><span class=\"advgb-accordion-header-icon accordion-state\"><svg class=\"advgb-icon-closed\" fill=\"#ffffff\" xmlns=\"http:\/\/www.w3.org\/2000\/svg\" width=\"24\" height=\"24\" viewBox=\"0 0 24 24\"><path fill=\"none\" d=\"M0,0h24v24H0V0z\"><\/path><path d=\"M19,13h-6v6h-2v-6H5v-2h6V5h2v6h6V13z\"><\/path><\/svg><svg class=\"advgb-icon-opened\" fill=\"#ffffff\" xmlns=\"http:\/\/www.w3.org\/2000\/svg\" width=\"24\" height=\"24\" viewBox=\"0 0 24 24\"><path fill=\"none\" d=\"M0,0h24v24H0V0z\"><\/path><path d=\"M19,13H5v-2h14V13z\"><\/path><\/svg><\/span><h4 class=\"advgb-accordion-header-title\" style=\"color:inherit\">Transfer\u00eancia para o mirante de Chiguata<\/h4><\/div><div class=\"advgb-accordion-body\" style=\"border-style:solid !important;border-width:1px !important;border-color:undefined !important;border-top:none !important;border-radius:2px !important\">\n<p>Este \u00e9 o melhor mirante de vulc\u00f5es, deste lugar voc\u00ea pode ver os tr\u00eas vulc\u00f5es de Arequipa em todo o seu esplendor: <strong>Misti, Chachani e Pichu Pichu.<\/strong><\/p>\n\n\n\n<p>Depois de visitar este mirante, voc\u00ea continuar\u00e1 sua jornada at\u00e9 a Lagoa de Salinas por aproximadamente 1 hora em uma estrada de terra.<\/p>\n<\/div><\/div>\n\n\n\n<div class=\"wp-block-advgb-accordion-item advgb-accordion-item\" style=\"margin-bottom:15px\"><div class=\"advgb-accordion-header\" style=\"background-color:#daec9c;color:#000000;border-style:solid;border-width:1px;border-radius:2px\"><span class=\"advgb-accordion-header-icon accordion-state\"><svg class=\"advgb-icon-closed\" fill=\"#ffffff\" xmlns=\"http:\/\/www.w3.org\/2000\/svg\" width=\"24\" height=\"24\" viewBox=\"0 0 24 24\"><path fill=\"none\" d=\"M0,0h24v24H0V0z\"><\/path><path d=\"M19,13h-6v6h-2v-6H5v-2h6V5h2v6h6V13z\"><\/path><\/svg><svg class=\"advgb-icon-opened\" fill=\"#ffffff\" xmlns=\"http:\/\/www.w3.org\/2000\/svg\" width=\"24\" height=\"24\" viewBox=\"0 0 24 24\"><path fill=\"none\" d=\"M0,0h24v24H0V0z\"><\/path><path d=\"M19,13H5v-2h14V13z\"><\/path><\/svg><\/span><h4 class=\"advgb-accordion-header-title\" style=\"color:inherit\">Lagoa de Salinas e Banhos Termais de Lojen<\/h4><\/div><div class=\"advgb-accordion-body\" style=\"border-style:solid !important;border-width:1px !important;border-color:undefined !important;border-top:none !important;border-radius:2px !important\">\n<p>Antes de come\u00e7ar sua visita \u00e0 lagoa, voc\u00ea tomar\u00e1 <strong>um delicioso caf\u00e9 da manh\u00e3<\/strong> local com op\u00e7\u00f5es vegetarianas.<\/p>\n\n\n\n<p><strong>Laguna de Salinas<\/strong>: Esta bela plan\u00edcie de sal \u00e9 cercada por vulc\u00f5es a 4.300 m acima do n\u00edvel do mar. n. m. na Reserva Nacional Salinas e Aguada Blanca, na parte sul da regi\u00e3o de Arequipa.<\/p>\n\n\n\n<p>Aqui voc\u00ea pode ver flamingos e alguns camel\u00eddeos sul-americanos, como lhamas, alpacas, vicunhas, chinchilas, etc. \u2014 Al\u00e9m disso, este parque natural \u00e9 o melhor lugar para tirar as melhores fotos com efeitos especiais em espelhos d&#8217;\u00e1gua.<\/p>\n\n\n\n<p><strong>Fontes termais de Lojen:<\/strong> Depois de visitar o Salar, voc\u00ea visitar\u00e1 as fontes termais de Lojen, que ficam bem pr\u00f3ximas ao Salar. <strong>Observe<\/strong> que o uso dessas lagoas \u00e9 totalmente <strong>opcional <\/strong>e depende da disponibilidade de tempo e do crit\u00e9rio do guia. Se voc\u00ea quiser <strong>garantir que passar\u00e1 alguns momentos nas fontes termais<\/strong>, reserve um <strong>passeio privado<\/strong>.<\/p>\n<\/div><\/div>\n\n\n\n<div class=\"wp-block-advgb-accordion-item advgb-accordion-item\" style=\"margin-bottom:15px\"><div class=\"advgb-accordion-header\" style=\"background-color:#daec9c;color:#000000;border-style:solid;border-width:1px;border-radius:2px\"><span class=\"advgb-accordion-header-icon accordion-state\"><svg class=\"advgb-icon-closed\" fill=\"#ffffff\" xmlns=\"http:\/\/www.w3.org\/2000\/svg\" width=\"24\" height=\"24\" viewBox=\"0 0 24 24\"><path fill=\"none\" d=\"M0,0h24v24H0V0z\"><\/path><path d=\"M19,13h-6v6h-2v-6H5v-2h6V5h2v6h6V13z\"><\/path><\/svg><svg class=\"advgb-icon-opened\" fill=\"#ffffff\" xmlns=\"http:\/\/www.w3.org\/2000\/svg\" width=\"24\" height=\"24\" viewBox=\"0 0 24 24\"><path fill=\"none\" d=\"M0,0h24v24H0V0z\"><\/path><path d=\"M19,13H5v-2h14V13z\"><\/path><\/svg><\/span><h4 class=\"advgb-accordion-header-title\" style=\"color:inherit\">Translado de volta para a cidade de Arequipa<\/h4><\/div><div class=\"advgb-accordion-body\" style=\"border-style:solid !important;border-width:1px !important;border-color:undefined !important;border-top:none !important;border-radius:2px !important\"><\/div><\/div>\n\n\n\n<div class=\"wp-block-advgb-accordion-item advgb-accordion-item\" style=\"margin-bottom:15px\"><div class=\"advgb-accordion-header\" style=\"background-color:#daec9c;color:#000000;border-style:solid;border-width:1px;border-radius:2px\"><span class=\"advgb-accordion-header-icon accordion-state\"><svg class=\"advgb-icon-closed\" fill=\"#ffffff\" xmlns=\"http:\/\/www.w3.org\/2000\/svg\" width=\"24\" height=\"24\" viewBox=\"0 0 24 24\"><path fill=\"none\" d=\"M0,0h24v24H0V0z\"><\/path><path d=\"M19,13h-6v6h-2v-6H5v-2h6V5h2v6h6V13z\"><\/path><\/svg><svg class=\"advgb-icon-opened\" fill=\"#ffffff\" xmlns=\"http:\/\/www.w3.org\/2000\/svg\" width=\"24\" height=\"24\" viewBox=\"0 0 24 24\"><path fill=\"none\" d=\"M0,0h24v24H0V0z\"><\/path><path d=\"M19,13H5v-2h14V13z\"><\/path><\/svg><\/span><h4 class=\"advgb-accordion-header-title\" style=\"color:inherit\">Local de Encerramento do Tour \u2014 aproximadamente 13h30<\/h4><\/div><div class=\"advgb-accordion-body\" style=\"border-style:solid !important;border-width:1px !important;border-color:undefined !important;border-top:none !important;border-radius:2px !important\">\n<p>Essa excurs\u00e3o termina no centro hist\u00f3rico da cidade de Arequipa, a tr\u00eas quadras da Pra\u00e7a de Armas. Este tour n\u00e3o termina no seu hotel, a menos que voc\u00ea reserve um tour privado.<\/p>\n<\/div><\/div>\n<\/div>\n\n\n\n<\/div><h2 class=\"tabtitle\"><span class=\"fa fa-credit-card\"><\/span>PRE\u00c7O<\/h2>\n<div class=\"tabcontent\">\n\n\n\n\n<p>Os pre\u00e7os apresentados na tabela s\u00e3o:<\/p>\n\n\n\n<ul class=\"wp-block-list\">\n<li>Por pessoa em d\u00f3lares americanos ($).<\/li>\n\n\n\n<li>Pess. = pessoas.<\/li>\n\n\n\n<li>Grupo = servi\u00e7o de grupo, compartilhado.<\/li>\n<\/ul>\n\n\n\n<figure class=\"wp-block-table\"><table><thead><tr><th class=\"has-text-align-center\" data-align=\"center\" rowspan=\"2\"><strong>Pess.<\/strong><\/th><th class=\"has-text-align-center\" data-align=\"center\" colspan=\"2\"><strong>Tipo de passeio<\/strong><\/th><\/tr><tr><th class=\"has-text-align-center\" data-align=\"center\"><strong>Grupo<\/strong><\/th><th class=\"has-text-align-center\" data-align=\"center\"><strong>Privado<\/strong><\/th><\/tr><\/thead><tbody><tr><td class=\"has-text-align-center\" data-align=\"center\">1<\/td><td class=\"has-text-align-center\" data-align=\"center\">$32<\/td><td class=\"has-text-align-center\" data-align=\"center\">$300<\/td><\/tr><tr><td class=\"has-text-align-center\" data-align=\"center\">2<\/td><td class=\"has-text-align-center\" data-align=\"center\">$32<\/td><td class=\"has-text-align-center\" data-align=\"center\">$150<\/td><\/tr><tr><td class=\"has-text-align-center\" data-align=\"center\">3<\/td><td class=\"has-text-align-center\" data-align=\"center\">$32<\/td><td class=\"has-text-align-center\" data-align=\"center\">$120<\/td><\/tr><tr><td class=\"has-text-align-center\" data-align=\"center\">4<\/td><td class=\"has-text-align-center\" data-align=\"center\">$32<\/td><td class=\"has-text-align-center\" data-align=\"center\">$100<\/td><\/tr><tr><td class=\"has-text-align-center\" data-align=\"center\">5<\/td><td class=\"has-text-align-center\" data-align=\"center\">$32<\/td><td class=\"has-text-align-center\" data-align=\"center\">$90<\/td><\/tr><\/tbody><\/table><figcaption class=\"wp-element-caption\">Se o seu grupo for maior que 5 pessoas, avise-nos!<\/figcaption><\/figure>\n\n\n\n<\/div><h2 class=\"tabtitle\"><span class=\"fa fa-pencil-square-o\"><\/span>DETALHES<\/h2>\n<div class=\"tabcontent\">\n\n\n\n\n<figure class=\"wp-block-table\"><table><thead><tr><th rowspan=\"2\"><strong>Detalhes<\/strong><\/th><th colspan=\"2\"><strong>Tipo de passeio<\/strong><\/th><\/tr><tr><th><strong>Grupo<\/strong><\/th><th><strong>Privado<\/strong><\/th><\/tr><\/thead><tbody><tr><td>Hor\u00e1rios<\/td><td>06h00 a 13h30<\/td><td>Voc\u00ea decide<\/td><\/tr><tr><td>Dias<\/td><td>Todos os dias<\/td><td>Todos os dias<\/td><\/tr><tr><td>Idioma<\/td><td>es\/en simultaneamente<\/td><td>en ou es<\/td><\/tr><tr><td>Tamanho<\/td><td>5 a 15 pessoas<\/td><td>Voc\u00ea e seus amigos<\/td><\/tr><\/tbody><\/table><\/figure>\n\n\n\n<figure class=\"wp-block-table\"><table><thead><tr><th rowspan=\"2\"><strong>Inclu\u00eddo<\/strong><\/th><th class=\"has-text-align-center\" data-align=\"center\" colspan=\"2\"><strong>Tipo de passeio<\/strong><\/th><\/tr><tr><th><strong>Grupo<\/strong><\/th><th class=\"has-text-align-center\" data-align=\"center\"><strong>Privado<\/strong><\/th><\/tr><\/thead><tbody><tr><td>Pick-up no seu hotel<\/td><td class=\"has-text-align-center\" data-align=\"center\">\u2705<\/td><td class=\"has-text-align-center\" data-align=\"center\">\u2705<\/td><\/tr><tr><td>Caf\u00e9 da manh\u00e3<\/td><td class=\"has-text-align-center\" data-align=\"center\">\u2705<\/td><td class=\"has-text-align-center\" data-align=\"center\">\u2705<\/td><\/tr><tr><td>Almo\u00e7o, jantar<\/td><td class=\"has-text-align-center\" data-align=\"center\">\u274c<\/td><td class=\"has-text-align-center\" data-align=\"center\">\u274c<\/td><\/tr><tr><td>Guia<\/td><td class=\"has-text-align-center\" data-align=\"center\">\u2705<\/td><td class=\"has-text-align-center\" data-align=\"center\">\u2705<\/td><\/tr><tr><td>Motorista<\/td><td class=\"has-text-align-center\" data-align=\"center\">\u2705<\/td><td class=\"has-text-align-center\" data-align=\"center\">\u2705<\/td><\/tr><tr><td>Ve\u00edculo tur\u00edstico<\/td><td class=\"has-text-align-center\" data-align=\"center\">\u2705<\/td><td class=\"has-text-align-center\" data-align=\"center\">\u2705<\/td><\/tr><tr><td>Servi\u00e7o personalizado<\/td><td class=\"has-text-align-center\" data-align=\"center\">\u274c<\/td><td class=\"has-text-align-center\" data-align=\"center\">\u2705<\/td><\/tr><tr><td>Ingresso para a laguna: 10 soles pp<\/td><td class=\"has-text-align-center\" data-align=\"center\">\u274c<\/td><td class=\"has-text-align-center\" data-align=\"center\">\u274c<\/td><\/tr><tr><td>Ingresso para os banhos termais (opcional): 8 soles pp<\/td><td class=\"has-text-align-center\" data-align=\"center\">\u274c<\/td><td class=\"has-text-align-center\" data-align=\"center\">\u274c<\/td><\/tr><tr><td>Drop off no seu hotel<\/td><td class=\"has-text-align-center\" data-align=\"center\">\u274c<\/td><td class=\"has-text-align-center\" data-align=\"center\">\u2705<\/td><\/tr><\/tbody><\/table><\/figure>\n\n\n\n<p><i class=\"fab fa-accessible-icon\"><\/i> <strong>Acessibilidade:<\/strong> N\u00e3o \u00e9 adequado para pessoas com mobilidade reduzida.<\/p>\n\n\n\n<p><i class=\"far fa-hand-paper\"><\/i> <strong>O que eu trago?<\/strong><\/p>\n\n\n\n<ul class=\"wp-block-list\">\n<li>Su\u00e9teres ou jaquetas.<\/li>\n\n\n\n<li>Sapatos antiderrapantes.<\/li>\n\n\n\n<li>Capas de chuva.<\/li>\n\n\n\n<li>Bon\u00e9s ou chap\u00e9us.<\/li>\n\n\n\n<li>Protetor solar.<\/li>\n\n\n\n<li>Oculos de sol.<\/li>\n\n\n\n<li>Uma garrafa de \u00e1gua.<\/li>\n\n\n\n<li>Moeda local para seus ingressos.<\/li>\n<\/ul>\n\n\n\n<p> <i class=\"fab fa-whatsapp\"><\/i> <strong>WhatsApp<\/strong>: <\/p>\n\n\n\n<ul class=\"wp-block-list\">\n<li><a href=\"https:\/\/api.whatsapp.com\/send?phone=51958745640&amp;text=Hello%20FWTP,%20can%20you%20help%20me,%20please?\" target=\"_blank\" rel=\"noreferrer noopener nofollow\">+51 958745640&nbsp;<\/a><\/li>\n\n\n\n<li><a href=\"https:\/\/api.whatsapp.com\/send?phone=51984479073&amp;text=Hello%20FWTP,%20can%20you%20help%20me,%20please?\" target=\"_blank\" rel=\"noreferrer noopener nofollow\">+51 984479073<\/a><\/li>\n<\/ul>\n\n\n\n<\/div><h2 class=\"tabtitle\"><span class=\"fa fa-calendar\"><\/span>NOTAS<\/h2>\n<div class=\"tabcontent\">\n\n\n\n\n<div class=\"wp-block-bloque-acordeon-acordeon-container acordeon-container\">\n<div class=\"wp-block-bloque-acordeon-acordeon-item acordeon-item\"><h4 class=\"acordeon-titulo\">Pick-ups e hor\u00e1rios<\/h4><div class=\"acordeon-contenido\">\n<p>Passeios em grupo:<\/p>\n\n\n\n<ul class=\"wp-block-list\">\n<li>Todos os pick-ups (hor\u00e1rios de recolha) e t\u00e9rmino dos passeios s\u00e3o aproximados.<\/li>\n\n\n\n<li>As recolhas aplicam-se apenas a hot\u00e9is localizados no centro hist\u00f3rico.<\/li>\n\n\n\n<li>Seu hor\u00e1rio de coleta depender\u00e1 da localiza\u00e7\u00e3o do seu hotel.<\/li>\n\n\n\n<li>Se estiver fora do centro hist\u00f3rico, vamos combinar um ponto de encontro.<\/li>\n\n\n\n<li>Se for dif\u00edcil para o ve\u00edculo chegar ao seu hotel, vamos combinar um ponto de encontro.<\/li>\n\n\n\n<li>N\u00e3o realizamos recolhas em caso de festivais, greves e tr\u00e1fego de carros.<\/li>\n\n\n\n<li>Vamos organizar todas as recolhas e pontos de encontro um dia antes do seu passeio.<\/li>\n<\/ul>\n\n\n\n<p>Passeios privados:<\/p>\n\n\n\n<ul class=\"wp-block-list\">\n<li>Os pick-ups (recolhas) s\u00e3o pontuais.<\/li>\n\n\n\n<li>As pick-ups aplicam-se a toda a cidade de Arequipa.<\/li>\n\n\n\n<li>Vamos organizar todas so pick-ups um dia antes do seu passeio.<\/li>\n\n\n\n<li>O hor\u00e1rio de t\u00e9rmino do passeio ainda \u00e9 aproximado, mas faremos o nosso melhor para terminar o passeio conforme agendado.<\/li>\n<\/ul>\n<\/div><\/div>\n\n\n\n<div class=\"wp-block-bloque-acordeon-acordeon-item acordeon-item\"><h4 class=\"acordeon-titulo\">Comida<\/h4><div class=\"acordeon-contenido\">\n<ul class=\"wp-block-list\">\n<li>O caf\u00e9 da manh\u00e3 \u00e9 simples e delicioso.<\/li>\n\n\n\n<li>H\u00e1 op\u00e7\u00f5es vegetarianas.<\/li>\n<\/ul>\n<\/div><\/div>\n\n\n\n<div class=\"wp-block-bloque-acordeon-acordeon-item acordeon-item\"><h4 class=\"acordeon-titulo\">Tipo de ve\u00edculo e assentos<\/h4><div class=\"acordeon-contenido\">\n<p>Ve\u00edculos:<\/p>\n\n\n\n<ul class=\"wp-block-list\">\n<li>Autorizado pelo Minist\u00e9rio dos Transportes do Peru.<\/li>\n\n\n\n<li>Ve\u00edculos limpos e modernos.<\/li>\n\n\n\n<li>Autom\u00f3veis tipo sedan, 4\u00d74, H1, Van, Renault e Mercedez Benz (depender\u00e1 do tamanho do grupo.<\/li>\n<\/ul>\n\n\n\n<p>Assentos \u2013 passeios em grupo:<\/p>\n\n\n\n<ul class=\"wp-block-list\">\n<li>Voc\u00ea reserva um assento no \u00f4nibus, n\u00e3o um n\u00famero espec\u00edfico de assento.<\/li>\n\n\n\n<li>Se voc\u00ea for recolhido primeiro, ent\u00e3o poder\u00e1 escolher alguns assentos (seu pick-up depender\u00e1 da localiza\u00e7\u00e3o do seu hotel).<\/li>\n\n\n\n<li>Casais sentam juntos em 95% dos casos; no entanto, n\u00e3o podemos garantir que isso acontecer\u00e1 em 100% dos casos.<\/li>\n<\/ul>\n<\/div><\/div>\n\n\n\n<div class=\"wp-block-bloque-acordeon-acordeon-item acordeon-item\"><h4 class=\"acordeon-titulo\">Estrada<\/h4><div class=\"acordeon-contenido\">\n<ul class=\"wp-block-list\">\n<li>Pista asfaltada.<\/li>\n\n\n\n<li>A \u00faltima parte da estrada \u00e9 de terra compactada.<\/li>\n\n\n\n<li>H\u00e1 buracos na estrada.<\/li>\n\n\n\n<li>A poeira \u00e0s vezes entra nos ve\u00edculos.<\/li>\n<\/ul>\n<\/div><\/div>\n\n\n\n<div class=\"wp-block-bloque-acordeon-acordeon-item acordeon-item\"><h4 class=\"acordeon-titulo\">Guia<\/h4><div class=\"acordeon-contenido\">\n<p>Autorizado pelo Minist\u00e9rio do Com\u00e9rcio Exterior e Turismo. Este passeio \u00e9 focado em caminhadas, n\u00e3o em hist\u00f3ria.<\/p>\n\n\n\n<p>Passeios em grupo:<\/p>\n\n\n\n<ul class=\"wp-block-list\">\n<li>Ele vai como acompanhante para mostrar o caminho.<\/li>\n\n\n\n<li>Ingl\u00eas intermedi\u00e1rio.<\/li>\n\n\n\n<li>N\u00e3o h\u00e1 muita explica\u00e7\u00e3o durante o passeio.<\/li>\n<\/ul>\n\n\n\n<p>Passeios privados:<\/p>\n\n\n\n<ul class=\"wp-block-list\">\n<li>Estar\u00e1 sempre \u00e0 sua disposi\u00e7\u00e3o.<\/li>\n\n\n\n<li>Ingl\u00eas intermedi\u00e1rio-avan\u00e7ado.<\/li>\n\n\n\n<li>H\u00e1 bastante explica\u00e7\u00e3o durante o passeio.<\/li>\n<\/ul>\n<\/div><\/div>\n\n\n\n<div class=\"wp-block-bloque-acordeon-acordeon-item acordeon-item\"><h4 class=\"acordeon-titulo\">Motorista<\/h4><div class=\"acordeon-contenido\">\n<ul class=\"wp-block-list\">\n<li>O motorista \u00e0s vezes dirige r\u00e1pido devido a quest\u00f5es de dist\u00e2ncia e tempo.<\/li>\n\n\n\n<li>Se voc\u00ea reservar um tour privado, o motorista dirigir\u00e1 em velocidade normal.<\/li>\n\n\n\n<li>O motorista \u00e0s vezes ouve m\u00fasica para se manter acordado.<\/li>\n<\/ul>\n<\/div><\/div>\n\n\n\n<div class=\"wp-block-bloque-acordeon-acordeon-item acordeon-item\"><h4 class=\"acordeon-titulo\">Descontos em ingressos<\/h4><div class=\"acordeon-contenido\">\n<p>Crian\u00e7as, menores de idade e estudantes podem ter descontos, mas \u00e9 necess\u00e1rio apresentar um documento de identidade oficial.<\/p>\n\n\n\n<ul class=\"wp-block-list\">\n<li>Crian\u00e7as e menores: Devem trazer seus passaportes oficiais para comprovar a idade.<\/li>\n\n\n\n<li>Estudantes: Devem trazer seu passaporte oficial e um documento de identidade emitido pelo governo.<\/li>\n\n\n\n<li>Peruanos: Traga seu documento de identidade oficial.<\/li>\n<\/ul>\n<\/div><\/div>\n\n\n\n<div class=\"wp-block-bloque-acordeon-acordeon-item acordeon-item\"><h4 class=\"acordeon-titulo\">Operabilidade e itiner\u00e1rio<\/h4><div class=\"acordeon-contenido\">\n<p>Este passeio est\u00e1 sujeito a varia\u00e7\u00f5es sem aviso pr\u00e9vio, devido a condi\u00e7\u00f5es clim\u00e1ticas, greves e qualquer outro evento que n\u00e3o permita a opera\u00e7\u00e3o normal do passeio. Consulte tamb\u00e9m nossos&nbsp;<a href=\"https:\/\/freewalkingtoursperu.com\/pt-br\/termos-condicoes\/\" target=\"_blank\" rel=\"noreferrer noopener\">termos<\/a>.<a href=\"https:\/\/www.forbes.com\/sites\/laurabegleybloom\/2018\/12\/18\/the-cheapest-places-to-travel-in-2019\/?sh=21becc0e787a\"><\/a><\/p>\n<\/div><\/div>\n<\/div>\n\n\n\n<\/div><h2 class=\"tabtitle\"><span class=\"fa fa-calendar\"><\/span>CANCELAMENTOS<\/h2>\n<div class=\"tabcontent\">\n\n\n\n\n<p>O cancelamento do passeio \u00e9 gratuito desde que seja feito com pelo menos 48 horas de anteced\u00eancia; caso contr\u00e1rio, cobraremos 100% do pre\u00e7o do passeio. Consulte tamb\u00e9m nossos <a href=\"https:\/\/freewalkingtoursperu.com\/pt-br\/termos-condicoes\/\" target=\"_blank\" rel=\"noreferrer noopener\">termos<\/a>.<\/p>\n\n\n\n<\/div><h2 class=\"tabtitle\"><span class=\"fa fa-comments-o\"><\/span>AVALIA\u00c7\u00d5ES<\/h2>\n<div class=\"tabcontent\">\n\n\n\n\n<p>Por favor, role para baixo para ver as avalia\u00e7\u00f5es.<\/p>\n\n\n<\/div><\/div>\n<\/div>\n\n\n\n<div class=\"wp-block-column is-layout-flow wp-block-column-is-layout-flow\" style=\"flex-basis:25%\">\n<div class=\"wp-block-group\"><div class=\"wp-block-group__inner-container is-layout-constrained wp-block-group-is-layout-constrained\"><div class='mb-10'>\n\t    \n\t\t<div class='flex gap-1'>\n\t\t\t\t<div class='flex-auto'>\n\t\t\t\t\t<a href='https:\/\/www.forbes.com\/sites\/laurabegleybloom\/2018\/12\/18\/the-cheapest-places-to-travel-in-2019\/?sh=21becc0e787a'><img src=https:\/\/freewalkingtoursperu.com\/wp-content\/themes\/fwtp\/img\/logo-forbes.png alt='logo forbes' class='w-full h-auto xl:h-12'><\/a>\n\t\t\t\t<\/div>\n\t\t\t\t<div class='flex-auto'>\n\t\t\t\t\t<a href='https:\/\/www.tripadvisor.com\/Attraction_Review-g294313-d19635162-Reviews-Free_Walking_Tours_Peru-Arequipa_Arequipa_Region.html'><img src=https:\/\/freewalkingtoursperu.com\/wp-content\/themes\/fwtp\/img\/logo-tripadvisor.png alt='logo tripadvisor' class='w-full h-auto xl:h-12'><\/a>\n\t\t\t\t<\/div>\n\t\t<\/div>\n\t\t<div class='text-center'>\n\t\t\t<a href='#'><img src=https:\/\/freewalkingtoursperu.com\/wp-content\/themes\/fwtp\/img\/logo-free-walking-tours-peru-ministerio-turismo.png width='100%' alt='logo ministerio del comercio exterior' class='mt-1'><\/a>\n\t\t<\/div>\n\n\t <\/div>\n\n\n\n<!--Markup for citys-->\n\n<div id=\"tour-block_c78435dd5670e9255ef62e12281d4b6f\" class=\"tour\">\n\n            <div class=''>\n\t            <div class='flex rounded-t shadow'>\n\t\t\t        <div class='px-3 py-2 rounded-tl bg-black text-white text-lg mb-0  font-semibold font-nunito'>Sem sobretaxas<\/div>\n\t\t\t        <div class='px-1 py-2 rounded-tr flex-auto font-nunito font-semibold bg-fwtp text-lg text-black  mb-0 text-center'>Desde $32<\/div>\n\t\t\t    <\/div>\n\t        <\/div>\n<\/div>\n\n\n\n\n<div class=\"wpcf7 no-js\" id=\"wpcf7-f19678-o1\" lang=\"en-US\" dir=\"ltr\" data-wpcf7-id=\"19678\">\n<div class=\"screen-reader-response\"><p role=\"status\" aria-live=\"polite\" aria-atomic=\"true\"><\/p> <ul><\/ul><\/div>\n<form action=\"\/pt-br\/wp-json\/wp\/v2\/pages\/52107#wpcf7-f19678-o1\" method=\"post\" class=\"wpcf7-form init\" aria-label=\"Contact form\" novalidate=\"novalidate\" data-status=\"init\">\n<fieldset class=\"hidden-fields-container\"><input type=\"hidden\" name=\"_wpcf7\" value=\"19678\" \/><input type=\"hidden\" name=\"_wpcf7_version\" value=\"6.1.7\" \/><input type=\"hidden\" name=\"_wpcf7_locale\" value=\"en_US\" \/><input type=\"hidden\" name=\"_wpcf7_unit_tag\" value=\"wpcf7-f19678-o1\" \/><input type=\"hidden\" name=\"_wpcf7_container_post\" value=\"0\" \/><input type=\"hidden\" name=\"_wpcf7_posted_data_hash\" value=\"\" \/><input type=\"hidden\" name=\"_wpcf7dtx_version\" value=\"5.0.7\" \/>\n<\/fieldset>\n<input class=\"wpcf7-form-control wpcf7-hidden\" value=\"20\" type=\"hidden\" name=\"Id_Walks\" \/>\n<input class=\"wpcf7-form-control wpcf7-hidden\" value=\"39e73097a0efe0085bb1909574ea37fcb934ad9d\" type=\"hidden\" name=\"Ncode\" \/>\n<div id=\"form\" class=\"box-form border rounded-bottom shadow bg-white p-3\">\n      <span class=\"wpcf7-form-control-wrap page-title\" data-name=\"page-title\"><input type=\"hidden\" name=\"page-title\" class=\"wpcf7-form-control wpcf7-hidden wpcf7dtx wpcf7dtx-hidden\" aria-invalid=\"false\" value=\"Tour \u00e0 Laguna de Salinas + Banhos Termais\"><\/span>\n <div class=\"form-group\">\n           <span class=\"wpcf7-form-control-wrap page-title\" data-name=\"page-title\"><input type=\"text\" name=\"page-title\" class=\"wpcf7-form-control wpcf7-text wpcf7dtx wpcf7dtx-text form-control form-control-sm\" aria-invalid=\"false\" value=\"Tour \u00e0 Laguna de Salinas + Banhos Termais\"><\/span>\n      <\/div>\n      <div class=\"form-group\">\n        <p>Data:  <span class=\"wpcf7-form-control-wrap\" data-name=\"date-free\"><input size=\"40\" maxlength=\"400\" class=\"wpcf7-form-control wpcf7-text form-control form-control-sm fwt\" aria-invalid=\"false\" placeholder=\"dd\/mm\/yyyy\" value=\"\" type=\"text\" name=\"date-free\" \/><\/span><\/p>\n       <\/div>\n  <div class=\"form-group\">\n         <span class=\"wpcf7-form-control-wrap\" data-name=\"size\"><select class=\"wpcf7-form-control wpcf7-select wpcf7-validates-as-required form-control form-control-sm\" aria-required=\"true\" aria-invalid=\"false\" name=\"size\"><option value=\"\">Quantos est\u00e3o no seu grupo?<\/option><option value=\"1\">1<\/option><option value=\"2\">2<\/option><option value=\"3\">3<\/option><option value=\"4\">4<\/option><option value=\"5\">5<\/option><option value=\"6\">6<\/option><option value=\"7\">7<\/option><option value=\"8\">8<\/option><option value=\"9\">9<\/option><option value=\"10\">10<\/option><\/select><\/span>\n      <\/div>\n       <div class=\"form-group\">\n        <span class=\"wpcf7-form-control-wrap\" data-name=\"name-free\"><input size=\"40\" maxlength=\"400\" class=\"wpcf7-form-control wpcf7-text wpcf7-validates-as-required form-control form-control-sm\" aria-required=\"true\" aria-invalid=\"false\" placeholder=\"Nome e sobrenome\" value=\"\" type=\"text\" name=\"name-free\" \/><\/span>\n      <\/div>\n      <div class=\"form-group\">\n          <span class=\"wpcf7-form-control-wrap\" data-name=\"email-free\"><input size=\"40\" maxlength=\"400\" class=\"wpcf7-form-control wpcf7-email wpcf7-validates-as-required wpcf7-text wpcf7-validates-as-email form-control form-control-sm\" aria-required=\"true\" aria-invalid=\"false\" placeholder=\"E-mail\" value=\"\" type=\"email\" name=\"email-free\" \/><\/span>\n      <\/div>\n<div class=\"form-group\">\n          <span class=\"wpcf7-form-control-wrap\" data-name=\"Whatsapp\"><input size=\"40\" class=\"wpcf7-form-control wpcf7-phonetext wpcf7-validates-as-required wpcf7-text wpcf7-validates-as-phonetext form-control form-control-sm\" aria-required=\"true\" aria-invalid=\"false\" placeholder=\"Whatsapp\" value=\"\" type=\"text\" name=\"Whatsapp\" \/><input type=\"hidden\" name=\"Whatsapp-country-code\" class=\"wpcf7-phonetext-country-code\" \/><\/span>\n      <\/div>\n       <div class=\"form-group\">\n         <span class=\"wpcf7-form-control-wrap\" data-name=\"your-message\"><textarea cols=\"7\" rows=\"5\" maxlength=\"2000\" class=\"wpcf7-form-control wpcf7-textarea form-control form-control-sm\" aria-invalid=\"false\" placeholder=\"Escreva aqui qualquer informa\u00e7\u00e3o adicional: Hotel, prefer\u00eancia por um tour privado, tours adicionais, crian\u00e7as, idosos, etc.\" name=\"your-message\"><\/textarea><\/span>\n      <\/div>\n        <div class=\"form-group text-center\">\n          <p class=\"text-center\"><input class=\"wpcf7-form-control wpcf7-submit has-spinner btn btn-lg px-5 btn-free\" type=\"submit\" value=\"Cote agora!\" \/><\/p>\n          \n        <\/div>\n\n<\/div><div class=\"wpcf7-response-output\" aria-hidden=\"true\"><\/div>\n<\/form>\n<\/div>\n\n<\/div><\/div>\n<\/div>\n<\/div>\n\n\n<div class='bg-white border p-3 shadow my-3' id='reviews' ><\/p>\n\n\n\n<h2 class=\"wp-block-heading\" id=\"reviews-009bf618-1525-4de9-95e4-c35333e5f797\">Redes Sociais<\/h2>\n\n\n\n<p>\u2b50<a href=\"https:\/\/www.tripadvisor.com\/Attraction_Review-g294313-d19635162-Reviews-Free_Walking_Tours_Peru-Arequipa_Arequipa_Region.html\" target=\"_blank\" rel=\"noreferrer noopener\">TripAdvisor:<\/a> 53 testimonios <strong>|<\/strong> \u2b50<a href=\"https:\/\/goo.gl\/maps\/FhNr5D6qmpcDwfTPA\" target=\"_blank\" rel=\"noreferrer noopener\">Google Maps:<\/a> 1200 coment\u00e1rios&nbsp;<strong>|<\/strong> \u2b50<a href=\"https:\/\/www.facebook.com\/FreeWalkingToursPeru\" target=\"_blank\" rel=\"noreferrer noopener\">Facebook<\/a>: 800 seguidores <strong>|<\/strong> \u2b50<a href=\"https:\/\/www.instagram.com\/limafreewalkingtours\/\" target=\"_blank\" rel=\"noreferrer noopener\">Instagram:<\/a> 6000 seguidores <strong>|<\/strong> \u2b50<a href=\"https:\/\/youtu.be\/HdYcNrUxnXA\" target=\"_blank\" rel=\"noreferrer noopener\">YouTube:<\/a> Assistir v\u00eddeos <strong>|<\/strong> \u2b50<a href=\"https:\/\/freewalkingtoursperu.com\/pt-br\/sobre-nos\/\" target=\"_blank\" rel=\"noreferrer noopener\">Viajeros:<\/a> + de 127 turistas<\/p>\n\n\n<p> <\/div>\n","protected":false},"excerpt":{"rendered":"<p>Visite conosco a Laguna de Salinas, localizada a 4.300 mamsl na Reserva Nacional de Salinas e Aguada Blanca. A lagoa \u00e9 cercada por bofedales, que s\u00e3o alimentados pelas \u00e1guas da chuva e do derretimento das neves. Ao redor da lagoa tamb\u00e9m se encontram os vulc\u00f5es Picchu Picchu, Chachani, Misti e Ubinas. Os pre\u00e7os apresentados na [&hellip;]<\/p>\n","protected":false},"author":1,"featured_media":0,"parent":51954,"menu_order":0,"comment_status":"closed","ping_status":"closed","template":"page-tour-pay.php","meta":{"_acf_changed":false,"advgb_blocks_editor_width":"full","advgb_blocks_columns_visual_guide":"","footnotes":""},"class_list":["post-52107","page","type-page","status-publish","hentry"],"acf":[],"yoast_head":"<!-- This site is optimized with the Yoast SEO plugin v28.4 - https:\/\/yoast.com\/product\/yoast-seo-wordpress\/ -->\n<title>Tour \u00e0 Laguna de Salinas - Salar de Arequipa + Banhos Termais<\/title>\n<meta name=\"description\" content=\"Participe do tour \u00e0 Laguna de Salinas, o salar de Arequipa + Banhos Termais, e tire fotos com efeitos e perspectivas nos espelhos d&#039;\u00e1gua.\" \/>\n<meta name=\"robots\" content=\"index, follow, max-snippet:-1, max-image-preview:large, max-video-preview:-1\" \/>\n<link rel=\"canonical\" href=\"https:\/\/freewalkingtoursperu.com\/pt-br\/tours-arequipa\/tour-a-laguna-de-salinas-banhos-termais\/\" \/>\n<meta property=\"og:locale\" content=\"pt_BR\" \/>\n<meta property=\"og:type\" content=\"article\" \/>\n<meta property=\"og:title\" content=\"Tour \u00e0 Laguna de Salinas - Salar de Arequipa + Banhos Termais\" \/>\n<meta property=\"og:description\" content=\"Participe do tour \u00e0 Laguna de Salinas, o salar de Arequipa + Banhos Termais, e tire fotos com efeitos e perspectivas nos espelhos d&#039;\u00e1gua.\" \/>\n<meta property=\"og:url\" content=\"https:\/\/freewalkingtoursperu.com\/pt-br\/tours-arequipa\/tour-a-laguna-de-salinas-banhos-termais\/\" \/>\n<meta property=\"og:site_name\" content=\"Free Walking Tours Peru\" \/>\n<meta property=\"article:modified_time\" content=\"2026-06-18T23:53:40+00:00\" \/>\n<meta name=\"twitter:card\" content=\"summary_large_image\" \/>\n<meta name=\"twitter:label1\" content=\"Est. tempo de leitura\" \/>\n\t<meta name=\"twitter:data1\" content=\"6 minutos\" \/>\n<script type=\"application\/ld+json\" class=\"yoast-schema-graph\">{\"@context\":\"https:\\\/\\\/schema.org\",\"@graph\":[{\"@type\":\"WebPage\",\"@id\":\"https:\\\/\\\/freewalkingtoursperu.com\\\/pt-br\\\/tours-arequipa\\\/tour-a-laguna-de-salinas-banhos-termais\\\/\",\"url\":\"https:\\\/\\\/freewalkingtoursperu.com\\\/pt-br\\\/tours-arequipa\\\/tour-a-laguna-de-salinas-banhos-termais\\\/\",\"name\":\"Tour \u00e0 Laguna de Salinas - Salar de Arequipa + Banhos Termais\",\"isPartOf\":{\"@id\":\"https:\\\/\\\/freewalkingtoursperu.com\\\/pt-br\\\/#website\"},\"datePublished\":\"2024-09-05T00:21:46+00:00\",\"dateModified\":\"2026-06-18T23:53:40+00:00\",\"description\":\"Participe do tour \u00e0 Laguna de Salinas, o salar de Arequipa + Banhos Termais, e tire fotos com efeitos e perspectivas nos espelhos d'\u00e1gua.\",\"breadcrumb\":{\"@id\":\"https:\\\/\\\/freewalkingtoursperu.com\\\/pt-br\\\/tours-arequipa\\\/tour-a-laguna-de-salinas-banhos-termais\\\/#breadcrumb\"},\"inLanguage\":\"pt-BR\",\"potentialAction\":[{\"@type\":\"ReadAction\",\"target\":[\"https:\\\/\\\/freewalkingtoursperu.com\\\/pt-br\\\/tours-arequipa\\\/tour-a-laguna-de-salinas-banhos-termais\\\/\"]}]},{\"@type\":\"BreadcrumbList\",\"@id\":\"https:\\\/\\\/freewalkingtoursperu.com\\\/pt-br\\\/tours-arequipa\\\/tour-a-laguna-de-salinas-banhos-termais\\\/#breadcrumb\",\"itemListElement\":[{\"@type\":\"ListItem\",\"position\":1,\"name\":\"Home\",\"item\":\"https:\\\/\\\/freewalkingtoursperu.com\\\/pt-br\\\/\"},{\"@type\":\"ListItem\",\"position\":2,\"name\":\"Tours em Arequipa\",\"item\":\"https:\\\/\\\/freewalkingtoursperu.com\\\/pt-br\\\/tours-arequipa\\\/\"},{\"@type\":\"ListItem\",\"position\":3,\"name\":\"Tour \u00e0 Laguna de Salinas + Banhos Termais\"}]},{\"@type\":\"WebSite\",\"@id\":\"https:\\\/\\\/freewalkingtoursperu.com\\\/pt-br\\\/#website\",\"url\":\"https:\\\/\\\/freewalkingtoursperu.com\\\/pt-br\\\/\",\"name\":\"Free Walking Tours Peru\",\"description\":\"\",\"publisher\":{\"@id\":\"https:\\\/\\\/freewalkingtoursperu.com\\\/pt-br\\\/#organization\"},\"potentialAction\":[{\"@type\":\"SearchAction\",\"target\":{\"@type\":\"EntryPoint\",\"urlTemplate\":\"https:\\\/\\\/freewalkingtoursperu.com\\\/pt-br\\\/?s={search_term_string}\"},\"query-input\":{\"@type\":\"PropertyValueSpecification\",\"valueRequired\":true,\"valueName\":\"search_term_string\"}}],\"inLanguage\":\"pt-BR\"},{\"@type\":\"Organization\",\"@id\":\"https:\\\/\\\/freewalkingtoursperu.com\\\/pt-br\\\/#organization\",\"name\":\"Free Walking Tours Peru\",\"url\":\"https:\\\/\\\/freewalkingtoursperu.com\\\/pt-br\\\/\",\"logo\":{\"@type\":\"ImageObject\",\"inLanguage\":\"pt-BR\",\"@id\":\"https:\\\/\\\/freewalkingtoursperu.com\\\/pt-br\\\/#\\\/schema\\\/logo\\\/image\\\/\",\"url\":\"https:\\\/\\\/freewalkingtoursperu.com\\\/wp-content\\\/uploads\\\/2026\\\/02\\\/logo-freeorg.svg\",\"contentUrl\":\"https:\\\/\\\/freewalkingtoursperu.com\\\/wp-content\\\/uploads\\\/2026\\\/02\\\/logo-freeorg.svg\",\"caption\":\"Free Walking Tours Peru\"},\"image\":{\"@id\":\"https:\\\/\\\/freewalkingtoursperu.com\\\/pt-br\\\/#\\\/schema\\\/logo\\\/image\\\/\"}}]}<\/script>\n<!-- \/ Yoast SEO plugin. -->","yoast_head_json":{"title":"Tour \u00e0 Laguna de Salinas - Salar de Arequipa + Banhos Termais","description":"Participe do tour \u00e0 Laguna de Salinas, o salar de Arequipa + Banhos Termais, e tire fotos com efeitos e perspectivas nos espelhos d'\u00e1gua.","robots":{"index":"index","follow":"follow","max-snippet":"max-snippet:-1","max-image-preview":"max-image-preview:large","max-video-preview":"max-video-preview:-1"},"canonical":"https:\/\/freewalkingtoursperu.com\/pt-br\/tours-arequipa\/tour-a-laguna-de-salinas-banhos-termais\/","og_locale":"pt_BR","og_type":"article","og_title":"Tour \u00e0 Laguna de Salinas - Salar de Arequipa + Banhos Termais","og_description":"Participe do tour \u00e0 Laguna de Salinas, o salar de Arequipa + Banhos Termais, e tire fotos com efeitos e perspectivas nos espelhos d'\u00e1gua.","og_url":"https:\/\/freewalkingtoursperu.com\/pt-br\/tours-arequipa\/tour-a-laguna-de-salinas-banhos-termais\/","og_site_name":"Free Walking Tours Peru","article_modified_time":"2026-06-18T23:53:40+00:00","twitter_card":"summary_large_image","twitter_misc":{"Est. tempo de leitura":"6 minutos"},"schema":{"@context":"https:\/\/schema.org","@graph":[{"@type":"WebPage","@id":"https:\/\/freewalkingtoursperu.com\/pt-br\/tours-arequipa\/tour-a-laguna-de-salinas-banhos-termais\/","url":"https:\/\/freewalkingtoursperu.com\/pt-br\/tours-arequipa\/tour-a-laguna-de-salinas-banhos-termais\/","name":"Tour \u00e0 Laguna de Salinas - Salar de Arequipa + Banhos Termais","isPartOf":{"@id":"https:\/\/freewalkingtoursperu.com\/pt-br\/#website"},"datePublished":"2024-09-05T00:21:46+00:00","dateModified":"2026-06-18T23:53:40+00:00","description":"Participe do tour \u00e0 Laguna de Salinas, o salar de Arequipa + Banhos Termais, e tire fotos com efeitos e perspectivas nos espelhos d'\u00e1gua.","breadcrumb":{"@id":"https:\/\/freewalkingtoursperu.com\/pt-br\/tours-arequipa\/tour-a-laguna-de-salinas-banhos-termais\/#breadcrumb"},"inLanguage":"pt-BR","potentialAction":[{"@type":"ReadAction","target":["https:\/\/freewalkingtoursperu.com\/pt-br\/tours-arequipa\/tour-a-laguna-de-salinas-banhos-termais\/"]}]},{"@type":"BreadcrumbList","@id":"https:\/\/freewalkingtoursperu.com\/pt-br\/tours-arequipa\/tour-a-laguna-de-salinas-banhos-termais\/#breadcrumb","itemListElement":[{"@type":"ListItem","position":1,"name":"Home","item":"https:\/\/freewalkingtoursperu.com\/pt-br\/"},{"@type":"ListItem","position":2,"name":"Tours em Arequipa","item":"https:\/\/freewalkingtoursperu.com\/pt-br\/tours-arequipa\/"},{"@type":"ListItem","position":3,"name":"Tour \u00e0 Laguna de Salinas + Banhos Termais"}]},{"@type":"WebSite","@id":"https:\/\/freewalkingtoursperu.com\/pt-br\/#website","url":"https:\/\/freewalkingtoursperu.com\/pt-br\/","name":"Free Walking Tours Peru","description":"","publisher":{"@id":"https:\/\/freewalkingtoursperu.com\/pt-br\/#organization"},"potentialAction":[{"@type":"SearchAction","target":{"@type":"EntryPoint","urlTemplate":"https:\/\/freewalkingtoursperu.com\/pt-br\/?s={search_term_string}"},"query-input":{"@type":"PropertyValueSpecification","valueRequired":true,"valueName":"search_term_string"}}],"inLanguage":"pt-BR"},{"@type":"Organization","@id":"https:\/\/freewalkingtoursperu.com\/pt-br\/#organization","name":"Free Walking Tours Peru","url":"https:\/\/freewalkingtoursperu.com\/pt-br\/","logo":{"@type":"ImageObject","inLanguage":"pt-BR","@id":"https:\/\/freewalkingtoursperu.com\/pt-br\/#\/schema\/logo\/image\/","url":"https:\/\/freewalkingtoursperu.com\/wp-content\/uploads\/2026\/02\/logo-freeorg.svg","contentUrl":"https:\/\/freewalkingtoursperu.com\/wp-content\/uploads\/2026\/02\/logo-freeorg.svg","caption":"Free Walking Tours Peru"},"image":{"@id":"https:\/\/freewalkingtoursperu.com\/pt-br\/#\/schema\/logo\/image\/"}}]}},"coauthors":[],"author_meta":{"author_link":"https:\/\/freewalkingtoursperu.com\/pt-br\/blog\/author\/adminfwt\/","display_name":"FWTP"},"relative_dates":{"created":"Publicado 2 anos atr\u00e1s","modified":"Atualizado 3 meses atr\u00e1s"},"absolute_dates":{"created":"Publicado em 4 setembro, 2024","modified":"Atualizado em 18 junho, 2026"},"absolute_dates_time":{"created":"Publicado em 4 setembro, 2024 7:21 pm","modified":"Atualizado em 18 junho, 2026 6:53 pm"},"featured_img_caption":"","featured_img":false,"series_order":"","_links":{"self":[{"href":"https:\/\/freewalkingtoursperu.com\/pt-br\/wp-json\/wp\/v2\/pages\/52107","targetHints":{"allow":["GET"]}}],"collection":[{"href":"https:\/\/freewalkingtoursperu.com\/pt-br\/wp-json\/wp\/v2\/pages"}],"about":[{"href":"https:\/\/freewalkingtoursperu.com\/pt-br\/wp-json\/wp\/v2\/types\/page"}],"author":[{"embeddable":true,"href":"https:\/\/freewalkingtoursperu.com\/pt-br\/wp-json\/wp\/v2\/users\/1"}],"replies":[{"embeddable":true,"href":"https:\/\/freewalkingtoursperu.com\/pt-br\/wp-json\/wp\/v2\/comments?post=52107"}],"version-history":[{"count":1,"href":"https:\/\/freewalkingtoursperu.com\/pt-br\/wp-json\/wp\/v2\/pages\/52107\/revisions"}],"predecessor-version":[{"id":71757,"href":"https:\/\/freewalkingtoursperu.com\/pt-br\/wp-json\/wp\/v2\/pages\/52107\/revisions\/71757"}],"up":[{"embeddable":true,"href":"https:\/\/freewalkingtoursperu.com\/pt-br\/wp-json\/wp\/v2\/pages\/51954"}],"wp:attachment":[{"href":"https:\/\/freewalkingtoursperu.com\/pt-br\/wp-json\/wp\/v2\/media?parent=52107"}],"curies":[{"name":"wp","href":"https:\/\/api.w.org\/{rel}","templated":true}]}}