{"id":52786,"date":"2024-11-09T18:01:51","date_gmt":"2024-11-09T23:01:51","guid":{"rendered":"https:\/\/freewalkingtoursperu.com\/?page_id=52786"},"modified":"2026-06-18T19:06:17","modified_gmt":"2026-06-19T00:06:17","slug":"passeio-de-escalada-via-ferrata-sky-bike-cachimayo","status":"publish","type":"page","link":"https:\/\/freewalkingtoursperu.com\/pt-br\/passeios-aventura-cusco\/passeio-de-escalada-via-ferrata-sky-bike-cachimayo\/","title":{"rendered":"V\u00eda Ferrata, Sky Bike e Descida sobre rocha"},"content":{"rendered":"\n<!--Markup for citys-->\n\n<div id=\"tour-block_8712b389191c920392162ee0d56800f4\" class=\"toursweb flex flex-col-reverse md:flex-col\">\n\n\n        <div class=\"container mb-2\">          \n                        <div class=\"mt-6\">\n                        <p id=\"breadcrumbs\" class=\"mb-0\"><span><span><a href=\"https:\/\/freewalkingtoursperu.com\/pt-br\/\">Home<\/a><\/span><\/span><\/p>                        <\/div>\n            \n\n                    <h1 class=\"text-xl xl:text-3xl mb-2 font-bold text-gray-800\"> V\u00eda Ferrata, Sky Bike e Descida sobre rocha<\/h1>\n                                        <div class=\"flex gap-3 mb-4\">\n                            <span>\n                                <i class='fas fa-star text-yellow-400'><\/i> \n                                <i class='fas fa-star text-yellow-400'><\/i> \n                                <i class='fas fa-star text-yellow-400'><\/i> \n                                <i class='fas fa-star text-yellow-400'><\/i> \n                                <i class='fas fa-star text-yellow-400'><\/i>  \n                            <\/span>\n                            <span> \n                                <i class=\"far fa-user text-gray-700\"><\/i> <a href=\"#reviews\"> <span class=\"text-sky-600 font-nunito\">45 viajantes<\/span> <\/a>\n                            <\/span>\n\n                            <span> \n                            <i class=\"far fa-clock text-gray-700\"><\/i>  <span class=\"text-gray-800 font-nunito\">3 h<\/span> \n                            <\/span>\n\n                            <span> \n                                <i class=\"far fa-comment text-gray-700\"><\/i> \n                                    <span class=\"mr-1 text-sm flag-icon flag-icon-gb\"><\/span><span class=\"mr-1 text-sm flag-icon flag-icon-es\"><\/span>                            <\/span>\n                        <\/div>\n                              \n        <\/div>\n\n    \n\n\n        <div class=\"relative mb-2 mt-2\">\n\n                    \n                        <div id=\"lightgallery\" class=\"flex flex-wrap img-large\"> \n                                                            <a class=\"w-2\/12 img-small xl:block hidden\" href=\"https:\/\/freewalkingtoursperu.com\/wp-content\/uploads\/2023\/11\/tour-rappel-via-ferrata-sky-bike-cachimayo_1-1.webp\"  data-sub-html=\"\">\n                                <img decoding=\"async\" src=\"https:\/\/freewalkingtoursperu.com\/wp-content\/uploads\/2023\/11\/tour-rappel-via-ferrata-sky-bike-cachimayo_1-1.webp\" class=\"cursor-pointer rounded w-full object-cover\"  alt=\"Tour de Descenso sobre roca, V\u00eda Ferrata y Sky bike\">\n                                <\/a>\n                                                            <a class=\"w-2\/12 img-small xl:block hidden\" href=\"https:\/\/freewalkingtoursperu.com\/wp-content\/uploads\/2023\/11\/tour-rappel-via-ferrata-sky-bike-cachimayo_2-1.webp\"  data-sub-html=\"\">\n                                <img decoding=\"async\" src=\"https:\/\/freewalkingtoursperu.com\/wp-content\/uploads\/2023\/11\/tour-rappel-via-ferrata-sky-bike-cachimayo_2-1.webp\" class=\"cursor-pointer rounded w-full object-cover\"  alt=\"Tour de Descenso sobre roca, V\u00eda Ferrata y Sky bike\">\n                                <\/a>\n                                                            <a class=\"w-2\/12 img-small xl:block hidden\" href=\"https:\/\/freewalkingtoursperu.com\/wp-content\/uploads\/2023\/11\/tour-rappel-via-ferrata-sky-bike-cachimayo_3-1.webp\"  data-sub-html=\"\">\n                                <img decoding=\"async\" src=\"https:\/\/freewalkingtoursperu.com\/wp-content\/uploads\/2023\/11\/tour-rappel-via-ferrata-sky-bike-cachimayo_3-1.webp\" class=\"cursor-pointer rounded w-full object-cover\"  alt=\"Tour de Descenso sobre roca, V\u00eda Ferrata y Sky bike\">\n                                <\/a>\n                                                            <a class=\"w-2\/12 img-small xl:block hidden\" href=\"https:\/\/freewalkingtoursperu.com\/wp-content\/uploads\/2023\/11\/tour-rappel-via-ferrata-sky-bike-cachimayo.webp\"  data-sub-html=\"\">\n                                <img decoding=\"async\" src=\"https:\/\/freewalkingtoursperu.com\/wp-content\/uploads\/2023\/11\/tour-rappel-via-ferrata-sky-bike-cachimayo.webp\" class=\"cursor-pointer rounded w-full object-cover\"  alt=\"Tour rappel, via ferrata y sky bike en Cachimayo\">\n                                <\/a>\n                                                            <a class=\"w-2\/12 img-small xl:block hidden\" href=\"https:\/\/freewalkingtoursperu.com\/wp-content\/uploads\/2023\/11\/tour-rappel-via-ferrata-sky-bike-cachimayo_1.webp\"  data-sub-html=\"\">\n                                <img decoding=\"async\" src=\"https:\/\/freewalkingtoursperu.com\/wp-content\/uploads\/2023\/11\/tour-rappel-via-ferrata-sky-bike-cachimayo_1.webp\" class=\"cursor-pointer rounded w-full object-cover\"  alt=\"Tour rappel, via ferrata y sky bike en Cachimayo\">\n                                <\/a>\n                                                            <a class=\"w-2\/12 img-small xl:block hidden\" href=\"https:\/\/freewalkingtoursperu.com\/wp-content\/uploads\/2023\/11\/tour-rappel-via-ferrata-sky-bike-cachimayo_4.webp\"  data-sub-html=\"\">\n                                <img decoding=\"async\" src=\"https:\/\/freewalkingtoursperu.com\/wp-content\/uploads\/2023\/11\/tour-rappel-via-ferrata-sky-bike-cachimayo_4.webp\" class=\"cursor-pointer rounded w-full object-cover\"  alt=\"Tour rappel, via ferrata y sky bike en Cachimayo\">\n                                <\/a>\n                                                            <a class=\"w-2\/12 img-small xl:block hidden\" href=\"https:\/\/freewalkingtoursperu.com\/wp-content\/uploads\/2023\/11\/tour-rappel-via-ferrata-sky-bike-cachimayo_3.webp\"  data-sub-html=\"\">\n                                <img decoding=\"async\" src=\"https:\/\/freewalkingtoursperu.com\/wp-content\/uploads\/2023\/11\/tour-rappel-via-ferrata-sky-bike-cachimayo_3.webp\" class=\"cursor-pointer rounded w-full object-cover\"  alt=\"Tour rappel, via ferrata y sky bike en Cachimayo\">\n                                <\/a>\n                                                            <a class=\"w-2\/12 img-small xl:block hidden\" href=\"https:\/\/freewalkingtoursperu.com\/wp-content\/uploads\/2023\/11\/tour-rappel-via-ferrata-sky-bike-cachimayo_2.webp\"  data-sub-html=\"\">\n                                <img decoding=\"async\" src=\"https:\/\/freewalkingtoursperu.com\/wp-content\/uploads\/2023\/11\/tour-rappel-via-ferrata-sky-bike-cachimayo_2.webp\" class=\"cursor-pointer rounded w-full object-cover\"  alt=\"Tour rappel, via ferrata y sky bike en Cachimayo\">\n                                <\/a>\n                             \n\n                        <\/div>\n\n                    \n                    \n                        \n        <\/div>\n\n\n<\/div>\n\n\n\n\n<!--Markup for citys-->\n\n<div id=\"tour-block_ca950477dfcc98917e9f85bde73566d9\" class=\"tour\">\n\n           \n                <div class=\"flex flex-wrap pl-5 xl:pl-0 gap-8 justify-start xl:justify-center items-center pb-5 py-2 border-b-gray-300 border-b mb-5\">\n                            \n                                    \n                                    <div class=\"pr-0 xl:pr-5 item-details\">\n                                        <img decoding=\"async\" src=\"https:\/\/freewalkingtoursperu.com\/wp-content\/uploads\/2024\/02\/local-website.png\" class=\"w-10 float-left mr-2\" alt=\"bg home\">\n                                        <div class=\"inline-block\">\n                                            <span class=\"font-nunito text-gray-900 font-bold text-sm inline-block\"> Site local<\/span>\n                                            <span class=\"font-nunito text-xs block font-bold text-gray-500\"> SEM INTERMEDI\u00c1RIOS<\/span>\n                                        <\/div>\n\n                                        <\/div>\n\n                            \n                                    \n                                    <div class=\"pr-0 xl:pr-5 item-details\">\n                                        <img decoding=\"async\" src=\"https:\/\/freewalkingtoursperu.com\/wp-content\/uploads\/2024\/02\/maximum-walkers-last.png\" class=\"w-10 float-left mr-2\" alt=\"bg home\">\n                                        <div class=\"inline-block\">\n                                            <span class=\"font-nunito text-gray-900 font-bold text-sm inline-block\"> At\u00e9 15 pessoas<\/span>\n                                            <span class=\"font-nunito text-xs block font-bold text-gray-500\"> TAMANHO<\/span>\n                                        <\/div>\n\n                                        <\/div>\n\n                            \n                                    \n                                    <div class=\"pr-0 xl:pr-5 item-details\">\n                                        <img decoding=\"async\" src=\"https:\/\/freewalkingtoursperu.com\/wp-content\/uploads\/2024\/02\/altitude3.png\" class=\"w-10 float-left mr-2\" alt=\"bg home\">\n                                        <div class=\"inline-block\">\n                                            <span class=\"font-nunito text-gray-900 font-bold text-sm inline-block\"> 3.800 m<\/span>\n                                            <span class=\"font-nunito text-xs block font-bold text-gray-500\"> ALTITUDE M\u00c1X.<\/span>\n                                        <\/div>\n\n                                        <\/div>\n\n                            \n                                    \n                                    <div class=\"pr-0 xl:pr-5 item-details\">\n                                        <img decoding=\"async\" src=\"https:\/\/freewalkingtoursperu.com\/wp-content\/uploads\/2024\/02\/difficulty-last.png\" class=\"w-10 float-left mr-2\" alt=\"bg home\">\n                                        <div class=\"inline-block\">\n                                            <span class=\"font-nunito text-gray-900 font-bold text-sm inline-block\"> F\u00e1cil<\/span>\n                                            <span class=\"font-nunito text-xs block font-bold text-gray-500\"> DIFICULDADE<\/span>\n                                        <\/div>\n\n                                        <\/div>\n\n                                                    \n                        \n                        \n               \n            <\/div>\n            \n<\/div>\n\n\n\n\n<div class=\"wp-block-columns is-layout-flex wp-container-core-columns-is-layout-9d6595d7 wp-block-columns-is-layout-flex\">\n<div class=\"wp-block-column is-layout-flow wp-block-column-is-layout-flow\" style=\"flex-basis:75%\">\n<p>Venha aproveitar sua estadia em Cusco reservando um tour de<strong> via ferrata, o famoso <em>sky bike<\/em> e descida sobre rocha!<\/strong> Essa experi\u00eancia emocionante acontece em Cachimayo, Cusco.<\/p>\n\n\n<div class=\"text-left -mt-2 mb-4 mr-4\" id=\"leer_mas_6a9c19849655b\"><div class=\"leer-mas-contenido pt-2\" style=\"display: none;\"><\/p>\n\n\n\n<p>Voc\u00ea poder\u00e1 se desestressar descendo um penhasco, caminhando pela via ferrata e, por fim, pedalando em uma bicicleta suspensa no ar.<\/p>\n\n\n<p><\/div><a href=\"#\" class=\"leer-mas-boton underline\">Ler mais<\/a><\/div><script>\n        jQuery(document).ready(function($){\n            $(\"#leer_mas_6a9c19849655b .leer-mas-boton\").click(function(e){\n                e.preventDefault();\n                $(\"#leer_mas_6a9c19849655b .leer-mas-contenido\").fadeToggle(\"slow\");\n                if ($(this).text() === \"Ler mais\") {\n                    $(this).text(\"Esconder\");\n                } else {\n                    $(this).text(\"Ler mais\");\n                }\n            });\n        });\n    <\/script>\n\n\n<div class=\"responsive-tabs\">\n<h2 class=\"tabtitle\"><span class=\"fa fa-th-list\"><\/span>ROTA<\/h2>\n<div class=\"tabcontent\">\n\n\n\n\n<div class=\"wp-block-advgb-accordions advgb-accordions-15ca24b8-b3bc-4a83-9c1f-9d5e4b440d37 advgb-accordion-wrapper\" data-collapsed=\"true\">\n<div class=\"wp-block-advgb-accordion-item advgb-accordion-item\" style=\"margin-bottom:15px\"><div class=\"advgb-accordion-header\" style=\"background-color:#daec9c;color:#000000;border-style:solid;border-width:1px;border-radius:2px\"><span class=\"advgb-accordion-header-icon accordion-state\"><svg class=\"advgb-icon-closed\" fill=\"#ffffff\" xmlns=\"http:\/\/www.w3.org\/2000\/svg\" width=\"24\" height=\"24\" viewBox=\"0 0 24 24\"><path fill=\"none\" d=\"M0,0h24v24H0V0z\"><\/path><path d=\"M19,13h-6v6h-2v-6H5v-2h6V5h2v6h6V13z\"><\/path><\/svg><svg class=\"advgb-icon-opened\" fill=\"#ffffff\" xmlns=\"http:\/\/www.w3.org\/2000\/svg\" width=\"24\" height=\"24\" viewBox=\"0 0 24 24\"><path fill=\"none\" d=\"M0,0h24v24H0V0z\"><\/path><path d=\"M19,13H5v-2h14V13z\"><\/path><\/svg><\/span><h4 class=\"advgb-accordion-header-title\" style=\"color:inherit\">Ponto de encontro<\/h4><\/div><div class=\"advgb-accordion-body\" style=\"border-style:solid !important;border-width:1px !important;border-color:undefined !important;border-top:none !important;border-radius:2px !important\">\n<p>Coleta no seu hotel \u00e0s 09:00 ou 13:00, aproximadamente \u2013 se aplic\u00e1vel.<\/p>\n<\/div><\/div>\n\n\n\n<div class=\"wp-block-advgb-accordion-item advgb-accordion-item\" style=\"margin-bottom:15px\"><div class=\"advgb-accordion-header\" style=\"background-color:#daec9c;color:#000000;border-style:solid;border-width:1px;border-radius:2px\"><span class=\"advgb-accordion-header-icon accordion-state\"><svg class=\"advgb-icon-closed\" fill=\"#ffffff\" xmlns=\"http:\/\/www.w3.org\/2000\/svg\" width=\"24\" height=\"24\" viewBox=\"0 0 24 24\"><path fill=\"none\" d=\"M0,0h24v24H0V0z\"><\/path><path d=\"M19,13h-6v6h-2v-6H5v-2h6V5h2v6h6V13z\"><\/path><\/svg><svg class=\"advgb-icon-opened\" fill=\"#ffffff\" xmlns=\"http:\/\/www.w3.org\/2000\/svg\" width=\"24\" height=\"24\" viewBox=\"0 0 24 24\"><path fill=\"none\" d=\"M0,0h24v24H0V0z\"><\/path><path d=\"M19,13H5v-2h14V13z\"><\/path><\/svg><\/span><h4 class=\"advgb-accordion-header-title\" style=\"color:inherit\">Cusco a Cachimayo<\/h4><\/div><div class=\"advgb-accordion-body\" style=\"border-style:solid !important;border-width:1px !important;border-color:undefined !important;border-top:none !important;border-radius:2px !important\">\n<p>Traslado em ve\u00edculo at\u00e9 Cachimayo, aproximadamente 30 minutos.<\/p>\n<\/div><\/div>\n\n\n\n<div class=\"wp-block-advgb-accordion-item advgb-accordion-item\" style=\"margin-bottom:15px\"><div class=\"advgb-accordion-header\" style=\"background-color:#daec9c;color:#000000;border-style:solid;border-width:1px;border-radius:2px\"><span class=\"advgb-accordion-header-icon accordion-state\"><svg class=\"advgb-icon-closed\" fill=\"#ffffff\" xmlns=\"http:\/\/www.w3.org\/2000\/svg\" width=\"24\" height=\"24\" viewBox=\"0 0 24 24\"><path fill=\"none\" d=\"M0,0h24v24H0V0z\"><\/path><path d=\"M19,13h-6v6h-2v-6H5v-2h6V5h2v6h6V13z\"><\/path><\/svg><svg class=\"advgb-icon-opened\" fill=\"#ffffff\" xmlns=\"http:\/\/www.w3.org\/2000\/svg\" width=\"24\" height=\"24\" viewBox=\"0 0 24 24\"><path fill=\"none\" d=\"M0,0h24v24H0V0z\"><\/path><path d=\"M19,13H5v-2h14V13z\"><\/path><\/svg><\/span><h4 class=\"advgb-accordion-header-title\" style=\"color:inherit\">Caminhada<\/h4><\/div><div class=\"advgb-accordion-body\" style=\"border-style:solid !important;border-width:1px !important;border-color:undefined !important;border-top:none !important;border-radius:2px !important\">\n<p>Para chegar ao destino, voc\u00ea far\u00e1 uma caminhada de aproximadamente 15 minutos.<\/p>\n<\/div><\/div>\n\n\n\n<div class=\"wp-block-advgb-accordion-item advgb-accordion-item\" style=\"margin-bottom:15px\"><div class=\"advgb-accordion-header\" style=\"background-color:#daec9c;color:#000000;border-style:solid;border-width:1px;border-radius:2px\"><span class=\"advgb-accordion-header-icon accordion-state\"><svg class=\"advgb-icon-closed\" fill=\"#ffffff\" xmlns=\"http:\/\/www.w3.org\/2000\/svg\" width=\"24\" height=\"24\" viewBox=\"0 0 24 24\"><path fill=\"none\" d=\"M0,0h24v24H0V0z\"><\/path><path d=\"M19,13h-6v6h-2v-6H5v-2h6V5h2v6h6V13z\"><\/path><\/svg><svg class=\"advgb-icon-opened\" fill=\"#ffffff\" xmlns=\"http:\/\/www.w3.org\/2000\/svg\" width=\"24\" height=\"24\" viewBox=\"0 0 24 24\"><path fill=\"none\" d=\"M0,0h24v24H0V0z\"><\/path><path d=\"M19,13H5v-2h14V13z\"><\/path><\/svg><\/span><h4 class=\"advgb-accordion-header-title\" style=\"color:inherit\">V\u00eda Ferrata<\/h4><\/div><div class=\"advgb-accordion-body\" style=\"border-style:solid !important;border-width:1px !important;border-color:undefined !important;border-top:none !important;border-radius:2px !important\">\n<p>A via ferrata \u00e9 uma subida em um penhasco com o apoio de cabos fixos, atingindo uma altura de 45 metros de pura adrenalina.<\/p>\n<\/div><\/div>\n\n\n\n<div class=\"wp-block-advgb-accordion-item advgb-accordion-item\" style=\"margin-bottom:15px\"><div class=\"advgb-accordion-header\" style=\"background-color:#daec9c;color:#000000;border-style:solid;border-width:1px;border-radius:2px\"><span class=\"advgb-accordion-header-icon accordion-state\"><svg class=\"advgb-icon-closed\" fill=\"#ffffff\" xmlns=\"http:\/\/www.w3.org\/2000\/svg\" width=\"24\" height=\"24\" viewBox=\"0 0 24 24\"><path fill=\"none\" d=\"M0,0h24v24H0V0z\"><\/path><path d=\"M19,13h-6v6h-2v-6H5v-2h6V5h2v6h6V13z\"><\/path><\/svg><svg class=\"advgb-icon-opened\" fill=\"#ffffff\" xmlns=\"http:\/\/www.w3.org\/2000\/svg\" width=\"24\" height=\"24\" viewBox=\"0 0 24 24\"><path fill=\"none\" d=\"M0,0h24v24H0V0z\"><\/path><path d=\"M19,13H5v-2h14V13z\"><\/path><\/svg><\/span><h4 class=\"advgb-accordion-header-title\" style=\"color:inherit\">Skybike<\/h4><\/div><div class=\"advgb-accordion-body\" style=\"border-style:solid !important;border-width:1px !important;border-color:undefined !important;border-top:none !important;border-radius:2px !important\">\n<p>Consiste em uma bicicleta a\u00e9rea, que est\u00e1 conectada a cabos de a\u00e7o, garantindo seguran\u00e7a para pedalar e atravessar de um lado para o outro.<\/p>\n<\/div><\/div>\n\n\n\n<div class=\"wp-block-advgb-accordion-item advgb-accordion-item\" style=\"margin-bottom:15px\"><div class=\"advgb-accordion-header\" style=\"background-color:#daec9c;color:#000000;border-style:solid;border-width:1px;border-radius:2px\"><span class=\"advgb-accordion-header-icon accordion-state\"><svg class=\"advgb-icon-closed\" fill=\"#ffffff\" xmlns=\"http:\/\/www.w3.org\/2000\/svg\" width=\"24\" height=\"24\" viewBox=\"0 0 24 24\"><path fill=\"none\" d=\"M0,0h24v24H0V0z\"><\/path><path d=\"M19,13h-6v6h-2v-6H5v-2h6V5h2v6h6V13z\"><\/path><\/svg><svg class=\"advgb-icon-opened\" fill=\"#ffffff\" xmlns=\"http:\/\/www.w3.org\/2000\/svg\" width=\"24\" height=\"24\" viewBox=\"0 0 24 24\"><path fill=\"none\" d=\"M0,0h24v24H0V0z\"><\/path><path d=\"M19,13H5v-2h14V13z\"><\/path><\/svg><\/span><h4 class=\"advgb-accordion-header-title\" style=\"color:inherit\">Descenso<\/h4><\/div><div class=\"advgb-accordion-body\" style=\"border-style:solid !important;border-width:1px !important;border-color:undefined !important;border-top:none !important;border-radius:2px !important\">\n<p>Voc\u00ea far\u00e1 um descenso sobre rocha com todos os equipamentos de seguran\u00e7a. A altura \u00e9 de aproximadamente 25 metros.<\/p>\n<\/div><\/div>\n\n\n\n<div class=\"wp-block-advgb-accordion-item advgb-accordion-item\" style=\"margin-bottom:15px\"><div class=\"advgb-accordion-header\" style=\"background-color:#daec9c;color:#000000;border-style:solid;border-width:1px;border-radius:2px\"><span class=\"advgb-accordion-header-icon accordion-state\"><svg class=\"advgb-icon-closed\" fill=\"#ffffff\" xmlns=\"http:\/\/www.w3.org\/2000\/svg\" width=\"24\" height=\"24\" viewBox=\"0 0 24 24\"><path fill=\"none\" d=\"M0,0h24v24H0V0z\"><\/path><path d=\"M19,13h-6v6h-2v-6H5v-2h6V5h2v6h6V13z\"><\/path><\/svg><svg class=\"advgb-icon-opened\" fill=\"#ffffff\" xmlns=\"http:\/\/www.w3.org\/2000\/svg\" width=\"24\" height=\"24\" viewBox=\"0 0 24 24\"><path fill=\"none\" d=\"M0,0h24v24H0V0z\"><\/path><path d=\"M19,13H5v-2h14V13z\"><\/path><\/svg><\/span><h4 class=\"advgb-accordion-header-title\" style=\"color:inherit\">Retorno a Cusco<\/h4><\/div><div class=\"advgb-accordion-body\" style=\"border-style:solid !important;border-width:1px !important;border-color:undefined !important;border-top:none !important;border-radius:2px !important\">\n<p>Em ve\u00edculo.<\/p>\n<\/div><\/div>\n\n\n\n<div class=\"wp-block-advgb-accordion-item advgb-accordion-item\" style=\"margin-bottom:15px\"><div class=\"advgb-accordion-header\" style=\"background-color:#daec9c;color:#000000;border-style:solid;border-width:1px;border-radius:2px\"><span class=\"advgb-accordion-header-icon accordion-state\"><svg class=\"advgb-icon-closed\" fill=\"#ffffff\" xmlns=\"http:\/\/www.w3.org\/2000\/svg\" width=\"24\" height=\"24\" viewBox=\"0 0 24 24\"><path fill=\"none\" d=\"M0,0h24v24H0V0z\"><\/path><path d=\"M19,13h-6v6h-2v-6H5v-2h6V5h2v6h6V13z\"><\/path><\/svg><svg class=\"advgb-icon-opened\" fill=\"#ffffff\" xmlns=\"http:\/\/www.w3.org\/2000\/svg\" width=\"24\" height=\"24\" viewBox=\"0 0 24 24\"><path fill=\"none\" d=\"M0,0h24v24H0V0z\"><\/path><path d=\"M19,13H5v-2h14V13z\"><\/path><\/svg><\/span><h4 class=\"advgb-accordion-header-title\" style=\"color:inherit\">Local de conclus\u00e3o<\/h4><\/div><div class=\"advgb-accordion-body\" style=\"border-style:solid !important;border-width:1px !important;border-color:undefined !important;border-top:none !important;border-radius:2px !important\">\n<p>Esta excurs\u00e3o termina ao lado da Pra\u00e7a de Armas, aproximadamente tr\u00eas horas depois. Se voc\u00ea reservar um tour privado, deixaremos voc\u00ea no seu hotel.<\/p>\n<\/div><\/div>\n<\/div>\n\n\n\n<\/div><h2 class=\"tabtitle\"><span class=\"fa fa-credit-card\"><\/span>PRE\u00c7O<\/h2>\n<div class=\"tabcontent\">\n\n\n\n\n<p>Os pre\u00e7os mostrados na tabela s\u00e3o:<\/p>\n\n\n\n<ul class=\"wp-block-list\">\n<li>Por pessoa, em d\u00f3lares americanos (US$).<\/li>\n\n\n\n<li>Pers. = pessoas.<\/li>\n\n\n\n<li>Grupal = servi\u00e7o compartilhado com outros turistas.<\/li>\n<\/ul>\n\n\n\n<figure class=\"wp-block-table\"><table><thead><tr><th class=\"has-text-align-center\" data-align=\"center\" rowspan=\"2\"><strong>Pess.<\/strong><\/th><th class=\"has-text-align-center\" data-align=\"center\" colspan=\"2\"><strong>Tipo de passeio<\/strong><\/th><\/tr><tr><th class=\"has-text-align-center\" data-align=\"center\"><strong>Grupo<\/strong><\/th><th class=\"has-text-align-center\" data-align=\"center\"><strong>Privado<\/strong><\/th><\/tr><\/thead><tbody><tr><td class=\"has-text-align-center\" data-align=\"center\">1<\/td><td class=\"has-text-align-center\" data-align=\"center\">$40<\/td><td class=\"has-text-align-center\" data-align=\"center\">$180<\/td><\/tr><tr><td class=\"has-text-align-center\" data-align=\"center\">2<\/td><td class=\"has-text-align-center\" data-align=\"center\">$40<\/td><td class=\"has-text-align-center\" data-align=\"center\">$90<\/td><\/tr><tr><td class=\"has-text-align-center\" data-align=\"center\">3<\/td><td class=\"has-text-align-center\" data-align=\"center\">$40<\/td><td class=\"has-text-align-center\" data-align=\"center\">$80<\/td><\/tr><tr><td class=\"has-text-align-center\" data-align=\"center\">4<\/td><td class=\"has-text-align-center\" data-align=\"center\">$40<\/td><td class=\"has-text-align-center\" data-align=\"center\">$70<\/td><\/tr><tr><td class=\"has-text-align-center\" data-align=\"center\">5<\/td><td class=\"has-text-align-center\" data-align=\"center\">$40<\/td><td class=\"has-text-align-center\" data-align=\"center\">$60<\/td><\/tr><\/tbody><\/table><figcaption class=\"wp-element-caption\">Se o seu grupo for maior que 5 pessoas, \u00a1avise-nos!<\/figcaption><\/figure>\n\n\n\n<\/div><h2 class=\"tabtitle\"><span class=\"fa fa-pencil-square-o\"><\/span>DETALHES<\/h2>\n<div class=\"tabcontent\">\n\n\n\n\n<figure class=\"wp-block-table\"><table><thead><tr><th rowspan=\"2\"><strong>Detalhes<\/strong><\/th><th colspan=\"2\"><strong>Tipo de passeio<\/strong><\/th><\/tr><tr><th><strong>Grupo<\/strong><\/th><th><strong>Privado<\/strong><\/th><\/tr><\/thead><tbody><tr><td>Hor\u00e1rios<\/td><td>&#8211; 09h00 \u00e0s 12h00<br>&#8211; 13h00 \u00e0s 16h00<\/td><td>Voc\u00ea decide<\/td><\/tr><tr><td>Dias<\/td><td>Todos os dias<\/td><td>Todos os dias<\/td><\/tr><tr><td>Idioma<\/td><td>es\/en simultaneamente<\/td><td>en ou es<\/td><\/tr><tr><td>Tamanho<\/td><td>10 a 15 pessoas<\/td><td>Voc\u00ea e seus amigos<\/td><\/tr><\/tbody><\/table><\/figure>\n\n\n\n<div style=\"height:18px\" aria-hidden=\"true\" class=\"wp-block-spacer\"><\/div>\n\n\n\n<figure class=\"wp-block-table\"><table><thead><tr><th rowspan=\"2\"><strong>Inclu\u00eddo<\/strong><\/th><th class=\"has-text-align-center\" data-align=\"center\" colspan=\"2\"><strong>Tipo de passeio<\/strong><\/th><\/tr><tr><th><strong>Grupo<\/strong><\/th><th class=\"has-text-align-center\" data-align=\"center\"><strong>Privado<\/strong><\/th><\/tr><\/thead><tbody><tr><td>Pick-up no seu hotel<\/td><td class=\"has-text-align-center\" data-align=\"center\">\u2705<\/td><td class=\"has-text-align-center\" data-align=\"center\">\u2705<\/td><\/tr><tr><td>Instrutor profissional<\/td><td class=\"has-text-align-center\" data-align=\"center\">\u2705<\/td><td class=\"has-text-align-center\" data-align=\"center\">\u2705<\/td><\/tr><tr><td>Motorista<\/td><td class=\"has-text-align-center\" data-align=\"center\">\u2705<\/td><td class=\"has-text-align-center\" data-align=\"center\">\u2705<\/td><\/tr><tr><td>Ve\u00edculo tur\u00edstico<\/td><td class=\"has-text-align-center\" data-align=\"center\">\u2705<\/td><td class=\"has-text-align-center\" data-align=\"center\">\u2705<\/td><\/tr><tr><td>Servi\u00e7o personalizado<\/td><td class=\"has-text-align-center\" data-align=\"center\">\u274c<\/td><td class=\"has-text-align-center\" data-align=\"center\">\u2705<\/td><\/tr><tr><td>Bicicletas para o <em>Sky Bike.<\/em><\/td><td class=\"has-text-align-center\" data-align=\"center\">\u2705<\/td><td class=\"has-text-align-center\" data-align=\"center\">\u2705<\/td><\/tr><tr><td>Capacete<\/td><td class=\"has-text-align-center\" data-align=\"center\">\u2705<\/td><td class=\"has-text-align-center\" data-align=\"center\">\u2705<\/td><\/tr><tr><td>Arn\u00eas, mosquet\u00f5es.<\/td><td class=\"has-text-align-center\" data-align=\"center\">\u2705<\/td><td class=\"has-text-align-center\" data-align=\"center\">\u2705<\/td><\/tr><tr><td>Servi\u00e7o de v\u00eddeos e fotografias.<\/td><td class=\"has-text-align-center\" data-align=\"center\">\u274c<\/td><td class=\"has-text-align-center\" data-align=\"center\">\u274c<\/td><\/tr><tr><td><em>Drop-off<\/em> no seu hotel<\/td><td class=\"has-text-align-center\" data-align=\"center\">\u274c<\/td><td class=\"has-text-align-center\" data-align=\"center\">\u2705<\/td><\/tr><\/tbody><\/table><\/figure>\n\n\n\n<p><i class=\"fas fa-ban\"><\/i> <strong>Restri\u00e7\u00f5es:<\/strong>:<\/p>\n\n\n\n<ul class=\"wp-block-list\">\n<li>Pessoas com mobilidade reduzida.<\/li>\n\n\n\n<li>Voc\u00ea pode conduzir o sky bike a partir dos 18 anos.<\/li>\n\n\n\n<li>Menores de 18 anos precisar\u00e3o da autoriza\u00e7\u00e3o dos pais.<\/li>\n\n\n\n<li>Peso m\u00e1ximo permitido: 90 kg por pessoa.<\/li>\n\n\n\n<li>Pessoas com fraturas recentes.<\/li>\n\n\n\n<li>Pessoas com problemas na coluna.<\/li>\n\n\n\n<li>Mulheres gr\u00e1vidas.<\/li>\n<\/ul>\n\n\n\n<p><i class=\"far fa-hand-paper\"><\/i> <strong>O que eu trago?<\/strong><\/p>\n\n\n\n<ul class=\"wp-block-list\">\n<li>Su\u00e9teres ou jaquetas.<\/li>\n\n\n\n<li>Sapatos antideslizantes.<\/li>\n\n\n\n<li>Roupas imperme\u00e1veis.<\/li>\n\n\n\n<li>Bon\u00e9s ou chap\u00e9us.<\/li>\n\n\n\n<li>Protetor solar.<\/li>\n\n\n\n<li>\u00d3culos de sol.<\/li>\n\n\n\n<li>Uma garrafa de \u00e1gua.<\/li>\n<\/ul>\n\n\n\n<p> <i class=\"fab fa-whatsapp\"><\/i> <strong>WhatsApp<\/strong>: <\/p>\n\n\n\n<ul class=\"wp-block-list\">\n<li><a href=\"https:\/\/api.whatsapp.com\/send?phone=51958745640&amp;text=Hello%20FWTP,%20can%20you%20help%20me,%20please?\" target=\"_blank\" rel=\"noreferrer noopener nofollow\">+51 958745640&nbsp;<\/a><\/li>\n\n\n\n<li><a href=\"https:\/\/api.whatsapp.com\/send?phone=51984479073&amp;text=Hello%20FWTP,%20can%20you%20help%20me,%20please?\" target=\"_blank\" rel=\"noreferrer noopener nofollow\">+51 984479073<\/a><\/li>\n<\/ul>\n\n\n\n<\/div><h2 class=\"tabtitle\"><span class=\"fa fa-calendar\"><\/span>NOTAS<\/h2>\n<div class=\"tabcontent\">\n\n\n\n\n<div class=\"wp-block-bloque-acordeon-acordeon-container acordeon-container\">\n<div class=\"wp-block-bloque-acordeon-acordeon-item acordeon-item\"><h4 class=\"acordeon-titulo\">Pick-ups e hor\u00e1rios<\/h4><div class=\"acordeon-contenido\">\n<p>Passeios em grupo:<\/p>\n\n\n\n<ul class=\"wp-block-list\">\n<li>Todos os pick-ups (hor\u00e1rios de recolha) e t\u00e9rmino dos passeios s\u00e3o aproximados.<\/li>\n\n\n\n<li>As recolhas aplicam-se apenas a hot\u00e9is localizados no centro hist\u00f3rico.<\/li>\n\n\n\n<li>Seu hor\u00e1rio de coleta depender\u00e1 da localiza\u00e7\u00e3o do seu hotel.<\/li>\n\n\n\n<li>Se estiver fora do centro hist\u00f3rico, vamos combinar um ponto de encontro.<\/li>\n\n\n\n<li>Se for dif\u00edcil para o ve\u00edculo chegar ao seu hotel, vamos combinar um ponto de encontro.<\/li>\n\n\n\n<li>N\u00e3o realizamos recolhas em caso de festivais, greves e tr\u00e1fego de carros.<\/li>\n\n\n\n<li>Vamos organizar todas as recolhas e pontos de encontro um dia antes do seu passeio.<\/li>\n<\/ul>\n\n\n\n<p>Passeios privados:<\/p>\n\n\n\n<ul class=\"wp-block-list\">\n<li>Os pick-ups (recolhas) s\u00e3o pontuais.<\/li>\n\n\n\n<li>As pick-ups aplicam-se a toda a cidade de Cusco.<\/li>\n\n\n\n<li>Vamos organizar todas so pick-ups um dia antes do seu passeio.<\/li>\n\n\n\n<li>O hor\u00e1rio de t\u00e9rmino do passeio ainda \u00e9 aproximado, mas faremos o nosso melhor para terminar o passeio conforme agendado.<\/li>\n<\/ul>\n<\/div><\/div>\n\n\n\n<div class=\"wp-block-bloque-acordeon-acordeon-item acordeon-item\"><h4 class=\"acordeon-titulo\">Tipo de ve\u00edculo e assentos<\/h4><div class=\"acordeon-contenido\">\n<p>Ve\u00edculos:<\/p>\n\n\n\n<ul class=\"wp-block-list\">\n<li>Autorizado pelo Minist\u00e9rio dos Transportes do Peru.<\/li>\n\n\n\n<li>Ve\u00edculos limpos e modernos.<\/li>\n\n\n\n<li>Autom\u00f3veis tipo sedan, 4\u00d74, H1, Van, Renault e Mercedez Benz (depender\u00e1 do tamanho do grupo.<\/li>\n<\/ul>\n\n\n\n<p>Assentos \u2013 passeios em grupo:<\/p>\n\n\n\n<ul class=\"wp-block-list\">\n<li>Voc\u00ea reserva um assento no \u00f4nibus, n\u00e3o um n\u00famero espec\u00edfico de assento.<\/li>\n\n\n\n<li>Se voc\u00ea for recolhido primeiro, ent\u00e3o poder\u00e1 escolher alguns assentos (seu pick-up depender\u00e1 da localiza\u00e7\u00e3o do seu hotel).<\/li>\n\n\n\n<li>Casais sentam juntos em 95% dos casos; no entanto, n\u00e3o podemos garantir que isso acontecer\u00e1 em 100% dos casos.<\/li>\n<\/ul>\n<\/div><\/div>\n\n\n\n<div class=\"wp-block-bloque-acordeon-acordeon-item acordeon-item\"><h4 class=\"acordeon-titulo\">Operabilidade e itiner\u00e1rio<\/h4><div class=\"acordeon-contenido\">\n<p>Este passeio est\u00e1 sujeito a varia\u00e7\u00f5es sem aviso pr\u00e9vio, devido a condi\u00e7\u00f5es clim\u00e1ticas, greves e qualquer outro evento que n\u00e3o permita a opera\u00e7\u00e3o normal do passeio. Consulte tamb\u00e9m nossos&nbsp;<a href=\"https:\/\/freewalkingtoursperu.com\/pt-br\/termos-condicoes\/\" target=\"_blank\" rel=\"noreferrer noopener\">termos<\/a>.<a href=\"https:\/\/www.forbes.com\/sites\/laurabegleybloom\/2018\/12\/18\/the-cheapest-places-to-travel-in-2019\/?sh=21becc0e787a\"><\/a><\/p>\n<\/div><\/div>\n<\/div>\n\n\n\n<\/div><h2 class=\"tabtitle\"><span class=\"fa fa-calendar\"><\/span>CANCELAMENTOS<\/h2>\n<div class=\"tabcontent\">\n\n\n\n\n<p>O cancelamento do passeio \u00e9 gratuito desde que seja feito com pelo menos 48 horas de anteced\u00eancia; caso contr\u00e1rio, cobraremos 100% do pre\u00e7o do passeio. Consulte tamb\u00e9m nossos <a href=\"https:\/\/freewalkingtoursperu.com\/pt-br\/termos-condicoes\/\" target=\"_blank\" rel=\"noreferrer noopener\">termos<\/a>.<\/p>\n\n\n\n<\/div><h2 class=\"urltab\"><a href=\"#reviews\"><span class=\"fa fa-comments-o\"><\/span>AVALIA\u00c7\u00d5ES<\/a><\/h2>\n<div class=\"tabcontent\">\n\n\n\n\n<p>Por favor, role para baixo para ver as avalia\u00e7\u00f5es.<\/p>\n\n\n<\/div><\/div>\n<\/div>\n\n\n\n<div class=\"wp-block-column is-layout-flow wp-block-column-is-layout-flow\" style=\"flex-basis:25%\">\n<div class=\"wp-block-group\"><div class=\"wp-block-group__inner-container is-layout-constrained wp-block-group-is-layout-constrained\"><div class='mb-10'>\n\t    \n\t\t<div class='flex gap-1'>\n\t\t\t\t<div class='flex-auto'>\n\t\t\t\t\t<a href='https:\/\/www.forbes.com\/sites\/laurabegleybloom\/2018\/12\/18\/the-cheapest-places-to-travel-in-2019\/?sh=21becc0e787a'><img src=https:\/\/freewalkingtoursperu.com\/wp-content\/themes\/fwtp\/img\/logo-forbes.png alt='logo forbes' class='w-full h-auto xl:h-12'><\/a>\n\t\t\t\t<\/div>\n\t\t\t\t<div class='flex-auto'>\n\t\t\t\t\t<a href='https:\/\/www.tripadvisor.com\/Attraction_Review-g294314-d19259754-Reviews-Free_Walking_Tours_Peru-Cusco_Cusco_Region.html'><img src=https:\/\/freewalkingtoursperu.com\/wp-content\/themes\/fwtp\/img\/logo-tripadvisor.png alt='logo tripadvisor' class='w-full h-auto xl:h-12'><\/a>\n\t\t\t\t<\/div>\n\t\t<\/div>\n\t\t<div class='text-center'>\n\t\t\t<a href='#'><img src=https:\/\/freewalkingtoursperu.com\/wp-content\/themes\/fwtp\/img\/logo-free-walking-tours-peru-ministerio-turismo.png width='100%' alt='logo ministerio del comercio exterior' class='mt-1'><\/a>\n\t\t<\/div>\n\n\t <\/div>\n\n\n\n<!--Markup for citys-->\n\n<div id=\"tour-block_488a6ed92c92e676265e200d4b699394\" class=\"tour\">\n\n            <div class=''>\n\t            <div class='flex rounded-t shadow'>\n\t\t\t        <div class='px-3 py-2 rounded-tl bg-black text-white text-lg mb-0  font-semibold font-nunito'>Sem sobretaxas<\/div>\n\t\t\t        <div class='px-1 py-2 rounded-tr flex-auto font-nunito font-semibold bg-fwtp text-lg text-black  mb-0 text-center'>Desde $40<\/div>\n\t\t\t    <\/div>\n\t        <\/div>\n<\/div>\n\n\n\n\n<div class=\"wpcf7 no-js\" id=\"wpcf7-f19678-o1\" lang=\"en-US\" dir=\"ltr\" data-wpcf7-id=\"19678\">\n<div class=\"screen-reader-response\"><p role=\"status\" aria-live=\"polite\" aria-atomic=\"true\"><\/p> <ul><\/ul><\/div>\n<form action=\"\/pt-br\/wp-json\/wp\/v2\/pages\/52786#wpcf7-f19678-o1\" method=\"post\" class=\"wpcf7-form init\" aria-label=\"Contact form\" novalidate=\"novalidate\" data-status=\"init\">\n<fieldset class=\"hidden-fields-container\"><input type=\"hidden\" name=\"_wpcf7\" value=\"19678\" \/><input type=\"hidden\" name=\"_wpcf7_version\" value=\"6.1.7\" \/><input type=\"hidden\" name=\"_wpcf7_locale\" value=\"en_US\" \/><input type=\"hidden\" name=\"_wpcf7_unit_tag\" value=\"wpcf7-f19678-o1\" \/><input type=\"hidden\" name=\"_wpcf7_container_post\" value=\"0\" \/><input type=\"hidden\" name=\"_wpcf7_posted_data_hash\" value=\"\" \/><input type=\"hidden\" name=\"_wpcf7dtx_version\" value=\"5.0.7\" \/>\n<\/fieldset>\n<input class=\"wpcf7-form-control wpcf7-hidden\" value=\"20\" type=\"hidden\" name=\"Id_Walks\" \/>\n<input class=\"wpcf7-form-control wpcf7-hidden\" value=\"f67307baf34cfd812b0040851d2819f333ca02a7\" type=\"hidden\" name=\"Ncode\" \/>\n<div id=\"form\" class=\"box-form border rounded-bottom shadow bg-white p-3\">\n      <span class=\"wpcf7-form-control-wrap page-title\" data-name=\"page-title\"><input type=\"hidden\" name=\"page-title\" class=\"wpcf7-form-control wpcf7-hidden wpcf7dtx wpcf7dtx-hidden\" aria-invalid=\"false\" value=\"V\u00eda Ferrata, Sky Bike e Descida sobre rocha\"><\/span>\n <div class=\"form-group\">\n           <span class=\"wpcf7-form-control-wrap page-title\" data-name=\"page-title\"><input type=\"text\" name=\"page-title\" class=\"wpcf7-form-control wpcf7-text wpcf7dtx wpcf7dtx-text form-control form-control-sm\" aria-invalid=\"false\" value=\"V\u00eda Ferrata, Sky Bike e Descida sobre rocha\"><\/span>\n      <\/div>\n      <div class=\"form-group\">\n        <p>Data:  <span class=\"wpcf7-form-control-wrap\" data-name=\"date-free\"><input size=\"40\" maxlength=\"400\" class=\"wpcf7-form-control wpcf7-text form-control form-control-sm fwt\" aria-invalid=\"false\" placeholder=\"dd\/mm\/yyyy\" value=\"\" type=\"text\" name=\"date-free\" \/><\/span><\/p>\n       <\/div>\n  <div class=\"form-group\">\n         <span class=\"wpcf7-form-control-wrap\" data-name=\"size\"><select class=\"wpcf7-form-control wpcf7-select wpcf7-validates-as-required form-control form-control-sm\" aria-required=\"true\" aria-invalid=\"false\" name=\"size\"><option value=\"\">Quantos est\u00e3o no seu grupo?<\/option><option value=\"1\">1<\/option><option value=\"2\">2<\/option><option value=\"3\">3<\/option><option value=\"4\">4<\/option><option value=\"5\">5<\/option><option value=\"6\">6<\/option><option value=\"7\">7<\/option><option value=\"8\">8<\/option><option value=\"9\">9<\/option><option value=\"10\">10<\/option><\/select><\/span>\n      <\/div>\n       <div class=\"form-group\">\n        <span class=\"wpcf7-form-control-wrap\" data-name=\"name-free\"><input size=\"40\" maxlength=\"400\" class=\"wpcf7-form-control wpcf7-text wpcf7-validates-as-required form-control form-control-sm\" aria-required=\"true\" aria-invalid=\"false\" placeholder=\"Nome e sobrenome\" value=\"\" type=\"text\" name=\"name-free\" \/><\/span>\n      <\/div>\n      <div class=\"form-group\">\n          <span class=\"wpcf7-form-control-wrap\" data-name=\"email-free\"><input size=\"40\" maxlength=\"400\" class=\"wpcf7-form-control wpcf7-email wpcf7-validates-as-required wpcf7-text wpcf7-validates-as-email form-control form-control-sm\" aria-required=\"true\" aria-invalid=\"false\" placeholder=\"E-mail\" value=\"\" type=\"email\" name=\"email-free\" \/><\/span>\n      <\/div>\n<div class=\"form-group\">\n          <span class=\"wpcf7-form-control-wrap\" data-name=\"Whatsapp\"><input size=\"40\" class=\"wpcf7-form-control wpcf7-phonetext wpcf7-validates-as-required wpcf7-text wpcf7-validates-as-phonetext form-control form-control-sm\" aria-required=\"true\" aria-invalid=\"false\" placeholder=\"Whatsapp\" value=\"\" type=\"text\" name=\"Whatsapp\" \/><input type=\"hidden\" name=\"Whatsapp-country-code\" class=\"wpcf7-phonetext-country-code\" \/><\/span>\n      <\/div>\n       <div class=\"form-group\">\n         <span class=\"wpcf7-form-control-wrap\" data-name=\"your-message\"><textarea cols=\"7\" rows=\"5\" maxlength=\"2000\" class=\"wpcf7-form-control wpcf7-textarea form-control form-control-sm\" aria-invalid=\"false\" placeholder=\"Escreva aqui qualquer informa\u00e7\u00e3o adicional: Hotel, prefer\u00eancia por um tour privado, tours adicionais, crian\u00e7as, idosos, etc.\" name=\"your-message\"><\/textarea><\/span>\n      <\/div>\n        <div class=\"form-group text-center\">\n          <p class=\"text-center\"><input class=\"wpcf7-form-control wpcf7-submit has-spinner btn btn-lg px-5 btn-free\" type=\"submit\" value=\"Cote agora!\" \/><\/p>\n          \n        <\/div>\n\n<\/div><div class=\"wpcf7-response-output\" aria-hidden=\"true\"><\/div>\n<\/form>\n<\/div>\n\n<\/div><\/div>\n<\/div>\n<\/div>\n\n\n<div class='bg-white border p-3 shadow my-3' id='reviews' ><\/p>\n\n\n\n<h2 class=\"wp-block-heading\" id=\"reviews-009bf618-1525-4de9-95e4-c35333e5f797\">Redes Sociais<\/h2>\n\n\n\n<p>\u2b50<a href=\"https:\/\/www.tripadvisor.com.pe\/Attraction_Review-g294314-d19259754-Reviews-Free_Walking_Tours_Peru-Cusco_Cusco_Region.html\" target=\"_blank\" rel=\"noreferrer noopener\">TripAdvisor:<\/a> 100 coment\u00e1rios <strong>|<\/strong> \u2b50<a href=\"https:\/\/goo.gl\/maps\/wsiq2tZwnEwsdhFZA\" target=\"_blank\" rel=\"noreferrer noopener\">Google Maps:<\/a> 100 coment\u00e1rios <strong>|<\/strong> \u2b50<a href=\"https:\/\/www.facebook.com\/freewalkingtourscusco\/\" target=\"_blank\" rel=\"noreferrer noopener\">Facebook:<\/a> 160 coment\u00e1rios <strong>|<\/strong> \u2b50<a href=\"https:\/\/www.instagram.com\/freewalkingtourscusco\/\" target=\"_blank\" rel=\"noreferrer noopener\">Instagram:<\/a> 700 seguidores <strong>|<\/strong> \u2b50<a href=\"https:\/\/www.youtube.com\/channel\/UCdHL6ZDqMvigxpIl5dMf9dQ\" target=\"_blank\" rel=\"noreferrer noopener\">YouTube:<\/a> Assista a v\u00eddeos reais <strong>|<\/strong> \u2b50<a href=\"https:\/\/freewalkingtoursperu.com\/pt-br\/sobre-nos\/\">Viajantes:<\/a> + de 54,750 turistas<\/p>\n\n\n<p> <\/div>\n","protected":false},"excerpt":{"rendered":"<p>Venha aproveitar sua estadia em Cusco reservando um tour de via ferrata, o famoso sky bike e descida sobre rocha! Essa experi\u00eancia emocionante acontece em Cachimayo, Cusco. Os pre\u00e7os mostrados na tabela s\u00e3o: Pess. Tipo de passeio Grupo Privado 1 $40 $180 2 $40 $90 3 $40 $80 4 $40 $70 5 $40 $60 Se [&hellip;]<\/p>\n","protected":false},"author":1,"featured_media":0,"parent":52555,"menu_order":0,"comment_status":"closed","ping_status":"closed","template":"page-tour-pay.php","meta":{"_acf_changed":false,"advgb_blocks_editor_width":"full","advgb_blocks_columns_visual_guide":"","footnotes":""},"class_list":["post-52786","page","type-page","status-publish","hentry"],"acf":[],"yoast_head":"<!-- This site is optimized with the Yoast SEO plugin v28.4 - https:\/\/yoast.com\/product\/yoast-seo-wordpress\/ -->\n<title>Tour de Via Ferrata, Sky Bike e Descida sobre Rocha em Cusco<\/title>\n<meta name=\"description\" content=\"Desfrute do Tour de descida sobre rocha, via ferrata e sky bike que Cachimayo oferece. Este circuito combina 3 experi\u00eancias emocionantes em uma \u00fanica aventura!\" \/>\n<meta name=\"robots\" content=\"index, follow, max-snippet:-1, max-image-preview:large, max-video-preview:-1\" \/>\n<link rel=\"canonical\" href=\"https:\/\/freewalkingtoursperu.com\/pt-br\/passeios-aventura-cusco\/passeio-de-escalada-via-ferrata-sky-bike-cachimayo\/\" \/>\n<meta property=\"og:locale\" content=\"pt_BR\" \/>\n<meta property=\"og:type\" content=\"article\" \/>\n<meta property=\"og:title\" content=\"Tour de Via Ferrata, Sky Bike e Descida sobre Rocha em Cusco\" \/>\n<meta property=\"og:description\" content=\"Desfrute do Tour de descida sobre rocha, via ferrata e sky bike que Cachimayo oferece. Este circuito combina 3 experi\u00eancias emocionantes em uma \u00fanica aventura!\" \/>\n<meta property=\"og:url\" content=\"https:\/\/freewalkingtoursperu.com\/pt-br\/passeios-aventura-cusco\/passeio-de-escalada-via-ferrata-sky-bike-cachimayo\/\" \/>\n<meta property=\"og:site_name\" content=\"Free Walking Tours Peru\" \/>\n<meta property=\"article:modified_time\" content=\"2026-06-19T00:06:17+00:00\" \/>\n<meta name=\"twitter:card\" content=\"summary_large_image\" \/>\n<meta name=\"twitter:label1\" content=\"Est. tempo de leitura\" \/>\n\t<meta name=\"twitter:data1\" content=\"4 minutos\" \/>\n<script type=\"application\/ld+json\" class=\"yoast-schema-graph\">{\"@context\":\"https:\\\/\\\/schema.org\",\"@graph\":[{\"@type\":\"WebPage\",\"@id\":\"https:\\\/\\\/freewalkingtoursperu.com\\\/pt-br\\\/passeios-aventura-cusco\\\/passeio-de-escalada-via-ferrata-sky-bike-cachimayo\\\/\",\"url\":\"https:\\\/\\\/freewalkingtoursperu.com\\\/pt-br\\\/passeios-aventura-cusco\\\/passeio-de-escalada-via-ferrata-sky-bike-cachimayo\\\/\",\"name\":\"Tour de Via Ferrata, Sky Bike e Descida sobre Rocha em Cusco\",\"isPartOf\":{\"@id\":\"https:\\\/\\\/freewalkingtoursperu.com\\\/pt-br\\\/#website\"},\"datePublished\":\"2024-11-09T23:01:51+00:00\",\"dateModified\":\"2026-06-19T00:06:17+00:00\",\"description\":\"Desfrute do Tour de descida sobre rocha, via ferrata e sky bike que Cachimayo oferece. Este circuito combina 3 experi\u00eancias emocionantes em uma \u00fanica aventura!\",\"breadcrumb\":{\"@id\":\"https:\\\/\\\/freewalkingtoursperu.com\\\/pt-br\\\/passeios-aventura-cusco\\\/passeio-de-escalada-via-ferrata-sky-bike-cachimayo\\\/#breadcrumb\"},\"inLanguage\":\"pt-BR\",\"potentialAction\":[{\"@type\":\"ReadAction\",\"target\":[\"https:\\\/\\\/freewalkingtoursperu.com\\\/pt-br\\\/passeios-aventura-cusco\\\/passeio-de-escalada-via-ferrata-sky-bike-cachimayo\\\/\"]}]},{\"@type\":\"BreadcrumbList\",\"@id\":\"https:\\\/\\\/freewalkingtoursperu.com\\\/pt-br\\\/passeios-aventura-cusco\\\/passeio-de-escalada-via-ferrata-sky-bike-cachimayo\\\/#breadcrumb\",\"itemListElement\":[{\"@type\":\"ListItem\",\"position\":1,\"name\":\"Home\",\"item\":\"https:\\\/\\\/freewalkingtoursperu.com\\\/pt-br\\\/\"},{\"@type\":\"ListItem\",\"position\":2,\"name\":\"Passeios de aventura em Cusco\",\"item\":\"https:\\\/\\\/freewalkingtoursperu.com\\\/pt-br\\\/passeios-aventura-cusco\\\/\"},{\"@type\":\"ListItem\",\"position\":3,\"name\":\"V\u00eda Ferrata, Sky Bike e Descida sobre rocha\"}]},{\"@type\":\"WebSite\",\"@id\":\"https:\\\/\\\/freewalkingtoursperu.com\\\/pt-br\\\/#website\",\"url\":\"https:\\\/\\\/freewalkingtoursperu.com\\\/pt-br\\\/\",\"name\":\"Free Walking Tours Peru\",\"description\":\"\",\"publisher\":{\"@id\":\"https:\\\/\\\/freewalkingtoursperu.com\\\/pt-br\\\/#organization\"},\"potentialAction\":[{\"@type\":\"SearchAction\",\"target\":{\"@type\":\"EntryPoint\",\"urlTemplate\":\"https:\\\/\\\/freewalkingtoursperu.com\\\/pt-br\\\/?s={search_term_string}\"},\"query-input\":{\"@type\":\"PropertyValueSpecification\",\"valueRequired\":true,\"valueName\":\"search_term_string\"}}],\"inLanguage\":\"pt-BR\"},{\"@type\":\"Organization\",\"@id\":\"https:\\\/\\\/freewalkingtoursperu.com\\\/pt-br\\\/#organization\",\"name\":\"Free Walking Tours Peru\",\"url\":\"https:\\\/\\\/freewalkingtoursperu.com\\\/pt-br\\\/\",\"logo\":{\"@type\":\"ImageObject\",\"inLanguage\":\"pt-BR\",\"@id\":\"https:\\\/\\\/freewalkingtoursperu.com\\\/pt-br\\\/#\\\/schema\\\/logo\\\/image\\\/\",\"url\":\"https:\\\/\\\/freewalkingtoursperu.com\\\/wp-content\\\/uploads\\\/2026\\\/02\\\/logo-freeorg.svg\",\"contentUrl\":\"https:\\\/\\\/freewalkingtoursperu.com\\\/wp-content\\\/uploads\\\/2026\\\/02\\\/logo-freeorg.svg\",\"caption\":\"Free Walking Tours Peru\"},\"image\":{\"@id\":\"https:\\\/\\\/freewalkingtoursperu.com\\\/pt-br\\\/#\\\/schema\\\/logo\\\/image\\\/\"}}]}<\/script>\n<!-- \/ Yoast SEO plugin. -->","yoast_head_json":{"title":"Tour de Via Ferrata, Sky Bike e Descida sobre Rocha em Cusco","description":"Desfrute do Tour de descida sobre rocha, via ferrata e sky bike que Cachimayo oferece. Este circuito combina 3 experi\u00eancias emocionantes em uma \u00fanica aventura!","robots":{"index":"index","follow":"follow","max-snippet":"max-snippet:-1","max-image-preview":"max-image-preview:large","max-video-preview":"max-video-preview:-1"},"canonical":"https:\/\/freewalkingtoursperu.com\/pt-br\/passeios-aventura-cusco\/passeio-de-escalada-via-ferrata-sky-bike-cachimayo\/","og_locale":"pt_BR","og_type":"article","og_title":"Tour de Via Ferrata, Sky Bike e Descida sobre Rocha em Cusco","og_description":"Desfrute do Tour de descida sobre rocha, via ferrata e sky bike que Cachimayo oferece. Este circuito combina 3 experi\u00eancias emocionantes em uma \u00fanica aventura!","og_url":"https:\/\/freewalkingtoursperu.com\/pt-br\/passeios-aventura-cusco\/passeio-de-escalada-via-ferrata-sky-bike-cachimayo\/","og_site_name":"Free Walking Tours Peru","article_modified_time":"2026-06-19T00:06:17+00:00","twitter_card":"summary_large_image","twitter_misc":{"Est. tempo de leitura":"4 minutos"},"schema":{"@context":"https:\/\/schema.org","@graph":[{"@type":"WebPage","@id":"https:\/\/freewalkingtoursperu.com\/pt-br\/passeios-aventura-cusco\/passeio-de-escalada-via-ferrata-sky-bike-cachimayo\/","url":"https:\/\/freewalkingtoursperu.com\/pt-br\/passeios-aventura-cusco\/passeio-de-escalada-via-ferrata-sky-bike-cachimayo\/","name":"Tour de Via Ferrata, Sky Bike e Descida sobre Rocha em Cusco","isPartOf":{"@id":"https:\/\/freewalkingtoursperu.com\/pt-br\/#website"},"datePublished":"2024-11-09T23:01:51+00:00","dateModified":"2026-06-19T00:06:17+00:00","description":"Desfrute do Tour de descida sobre rocha, via ferrata e sky bike que Cachimayo oferece. Este circuito combina 3 experi\u00eancias emocionantes em uma \u00fanica aventura!","breadcrumb":{"@id":"https:\/\/freewalkingtoursperu.com\/pt-br\/passeios-aventura-cusco\/passeio-de-escalada-via-ferrata-sky-bike-cachimayo\/#breadcrumb"},"inLanguage":"pt-BR","potentialAction":[{"@type":"ReadAction","target":["https:\/\/freewalkingtoursperu.com\/pt-br\/passeios-aventura-cusco\/passeio-de-escalada-via-ferrata-sky-bike-cachimayo\/"]}]},{"@type":"BreadcrumbList","@id":"https:\/\/freewalkingtoursperu.com\/pt-br\/passeios-aventura-cusco\/passeio-de-escalada-via-ferrata-sky-bike-cachimayo\/#breadcrumb","itemListElement":[{"@type":"ListItem","position":1,"name":"Home","item":"https:\/\/freewalkingtoursperu.com\/pt-br\/"},{"@type":"ListItem","position":2,"name":"Passeios de aventura em Cusco","item":"https:\/\/freewalkingtoursperu.com\/pt-br\/passeios-aventura-cusco\/"},{"@type":"ListItem","position":3,"name":"V\u00eda Ferrata, Sky Bike e Descida sobre rocha"}]},{"@type":"WebSite","@id":"https:\/\/freewalkingtoursperu.com\/pt-br\/#website","url":"https:\/\/freewalkingtoursperu.com\/pt-br\/","name":"Free Walking Tours Peru","description":"","publisher":{"@id":"https:\/\/freewalkingtoursperu.com\/pt-br\/#organization"},"potentialAction":[{"@type":"SearchAction","target":{"@type":"EntryPoint","urlTemplate":"https:\/\/freewalkingtoursperu.com\/pt-br\/?s={search_term_string}"},"query-input":{"@type":"PropertyValueSpecification","valueRequired":true,"valueName":"search_term_string"}}],"inLanguage":"pt-BR"},{"@type":"Organization","@id":"https:\/\/freewalkingtoursperu.com\/pt-br\/#organization","name":"Free Walking Tours Peru","url":"https:\/\/freewalkingtoursperu.com\/pt-br\/","logo":{"@type":"ImageObject","inLanguage":"pt-BR","@id":"https:\/\/freewalkingtoursperu.com\/pt-br\/#\/schema\/logo\/image\/","url":"https:\/\/freewalkingtoursperu.com\/wp-content\/uploads\/2026\/02\/logo-freeorg.svg","contentUrl":"https:\/\/freewalkingtoursperu.com\/wp-content\/uploads\/2026\/02\/logo-freeorg.svg","caption":"Free Walking Tours Peru"},"image":{"@id":"https:\/\/freewalkingtoursperu.com\/pt-br\/#\/schema\/logo\/image\/"}}]}},"coauthors":[],"author_meta":{"author_link":"https:\/\/freewalkingtoursperu.com\/pt-br\/blog\/author\/adminfwt\/","display_name":"FWTP"},"relative_dates":{"created":"Publicado 2 anos atr\u00e1s","modified":"Atualizado 3 meses atr\u00e1s"},"absolute_dates":{"created":"Publicado em 9 novembro, 2024","modified":"Atualizado em 18 junho, 2026"},"absolute_dates_time":{"created":"Publicado em 9 novembro, 2024 6:01 pm","modified":"Atualizado em 18 junho, 2026 7:06 pm"},"featured_img_caption":"","featured_img":false,"series_order":"","_links":{"self":[{"href":"https:\/\/freewalkingtoursperu.com\/pt-br\/wp-json\/wp\/v2\/pages\/52786","targetHints":{"allow":["GET"]}}],"collection":[{"href":"https:\/\/freewalkingtoursperu.com\/pt-br\/wp-json\/wp\/v2\/pages"}],"about":[{"href":"https:\/\/freewalkingtoursperu.com\/pt-br\/wp-json\/wp\/v2\/types\/page"}],"author":[{"embeddable":true,"href":"https:\/\/freewalkingtoursperu.com\/pt-br\/wp-json\/wp\/v2\/users\/1"}],"replies":[{"embeddable":true,"href":"https:\/\/freewalkingtoursperu.com\/pt-br\/wp-json\/wp\/v2\/comments?post=52786"}],"version-history":[{"count":1,"href":"https:\/\/freewalkingtoursperu.com\/pt-br\/wp-json\/wp\/v2\/pages\/52786\/revisions"}],"predecessor-version":[{"id":71804,"href":"https:\/\/freewalkingtoursperu.com\/pt-br\/wp-json\/wp\/v2\/pages\/52786\/revisions\/71804"}],"up":[{"embeddable":true,"href":"https:\/\/freewalkingtoursperu.com\/pt-br\/wp-json\/wp\/v2\/pages\/52555"}],"wp:attachment":[{"href":"https:\/\/freewalkingtoursperu.com\/pt-br\/wp-json\/wp\/v2\/media?parent=52786"}],"curies":[{"name":"wp","href":"https:\/\/api.w.org\/{rel}","templated":true}]}}