{"id":56063,"date":"2025-01-06T18:32:47","date_gmt":"2025-01-06T23:32:47","guid":{"rendered":"https:\/\/freewalkingtoursperu.com\/?page_id=56063"},"modified":"2026-06-17T22:51:29","modified_gmt":"2026-06-18T03:51:29","slug":"passeio-fotografico-a-pe-por-cusco","status":"publish","type":"page","link":"https:\/\/freewalkingtoursperu.com\/pt-br\/tours-cusco\/passeio-fotografico-a-pe-por-cusco\/","title":{"rendered":"Tour fotogr\u00e1fico a p\u00e9 por Cusco"},"content":{"rendered":"\n<!--Markup for citys-->\n\n<div id=\"tour-block_aa99642f3916489a6f42992b0d616e24\" class=\"toursweb flex flex-col-reverse md:flex-col\">\n\n\n        <div class=\"container mb-2\">          \n                        <div class=\"mt-6\">\n                        <p id=\"breadcrumbs\" class=\"mb-0\"><span><span><a href=\"https:\/\/freewalkingtoursperu.com\/pt-br\/\">Home<\/a><\/span><\/span><\/p>                        <\/div>\n            \n\n                    <h1 class=\"text-xl xl:text-3xl mb-2 font-bold text-gray-800\"> Tour fotogr\u00e1fico a p\u00e9 por Cusco<\/h1>\n                                        <div class=\"flex gap-3 mb-4\">\n                            <span>\n                                <i class='fas fa-star text-yellow-400'><\/i> \n                                <i class='fas fa-star text-yellow-400'><\/i> \n                                <i class='fas fa-star text-yellow-400'><\/i> \n                                <i class='fas fa-star text-yellow-400'><\/i> \n                                <i class='fas fa-star text-yellow-400'><\/i>  \n                            <\/span>\n                            <span> \n                                <i class=\"far fa-user text-gray-700\"><\/i> <a href=\"#reviews\"> <span class=\"text-sky-600 font-nunito\">55 viajantes<\/span> <\/a>\n                            <\/span>\n\n                            <span> \n                            <i class=\"far fa-clock text-gray-700\"><\/i>  <span class=\"text-gray-800 font-nunito\">2.5 h<\/span> \n                            <\/span>\n\n                            <span> \n                                <i class=\"far fa-comment text-gray-700\"><\/i> \n                                    <span class=\"mr-1 text-sm flag-icon flag-icon-es\"><\/span>                            <\/span>\n                        <\/div>\n                              \n        <\/div>\n\n    \n\n\n        <div class=\"relative mb-2 mt-2\">\n\n                    \n                        <div id=\"lightgallery\" class=\"flex flex-wrap img-large\"> \n                                                            <a class=\"w-2\/12 img-small xl:block hidden\" href=\"https:\/\/freewalkingtoursperu.com\/wp-content\/uploads\/2024\/12\/tour-fotografico-a-pie-por-cusco.webp\"  data-sub-html=\"\">\n                                <img decoding=\"async\" src=\"https:\/\/freewalkingtoursperu.com\/wp-content\/uploads\/2024\/12\/tour-fotografico-a-pie-por-cusco.webp\" class=\"cursor-pointer rounded w-full object-cover\"  alt=\"Tour fotogr\u00e1fico a pie por Cusco\">\n                                <\/a>\n                                                            <a class=\"w-2\/12 img-small xl:block hidden\" href=\"https:\/\/freewalkingtoursperu.com\/wp-content\/uploads\/2024\/03\/private-walks-cusco.jpg\"  data-sub-html=\"\">\n                                <img decoding=\"async\" src=\"https:\/\/freewalkingtoursperu.com\/wp-content\/uploads\/2024\/03\/private-walks-cusco.jpg\" class=\"cursor-pointer rounded w-full object-cover\"  alt=\"private walking tour cusco\">\n                                <\/a>\n                                                            <a class=\"w-2\/12 img-small xl:block hidden\" href=\"https:\/\/freewalkingtoursperu.com\/wp-content\/uploads\/2020\/11\/cusco-private-tours-and-walks-2-1.jpg\"  data-sub-html=\"\">\n                                <img decoding=\"async\" src=\"https:\/\/freewalkingtoursperu.com\/wp-content\/uploads\/2020\/11\/cusco-private-tours-and-walks-2-1.jpg\" class=\"cursor-pointer rounded w-full object-cover\"  alt=\"private tours cusco\">\n                                <\/a>\n                                                            <a class=\"w-2\/12 img-small xl:block hidden\" href=\"https:\/\/freewalkingtoursperu.com\/wp-content\/uploads\/2020\/11\/cusco-private-tours-and-walks-4-1.jpg\"  data-sub-html=\"\">\n                                <img decoding=\"async\" src=\"https:\/\/freewalkingtoursperu.com\/wp-content\/uploads\/2020\/11\/cusco-private-tours-and-walks-4-1.jpg\" class=\"cursor-pointer rounded w-full object-cover\"  alt=\"private tours cusco\">\n                                <\/a>\n                                                            <a class=\"w-2\/12 img-small xl:block hidden\" href=\"https:\/\/freewalkingtoursperu.com\/wp-content\/uploads\/2020\/11\/cusco-private-tours-and-walks-3-1.jpg\"  data-sub-html=\"\">\n                                <img decoding=\"async\" src=\"https:\/\/freewalkingtoursperu.com\/wp-content\/uploads\/2020\/11\/cusco-private-tours-and-walks-3-1.jpg\" class=\"cursor-pointer rounded w-full object-cover\"  alt=\"private tours cusco\">\n                                <\/a>\n                                                            <a class=\"w-2\/12 img-small xl:block hidden\" href=\"https:\/\/freewalkingtoursperu.com\/wp-content\/uploads\/2020\/11\/cusco-private-tours-and-walks-1-1.jpg\"  data-sub-html=\"\">\n                                <img decoding=\"async\" src=\"https:\/\/freewalkingtoursperu.com\/wp-content\/uploads\/2020\/11\/cusco-private-tours-and-walks-1-1.jpg\" class=\"cursor-pointer rounded w-full object-cover\"  alt=\"private tours cusco\">\n                                <\/a>\n                                                            <a class=\"w-2\/12 img-small xl:block hidden\" href=\"https:\/\/freewalkingtoursperu.com\/wp-content\/uploads\/2022\/11\/tour-privado-cusco-a-pie-2.jpg\"  data-sub-html=\"\">\n                                <img decoding=\"async\" src=\"https:\/\/freewalkingtoursperu.com\/wp-content\/uploads\/2022\/11\/tour-privado-cusco-a-pie-2.jpg\" class=\"cursor-pointer rounded w-full object-cover\"  alt=\"private walking tour cusco\">\n                                <\/a>\n                                                            <a class=\"w-2\/12 img-small xl:block hidden\" href=\"https:\/\/freewalkingtoursperu.com\/wp-content\/uploads\/2022\/11\/tour-privado-cusco-a-pie.jpg\"  data-sub-html=\"\">\n                                <img decoding=\"async\" src=\"https:\/\/freewalkingtoursperu.com\/wp-content\/uploads\/2022\/11\/tour-privado-cusco-a-pie.jpg\" class=\"cursor-pointer rounded w-full object-cover\"  alt=\"private walking tour cusco\">\n                                <\/a>\n                             \n\n                        <\/div>\n\n                    \n                    \n                        \n        <\/div>\n\n\n<\/div>\n\n\n\n\n<!--Markup for citys-->\n\n<div id=\"tour-block_485e3513fcabc8f2c7dd5ee6321b6a0a\" class=\"tour\">\n\n           \n                <div class=\"flex flex-wrap pl-5 xl:pl-0 gap-8 justify-start xl:justify-center items-center pb-5 py-2 border-b-gray-300 border-b mb-5\">\n                            \n                                    \n                                    <div class=\"pr-0 xl:pr-5 item-details\">\n                                        <img decoding=\"async\" src=\"https:\/\/freewalkingtoursperu.com\/wp-content\/uploads\/2024\/02\/local-website.png\" class=\"w-10 float-left mr-2\" alt=\"bg home\">\n                                        <div class=\"inline-block\">\n                                            <span class=\"font-nunito text-gray-900 font-bold text-sm inline-block\"> Site local<\/span>\n                                            <span class=\"font-nunito text-xs block font-bold text-gray-500\"> SEM INTERMEDI\u00c1RIOS<\/span>\n                                        <\/div>\n\n                                        <\/div>\n\n                            \n                                    \n                                    <div class=\"pr-0 xl:pr-5 item-details\">\n                                        <img decoding=\"async\" src=\"https:\/\/freewalkingtoursperu.com\/wp-content\/uploads\/2024\/02\/maximum-walkers-last.png\" class=\"w-10 float-left mr-2\" alt=\"bg home\">\n                                        <div class=\"inline-block\">\n                                            <span class=\"font-nunito text-gray-900 font-bold text-sm inline-block\"> 100% privado<\/span>\n                                            <span class=\"font-nunito text-xs block font-bold text-gray-500\"> TAMANHO<\/span>\n                                        <\/div>\n\n                                        <\/div>\n\n                            \n                                    \n                                    <div class=\"pr-0 xl:pr-5 item-details\">\n                                        <img decoding=\"async\" src=\"https:\/\/freewalkingtoursperu.com\/wp-content\/uploads\/2024\/02\/altitude3.png\" class=\"w-10 float-left mr-2\" alt=\"bg home\">\n                                        <div class=\"inline-block\">\n                                            <span class=\"font-nunito text-gray-900 font-bold text-sm inline-block\"> 3.400 m<\/span>\n                                            <span class=\"font-nunito text-xs block font-bold text-gray-500\"> ALTITUDE M\u00c1X.<\/span>\n                                        <\/div>\n\n                                        <\/div>\n\n                            \n                                    \n                                    <div class=\"pr-0 xl:pr-5 item-details\">\n                                        <img decoding=\"async\" src=\"https:\/\/freewalkingtoursperu.com\/wp-content\/uploads\/2024\/02\/difficulty-last.png\" class=\"w-10 float-left mr-2\" alt=\"bg home\">\n                                        <div class=\"inline-block\">\n                                            <span class=\"font-nunito text-gray-900 font-bold text-sm inline-block\"> F\u00e1cil<\/span>\n                                            <span class=\"font-nunito text-xs block font-bold text-gray-500\"> DIFICULDADE<\/span>\n                                        <\/div>\n\n                                        <\/div>\n\n                                                    \n                        \n                        \n               \n            <\/div>\n            \n<\/div>\n\n\n\n\n<div class=\"wp-block-columns is-layout-flex wp-container-core-columns-is-layout-9d6595d7 wp-block-columns-is-layout-flex\">\n<div class=\"wp-block-column is-layout-flow wp-block-column-is-layout-flow\" style=\"flex-basis:75%\">\n<p>Se voc\u00ea quer que suas imagens de Cusco sejam excelentes e se tornem<strong> um sucesso nas redes sociais<\/strong>, reserve<strong> nosso inovador tour fotogr\u00e1fico a p\u00e9 <\/strong>pelo Centro Hist\u00f3rico, onde um <strong>fot\u00f3grafo especializado<\/strong> tirar\u00e1 as melhores fotos de voc\u00ea.<\/p>\n\n\n\n<p>As diversas loca\u00e7\u00f5es do centro hist\u00f3rico de uma cidade que \u00e9 Patrim\u00f4nio Cultural da Humanidade ajudar\u00e3o seu fot\u00f3grafo a aproveitar ao m\u00e1ximo a luz, sombras, contrastes, perspectiva, planos panor\u00e2micos, etc.<\/p>\n\n\n\n<p>Todos s\u00e3o bem-vindos neste passeio para capturar as melhores imagens de <strong>uma cidade \u00fanica no mundo.<\/strong><\/p>\n\n\n<div class=\"responsive-tabs\">\n<h2 class=\"tabtitle\"><span class=\"fa fa-th-list\"><\/span>ROTA<\/h2>\n<div class=\"tabcontent\">\n\n\n\n\n<div class=\"wp-block-advgb-accordions advgb-accordions-dd4000d0-4b28-4a29-84c5-5939e1408a6b advgb-accordion-wrapper\" data-collapsed=\"true\">\n<div class=\"wp-block-advgb-accordion-item advgb-accordion-item\" style=\"margin-bottom:15px\"><div class=\"advgb-accordion-header\" style=\"background-color:#daec9c;color:#000000;border-style:solid;border-width:1px;border-radius:2px\"><span class=\"advgb-accordion-header-icon accordion-state\"><svg class=\"advgb-icon-closed\" fill=\"#ffffff\" xmlns=\"http:\/\/www.w3.org\/2000\/svg\" width=\"24\" height=\"24\" viewBox=\"0 0 24 24\"><path fill=\"none\" d=\"M0,0h24v24H0V0z\"><\/path><path d=\"M19,13h-6v6h-2v-6H5v-2h6V5h2v6h6V13z\"><\/path><\/svg><svg class=\"advgb-icon-opened\" fill=\"#ffffff\" xmlns=\"http:\/\/www.w3.org\/2000\/svg\" width=\"24\" height=\"24\" viewBox=\"0 0 24 24\"><path fill=\"none\" d=\"M0,0h24v24H0V0z\"><\/path><path d=\"M19,13H5v-2h14V13z\"><\/path><\/svg><\/span><h4 class=\"advgb-accordion-header-title\" style=\"color:inherit\">Ponto de encontro<\/h4><\/div><div class=\"advgb-accordion-body\" style=\"border-style:solid !important;border-width:1px !important;border-color:undefined !important;border-top:none !important;border-radius:2px !important\">\n<p>N\u00f3s te pegaremos no seu hotel \u00e0s <strong>9h30 ou 14h30<\/strong>, apenas para acomoda\u00e7\u00f5es localizadas no Centro Hist\u00f3rico de Cusco. Se voc\u00ea estiver hospedado em outra \u00e1rea da cidade, combinaremos um ponto de encontro acess\u00edvel e seguro para voc\u00ea.<\/p>\n\n\n\n<p>Para mais informa\u00e7\u00f5es, leia a aba <strong>Detalhes e Notas<\/strong>.<\/p>\n<\/div><\/div>\n\n\n\n<div class=\"wp-block-advgb-accordion-item advgb-accordion-item\" style=\"margin-bottom:15px\"><div class=\"advgb-accordion-header\" style=\"background-color:#daec9c;color:#000000;border-style:solid;border-width:1px;border-radius:2px\"><span class=\"advgb-accordion-header-icon accordion-state\"><svg class=\"advgb-icon-closed\" fill=\"#ffffff\" xmlns=\"http:\/\/www.w3.org\/2000\/svg\" width=\"24\" height=\"24\" viewBox=\"0 0 24 24\"><path fill=\"none\" d=\"M0,0h24v24H0V0z\"><\/path><path d=\"M19,13h-6v6h-2v-6H5v-2h6V5h2v6h6V13z\"><\/path><\/svg><svg class=\"advgb-icon-opened\" fill=\"#ffffff\" xmlns=\"http:\/\/www.w3.org\/2000\/svg\" width=\"24\" height=\"24\" viewBox=\"0 0 24 24\"><path fill=\"none\" d=\"M0,0h24v24H0V0z\"><\/path><path d=\"M19,13H5v-2h14V13z\"><\/path><\/svg><\/span><h4 class=\"advgb-accordion-header-title\" style=\"color:inherit\">Plaza de Armas<\/h4><\/div><div class=\"advgb-accordion-body\" style=\"border-style:solid !important;border-width:1px !important;border-color:undefined !important;border-top:none !important;border-radius:2px !important\">\n<p>Prepare a c\u00e2mera e procure<strong> seus primeiros alvos<\/strong> no Centro Hist\u00f3rico de Cusco. Neste espa\u00e7o urbano, voc\u00ea encontrar\u00e1 <strong>mais de uma loca\u00e7\u00e3o<\/strong> para fazer excelentes imagens, seguindo as recomenda\u00e7\u00f5es e <strong>dicas do seu fot\u00f3grafo<\/strong> profissional.<\/p>\n<\/div><\/div>\n\n\n\n<div class=\"wp-block-advgb-accordion-item advgb-accordion-item\" style=\"margin-bottom:15px\"><div class=\"advgb-accordion-header\" style=\"background-color:#daec9c;color:#000000;border-style:solid;border-width:1px;border-radius:2px\"><span class=\"advgb-accordion-header-icon accordion-state\"><svg class=\"advgb-icon-closed\" fill=\"#ffffff\" xmlns=\"http:\/\/www.w3.org\/2000\/svg\" width=\"24\" height=\"24\" viewBox=\"0 0 24 24\"><path fill=\"none\" d=\"M0,0h24v24H0V0z\"><\/path><path d=\"M19,13h-6v6h-2v-6H5v-2h6V5h2v6h6V13z\"><\/path><\/svg><svg class=\"advgb-icon-opened\" fill=\"#ffffff\" xmlns=\"http:\/\/www.w3.org\/2000\/svg\" width=\"24\" height=\"24\" viewBox=\"0 0 24 24\"><path fill=\"none\" d=\"M0,0h24v24H0V0z\"><\/path><path d=\"M19,13H5v-2h14V13z\"><\/path><\/svg><\/span><h4 class=\"advgb-accordion-header-title\" style=\"color:inherit\">Rua do Sol (calle de Loreto)<\/h4><\/div><div class=\"advgb-accordion-body\" style=\"border-style:solid !important;border-width:1px !important;border-color:undefined !important;border-top:none !important;border-radius:2px !important\">\n<p>Ao terminar a sess\u00e3o na pra\u00e7a, voc\u00ea caminhar\u00e1 em dire\u00e7\u00e3o ao Intikijllu ou Callej\u00f3n do Sol, que se destaca por suas <strong>impressionantes paredes incas. <\/strong>Esta via \u00e9 perfeita para <strong>fazer fotos em perspectiva<\/strong> e detalhes das pedras utilizadas pelos incas.<\/p>\n<\/div><\/div>\n\n\n\n<div class=\"wp-block-advgb-accordion-item advgb-accordion-item\" style=\"margin-bottom:15px\"><div class=\"advgb-accordion-header\" style=\"background-color:#daec9c;color:#000000;border-style:solid;border-width:1px;border-radius:2px\"><span class=\"advgb-accordion-header-icon accordion-state\"><svg class=\"advgb-icon-closed\" fill=\"#ffffff\" xmlns=\"http:\/\/www.w3.org\/2000\/svg\" width=\"24\" height=\"24\" viewBox=\"0 0 24 24\"><path fill=\"none\" d=\"M0,0h24v24H0V0z\"><\/path><path d=\"M19,13h-6v6h-2v-6H5v-2h6V5h2v6h6V13z\"><\/path><\/svg><svg class=\"advgb-icon-opened\" fill=\"#ffffff\" xmlns=\"http:\/\/www.w3.org\/2000\/svg\" width=\"24\" height=\"24\" viewBox=\"0 0 24 24\"><path fill=\"none\" d=\"M0,0h24v24H0V0z\"><\/path><path d=\"M19,13H5v-2h14V13z\"><\/path><\/svg><\/span><h4 class=\"advgb-accordion-header-title\" style=\"color:inherit\">\u00c1trio da Catedral<\/h4><\/div><div class=\"advgb-accordion-body\" style=\"border-style:solid !important;border-width:1px !important;border-color:undefined !important;border-top:none !important;border-radius:2px !important\">\n<p>A Catedral de Cusco, que foi erguida sobre um pal\u00e1cio inca, \u00e9 <strong>um desafio fotogr\u00e1fico.<\/strong> Preste aten\u00e7\u00e3o aos detalhes de sua fachada e procure o \u00e2ngulo perfeito para que sua <strong>frente entre na sua imagem.<\/strong><\/p>\n<\/div><\/div>\n\n\n\n<div class=\"wp-block-advgb-accordion-item advgb-accordion-item\" style=\"margin-bottom:15px\"><div class=\"advgb-accordion-header\" style=\"background-color:#daec9c;color:#000000;border-style:solid;border-width:1px;border-radius:2px\"><span class=\"advgb-accordion-header-icon accordion-state\"><svg class=\"advgb-icon-closed\" fill=\"#ffffff\" xmlns=\"http:\/\/www.w3.org\/2000\/svg\" width=\"24\" height=\"24\" viewBox=\"0 0 24 24\"><path fill=\"none\" d=\"M0,0h24v24H0V0z\"><\/path><path d=\"M19,13h-6v6h-2v-6H5v-2h6V5h2v6h6V13z\"><\/path><\/svg><svg class=\"advgb-icon-opened\" fill=\"#ffffff\" xmlns=\"http:\/\/www.w3.org\/2000\/svg\" width=\"24\" height=\"24\" viewBox=\"0 0 24 24\"><path fill=\"none\" d=\"M0,0h24v24H0V0z\"><\/path><path d=\"M19,13H5v-2h14V13z\"><\/path><\/svg><\/span><h4 class=\"advgb-accordion-header-title\" style=\"color:inherit\">Plazoleta de las Nazarenas<\/h4><\/div><div class=\"advgb-accordion-body\" style=\"border-style:solid !important;border-width:1px !important;border-color:undefined !important;border-top:none !important;border-radius:2px !important\">\n<p>Suas pr\u00f3ximas fotos ser\u00e3o feitas na Pra\u00e7a das Nazarenas, localizada a 300 metros da Plaza de Armas. Aqui voc\u00ea<strong> encontrar\u00e1 v\u00e1rios pontos de interesse<\/strong>, como a Igreja de S\u00e3o Ant\u00f4nio Abade e as <strong>casonas coloniais Cabrera e da Torre.<\/strong><\/p>\n<\/div><\/div>\n\n\n\n<div class=\"wp-block-advgb-accordion-item advgb-accordion-item\" style=\"margin-bottom:15px\"><div class=\"advgb-accordion-header\" style=\"background-color:#daec9c;color:#000000;border-style:solid;border-width:1px;border-radius:2px\"><span class=\"advgb-accordion-header-icon accordion-state\"><svg class=\"advgb-icon-closed\" fill=\"#ffffff\" xmlns=\"http:\/\/www.w3.org\/2000\/svg\" width=\"24\" height=\"24\" viewBox=\"0 0 24 24\"><path fill=\"none\" d=\"M0,0h24v24H0V0z\"><\/path><path d=\"M19,13h-6v6h-2v-6H5v-2h6V5h2v6h6V13z\"><\/path><\/svg><svg class=\"advgb-icon-opened\" fill=\"#ffffff\" xmlns=\"http:\/\/www.w3.org\/2000\/svg\" width=\"24\" height=\"24\" viewBox=\"0 0 24 24\"><path fill=\"none\" d=\"M0,0h24v24H0V0z\"><\/path><path d=\"M19,13H5v-2h14V13z\"><\/path><\/svg><\/span><h4 class=\"advgb-accordion-header-title\" style=\"color:inherit\">Piedra de los 12 \u00e1ngulos<\/h4><\/div><div class=\"advgb-accordion-body\" style=\"border-style:solid !important;border-width:1px !important;border-color:undefined !important;border-top:none !important;border-radius:2px !important\">\n<p>\u00c9 um dos lugares mais visitados de Cusco e um <strong>desafio para a sua criatividade fotogr\u00e1fica.<\/strong> Seu fot\u00f3grafo encontrar\u00e1 <strong>uma abordagem inovadora <\/strong>para que voc\u00ea tenha a melhor foto com essa pedra localizada na rua Hatun Rumiyoc, no caminho para o bairro de San Blas.<\/p>\n<\/div><\/div>\n\n\n\n<div class=\"wp-block-advgb-accordion-item advgb-accordion-item\" style=\"margin-bottom:15px\"><div class=\"advgb-accordion-header\" style=\"background-color:#daec9c;color:#000000;border-style:solid;border-width:1px;border-radius:2px\"><span class=\"advgb-accordion-header-icon accordion-state\"><svg class=\"advgb-icon-closed\" fill=\"#ffffff\" xmlns=\"http:\/\/www.w3.org\/2000\/svg\" width=\"24\" height=\"24\" viewBox=\"0 0 24 24\"><path fill=\"none\" d=\"M0,0h24v24H0V0z\"><\/path><path d=\"M19,13h-6v6h-2v-6H5v-2h6V5h2v6h6V13z\"><\/path><\/svg><svg class=\"advgb-icon-opened\" fill=\"#ffffff\" xmlns=\"http:\/\/www.w3.org\/2000\/svg\" width=\"24\" height=\"24\" viewBox=\"0 0 24 24\"><path fill=\"none\" d=\"M0,0h24v24H0V0z\"><\/path><path d=\"M19,13H5v-2h14V13z\"><\/path><\/svg><\/span><h4 class=\"advgb-accordion-header-title\" style=\"color:inherit\">Cuesta de San Blas<\/h4><\/div><div class=\"advgb-accordion-body\" style=\"border-style:solid !important;border-width:1px !important;border-color:undefined !important;border-top:none !important;border-radius:2px !important\">\n<p>O caminho que une a Plaza de Armas ao bairro de artes\u00e3os de San Blas \u00e9 <strong>um prazer para os amantes da fotografia<\/strong>. Mantenha os olhos bem abertos \u2014 seu fot\u00f3grafo ter\u00e1 a c\u00e2mera pronta para registrar as melhores fotos das ruas, casas, ateli\u00eas e galerias junto a voc\u00ea.&nbsp;<\/p>\n<\/div><\/div>\n\n\n\n<div class=\"wp-block-advgb-accordion-item advgb-accordion-item\" style=\"margin-bottom:15px\"><div class=\"advgb-accordion-header\" style=\"background-color:#daec9c;color:#000000;border-style:solid;border-width:1px;border-radius:2px\"><span class=\"advgb-accordion-header-icon accordion-state\"><svg class=\"advgb-icon-closed\" fill=\"#ffffff\" xmlns=\"http:\/\/www.w3.org\/2000\/svg\" width=\"24\" height=\"24\" viewBox=\"0 0 24 24\"><path fill=\"none\" d=\"M0,0h24v24H0V0z\"><\/path><path d=\"M19,13h-6v6h-2v-6H5v-2h6V5h2v6h6V13z\"><\/path><\/svg><svg class=\"advgb-icon-opened\" fill=\"#ffffff\" xmlns=\"http:\/\/www.w3.org\/2000\/svg\" width=\"24\" height=\"24\" viewBox=\"0 0 24 24\"><path fill=\"none\" d=\"M0,0h24v24H0V0z\"><\/path><path d=\"M19,13H5v-2h14V13z\"><\/path><\/svg><\/span><h4 class=\"advgb-accordion-header-title\" style=\"color:inherit\">Mirante de San Blas<\/h4><\/div><div class=\"advgb-accordion-body\" style=\"border-style:solid !important;border-width:1px !important;border-color:undefined !important;border-top:none !important;border-radius:2px !important\">\n<p>Neste ponto, voc\u00ea<strong> n\u00e3o precisar\u00e1 de um drone<\/strong> para fazer fotos panor\u00e2micas do Centro Hist\u00f3rico de Cusco e do bairro de San Blas. Este \u00e9 o lugar ideal para uma foto panor\u00e2mica com o bairro de San Blas<\/p>\n<\/div><\/div>\n\n\n\n<div class=\"wp-block-advgb-accordion-item advgb-accordion-item\" style=\"margin-bottom:15px\"><div class=\"advgb-accordion-header\" style=\"background-color:#daec9c;color:#000000;border-style:solid;border-width:1px;border-radius:2px\"><span class=\"advgb-accordion-header-icon accordion-state\"><svg class=\"advgb-icon-closed\" fill=\"#ffffff\" xmlns=\"http:\/\/www.w3.org\/2000\/svg\" width=\"24\" height=\"24\" viewBox=\"0 0 24 24\"><path fill=\"none\" d=\"M0,0h24v24H0V0z\"><\/path><path d=\"M19,13h-6v6h-2v-6H5v-2h6V5h2v6h6V13z\"><\/path><\/svg><svg class=\"advgb-icon-opened\" fill=\"#ffffff\" xmlns=\"http:\/\/www.w3.org\/2000\/svg\" width=\"24\" height=\"24\" viewBox=\"0 0 24 24\"><path fill=\"none\" d=\"M0,0h24v24H0V0z\"><\/path><path d=\"M19,13H5v-2h14V13z\"><\/path><\/svg><\/span><h4 class=\"advgb-accordion-header-title\" style=\"color:inherit\">Aqueduto de Sapantiana<\/h4><\/div><div class=\"advgb-accordion-body\" style=\"border-style:solid !important;border-width:1px !important;border-color:undefined !important;border-top:none !important;border-radius:2px !important\">\n<p>\u00c9 um canal da \u00e9poca colonial que j\u00e1 n\u00e3o est\u00e1 em funcionamento, mas esta obra est\u00e1 intacta. O aqueduto tem arcos, escadas e diferentes n\u00edveis. \u00c9 um bom lugar para <strong>aprender a &#8216;congelar&#8217; o movimento <\/strong>da \u00e1gua.<\/p>\n<\/div><\/div>\n\n\n\n<div class=\"wp-block-advgb-accordion-item advgb-accordion-item\" style=\"margin-bottom:15px\"><div class=\"advgb-accordion-header\" style=\"background-color:#daec9c;color:#000000;border-style:solid;border-width:1px;border-radius:2px\"><span class=\"advgb-accordion-header-icon accordion-state\"><svg class=\"advgb-icon-closed\" fill=\"#ffffff\" xmlns=\"http:\/\/www.w3.org\/2000\/svg\" width=\"24\" height=\"24\" viewBox=\"0 0 24 24\"><path fill=\"none\" d=\"M0,0h24v24H0V0z\"><\/path><path d=\"M19,13h-6v6h-2v-6H5v-2h6V5h2v6h6V13z\"><\/path><\/svg><svg class=\"advgb-icon-opened\" fill=\"#ffffff\" xmlns=\"http:\/\/www.w3.org\/2000\/svg\" width=\"24\" height=\"24\" viewBox=\"0 0 24 24\"><path fill=\"none\" d=\"M0,0h24v24H0V0z\"><\/path><path d=\"M19,13H5v-2h14V13z\"><\/path><\/svg><\/span><h4 class=\"advgb-accordion-header-title\" style=\"color:inherit\">Rua Siete Borreguitos<\/h4><\/div><div class=\"advgb-accordion-body\" style=\"border-style:solid !important;border-width:1px !important;border-color:undefined !important;border-top:none !important;border-radius:2px !important\">\n<p>\u00c9 uma rua estreita, escalonada e ladeada por <strong>pitorescas constru\u00e7\u00f5es coloniais.<\/strong> Preste aten\u00e7\u00e3o nas portas, janelas e nos vasos de flores que decoram a via.&#8221;<\/p>\n<\/div><\/div>\n\n\n\n<div class=\"wp-block-advgb-accordion-item advgb-accordion-item\" style=\"margin-bottom:15px\"><div class=\"advgb-accordion-header\" style=\"background-color:#daec9c;color:#000000;border-style:solid;border-width:1px;border-radius:2px\"><span class=\"advgb-accordion-header-icon accordion-state\"><svg class=\"advgb-icon-closed\" fill=\"#ffffff\" xmlns=\"http:\/\/www.w3.org\/2000\/svg\" width=\"24\" height=\"24\" viewBox=\"0 0 24 24\"><path fill=\"none\" d=\"M0,0h24v24H0V0z\"><\/path><path d=\"M19,13h-6v6h-2v-6H5v-2h6V5h2v6h6V13z\"><\/path><\/svg><svg class=\"advgb-icon-opened\" fill=\"#ffffff\" xmlns=\"http:\/\/www.w3.org\/2000\/svg\" width=\"24\" height=\"24\" viewBox=\"0 0 24 24\"><path fill=\"none\" d=\"M0,0h24v24H0V0z\"><\/path><path d=\"M19,13H5v-2h14V13z\"><\/path><\/svg><\/span><h4 class=\"advgb-accordion-header-title\" style=\"color:inherit\">Pal\u00e1cio inca de Qolqanpata<\/h4><\/div><div class=\"advgb-accordion-body\" style=\"border-style:solid !important;border-width:1px !important;border-color:undefined !important;border-top:none !important;border-radius:2px !important\">\n<p>Foi <strong>o<\/strong> <strong>pal\u00e1cio de Manco C\u00e1pac<\/strong>, o primeiro inca. Qolqanpata significa &#8216;O terra\u00e7o dos armaz\u00e9ns ou celeiros&#8217;. \u00c9 o lugar ideal para <strong>praticar fotografia arqueol\u00f3gica.<\/strong><\/p>\n<\/div><\/div>\n\n\n\n<div class=\"wp-block-advgb-accordion-item advgb-accordion-item\" style=\"margin-bottom:15px\"><div class=\"advgb-accordion-header\" style=\"background-color:#daec9c;color:#000000;border-style:solid;border-width:1px;border-radius:2px\"><span class=\"advgb-accordion-header-icon accordion-state\"><svg class=\"advgb-icon-closed\" fill=\"#ffffff\" xmlns=\"http:\/\/www.w3.org\/2000\/svg\" width=\"24\" height=\"24\" viewBox=\"0 0 24 24\"><path fill=\"none\" d=\"M0,0h24v24H0V0z\"><\/path><path d=\"M19,13h-6v6h-2v-6H5v-2h6V5h2v6h6V13z\"><\/path><\/svg><svg class=\"advgb-icon-opened\" fill=\"#ffffff\" xmlns=\"http:\/\/www.w3.org\/2000\/svg\" width=\"24\" height=\"24\" viewBox=\"0 0 24 24\"><path fill=\"none\" d=\"M0,0h24v24H0V0z\"><\/path><path d=\"M19,13H5v-2h14V13z\"><\/path><\/svg><\/span><h4 class=\"advgb-accordion-header-title\" style=\"color:inherit\">Mirante de San Crist\u00f3bal<\/h4><\/div><div class=\"advgb-accordion-body\" style=\"border-style:solid !important;border-width:1px !important;border-color:undefined !important;border-top:none !important;border-radius:2px !important\">\n<p>\u00c9 o encerramento perfeito do tour fotogr\u00e1fico. De San Crist\u00f3bal, voc\u00ea ter\u00e1<strong> vistas panor\u00e2micas<\/strong> da Plaza de Armas e de toda a cidade de Cusco.<\/p>\n<\/div><\/div>\n\n\n\n<div class=\"wp-block-advgb-accordion-item advgb-accordion-item\" style=\"margin-bottom:15px\"><div class=\"advgb-accordion-header\" style=\"background-color:#daec9c;color:#000000;border-style:solid;border-width:1px;border-radius:2px\"><span class=\"advgb-accordion-header-icon accordion-state\"><svg class=\"advgb-icon-closed\" fill=\"#ffffff\" xmlns=\"http:\/\/www.w3.org\/2000\/svg\" width=\"24\" height=\"24\" viewBox=\"0 0 24 24\"><path fill=\"none\" d=\"M0,0h24v24H0V0z\"><\/path><path d=\"M19,13h-6v6h-2v-6H5v-2h6V5h2v6h6V13z\"><\/path><\/svg><svg class=\"advgb-icon-opened\" fill=\"#ffffff\" xmlns=\"http:\/\/www.w3.org\/2000\/svg\" width=\"24\" height=\"24\" viewBox=\"0 0 24 24\"><path fill=\"none\" d=\"M0,0h24v24H0V0z\"><\/path><path d=\"M19,13H5v-2h14V13z\"><\/path><\/svg><\/span><h4 class=\"advgb-accordion-header-title\" style=\"color:inherit\">Local de conclus\u00e3o<\/h4><\/div><div class=\"advgb-accordion-body\" style=\"border-style:solid !important;border-width:1px !important;border-color:undefined !important;border-top:none !important;border-radius:2px !important\">\n<p>O tour<strong> termina no mirante de San Crist\u00f3bal<\/strong>, no Centro Hist\u00f3rico, \u00e0s <strong>12h00 <\/strong>ou <strong>16h30<\/strong>. A partir deste local, voc\u00ea poder\u00e1 voltar a p\u00e9 para o seu hotel ou tamb\u00e9m pegar um t\u00e1xi.<\/p>\n\n\n\n<p><em>N\u00f3s enviaremos as fotos para voc\u00ea por e-mail, sem que percam sua qualidade.<\/em><\/p>\n<\/div><\/div>\n<\/div>\n\n\n\n<\/div><h2 class=\"tabtitle\"><span class=\"fa fa-credit-card\"><\/span>PRE\u00c7O<\/h2>\n<div class=\"tabcontent\">\n\n\n\n\n<p>Os pre\u00e7os apresentados na tabela s\u00e3o:<\/p>\n\n\n\n<ul class=\"wp-block-list\">\n<li>Por pessoa em d\u00f3lares americanos ($).<\/li>\n\n\n\n<li>Pess. = pessoas.<\/li>\n<\/ul>\n\n\n\n<figure class=\"wp-block-table\"><table><thead><tr><th class=\"has-text-align-center\" data-align=\"center\"><strong>Pess.<\/strong><\/th><th class=\"has-text-align-center\" data-align=\"center\"><strong>Tour fotogr\u00e1fico privado<\/strong><\/th><\/tr><\/thead><tbody><tr><td class=\"has-text-align-center\" data-align=\"center\">1<\/td><td class=\"has-text-align-center\" data-align=\"center\">$50<\/td><\/tr><tr><td class=\"has-text-align-center\" data-align=\"center\">2<\/td><td class=\"has-text-align-center\" data-align=\"center\">$25<\/td><\/tr><tr><td class=\"has-text-align-center\" data-align=\"center\">3<\/td><td class=\"has-text-align-center\" data-align=\"center\">$23<\/td><\/tr><tr><td class=\"has-text-align-center\" data-align=\"center\">4<\/td><td class=\"has-text-align-center\" data-align=\"center\">$20<\/td><\/tr><tr><td class=\"has-text-align-center\" data-align=\"center\">5<\/td><td class=\"has-text-align-center\" data-align=\"center\">$18<\/td><\/tr><\/tbody><\/table><\/figure>\n\n\n\n<\/div><h2 class=\"tabtitle\"><span class=\"fa fa-pencil-square-o\"><\/span>DETALHES<\/h2>\n<div class=\"tabcontent\">\n\n\n\n\n<p><i class=\"fas fa-th\"><\/i> <strong>Tipo de tour: <\/strong>100% privado.<\/p>\n\n\n\n<p><i class=\"far fa-clock\"><\/i> <strong>Hor\u00e1rios:<\/strong> <\/p>\n\n\n\n<ul class=\"wp-block-list\">\n<li>Todos os dias: 09h30 \u00e0s 12h00.<\/li>\n\n\n\n<li>Segunda a s\u00e1bado: 14h00 \u00e0s 16h30.<\/li>\n\n\n\n<li>Outros hor\u00e1rios dispon\u00edveis mediante solicita\u00e7\u00e3o.<\/li>\n<\/ul>\n\n\n\n<p><i class=\"far fa-comment\"><\/i> <strong>Idioma:<\/strong><\/p>\n\n\n\n<ul class=\"wp-block-list\">\n<li>Somente em espanhol.<\/li>\n\n\n\n<li>Se voc\u00ea fala apenas ingl\u00eas, n\u00e3o ter\u00e1 problemas, pois este servi\u00e7o inclui somente a captura de fotos profissionais.<\/li>\n<\/ul>\n\n\n\n<p><i class=\"fab fa-accessible-icon\"><\/i> <strong>Acessibilidade:<\/strong> N\u00e3o \u00e9 apto para pessoas com mobilidade reduzida.<\/p>\n\n\n\n<p><i class=\"far fa-check-circle\"><\/i> <strong>Inclu\u00eddo:<\/strong> <\/p>\n\n\n\n<ul class=\"wp-block-list\">\n<li>Fot\u00f3grafo profissional com mais de 5 anos de experi\u00eancia.<\/li>\n\n\n\n<li>C\u00e2mera fotogr\u00e1fica profissional (n\u00e3o \u00e9 celular).<\/li>\n\n\n\n<li>Busca no seu hotel (desde que voc\u00ea esteja no centro hist\u00f3rico).<\/li>\n<\/ul>\n\n\n\n<p><i class=\"far fa-times-circle\"><\/i> <strong>N\u00e3o incluso:<\/strong><\/p>\n\n\n\n<ul class=\"wp-block-list\">\n<li>Guia (considere que o tour \u00e9 sobre fotografia, n\u00e3o sobre hist\u00f3ria).<\/li>\n\n\n\n<li>Gorjetas (opcional).<\/li>\n\n\n\n<li>Transporte veicular.<\/li>\n\n\n\n<li>Devolu\u00e7\u00e3o no seu hotel.<\/li>\n<\/ul>\n\n\n\n<p><i class=\"far fa-hand-paper\"><\/i> <strong>O que eu trago?<\/strong><\/p>\n\n\n\n<ul class=\"wp-block-list\">\n<li>Su\u00e9teres ou jaquetas.<\/li>\n\n\n\n<li>Sapatos antiderrapantes.<\/li>\n\n\n\n<li>Capas de chuva.<\/li>\n\n\n\n<li>Bon\u00e9s ou chap\u00e9us.<\/li>\n\n\n\n<li>Protetor solar.<\/li>\n\n\n\n<li>Oculos de sol.<\/li>\n\n\n\n<li>Uma garrafa de \u00e1gua.<\/li>\n\n\n\n<li>Moeda local.<\/li>\n<\/ul>\n\n\n\n<p> <i class=\"fab fa-whatsapp\"><\/i> <strong>WhatsApp<\/strong>: <\/p>\n\n\n\n<ul class=\"wp-block-list\">\n<li><a href=\"https:\/\/api.whatsapp.com\/send?phone=51958745640&amp;text=Hello%20FWTP,%20can%20you%20help%20me,%20please?\" target=\"_blank\" rel=\"noreferrer noopener nofollow\">+51 958745640&nbsp;<\/a><\/li>\n\n\n\n<li><a href=\"https:\/\/api.whatsapp.com\/send?phone=51984479073&amp;text=Hello%20FWTP,%20can%20you%20help%20me,%20please?\" target=\"_blank\" rel=\"noreferrer noopener nofollow\">+51 984479073<\/a><\/li>\n<\/ul>\n\n\n\n<\/div><h2 class=\"tabtitle\"><span class=\"fa fa-calendar\"><\/span>NOTAS<\/h2>\n<div class=\"tabcontent\">\n\n\n\n\n<div class=\"wp-block-bloque-acordeon-acordeon-container acordeon-container\">\n<div class=\"wp-block-bloque-acordeon-acordeon-item acordeon-item\"><h4 class=\"acordeon-titulo\">Itiner\u00e1rio<\/h4><div class=\"acordeon-contenido\">\n<p>A sequ\u00eancia das visitas aos atrativos depender\u00e1 do fot\u00f3grafo e da localiza\u00e7\u00e3o da sua hospedagem.<\/p>\n<\/div><\/div>\n\n\n\n<div class=\"wp-block-bloque-acordeon-acordeon-item acordeon-item\"><h4 class=\"acordeon-titulo\">Pick-ups e hor\u00e1rios<\/h4><div class=\"acordeon-contenido\">\n<ul class=\"wp-block-list\">\n<li>As coletas s\u00e3o pontuais.<\/li>\n\n\n\n<li>As coletas aplicam-se apenas para hot\u00e9is localizados no centro hist\u00f3rico, a pouca dist\u00e2ncia da Plaza de Armas.<\/li>\n\n\n\n<li>Organizaremos todas as coletas um dia antes do seu tour.<\/li>\n\n\n\n<li>O hor\u00e1rio de t\u00e9rmino do tour \u00e9 aproximado; no entanto, faremos o nosso melhor para finalizar o tour conforme o programado.<\/li>\n<\/ul>\n<\/div><\/div>\n\n\n\n<div class=\"wp-block-bloque-acordeon-acordeon-item acordeon-item\"><h4 class=\"acordeon-titulo\">Visitas internas dos atrativos<\/h4><div class=\"acordeon-contenido\">\n<p>Este tour n\u00e3o inclui visitas internas aos atrativos, pois n\u00e3o \u00e9 permitido tirar fotografias dentro dos museus e igrejas de Cusco.<\/p>\n\n\n\n<p>No caso do templo de Coricancha, \u00e9 poss\u00edvel fazer algumas fotos no p\u00e1tio, se voc\u00ea desejar, nos avise. Considere que o pre\u00e7o ser\u00e1 incrementado.<\/p>\n<\/div><\/div>\n\n\n\n<div class=\"wp-block-bloque-acordeon-acordeon-item acordeon-item\"><h4 class=\"acordeon-titulo\">Operabilidade e itiner\u00e1rio<\/h4><div class=\"acordeon-contenido\">\n<p>Este tour est\u00e1 sujeito a altera\u00e7\u00f5es sem aviso pr\u00e9vio, devido a condi\u00e7\u00f5es clim\u00e1ticas, greves e qualquer outro evento que impe\u00e7a a opera\u00e7\u00e3o normal do tour.<\/p>\n\n\n\n<p><em>N\u00e3o haver\u00e1 reagendamento nem reembolso por este tour caso chova muito durante o tour; no entanto, o fot\u00f3grafo aguardar\u00e1 at\u00e9 que a chuva passe.<\/em><\/p>\n\n\n\n<p>Tamb\u00e9m consulte nossos&nbsp;<a href=\"https:\/\/freewalkingtoursperu.com\/pt-br\/termos-condicoes\/\" target=\"_blank\" rel=\"noreferrer noopener\">termos<\/a>.<\/p>\n<\/div><\/div>\n<\/div>\n\n\n\n<\/div><h2 class=\"tabtitle\"><span class=\"fa fa-calendar\"><\/span>CANCELAMENTOS<\/h2>\n<div class=\"tabcontent\">\n\n\n\n\n<p>O cancelamento do tour \u00e9 gratuito, desde que seja feito com pelo menos 48 horas de anteced\u00eancia. Caso contr\u00e1rio, ser\u00e1 cobrado 100% do valor do tour.<\/p>\n\n\n\n<p><em>N\u00e3o haver\u00e1 reagendamento nem reembolso se chover muito durante o tour; no entanto, o fot\u00f3grafo aguardar\u00e1 at\u00e9 que a chuva passe.<\/em><\/p>\n\n\n\n<p>Tamb\u00e9m consulte nossos <a href=\"https:\/\/freewalkingtoursperu.com\/pt-br\/termos-condicoes\/\" target=\"_blank\" rel=\"noreferrer noopener\">termos<\/a>.<\/p>\n\n\n\n<\/div><h2 class=\"tabtitle\"><span class=\"fa fa-comments-o\"><\/span>AVALIA\u00c7\u00d5ES<\/h2>\n<div class=\"tabcontent\">\n\n\n\n\n<p>Por favor, role para baixo para ver as avalia\u00e7\u00f5es.<\/p>\n\n\n<\/div><\/div>\n<\/div>\n\n\n\n<div class=\"wp-block-column is-layout-flow wp-block-column-is-layout-flow\" style=\"flex-basis:25%\">\n<div class=\"wp-block-group\"><div class=\"wp-block-group__inner-container is-layout-constrained wp-block-group-is-layout-constrained\"><div class='mb-10'>\n\t    \n\t\t<div class='flex gap-1'>\n\t\t\t\t<div class='flex-auto'>\n\t\t\t\t\t<a href='https:\/\/www.forbes.com\/sites\/laurabegleybloom\/2018\/12\/18\/the-cheapest-places-to-travel-in-2019\/?sh=21becc0e787a'><img src=https:\/\/freewalkingtoursperu.com\/wp-content\/themes\/fwtp\/img\/logo-forbes.png alt='logo forbes' class='w-full h-auto xl:h-12'><\/a>\n\t\t\t\t<\/div>\n\t\t\t\t<div class='flex-auto'>\n\t\t\t\t\t<a href='https:\/\/www.tripadvisor.com\/Attraction_Review-g294314-d19259754-Reviews-Free_Walking_Tours_Peru-Cusco_Cusco_Region.html'><img src=https:\/\/freewalkingtoursperu.com\/wp-content\/themes\/fwtp\/img\/logo-tripadvisor.png alt='logo tripadvisor' class='w-full h-auto xl:h-12'><\/a>\n\t\t\t\t<\/div>\n\t\t<\/div>\n\t\t<div class='text-center'>\n\t\t\t<a href='#'><img src=https:\/\/freewalkingtoursperu.com\/wp-content\/themes\/fwtp\/img\/logo-free-walking-tours-peru-ministerio-turismo.png width='100%' alt='logo ministerio del comercio exterior' class='mt-1'><\/a>\n\t\t<\/div>\n\n\t <\/div>\n\n\n\n<!--Markup for citys-->\n\n<div id=\"tour-block_a1dbfb0b51862484efd9a2d1c44dd839\" class=\"tour\">\n\n            <div class=''>\n\t            <div class='flex rounded-t shadow'>\n\t\t\t        <div class='px-3 py-2 rounded-tl bg-black text-white text-lg mb-0  font-semibold font-nunito'>Sem sobretaxas<\/div>\n\t\t\t        <div class='px-1 py-2 rounded-tr flex-auto font-nunito font-semibold bg-fwtp text-lg text-black  mb-0 text-center'>Desde $25<\/div>\n\t\t\t    <\/div>\n\t        <\/div>\n<\/div>\n\n\n\n\n<div class=\"wpcf7 no-js\" id=\"wpcf7-f19678-o1\" lang=\"en-US\" dir=\"ltr\" data-wpcf7-id=\"19678\">\n<div class=\"screen-reader-response\"><p role=\"status\" aria-live=\"polite\" aria-atomic=\"true\"><\/p> <ul><\/ul><\/div>\n<form action=\"\/pt-br\/wp-json\/wp\/v2\/pages\/56063#wpcf7-f19678-o1\" method=\"post\" class=\"wpcf7-form init\" aria-label=\"Contact form\" novalidate=\"novalidate\" data-status=\"init\">\n<fieldset class=\"hidden-fields-container\"><input type=\"hidden\" name=\"_wpcf7\" value=\"19678\" \/><input type=\"hidden\" name=\"_wpcf7_version\" value=\"6.1.7\" \/><input type=\"hidden\" name=\"_wpcf7_locale\" value=\"en_US\" \/><input type=\"hidden\" name=\"_wpcf7_unit_tag\" value=\"wpcf7-f19678-o1\" \/><input type=\"hidden\" name=\"_wpcf7_container_post\" value=\"0\" \/><input type=\"hidden\" name=\"_wpcf7_posted_data_hash\" value=\"\" \/><input type=\"hidden\" name=\"_wpcf7dtx_version\" value=\"5.0.7\" \/>\n<\/fieldset>\n<input class=\"wpcf7-form-control wpcf7-hidden\" value=\"20\" type=\"hidden\" name=\"Id_Walks\" \/>\n<input class=\"wpcf7-form-control wpcf7-hidden\" value=\"3f04052d9bb6a2d1aa193a9b3062268a1db2c1b9\" type=\"hidden\" name=\"Ncode\" \/>\n<div id=\"form\" class=\"box-form border rounded-bottom shadow bg-white p-3\">\n      <span class=\"wpcf7-form-control-wrap page-title\" data-name=\"page-title\"><input type=\"hidden\" name=\"page-title\" class=\"wpcf7-form-control wpcf7-hidden wpcf7dtx wpcf7dtx-hidden\" aria-invalid=\"false\" value=\"Tour fotogr\u00e1fico a p\u00e9 por Cusco\"><\/span>\n <div class=\"form-group\">\n           <span class=\"wpcf7-form-control-wrap page-title\" data-name=\"page-title\"><input type=\"text\" name=\"page-title\" class=\"wpcf7-form-control wpcf7-text wpcf7dtx wpcf7dtx-text form-control form-control-sm\" aria-invalid=\"false\" value=\"Tour fotogr\u00e1fico a p\u00e9 por Cusco\"><\/span>\n      <\/div>\n      <div class=\"form-group\">\n        <p>Data:  <span class=\"wpcf7-form-control-wrap\" data-name=\"date-free\"><input size=\"40\" maxlength=\"400\" class=\"wpcf7-form-control wpcf7-text form-control form-control-sm fwt\" aria-invalid=\"false\" placeholder=\"dd\/mm\/yyyy\" value=\"\" type=\"text\" name=\"date-free\" \/><\/span><\/p>\n       <\/div>\n  <div class=\"form-group\">\n         <span class=\"wpcf7-form-control-wrap\" data-name=\"size\"><select class=\"wpcf7-form-control wpcf7-select wpcf7-validates-as-required form-control form-control-sm\" aria-required=\"true\" aria-invalid=\"false\" name=\"size\"><option value=\"\">Quantos est\u00e3o no seu grupo?<\/option><option value=\"1\">1<\/option><option value=\"2\">2<\/option><option value=\"3\">3<\/option><option value=\"4\">4<\/option><option value=\"5\">5<\/option><option value=\"6\">6<\/option><option value=\"7\">7<\/option><option value=\"8\">8<\/option><option value=\"9\">9<\/option><option value=\"10\">10<\/option><\/select><\/span>\n      <\/div>\n       <div class=\"form-group\">\n        <span class=\"wpcf7-form-control-wrap\" data-name=\"name-free\"><input size=\"40\" maxlength=\"400\" class=\"wpcf7-form-control wpcf7-text wpcf7-validates-as-required form-control form-control-sm\" aria-required=\"true\" aria-invalid=\"false\" placeholder=\"Nome e sobrenome\" value=\"\" type=\"text\" name=\"name-free\" \/><\/span>\n      <\/div>\n      <div class=\"form-group\">\n          <span class=\"wpcf7-form-control-wrap\" data-name=\"email-free\"><input size=\"40\" maxlength=\"400\" class=\"wpcf7-form-control wpcf7-email wpcf7-validates-as-required wpcf7-text wpcf7-validates-as-email form-control form-control-sm\" aria-required=\"true\" aria-invalid=\"false\" placeholder=\"E-mail\" value=\"\" type=\"email\" name=\"email-free\" \/><\/span>\n      <\/div>\n<div class=\"form-group\">\n          <span class=\"wpcf7-form-control-wrap\" data-name=\"Whatsapp\"><input size=\"40\" class=\"wpcf7-form-control wpcf7-phonetext wpcf7-validates-as-required wpcf7-text wpcf7-validates-as-phonetext form-control form-control-sm\" aria-required=\"true\" aria-invalid=\"false\" placeholder=\"Whatsapp\" value=\"\" type=\"text\" name=\"Whatsapp\" \/><input type=\"hidden\" name=\"Whatsapp-country-code\" class=\"wpcf7-phonetext-country-code\" \/><\/span>\n      <\/div>\n       <div class=\"form-group\">\n         <span class=\"wpcf7-form-control-wrap\" data-name=\"your-message\"><textarea cols=\"7\" rows=\"5\" maxlength=\"2000\" class=\"wpcf7-form-control wpcf7-textarea form-control form-control-sm\" aria-invalid=\"false\" placeholder=\"Escreva aqui qualquer informa\u00e7\u00e3o adicional: Hotel, prefer\u00eancia por um tour privado, tours adicionais, crian\u00e7as, idosos, etc.\" name=\"your-message\"><\/textarea><\/span>\n      <\/div>\n        <div class=\"form-group text-center\">\n          <p class=\"text-center\"><input class=\"wpcf7-form-control wpcf7-submit has-spinner btn btn-lg px-5 btn-free\" type=\"submit\" value=\"Cote agora!\" \/><\/p>\n          \n        <\/div>\n\n<\/div><div class=\"wpcf7-response-output\" aria-hidden=\"true\"><\/div>\n<\/form>\n<\/div>\n\n<\/div><\/div>\n<\/div>\n<\/div>\n\n\n<div class='bg-white border p-3 shadow my-3' id='reviews' ><\/p>\n\n\n\n<h2 class=\"wp-block-heading has-text-align-left\" id=\"reviews-009bf618-1525-4de9-95e4-c35333e5f797\">Redes Sociais<\/h2>\n\n\n\n<p>\u2b50<a href=\"https:\/\/www.tripadvisor.com.pe\/Attraction_Review-g294314-d19259754-Reviews-Free_Walking_Tours_Peru-Cusco_Cusco_Region.html\" target=\"_blank\" rel=\"noreferrer noopener\">TripAdvisor:<\/a> 900 coment\u00e1rios <strong>|<\/strong> \u2b50<a href=\"https:\/\/goo.gl\/maps\/wsiq2tZwnEwsdhFZA\" target=\"_blank\" rel=\"noreferrer noopener\">Google Maps:<\/a> 1900 coment\u00e1rios <strong>|<\/strong> \u2b50<a href=\"https:\/\/www.facebook.com\/freewalkingtourscusco\/\" target=\"_blank\" rel=\"noreferrer noopener\">Facebook:<\/a> 200 coment\u00e1rios <strong>|<\/strong> \u2b50<a href=\"https:\/\/www.instagram.com\/freewalkingtourscusco\/\" target=\"_blank\" rel=\"noreferrer noopener\">Instagram:<\/a> 3k seguidores <strong>|<\/strong> \u2b50<a href=\"https:\/\/www.youtube.com\/channel\/UCdHL6ZDqMvigxpIl5dMf9dQ\" target=\"_blank\" rel=\"noreferrer noopener\">YouTube:<\/a> veja nossos v\u00eddeos <strong>|<\/strong> \u2b50<a href=\"https:\/\/freewalkingtoursperu.com\/pt-br\/sobre-nos\/\" target=\"_blank\" rel=\"noreferrer noopener\">Viajantes:<\/a> + de 55 turistas<\/p>\n\n\n<p> <\/div>\n","protected":false},"excerpt":{"rendered":"<p>Se voc\u00ea quer que suas imagens de Cusco sejam excelentes e se tornem um sucesso nas redes sociais, reserve nosso inovador tour fotogr\u00e1fico a p\u00e9 pelo Centro Hist\u00f3rico, onde um fot\u00f3grafo especializado tirar\u00e1 as melhores fotos de voc\u00ea. As diversas loca\u00e7\u00f5es do centro hist\u00f3rico de uma cidade que \u00e9 Patrim\u00f4nio Cultural da Humanidade ajudar\u00e3o seu [&hellip;]<\/p>\n","protected":false},"author":1,"featured_media":0,"parent":15007,"menu_order":0,"comment_status":"closed","ping_status":"closed","template":"page-tour-pay.php","meta":{"_acf_changed":false,"advgb_blocks_editor_width":"full","advgb_blocks_columns_visual_guide":"","footnotes":""},"class_list":["post-56063","page","type-page","status-publish","hentry"],"acf":[],"yoast_head":"<!-- This site is optimized with the Yoast SEO plugin v28.4 - https:\/\/yoast.com\/product\/yoast-seo-wordpress\/ -->\n<title>Passeio fotogr\u00e1fico a p\u00e9 Cusco: Para fotogenia e influenciadores<\/title>\n<meta name=\"description\" content=\"Passeio fotogr\u00e1fico: se voc\u00ea quer que suas imagens de Cusco fa\u00e7am sucesso nas redes sociais, reserve o tour fotogr\u00e1fico pelo Centro Hist\u00f3rico.\" \/>\n<meta name=\"robots\" content=\"index, follow, max-snippet:-1, max-image-preview:large, max-video-preview:-1\" \/>\n<link rel=\"canonical\" href=\"https:\/\/freewalkingtoursperu.com\/pt-br\/tours-cusco\/passeio-fotografico-a-pe-por-cusco\/\" \/>\n<meta property=\"og:locale\" content=\"pt_BR\" \/>\n<meta property=\"og:type\" content=\"article\" \/>\n<meta property=\"og:title\" content=\"Passeio fotogr\u00e1fico a p\u00e9 Cusco: Para fotogenia e influenciadores\" \/>\n<meta property=\"og:description\" content=\"Passeio fotogr\u00e1fico: se voc\u00ea quer que suas imagens de Cusco fa\u00e7am sucesso nas redes sociais, reserve o tour fotogr\u00e1fico pelo Centro Hist\u00f3rico.\" \/>\n<meta property=\"og:url\" content=\"https:\/\/freewalkingtoursperu.com\/pt-br\/tours-cusco\/passeio-fotografico-a-pe-por-cusco\/\" \/>\n<meta property=\"og:site_name\" content=\"Free Walking Tours Peru\" \/>\n<meta property=\"article:modified_time\" content=\"2026-06-18T03:51:29+00:00\" \/>\n<meta name=\"twitter:card\" content=\"summary_large_image\" \/>\n<meta name=\"twitter:label1\" content=\"Est. tempo de leitura\" \/>\n\t<meta name=\"twitter:data1\" content=\"5 minutos\" \/>\n<script type=\"application\/ld+json\" class=\"yoast-schema-graph\">{\"@context\":\"https:\\\/\\\/schema.org\",\"@graph\":[{\"@type\":\"WebPage\",\"@id\":\"https:\\\/\\\/freewalkingtoursperu.com\\\/pt-br\\\/tours-cusco\\\/passeio-fotografico-a-pe-por-cusco\\\/\",\"url\":\"https:\\\/\\\/freewalkingtoursperu.com\\\/pt-br\\\/tours-cusco\\\/passeio-fotografico-a-pe-por-cusco\\\/\",\"name\":\"Passeio fotogr\u00e1fico a p\u00e9 Cusco: Para fotogenia e influenciadores\",\"isPartOf\":{\"@id\":\"https:\\\/\\\/freewalkingtoursperu.com\\\/pt-br\\\/#website\"},\"datePublished\":\"2025-01-06T23:32:47+00:00\",\"dateModified\":\"2026-06-18T03:51:29+00:00\",\"description\":\"Passeio fotogr\u00e1fico: se voc\u00ea quer que suas imagens de Cusco fa\u00e7am sucesso nas redes sociais, reserve o tour fotogr\u00e1fico pelo Centro Hist\u00f3rico.\",\"breadcrumb\":{\"@id\":\"https:\\\/\\\/freewalkingtoursperu.com\\\/pt-br\\\/tours-cusco\\\/passeio-fotografico-a-pe-por-cusco\\\/#breadcrumb\"},\"inLanguage\":\"pt-BR\",\"potentialAction\":[{\"@type\":\"ReadAction\",\"target\":[\"https:\\\/\\\/freewalkingtoursperu.com\\\/pt-br\\\/tours-cusco\\\/passeio-fotografico-a-pe-por-cusco\\\/\"]}]},{\"@type\":\"BreadcrumbList\",\"@id\":\"https:\\\/\\\/freewalkingtoursperu.com\\\/pt-br\\\/tours-cusco\\\/passeio-fotografico-a-pe-por-cusco\\\/#breadcrumb\",\"itemListElement\":[{\"@type\":\"ListItem\",\"position\":1,\"name\":\"Home\",\"item\":\"https:\\\/\\\/freewalkingtoursperu.com\\\/pt-br\\\/\"},{\"@type\":\"ListItem\",\"position\":2,\"name\":\"Tours em Cusco\",\"item\":\"https:\\\/\\\/freewalkingtoursperu.com\\\/pt-br\\\/tours-cusco\\\/\"},{\"@type\":\"ListItem\",\"position\":3,\"name\":\"Tour fotogr\u00e1fico a p\u00e9 por Cusco\"}]},{\"@type\":\"WebSite\",\"@id\":\"https:\\\/\\\/freewalkingtoursperu.com\\\/pt-br\\\/#website\",\"url\":\"https:\\\/\\\/freewalkingtoursperu.com\\\/pt-br\\\/\",\"name\":\"Free Walking Tours Peru\",\"description\":\"\",\"publisher\":{\"@id\":\"https:\\\/\\\/freewalkingtoursperu.com\\\/pt-br\\\/#organization\"},\"potentialAction\":[{\"@type\":\"SearchAction\",\"target\":{\"@type\":\"EntryPoint\",\"urlTemplate\":\"https:\\\/\\\/freewalkingtoursperu.com\\\/pt-br\\\/?s={search_term_string}\"},\"query-input\":{\"@type\":\"PropertyValueSpecification\",\"valueRequired\":true,\"valueName\":\"search_term_string\"}}],\"inLanguage\":\"pt-BR\"},{\"@type\":\"Organization\",\"@id\":\"https:\\\/\\\/freewalkingtoursperu.com\\\/pt-br\\\/#organization\",\"name\":\"Free Walking Tours Peru\",\"url\":\"https:\\\/\\\/freewalkingtoursperu.com\\\/pt-br\\\/\",\"logo\":{\"@type\":\"ImageObject\",\"inLanguage\":\"pt-BR\",\"@id\":\"https:\\\/\\\/freewalkingtoursperu.com\\\/pt-br\\\/#\\\/schema\\\/logo\\\/image\\\/\",\"url\":\"https:\\\/\\\/freewalkingtoursperu.com\\\/wp-content\\\/uploads\\\/2026\\\/02\\\/logo-freeorg.svg\",\"contentUrl\":\"https:\\\/\\\/freewalkingtoursperu.com\\\/wp-content\\\/uploads\\\/2026\\\/02\\\/logo-freeorg.svg\",\"caption\":\"Free Walking Tours Peru\"},\"image\":{\"@id\":\"https:\\\/\\\/freewalkingtoursperu.com\\\/pt-br\\\/#\\\/schema\\\/logo\\\/image\\\/\"}}]}<\/script>\n<!-- \/ Yoast SEO plugin. -->","yoast_head_json":{"title":"Passeio fotogr\u00e1fico a p\u00e9 Cusco: Para fotogenia e influenciadores","description":"Passeio fotogr\u00e1fico: se voc\u00ea quer que suas imagens de Cusco fa\u00e7am sucesso nas redes sociais, reserve o tour fotogr\u00e1fico pelo Centro Hist\u00f3rico.","robots":{"index":"index","follow":"follow","max-snippet":"max-snippet:-1","max-image-preview":"max-image-preview:large","max-video-preview":"max-video-preview:-1"},"canonical":"https:\/\/freewalkingtoursperu.com\/pt-br\/tours-cusco\/passeio-fotografico-a-pe-por-cusco\/","og_locale":"pt_BR","og_type":"article","og_title":"Passeio fotogr\u00e1fico a p\u00e9 Cusco: Para fotogenia e influenciadores","og_description":"Passeio fotogr\u00e1fico: se voc\u00ea quer que suas imagens de Cusco fa\u00e7am sucesso nas redes sociais, reserve o tour fotogr\u00e1fico pelo Centro Hist\u00f3rico.","og_url":"https:\/\/freewalkingtoursperu.com\/pt-br\/tours-cusco\/passeio-fotografico-a-pe-por-cusco\/","og_site_name":"Free Walking Tours Peru","article_modified_time":"2026-06-18T03:51:29+00:00","twitter_card":"summary_large_image","twitter_misc":{"Est. tempo de leitura":"5 minutos"},"schema":{"@context":"https:\/\/schema.org","@graph":[{"@type":"WebPage","@id":"https:\/\/freewalkingtoursperu.com\/pt-br\/tours-cusco\/passeio-fotografico-a-pe-por-cusco\/","url":"https:\/\/freewalkingtoursperu.com\/pt-br\/tours-cusco\/passeio-fotografico-a-pe-por-cusco\/","name":"Passeio fotogr\u00e1fico a p\u00e9 Cusco: Para fotogenia e influenciadores","isPartOf":{"@id":"https:\/\/freewalkingtoursperu.com\/pt-br\/#website"},"datePublished":"2025-01-06T23:32:47+00:00","dateModified":"2026-06-18T03:51:29+00:00","description":"Passeio fotogr\u00e1fico: se voc\u00ea quer que suas imagens de Cusco fa\u00e7am sucesso nas redes sociais, reserve o tour fotogr\u00e1fico pelo Centro Hist\u00f3rico.","breadcrumb":{"@id":"https:\/\/freewalkingtoursperu.com\/pt-br\/tours-cusco\/passeio-fotografico-a-pe-por-cusco\/#breadcrumb"},"inLanguage":"pt-BR","potentialAction":[{"@type":"ReadAction","target":["https:\/\/freewalkingtoursperu.com\/pt-br\/tours-cusco\/passeio-fotografico-a-pe-por-cusco\/"]}]},{"@type":"BreadcrumbList","@id":"https:\/\/freewalkingtoursperu.com\/pt-br\/tours-cusco\/passeio-fotografico-a-pe-por-cusco\/#breadcrumb","itemListElement":[{"@type":"ListItem","position":1,"name":"Home","item":"https:\/\/freewalkingtoursperu.com\/pt-br\/"},{"@type":"ListItem","position":2,"name":"Tours em Cusco","item":"https:\/\/freewalkingtoursperu.com\/pt-br\/tours-cusco\/"},{"@type":"ListItem","position":3,"name":"Tour fotogr\u00e1fico a p\u00e9 por Cusco"}]},{"@type":"WebSite","@id":"https:\/\/freewalkingtoursperu.com\/pt-br\/#website","url":"https:\/\/freewalkingtoursperu.com\/pt-br\/","name":"Free Walking Tours Peru","description":"","publisher":{"@id":"https:\/\/freewalkingtoursperu.com\/pt-br\/#organization"},"potentialAction":[{"@type":"SearchAction","target":{"@type":"EntryPoint","urlTemplate":"https:\/\/freewalkingtoursperu.com\/pt-br\/?s={search_term_string}"},"query-input":{"@type":"PropertyValueSpecification","valueRequired":true,"valueName":"search_term_string"}}],"inLanguage":"pt-BR"},{"@type":"Organization","@id":"https:\/\/freewalkingtoursperu.com\/pt-br\/#organization","name":"Free Walking Tours Peru","url":"https:\/\/freewalkingtoursperu.com\/pt-br\/","logo":{"@type":"ImageObject","inLanguage":"pt-BR","@id":"https:\/\/freewalkingtoursperu.com\/pt-br\/#\/schema\/logo\/image\/","url":"https:\/\/freewalkingtoursperu.com\/wp-content\/uploads\/2026\/02\/logo-freeorg.svg","contentUrl":"https:\/\/freewalkingtoursperu.com\/wp-content\/uploads\/2026\/02\/logo-freeorg.svg","caption":"Free Walking Tours Peru"},"image":{"@id":"https:\/\/freewalkingtoursperu.com\/pt-br\/#\/schema\/logo\/image\/"}}]}},"coauthors":[],"author_meta":{"author_link":"https:\/\/freewalkingtoursperu.com\/pt-br\/blog\/author\/adminfwt\/","display_name":"FWTP"},"relative_dates":{"created":"Publicado 2 anos atr\u00e1s","modified":"Atualizado 3 meses atr\u00e1s"},"absolute_dates":{"created":"Publicado em 6 janeiro, 2025","modified":"Atualizado em 17 junho, 2026"},"absolute_dates_time":{"created":"Publicado em 6 janeiro, 2025 6:32 pm","modified":"Atualizado em 17 junho, 2026 10:51 pm"},"featured_img_caption":"","featured_img":false,"series_order":"","_links":{"self":[{"href":"https:\/\/freewalkingtoursperu.com\/pt-br\/wp-json\/wp\/v2\/pages\/56063","targetHints":{"allow":["GET"]}}],"collection":[{"href":"https:\/\/freewalkingtoursperu.com\/pt-br\/wp-json\/wp\/v2\/pages"}],"about":[{"href":"https:\/\/freewalkingtoursperu.com\/pt-br\/wp-json\/wp\/v2\/types\/page"}],"author":[{"embeddable":true,"href":"https:\/\/freewalkingtoursperu.com\/pt-br\/wp-json\/wp\/v2\/users\/1"}],"replies":[{"embeddable":true,"href":"https:\/\/freewalkingtoursperu.com\/pt-br\/wp-json\/wp\/v2\/comments?post=56063"}],"version-history":[{"count":2,"href":"https:\/\/freewalkingtoursperu.com\/pt-br\/wp-json\/wp\/v2\/pages\/56063\/revisions"}],"predecessor-version":[{"id":71453,"href":"https:\/\/freewalkingtoursperu.com\/pt-br\/wp-json\/wp\/v2\/pages\/56063\/revisions\/71453"}],"up":[{"embeddable":true,"href":"https:\/\/freewalkingtoursperu.com\/pt-br\/wp-json\/wp\/v2\/pages\/15007"}],"wp:attachment":[{"href":"https:\/\/freewalkingtoursperu.com\/pt-br\/wp-json\/wp\/v2\/media?parent=56063"}],"curies":[{"name":"wp","href":"https:\/\/api.w.org\/{rel}","templated":true}]}}